{"id":772,"date":"2015-05-12T19:22:43","date_gmt":"2015-05-12T19:22:43","guid":{"rendered":"http:\/\/www.seele-und-sorge.de\/?page_id=772"},"modified":"2016-02-04T19:58:19","modified_gmt":"2016-02-04T19:58:19","slug":"ekd-warnt-vor-sozialer-spaltung-in-der-arbeitswelt","status":"publish","type":"page","link":"https:\/\/www.seele-und-sorge.de\/?page_id=772","title":{"rendered":"EKD warnt vor sozialer Spaltung in der Arbeitswelt"},"content":{"rendered":"<p class=\"p1\"><b>Neue Denkschrift zu Arbeit und Gewerkschaften ver\u00f6ffentlicht<\/b><\/p>\n<p class=\"p1\">Unter dem programmatischen Titel: \u201eSolidarit\u00e4t und Selbstbestimmung im Wandel der\u00a0Arbeitswelt\u201c hat die Evangelische Kirche in Deutschland (EKD) eine Denkschrift zu den\u00a0Themen \u201eArbeit, Sozialpartnerschaften und Gewerkschaften\u201c ver\u00f6ffentlicht. Die heute in\u00a0Frankfurt\/Main vorgestellte Schrift benennt \u201eevangelische Ma\u00dfst\u00e4be ethischer Verantwortung\u00a0in der Arbeit\u201c fu\u0308r aktuelle Entwicklungen in der heutigen Arbeitswelt. Dabei wu\u0308rdigt sie\u00a0ausdru\u0308cklich die Rolle der Gewerkschaften. Diese seien \u201eAkteure fu\u0308r eine menschengerechte<br \/>\nArbeitswelt\u201c.<br \/>\nDie Denkschrift beruft sich auf die reformatorische Erkenntnis Martin Luthers, dass alle\u00a0Menschen von Gott beauftragt sind, mit ihrem Beruf anderen zu dienen. Darin liege auch die\u00a0Wu\u0308rde der Arbeit begru\u0308ndet: Als Gemeinschaftswerk aller mu\u0308sse Arbeit in\u00a0Selbstbestimmung, Kooperation und Solidarit\u00e4t erbracht werden k\u00f6nnen. \u201eNicht das rastlose\u00a0T\u00e4tigsein als solches ist das Ideal des Christlichen, sondern die sinnvolle Einbeziehung aller<br \/>\nMenschen in eine Wirtschaft, die mit allen geschieht\u201c, betonte der EKD-Ratsvorsitzende,\u00a0Landesbischof Dr. Heinrich Bedford-Strohm. Im Zentrum der Arbeitsorganisation mu\u0308sse der\u00a0einzelne Mensch stehen.<br \/>\nIm Blick auf die aktuellen Entwicklungen in der Wirtschaft kritisiert die Denkschrift vor allem\u00a0die gewachsene soziale Ungleichheit. Zwar sei die Lage auf dem Arbeitsmarkt insgesamt\u00a0erfreulich. Gleichzeitig sei die Zahl atypischer und prek\u00e4rer Besch\u00e4ftigungsverh\u00e4ltnisse<br \/>\njedoch angestiegen. Die Folge sei das Anwachsen eines Niedriglohnsektors.<br \/>\nAls problematisch bezeichnet die Denkschrift die unterschiedliche Entwicklung von Kapital und\u00a0Arbeitseinkommen sowie die gestiegene Einkommensungleichheit. Gerade in der Arbeit\u00a0gelte es weiter, Armut zu bek\u00e4mpfen, so Bedford-Strohm. \u201eDie Grenze ist erreicht, wenn sich<br \/>\nein einzelner Mensch von seiner Vollzeitarbeit nicht ern\u00e4hren kann.\u201c Der Mindestlohn sei in\u00a0dieser Hinsicht hilfreich, aber nicht ausreichend. \u201eBefristete Vertr\u00e4ge, Leiharbeit und\u00a0Werkvertr\u00e4ge geh\u00f6ren auf den Pru\u0308fstand\u201c, hei\u00dft es in der EKD-Denkschrift.<br \/>\nDie Denkschrift betont auch die gemeinsamen Aufgaben von Kirche und Gewerkschaften in\u00a0der Umsetzung einer Gesellschaft der \u201egerechten Teilhabe\u201c. \u201eMitarbeit in den\u00a0Gewerkschaften ist fu\u0308r christliche Arbeitnehmer wesentlicher Ausdruck ihres Berufsethos.\u201c<br \/>\nDies gelte, obwohl es in Sachen Streikrecht zwischen Gewerkschaft und Kirche bzw.\u00a0Diakonie unterschiedliche Auffassungen gebe.<\/p>\n<p class=\"p1\">Die Denkschrift ist im Gu\u0308tersloher Verlagshaus erschienen und kostet 5,99 \u20ac bzw.<br \/>\n4,99 \u20ac (e-book). Im Internet steht der Text unter\u00a0<a href=\"http:\/\/www.ekd.de\/EKD-Texte\/solidaritaet_und_selbstbestimmung.html\" target=\"_blank\">www.ekd.de\/ekdtexte\/solidaritaet_und_selbstbestimmung.html<\/a>\u00a0zum kostenlosen Download zur Verfu\u0308gung.<\/p>\n<p class=\"p1\">Hannover, 28. April 2015<br \/>\nPressestelle der EKD<br \/>\n<strong>Carsten Splitt<\/strong><\/p>\n","protected":false},"excerpt":{"rendered":"<p>Neue Denkschrift zu Arbeit und Gewerkschaften ver\u00f6ffentlicht Unter dem programmatischen Titel: \u201eSolidarit\u00e4t und Selbstbestimmung im Wandel der\u00a0Arbeitswelt\u201c hat die Evangelische&#8230; <a href=\"https:\/\/www.seele-und-sorge.de\/?page_id=772\">read more<\/a><\/p>\n","protected":false},"author":1,"featured_media":0,"parent":486,"menu_order":99,"comment_status":"closed","ping_status":"closed","template":"","meta":{"footnotes":""},"class_list":["post-772","page","type-page","status-publish","hentry"],"_links":{"self":[{"href":"https:\/\/www.seele-und-sorge.de\/index.php?rest_route=\/wp\/v2\/pages\/772"}],"collection":[{"href":"https:\/\/www.seele-und-sorge.de\/index.php?rest_route=\/wp\/v2\/pages"}],"about":[{"href":"https:\/\/www.seele-und-sorge.de\/index.php?rest_route=\/wp\/v2\/types\/page"}],"author":[{"embeddable":true,"href":"https:\/\/www.seele-und-sorge.de\/index.php?rest_route=\/wp\/v2\/users\/1"}],"replies":[{"embeddable":true,"href":"https:\/\/www.seele-und-sorge.de\/index.php?rest_route=%2Fwp%2Fv2%2Fcomments&post=772"}],"version-history":[{"count":2,"href":"https:\/\/www.seele-und-sorge.de\/index.php?rest_route=\/wp\/v2\/pages\/772\/revisions"}],"predecessor-version":[{"id":775,"href":"https:\/\/www.seele-und-sorge.de\/index.php?rest_route=\/wp\/v2\/pages\/772\/revisions\/775"}],"up":[{"embeddable":true,"href":"https:\/\/www.seele-und-sorge.de\/index.php?rest_route=\/wp\/v2\/pages\/486"}],"wp:attachment":[{"href":"https:\/\/www.seele-und-sorge.de\/index.php?rest_route=%2Fwp%2Fv2%2Fmedia&parent=772"}],"curies":[{"name":"wp","href":"https:\/\/api.w.org\/{rel}","templated":true}]}}