{"id":7091,"date":"2022-11-03T17:54:46","date_gmt":"2022-11-03T16:54:46","guid":{"rendered":"https:\/\/www.seele-und-sorge.de\/?page_id=7091"},"modified":"2022-11-03T17:54:47","modified_gmt":"2022-11-03T16:54:47","slug":"newsletter-26-oktober-2022","status":"publish","type":"page","link":"https:\/\/www.seele-und-sorge.de\/?page_id=7091","title":{"rendered":"Newsletter 26 \/ Oktober 2022"},"content":{"rendered":"<div class=\"wp-block-image\">\n<figure class=\"aligncenter is-resized\"><img loading=\"lazy\" decoding=\"async\" src=\"https:\/\/www.seele-und-sorge.de\/wp-content\/uploads\/2015\/01\/SuS_Logo_RGB_mit-Unterzeile-1024x366.png\" alt=\"\" class=\"wp-image-853\" width=\"256\" height=\"92\" srcset=\"https:\/\/www.seele-und-sorge.de\/wp-content\/uploads\/2015\/01\/SuS_Logo_RGB_mit-Unterzeile-1024x366.png 1024w, https:\/\/www.seele-und-sorge.de\/wp-content\/uploads\/2015\/01\/SuS_Logo_RGB_mit-Unterzeile-300x107.png 300w\" sizes=\"(max-width: 256px) 100vw, 256px\" \/><\/figure><\/div>\n\n\n<h3 class=\"wp-block-heading\"><a href=\"http:\/\/www.seele-und-sorge.de\/wp-content\/uploads\/2015\/01\/SuS_Logo_RGB_mit-Unterzeile-Kopie.png\"><\/a><\/h3>\n\n\n<p style=\"background-color: d9e3aa;\">\u00a0<\/p>\n<table style=\"height: 19813px; width: 603px;\" cellpadding=\"0\" align=\"center\">\n<tbody>\n<tr style=\"height: 22308px;\">\n<td style=\"width: 600px; height: 19813px;\" align=\"center\" valign=\"top\">\n<div style=\"text-align: left; background-color: #fff; max-width: 600px;\" align=\"left\">\n<div style=\"text-align: center;\">\n<h3 style=\"padding: 0px 0; color: #000; font-size: 16px; text-align: center;\" align=\"center\"><img loading=\"lazy\" decoding=\"async\" src=\"https:\/\/www.seele-und-sorge.de\/wp-content\/uploads\/2022\/10\/newsletter-head_Vorlage_500_250_8.jpg\" alt=\"\" width=\"600\" height=\"300\" \/><\/h3>\n<\/div>\n<\/div>\n<div style=\"text-align: center;\" align=\"left\">\n<table style=\"height: 0px; width: 100%; border-collapse: collapse;\" border=\"0\">\n<tbody>\n<tr style=\"height: 24px;\">\n<td style=\"width: 100%; background-color: #d9e3aa; height: 24px;\">\u00a0<\/td>\n<\/tr>\n<tr style=\"height: 264px;\">\n<td style=\"width: 100%; background-color: #d9e3aa; height: 264px;\">\n<table style=\"width: 100%; border-collapse: collapse;\" border=\"0\">\n<tbody>\n<tr>\n<td style=\"width: 35.5705%; background-color: #cd9522;\">\n<h3><span style=\"color: #2b6d07; font-size: x-large;\">Newsletter<br \/>26\/Oktober 2022:<\/span><br \/><span style=\"color: #ffffff; font-size: medium;\"><strong>Brennende Themen. Ideen, Inspirationen und Projekte\u00a0<\/strong><strong>aus Kirche und Diakonie.<\/strong><\/span><\/h3>\n<h3 style=\"padding: 10px 0; color: #000; font-size: 16px; text-align: center;\" align=\"center\"><span style=\"font-family: arial,helvetica,sans-serif;\"><strong style=\"font-size: small;\"><span style=\"color: #cf921e;\"><span style=\"color: #e18800;\">\u00a0<\/span><\/span><\/strong><strong style=\"font-size: small; line-height: 18px;\"><span style=\"color: #cf921e;\"><a style=\"color: #2b6d07;\" href=\"{email_url}\" target=\"_blank\" rel=\"noopener noreferrer\">Diese E-Mail online ansehen<\/a><\/span><\/strong><\/span><\/h3>\n<\/td>\n<td style=\"width: 64.4295%; background-color: #cd9522;\"><span style=\"color: #cd9522;\"><strong><img loading=\"lazy\" decoding=\"async\" src=\"https:\/\/www.seele-und-sorge.de\/wp-content\/uploads\/2021\/08\/Logo_W_02.png\" alt=\"\" width=\"242\" height=\"133\" \/><br \/><\/strong><\/span><\/td>\n<\/tr>\n<tr>\n<td style=\"width: 35.5705%; vertical-align: middle;\"><img decoding=\"async\" style=\"text-align: start;\" src=\"https:\/\/www.seele-und-sorge.de\/wp-content\/uploads\/2021\/07\/themen.png\" alt=\"\" \/><\/td>\n<td style=\"width: 64.4295%;\">\n<ul style=\"text-align: start;\">\n<li><span style=\"color: #cd9522;\"><strong>St\u00fcrme, Farben und Krisen \u00fcber Krisen<\/strong><\/span><\/li>\n<li><span style=\"color: #cd9522;\"><strong>Rausgehen! Sprechen! Gemeinschaft schaffen!<\/strong><\/span><\/li>\n<li><span style=\"color: #cd9522;\"><strong>Innehalten, nachdenken<\/strong><\/span><\/li>\n<li><span style=\"color: #cd9522;\"><strong>Sammeln, speichern, teilen \u2013 und Konflikte kl\u00e4ren<\/strong><\/span><\/li>\n<li><span style=\"color: #cd9522;\"><strong>Herbst des Lebens \u2013 Arbeit des Lebens<\/strong><br \/><\/span><\/li>\n<li><span style=\"color: #cd9522;\"><strong>Berufung ist der Kern des Neuen<\/strong><\/span><\/li>\n<li><span style=\"color: #cd9522;\"><strong>Die stille Krise \u2013 Wer schl\u00e4gt Alarm?<\/strong><\/span><\/li>\n<li><span style=\"color: #cd9522;\"><strong>Heimaten in einer multipolaren Welt<\/strong><\/span><\/li>\n<li><span style=\"color: #cd9522;\"><strong>Wir sehen uns an der Tanke\u00a0<\/strong><\/span><\/li>\n<li><span style=\"color: #cd9522;\"><strong>Radio, B\u00fccher, Orte\u00a0\u00a0<\/strong><\/span><\/li>\n<\/ul>\n<\/td>\n<\/tr>\n<\/tbody>\n<\/table>\n<\/td>\n<\/tr>\n<\/tbody>\n<\/table>\n<\/div>\n<div style=\"text-align: left; background-color: #fff; max-width: 600px;\" align=\"left\">\n<div style=\"text-align: left; background-color: #fff; max-width: 600px;\" align=\"left\">\n<div style=\"text-align: left; background-color: #fff; max-width: 600px;\">\n<div style=\"padding: 10px 20px 20px 20px; background-color: #fff; line-height: 20px;\" align=\"left\">\n<div align=\"left\">\n<div align=\"left\">\n<h2><span style=\"color: #cd9522;\">St\u00fcrme, Farben und Krisen \u00fcber Krisen<\/span><\/h2>\n<p><a style=\"color: #2b6d07;\" href=\"https:\/\/www.seele-und-sorge.de\/?page_id=6674\" target=\"_blank\" rel=\"noopener\"><span style=\"font-family: arial,helvetica,sans-serif; font-size: medium;\"><img loading=\"lazy\" decoding=\"async\" src=\"https:\/\/www.seele-und-sorge.de\/wp-content\/uploads\/2022\/10\/Herbst.jpg\" width=\"300\" height=\"225\" align=\"left\" hspace=\"10\" vspace=\"10\" \/><\/span><\/a><\/p>\n<p>Es wird nicht mehr lange dauern, bis die Herbstst\u00fcrme die letzten Kastanien von den B\u00e4umen gesch\u00fcttelt haben. Aber noch leuchten die Bl\u00e4tter in den intensivsten Farben unter oft strahlend blauem Himmel. Doch statt den Herbst zu genie\u00dfen, w\u00fcrden sich viele in diesem Jahr am liebsten verkriechen. \u00dcber die sozialen Medien werden mir dauernd warme Wintersachen angeboten: W\u00e4rmekissen, Wolldecken, kuschelige Hausschuhe \u2026 Offenbar sind viele schon damit besch\u00e4ftigt, wie sie den Winter \u00fcberstehen, wenn die Energie knapp wird. Kaum vorstellbar, wie das in der Ukraine gehen soll, wo schon jetzt mehr als vierzig Prozent der Energieinfrastruktur zerbombt worden sind. Die steigenden Energiepreise, Inflation und Kriegsangst gehen wie Schatten mit durch den Tag. Und sinken die Temperaturen, wird das Wetter regnerisch, dann fragen wir einander, ab wann und wie wir heizen \u2026 Dabei ist es noch nicht lange her, dass wir uns \u00fcber ein bisschen Regen gefreut h\u00e4tten. Nach den Hitze- und D\u00fcrrewellen dieses Sommers haben die Bilder von leeren Getreidehalmen, dem sinkenden Spiegel der Bevertalsperre und liegengebliebenen Rheinschiffen gezeigt, dass die Folgen des Klimawandels l\u00e4ngst auch in unserem Land angekommen sind \u2013 eine Bedrohung, die alles andere noch \u00fcberlagert.<br \/><a style=\"color: #2b6d07;\" href=\"https:\/\/www.seele-und-sorge.de\/?page_id=6674\" target=\"_blank\" rel=\"noopener\"><span style=\"font-family: arial,helvetica,sans-serif; font-size: medium;\"><img loading=\"lazy\" decoding=\"async\" src=\"https:\/\/www.seele-und-sorge.de\/wp-content\/uploads\/2022\/10\/Kongress_Logo.jpg\" width=\"300\" height=\"117\" align=\"left\" hspace=\"10\" vspace=\"10\" \/><\/span><\/a>Manchmal denke ich an unsere Debatten bei dem <a style=\"color: #2b6d07;\" href=\"https:\/\/www.dgb.de\/themen\/++co++eba30b3a-b0ab-11e1-5856-00188b4dc422\" target=\"_blank\" rel=\"noopener\"><strong>Transformationskongress\u00a0von Gewerkschaften, Umweltverb\u00e4nden und EKD vor zehn Jahren<\/strong><\/a>: Seitdem haben wir zu viel gegr\u00fcbelt und debattiert und zu wenig entschieden. Das hat, was die notwendige Energiewende angeht, zur Verunsicherung beigetragen.\u00a0<\/p>\n<p>\u00a0<\/p>\n<h2><span style=\"color: #cd9522;\">Rausgehen! Sprechen! Gemeinschaft schaffen!<\/span>\u00a0<\/h2>\n<p><a style=\"color: #2b6d07;\" href=\"https:\/\/www.seele-und-sorge.de\/?page_id=6674\" target=\"_blank\" rel=\"noopener\"><span style=\"font-family: arial,helvetica,sans-serif; font-size: medium;\"><img loading=\"lazy\" decoding=\"async\" src=\"https:\/\/www.seele-und-sorge.de\/wp-content\/uploads\/2022\/10\/demo.jpg\" width=\"300\" height=\"200\" align=\"left\" hspace=\"10\" vspace=\"10\" \/><\/span><\/a><\/p>\n<p>Aber nicht alle haben sich in ihr Schneckenhaus verkrochen, viele bek\u00e4mpfen die \u00c4ngste lieber aktiv, etwa indem sie rausgehen auf die Stra\u00dfe und ihre Sorgen rausschreien. Ganz oben steht die Sorge, finanziell an die Grenzen zu sto\u00dfen \u2013 die Inflation geh\u00f6rt eben zu den <strong><a style=\"color: #2b6d07;\" href=\"https:\/\/de.statista.com\/statistik\/daten\/studie\/321259\/umfrage\/umfrage-zu-den-groessten-aengsten-der-deutschen\/\" target=\"_blank\" rel=\"noopener\">Ur\u00e4ngsten der Deutschen<\/a><\/strong>. Das Vertrauen in die Demokratie schwindet offenbar bei vielen. Mit erneut erstarkenden nationalistischen T\u00f6nen suggerieren einige eine Antwort auf die berechtigten Sorgen. Wir sollten aber daraus keine neuen Fronten ableiten \u2013 in Ostdeutschland wie in Westdeutschland stehen die Demonstrant*innen nicht nur auf einer Seite. <strong>Dass der<\/strong> <strong><a style=\"color: #2b6d07;\" href=\"https:\/\/www.bundesregierung.de\/resource\/blob\/975226\/2129976\/a63ea9d17b1a3c6063933f9a2e68c345\/bericht-des-ostbeauftragten-data.pdf?download=1\" target=\"_blank\" rel=\"noopener\">aktuelle Bericht des Ostbeauftragten der Bundesregierung, Carsten Schneider<\/a><\/strong><strong>,<\/strong><strong> einen \u201eneuen Blick\u201c auf Ostdeutschland wirft, dass er dort nicht nur die besonders gro\u00dfe Unzufriedenheit zeigt, sondern endlich einmal die Potenziale in den Mittelpunkt r\u00fcckt, ist sicherlich ein wichtiger Schritt ins Offene.<\/strong> Beeindruckt hat mich aber auch die kleine Demo in Berlin vor dem Kanzleramt unter dem Motto \u201eGenug ist genug\u201c, bei der Menschen in Armut ganz pers\u00f6nlich sprachen. In Deutschland gibt es 13,8 Millionen Menschen, die von Armut betroffen sind. <strong><a style=\"color: #2b6d07;\" href=\"https:\/\/twitter.com\/hashtag\/IchBinArmutsbetroffen?src=hashtag_click\" target=\"_blank\" rel=\"noopener\">Unter dem Hashtag\u00a0#IchBinArmutsbetroffen<\/a><\/strong>\u00a0<strong>melden sich einige nun auf Twitter zu Wort \u2013 ohne falsche Scham. Ein Blick auf diese Seite macht deutlich, wie Armut das Leben pr\u00e4gt und beschneidet.<\/strong> Auch in den B\u00fcchern der franz\u00f6sischen <strong>Schriftstellerin Annie Ernaux<\/strong> finden sich eindrucksvolle Bilder daf\u00fcr, was Armut mit den Menschen macht, und ich freue mich, dass durch den Literaturnobelpreis ihre Texte gerade viel Aufmerksamkeit erfahren. Ihre Tageb\u00fccher in Super 8 sind \u00fcbrigens bis zum <strong><a style=\"color: #2b6d07;\" href=\"https:\/\/www.arte.tv\/de\/videos\/101402-000-A\/annie-ernaux-super-8-tagebuecher\/\" target=\"_blank\" rel=\"noopener\">31. Oktober noch auf arte zu sehen<\/a><\/strong>.<\/p>\n<p>\u00a0<\/p>\n<h2><span style=\"color: #cd9522;\">Innehalten, nachdenken<\/span><\/h2>\n<p><a style=\"color: #2b6d07;\" href=\"https:\/\/www.seele-und-sorge.de\/?page_id=6674\" target=\"_blank\" rel=\"noopener\"><span style=\"font-family: arial,helvetica,sans-serif; font-size: medium;\"><img loading=\"lazy\" decoding=\"async\" src=\"https:\/\/www.seele-und-sorge.de\/wp-content\/uploads\/2022\/10\/Alternative-zu-dem-Meditationsbild_BU.jpg\" width=\"300\" height=\"250\" align=\"left\" hspace=\"10\" vspace=\"10\" \/><\/span><\/a><\/p>\n<p><strong>Herbst, das ist eben auch Zeit, zu lesen, zu schreiben und Kraft zu tanken.<\/strong> Dieses Jahr hat mein K\u00f6rper sich und mir diese Zeit geschenkt \u2013 eine Krankheit hat das Unterwegssein unm\u00f6glich gemacht. Manches musste leider ausfallen bzw. verschoben werden, anderes konnte per Videokonferenz stattfinden, zweimal haben Kolleginnen meinen Vortrag vorgelesen und sich in die Diskussion begeben\u00a0 \u2013 ich danke allen, die mich in dieser Situation unterst\u00fctzt oder schlicht viel Verst\u00e4ndnis und Geduld gezeigt haben! Und habe die Zeit genutzt, um Lesefr\u00fcchte f\u00fcr diesen Newsletter zu sammeln. Derweil haben Freundinnen f\u00fcr mich geerntet, Lavendel, Kirschen, Johannisbeeren, haben Marmelade gekocht, mir geschrieben und P\u00e4ckchen geschickt. <strong>Es ist so wichtig f\u00fcrs Gesundwerden, so hilfreich gegen \u00c4ngste, dass wir Menschen haben, die bei uns sind.<\/strong> Viele erleben das in der Familie und unter Freunden, doch auch im Internet k\u00f6nnen wir Menschen begegnen, die uns guttun. Zum Beispiel bei dem <strong><a style=\"color: #2b6d07;\" href=\"https:\/\/twitter.com\/search?q=%23Abendsegen&amp;src=hashtag_click\" target=\"_blank\" rel=\"noopener\">Abendsegen, den Cornelia Egg-Moewes auf Twitter spendet<\/a><\/strong>, oder bei den verschiedenen <strong><a style=\"color: #2b6d07;\" href=\"https:\/\/spiritandsoul.org\/\" target=\"_blank\" rel=\"noopener\">kreativen Angeboten der beiden Theologinnen Anja Siebert-Bright und Lioba Diez unter dem tollen Namen Spirit and Soul<\/a><\/strong>. <strong>Und die Kirche?<\/strong> Rasant schwindende Mitgliederzahlen zeigen, dass sie inzwischen f\u00fcr eine Mehrheit kein Ort der Gemeinschaft mehr ist. \u201eEs fehlen Institutionen, die Menschen dabei helfen, Halt, Orientierung und Perspektiven zu finden. Oder sie werden als solche nicht anerkannt. Es m\u00fcssen nicht die christlichen Kirchen sein, aber sie versprechen nun mal genau das, was viele derzeit vermissen\u201c, schreiben die Psychiater Georg Juckel und Paraskewi Mavrogiorgou (Spiegel 16\/2022). Ich bin \u00fcberzeugt: Wir brauchen einen intensiven, alle Ebenen der Institution, vor allem aber auch die Mitglieder umfassenden Prozess des Fragens und der Vergewisserung \u00fcber die Rolle, die Funktion und die Relevanz der Kirche. Fast noch wichtiger sind aber die neuen spirituellen Gemeinschaftserfahrungen bei Tauffesten, Segensfeiern, in den Wohnzimmerkirchen, die Erfahrungen, nicht allein zu sein. <strong>Gemeinsam m\u00fcssen wir herausfinden, was in diesen Zeiten wirklich z\u00e4hlt, wie Kirche Hoffnung leben kann. Wir m\u00fcssen Kriterien entwickeln, um den Weg zu kl\u00e4ren und die Ressourcen entsprechend einzusetzen.<\/strong> Der Reformationstag am 31. Oktober k\u00f6nnte uns wieder daran erinnern, welche gro\u00dfen Potenziale in der christlichen Gemeinschaft und zugleich in der Beziehung jeder*s Einzelnen zu Gott liegen. Sehr inspirierend fand ich dazu auch das Buch <a style=\"color: #2b6d07;\" href=\"https:\/\/www.herder.de\/religion-spiritualitaet\/shop\/p3\/73035-der-nachmittag-des-christentums-gebundene-ausgabe\/\" target=\"_blank\" rel=\"noopener\"><strong>\u201eDer Nachmittag des Christentums\u201c<\/strong><\/a>\u00a0des katholischen Theologen Tom\u00e1\u0161 Hal\u00edk. Der tschechische Autor schreibt dar\u00fcber, wie die Kirche auch als gesellschaftliche Minderheit (wieder) eine wesentliche, pr\u00e4gende Kraft f\u00fcr die Gesellschaft werden kann. Auch Gerhard Wegners neues Buch ist hierzu ein wichtiger Beitrag (mehr dazu unten bei den <strong>B\u00fcchern von Freund*innen<\/strong>) und ebenso das von <a style=\"color: #2b6d07;\" href=\"https:\/\/www.beck-shop.de\/nassehi-unbehagen\/product\/32390717\"><strong>Armin Nassehi<\/strong><\/a>, in dem er fragt, was unsere Sehnsucht nach Gemeinschaft beantworten, was die Gesellschaft zusammenhalten kann. <strong>\u201eWorin liegt das Potenzial der Religion f\u00fcr unsere Zukunft als Demokratie? Ist es wirklich so klug, auf den reichen Schatz des Religi\u00f6sen zu verzichten?\u201c, fragt <a style=\"color: #2b6d07;\" href=\"https:\/\/www.penguinrandomhouse.de\/Paperback\/Demokratie-braucht-Religion\/Hartmut-Rosa\/Koesel\/e612837.rhd\" target=\"_blank\" rel=\"noopener\">Hartmut Rosa<\/a>.<\/strong> W\u00e4hrend der Coronakrise wurde oft beklagt, dass die Kirche zu wenig sichtbar gewesen sei, kaum Orientierung gegeben habe und in Seelsorge und Trauerbegleitung nicht \u201enah bei den Menschen\u201c war. Die Auseinandersetzung mit diesen Erfahrungen \u2013 zum Beispiel in B\u00fcchern von Annette Kurschus (<strong>B\u00fccher von Freund*innen<\/strong>), <strong><a style=\"color: #2b6d07;\" href=\"https:\/\/www.bonifatius-verlag.de\/shop\/kirche-kann-zukunft\/%20\" target=\"_blank\" rel=\"noopener\">Thomas Wienhardt (Hg.)<\/a><\/strong>\u00a0und <strong><a style=\"color: #2b6d07;\" href=\"https:\/\/www.herder.de\/theologie-pastoral\/shop\/p2\/76599-das-virus-und-der-liebe-gott-gebundene-ausgabe\/\" target=\"_blank\" rel=\"noopener\">Joachim Negel<\/a><\/strong>\u00a0oder bei der <a style=\"color: #2b6d07;\" href=\"https:\/\/www.loccum.de\/tagungen\/2262\/\" target=\"_blank\" rel=\"noopener\"><strong>Jahrestagung des Sozialwissenschaftlichen Instituts der EKD<\/strong><\/a>\u00a0\u2013 ist sicherlich hilfreich f\u00fcr eine Positionsbestimmung angesichts der aktuellen Herausforderungen mit dem Krieg in Europa. Immerhin gibt es, anders als w\u00e4hrend der Pandemie, bereits eine <strong><a style=\"color: #2b6d07;\" href=\"https:\/\/twitter.com\/hashtag\/w%C3%A4rmewinter?src=hashtag_click\" target=\"_blank\" rel=\"noopener\">gemeinsame, \u00f6ffentliche Aktion von Kirche und Diakonie in Deutschland: #W\u00e4rmewinter<\/a><\/strong> spricht die gr\u00f6\u00dften Sorgen wegen Armut und Energieknappheit an.<br \/>___\u00a0<\/p>\n<table style=\"width: 300px; border-collapse: collapse; background-color: #ffffff; height: 58px;\" border=\"0\">\n<tbody>\n<tr style=\"height: 24px;\">\n<td style=\"width: 296px; height: 24px; background-color: #ffffff;\"><span style=\"color: #008080;\"><strong>Meine Termine zu diesem Themenfeld:\u00a0<\/strong><\/span><\/td>\n<\/tr>\n<tr style=\"height: 144px;\">\n<td style=\"width: 296px; height: 10px;\"><strong><a style=\"color: #2b6d07;\" href=\"https:\/\/www.marktkirche-essen.de\" target=\"_blank\" rel=\"noopener\">Festvortrag anl\u00e4sslich der traditionellen Er\u00f6ffnung des Kirchenjahres und anl\u00e4sslich von hundert Jahren Diakoniepfarramt in der Marktkirche Essen<\/a>\u00a0am\u00a0<a style=\"color: #2b6d07;\" href=\"https:\/\/www.seele-und-sorge.de\/?event=festvortrag-anlaesslich-des-traditionellen-neujahrsempfangs-der-evangelischen-kirche-in-essen-essen-100-jahre-diakoniepfarramt\" target=\"_blank\" rel=\"noopener\">25. November<\/a><\/strong><br \/><strong><span style=\"color: #008080;\">Alle Themen f\u00fcr Vortr\u00e4ge, Seminare, Workshops<\/span>\u00a0<a style=\"color: #2b6d07;\" href=\"https:\/\/www.seele-und-sorge.de\/?page_id=5111\" target=\"_blank\" rel=\"noopener\">hier.<\/a>\u00a0<\/strong><br \/><strong><span style=\"color: #008080;\">Termine, auch die nachgeholten aus 2022, finden Sie in meinem\u00a0<a style=\"color: #2b6d07;\" href=\"https:\/\/www.seele-und-sorge.de\/?page_id=\" target=\"_blank\" rel=\"noopener\">Terminkalender<\/a>.<\/span>\u00a0\u00a0<\/strong><\/td>\n<\/tr>\n<\/tbody>\n<\/table>\n<h2><span style=\"color: #cd9522;\">Sammeln, speichern, teilen \u2013 und Konflikte kl\u00e4ren<\/span><\/h2>\n<p><a style=\"color: #2b6d07;\" href=\"https:\/\/documenta-fifteen.de\/lumbung-member-kuenstlerinnen\/gudskul\/\" target=\"_blank\" rel=\"noopener\"><span style=\"font-family: arial,helvetica,sans-serif; font-size: medium;\"><img loading=\"lazy\" decoding=\"async\" src=\"https:\/\/www.seele-und-sorge.de\/wp-content\/uploads\/2022\/10\/Documenta-Handsout_02.jpg\" width=\"300\" height=\"271\" align=\"left\" hspace=\"10\" vspace=\"10\" \/><\/span><\/a><\/p>\n<p>Herbst ist auch Zeit zum Innehalten, zum Ernten. Zeit, sich dar\u00fcber klar zu werden, welche Fr\u00fcchte das Jahr eingebracht hat. Mir geht noch immer ein Motto der Documenta 15 nach: <strong>Lumbung \u2013 Gathering<\/strong>. Die kollektiven politischen Ideen der Documenta-Kurator*innen haben daran erinnert, <strong>dass es nichts nutzt, nur in die eigenen Scheunen zu sammeln \u2013 wie der reiche Kornbauer im Gleichnis Jesu<\/strong>. Vielleicht hat die Kapitalismuskritik darin es manchen schwer gemacht, sich damit politisch auseinanderzusetzen \u2013 zu dominierend ist hierzulande das Gef\u00fchl, der Sozialismus, der im globalen S\u00fcden die Befreiungsbewegungen befl\u00fcgelt, sei l\u00e4ngst gescheitert. <strong>Dabei \u00fcben wir nach langen Phasen des Just-in-time-Managements erneut das Speichern, Sammeln und Horten \u2013 beim Gas angefangen<\/strong>. Mir ist bewusst, dass f\u00fcr manche allein die Erw\u00e4hnung der Documenta sofort auf den alles beherrschenden Konflikt verweist: Den israelfeindlichen und stereotypen Antisemitismus. K\u00fcnstlerische Arbeiten, die aus der Perspektive des globalen S\u00fcdens im Wesentlichen Probleme von Kapitalismus, Kolonialismus und Rassismus zum Thema hatten, nahmen in Bildern, Filmen, Aktionen Partei f\u00fcr die pal\u00e4stinensische Befreiungsbewegung.\u00a0<\/p>\n<p><a style=\"color: #2b6d07;\" href=\"https:\/\/documenta-fifteen.de\/lumbung-member-kuenstlerinnen\/richard-bell\/\" target=\"_blank\" rel=\"noopener\"><span style=\"font-family: arial,helvetica,sans-serif; font-size: medium;\"><img loading=\"lazy\" decoding=\"async\" src=\"https:\/\/www.seele-und-sorge.de\/wp-content\/uploads\/2022\/10\/Documenta-Bild-Bell-Sol-1.jpg\" width=\"300\" height=\"352\" align=\"left\" hspace=\"10\" vspace=\"10\" \/><\/span><\/a><\/p>\n<p>Nach vielen Erfahrungen mit j\u00fcdisch-christlichen Begegnungen in Deutschland, nach Jahren der Nahost- und \u00dcberseearbeit in der EKD und gewachsenen Beziehungen zu den pal\u00e4stinensischen Kirchen war mir klar, in welcher Zerrei\u00dfprobe die Verantwortlichen standen \u2013 in welche sie sich, wohl auch aufgrund nicht hinreichend reflektierter Steuerungsmechanismen, hineinman\u00f6vriert hatten. Bei meinen Begegnungen im Nahen Osten ging es immer wieder darum, dass die Erfahrungen der pal\u00e4stinensischen Seite, dass die \u201eNakba\u201c, im israelischen Geschichtsbild, das von der Shoah gepr\u00e4gt ist, zu wenig Raum hatte. <strong>Aber auch wenn der \u201eNahostkonflikt\u201c von Beginn an zum internationalen Symbolkonflikt geworden ist: Es ist zu pauschal gedacht\u00a0<\/strong><strong>und nicht zielf\u00fchrend<\/strong><strong>, hier einfach von Rassismus zu sprechen oder im Zusammenhang mit den besetzten Gebieten und der Siedlungspolitik von einem Apartheidstaat<\/strong>.\u00a0<\/p>\n<p><a style=\"color: #2b6d07;\" href=\"https:\/\/documenta-fifteen.de\/lumbung-member-kuenstlerinnen\/atis-rezistans-ghetto-biennale\/\" target=\"_blank\" rel=\"noopener\"><span style=\"font-family: arial,helvetica,sans-serif; font-size: medium;\"><img loading=\"lazy\" decoding=\"async\" src=\"https:\/\/www.seele-und-sorge.de\/wp-content\/uploads\/2022\/10\/Ghetto-Biennale-Maria.jpg\" width=\"220\" height=\"340\" align=\"left\" hspace=\"10\" vspace=\"10\" \/><\/span><\/a>Wie der Blick aus Indonesien, dessen Bev\u00f6lkerung sich mit den ehemaligen Kolonialherren aus den Niederlanden und Japan auseinandersetzt, in die deutsche Debatte traf, ist bis jetzt nicht hinreichend reflektiert. Der Belgier <strong><a style=\"color: #2b6d07;\" href=\"https:\/\/www.suhrkamp.de\/buch\/david-van-reybrouck-revolusi-t-9783518430927\" target=\"_blank\" rel=\"noopener\">David Van Reybrouck, der ein inspirierendes Buch \u00fcber die Befreiungsbewegungen in Indonesien geschrieben hat<\/a><\/strong>, ist jedenfalls der Auffassung, das deutsche Antisemitismus-Framing, das sich aus unserer Geschichte ergibt, sei zu eng gewesen, die Bereitschaft, von Indonesien zu lernen, zu gering. <strong>Meron Mendel, der in der Auseinandersetzung immer wieder seine Unterst\u00fctzung angeboten hatte, um die darin auftretenden Dilemmata fruchtbar zu machen f\u00fcr ein besseres gegenseitiges Verst\u00e4ndnis wie f\u00fcr das Erkennen der jeweils eigenen blinden Flecken, hat mit anderen zusammen gerade ein erhellendes Buch herausgegeben, in dem das Verh\u00e4ltnis von Antisemitismus und Rassismus reflektiert wird: <a style=\"color: #2b6d07;\" href=\"https:\/\/www.verbrecherverlag.de\/book\/detail\/1091\" target=\"_blank\" rel=\"noopener\">Frenemies<\/a><\/strong>. <strong>Inzwischen hat er auch einen Auftrag des Documenta-Instituts, eine Studie \u00fcber die zentrale Problematik zu erstellen.\u00a0<\/strong><\/p>\n<p>Eine Leseempfehlung noch zu dem Thema Kolonialismus: Der j\u00fcngste Roman des Literaturnobelpreistr\u00e4gers 2021 <a style=\"color: #2b6d07;\" href=\"https:\/\/www.penguinrandomhouse.de\/Buch\/Nachleben\/Abdulrazak-Gurnah\/Penguin\/e605864.rhd\" target=\"_blank\" rel=\"noopener\"><strong>Abdulrazak Gurnah, Nachleben<\/strong><\/a>, l\u00e4sst anhand der Schicksale von vier Menschen die Auswirkungen des deutschen Kolonialismus in Ostafrika nacherleben \u2013 zugleich eine gro\u00dfartige Lekt\u00fcre und eine zutiefst beklemmende Erinnerung an einen erst langsam ins Bewusstsein r\u00fcckenden Teil der deutschen Vergangenheit.<\/p>\n<p><a style=\"color: #2b6d07;\" href=\"https:\/\/www.seele-und-sorge.de\/?page_id=6674\" target=\"_blank\" rel=\"noopener\"><span style=\"font-family: arial,helvetica,sans-serif; font-size: medium;\"><img loading=\"lazy\" decoding=\"async\" src=\"https:\/\/www.seele-und-sorge.de\/wp-content\/uploads\/2022\/10\/Logo.jpg\" width=\"200\" height=\"283\" align=\"left\" hspace=\"10\" vspace=\"10\" \/><\/span><\/a><\/p>\n<p>Es hat mich nicht erstaunt, dass das Spannungsfeld zwischen den Kirchen des S\u00fcdens und dem Konflikt in Israel\/Pal\u00e4stina auch kurz darauf bei der <strong><a style=\"color: #2b6d07;\" href=\"https:\/\/www.oikoumene.org\/de\/about-the-wcc\/organizational-structure\/assembly\" target=\"_blank\" rel=\"noopener\">Vollversammlung des \u00d6kumenischen Rats der Kirchen<\/a><\/strong>\u00a0Thema war. Die Veranstaltung, bei der auch der neue Generalsekret\u00e4r Jerry Pillay aus S\u00fcdafrika pr\u00e4sent war, fand vom 31. August bis 8. September in Karlsruhe statt, zum ersten Mal seit der Gr\u00fcndung des \u00d6RK 1948 auf deutschem Boden. Und nat\u00fcrlich ging es auch hier darum, die unterschiedlichen Sichtweisen von mehr als viertausend Delegierten aus verschiedenen L\u00e4ndern und Kirchen der Welt ins Gespr\u00e4ch zu bringen. Eines der <strong><a style=\"color: #2b6d07;\" href=\"https:\/\/www.oikoumene.org\/de\/resources\/documents\/seeking-justice-and-peace-for-all-in-the-middle-east\" target=\"_blank\" rel=\"noopener\">Abschlussstatements ist dem Nahen Osten gewidmet<\/a><\/strong>\u00a0und es l\u00e4sst das \u2013 lange vor der Versammlung begonnene \u2013 Ringen erahnen, das mit einem Begriff wie \u201eApartheid\u201c verbunden ist. Der neu gew\u00e4hlte Vorsitzende des Zentralrats, der bayerische Bischof Heinrich Bedford-Strohm, hatte wesentlichen Anteil daran, dass es am Ende gelungen ist, die verschiedenen Sichtweisen gelten zu lassen und \u00fcber sie hinaus sich gemeinsam zum Engagement f\u00fcr einen gerechten Frieden in der Region und f\u00fcr gleichberechtigte B\u00fcrgerschaft zu bekennen. <strong>\u201eDie Liebe Christi bewegt, vers\u00f6hnt und eint die Welt\u201c, dieses Wort hatte man als Thema f\u00fcr das Treffen gew\u00e4hlt<\/strong>. Die Hoffnung, ein \u00f6ffentliches Gespr\u00e4ch zwischen den orthodoxen Kirchen Russlands und der Ukraine in Gang zu bringen, wurde allerdings \u2013 erwartbarerweise \u2013 entt\u00e4uscht.\u00a0<\/p>\n<p>Zugleich bin ich froh, dass in einer <strong><a style=\"color: #2b6d07;\" href=\"https:\/\/www.diakonie.de\/pressemeldungen\/konferenz-diakonie-und-entwicklung-2022\" target=\"_blank\" rel=\"noopener\">Konferenz des Evangelischen Werks f\u00fcr Diakonie und Entwicklung in Berlin<\/a><\/strong>\u00a0gerade noch einmal ein Akzent auf die Leistungen der Kirchen des S\u00fcdens gelegt wurde. Gerade von ihnen kann und muss der Norden lernen, die Transformation zu bew\u00e4ltigen, zu der uns die Klimakrise zwingt.\u00a0<\/p>\n<p><a style=\"color: #2b6d07;\" href=\"https:\/\/www.seele-und-sorge.de\/?page_id=6674\" target=\"_blank\" rel=\"noopener\"><span style=\"font-family: arial,helvetica,sans-serif; font-size: medium;\"><img loading=\"lazy\" decoding=\"async\" src=\"https:\/\/www.seele-und-sorge.de\/wp-content\/uploads\/2022\/10\/Buche.jpg\" width=\"300\" height=\"200\" align=\"left\" hspace=\"10\" vspace=\"10\" \/><\/span><\/a><\/p>\n<p><strong>\u201eEs knospt unter den Bl\u00e4ttern \u2026\u201c<\/strong>. Zu den gro\u00dfen Ver\u00e4nderungsprozessen unserer Zeit geh\u00f6rt auch der demografische Wandel. Als \u00c4ltere erlebe ich die damit verbundenen Herausforderungen auch ganz pers\u00f6nlich, als Coach sp\u00fcre ich sie in \u00dcbergangsprozessen. Es kommt, so denke ich, darauf an, sich auf das zu besinnen, was tr\u00e4gt \u2013 aber auch auf den Kern, aus dem neue Fr\u00fcchte wachsen k\u00f6nnen. Wo wir in Krisen auf die Frage sto\u00dfen, was wirklich z\u00e4hlt, da entstehen auch Kr\u00e4fte zu einem starken Neuanfang. <strong>Und wir wissen \u2013 Hilde Domin hat es in einem ihrer ber\u00fchmtesten Gedichte pointiert: Unter den abfallenden Herbstbl\u00e4ttern sitzen doch schon die Knospen f\u00fcr das neue Jahr<\/strong>.<\/p>\n<p>\u00a0<\/p>\n<h2><span style=\"color: #cd9522;\">Herbst des Lebens \u2013 Arbeit des Lebens<\/span><\/h2>\n<p><a style=\"color: #2b6d07;\" href=\"https:\/\/www.seele-und-sorge.de\/?page_id=6674\" target=\"_blank\" rel=\"noopener\"><span style=\"font-family: arial,helvetica,sans-serif; font-size: medium;\"><img loading=\"lazy\" decoding=\"async\" src=\"https:\/\/www.seele-und-sorge.de\/wp-content\/uploads\/2022\/10\/Arbeiten.jpg\" width=\"300\" height=\"200\" align=\"left\" hspace=\"10\" vspace=\"10\" \/><\/span><\/a><\/p>\n<p>In den kommenden zehn Jahren gehen in Deutschland mehr als sieben Millionen Babyboomer*innen aus den Geburtsjahrg\u00e4ngen 1955 bis 1969 in Rente. Eine hohe Lebenserwartung bei einer durchschnittlich sehr guten Gesundheit, dazu ein durchschnittlich ebenfalls sehr gestiegener Bildungsstand verhei\u00dfen vielen gute und erf\u00fcllte Jahre. Was Bildung und Einkommen betrifft, haben auch Frauen aufgeholt \u2013 allerdings f\u00fchren Teilzeitarbeit, unbezahlte Carearbeit und die neuen Gesetze zu Scheidung und Versorgung vielfach in die Altersarmut. Geringere Geburtenraten und die \u201eUnterj\u00fcngung\u201c unserer Gesellschaft f\u00fchren nun allerdings zu einem erheblichen (Fach-)Kr\u00e4ftemangel. Nicht nur im Handwerk, auch bei Erzieherinnen, Sozialarbeitern, Pflegekr\u00e4ften und Pfarrpersonen oder auch in der Gastronomie fehlt der Nachwuchs. <strong>Selbst wenn es gelingt, junge Zuwander*innen in die Arbeitsprozesse zu integrieren, selbst wenn Digitalisierung und Robotik voranschreiten: Verwaltungen und Unternehmen m\u00fcssen sich dringend der Frage stellen, wie sie \u00e4ltere Mitarbeitende lange gesund und motiviert im Arbeitsprozess halten.\u00a0<\/strong><\/p>\n<p>Wir k\u00f6nnen es uns nicht leisten, \u201edie erfahrensten Menschen aufs Abstellgleis zu schicken, obwohl sie noch voller Energie sind\u201c, sagte Marc Freedman, der sich als Soziologe mit dem Engagement \u00e4lterer Menschen in der amerikanischen Gesellschaft besch\u00e4ftigt, <strong><a style=\"color: #2b6d07;\" href=\"https:\/\/portal.dnb.de\/opac\/showFullRecord?currentResultId=%22Barbara%22+and+%22Wackernagel-Jacobs%22%26any&amp;currentPosition=0\" target=\"_blank\" rel=\"noopener\">in einem Interview zum sogenannten Sputnik-Moment<\/a><\/strong>. Das macht deutlich, dass mit dem Paradigma des \u201eaktiven Alterns\u201c auch ein neuer sozialer Druck einhergehen kann. \u201eRausholen, was noch geht, um blo\u00df nicht zu den gebrechlichen Alten zu geh\u00f6ren\u201c, pointierte der Psychotherapeut Klaus G\u00fcrtler im selben Band. Vielleicht entspricht diese Vorstellung dem \u00f6konomischen Wunsch nach dauerndem Wachstum \u2013 so wie die k\u00f6rperliche \u201eMaloche\u201c den Wirtschaftswunderjahren entsprach. <strong>Zur Arbeit des Lebens geh\u00f6rt aber auch die Auseinandersetzung mit den eigenen Grenzen, mit Scheitern und Endlichkeit<\/strong>. <a style=\"color: #2b6d07;\" href=\"https:\/\/www.ekd.de\/im_alter_neu_werden_koennen.htm\" target=\"_blank\" rel=\"noopener\"><strong>Die Erfahrungen der eigenen Generation \u2013 auch die Schuld- und Verlusterfahrungen \u2013 in Offenheit und Demut weiterzugeben und damit auch gesellschaftlich Neuanf\u00e4nge zu erm\u00f6glichen, ist darum eine wesentliche gesellschaftliche Aufgabe des Alters<\/strong><\/a>. Wie wichtig das ist, erleben wir ja gerade an der \u2013 zum Teil verweigerten \u2013 Aufarbeitung des deutschen Verh\u00e4ltnisses zu Russland nach 2014. Und sind es nicht gerade die \u00c4lteren, die noch aus der N\u00e4he zum Krieg wissen, was f\u00fcr unsere Freiheit, unser Miteinander wirklich wesentlich und bewahrenswert ist?<\/p>\n<p><strong>Die \u00c4lteren sind kaum noch daran beteiligt, wirtschaftliches Kapital aufzubauen. Aber sie mehren das kulturelle und das soziale Kapital.<\/strong> Denn beim Wechsel in den Ruhestand sind wir frei, vieles auf den Pr\u00fcfstand zu stellen und neue Anf\u00e4nge zu wagen: Wie wird in Zukunft die Arbeitsteilung in der Partnerschaft aussehen? Wo werden wir wohnen? Welche ungelebten Tr\u00e4ume warten noch auf Erf\u00fcllung? Wo finde ich Mitstreiter und Mitstreiterinnen, wo werde ich gebraucht? \u2013 Fragen, die nicht nur einmal zu beantworten sind, sondern im \u00c4lterwerden immer neu. Getreu dem Motto: \u201eEs kommt nicht darauf an, was man machen will, sondern wer man sein will.\u201c\u00a0<br \/>___<\/p>\n<table style=\"width: 300px; border-collapse: collapse; background-color: #ffffff; height: 119px;\" border=\"0\">\n<tbody>\n<tr style=\"height: 48px;\">\n<td style=\"width: 536.094px; background-color: #ffffff; height: 48px;\"><span style=\"color: #008080;\"><strong>Meine Termine zu diesem Themenfeld:\u00a0<\/strong><\/span><\/td>\n<\/tr>\n<tr style=\"height: 48px;\">\n<td style=\"width: 536.094px; border-color: #d9e3aa; height: 47px;\"><strong>\u201eNoch einmal ist alles offen\u201c \u2013 Vortrag im Haus der Begegnung in Ulm am\u00a0<a style=\"font-weight: bold; color: #2b6d07;\" href=\"https:\/\/www.seele-und-sorge.de\/?event=arbeitstitel-vortrag-noch-einmal-ist-alles-offen-gedanken-und-plaene-zum-altern-arbeitstitel-vortrag-die-neuentdeckung-der-gemeinschaft-workshop-fuer-interessierte-und-engagierte-im-sta\" target=\"_blank\" rel=\"noopener\">15. November<\/a>\u00a0<\/strong><br \/><strong>In der <\/strong><a style=\"font-weight: bold; color: #2b6d07;\" href=\"https:\/\/www.seele-und-sorge.de\/wp-content\/uploads\/2022\/10\/Hospiz-Villigst-epd-fastfinalccm.odt\" target=\"_blank\" rel=\"noopener\">epd-Doku Nr. 42\/22<\/a><strong>\u00a0erscheint mein Beitrag \u201eHospizbewegung im Umbruch\u201c<\/strong><br \/><strong>Ein Onlinevortrag am <a style=\"color: #2b6d07;\" href=\"https:\/\/www.seele-und-sorge.de\/?event=digital-vortrag-resilient-und-zukunftsoffen-das-alter-gestalten-nachmittagsakademie\" target=\"_blank\" rel=\"noopener\">9. Februar<\/a> widmet sich dem Gestalten des Alters: resilient und zukunftsoffen<br \/><\/strong><strong><span style=\"color: #008080;\">Alle Themen f\u00fcr Vortr\u00e4ge, Seminare, Workshops<\/span>\u00a0<a style=\"color: #2b6d07;\" href=\"https:\/\/www.seele-und-sorge.de\/?page_id=5111\" target=\"_blank\" rel=\"noopener\">hier.<\/a>\u00a0<\/strong><strong><br \/><\/strong><\/td>\n<\/tr>\n<\/tbody>\n<\/table>\n<h2><span style=\"color: #cd9522;\">Berufung ist der Kern des Neuen\u00a0\u00a0<\/span><\/h2>\n<p><a style=\"color: #2b6d07;\" href=\"https:\/\/www.seelsorge-im-alter.de\/materialboerse\/detailansicht\/news\/zukunftskongress-2021-eure-aelteren-werden-traeume-haben\/\" target=\"_blank\" rel=\"noopener\"><span style=\"font-family: arial,helvetica,sans-serif; font-size: medium;\"><img loading=\"lazy\" decoding=\"async\" src=\"https:\/\/www.seele-und-sorge.de\/wp-content\/uploads\/2022\/10\/CCM_03.jpg\" width=\"300\" height=\"233\" align=\"left\" hspace=\"10\" vspace=\"10\" \/><\/span><\/a><\/p>\n<p>In diesem Sommer habe ich meine Coaching-Fortbildung abgeschlossen. <strong>Wohin es mich gerufen hat: Reisebegleiterin zu sein in \u00dcbergangsprozessen. Beim beruflichen Aufstieg, bei K\u00fcndigungen, Umstrukturierungen und beim Wechsel in einen anderen Arbeitsbereich oder ein anderes \u201eSystem\u201c, bei der R\u00fcckkehr nach der Erziehungszeit und eben beim \u00dcbergang in die dritte Lebensphase.<\/strong> Meine Coachees k\u00f6nnen dabei neben der vielschichtigen Ausbildung auch von meinen Erfahrungen aus eigenen beruflichen Ver\u00e4nderungsprozessen profitieren, den unterschiedlichen Stationen in verschiedenen Systemen \u2013 ich wei\u00df um die Wechselwirkungen zwischen Person und Organisation. Dabei will ich die Coachees darin unterst\u00fctzen, die eigene Position in der Organisation zu verstehen, sie zu akzeptieren oder zu ver\u00e4ndern oder die Einrichtung gegebenenfalls zu verlassen. Und es ist mir wichtig, auch die Bedeutung der verschiedenen Lebensphasen (wie Familienphase oder letzter Berufsabschnitt) gemeinsam zu reflektieren. Und zugleich offen zu sein f\u00fcr Entwicklungen, die sich der rationalen Planung zu widersetzen scheinen.\u00a0<\/p>\n<p><strong>Brauchen wir nun alle Coaching? Nat\u00fcrlich nicht. Aber wir brauchen Resonanz. Eine meiner Lieblingsfiguren in der Geschichte ist Florence Nightingale<\/strong>, die mit gro\u00dfer Geduld und Hartn\u00e4ckigkeit ihrer Vision gefolgt ist und damit den Beruf der professionellen Krankenschwester erfunden hat. Sie hat immer wieder betont, dass sie den Ruf Gottes ganz unmittelbar geh\u00f6rt habe. Einen Pfarrer oder Priester habe sie dazu nicht gebraucht und selbstverst\u00e4ndlich auch keinen Coach. Aber eine Reihe Mentor*innen und F\u00f6rderer.<\/p>\n<p>Bei der Tagung \u201eEinfach machen\u201c im Fr\u00fchsommer habe ich Frauen getroffen, die sich zur Priesterin berufen wussten. Sie suchten nun eine Antwort, ein Echo, eine Best\u00e4tigung von au\u00dfen, dass ihre Berufung real ist \u2013 also eine offizielle Ordination ins Amt. Dass die katholische Kirche ihnen mit dem Amt zugleich dieses Zeugnis verweigert, l\u00e4sst manche verzweifeln, manche umso entschlossener k\u00e4mpfen. Die Biografien, die Philippa Rath in dem von ihr herausgegebenen Buch <a style=\"color: #2b6d07;\" href=\"https:\/\/www.herder.de\/theologie-pastoral\/shop\/p2\/70355-weil-gott-es-so-will-gebundene-ausgabe\/\" target=\"_blank\" rel=\"noopener\"><strong>\u201eWeil Gott es so will\u201c<\/strong><\/a>\u00a0versammelt hat, zeugen von gro\u00dfem Leidensdruck, vielfach aber auch von gro\u00dfer Energie. Tats\u00e4chlich hat ja der synodale Prozess dieses Thema in seinem Beschluss <strong><a style=\"color: #2b6d07;\" href=\"https:\/\/www.synodalerweg.de\/fileadmin\/Synodalerweg\/Dokumente_Reden_Beitraege\/SV-III-Synodalforum-III-Grundtext-Lesung1.pdf\" target=\"_blank\" rel=\"noopener\">\u201eFrauen in Diensten und \u00c4mtern der Kirche\u201c<\/a><\/strong>\u00a0aufgenommen. Doch das Thema Berufung geht weit \u00fcber das geistliche Amt hinaus. <strong>Und vielleicht ist es gerade in Zeiten der Transformation so wesentlich, dass Menschen den Kern ihres Auftrags, ihrer Gaben entdecken. Dass wir wissen: Wir sind gefragt und wir werden gebraucht.<\/strong> Darum geht es im Beruf genauso wie im Ehrenamt. F\u00fcr Frauen genauso wie f\u00fcr M\u00e4nner. Ich freue mich, dass die\u00a0<a style=\"color: #2b6d07;\" href=\"https:\/\/w.epd.de\/digital\/soz_weekly\/2022\/10\/21\/365564.htm?pk_campaign=Wochenausgabe_42%2F2022&amp;pk_kwd=42%2F2022&amp;pk_source=newsletter)\" target=\"_blank\" rel=\"noopener\"><strong>Diakonie Deutschland gerade beschlossen hat, bei der Besetzung aller Gremien auf Parit\u00e4t zwischen M\u00e4nnern und Frauen zuzugehen<\/strong><\/a>.\u00a0<br \/>___<\/p>\n<\/div>\n<div align=\"left\">\n<table style=\"width: 300px; border-collapse: collapse; background-color: #fffffff;\" border=\"0\">\n<tbody>\n<tr>\n<td style=\"width: 100%; background-color: #ffffff;\"><span style=\"color: #008080;\"><strong>Meine Coachingangebote<br \/><\/strong><\/span><\/td>\n<\/tr>\n<tr>\n<td style=\"width: 100%; vertical-align: top;\">\n<p><span style=\"color: #008080;\"><strong>Coaching ist so individuell wie Sie und Ihre Situation. Generelle Informationen finden Sie <a style=\"color: #2b6d07;\" href=\"https:\/\/www.seele-und-sorge.de\/?page_id=7053\" target=\"_blank\" rel=\"noopener\">hier<\/a>. Das konkrete Vorgehen f\u00fcr Ihr Anliegen <\/strong><strong>kl\u00e4ren wir telefonisch oder per <a style=\"color: #2b6d07;\" href=\"mailto:coenen-marx@seele-und-sorge.de\">Mail<\/a>.<\/strong><\/span><br \/><strong>Das Thema Berufung ist auch wichtig in meinem Vortrag in Bremen am\u00a0<a style=\"color: #2b6d07;\" href=\"https:\/\/www.seele-und-sorge.de\/?event=referentin-fuer-fernkurs-theologie-geschlechterbewusst-themenbereich-kirche\" target=\"_blank\" rel=\"noopener\">3. Februar<\/a>\u00a0<\/strong><br \/><strong>\u201eFit f\u00fcr den Aufsichtsrat\u201c (Vortrag in Pforzheim am <a style=\"color: #2b6d07;\" href=\"https:\/\/www.seele-und-sorge.de\/?event=fortbildung-fit-fuer-den-aufsichtsrat-2\" target=\"_blank\" rel=\"noopener\">4. M\u00e4rz<\/a>) ist ebenfalls ein Thema, bei dem es um Berufung geht\u00a0<\/strong><\/p>\n<\/td>\n<\/tr>\n<\/tbody>\n<\/table>\n<h2><span style=\"color: #cd9522;\">Die stille Krise \u2013 Wer schl\u00e4gt Alarm?\u00a0<\/span><\/h2>\n<p><a style=\"color: #2b6d07;\" href=\"https:\/\/www.seele-und-sorge.de\/?page_id=6674\" target=\"_blank\" rel=\"noopener\"><span style=\"font-family: arial,helvetica,sans-serif; font-size: medium;\"><img loading=\"lazy\" decoding=\"async\" src=\"https:\/\/www.seele-und-sorge.de\/wp-content\/uploads\/2022\/10\/alt.jpg\" width=\"300\" height=\"200\" align=\"left\" hspace=\"10\" vspace=\"10\" \/><\/span><\/a><\/p>\n<p>\u201eDie Corona-Krise kann eine Chance sein, wenn die Gelegenheit genutzt wird, unsere Gesundheits-, Sozial- und Wohlfahrtssysteme und somit die Gesamtheit von Care-Arbeit gesellschaftlich solidarischer zu organisieren und zu finanzieren\u201c, haben Barbara Thiessen und andere 2020 in ihrem <a style=\"color: #2b6d07;\" href=\"https:\/\/care-macht-mehr.com\/\" target=\"_blank\" rel=\"noopener\"><strong>Thesenpapier \u201eCare.Macht.Mehr\u201c<\/strong><\/a>\u00a0geschrieben. <strong>Was ist daraus geworden? Was haben wir aus der Situation in Einrichtungen der Alten- und Behindertenhilfe gelernt? Mehr als f\u00fcnfzig Prozent der an Covid 19 Verstorbenen waren Heimbewohner*innen. Sie starben ohne Ber\u00fchrung, ohne eine Hand, die sie hielt. Ohne die Begleitung, die wir seit Beginn der Hospizbewegung als guten Standard entwickelt haben.<\/strong> W\u00e4hrend des Lockdowns schien das alles zweitrangig. Die Debatte drehte sich um Intensivbetten und Beatmungssysteme. Aber auch in den Pflegehaushalten hat die Pandemie die ohnehin vorhandenen Herausforderungen noch einmal zugespitzt. Die zeitweilige Schlie\u00dfung von Tagespflegeinrichtungen, Einreisestopps f\u00fcr mittel- und osteurop\u00e4ische Pflegekr\u00e4fte im Fr\u00fchjahr 2020 und Engp\u00e4sse bei den ambulanten Diensten, aber auch fehlende Masken, Tests und Schutzkleidung bewirkten, dass die pflegenden Angeh\u00f6rigen noch mehr auf sich allein gestellt waren. Dabei nehmen sie in ihrem Alltag ohnehin eine drastische Einschr\u00e4nkung von sozialen Kontakten und Entlastungsangeboten hin. <strong>\u201eEs hat Konsequenzen, wenn wir uns nicht gegenseitig begleiten. Sowohl individuell als auch gesellschaftlich wird der Tod damit immer belastender\u201c, sagt der Transplantationsmediziner und Medizinethiker <a style=\"color: #2b6d07;\" href=\"https:\/\/www.ullstein-buchverlage.de\/nc\/buch\/details\/der-tod-ist-mir-nicht-unvertraut-9783548067766.html\" target=\"_blank\" rel=\"noopener\">Eckhard Nagel im Gespr\u00e4ch mit Elke B\u00fcdenbender<\/a><\/strong>.<\/p>\n<p>Eine der h\u00e4ufigsten Sorgen, die Patient*innen Pflegepersonen anvertrauen, ist, anderen nur noch zur Last zu fallen. Wenn ich nur noch Last bin, sagen sie, dann will ich lieber sterben. <strong>Viele, die sich in der Hospizarbeit engagieren, f\u00fcrchten nun, dass die Straffreistellung des assistierten Suizids durch das Bundesverfassungsgericht die Situation noch schwieriger machen wird. Sie f\u00fcrchten den \u201eDammbruch\u201c, wenn in einer Pflegeeinrichtung die erste Ausnahme zugelassen und bekannt wird.<\/strong> Andere k\u00f6nnen sich nicht vorstellen, dass Sterbende die Einrichtung verlassen m\u00fcssen, weil sie Sterbehilfe w\u00fcnschen. <a style=\"color: #2b6d07;\" href=\"https:\/\/www.bagso.de\/fileadmin\/user_upload\/bagso\/06_Veroeffentlichungen\/2022\/BASGO-Stellungnahme_Suizidpraevention_im_Alter_staerken.pdf\" target=\"_blank\" rel=\"noopener\"><strong>Ein Papier der BAGSO\u00a0zur Suizidpr\u00e4vention<\/strong><\/a>\u00a0gibt hier eine sehr hilfreiche Orientierung. Die pers\u00f6nliche Haltung zu diesen grundlegenden Fragen ist nicht nur durch professionelle ethische Prinzipien, sondern auch durch existenzielle Erfahrungen gepr\u00e4gt. <strong>Im H\u00f6ren aufeinander entstehen im besten Fall tragf\u00e4hige Sorgenetze von Angeh\u00f6rigen, Freund<\/strong><strong>*innen<\/strong><strong>, Pflegenden und \u00c4rzt*innen rund um die Sterbenden, in denen sich Sterbende geh\u00f6rt und gesehen wissen, in denen aber auch die Gemeinschaft trotz unterschiedlicher Auffassungen tr\u00e4gt.<\/strong><\/p>\n<p>Die vielleicht gr\u00f6\u00dfte Last in unserem Pflegesystem liegt auf den Angeh\u00f6rigen, die oft das Gef\u00fchl haben, sie h\u00e4tten kaum eine andere Wahl \u2013 aus normativen, aber auch aus \u00f6konomischen Gr\u00fcnden. Beginnend mit kleinen Dienstleistungen und Nothilfe rutschen viele nach und nach in die Vollzeitpflege hinein, bis Carearbeit und Beruf nicht mehr zu vereinbaren sind. Frauen mit niedrigen Bildungsabschl\u00fcssen und prek\u00e4rer T\u00e4tigkeit geben h\u00e4ufiger ihren Beruf zugunsten famili\u00e4rer Carearbeit auf. Aber auch Teilzeitt\u00e4tigkeiten oder zeitweiliger Ausstieg aus dem Beruf f\u00fchren zu Altersarmut. \u201eSolange von vornherein damit gerechnet wird, dass Familienmitglieder diese Aufgabe \u00fcbernehmen, gilt sie als Selbstverst\u00e4ndlichkeit\u201c, schreibt Bernhard Emunds in <strong><a style=\"color: #2b6d07;\" href=\"https:\/\/www.beltz.de\/fachmedien\/soziologie\/produkte\/details\/47121-haeusliche-pflegearbeit-gerecht-organisieren.html\" target=\"_blank\" rel=\"noopener\">\u201eH\u00e4usliche Pflegearbeit gerecht organisieren\u201c<\/a><\/strong>. Zur Rolle von Frauen bei der Carearbeit sind gerade zwei spannende B\u00fccher erschienen:\u00a0<strong><a style=\"color: #2b6d07;\" href=\"https:\/\/www.penguinrandomhouse.de\/Paperback\/Die-Kuemmerfalle\/Susanne-Garsoffky\/DVA-Sachbuch\/e573899.rhd\" target=\"_blank\" rel=\"noopener\">Susanne Garsoffky, Britta Sembach, \u201eDie K\u00fcmmerfalle\u201c<\/a><\/strong>\u00a0mit ihrem Appell f\u00fcr \u201eEqual Pay\u201c und <strong><a style=\"color: #2b6d07;\" href=\"https:\/\/www.ullstein-buchverlage.de\/nc\/buch\/details\/alle-zeit-9783843727754.html\" target=\"_blank\" rel=\"noopener\">Teresa B\u00fccker, \u201eAlle Zeit. Eine Frage von Macht und Freiheit\u201c<\/a><\/strong>.<\/p>\n<p><a style=\"color: #2b6d07;\" href=\"https:\/\/www.seele-und-sorge.de\/?page_id=6674\" target=\"_blank\" rel=\"noopener\"><span style=\"font-family: arial,helvetica,sans-serif; font-size: medium;\"><img loading=\"lazy\" decoding=\"async\" src=\"https:\/\/www.seele-und-sorge.de\/wp-content\/uploads\/2022\/10\/demenz.jpg\" width=\"300\" height=\"225\" align=\"left\" hspace=\"10\" vspace=\"10\" \/><\/span><\/a><\/p>\n<p><strong>\u201eDas bisherige System der Pflegeversicherung basiert in der h\u00e4uslichen Pflege, in der 70 Prozent der zu Pflegenden versorgt werden, darauf, dass Familienangeh\u00f6rige \u2013 und hier sprechen wir insbesondere von den Frauen \u2013 einen Gro\u00dfteil der Pflegeleistungen zu Hause erbringen. Doch dieses Familienmodell funktioniert angesichts gesunkener Geburtenraten, einer gr\u00f6\u00dferen beruflichen Mobilit\u00e4t und neuer Rollenbilder nicht mehr.<\/strong> Da m\u00fcssen wir uns ehrlich machen. Deshalb m\u00fcssen wir auch hier einen neuen Ansatz finden\u201c, <strong><a style=\"color: #2b6d07;\" href=\"https:\/\/www.rnd.de\/politik\/diakonie-praesident-die-pflegeversicherung-steht-vor-dem-kollaps-LPG52YJSDBGOJBT7Y4NQAOB7JY.html\" target=\"_blank\" rel=\"noopener\">sagt der Pr\u00e4sident der Diakonie, Ulrich Lilie<\/a><\/strong>, und spricht sich f\u00fcr eine Entgeltleistung f\u00fcr die h\u00e4usliche Pflege aus. Einen Modellversuch dazu gibt es bereits in \u00d6sterreich. Nach meiner Wahrnehmung wird dort auch sehr deutlich, wie kompliziert es ist, tragf\u00e4hige L\u00f6sungen f\u00fcr diese privaten Zusammenh\u00e4nge zu finden. Was nur hei\u00dfen kann, dass wir hier hier noch kreativer werden m\u00fcssen!<\/p>\n<p>Von einer gerechten Organisation im Pflegesystem sind wir weit entfernt. Schon jetzt ist ein gro\u00dfer Teil der Bewohner*innen von Pflegeeinrichtungen wieder auf Sozialhilfe angewiesen. 1995 war dies ein Grund, die Pflegeversicherung einzuf\u00fchren. \u201eWir sprechen bei der Pflege von der dr\u00e4ngendsten Herausforderung, die unsere Gesellschaft des langen Lebens vor sich hat. <strong>Die Zeit des Durchwurschtelns ist vorbei, ansonsten f\u00e4hrt das System an die Wand.<\/strong> Wir brauchen jetzt einen gro\u00dfen Wurf\u201c, sagt Lilie. Die <strong><a style=\"color: #2b6d07;\" href=\"https:\/\/www.diakonie.de\/pressemeldungen\/vorschlag-diakonie-pflegevollversicherung-mit-eigenbeteiligung\/\" target=\"_blank\" rel=\"noopener\">Diakonie Deutschland schl\u00e4gt schon seit 2019 eine Vollversicherung mit Eigenanteilen f\u00fcr die Pflege vor.<\/a><\/strong>\u00a0<\/p>\n<p><strong>Neben Energiekrise, Ukrainekrieg, Klimakrise haben wir es hier offenbar mit einer weiteren, einer stillen Krise zu tun.<\/strong> Die Dramen spielen sich hinter verschlossenen T\u00fcren ab \u2013 nur w\u00e4hrend der ersten Pandemiemonate wurden sie f\u00fcr kurze Zeit \u00f6ffentlich. Inzwischen erschrecken viele angesichts des wachsenden Fachkr\u00e4ftemangels und manchen wird auch bewusst, dass Corona eben nicht vorbei ist. Seit Oktober gilt wieder Maskenpflicht in Pflegeeinrichtungen \u2013 f\u00fcr viele Bewohner*innen bedeutet das, in der eigenen Wohnung eine Maske zu tragen.\u00a0<\/p>\n<p><strong>Maria Loheide, sozialpolitische Vorst\u00e4ndin von Diakonie Deutschland,<\/strong> <strong><a style=\"color: #2b6d07;\" href=\"https:\/\/www.facebook.com\/Maria.Loheide.Diakonie\/photos\/a.1032041133520787\/5664973260227528\/?type=3\" target=\"_blank\" rel=\"noopener\">fordert nun einen Pflegegipfel<\/a><\/strong>\u00a0\u2013 auch vor dem Hintergrund, dass die Einrichtungen der Freien Wohlfahrtspflege und die ihnen Anvertrauten mit den steigenden Energiekosten vor existenziellen Problemen stehen. Einen Pflegegipfel also, auf dem auch Lauterbachs Pl\u00e4ne zur Entlastung der Pflegenden in den Kliniken (z. B. durch \u00dcberwindung der Fallpauschalen oder mehr Tagesbetten ohne Krankenhaus\u00fcbernachtung) diskutiert werden sollten. Wir brauchen einen Pflegegipfel, aber auch einen Bildungsgipfel, der ebenso dringend n\u00f6tig ist,<a style=\"color: #2b6d07;\" href=\"https:\/\/www.iqb.hu-berlin.de\/bt\/BT2021\" target=\"_blank\" rel=\"noopener\"><strong> wie die Untersuchung zu den absinkenden Leistungen der Sch\u00fcler*innen in der vierten Klasse gerade gezeigt hat<\/strong><\/a>. Oder die Tatsache, dass 384.000 Kitapl\u00e4tze fehlen. <strong>Offenbar muss \u00fcberall da, wo vom Bund bis zu den Kommunen die unterschiedlichen staatlichen Ebenen gemeinsam verantwortlich sind, neu justiert werden. Von der Energiewende bis zur Verkehrswende legen die aktuellen Krisen jahrelang vernachl\u00e4ssigte Probleme schonungslos offen<\/strong>. Zugleich allerdings werden die Ressourcen knapp. Allein f\u00fcr die maroden Schulgeb\u00e4ude stehen 45 Milliarden in Rede. <strong>Der Weg hinaus f\u00fchrt nicht \u00fcber die Wiederherstellung vergangener Muster, sondern \u00fcber eine zukunftsorientierte Bestandsaufnahme dessen, was heute n\u00f6tig ist. Wir brauchen eine strukturelle und politische Neuordnung<\/strong>. Ein Bild f\u00fcr die Art der Neuerung liegt f\u00fcr mich darin, wenn die langen Flure in Schulen und Pflegeeinrichtungen ersetzt werden durch Quartierspflege bzw. durch Stadtteilschulen: mit unterschiedlichsten Akteuren, vielschichtigen Netzwerken, digitalisiert, aber auch voller vielf\u00e4ltiger Begegnungen. Ein tolles Interview zum notwendigen Neudenken hat gerade \u00fcbrigens die Transformationsforscherin <strong><a style=\"color: #2b6d07;\" href=\"https:\/\/www.fr.de\/politik\/maja-goepel-wir-muessen-ehrlich-bilanzieren-was-der-status-quo-kostet-91861549.html\" target=\"_blank\" rel=\"noopener\">Maja G\u00f6pel gegeben<\/a><\/strong>.<br \/>___<\/p>\n<table style=\"width: 300px; border-collapse: collapse; background-color: #ffffff;\" border=\"0\">\n<tbody>\n<tr>\n<td style=\"width: 100%; background-color: #ffffff;\"><span style=\"color: #008080;\"><strong>Meine Vortr\u00e4ge und Termine zu diesem Themenfeld:<\/strong><\/span><\/td>\n<\/tr>\n<tr>\n<td style=\"width: 100%;\">\n<p><strong>Z<\/strong><strong>um Nachlesen:\u00a0<a style=\"color: #2b6d07;\" href=\"https:\/\/www.seele-und-sorge.de\/?page_id=7001\" target=\"_blank\" rel=\"noopener\">Die vierfache Schnur. Sorgenetze in Nachbarschaft und Quartier<\/a><\/strong><br \/><strong><span style=\"color: #008080;\">Alle Themen f\u00fcr Vortr\u00e4ge, Seminare, Workshops<\/span>\u00a0<a style=\"color: #2b6d07;\" href=\"https:\/\/www.seele-und-sorge.de\/?page_id=5111\" target=\"_blank\" rel=\"noopener\">hier.<\/a>\u00a0<\/strong><strong><br \/><\/strong><\/p>\n<\/td>\n<\/tr>\n<\/tbody>\n<\/table>\n<h2><span style=\"color: #cd9522;\">Heimaten in einer multipolaren Welt\u00a0<\/span><\/h2>\n<p><a style=\"color: #2b6d07;\" href=\"https:\/\/www.seele-und-sorge.de\/?page_id=6674\" target=\"_blank\" rel=\"noopener\"><span style=\"font-family: arial,helvetica,sans-serif; font-size: medium;\"><img loading=\"lazy\" decoding=\"async\" src=\"https:\/\/www.seele-und-sorge.de\/wp-content\/uploads\/2022\/10\/multi.jpg\" width=\"300\" height=\"200\" align=\"left\" hspace=\"10\" vspace=\"10\" \/><\/span><\/a><\/p>\n<p>Vor ein paar Tagen sah ich bei Sandra Maischberger ein Gespr\u00e4ch mit Omid Nouripour und der <strong>F<\/strong><strong>rankfurter B\u00fcrgermeisterin Nargess Eskandari-Gr\u00fcnberg<\/strong>. Beide sind als Teenager aus dem Iran hierhergekommen, sind nach wie vor mit den Befreiungsbewegungen in dem Land verbunden und schauen mit Dankbarkeit auf die hiesige Verfassung. (<a style=\"color: #2b6d07;\" href=\"https:\/\/www.sueddeutsche.de\/kultur\/literatur-frankfurt-am-main-buergermeisterin-zu-iran-das-darf-uns-nicht-kaltlassen-dpa.urn-newsml-dpa-com-20090101-221019-99-181711\" target=\"_blank\" rel=\"noopener\"><strong>Hier<\/strong><\/a> ein Bericht \u00fcber Eskandari-Gr\u00fcnbergs Rede bei der Er\u00f6ffnung der Frankfurter Buchmesse.) Als Nargess Eskandari-Gr\u00fcnberg die letzten 37 Jahre im Iran Revue passieren lie\u00df bis hin zu dem mutigen Aufstand, den wir gerade beobachten, dachte ich an unsere Begegnungen 2005\/2006 beim christlich-islamischen Dialog in Teheran. Damals, in den Jahren des Chatami-Regimes, gab es zaghafte Hoffnungen auf \u00d6ffnung \u2013 und entsprechend locker trugen die Studentinnen dort die Kopft\u00fccher. <strong>Mir ist wieder einmal bewusst geworden, wie wichtig solche Erfahrungen f\u00fcr die freiheitliche Entwicklung auch unseres Landes sind. Wir profitieren von denen, die in zwei L\u00e4ndern Heimat haben und deshalb Br\u00fccken bauen k\u00f6nnen. Das gilt auch f\u00fcr Navid Kermani und genauso f\u00fcr Deutsche aus der Ukraine wie Marina Weisband oder f\u00fcr den gro\u00dfen Pianisten Igor Levitt, der urspr\u00fcnglich aus Russland kommt. <a style=\"color: #2b6d07;\" href=\"https:\/\/igorlevit.piffl-medien.de\/\" target=\"_blank\" rel=\"noopener\">Ein wunderbarer Film \u00fcber ihn<\/a>\u00a0ist gerade in unseren Kinos zu sehen.\u00a0<\/strong><\/p>\n<p><strong>In den letzten Wochen fielen wieder politische Kampfbegriffe zu Flucht und Vertreibung wie \u201eSozialtourismus\u201c und \u201ePull-Faktoren\u201c.<\/strong> Ja, ich beobachte durchaus \u2013 und kann sehr gut verstehen! \u2013, dass manche Ukrainerinnen hierherkommen, um Zuflucht zu finden vor dem Krieg, noch ohne genau zu wissen, wie lange sie bleiben wollen. Und ich kann mir gut vorstellen, dass viele Gefl\u00fcchtete aus anderen Regionen der Welt auch gern noch einmal kurz zur\u00fcckgingen, um die kranken Eltern zu sehen. <strong>Es ist ja kein einfacher Schritt, die Heimat hinter sich zu lassen, f\u00fcr immer.<\/strong> Als ich vor einigen Jahren im <strong><a style=\"color: #2b6d07;\" href=\"https:\/\/schlesisches-museum.de\/\" target=\"_blank\" rel=\"noopener\">Schlesischen Museum<\/a><\/strong> in G\u00f6rlitz war, habe ich ein Schl\u00fcsselbrett gesehen \u2013 mit Haust\u00fcrschl\u00fcsseln, die Deutsche auf der Flucht mitgenommen hatten. Als Erinnerung, aber auch um ihr Eigentum nachweisen zu k\u00f6nnen. Wie viele waren gl\u00fccklich, nach 1989 noch einmal dorthin zu reisen. Bei der Vorbereitung zur Volkstrauertagsveranstaltung hier in Garbsen hat mir eine Frau erz\u00e4hlt, dass auch sie einen solchen Schl\u00fcssel zu Hause hat, von ihrem Vater. In pal\u00e4stinensischen Familien werden ganz \u00e4hnliche Geschichten erz\u00e4hlt. Bis heute leben viele Pal\u00e4stinenser*innen in Fl\u00fcchtlingslagern im Libanon, unter der Armutsgrenze und ohne B\u00fcrgerrechte. Eine R\u00fcckkehr f\u00fcr alle wird praktisch und politisch nicht m\u00f6glich sein \u2013 aber um Frieden zu gewinnen, muss eine L\u00f6sung entwickelt werden.\u00a0\u00a0<\/p>\n<p>Auch im heutigen Europa erleben wir, was es bedeutet, wenn Gefl\u00fcchtete zur politischen Waffe werden. Aljaksandr Lukaschenka hat Menschen aus fast allen L\u00e4ndern des Nahen Ostens nach Belarus kommen lassen, um sie an die polnische Grenze zu schicken. Und aktuell beobachten wir, dass der sogenannte Fl\u00fcchtlingsdeal mit der T\u00fcrkei durchl\u00e4ssig wird, w\u00e4hrend wieder mehr Menschen aus Afrika und dem Nahen Osten \u00fcber die Balkanroute nach Europa kommen. Bei uns in Garbsen wie an vielen anderen Orten wird gerade wieder \u00fcber die Belegung von Sporthallen diskutiert. In manchen weckt dies den Impuls zur Abwehr und es kommt wieder zu Ausschreitungen und Demonstrationen gegen Gefl\u00fcchtete aus der Ukraine wie aus anderen Regionen der Welt. Man m\u00f6chte den Menschen einfach nur mal vorlesen, wie <strong><a style=\"color: #2b6d07;\" href=\"https:\/\/www.haymonverlag.at\/produkt\/8179\/tagebuch-einer-invasion\/\" target=\"_blank\" rel=\"noopener\">Andrej Kurkow in seinem Tagebuch einer Invasion<\/a><\/strong>\u00a0beschreibt, was es hei\u00dft, in diesem Krieg zu leben \u2026<\/p>\n<p><strong>Migration, erzwungen oder auch freiwillig, ist zun\u00e4chst eine Tatsache. Angesichts der Folgen von Klimawandel und Gewalt wird sie es immer mehr. Sie zur politischen Waffe zu machen, egal in welche Richtung, vermehrt nur die Fronten, erschwert das Leben aller. Zugleich ist Zuwanderung gerade f\u00fcr unser Land mit dem starken demografischen Wandel und dem Fachkr\u00e4ftemangel eine gro\u00dfe Chance.<\/strong> Damit diese Chance konkrete Wirklichkeit wird, m\u00fcssen wir allerdings investieren: in Kitas und Schulen, den Erhalt der Sprach-Kitas, in Wohnungen und in gute Berufsausbildungsprogramme. Auch wenn ich den Menschen etwa aus der Ukraine, aus Syrien, Afghanistan oder dem Iran nichts mehr w\u00fcnsche, als dass sie bald in ihr Heimatland zur\u00fcckkehren und dort in Frieden leben k\u00f6nnen: Viele werden bleiben, neue Nachbar*innen und Mitb\u00fcrger*innen sein. Und unser Land mitgestalten.\u00a0<\/p>\n<p>Illusionen sch\u00fcren Ressentiments. In den deutschen Vertriebenenverb\u00e4nden hat es sehr lange gedauert, bis man mit der neuen politischen Wirklichkeit leben lernte. Doch aus der Arbeit des BdV ging schlie\u00dflich in den letzten Jahren die Einrichtung eines <a style=\"color: #2b6d07;\" href=\"https:\/\/www.flucht-vertreibung-versoehnung.de\/de\/home\" target=\"_blank\" rel=\"noopener\"><strong>Dokumentationszentrums f\u00fcr Flucht, Vertreibung, Vers\u00f6hnung<\/strong><\/a>\u00a0hervor \u2013 ein Lernort, um sich mit der Realit\u00e4t und den m\u00f6glichen Folgen von Migration auseinanderzusetzen.<br \/>___<\/p>\n<table style=\"height: 48px; width: 300px; border-collapse: collapse; background-color: #ffffff;\" border=\"0\">\n<tbody>\n<tr style=\"height: 24px;\">\n<td style=\"width: 100%; background-color: #ffffff; height: 24px;\"><span style=\"color: #008080;\"><strong>Meine Termine zu diesem Themenfeld:<\/strong><\/span><\/td>\n<\/tr>\n<tr style=\"height: 24px;\">\n<td style=\"width: 100%; height: 24px;\">\n<p><strong>R<\/strong><strong>ede auf einer Feierstunde zum Volkstrauertag in Garbsen\u00a0<\/strong><br \/><strong><a style=\"color: #2b6d07;\" href=\"https:\/\/www.seele-und-sorge.de\/?event=volkstrauertag-rednerin-im-rahmen-der-feierstunde\" target=\"_blank\" rel=\"noopener\">am 13. November<\/a>.<\/strong><br \/><strong><span style=\"color: #008080;\">Alle Themen f\u00fcr Vortr\u00e4ge, Seminare, Workshops<\/span>\u00a0<a style=\"color: #2b6d07;\" href=\"https:\/\/www.seele-und-sorge.de\/?page_id=5111\" target=\"_blank\" rel=\"noopener\">hier.<\/a>\u00a0<\/strong><strong><br \/><\/strong><\/p>\n<\/td>\n<\/tr>\n<\/tbody>\n<\/table>\n<h2><span style=\"color: #cd9522;\">Wir sehen uns an der Tanke<\/span><\/h2>\n<p><a style=\"color: #2b6d07;\" href=\"https:\/\/www.seele-und-sorge.de\/?page_id=6674\" target=\"_blank\" rel=\"noopener\"><span style=\"font-family: arial,helvetica,sans-serif; font-size: medium;\"><img loading=\"lazy\" decoding=\"async\" src=\"https:\/\/www.seele-und-sorge.de\/wp-content\/uploads\/2022\/10\/tankstelle.jpg\" width=\"300\" height=\"200\" align=\"left\" hspace=\"10\" vspace=\"10\" \/><\/span><\/a><\/p>\n<p>Der Schriftsteller Sa\u0161a Stani\u0161i\u0107, der aus den Jugoslawienkriegen in einen Vorort von Heidelberg geflohen war, <a style=\"color: #2b6d07;\" href=\"https:\/\/www.penguinrandomhouse.de\/Buch\/HERKUNFT\/Sasa-Stanisic\/Luchterhand-Literaturverlag\/e472733.rhd\" target=\"_blank\" rel=\"noopener\"><strong>erz\u00e4hlt von Emmertsgrund<\/strong><\/a>. Dort reichen Menschen aus Bosnien und der T\u00fcrkei, aus Griechenland, Italien, Russland, Polen und Deutschland einander die Hand. Sie sind Nachbar*innen oder kennen sich aus der Schule, der Arbeit, dem Sport. \u201eDie Supermarktschlange sprach sieben Sprachen. Die soziale Einrichtung, die sich f\u00fcr unsere Integration am st\u00e4rksten einsetzte, war eine abgerockte ARAL-Tankstelle. Sie war Jugendzentrum, Getr\u00e4nkelieferant, Tanzfl\u00e4che, Toilette. Kulturen vereint in Neonlicht und Benzingeruch. Auf dem Parkplatz lernten wir voneinander falsches Deutsch und wie man Autoradios wieder einbaut. Die ARAL-Tanke war Heidelbergs innere Schweiz \u2013 neutraler Grund, auf dem die Herkunft selten einen Konflikt wert war.\u201c So also kann die Tanke zur Heimat werden. Oder eine Bushaltestelle, ein \u00f6ffentlicher Platz oder auch eine B\u00fccherei.<\/p>\n<p>\u201eWir sollten alles daf\u00fcr tun, soziale Marktpl\u00e4tze zu erhalten oder neu aufzubauen\u201c, <a style=\"color: #2b6d07;\" href=\"https:\/\/www.penguinrandomhouse.de\/ebook\/Das-Land-in-dem-wir-leben-wollen\/Jutta-Allmendinger\/Pantheon\/e513846.rhd\" target=\"_blank\" rel=\"noopener\"><strong>meint Jutta Allmendinger<\/strong><\/a>. Gerade Menschen, die kaum privaten Lebensraum haben, brauchen \u00f6ffentliche Orte in der Stadt. <strong>Wenn wir Kommunen nicht nur als Wirtschaftsstandorte, sondern als Orte des guten Lebens begreifen wollen, dann sind sie auf soziale Investitionen angewiesen. Das Land Schleswig-Holstein hat das mit dem Konzept der <a style=\"color: #2b6d07;\" href=\"https:\/\/markttreff-sh.de\/\" target=\"_blank\" rel=\"noopener\">Markttreffs<\/a> aufgenommen.<\/strong> Es fu\u00dft auf den vielen genossenschaftlichen Dorfl\u00e4den, die in den letzten zwanzig Jahren entstanden. Nun gibt es eine Chipkarte, die den Mitgliedern rund um die Uhr Zutritt verschafft \u2013 und viele Marktleitungen, die im Laden auch einen Treffpunkt oder ein Bistro er\u00f6ffnet haben. An manchen Orten findet sich gleich daneben eine Arztpraxis oder auch ein Fu\u00dfpflegedienst. <strong>Dorfladen plus Dienstleistung plus offener Treff, das ist das \u00e4u\u00dferst erfolgreiche Prinzip<\/strong>. Anderswo sind l\u00e4ndliche Coworkingspaces entstanden, immer h\u00e4ufiger mit Kinderbetreuung, die die notwendige Vereinbarkeit erm\u00f6glichen und auch entfernt vom B\u00fcro in der Stadt ein Miteinander erm\u00f6glichen, das im Homeoffice fehlt. Aber auch die traditionellen Markt- und Kirchpl\u00e4tze werden neu entdeckt: als offene R\u00e4ume der Begegnung mit einem Flohmarkt, einer Telefonzelle zum B\u00fcchertausch, einem Caf\u00e9-Kiosk. <strong>Solche Projekte leben von Verbundenheit in einer verwundbaren Gesellschaft \u2013 und schaffen gerade durch ihr ganz praktisches, aber eben gemeinsames Denken Innovation.\u00a0<\/strong><\/p>\n<p>Wie Quartiere gest\u00e4rkt werden k\u00f6nnen, dazu gibt es inzwischen immer mehr Wissen und entsprechende Lernangebote. Gerade neu gegr\u00fcndet wurde das <strong><a style=\"color: #2b6d07;\" href=\"https:\/\/www.diakonie-wuerttemberg.de\/23082022-kompetenzzentrum-quartier\" target=\"_blank\" rel=\"noopener\">Kompetenzzentrum Quartier in den diakonischen Werken Baden und W\u00fcrttemberg<\/a><\/strong>. Inspirieren lassen kann man sich auch von den <strong><a style=\"color: #2b6d07;\" href=\"https:\/\/www.nachbarschaftspreis.de\/\" target=\"_blank\" rel=\"noopener\">Projekten, die f\u00fcr den Deutschen Nachbarschaftspreis 2022 nominiert wurden<\/a><\/strong>. Eine meiner eigenen Vortr\u00e4ge zu dem Thema ist <a style=\"color: #2b6d07;\" href=\"https:\/\/www.seele-und-sorge.de\/?page_id=6999\" target=\"_blank\" rel=\"noopener\"><strong>hier<\/strong><\/a>\u00a0verlinkt.<br \/>___<\/p>\n<table style=\"height: 140px; width: 300px; border-collapse: collapse; background-color: #ffffff;\" border=\"0\">\n<tbody>\n<tr style=\"height: 24px;\">\n<td style=\"width: 599px; background-color: #ffffff; height: 24px;\"><span style=\"color: #008080;\"><strong>Meine Vortr\u00e4ge und Termine zu dem Themenfeld:<\/strong><\/span><\/td>\n<\/tr>\n<tr style=\"height: 116px;\">\n<td style=\"width: 599px; height: 116px;\">\n<p><strong>Workshop Quartier in Ulm am\u00a0<\/strong><br \/><a style=\"font-weight: bold; color: #2b6d07;\" href=\"https:\/\/www.seele-und-sorge.de\/?event=workshop-die-neuentdeckung-der-gemeinschaft-fuer-interessierte-und-engagierte-im-stadtquartier\" target=\"_blank\" rel=\"noopener\">16. November<\/a><strong>.<br \/><\/strong><strong>Vortrag \u00fcber Kirche im l\u00e4ndlichen Raum beim Fachtag zu Quartier in Dierdorf am <a style=\"color: #2b6d07;\" href=\"https:\/\/www.seele-und-sorge.de\/?event=impulsvortrag-fachveranstaltung-workshop-zum-thema-umbrueche-gestalten-kirchen-im-laendlichen-raum\" target=\"_blank\" rel=\"noopener\">19. November<\/a><\/strong><strong>. <br \/>Zum Nachlesen mein Vortrag\u00a0<\/strong><strong><a style=\"color: #2b6d07;\" href=\"https:\/\/www.seele-und-sorge.de\/?page_id=6999\" target=\"_blank\" rel=\"noopener\">\u201eWir sehe<\/a><\/strong><strong><a style=\"color: #2b6d07;\" href=\"https:\/\/www.seele-und-sorge.de\/?page_id=6999\" target=\"_blank\" rel=\"noopener\">n uns an der Tanke\u201c. Treffpunkte, Netzwerke und Sorgegemeinschaften auf dem Lande\u201c<\/a>\u00a0<\/strong><br \/><strong><span style=\"color: #008080;\">Alle Themen f\u00fcr Vortr\u00e4ge, Seminare, Workshops<\/span>\u00a0<a style=\"color: #2b6d07;\" href=\"https:\/\/www.seele-und-sorge.de\/?page_id=5111\" target=\"_blank\" rel=\"noopener\">hier.<\/a>\u00a0<\/strong><\/p>\n<\/td>\n<\/tr>\n<\/tbody>\n<\/table>\n<p>Es ist Herbst und viele fragen nach den Kr\u00e4ften, die uns tragen und st\u00e4rken. Nach der eigenen Geschichte und Identit\u00e4t \u2013 gerade hier in Deutschland \u2013, nach der eigenen Rolle \u2013 gerade auch der Kirche \u2013, nach unserer ganz pers\u00f6nlichen Berufung in diesen Zeiten des Wandels. <strong>Wir stellen scheinbar Selbstverst\u00e4ndliches in Frage, probieren Neues aus und hoffen, dass mehr m\u00f6glich ist, als wir glauben.<\/strong> Manchmal ahnen wir ja schon im Herbst etwas von der Fr\u00fchjahrsbl\u00fcte. <strong>Bei der Vorbereitung von Texten f\u00fcr Weihnachten ist mir aufgefallen, wie aktuell gerade die Nikolausgeschichten sind.<\/strong> Sie erz\u00e4hlen von Armut, von Eltern, die ihre Kinder nicht ern\u00e4hren k\u00f6nnen, von Hunger und ausbleibenden Weizenschiffen, von der Rettung aus Seenot \u2013 und uns fallen aktuell zu allem Zeitungsnachrichten und Bilder ein aus so vielen L\u00e4ndern und Meeren der Welt. Doch die Geschichten handeln auch davon, dass Schluss sein muss mit dem \u201eZwarten Piet\u201c und dem Rassismus, der damit verbunden war.<br \/>___<\/p>\n<table style=\"width: 300px; border-collapse: collapse; background-color: #ffffff;\" border=\"0\">\n<tbody>\n<tr>\n<td style=\"width: 100%; background-color: #ffffff;\"><span style=\"color: #008080;\"><strong>Meine Radiosendungen:<\/strong><\/span><\/td>\n<\/tr>\n<tr>\n<td style=\"width: 100%;\"><strong>Gedanken zur Woche am <\/strong><a style=\"font-weight: bold; color: #2b6d07;\" href=\"https:\/\/rundfunk.evangelisch.de\/kirche-im-radio\/gedanken-zur-woche\/gedanken-zur-woche-11112022-12967\" target=\"_blank\" rel=\"noopener\">11. November im DLF<\/a><strong> (6.35 Uhr)\u00a0<\/strong><br \/><strong>Ein Interview zur Seele des Sozialen <\/strong><strong><a style=\"color: #2b6d07;\" href=\"https:\/\/cloud.orf.at\/s\/ZTiJqRqCJBFWiE6\" target=\"_blank\" rel=\"noopener\">im \u00d6RF zum Nachh\u00f6ren<\/a><\/strong><\/td>\n<\/tr>\n<\/tbody>\n<\/table>\n<\/div>\n<div align=\"left\">\n<table style=\"width: 534px; border-collapse: collapse; background-color: #d9e3aa; height: 24px;\" border=\"0\">\n<tbody>\n<tr style=\"height: 24px;\">\n<td style=\"width: 530px; background-color: #d9e3aa; height: 24px;\">\n<h2><span style=\"color: #cd9522;\">B\u00fccher von Freund*innen<\/span><\/h2>\n<\/td>\n<\/tr>\n<\/tbody>\n<\/table>\n<table style=\"height: 911px; width: 534px; border-collapse: collapse;\">\n<tbody>\n<tr style=\"height: 24px;\">\n<td style=\"height: 24px; vertical-align: top; width: 116.219px;\">\u00a0<\/td>\n<td style=\"height: 24px; vertical-align: top; width: 10.0156px;\">\u00a0<\/td>\n<td style=\"width: 397.766px; height: 24px; vertical-align: top;\">\u00a0<\/td>\n<\/tr>\n<tr style=\"height: 24px;\">\n<td style=\"height: 24px; vertical-align: top; width: 116.219px;\"><a style=\"color: #2b6d07;\" href=\"https:\/\/www.eva-leipzig.de\/product_info.php?info=p5264_Familienorientierung-staerken.html\" target=\"_blank\" rel=\"noopener\"><img loading=\"lazy\" decoding=\"async\" src=\"https:\/\/www.seele-und-sorge.de\/wp-content\/uploads\/2022\/10\/Familienorientierung.jpg\" width=\"100\" height=\"152\" \/><\/a><\/td>\n<td style=\"height: 24px; vertical-align: top; width: 10.0156px;\">\u00a0<\/td>\n<td style=\"width: 397.766px; height: 24px; vertical-align: top;\"><strong>Lars Charpentier, Anke Pech, Franziska Woellert (Hg.)\u00a0<a style=\"color: #2b6d07;\" href=\"https:\/\/www.eva-leipzig.de\/product_info.php?info=p5264_Familienorientierung-staerken.html\" target=\"_blank\" rel=\"noopener\">Familienorientierung st\u00e4rken. Evangelische Arbeitgeber zwischen Innovation und Tradition.<\/a><\/strong>\u00a0\u201eSinnerf\u00fcllt zu arbeiten und zufrieden zu leben sind Kennzeichen dessen, was die Bibel \u201aLeben in F\u00fclle\u2018 nennt\u201c, schreibt Peter Burkowski in seinem Vorwort zu diesem Band \u2013 ein wichtiger Hinweis auf das gro\u00dfe Ganze der Arbeit generell. Ein hilfreiches Buch f\u00fcr kirchliche (und andere) Arbeitgeber, die angesichts des Wettbewerbs um Fachkr\u00e4fte attraktiv sein wollen. Mein Beitrag \u201eKirche ohne Ehrenamt?\u201c nimmt sich der Frage an, was die neue Rollenverteilung in der Familie f\u00fcr das Ehrenamt bedeutet.<\/td>\n<\/tr>\n<tr style=\"height: 24px;\">\n<td style=\"height: 24px; vertical-align: top; width: 116.219px;\">\u00a0<\/td>\n<td style=\"height: 24px; vertical-align: top; width: 10.0156px;\">\u00a0<\/td>\n<td style=\"width: 397.766px; height: 24px; vertical-align: top;\">\u00a0<\/td>\n<\/tr>\n<tr style=\"height: 24px;\">\n<td style=\"height: 24px; vertical-align: top; width: 116.219px; background-color: #d9e3aa;\"><a style=\"color: #2b6d07;\" href=\"https:\/\/www.carl-auer.de\/mitschwingen-und-dazwischengehen\" target=\"_blank\" rel=\"noopener\"><img loading=\"lazy\" decoding=\"async\" src=\"https:\/\/www.seele-und-sorge.de\/wp-content\/uploads\/2022\/10\/Mitschwingen.jpg\" width=\"100\" height=\"153\" \/><\/a><a style=\"color: #2b6d07;\" href=\"https:\/\/www.carl-auer.de\/wirksam-werden-im-kontakt\" target=\"_blank\" rel=\"noopener\"><img loading=\"lazy\" decoding=\"async\" src=\"https:\/\/www.seele-und-sorge.de\/wp-content\/uploads\/2022\/10\/Kontakt.jpg\" width=\"100\" height=\"159\" \/><\/a><\/td>\n<td style=\"height: 24px; vertical-align: top; width: 10.0156px; background-color: #d9e3aa;\">\u00a0<\/td>\n<td style=\"width: 397.766px; height: 24px; vertical-align: top; background-color: #d9e3aa;\"><strong>Mechtild Erpenbeck\u00a0<a style=\"color: #2b6d07;\" href=\"https:\/\/www.carl-auer.de\/mitschwingen-und-dazwischengehen\" target=\"_blank\" rel=\"noopener\">Mitschwingen und Dazwischengehen. Systemisch-gruppendynamische Prozesskompetenz in Beratung und Training. Ein Tanz um Macht und Vertrauen<\/a>\u00a0<\/strong>und\u00a0<strong><a style=\"color: #2b6d07;\" href=\"https:\/\/www.carl-auer.de\/wirksam-werden-im-kontakt\" target=\"_blank\" rel=\"noopener\">Wirksam werden im Kontakt. Die systemische Haltung im Coaching<\/a>.<\/strong> Mechtild Erpenbeck war eine meiner Dozentinnen in der Coaching-Ausbildung. Ihre B\u00fccher habe ich als besonders hilfreich und inspirierend f\u00fcr meine Fortbildung empfunden. Zu verstehen, was in einem Gruppenprozess \u201ehakt\u201c, welchen eigenen Anteil wir m\u00f6glicherweise haben und wie man in einer Beratungsfunktion in dieser Dynamik sinnvoll agieren kann, das ist nicht nur fundamental wichtig f\u00fcr Coaches, sondern aus meiner Sicht auch f\u00fcr F\u00fchrungskr\u00e4fte oder auch in privaten Zusammenh\u00e4ngen. Das Bild des Tanzes hilft dabei immer wieder, starre Vorstellungen zu \u00fcberwinden. F\u00fcr die Reflexion der eigenen Haltung beispielsweise zwischen Verantwortung und Gef\u00fchl, Aufmerksamkeit und Macht liefert ihr Buch \u00fcber das Wirksamwerden im Kontakt fundamentale Einsichten und Impulse.\u00a0<\/td>\n<\/tr>\n<tr style=\"height: 24px;\">\n<td style=\"height: 24px; vertical-align: top; width: 116.219px;\">\u00a0<\/td>\n<td style=\"height: 24px; vertical-align: top; width: 10.0156px;\">\u00a0<\/td>\n<td style=\"width: 397.766px; height: 24px; vertical-align: top;\">\u00a0<\/td>\n<\/tr>\n<tr style=\"height: 24px;\">\n<td style=\"height: 23px; vertical-align: top; width: 116.219px;\"><a style=\"color: #2b6d07;\" href=\"https:\/\/www.lutherverlag.de\/Sachbuecher-Ratgeber\/Kurschus-u-a-Nach-Gott-fragen-angesichts-der-Pandemie::1010.html\" target=\"_blank\" rel=\"noopener\"><img loading=\"lazy\" decoding=\"async\" src=\"https:\/\/www.seele-und-sorge.de\/wp-content\/uploads\/2022\/10\/Nach_Gott.jpg\" width=\"100\" height=\"149\" \/><\/a><\/td>\n<td style=\"height: 23px; vertical-align: top; width: 10.0156px;\">\u00a0<\/td>\n<td style=\"width: 397.766px; height: 23px; vertical-align: top;\"><strong>Annette Kurschus, Traugott J\u00e4hnichen, Vicco von B\u00fclow (Hg.)\u00a0<\/strong><strong><a style=\"color: #2b6d07;\" href=\"https:\/\/www.lutherverlag.de\/Sachbuecher-Ratgeber\/Kurschus-u-a-Nach-Gott-fragen-angesichts-der-Pandemie::1010.html\" target=\"_blank\" rel=\"noopener\">Nach Gott fragen angesichts der Pandemie: Von Gott reden \u2013 mit Gott reden<\/a><\/strong>. \u201eKrisenerfahrungen theologisch zu deuten hei\u00dft nicht, Antworten auf alle Fragen zu wissen \u2013, sondern vor allem: nach Gott zu suchen und mit Gott zu reden. Das Gebet r\u00fcckt wieder ins Zentrum. Und der Mensch als Helfer Gottes\u201c, dieser Satz aus dem Programmtext formuliert pr\u00e4gnant die These des Buchs. Es liefert einen wichtigen Beitrag zur Position der Kirche in krisenhaften Zeiten.<\/td>\n<\/tr>\n<tr style=\"height: 24px;\">\n<td style=\"height: 24px; vertical-align: top; width: 116.219px;\">\u00a0<\/td>\n<td style=\"height: 24px; vertical-align: top; width: 10.0156px;\">\u00a0<\/td>\n<td style=\"width: 397.766px; height: 24px; vertical-align: top;\">\u00a0<\/td>\n<\/tr>\n<tr style=\"height: 24px;\">\n<td style=\"height: 24px; vertical-align: top; width: 116.219px; background-color: #d9e3aa;\"><a style=\"color: #2b6d07;\" href=\"https:\/\/www.eva-leipzig.de\/product_info.php?info=p5236_Substanzielles-Christentum.html\" target=\"_blank\" rel=\"noopener\"><img loading=\"lazy\" decoding=\"async\" src=\"https:\/\/www.seele-und-sorge.de\/wp-content\/uploads\/2022\/10\/Christentum.jpg\" width=\"100\" height=\"140\" \/><\/a><\/td>\n<td style=\"height: 24px; vertical-align: top; width: 10.0156px; background-color: #d9e3aa;\">\u00a0<\/td>\n<td style=\"width: 397.766px; height: 24px; background-color: #d9e3aa; vertical-align: top;\"><strong>Gerhard Wegner\u00a0<a style=\"color: #2b6d07;\" href=\"https:\/\/www.eva-leipzig.de\/product_info.php?info=p5236_Substanzielles-Christentum.html\" target=\"_blank\" rel=\"noopener\">Substanzielles Christentum. Soziotheologische Erkundungen<\/a><\/strong>. Die Diagnose einer schwindenden Vertrautheit mit Religion, Kirche und ihren Symbolen nimmt Gerhard Wegner zum Ausgangspunkt, um nach dem zu fragen, \u201ewas am Glauben begeisternd und n\u00e4hrend ist\u201c. Dass er dabei mit einem soziologischen Ansatz zugleich die Ver\u00e4nderungen in der (Haltung zur) Kirche seit den 1960er Jahren in den Blick nimmt, erscheint mir sehr produktiv. \u201eErfahrungen eines Kraftfelds des Geistes kommen ebenso zum Tragen wie Fragen der Armut in der Theologie\u201c, beschreibt dies der Klappentext.<\/td>\n<\/tr>\n<tr style=\"height: 24px;\">\n<td style=\"height: 24px; vertical-align: top; width: 116.219px;\">\u00a0<\/td>\n<td style=\"height: 24px; vertical-align: top; width: 10.0156px;\">\u00a0<\/td>\n<td style=\"width: 397.766px; height: 24px; vertical-align: top;\">\u00a0<\/td>\n<\/tr>\n<tr style=\"height: 24px;\">\n<td style=\"height: 24px; vertical-align: top; width: 116.219px;\"><a style=\"color: #2b6d07;\" href=\"https:\/\/www.hospiz-verlag.de\/produkt\/leben-selbstbestimmung-und-lebensschutz\/\" target=\"_blank\" rel=\"noopener\"><img loading=\"lazy\" decoding=\"async\" src=\"https:\/\/www.seele-und-sorge.de\/wp-content\/uploads\/2022\/10\/Leben.jpg\" width=\"100\" height=\"144\" \/><\/a><\/td>\n<td style=\"height: 24px; vertical-align: top; width: 10.0156px;\">\u00a0<\/td>\n<td style=\"width: 397.766px; height: 24px; vertical-align: top;\"><strong>Jutta Ataie, Carmen Berger-Zell, Astrid Giebel (Hg.)\u00a0<\/strong><strong><a style=\"color: #2b6d07;\" href=\"https:\/\/www.hospiz-verlag.de\/produkt\/leben-selbstbestimmung-und-lebensschutz\/\" target=\"_blank\" rel=\"noopener\">Leben. Selbstbestimmung und Lebensschutz, Ambivalenzen im Umgang mit der Beihilfe zur Selbstt\u00f6tung<\/a><\/strong>. \u201eWie begegnen wir einander pers\u00f6nlich oder gesellschaftlich als Menschen, von denen \u2013 ganz menschlich \u2013 sich eine oder einer mit Sterbew\u00fcnschen, suizidalen Gedanken oder dem Wunsch nach Suizidassistenz besch\u00e4ftigt? Wie gehen wir damit um, wenn sich jemand Beistand angesichts ihrer oder seiner Lebensm\u00fcdigkeit w\u00fcnscht?\u201c Der Band versammelt unterschiedlichste Perspektiven auf die nun gesetzlich einger\u00e4umte M\u00f6glichkeit des assistierten Suizids \u2013 ein \u00dcberblick \u00fcber die Debatte und zugleich eine hilfreiche Orientierung.<\/td>\n<\/tr>\n<tr style=\"height: 24px;\">\n<td style=\"height: 24px; vertical-align: top; width: 116.219px;\">\u00a0<\/td>\n<td style=\"height: 24px; vertical-align: top; width: 10.0156px;\">\u00a0<\/td>\n<td style=\"width: 397.766px; height: 24px; vertical-align: top;\">\u00a0<\/td>\n<\/tr>\n<tr style=\"height: 24px;\">\n<td style=\"height: 24px; vertical-align: top; width: 116.219px; background-color: #d9e3aa;\"><a style=\"color: #2b6d07;\" href=\"https:\/\/shop.autorenwelt.de\/products\/von-frau-zu-frau-von-undefined?variant=40034769666141\" target=\"_blank\" rel=\"noopener\"><img loading=\"lazy\" decoding=\"async\" src=\"https:\/\/www.seele-und-sorge.de\/wp-content\/uploads\/2022\/10\/Frau.jpg\" width=\"100\" height=\"149\" \/><\/a><\/td>\n<td style=\"height: 24px; vertical-align: top; width: 10.0156px; background-color: #d9e3aa;\">\u00a0<\/td>\n<td style=\"width: 397.766px; height: 24px; vertical-align: top; background-color: #d9e3aa;\"><strong>Teresa A. K. Kaya (Hg.)\u00a0<a style=\"color: #2b6d07;\" href=\"https:\/\/shop.autorenwelt.de\/products\/von-frau-zu-frau-von-undefined?variant=40034769666141\" target=\"_blank\" rel=\"noopener\">Von Frau zu Frau: Praxishandbuch Biografiearbeit aus weiblicher Perspektive<\/a>.<\/strong> Professionell begleitete Biografiearbeit ist l\u00e4ngst eine anerkannte Methode der Auseinandersetzung mit dem eigenen Leben, die beispielsweise hilft, mit Schwierigkeiten zurechtzukommen oder neue Handlungsr\u00e4ume zu erkennen. Teresa Kayas Buch ist eine Unterst\u00fctzung, die besonderen Bedingungen von Biografiearbeit von\/mit Frauen zu reflektieren. Neben theoretischen \u00dcberlegungen gibt die Vorstellung durchgef\u00fchrter Projekte produktive Impulse. Ich konnte einige Erfahrungen aus der Gespr\u00e4chsreihe\u00a0<strong><a style=\"color: #2b6d07;\" href=\"https:\/\/www.seele-und-sorge.de\/?page_id=5293\" target=\"_blank\" rel=\"noopener\">\u201eOma trotzt Corona\u201c<\/a><\/strong>\u00a0beitragen, in der zahlreiche Frauen von h\u00f6chst innovativen und kreativen Initiativen berichteten.<\/td>\n<\/tr>\n<tr style=\"height: 24px;\">\n<td style=\"height: 24px; vertical-align: top; width: 116.219px;\">\u00a0<\/td>\n<td style=\"height: 24px; vertical-align: top; width: 10.0156px;\">\u00a0<\/td>\n<td style=\"width: 397.766px; height: 24px; vertical-align: top;\">\u00a0<\/td>\n<\/tr>\n<tr style=\"height: 24px;\">\n<td style=\"vertical-align: top; width: 116.219px; height: 24px;\"><a style=\"color: #2b6d07;\" href=\"https:\/\/www.eva-leipzig.de\/product_info.php?info=p5323_Kampf-der-Kulturen-und-gerechter-Frieden.html\" target=\"_blank\" rel=\"noopener\"><img loading=\"lazy\" decoding=\"async\" src=\"https:\/\/www.seele-und-sorge.de\/wp-content\/uploads\/2022\/10\/Kampf.jpg\" width=\"100\" height=\"152\" \/><\/a><\/td>\n<td style=\"vertical-align: top; width: 10.0156px; height: 24px;\">\u00a0<\/td>\n<td style=\"width: 397.766px; vertical-align: top; height: 24px;\"><strong>Sarah J\u00e4ger, Eberhard Pausch (Hg.)\u00a0<\/strong><strong><a style=\"color: #2b6d07;\" href=\"https:\/\/www.eva-leipzig.de\/product_info.php?info=p5323_Kampf-der-Kulturen-und-gerechter-Frieden.html\" target=\"_blank\" rel=\"noopener\">Kampf der Kulturen und gerechter Frieden. Samuel Huntingtons These zwischen Identit\u00e4tspolitik und Friedensethik<\/a><\/strong>. Huntingtons These von den gro\u00dfen Kultur(r\u00e4um)en der Welt, die miteinander im Kampf l\u00e4gen, hatte bei ihrem Erscheinen 1996 eine gro\u00dfe Debatte ausgel\u00f6st. Die Autor*innen des Bandes hinterfragen f\u00fcr historische Episoden ebenso wie f\u00fcr die Gegenwart zun\u00e4chst die Grundannahmen von den eindeutig abgrenzbaren, in sich identischen Kulturen und erforschen weiterhin, wie in multilateralen Gespr\u00e4chen und Beziehungen Frieden zwischen Verschiedenen gehalten oder geschaffen werden kann.<\/td>\n<\/tr>\n<tr style=\"height: 24px;\">\n<td style=\"vertical-align: top; width: 116.219px; height: 24px;\">\u00a0<\/td>\n<td style=\"vertical-align: top; width: 10.0156px; height: 24px;\">\u00a0<\/td>\n<td style=\"width: 397.766px; vertical-align: top; height: 24px;\">\u00a0<\/td>\n<\/tr>\n<tr>\n<td style=\"vertical-align: top; width: 116.219px; background-color: #d9e3aa;\"><a style=\"color: #2b6d07;\" href=\"https:\/\/www.chrismonshop.de\/petra-heilig-susanne-herzog-andrea-langenbacher-lass-leuchten-der-frauenkalender-2023-4531.html\"><img loading=\"lazy\" decoding=\"async\" src=\"https:\/\/www.seele-und-sorge.de\/wp-content\/uploads\/2022\/10\/FrauenKalender_kl.jpg\" width=\"100\" height=\"150\" \/><\/a><\/td>\n<td style=\"vertical-align: top; width: 10.0156px; background-color: #d9e3aa;\">\u00a0<\/td>\n<td style=\"width: 397.766px; vertical-align: top; background-color: #d9e3aa;\"><strong><a style=\"color: #2b6d07;\" href=\"https:\/\/www.chrismonshop.de\/petra-heilig-susanne-herzog-andrea-langenbacher-lass-leuchten-der-frauenkalender-2023-4531.html\" target=\"_blank\" rel=\"noopener\">Frauenkalender: Lass leuchten!\u00a0<\/a><\/strong><span style=\"background-color: #d9e3aa;\">\u00a0\u201eLass leuchten! \u2013 Ein Zuruf, der gerade in schweren und dunklen Zeiten nicht laut genug sein kann. Lass leuchten: deine Zuversicht, deine Begeisterungsf\u00e4higkeit, dein Wohlwollen, deine St\u00e4rke &#8230;\u201c Mit dieser Aufforderung l\u00e4dt der neue Frauenkalender schon ein ins neue Jahr. Sehr gern habe ich zwei Kalenderbl\u00e4tter dazu beigetragen und diesmal an Rosa Park erinnert.<\/span><\/td>\n<\/tr>\n<tr style=\"height: 168px;\">\n<td style=\"vertical-align: top; width: 116.219px; height: 168px;\"><a style=\"color: #2b6d07;\" href=\"https:\/\/www.andi-weiss.de\/produkt\/trauer-sucht-trost\/\" target=\"_blank\" rel=\"noopener\"><img loading=\"lazy\" decoding=\"async\" src=\"https:\/\/www.seele-und-sorge.de\/wp-content\/uploads\/2022\/10\/Trost.jpg\" width=\"100\" height=\"112\" \/><\/a><\/td>\n<td style=\"vertical-align: top; width: 10.0156px; height: 168px;\">\u00a0<\/td>\n<td style=\"width: 397.766px; vertical-align: top; height: 168px;\"><strong>Andi Weiss, Martina Weiss\u00a0<a style=\"color: #2b6d07;\" href=\"https:\/\/www.andi-weiss.de\/produkt\/trauer-sucht-trost\/\" target=\"_blank\" rel=\"noopener\">Trauer sucht Trost<\/a><\/strong>\u00a0Eine einf\u00fchlsame Ann\u00e4herung an das Gef\u00fchl der Trauer bei Verlust mit zahlreichen Impulsen daf\u00fcr, was vielleicht Trost geben kann. Online bieten die beiden auch einen\u00a0<strong><a style=\"color: #2b6d07;\" href=\"https:\/\/www.andi-weiss.de\/trauer-sucht-trost\/\" target=\"_blank\" rel=\"noopener\">Dialog zur Trauer<\/a><\/strong>\u00a0an.<\/td>\n<\/tr>\n<tr style=\"height: 24px;\">\n<td style=\"vertical-align: top; width: 116.219px; height: 24px;\">\u00a0<\/td>\n<td style=\"vertical-align: top; width: 10.0156px; height: 24px;\">\u00a0<\/td>\n<td style=\"width: 397.766px; vertical-align: top; height: 24px;\">\u00a0<\/td>\n<\/tr>\n<tr style=\"height: 24px;\">\n<td style=\"vertical-align: top; width: 116.219px; height: 24px; background-color: #d9e3aa;\"><a style=\"color: #2b6d07;\" href=\"https:\/\/www.seele-und-sorge.de\/?page_id=3544\" target=\"_blank\" rel=\"noopener\"><img loading=\"lazy\" decoding=\"async\" src=\"https:\/\/www.seele-und-sorge.de\/wp-content\/uploads\/2022\/10\/Aufbrueche_100.jpg\" width=\"100\" height=\"115\" \/><\/a><\/td>\n<td style=\"vertical-align: top; width: 10.0156px; height: 24px; background-color: #d9e3aa;\">\u00a0<\/td>\n<td style=\"width: 397.766px; vertical-align: top; height: 24px; background-color: #d9e3aa;\">\n<p><a style=\"color: #2b6d07;\" href=\"https:\/\/www.seele-und-sorge.de\/?page_id=3544\" target=\"_blank\" rel=\"noopener\"><strong>Aufbr\u00fcche in Umbr\u00fcchen. Christsein und Kirche in der Transformation<\/strong><\/a>. W\u00e4hrend ich f\u00fcr diesen Newsletter verschiedenste B\u00fccher \u00fcber die aktuellen gesellschaftlichen Umbr\u00fcche las, wurde mir bewusst, wie intensiv ich selbst mich schon mit den gro\u00dfen Transformationsprozessen \u2013 und der m\u00f6glichen Rolle der Kirche darin besch\u00e4ftigt habe. Gern m\u00f6chte ich daher noch mal an mein Buch\u00a0<strong>\u201eAufbr\u00fcche in Umbr\u00fcchen\u201c<\/strong>\u00a0erinnern.<\/p>\n<\/td>\n<\/tr>\n<\/tbody>\n<\/table>\n<\/div>\n<h2>\u00a0<\/h2>\n<div align=\"left\">\n<table style=\"height: 60px; width: 600px; border-collapse: collapse;\">\n<tbody>\n<tr>\n<td style=\"width: 567px; background-color: #d9e3aa;\">\n<h2><span style=\"color: #cd9522;\">Besondere Orte<\/span><\/h2>\n<\/td>\n<\/tr>\n<\/tbody>\n<\/table>\n<\/div>\n<div align=\"left\">\n<div align=\"left\"><a style=\"font-family: arial, helvetica, sans-serif; font-size: medium;\" href=\"https:\/\/commons.wikimedia.org\/wiki\/File:Alte_Synagoge_Erfurt.JPG\" target=\"_blank\" rel=\"noopener\"><img loading=\"lazy\" decoding=\"async\" src=\"https:\/\/www.seele-und-sorge.de\/wp-content\/uploads\/2022\/10\/Arp_neu_kl.jpg\" width=\"150\" height=\"161\" align=\"left\" hspace=\"10\" vspace=\"10\" \/><\/a>\n<p>\u00a0<\/p>\n<p><strong><a style=\"color: #2b6d07;\" href=\"https:\/\/arpmuseum.org\/\" target=\"_blank\" rel=\"noopener\">Zum Arp Museum im Bahnhof Rolandseck<\/a> <\/strong>f\u00e4hrt man direkt mit dem Zug. Der klassizistische Bahnhof ist selbst ein H\u00f6hepunkt des Eisenbahnbaus. Zusammen mit einem Geb\u00e4udekomplex des Architekten Richard Meier beherbergt er seit 2007 ein Museum, in dem die Werke von Hans Arp und Sophie Taeuber-Arp, aber auch Wechselausstellungen zu zahlreichen anderen K\u00fcnstler*innen oder einzelnen Themen gezeigt werden. Von der Terrasse aus gibt es einen wundervollen Blick auf den Rhein und das Siebengebirge. Vielleicht haben Sie auch Gl\u00fcck und es gibt ein Konzert, wenn Sie in der N\u00e4he sind.<\/p>\n<p><a style=\"font-family: arial, helvetica, sans-serif; font-size: medium;\" href=\"https:\/\/commons.wikimedia.org\/wiki\/File:Alte_Synagoge_Erfurt.JPG\" target=\"_blank\" rel=\"noopener\"><img loading=\"lazy\" decoding=\"async\" src=\"https:\/\/www.seele-und-sorge.de\/wp-content\/uploads\/2022\/10\/Haus-Venusberg-Kapelle_kl.jpg\" width=\"150\" height=\"156\" align=\"left\" hspace=\"10\" vspace=\"10\" \/><\/a><\/p>\n<p><a style=\"color: #2b6d07;\" href=\"https:\/\/jugendpastoral.erzbistum-koeln.de\/haus-venusberg\/\" target=\"_blank\" rel=\"noopener\"><strong>Haus Venusberg<\/strong><\/a>\u00a0liegt auf dem gleichnamigen Berg in Bonn. Es ist eine Begegnungsst\u00e4tte f\u00fcr junge Menschen aller Kulturen und Religionen. Das Team hier bietet an, notfalls beim Anz\u00fcnden des Lagerfeuers zu helfen oder besonders unheimliche Wege im dortigen Kottenforst f\u00fcr die Nachtwanderung zu verraten!<\/p>\n<p><span style=\"color: #ffffff;\">.<\/span>\u00a0<\/p>\n<p><span style=\"color: #ffffff;\">.<\/span><\/p>\n<p><a style=\"font-family: arial, helvetica, sans-serif; font-size: medium;\" href=\"https:\/\/commons.wikimedia.org\/wiki\/File:Kardinal_K%C3%B6nig_Haus.JPG\" target=\"_blank\" rel=\"noopener\"><img loading=\"lazy\" decoding=\"async\" src=\"https:\/\/www.seele-und-sorge.de\/wp-content\/uploads\/2022\/10\/Kardinal_kl_02.jpg\" width=\"150\" height=\"170\" align=\"left\" hspace=\"10\" vspace=\"10\" \/><\/a><\/p>\n<p>Das <a style=\"color: #2b6d07;\" href=\"https:\/\/www.kardinal-koenig-haus.at\/\" target=\"_blank\" rel=\"noopener\"><strong>Kardinal K\u00f6nig Haus in Wien<\/strong><\/a>\u00a0ist eine Einrichtung der Jesuiten und der Caritas und es ist sowohl Bildungszentrum als auch Tagungshaus. Das \u201eAnliegen der Bildung fachlich und spirituell reifer Pers\u00f6nlichkeiten aus christlicher Verantwortung f\u00fcr die Gesellschaft\u201c, von dem im Leitbild die Rede ist, vermittelt sich auch, wenn man einfach nur zu Gast ist. Angenehm gestaltete R\u00e4umlichkeiten, ausgew\u00e4hlte Kunstwerke und vor allem das so aufmerksame Personal tragen zu einem erf\u00fcllten Aufenthalt bei.<\/p>\n<p>Das persische Wort <em>baraye<\/em> bedeutet <em>f\u00fcr<\/em>. Der iranische Musiker Shervin Hajipour hat aus dem einfachen Wort ein Lied gemacht, das sofort zur Hymne der aktuellen Aufst\u00e4nde gegen das Mullahregime wurde. Zwei Tage nach Ver\u00f6ffentlichung seines Lieds wurde er inhaftiert, wenn auch kurz darauf gegen Kaution wieder aus der Haft entlassen \u2013 wegen eines Lieds <em>F\u00fcr<\/em>. Die ersten Zeilen des Textes, wie sie ins Englische \u00fcbersetzt wurden, m\u00f6chte ich Ihnen am Ende dieses Newsletters mitgeben. Oder Sie h\u00f6ren <a style=\"color: #2b6d07;\" href=\"https:\/\/www.youtube.com\/c\/Shervinine)\" target=\"_blank\" rel=\"noopener\"><strong>Shervin Hajipour selbst auf seinem YouTube-Kanal<\/strong><\/a>.\u00a0<\/p>\n<p>Und haben Sie es gesehen? Der Schriftsteller und Musiker <a style=\"color: #2b6d07;\" href=\"https:\/\/www.suhrkamp.de\/person\/serhij-zhadan-p-5533\" target=\"_blank\" rel=\"noopener\"><strong>Serhij Zhadan<\/strong><\/a>, von dem ein Gedicht meinen letzten Newsletter beendete, ist inzwischen mit zahlreichen Preisen ausgezeichnet worden, unter anderem dem Friedenspreis des deutschen Buchhandels. <strong><a style=\"color: #2b6d07;\" href=\"https:\/\/www.youtube.com\/watch?v=CKao5sjOXFo\" target=\"_blank\" rel=\"noopener\">Hier<\/a><\/strong>\u00a0die Aufzeichnung seiner Dankesrede.<\/p>\n<p><span style=\"color: #97af00;\"><strong>Ich w\u00fcnsche Ihnen eine warme Decke der Liebe und Empathie, einen Schutzraum voll Gemeinschaft.<\/strong><\/span><\/p>\n<\/div>\n<\/div>\n<p><span style=\"color: #d1870f; font-size: large;\"><span style=\"color: #cd9522; font-size: large;\">Ihre Cornelia Coenen-Marx<\/span><br \/><\/span><span style=\"color: #999999;\">Seele und Sorge GBR<br \/><\/span><span style=\"color: #999999; font-family: Verdana, Arial, Helvetica, sans-serif; font-size: 14px;\">Impulse \u2013 Workshops \u2013 Beratung<\/span><\/p>\n<p align=\"center\"><span style=\"color: #999999; font-family: Verdana, Arial, Helvetica, sans-serif; font-size: 14px;\"><span style=\"color: #808080; font-family: Helvetica; font-size: 12px; caret-color: #000000;\">______<\/span><\/span><\/p>\n<p><span style=\"color: #97af00; font-size: large;\"><strong>Baraye<\/strong>\u00a0<\/span><\/p>\n<p><span style=\"color: #97af00; font-size: large;\">For dancing in the alleys and the streets,<\/span><\/p>\n<p><span style=\"color: #97af00; font-size: large;\">For the thrill and the fear of getting caught kissing<\/span><\/p>\n<p><span style=\"color: #97af00; font-size: large;\">For my sister, my brother, and unity<\/span><\/p>\n<p><span style=\"color: #97af00; font-size: large;\">For all the times we tried to change their minds and stale beliefs<\/span><\/p>\n<p><span style=\"color: #97af00; font-size: large;\">For the loss of pride, and poverty<\/span><\/p>\n<p><span style=\"color: #97af00; font-size: large;\">For the dream of just a normal life for you and me<br \/>\u2026<\/span><\/p>\n<p><span style=\"color: #808080; font-family: Helvetica;\"><span style=\"font-size: 12px;\"><strong>Shervin Hajipour<br \/><\/strong><\/span><\/span><span style=\"color: #808080; font-family: Helvetica;\"><span style=\"font-size: 12px;\">\u00fcbersetzt von Vainel\u00e4m\u00e4\u00e4 auf <a style=\"color: #2b6d07;\" href=\"https:\/\/lyricstranslate.com\/de\/bry-baraye-woman-life-liberty-bry-baray.html-0\" target=\"_blank\" rel=\"noopener\">lyricstranslate<\/a><\/span><\/span><\/p>\n<p align=\"center\"><span style=\"text-align: left; font-size: 12px;\"><span style=\"font-family: Helvetica; font-size: 12px; caret-color: #000000; color: #808080;\">______<\/span><\/span><\/p>\n<\/div>\n<\/div>\n<\/div>\n<\/div>\n<\/div>\n<div style=\"text-align: left; background-color: #fff; max-width: 600px;\" align=\"left\">\n<div style=\"text-align: left; background-color: #fff; max-width: 600px;\">\n<div style=\"caret-color: #000000; font-family: Helvetica; font-size: 12px; text-size-adjust: auto;\">\n<table style=\"width: 100%; border-collapse: collapse; background-color: #d9e3aa;\">\n<tbody>\n<tr style=\"height: 77px;\">\n<td style=\"width: 100%; background-color: #d9e3aa; height: 108px;\">\n<p style=\"text-align: -webkit-center;\"><span style=\"font-size: medium;\">Informationen zu Terminen, guten Orten und B\u00fcchern <br \/>finden Sie auch auf meiner\u00a0Homepage <a style=\"color: #2b6d07;\" href=\"http:\/\/www.seele-und-sorge.de\" target=\"_blank\" rel=\"noopener\">www.seele-und-sorge.de<\/a>.\u00a0<br \/>Dort sind auch einige Vortr\u00e4ge nachzulesen.<\/span><span style=\"color: #888888; font-family: arial,helvetica,sans-serif;\"><br \/><\/span><\/p>\n<\/td>\n<\/tr>\n<tr style=\"height: 323px;\">\n<td style=\"width: 100%; height: 134px; background-color: #ffffff;\">\n<p style=\"text-align: -webkit-center;\"><span style=\"color: #888888; font-family: arial,helvetica,sans-serif;\">In unregelm\u00e4\u00dfigen Abst\u00e4nden, etwa zwei- bis dreimal im Jahr, informiert der Newsletter \u00fcber Aktivit\u00e4ten von Seele und Sorge.\u00a0<\/span><span style=\"color: #888888; font-family: arial, helvetica, sans-serif;\">Der n\u00e4chste Newsletter wird zum Fr\u00fchjahr 2023 erscheinen.<\/span><\/p>\n<p style=\"text-align: -webkit-center;\"><span style=\"color: #888888; font-family: arial,helvetica,sans-serif;\">Ich freue mich auch \u00fcber eine pers\u00f6nliche Nachricht:\u00a0<\/span><br \/><span style=\"color: #888888; font-family: arial,helvetica,sans-serif;\"><a style=\"color: #2b6d07;\" href=\"mailto:coenen-marx@seele-und-sorge.de\" target=\"_blank\" rel=\"noopener noreferrer\">coenen-marx@seele-und-sorge.de<\/a><\/span><\/p>\n<p style=\"text-align: -webkit-center;\"><span style=\"font-family: arial,helvetica,sans-serif;\"><span style=\"color: #888888;\">Wenn Sie den Newsletter bestellen m\u00f6chten, senden Sie mir bitte eine Mail an\u00a0<\/span><a style=\"color: #2b6d07;\" href=\"mailto:newsletter@seele-und-sorge.de\" target=\"_blank\" rel=\"noopener noreferrer\">newsletter@seele-und-sorge.de<\/a>\u00a0<span style=\"color: #888888;\">.<br \/>Vielen Dank f\u00fcr Ihr Interesse.<\/span><\/span><\/p>\n<p><span style=\"font-family: arial,helvetica,sans-serif;\"><span style=\"color: #888888;\">Wenn Sie den Newsletter abbestellen m\u00f6chten:\u00a0<\/span><a style=\"color: #2b6d07;\" href=\"{profile_url}\" target=\"_blank\" rel=\"noopener noreferrer\">bitte hier klicken.<\/a><\/span><br \/><span style=\"font-family: arial,helvetica,sans-serif;\"><span style=\"color: #888888;\">Falls dieser Link nicht funktioniert k\u00f6nnen Sie mir auch eine Mail schicken an:<br \/><\/span><a style=\"color: #2b6d07;\" href=\"mailto:newsletter@seele-und-sorge.de\" target=\"_blank\" rel=\"noopener noreferrer\">newsletter@seele-und-sorge.de<\/a><span style=\"color: #888888;\">.<\/span><\/span><\/p>\n<\/td>\n<\/tr>\n<tr style=\"height: 204px;\">\n<td style=\"width: 100%; height: 204px;\" align=\"center\">\n<p style=\"margin: 0px 0px 15px; padding: 0px; vertical-align: baseline; outline: 0px; font-size: 16px; border: 0px; font-family: Arial, sans-serif; color: #000000; line-height: 23px; background-image: initial; background-attachment: initial; background-size: initial; background-origin: initial; background-clip: initial; background-position: initial; background-repeat: initial;\"><span style=\"font-size: xx-small;\"><span style=\"font-family: arial,helvetica,sans-serif;\"><a style=\"color: #2b6d07;\" href=\"https:\/\/de.wikipedia.org\/wiki\/Cornelia_Coenen-Marx\" target=\"_blank\" rel=\"noopener noreferrer\"><span style=\"color: #000000;\"><span style=\"font-weight: bold;\">Cornelia Coenen-Marx<\/span><strong>,<\/strong><strong>\u00a0Pastorin und Autorin, OKR a. D.<\/strong><\/span><\/a><br \/><\/span><span style=\"font-family: arial,helvetica,sans-serif;\">Robert-Koch-Str. 113 d, 30826 Garbsen-Osterwald<\/span><\/span><\/p>\n<table style=\"height: 0px; line-height: 18px; text-align: left; color: #666666; font-family: 'Helvetica Neue', Helvetica, Arial, sans-serif;\" cellpadding=\"5\" align=\"center\">\n<tbody>\n<tr style=\"height: 25px;\">\n<td style=\"text-align: center; vertical-align: top; height: 25px; width: 37px;\" align=\"center\" valign=\"top\"><span style=\"font-family: arial,helvetica,sans-serif;\"><a style=\"color: #2b6d07;\" href=\"https:\/\/www.facebook.com\/seeleundsorge\/\" target=\"_blank\" rel=\"noopener noreferrer\"><img decoding=\"async\" src=\"http:\/\/www.seele-und-sorge.de\/wp-content\/uploads\/2016\/06\/facebook_s_kl.png\" alt=\"\" \/><\/a><\/span><\/td>\n<td style=\"text-align: center; vertical-align: top; height: 25px; width: 32px;\" align=\"center\" valign=\"top\"><span style=\"font-family: arial,helvetica,sans-serif;\"><a style=\"color: #2b6d07;\" href=\"https:\/\/www.facebook.com\/cornelia.coenenmarx?fref=ts\"><img decoding=\"async\" src=\"http:\/\/www.seele-und-sorge.de\/wp-content\/plugins\/newsletter\/emails\/themes\/default\/images\/facebook.png\" alt=\"Facebook\" \/><\/a><\/span><\/td>\n<td style=\"text-align: center; vertical-align: top; height: 25px; width: 32px;\" align=\"center\" valign=\"top\"><span style=\"font-family: arial,helvetica,sans-serif;\"><a style=\"color: #2b6d07;\" href=\"https:\/\/twitter.com\/coenen_marx\"><img decoding=\"async\" src=\"http:\/\/www.seele-und-sorge.de\/wp-content\/plugins\/newsletter\/emails\/themes\/default\/images\/twitter.png\" alt=\"\" \/><\/a><\/span><\/td>\n<td style=\"text-align: center; vertical-align: top; height: 25px; width: 32px;\" align=\"center\" valign=\"top\"><span style=\"font-family: arial,helvetica,sans-serif;\"><a style=\"color: #2b6d07;\" href=\"https:\/\/www.linkedin.com\/in\/cornelia-coenen-marx-36b051ba\" target=\"_blank\" rel=\"noopener noreferrer\"><img decoding=\"async\" src=\"http:\/\/www.seele-und-sorge.de\/wp-content\/uploads\/2017\/02\/linkein-1.png\" alt=\"\" \/><\/a><\/span><\/td>\n<td style=\"text-align: center; vertical-align: top; height: 25px; width: 32px;\" align=\"center\" valign=\"top\"><span style=\"font-family: arial,helvetica,sans-serif;\"><a style=\"color: #2b6d07;\" href=\"http:\/\/www.seele-und-sorge.de\" target=\"_blank\" rel=\"noopener noreferrer\"><img decoding=\"async\" src=\"http:\/\/www.seele-und-sorge.de\/wp-content\/uploads\/2017\/02\/webseite-1.png\" alt=\"\" \/><\/a><\/span><\/td>\n<td style=\"text-align: center; vertical-align: top; height: 25px; width: 33px;\" align=\"center\" valign=\"top\"><span style=\"font-family: arial,helvetica,sans-serif;\"><span style=\"font-family: arial,helvetica,sans-serif;\"><a style=\"color: #2b6d07;\" href=\"https:\/\/de.wikipedia.org\/wiki\/Cornelia_Coenen-Marx\" target=\"_blank\" rel=\"noopener noreferrer\"><img loading=\"lazy\" decoding=\"async\" src=\"http:\/\/www.seele-und-sorge.de\/wp-content\/uploads\/2017\/04\/wiki_40.png\" width=\"33\" height=\"31\" \/><\/a><\/span><\/span>\n<p>\u00a0<\/p>\n<p>\u00a0<\/p>\n<p>\u00a0<\/p>\n<\/td>\n<\/tr>\n<\/tbody>\n<\/table>\n<p class=\"MsoNormal\" style=\"text-align: -webkit-center;\"><span style=\"color: #888888; font-family: arial, helvetica, sans-serif; font-size: small;\">Texte und Bilder, wo nicht anders angegeben: \u00a9 Cornelia Coenen-Marx<br \/><\/span><span style=\"color: #888888; font-family: arial, helvetica, sans-serif; font-size: small;\">Lektorat: Dr. Dagmar Deuring | B\u00fcro f\u00fcr Texte in der textetage\u00a0\u00a0<br \/><\/span><span style=\"color: #888888; font-family: arial, helvetica, sans-serif; font-size: small;\">Layout: sartor kommunikation\u00a0<\/span><\/p>\n<\/td>\n<\/tr>\n<\/tbody>\n<\/table>\n<\/div>\n<\/div>\n<\/div>\n<\/td>\n<\/tr>\n<\/tbody>\n<\/table>\n<p>\u00a0<\/p>","protected":false},"excerpt":{"rendered":"<p>\u00a0 \u00a0 Newsletter26\/Oktober 2022:Brennende Themen. Ideen, Inspirationen und Projekte\u00a0aus Kirche und Diakonie. \u00a0Diese E-Mail online ansehen St\u00fcrme, Farben und Krisen&#8230; <a href=\"https:\/\/www.seele-und-sorge.de\/?page_id=7091\">read more<\/a><\/p>\n","protected":false},"author":1,"featured_media":0,"parent":619,"menu_order":-4,"comment_status":"closed","ping_status":"closed","template":"","meta":{"footnotes":""},"class_list":["post-7091","page","type-page","status-publish","hentry"],"_links":{"self":[{"href":"https:\/\/www.seele-und-sorge.de\/index.php?rest_route=\/wp\/v2\/pages\/7091"}],"collection":[{"href":"https:\/\/www.seele-und-sorge.de\/index.php?rest_route=\/wp\/v2\/pages"}],"about":[{"href":"https:\/\/www.seele-und-sorge.de\/index.php?rest_route=\/wp\/v2\/types\/page"}],"author":[{"embeddable":true,"href":"https:\/\/www.seele-und-sorge.de\/index.php?rest_route=\/wp\/v2\/users\/1"}],"replies":[{"embeddable":true,"href":"https:\/\/www.seele-und-sorge.de\/index.php?rest_route=%2Fwp%2Fv2%2Fcomments&post=7091"}],"version-history":[{"count":2,"href":"https:\/\/www.seele-und-sorge.de\/index.php?rest_route=\/wp\/v2\/pages\/7091\/revisions"}],"predecessor-version":[{"id":7263,"href":"https:\/\/www.seele-und-sorge.de\/index.php?rest_route=\/wp\/v2\/pages\/7091\/revisions\/7263"}],"up":[{"embeddable":true,"href":"https:\/\/www.seele-und-sorge.de\/index.php?rest_route=\/wp\/v2\/pages\/619"}],"wp:attachment":[{"href":"https:\/\/www.seele-und-sorge.de\/index.php?rest_route=%2Fwp%2Fv2%2Fmedia&parent=7091"}],"curies":[{"name":"wp","href":"https:\/\/api.w.org\/{rel}","templated":true}]}}