{"id":6862,"date":"2022-06-03T09:11:37","date_gmt":"2022-06-03T07:11:37","guid":{"rendered":"https:\/\/www.seele-und-sorge.de\/?page_id=6862"},"modified":"2022-06-03T09:19:16","modified_gmt":"2022-06-03T07:19:16","slug":"newsletter","status":"publish","type":"page","link":"https:\/\/www.seele-und-sorge.de\/?page_id=6862","title":{"rendered":"Newsletter 25 \/ Juni 2022"},"content":{"rendered":"\n<h3 class=\"wp-block-heading\"><a href=\"http:\/\/www.seele-und-sorge.de\/wp-content\/uploads\/2015\/01\/SuS_Logo_RGB_mit-Unterzeile-Kopie.png\"><\/a><\/h3>\n\n\n\n<div class=\"wp-block-image\"><figure class=\"aligncenter is-resized\"><img loading=\"lazy\" decoding=\"async\" src=\"https:\/\/www.seele-und-sorge.de\/wp-content\/uploads\/2015\/01\/SuS_Logo_RGB_mit-Unterzeile-1024x366.png\" alt=\"\" class=\"wp-image-853\" width=\"256\" height=\"92\" srcset=\"https:\/\/www.seele-und-sorge.de\/wp-content\/uploads\/2015\/01\/SuS_Logo_RGB_mit-Unterzeile-1024x366.png 1024w, https:\/\/www.seele-und-sorge.de\/wp-content\/uploads\/2015\/01\/SuS_Logo_RGB_mit-Unterzeile-300x107.png 300w\" sizes=\"(max-width: 256px) 100vw, 256px\" \/><\/figure><\/div>\n\n\n\n<p><\/p>\n\n\n<p style=\"background-color: d9e3aa;\">\u00a0<\/p>\n<table style=\"width: 603px; height: 19813px;\" cellpadding=\"0\" align=\"center\">\n<tbody>\n<tr style=\"height: 22308px;\">\n<td style=\"width: 600px; height: 19813px;\" align=\"center\" valign=\"top\">\n<div style=\"text-align: left; background-color: #fff; max-width: 600px;\" align=\"left\">\n<div style=\"text-align: center;\">\n<h3 style=\"padding: 0px 0; color: #000; font-size: 16px; text-align: center;\" align=\"center\"><img loading=\"lazy\" decoding=\"async\" src=\"https:\/\/www.seele-und-sorge.de\/wp-content\/uploads\/2022\/06\/newsletter-head_Vorlage_500_250_7.2022_03.jpg\" alt=\"\" width=\"600\" height=\"300\" \/><\/h3>\n<\/div>\n<\/div>\n<div style=\"text-align: center;\" align=\"left\">\n<table style=\"height: 0px; width: 100%; border-collapse: collapse;\" border=\"0\">\n<tbody>\n<tr style=\"height: 24px;\">\n<td style=\"width: 100%; background-color: #d9e3aa; height: 24px;\">\u00a0<\/td>\n<\/tr>\n<tr style=\"height: 264px;\">\n<td style=\"width: 100%; background-color: #d9e3aa; height: 264px;\">\n<table style=\"width: 100%; border-collapse: collapse;\" border=\"0\">\n<tbody>\n<tr>\n<td style=\"width: 35.5705%; background-color: #cd9522;\">\n<h3><span style=\"color: #2b6d07; font-size: x-large;\">Newsletter<br \/>25\/Juni 2022:<\/span><br \/><span style=\"color: #ffffff; font-size: medium;\"><strong>Brennende Themen. Ideen, Inspirationen und Projekte\u00a0<\/strong><strong>aus Kirche und Diakonie.<\/strong><\/span><\/h3>\n<h3 style=\"padding: 10px 0; color: #000; font-size: 16px; text-align: center;\" align=\"center\"><span style=\"font-family: arial,helvetica,sans-serif;\"><strong style=\"font-size: small;\"><span style=\"color: #cf921e;\"><span style=\"color: #e18800;\">\u00a0<\/span><\/span><\/strong><strong style=\"font-size: small; line-height: 18px;\"><span style=\"color: #cf921e;\"><a style=\"color: #2b6d07;\" href=\"{email_url}\" target=\"_blank\" rel=\"noopener noreferrer\">Diese E-Mail online ansehen<\/a><\/span><\/strong><\/span><\/h3>\n<\/td>\n<td style=\"width: 64.4295%; background-color: #cd9522;\"><span style=\"color: #cd9522;\"><strong><img loading=\"lazy\" decoding=\"async\" src=\"https:\/\/www.seele-und-sorge.de\/wp-content\/uploads\/2021\/08\/Logo_W_02.png\" alt=\"\" width=\"242\" height=\"133\" \/><br \/><\/strong><\/span><\/td>\n<\/tr>\n<tr>\n<td style=\"width: 35.5705%; vertical-align: middle;\"><img decoding=\"async\" style=\"text-align: start;\" src=\"https:\/\/www.seele-und-sorge.de\/wp-content\/uploads\/2021\/07\/themen.png\" alt=\"\" \/><\/td>\n<td style=\"width: 64.4295%;\">\n<ul style=\"text-align: start;\">\n<li><span style=\"color: #cd9522;\"><strong>Endlich erwachsen werden<\/strong><\/span><\/li>\n<li><span style=\"color: #cd9522;\"><strong>Risse im Sozialgef\u00fcge<\/strong><\/span><\/li>\n<li><span style=\"color: #cd9522;\"><strong>Selfcare<\/strong><\/span><\/li>\n<li><span style=\"color: #cd9522;\"><strong>M\u00fctter: Energie von Wut und Liebe<\/strong><\/span><\/li>\n<li><span style=\"color: #cd9522;\"><strong>Engagement aus Quartier und Internet<\/strong><br \/><\/span><\/li>\n<li><span style=\"color: #cd9522;\"><strong>Aufbruch in der dritten Lebensphase<\/strong><\/span><\/li>\n<li><span style=\"color: #cd9522;\"><strong>Pflege, Demenz und hospizliche Kultur<\/strong><\/span><\/li>\n<li><span style=\"color: #cd9522;\"><strong>Von der Sehnsucht<\/strong><\/span><\/li>\n<\/ul>\n<\/td>\n<\/tr>\n<\/tbody>\n<\/table>\n<\/td>\n<\/tr>\n<\/tbody>\n<\/table>\n<\/div>\n<div style=\"text-align: left; background-color: #fff; max-width: 600px;\" align=\"left\">\n<div style=\"text-align: left; background-color: #fff; max-width: 600px;\" align=\"left\">\n<div style=\"text-align: left; background-color: #fff; max-width: 600px;\">\n<div style=\"padding: 10px 20px 20px 20px; background-color: #fff; line-height: 20px;\" align=\"left\">\n<div align=\"left\">\n<div align=\"left\">\n<h2><span style=\"color: #cd9522;\">Die Wand, die aufrei\u00dft: Grenzerfahrungen oder das Ende der Illusionen<\/span><\/h2>\n<p><a href=\"https:\/\/www.seele-und-sorge.de\/?page_id=6674\" target=\"_blank\" rel=\"noopener\"><span style=\"font-family: arial,helvetica,sans-serif; font-size: medium;\"><img loading=\"lazy\" decoding=\"async\" src=\"https:\/\/www.seele-und-sorge.de\/wp-content\/uploads\/2022\/05\/Friedensdemo.jpg\" width=\"300\" height=\"225\" align=\"left\" hspace=\"10\" vspace=\"10\" \/><\/span><\/a><\/p>\n<p><strong>\u201eHaben Sie nicht auch manchmal das Gef\u00fchl, als bewege sich nichts? Als wachse vor uns eine Mauer des Stillstands,<\/strong> die immer h\u00f6her wird \u2013 trotz stetiger Beschleunigung? Wie bei einer Zugfahrt, wo man im Vorbeifahren die Landschaft nicht mehr erkennt?\u201c Das fragt Alice, eine junge Philosophin, den B\u00fcrgermeister von Lyon. Es ist eine Szene aus dem Film \u201eAlice und der B\u00fcrgermeister\u201c, der 2019 in die Kinos kam \u2013 kurz vor der Pandemie. Diesem B\u00fcrgermeister fehlen die Ideen, wie man in der Stadt Lyon noch mehr Fortschritt erzielen k\u00f6nnte. Trotz Diskussionen mit K\u00fcnstler*innen, World-Caf\u00e9s, Zukunftskonferenzen gelingt es ihm nicht, wirklich in Kontakt zu kommen mit dem Leben der B\u00fcrgerinnen und B\u00fcrger. Alice lebt einfach im Hier und Jetzt \u2013 sie hat keinen Plan f\u00fcr morgen, keine Vorstellung von einem zuk\u00fcnftigen Beruf. Alles scheint m\u00f6glich. <strong>Der Schl\u00fcssel, meint Alice, sei Bescheidenheit.<\/strong> \u201eAlice oder Die Bescheidenheit\u201c ist denn auch der deutsche Titel von Nicola Parisers Film.<\/p>\n<p>Die Geschichte fiel mir wieder ein, weil ich seit ein paar Wochen das Gef\u00fchl habe, als sei die Mauer eingerissen, die uns von der Gegenwart getrennt hat. Manche sprechen vom <strong>\u201eEnde der Illusionen\u201c<\/strong>. Keith Campbell, Sozialpsychologe an der Universit\u00e4t von Georgia, hat sich mit dem Ph\u00e4nomen des \u201eIch-Schocks\u201c besch\u00e4ftigt, mit tiefgreifenden Krisen und Ersch\u00fctterungen, die unser Lebensgef\u00fchl ver\u00e4ndern k\u00f6nnen. Pl\u00f6tzlich nehmen wir unsere Umgebung ganz anders wahr: direkter, tiefer, unmittelbarer, beschreibt er es. <strong>Sind wir in einer anderen Welt aufgewacht, wie Anna Lena Baerbock gesagt hat, oder sehen wir die Welt mit anderen Augen?<\/strong> Campbell vergleicht diese Situation mit einem spirituellen Erweckungserlebnis. Es ist, als \u00f6ffne sich ein anderer Horizont \u2013 wir h\u00f6ren auf, uns um uns selbst zu drehen, lassen uns ein, lassen uns vielleicht auch verst\u00f6ren. Als ich auf einer Tagung der Landessynode der Evangelisch-Lutherischen Kirche in Norddeutschland Anfang Mai von diesem Eindruck sprach, zeigte sich, dass ich nicht allein damit bin. Die <strong><a style=\"color: #2b6d07;\" href=\"https:\/\/www.seele-und-sorge.de\/wp-content\/uploads\/2022\/05\/22-05-06-erkl\u00e4rung-endfassung.docx\" target=\"_blank\" rel=\"noopener\">Abschlusserkl\u00e4rung der Synode<\/a><\/strong>\u00a0enth\u00e4lt etwas von diesem Geist.<\/p>\n<p><span style=\"font-family: arial,helvetica,sans-serif; font-size: medium;\"><a href=\"https:\/\/www.seele-und-sorge.de\/?page_id=6674\" target=\"_blank\" rel=\"noopener\"><img loading=\"lazy\" decoding=\"async\" src=\"https:\/\/www.seele-und-sorge.de\/wp-content\/uploads\/2022\/05\/STOP.jpg\" width=\"300\" height=\"225\" align=\"left\" hspace=\"10\" vspace=\"10\" \/><\/a><\/span><\/p>\n<p>Mit der Verst\u00f6rung durch den Krieg werden uns zahlreiche weitere Fragen bewusst: Globale Lieferketten, die Vorstellung von Wandel durch Handel, der Neoliberalismus geh\u00f6ren endg\u00fcltig auf den Pr\u00fcfstand. Aber schon die Pandemie konnte uns die Augen \u00f6ffnen f\u00fcr die Abh\u00e4ngigkeiten, auf denen der eigene Wohlstand basiert: Die Energieversorgung bis zur Infrastruktur an Russland outgesourct, der Elektronik- und Pharmamarkt nach China, die Verteidigung an die USA. Und die globale Verflechtung scheint keine Sicherheit zu bieten. <strong>Das Ende aller Illusionen \u2013 das k\u00f6nnte auch hei\u00dfen, endlich erwachsen zu werden. Zu begreifen, wie wenig selbstverst\u00e4ndlich, wie angreifbar unser Lebensstil ist.<\/strong> Welche Gnade es war, eine weitgehend sorgenfreie Existenz zu leben \u2013 trotz der Ungerechtigkeit und des Unrechts, in die auch wir verstrickt sind. Und die eigenen Grenzen zu erkennen. Dass das Gef\u00fchl der Sorglosigkeit und Sicherheit \u00fcbrigens keineswegs f\u00fcr alle in Deutschland galt, auch nicht nach dem Fall der Mauer, das wird sehr deutlich in dem neuen Roman von Sascha Marianna Salzmann, <a style=\"color: #2b6d07;\" href=\"https:\/\/www.suhrkamp.de\/buch\/sasha-marianna-salzmann-im-menschen-muss-alles-herrlich-sein-t-9783518430101\" target=\"_blank\" rel=\"noopener\"><strong>Im Menschen muss alles herrlich sein<\/strong><\/a>, in dem sie von vier Frauen aus drei Generationen erz\u00e4hlt, die sich in Ostdeutschland ihrer gemeinsamen Geschichte in der Sowjetunion ann\u00e4hern.<\/p>\n<p><a style=\"color: #2b6d07;\" href=\"https:\/\/www.volkswagenstiftung.de\/\" target=\"_blank\" rel=\"noopener\"><span style=\"font-family: arial,helvetica,sans-serif; font-size: medium;\"><img loading=\"lazy\" decoding=\"async\" src=\"https:\/\/www.seele-und-sorge.de\/wp-content\/uploads\/2022\/06\/Grenzen_02.jpg\" width=\"300\" height=\"254\" align=\"left\" hspace=\"10\" vspace=\"10\" \/><\/span><\/a><\/p>\n<p>K\u00fcrzlich habe ich in irgendeinem Caf\u00e9 eine Postkarte mitgenommen; SDG stand darauf, wie \u201eSp\u00fcre Deine Grenze\u201c. Oder wie Sustainable Development Goals. Gemeint ist die globale Entwicklungsstrategie, die 2015 von der Vollversammlung der Vereinten Nationen beschlossen wurde \u2013 auch bekannt unter dem Label <strong><a style=\"color: #2b6d07;\" href=\"https:\/\/www.2030agenda.de\/de\" target=\"_blank\" rel=\"noopener\">Agenda 2030<\/a><\/strong>. Es geht um die Bek\u00e4mpfung von Armut und Hunger, um Gesundheit und Bildung. Jetzt, in Zeiten des Krieges, w\u00e4hrend eine neue Hungerkatastrophe droht, klingt das wie ein ferner Traum. Zugleich ist ganz konkret geworden, worum es geht: Die eigenen Grenzen erkennen \u2013 das hei\u00dft auch, nicht mehr zu beanspruchen, als mir zusteht. Nicht weiter auf Kosten anderer leben. Meine Abh\u00e4ngigkeiten reduzieren \u2013 pers\u00f6nlich und politisch. Demut \u00fcben. <strong>Und endlich erkennen, was wir l\u00e4ngst h\u00e4tten sehen k\u00f6nnen \u2013 die Mauern in unseren K\u00f6pfen und die Risse, die sich seit langem abzeichnen.<\/strong><\/p>\n<h2><span style=\"color: #cd9522;\">Risse im Sozialgef\u00fcge oder Kein Friede ohne Gerechtigkeit<\/span><\/h2>\n<p><a style=\"font-family: arial, helvetica, sans-serif; font-size: medium;\" href=\"https:\/\/www.seele-und-sorge.de\/?page_id=6674\" target=\"_blank\" rel=\"noopener\"><img loading=\"lazy\" decoding=\"async\" src=\"https:\/\/www.seele-und-sorge.de\/wp-content\/uploads\/2022\/06\/OEV1989.jpg\" width=\"300\" height=\"267\" align=\"left\" hspace=\"10\" vspace=\"10\" \/><\/a><\/p>\n<p>Mitten in diesen Kriegszeiten ist Frankreich gerade noch einmal an einer faschistischen Regierung vorbeigeschrammt. Den B\u00fcrgerinnen und B\u00fcrgern, die Le Pen gew\u00e4hlt haben, ging es nicht um Putin und die Ukraine, auch nicht um Krieg und Frieden \u2013 <strong>es ging um Kaufkraft und Energiepreise, um die Migration aus dem Maghreb und aus Afrika, aber auch um nationale Tr\u00e4ume von vergangener Gr\u00f6\u00dfe.\u00a0<\/strong><\/p>\n<p><strong>Auch bei uns nimmt die sozio\u00f6konomische Spreizung seit Jahren zu.<\/strong> Christoph Butterwegge, der aktuell \u00fcber diese durch Corona noch verst\u00e4rkte Spreizung\u00a0<strong><a style=\"color: #2b6d07;\" href=\"https:\/\/www.beltz.de\/fachmedien\/sozialpaedagogik_soziale_arbeit\/produkte\/details\/47483-die-polarisierende-pandemie.html\" target=\"_blank\" rel=\"noopener\">geschrieben hat<\/a><\/strong>, hatte zuvor zusammen mit Carlin Butterwegge am Beispiel der ungleichen Bildungs- und Teilhabechancen von Kindern gezeigt, welche Folgen der Neoliberalismus f\u00fcr die Einzelnen hat. Auch die Armut und Einsamkeit so vieler Pflegender und Gepflegter sind Ausdruck dieser Spreizung. Und doch wird die Kindergrundsicherung auf sich warten lassen und beim <strong><a style=\"color: #2b6d07;\" href=\"https:\/\/www.bundesfinanzministerium.de\/Content\/DE\/Standardartikel\/Themen\/Schlaglichter\/Entlastungen\/schnelle-spuerbare-entlastungen.html\" target=\"_blank\" rel=\"noopener\">Energie-Entlastungspaket<\/a><\/strong> gingen die Rentner*innen leer aus. Schon jetzt ist deutlich: Das Engagement f\u00fcr einen gerechten Frieden in der Ukraine wird nachlassen, wenn wir nicht auf Zusammenhalt und soziale Gerechtigkeit in unserer Gesellschaft achten. <strong>Europa erlebt gerade die massivste Fluchtbewegung seit dem Zweiten Weltkrieg.<\/strong> Einige St\u00e4dte sind bereits an ihre Grenzen gesto\u00dfen. Doch weiterhin ist das ehrenamtliche Engagement so vieler Menschen beeindruckend. Ganz in meiner N\u00e4he, in Neustadt am R\u00fcbenberge, ist in nur drei Tagen aus einem alten Pfarrhaus ein blau-gelber Treffpunkt geworden: ein spendenfinanziertes Gemeinschaftshaus, in dem Einheimische und Gefl\u00fcchtete einander begegnen. Und in Garbsen, wo ich wohne, sind <strong>die ersten Schritte der Integration<\/strong> getan: Die meisten Kinder aus der Ukraine haben einen Platz in Schule oder Kita gefunden, kleine Familien eine Einliegerwohnung \u2013 <strong>die riesige Welle der Solidarit\u00e4t ist auch ein Friedensdienst<\/strong>. Doch manche \u00fcbernehmen und ersch\u00f6pfen sich, sto\u00dfen an Grenzen \u2013 und \u00e4rgern sich, weil die Institutionen, die Kommunen, Kirchen, Wohlfahrtsverb\u00e4nde nicht so spontan und schnell sind. Dabei gibt es soziale Sicherheit nur gemeinsam, Freiwillige und Organisationen, Ehrenamtliche und Berufliche werden gleicherma\u00dfen gebraucht. Wenn wir als Kirche gute Beispiele setzen, wie in Neustadt mit dem blau-gelben Zentrum, k\u00f6nnen wir Vertrauen schaffen \u2013 auch nach innen.\u00a0<\/p>\n<p><strong>Mauern durchbrechen, ins Gespr\u00e4ch kommen und die Wirklichkeit neu wahrnehmen, darum geht es gerade jetzt. Ich musste in diesen Wochen oft daran denken, wie Jesus nach Ostern zu seinen J\u00fcngerinnen und J\u00fcngern kommt \u2013 durch Mauern hindurch und gegen alle Erwartung. Und wie die heilige Geistkraft schlie\u00dflich mit Sturm und Feuer in das Haus kommt, in dem sich die Gruppe versteckt hat \u2013 und sie herauslockt in eine neue Wirklichkeit.\u00a0<\/strong><\/p>\n<p><strong>Texte zur Kl\u00e4rung<\/strong>\u00a0<br \/>Auf meiner Website sammle ich Texte, die mir besonders gut und klug erscheinen \u2013 besonders geeignet, die vielschichtigen Aspekte der Transformation, die wir gerade erleben, zu verstehen und die eigene Haltung zu kl\u00e4ren. Da geht es um den f\u00fcrchterlichen Krieg, aber auch um die \u00f6kologischen und sozialen Krisen und deren Zusammenhang. <a style=\"color: #2b6d07;\" href=\"https:\/\/www.seele-und-sorge.de\/?page_id=4962\" target=\"_blank\" rel=\"noopener\"><strong>Krisen, Krieg und Klima<\/strong><\/a>\u00a0habe ich den Button genannt (im Men\u00fc rechts k\u00f6nnen Sie die einzelnen Themen ansteuern).<\/p>\n<h2><span style=\"color: #cd9522;\">Selfcare\u00a0<\/span><\/h2>\n<p><a style=\"font-family: arial, helvetica, sans-serif; font-size: medium;\" href=\"https:\/\/www.seele-und-sorge.de\/?page_id=6674\" target=\"_blank\" rel=\"noopener\"><img loading=\"lazy\" decoding=\"async\" src=\"https:\/\/www.seele-und-sorge.de\/wp-content\/uploads\/2022\/05\/Radikale.jpg\" width=\"150\" height=\"233\" align=\"left\" hspace=\"10\" vspace=\"10\" \/><\/a><\/p>\n<p>\u201eSp\u00fcre Deine Grenzen\u201c \u2013 die pers\u00f6nliche Mahnung von der Verteilkarte ist zugleich ein politischer Aufruf f\u00fcr die Agenda 2030. Es gibt eben doch einen engen Zusammenhang zwischen pers\u00f6nlichem Lebensstil und politischen Rahmenbedingungen. Svenja Gr\u00e4fe hat w\u00e4hrend der Coronakrise ein Buch \u00fcber \u201eSelfcare\u201c geschrieben und ist damit den Rahmenbedingungen unserer Leistungs- und Konsumgesellschaft auf den Grund gegangen. Geh\u00f6ren das Erkennen eigener Gef\u00fchle und genug Schlaf schon zur Rebellion? \u00dcber ihr Buch <a style=\"color: #2b6d07;\" href=\"https:\/\/www.buecher.de\/shop\/ratgeber-lebensfuehrung\/radikale-selbstfuersorge-jetzt\/graefen-svenja\/products_products\/detail\/prod_id\/60958278\/\" target=\"_blank\" rel=\"noopener\"><strong>Radikale Selbstf\u00fcrsorge. Jetzt! Eine feministische Perspektive<\/strong><\/a>\u00a0bin ich im RBB mit Svenja und der Journalistin Kirsten Dietrich ins Gespr\u00e4ch gekommen \u2013 ein ziemlich spannendes Tasten. Denn es ging auch um den Zusammenhang von Care-Arbeit und Selfcare. <strong>Und mit Schaumbad und Wellness ist es nicht getan, wenn wir achtsam mit uns selbst umgehen wollen. Vielmehr kann Selfcare auch mit schwierigen inneren Reibungen zu tun haben \u2013 zum Beispiel, wenn es darum geht, Grenzen zu setzen.<\/strong> Vielleicht haben Sie ja Lust, mal <a style=\"color: #2b6d07;\" href=\"https:\/\/www.rbb-online.de\/rbbkultur\/radio\/programm\/schema\/sendungen\/couragiert_unterwegs\/archiv\/20220424_1700.html\" target=\"_blank\" rel=\"noopener\"><strong>reinzuh\u00f6ren<\/strong><\/a>.<\/p>\n<h2><span style=\"color: #cd9522;\">M\u00fctter \u2013 \u00fcber die Energie von Wut und Liebe\u00a0<\/span><\/h2>\n<p><a style=\"font-family: arial, helvetica, sans-serif; font-size: medium;\" href=\"https:\/\/commons.wikimedia.org\/wiki\/File:Meltem_Kaptan_is_the_Winner_of_Best_Leading_Performance_at_Berlinale_2022.JPG\" target=\"_blank\" rel=\"noopener\"><img loading=\"lazy\" decoding=\"async\" src=\"https:\/\/www.seele-und-sorge.de\/wp-content\/uploads\/2022\/06\/Meltem_2022_02.jpg\" width=\"300\" height=\"246\" align=\"left\" hspace=\"10\" vspace=\"10\" \/><\/a><\/p>\n<p>Apropos Care und Selfcare: 1980 war es, da richteten wir in meiner damaligen Gemeinde in Wickrath einen M\u00fcttertreff ein. Etwas ganz Einfaches: eine Stunde w\u00f6chentlich zum Kaffeetrinken im Gemeindehaus, w\u00e4hrend die Kinder eine Gelegenheit zum Spielen hatten. Am Wochenende gab es manchmal kleine Ausfl\u00fcge mit M\u00fcttern, V\u00e4tern, Kindern. Ich selbst, damals noch keine drei\u00dfig, kinderlos, fand es spannend, in den Gespr\u00e4chen in diese ganz andere Welt der Familienfrauen einzutauchen \u2013 von Kindergl\u00fcck und Alltagssorgen, Abh\u00e4ngigkeits- und Diskriminierungserfahrungen bis zu spirituellen Fragen. 42 Jahre sp\u00e4ter wurde in Wickrath gerade an das kleine, wegen Corona \u201ekrumm gewordene\u201c Jubil\u00e4um erinnert und ich denke dar\u00fcber nach, was sich in diesen Jahrzehnten ver\u00e4ndert hat. <strong>Heute versuchen Frauen, Beruf und Familie unter einen Hut zu bringen und dabei auch noch gut f\u00fcr sich zu sorgen, sich in Form zu halten. <\/strong>Wenn wir dabei nicht in Streit geraten \u00fcber die unterschiedlichen Lebensentw\u00fcrfe, sondern gemeinsam auf Gef\u00fchle, Sehns\u00fcchte und die oft unerf\u00fcllbaren Erwartungen schauen, w\u00e4re schon viel erreicht.\u00a0<\/p>\n<p>Mareike Fallwickl hat in ihrem Roman <a style=\"color: #2b6d07;\" href=\"https:\/\/www.rowohlt.de\/buch\/mareike-fallwickl-die-wut-die-bleibt-9783498002961\" target=\"_blank\" rel=\"noopener\"><strong>Die Wut, die bleibt<\/strong><\/a>\u00a0mit ihren verschiedenen Figuren das Leben von M\u00fcttern wie unter ein Brennglas ger\u00fcckt. Und auch den \u201eh\u00e4sslichen\u201c Emotionen Raum gegeben. Hier ist die Maske gefallen, die Mauer eingerissen und es weht der Wind eines ehrlichen, reinigenden Gespr\u00e4chs. Die eigenen Emotionen anzunehmen, das ist ein erster, wichtiger Schritt. Im <a style=\"color: #2b6d07;\" href=\"https:\/\/www1.wdr.de\/radio\/wdr5\/sendungen\/lebenszeichen\/spiritualitaet-und-selbstoptimierung-100.html\" target=\"_blank\" rel=\"noopener\"><strong>WDR-Interview mit Kirsten Dietrich<\/strong><\/a>\u00a0<a style=\"color: #2b6d07;\" href=\"https:\/\/www.seele-und-sorge.de\/?event=interview-zum-thema-self-care-in-der-sendungsreihe-lebenszeichen-rundfunk-wdr-5\" target=\"_blank\" rel=\"noopener\"><strong>anl\u00e4sslich des Muttertags am 8. Mai<\/strong><\/a>\u00a0haben ganz unterschiedliche Frauen \u00fcber ihre Erfahrungen mit Selbstsorge gesprochen, \u00fcber Hinderliches wie F\u00f6rderliches, nicht zuletzt in der Religion, in Islam, Judentum und Christentum.<\/p>\n<p>Wie Mutterliebe politisch wird, zeigt Andreas Dresens Film <a style=\"color: #2b6d07;\" href=\"https:\/\/rabiye.film\/\" target=\"_blank\" rel=\"noopener\"><strong>Rabiye Kurnaz gegen George W. Bush<\/strong><\/a>. Die Mutter von Murat Kurnaz emp\u00f6rt sich gegen die ungerechte Behandlung ihres Sohns in Guantanamo und sie findet einen Anwalt, der an ihrer Seite k\u00e4mpft und sie stark macht. Damit ger\u00e4t sie in die Weltpolitik. <strong>Ich denke dabei auch an die M\u00fctter in Argentinien, die sich w\u00e4hrend der Milit\u00e4rdiktatur in den siebziger Jahren auf der Plaza Mayo versammelten und gegen das Verschwinden ihrer S\u00f6hne protestierten. Oder jetzt an die M\u00fctter von Soldaten, die im Krieg in der Ukraine k\u00e4mpfen m\u00fcssen \u2013 auf beiden Seiten. Bis zu welchem Preis, frage ich mich, werden M\u00fctter in Russland an Putins Politik festhalten? Werden die Entsch\u00e4digungen sie zum Schweigen bringen? Ich denke an all die M\u00fctter, die mit ihren Kindern geflohen sind \u2013 in welchem Ma\u00df der Krieg auch generell Geschlechterstereotype wieder aktualisiert, das geh\u00f6rt vermutlich zu den Auswirkungen, die sich erst \u00fcber viele Jahre zeigen werden.<\/strong><\/p>\n<h2><span style=\"color: #cd9522;\">\u2026 und Familie, Arbeit und Nachbarschaft<\/span><\/h2>\n<p><a style=\"font-family: arial, helvetica, sans-serif; font-size: medium;\" href=\"https:\/\/www.seele-und-sorge.de\/?page_id=6674\" target=\"_blank\" rel=\"noopener\"><img loading=\"lazy\" decoding=\"async\" src=\"https:\/\/www.seele-und-sorge.de\/wp-content\/uploads\/2022\/06\/Regenbogen.jpg\" width=\"300\" height=\"200\" align=\"left\" hspace=\"10\" vspace=\"10\" \/><\/a><\/p>\n<p>Es sind oft die n\u00e4chsten Beziehungen, die uns auch f\u00fcr das Gesellschaftliche st\u00e4rken. Doch umgekehrt sind angemessene gesellschaftliche Rahmenbedingungen erforderlich, um die Nahbeziehungen zu sch\u00fctzen. In einem Beitrag f\u00fcr die <a style=\"color: #2b6d07;\" href=\"https:\/\/www.zeitzeichen.net\" target=\"_blank\" rel=\"noopener\"><strong>Zeitschrift Zeitzeichen<\/strong><\/a>\u00a0bin ich der Frage nachgegangen, <strong>wie die Ampelkoalition die neuen Formen von Familie und Gemeinschaft \u2013 von Regenbogenfamilien bis zu Seniorenwohngemeinschaften \u2013 rechtlich st\u00e4rken will und wie die neuen \u201eVerantwortungsbeziehungen\u201c ausgestaltet werden sollen.<\/strong> Auch zwischen den Generationen herrscht mehr gegenseitige Unterst\u00fctzung und Verantwortlichkeit, als die Polemiken \u00fcber ein Gegeneinander der Alten und der Jungen w\u00e4hrend der Pandemie glauben lassen wollten. <strong>Doch auch die Generationenbeziehungen brauchen Schutz und gute Rahmenbedingungen in einem modernen Generationenvertrag \u2013 von der Bildungspolitik bis zur Renten- und Klimapolitik.<\/strong> Das habe ich den <a style=\"color: #2b6d07;\" href=\"https:\/\/www.evangelische-aspekte.de\/beziehungsnetz-der-generationen\/\" target=\"_blank\" rel=\"noopener\"><strong>Evangelischen Aspekten ausgef\u00fchrt<\/strong><\/a>. Immerhin hat das <strong><a style=\"color: #2b6d07;\" href=\"https:\/\/www.mdr.de\/nachrichten\/deutschland\/politik\/bundesverfassungsgericht-urteil-eltern-kinder-pflegeversicherung-102.html\">Bundesverfassungsgericht gerade einen kleinen Schritt in Richtung der Anerkennung von Familienleistungen bei der Pflegeversicherung gemacht<\/a><\/strong>. Neben der Politik <strong>sind auch die Arbeitgeber gefragt, um Familien zu unterst\u00fctzen.<\/strong>\u00a0Auf einer Tagung der F\u00fchrungsakademie f\u00fcr Kirche und Diakonie zum Thema <strong>Familienorientierung als evangelische Arbeitgebermarke<\/strong> habe ich einmal entfaltet, wie das aussehen kann. <strong>Dazu geh\u00f6ren auch relativ \u201ekleine\u201c Dinge wie etwa die Kontaktpflege w\u00e4hrend Elternzeiten, Angebote w\u00e4hrend der Ferienzeiten, Unterst\u00fctzung im Krankheits- und Pflegefall oder das Feiern von Festen unterschiedlicher Religionen.<\/strong> In Zeiten des Fachkr\u00e4ftemangels, so bin ich \u00fcberzeugt, kann eine starke Familienorientierung Unternehmen attraktiv f\u00fcr Bewerber*innen machen. <a style=\"color: #2b6d07;\" href=\"https:\/\/www.diakonie-wissen.de\/web\/evangelisches-gutesiegel-familienorientierung\/\" target=\"_blank\" rel=\"noopener\"><strong>Die EKD und die Diakonie Deutschland haben eine Zertifizierung entwickelt<\/strong><\/a>, um Familienorientierung von Unternehmen mit einem G\u00fctesiegel auszuzeichnen \u2013 gerade kirchlich-diakonische Unternehmen k\u00f6nnen so ihr Profil st\u00e4rken. <strong>Nicht zuletzt kann Kirche ihren Teil dazu beitragen, Beziehungen zu st\u00e4rken: zwischen Partner*innen, in Familien, im Quartier und nat\u00fcrlich auch \u00fcber Grenzen hinweg.<\/strong> Dabei arbeiten die katholische und die evangelische Kirche gl\u00fccklicherweise schon l\u00e4nger zusammen, um in Projekten wie <a style=\"color: #2b6d07;\" href=\"https:\/\/www.gemeinsam-in-ochtersum.de\/\" target=\"_blank\" rel=\"noopener\"><strong>Gemeinsam in Ochtersum<\/strong><\/a>\u00a0<strong>Beziehungsgef\u00fcge im Stadtteil<\/strong> zu unterst\u00fctzen. Wie solche Initiativen im Quartier initiiert und gef\u00f6rdert werden k\u00f6nnen, dazu gibt es mittlerweile sehr hilfreiche Impulse. Beispielsweise auch in einer <a style=\"color: #2b6d07;\" href=\"https:\/\/www.fortbildungen-johanneswerk.de\/qualifiziert-fuers-quartier\/qualifiziert-fuers-quartier\" target=\"_blank\" rel=\"noopener\"><strong>Fortbildung des Johanneswerks<\/strong><\/a>. In der evangelischen Kirche in Baden l\u00e4uft schon seit 2017 das Projekt <strong><a style=\"color: #2b6d07;\" href=\"https:\/\/www.ekiba.de\/infothek\/arbeitsfelder-von-a-z\/seniorinnen-senioren\/sorgende-gemeinde-werden\/\" target=\"_blank\" rel=\"noopener\">Sorgende Gemeinde werden<\/a><\/strong>. Inzwischen hat das Sozialwissenschaftliche Institut eine erste <a style=\"color: #2b6d07;\" href=\"https:\/\/www.siekd.de\/portfolio\/sorgende-gemeinde\/\" target=\"_blank\" rel=\"noopener\"><strong>Evaluation vorgelegt<\/strong><\/a>, die Faktoren des Gelingens beschreibt.<\/p>\n<p>Kirche, Sorge f\u00fcr andere und Selbstsorge \u2013 das bleibt ein hei\u00dfes Thema. Mir scheint es wichtig, dass wir die dunklen Seiten dieser Geschichte nicht vergessen und nicht verdr\u00e4ngen. Deshalb nehme ich in <strong>meiner Sendung<\/strong> am Sonntagmorgen am 7. August um 8:35 im DLF das T<strong>hema Gewalt und Missbrauch<\/strong> in der Geschichte diakonischer Erziehungshilfe auf \u2013 unter dem Titel \u201eWer sein Kind liebt, der z\u00fcchtigt es?\u201c. Und auch der <a style=\"color: #2b6d07;\" href=\"https:\/\/correctiv.org\/aktuelles\/wirtschaft\/2022\/05\/23\/diakonie-bethel-berlin-der-letzte-kampf-der-diakonissen\" target=\"_blank\" rel=\"noopener\"><strong>Missbrauch von Macht in einer alt gewordenen Diakonissenschaft<\/strong><\/a>\u00a0muss uns zu denken geben.\u00a0<\/p>\n<h3><span style=\"color: #cd9522;\">Engagement \u2013 aus dem Quartier und aus dem Internet<\/span><\/h3>\n<p><a style=\"font-family: arial, helvetica, sans-serif; font-size: medium;\" href=\"https:\/\/de.wikipedia.org\/wiki\/Wikipedia#\/media\/Datei:Wikipedia-logo-v2.svg\" target=\"_blank\" rel=\"noopener\"><img loading=\"lazy\" decoding=\"async\" src=\"https:\/\/www.seele-und-sorge.de\/wp-content\/uploads\/2022\/06\/WL_03.jpg\" width=\"250\" height=\"279\" align=\"left\" hspace=\"10\" vspace=\"10\" \/><\/a><\/p>\n<p><strong>Die zahllosen Krisen, die wir in unserer Gegenwart beobachten, international wie auch bei uns vor Ort, in der Gesellschaft wie in der Familie, sie k\u00f6nnten einem manchmal ein Gef\u00fchl der Ohnmacht vermitteln. Doch man kann etwas tun! Das ist aus meiner Sicht eine der wichtigsten Motivationen f\u00fcr das Ehrenamt: aus der Ohnmacht herauszukommen.<\/strong> Wie weit dieses Tun reichen kann, das ist mir mit dem Konzept des Spacings von Martina L\u00f6w besonders deutlich geworden. Die Raumsoziologin denkt dar\u00fcber nach, wie aus \u201eOrten\u201c \u201eR\u00e4ume\u201c werden. Zentral in ihrem Konzept des Spacings ist die Interaktion, die aus einem Ort einen Handlungsraum macht. Dabei geht es nicht nur um reale, physische, sondern auch um imaginierte R\u00e4ume. Ihr Konzept illustriert sie mit dem Logo von Wikipedia: der Weltkugel mit all den verschiedenen Schriftzeichen. Mir leuchtet das sehr ein, gerade wenn ich an die Interaktionen denke, die sich aktuell im Kontext des ehrenamtlichen Engagements f\u00fcr Gefl\u00fcchtete aus der Ukraine beobachten lassen. In einigen gro\u00dfen St\u00e4dten wurden in wenigen Tagen Websites etabliert mit Buttons f\u00fcr die grundlegenden Angebote: Fahrdienste, Wohnungen, Sachspenden, Transporte etc. (<a style=\"color: #2b6d07;\" href=\"https:\/\/unterkunft-ukraine.de\/\" target=\"_blank\" rel=\"noopener\"><strong>Hier<\/strong><\/a>\u00a0zum Beispiel eine Website zur Vermittlung von Unterk\u00fcnften, die sich aus dem Engagement von Freiwilligen am Berliner Hauptbahnhof entwickelt hat.) Das ist prototypisch f\u00fcr die wachsende Bedeutung des Web f\u00fcr das Ehrenamt \u2013 inzwischen kommen 20 Prozent der Aktiven \u00fcber diesen Weg. \u00c4hnliches war ja schon bei der Fluthilfe zu beobachten; nicht zuletzt \u00fcber die sozialen Medien fanden Hilfesuchende und Helfer*innen zueinander. Studien haben gezeigt, dass sich in dieser Krise fast die H\u00e4lfte der Engagierten unabh\u00e4ngig von Organisationen einsetzten. Seit der Fl\u00fcchtlings\u201ekrise\u201c 2015 hat der Prozentsatz stetig zugenommen.<\/p>\n<p><strong>Es gibt viel Engagement, auch in neuen Formen. Zugleich ist aber w\u00e4hrend der Pandemie auch vieles weggebrochen<\/strong>. Das gilt vor allem f\u00fcr traditionelle Formen: Besuchsdienstgruppen zum Beispiel oder auch Ehrenamtsgruppen in Seniorenheimen haben es schwer. Auch angesichts der aktuellen Herausforderungen durch die Fl\u00fcchtlingshilfe fehlt f\u00fcr andere Aufgaben oft die Kraft. Es scheint so, als w\u00e4re das, was die Analysen zum \u201ealten\u201c und \u201eneuen\u201c Ehrenamt schon l\u00e4nger beschreiben, erst jetzt f\u00fcr alle sichtbar geworden. Es gilt, sich viel bewusster \u00fcber Ziele und Ressourcen klar zu werden. Dabei kann es ja durchaus heilsam sein, wenn Menschen sp\u00fcren, dass sie nicht l\u00e4nger \u00fcber ihre eigenen Kr\u00e4fte hinausgehen wollen \u2013 Care beginnt mit Selfcare! Zu den traditionellen Ehrenamtsgruppen geh\u00f6ren die <strong><a style=\"color: #2b6d07;\" href=\"https:\/\/www.seele-und-sorge.de\/wp-content\/uploads\/2022\/01\/eKH-Bundestagung_Programm_31082022.pdf\" target=\"_blank\" rel=\"noopener\">\u201eGr\u00fcnen Damen\u201c, die am 31. August\u00a0zu ihrer Bundestagung in Hannover zusammenkommen<\/a><\/strong>. Nach der Pandemie gilt es auch hier, den eigenen Standort neu zu bestimmen; manche Gruppen mussten schlie\u00dfen, andere wollen die anstehenden Ver\u00e4nderungen angehen. An manchen Orten wachsen zarte Pfl\u00e4nzchen, neue Gruppen entstehen. Und auch einige junge Menschen kommen hinzu. Am Vormittag wird Henning Scherf \u00fcber generationenverbindende Arbeit sprechen, junge Gruppen kommen genauso zu Wort wie Politik und Tr\u00e4ger; <strong><a style=\"color: #2b6d07;\" href=\"https:\/\/www.seele-und-sorge.de\/?event=ekh-bundestagung-der-gruenen-damen-und-herren-unter-dem-titel-dem-vergangenen-ein-danke-dem-kommenden-ein-ja\" target=\"_blank\" rel=\"noopener\">nachmittags<\/a><\/strong> spreche ich \u00fcber \u201eVer\u00e4nderungen in Gemeinschaft und Ehrenamt\u201c. Ich bin gespannt, ob wir auch dem \u201ealten\u201c Ehrenamt mit seinen gro\u00dfen St\u00e4rken neuen Schwung geben k\u00f6nnen!<\/p>\n<p><a style=\"font-family: arial, helvetica, sans-serif; font-size: medium;\" href=\"https:\/\/www.seele-und-sorge.de\/?page_id=6674\" target=\"_blank\" rel=\"noopener\"><img loading=\"lazy\" decoding=\"async\" src=\"https:\/\/www.seele-und-sorge.de\/wp-content\/uploads\/2022\/06\/Studie-Emsland.jpg\" width=\"300\" height=\"225\" align=\"left\" hspace=\"10\" vspace=\"10\" \/><\/a><\/p>\n<p>Wie sehr gerade die Vereine und Organisationen im Ehrenamt sich ver\u00e4ndern, das l\u00e4sst sich vor allem auf dem Land beobachten, wo die Mitgliedschaft in einem Verein traditionell \u201edazugeh\u00f6rte\u201c. Welche Chancen es gibt, den Wandel zu gestalten, habe ich am 22. M\u00e4rz mit Verantwortlichen im Emsland diskutiert. F\u00fcr diese Region liegt eine spannende Studie des Berlin-Instituts vor, die ich zum Lesen empfehle (<a style=\"color: #2b6d07;\" href=\"https:\/\/www.berlin-institut.org\/studien-analysen\/detail\/von-kirchtuermen-und-netzwerken\" target=\"_blank\" rel=\"noopener\"><strong>Von Kircht\u00fcrmen und Netzwerken. Emsland<\/strong><\/a>. Um den Wandel im Ehrenamt geht es auch bei einer <a style=\"color: #2b6d07;\" href=\"https:\/\/www.loccum.de\/tagungen\/2230\/\" target=\"_blank\" rel=\"noopener\"><strong>Tagung der Hannoverschen Landeskirche 8. Juli in Loccum<\/strong><\/a>.<\/p>\n<p><a style=\"color: #2b6d07;\" href=\"http:\/\/www.oberallgaeu.org\" target=\"_blank\" rel=\"noopener\"><strong>Wie aus Projektengagement politische Beteiligung werden kann, darum geht es am 28. September im Landratsamt Oberallg\u00e4u<\/strong><\/a>\u00a0bei einem <a style=\"color: #2b6d07;\" href=\"https:\/\/www.seele-und-sorge.de\/?event=workshop-politik-der-beteiligung=\" target=\"_blank\" rel=\"noopener\"><strong>Workshop mit Frauen aller Fraktionen aus dem Landkreis<\/strong><\/a>. Manchmal kommt es allerdings auch darauf an, einfach anzufangen \u2013 mit einem Mikroprojekt, einer kleinen Intervention. Dar\u00fcber denken wir nach auf einer <strong>Pfingsttagung des reformorientierten katholischen Akademikernetzwerks ND, die zusammen mit der wirtschaftswissenschaftlichen Fakult\u00e4t der Goethe-Universit\u00e4t Frankfurt vorbereitet wird und in Bonn auf dem Venuswerk stattfindet: <a style=\"color: #2b6d07;\" href=\"https:\/\/www.seele-und-sorge.de\/?event=impulsvortrag-mit-anschliessender-diskussion-macht-einfach\" target=\"_blank\" rel=\"noopener\">Einfach machen! am 4. Juni<\/a><\/strong>. Dem Motiv Einfach machen! gehe ich dann auch in meinen Rundfunkandachten im Deutschlandfunk vom <a style=\"color: #2b6d07;\" href=\"https:\/\/www.seele-und-sorge.de\/?event=morgenandachten\" target=\"_blank\" rel=\"noopener\"><strong>4. bis 8. Juli<\/strong><\/a>\u00a0nach, denn ich bin \u00fcberzeugt: Dieses spontane Aktivsein f\u00fcr andere ist getragen vom pfingstlichen Geist!<\/p>\n<p>Und ganz konkret wird das Anfangen, wenn es am <a style=\"color: #2b6d07;\" href=\"https:\/\/offenegesellschaft.org\/\" target=\"_blank\" rel=\"noopener\"><strong>Tag der offenen Gesellschaft am 18. Juni<\/strong><\/a>\u00a0wieder hei\u00dft: \u201eTische und St\u00fchle raus!\u201c, wenn die Menschen sich auf den Stra\u00dfen und Pl\u00e4tzen treffen, um miteinander ins Gespr\u00e4ch zu kommen. Denn das ist ganz gewiss der Anfang f\u00fcrs Tun: dass Menschen einander begegnen und eine Idee zwischen ihnen entsteht, ein neuer pfingstlicher Geist. Davon erz\u00e4hle ich auch in meinem Buch\u00a0<strong><a style=\"color: #2b6d07;\" href=\"https:\/\/www.seele-und-sorge.de\/?page_id=5526\" target=\"_blank\" rel=\"noopener\">Die Neuentdeckung der Gemeinschaft<\/a><\/strong>.\u00a0Um Ideen umzusetzen, vergibt \u00fcbrigens die nebenan.de Stiftung wieder den deutschen Nachbarschaftspreis. Bis zum 6. Juli kann man sich <strong><a style=\"color: #2b6d07;\" href=\"https:\/\/www.nebenan-stiftung.de\/\" target=\"_blank\" rel=\"noopener\">bewerben<\/a><\/strong>.<\/p>\n<h3><span style=\"color: #cd9522;\">Aufbruch in der dritten Lebensphase<\/span><\/h3>\n<p><a style=\"font-family: arial, helvetica, sans-serif; font-size: medium;\" href=\"https:\/\/commons.wikimedia.org\/wiki\/File:Ursula-Lehr-2008.JPG\" target=\"_blank\" rel=\"noopener\"><img loading=\"lazy\" decoding=\"async\" src=\"https:\/\/www.seele-und-sorge.de\/wp-content\/uploads\/2022\/06\/Ursula-Lehr_02.jpg\" width=\"200\" height=\"365\" align=\"left\" hspace=\"10\" vspace=\"10\" \/><\/a><\/p>\n<p><strong>Ursula Lehr ist gestorben.<\/strong> Sie war f\u00fcr mich in meinem Studium eine der wichtigsten P\u00e4dagogikprofessorinnen. Vor einigen Jahren traf ich sie dann wieder in der Jury des Deutschen Engagementpreises. Sie war lange Vorsitzende der BAGSO. <strong>Besonders bedeutsam war die Gr\u00fcndung des Instituts f\u00fcr Gerontologie an der Universit\u00e4t Heidelberg, einem der ersten Orte, an denen in Deutschland das \u00c4lterwerden unter verschiedenen, vor allem soziologischen Perspektiven wissenschaftlich erforscht wird.<\/strong> Aktuell wird das Institut \u00fcbrigens von Andreas Kruse geleitet, mit dem ich zuletzt bei meinem Buch <a style=\"color: #2b6d07;\" href=\"https:\/\/www.seele-und-sorge.de\/?page_id=394\" target=\"_blank\" rel=\"noopener\"><strong>\u201eNoch einmal ist alles offen\u201c<\/strong><\/a> zusammengearbeitet habe. Ursula Lehrs Denkweise, Prozesse des \u00c4lterwerdens besonders von Frauen gegen die Wahrnehmung der meisten nicht nur biologisch, sondern vor allem gesellschaftlich zu verstehen, ist f\u00fcr mich wegweisend geblieben. In diesem Kontext verstehe ich auch <a style=\"color: #2b6d07;\" href=\"https:\/\/www.seele-und-sorge.de\/?page_id=3664\" target=\"_blank\" rel=\"noopener\"><strong>mein Engagement im Bereich \u201e\u00dcbergang in den Ruhestand\u201c<\/strong><\/a>\u00a0\u2013 demn\u00e4chst wieder bei einem Pastoralkolleg am <a style=\"color: #2b6d07;\" href=\"https:\/\/www.seele-und-sorge.de\/?event=pastoralkolleg-zum-uebergang-in-den-ruhestand\" target=\"_blank\" rel=\"noopener\"><strong>12. Juli in Butzbach<\/strong><\/a>. Eine Kollegin, die sich f\u00fcr einen fr\u00fchen Eintritt in den Ruhestand entschieden hat, schrieb mir nach der Pandemie: \u201eLeider kommen die alten Kr\u00e4fte immer wieder und wollen das Alte zur\u00fcck \u2013 einer der Hauptgr\u00fcnde, warum ich meinen Antrag auf vorzeitigen Eintritt in den Ruhestand gestellt habe.\u201c F\u00fcr mich bringt es etwas auf den Punkt: <strong>Es ist gerade der Wunsch nach Aufbruch, nach etwas Neuem, der viele zum Abschied von der bisherigen Arbeit f\u00fchrt.<\/strong> Wie Unternehmen und wie auch die Einzelnen mit diesem Abschied gut umgehen k\u00f6nnen, dem ist Angelika Ga\u00dfmann mit ihrem Buchprojekt \u201eOffboarding\u201c nachgegangen, an dem ich mich auch beteiligt habe. Zusammen mit anderen B\u00fcchern von Freund*innen stelle ich es unten noch etwas n\u00e4her vor. Um die Generation der Babyboomer*innen, die in diesen Jahren aus dem Beruf ausscheiden, geht es auch auf dem <a style=\"color: #2b6d07;\" href=\"https:\/\/www.seele-und-sorge.de\/?event=wertkstatttag-babyboomer-und-pastoral\" target=\"_blank\" rel=\"noopener\"><strong>Werkstatttag \u201eDas Leben neu erfinden\u201c im Bistum Fulda am 14. Juli<\/strong><\/a>. Ein inspirierendes Mikroprojekt habe ich \u00fcbrigens bei der <a style=\"color: #2b6d07;\" href=\"https:\/\/www.awo-hanau.de\/projekte\/lego-oma\/\" target=\"_blank\" rel=\"noopener\"><strong>Lego-Oma<\/strong><\/a>\u00a0entdeckt, die aus Legosteinen Zugangsrampen f\u00fcr Rollstuhlfahrer*innen baut.<\/p>\n<h3>\u00a0<\/h3>\n<h3><span style=\"color: #cd9522;\">Pflege, Demenz und hospizliche Kultur\u00a0<\/span><\/h3>\n<p><a style=\"font-family: arial, helvetica, sans-serif; font-size: medium;\" href=\"https:\/\/commons.wikimedia.org\/wiki\/File:Ursula-Lehr-2008.JPG\" target=\"_blank\" rel=\"noopener\"><img loading=\"lazy\" decoding=\"async\" src=\"https:\/\/www.seele-und-sorge.de\/wp-content\/uploads\/2022\/06\/Demenz.jpg\" width=\"300\" height=\"213\" align=\"left\" hspace=\"10\" vspace=\"10\" \/><\/a><\/p>\n<p><strong>Worauf kommt es an in der letzten Phase eines Lebens? Die Pandemie hat uns vor verst\u00f6rende Herausforderungen gestellt.<\/strong> In den Pflegeheimen sollten die Bewohner*innen vor Ansteckung und schwerer Krankheit gesch\u00fctzt werden \u2013 und im Ergebnis waren sie \u00fcber lange Zeiten einsam, mussten sogar einsam sterben. Und die Angeh\u00f6rigen hatten keine Chance, von ihnen Abschied zu nehmen. Besonders schockiert hat mich, dass das auch in den Kinderhospizen der Fall war. Dieses Dilemma hat mich noch intensiver \u00fcber die Gestaltung unserer letzten Lebensphase nachdenken lassen \u2013 und ich bin \u00fcberzeugt, hier sind wir in die Irre gegangen. <strong>Wichtiger als ein \u201esteriles \u00dcberleben\u201c ist es, verbunden zu sein.<\/strong> Leben ist Miteinander, Gemeinschaft und Bezogensein. Ich habe dar\u00fcber ausf\u00fchrlich in einer <a style=\"color: #2b6d07;\" href=\"https:\/\/www.seele-und-sorge.de\/?page_id=406\" target=\"_blank\" rel=\"noopener\"><strong>Sendung des ORF gesprochen<\/strong><\/a>. Hintergrund der Sendung war eine sehr wichtige Fachtagung \u00fcber die Begleitung schwerkranker und sterbender Menschen in Vorarlberg, <a style=\"color: #2b6d07;\" href=\"https:\/\/www.seele-und-sorge.de\/wp-content\/uploads\/2022\/02\/20220211_Einladung-Fachtagung.pdf\" target=\"_blank\" rel=\"noopener\"><strong>Hospizkultur und Palliativ-Care zu Hause<\/strong><\/a>. Dort gibt es in den ambulanten Pflegestationen Palliativbeauftragte, die auch die pflegenden Angeh\u00f6rigen dabei unterst\u00fctzen sollen, sich f\u00fcr professionelle Hilfsangebote zu \u00f6ffnen. In \u00d6sterreich sind 83 Prozent der pflegebed\u00fcrftigen Menschen in h\u00e4uslicher Pflege und Betreuung; das sind aktuell ca. 947.000 Erwachsene und zus\u00e4tzlich 47.000 Kinder (!) im Alter von f\u00fcnf bis f\u00fcnfzehn Jahren. In \u00d6sterreich sind 83 Prozent der pflegebed\u00fcrftigen Menschen in h\u00e4uslicher Pflege und Betreuung; das sind aktuell ca. 947.000 Erwachsene und zus\u00e4tzlich 47.000 Kinder (!) im Alter von f\u00fcnf bis f\u00fcnfzehn Jahren. 73 Prozent der Pflegebed\u00fcrftigen nehmen dort keine professionellen Dienste in Anspruch (BMASK, 2016); vielmehr rutschen \u2013 in \u00d6sterreich wie in Deutschland \u2013 gerade Angeh\u00f6rige aus Verbundenheit in eine Pflegeaufgabe hinein, ohne bewusste Entscheidungen zu treffen. Und in beiden L\u00e4ndern gibt es bislang kaum Unterst\u00fctzung f\u00fcr pflegende Kinder und Jugendliche. In Deutschland sind unter den pflegenden Angeh\u00f6rigen 479.000 (!) Kinder und Jugendliche, die sich beispielsweise um ihre psychisch kranken Eltern k\u00fcmmern. Die vom Bundesfamilienministerium f\u00fcr diese Gruppe eingerichtete Website\u00a0<a style=\"color: #2b6d07;\" href=\"https:\/\/www.pausentaste.de\/\" target=\"_blank\" rel=\"noopener\"><strong>Pausentaste<\/strong><\/a>\u00a0pr\u00e4sentiert immerhin Erfahrungsberichte, Lesetipps und Beratungsangebote.<\/p>\n<p><a style=\"font-family: arial, helvetica, sans-serif; font-size: medium;\" href=\"https:\/\/commons.wikimedia.org\/wiki\/File:Ursula-Lehr-2008.JPG\" target=\"_blank\" rel=\"noopener\"><img loading=\"lazy\" decoding=\"async\" src=\"https:\/\/www.seele-und-sorge.de\/wp-content\/uploads\/2022\/06\/Pflege.jpg\" width=\"300\" height=\"179\" align=\"left\" hspace=\"10\" vspace=\"10\" \/><\/a><\/p>\n<p>Die EKD-Schrift <a style=\"color: #2b6d07;\" href=\"https:\/\/www.ekd.de\/terveys-_ja_sosiaalipalvelut\/terveyspalvelut\/ensiapu_ja_paivystys\/terveysneuvonta\/einander-naechste-sein-68689.htm\" target=\"_blank\" rel=\"noopener\"><strong>Einander-N\u00e4chste-Sein in W\u00fcrde und Solidarit\u00e4t<\/strong><\/a>\u00a0beleuchtet in meinen Augen sehr genau und differenziert, wie Pflege, wie letztlich unser Sozialstaat weiterentwickelt werden muss, damit Menschen auch im Angewiesensein ihre Selbstbestimmung behalten k\u00f6nnen. Die Tagung <a style=\"color: #2b6d07;\" href=\"https:\/\/www.sorgenetz.at\/\" target=\"_blank\" rel=\"noopener\"><strong>Care und Gerechtigkeit<\/strong><\/a>\u00a0untersucht am <a style=\"color: #2b6d07;\" href=\"https:\/\/www.seele-und-sorge.de\/?event=vortrag-beim-symposium-care-und-gerechtigkeit-getrennte-pole-oder-zwei-pfeiler-einer-bruecke\" target=\"_blank\" rel=\"noopener\"><strong>9. September in Wien<\/strong><\/a>, wie diese beiden gro\u00dfen gesellschaftlichen Anliegen miteinander verbunden werden k\u00f6nnen, und ich freue mich, mit einem Vortrag dabei zu sein. Als zukunftsweisend erscheint mir auch das Projekt <a style=\"color: #2b6d07;\" href=\"https:\/\/see-me-project.eu\" target=\"_blank\" rel=\"noopener\"><strong>See me<\/strong><\/a>. Der Name ist Programm, denn es geht darum, in \u00e4lteren Menschen nicht allein ihre Bed\u00fcrftigkeit zu sehen, sondern sie als Menschen mit all ihren Potenzialen, Sehns\u00fcchten und Tr\u00e4umen zu sehen \u2013 so, wie doch jeder Mensch gesehen sein will.<\/p>\n<p>Aber dies umzusetzen, daf\u00fcr fehlt im Pflegealltag leider allzu oft der Raum. In ihrem Buch <a style=\"color: #2b6d07;\" href=\"https:\/\/www.penguinrandomhouse.de\/Paperback\/Im-a-Nurse\/Franziska-Boehler\/Heyne\/e575514.rhd\" target=\"_blank\" rel=\"noopener\"><strong>I\u2019m a nurse. Warum ich meinen Beruf als Krankenschwester liebe \u2013 trotz allem<\/strong><\/a>\u00a0<strong>beschreibt Franziska B\u00f6hler eindr\u00fccklich, unter welchem Druck die professionelle Pflege steht<\/strong> \u2013 nicht zuletzt auch wegen der unertr\u00e4glichen Widerspr\u00fcche zwischen Selbstverst\u00e4ndnis und Erfahrung der Realit\u00e4t. In einer Umfrage <strong>haben 91 Prozent der befragten \u00c4rzt*innen und Pflegenden angegeben, \u00dcbertherapie erlebt zu haben: Sie wollten Menschen helfen und erzeugten stattdessen Leid<\/strong>, gaben Sondennahrung, mobilisierten, beatmeten \u2013 und hatten dabei das Gef\u00fchl, gegen die Interessen der Patient*innen zu handeln. Neben Mangel an Zeit und zu niedrigen Geh\u00e4ltern ist diese Erfahrung des \u201emoral hazard\u201c wohl einer der wichtigsten Gr\u00fcnde, den Beruf zu verlassen.\u00a0Und es ist ja wahr: In unserem hoch ausdifferenzierten und durchaus wettbewerbsorientierten Gesundheitssystem entstehen teilweise Dynamiken, die mehr von finanziellen Interessen als von den Bed\u00fcrfnissen und W\u00fcnschen der Patient*innen bef\u00f6rdert werden. Und es kann nicht sein, dass Pflegende und \u00c4rzt*innen gegen ihre professionelle Einsicht diesen Dynamiken unterworfen sind.<\/p>\n<p><a style=\"font-family: arial, helvetica, sans-serif; font-size: medium;\" href=\"https:\/\/www.seele-und-sorge.de\/?page_id=6674\" target=\"_blank\" rel=\"noopener\"><img loading=\"lazy\" decoding=\"async\" src=\"https:\/\/www.seele-und-sorge.de\/wp-content\/uploads\/2022\/06\/Wolken.jpg\" width=\"300\" height=\"225\" align=\"left\" hspace=\"10\" vspace=\"10\" \/><\/a><\/p>\n<p>Am 18. Mai hat der <a style=\"color: #2b6d07;\" href=\"https:\/\/www.bundestag.de\/dokumente\/textarchiv\/2022\/kw20-de-vereinbarte-debatte-sterbehilfe-894644\" target=\"_blank\" rel=\"noopener\"><strong>Bundestag \u00fcber die Sterbehilfe diskutiert<\/strong><\/a>. Ich bin froh dar\u00fcber, wie differenziert sich die Abgeordneten mit dieser schwierigen Frage auseinandergesetzt haben. Doch mit dem Urteil des Bundesverfassungsgerichts von 2020 ist der Bundestag verpflichtet worden, gesetzlich die Sterbehilfe zu erm\u00f6glichen. <strong>Wie auch immer das Gesetz aussehen wird, es kann letztlich nicht das Dilemma l\u00f6sen, vor das Menschen gestellt sind, denen ein anderer seinen Sterbewunsch vortr\u00e4gt.<\/strong> Wie es gelingen kann, einen Menschen nicht verloren zu geben, der selbst sterben m\u00f6chte, dieser Frage wollen wir auf einer <a style=\"color: #2b6d07;\" href=\"https:\/\/www.hpv-hessen.de\/aktuelles_veranstaltungen_detail\/items\/2022-06-24-Ein-doppeltes-Ja-zum-Umgang-mit-Paragraph-217-StgB.html\" target=\"_blank\" rel=\"noopener\"><strong>Fortbildung zur Problematik des assistierten Suizids am 24. Juni nachgehen<\/strong><\/a>. Sehr hilfreich erscheint mir auch die Publikation, die Jutta Ataie, Carmen Berger-Zell und Astrid Giebel herausgegeben haben und in der die Autor*innen den Ambivalenzen zwischen Selbstbestimmung und Lebensschutz im Kontext von Beihilfe zur Selbstt\u00f6tung nachgegangen sind: <a style=\"color: #2b6d07;\" href=\"https:\/\/www.hospiz-verlag.de\/produkt\/leben-selbstbestimmung-und-lebensschutz\/\" target=\"_blank\" rel=\"noopener\"><strong>Leben<\/strong><\/a>.<\/p>\n<p>Bei der Tagung <a style=\"color: #2b6d07;\" href=\"https:\/\/www.kircheundgesellschaft.de\/media\/223601_hospiztagung_web_13mae.pdf\" target=\"_blank\" rel=\"noopener\"><strong>Hospizarbeit im Umbruch? Corona, Sorgekultur, Suizidassistenz<\/strong><\/a>\u00a0halte ich am <a style=\"color: #2b6d07;\" href=\"https:\/\/www.seele-und-sorge.de\/?event=einfuehrungsvortrag-titel-selbstsorge-fuersorge-mitsorge-die-neue-care-kultur-in-der-hospizlichen-arbeit-hospiztagung-in-der-evangelischen-akademie-villigst\" target=\"_blank\" rel=\"noopener\"><strong>11. Juni<\/strong><\/a>\u00a0einen Vortrag dar\u00fcber, wie wichtig Selbstf\u00fcrsorge f\u00fcr die hospizliche Arbeit ist. Care und Pflege in Zeiten der Pandemie sind auch Thema <a style=\"color: #2b6d07;\" href=\"https:\/\/www.seele-und-sorge.de\/?event=vortrag-hospiarbeit-als-teil-einer-sorgenden-gesellschaft-impulsvortrag-mit-anschliessender-diskussion\" target=\"_blank\" rel=\"noopener\"><strong>eines Hospiznachmittags in Fulda am 16. September<\/strong><\/a>. <strong>Wie viele gute Ideen inzwischen aufbl\u00fchen und durch kleine Betr\u00e4ge bef\u00f6rdert werden k\u00f6nnen, zeigt ein <a style=\"color: #2b6d07;\" href=\"https:\/\/www.instagram.com\/p\/CeBfyratJdP\/?igshid=MDJmNzVkMjY=\" target=\"_blank\" rel=\"noopener\">Projekt des Hospizdienstes Pusteblume<\/a>\u00a0in Wuppertal<\/strong>.<\/p>\n<p><strong>Leben mit Demenz war das Thema der diesj\u00e4hrigen Woche f\u00fcr das Leben, die am 1. Mai in Leipzig er\u00f6ffnet wurde.<\/strong> Das umfangreiche <a style=\"color: #2b6d07;\" href=\"https:\/\/www.woche-fuer-das-leben.de\/\" target=\"_blank\" rel=\"noopener\"><strong>Material lohnt sich anzusehen!<\/strong><\/a> Wie wir mit der Demenz eines geliebten Menschen umgehen k\u00f6nnen, das ist auch Thema auf einer gemeinsamen Tagung von Diakonie und Landessportbund zum Welt-Alzheimer-Tag am 20. September in Frankfurt, bei der ich auch einen Vortrag halten werde. Die langj\u00e4hrige Zusammenarbeit von Diakonie und Sportbund erscheint mir hier besonders fruchtbar und zukunftstr\u00e4chtig.<\/p>\n<p>Die EKD-Ratsvorsitzende Annette Kurschus betonte <a style=\"color: #2b6d07;\" href=\"https:\/\/www.ekd.de\/predigt-kurschus-eroeffnung-woche-fuer-das-leben-2022-73063.htm?fbclid=IwAR1Kmd9BWofWTF9Db2nOexrcd4wYsbg13wMmnBE8JdCBIQ6-NAAH7PSShu0\" target=\"_blank\" rel=\"noopener\"><strong>in ihrer Predigt in Leipzig<\/strong><\/a>, <strong>dass ein Mensch viel verlieren k\u00f6nne: \u201eSein Ged\u00e4chtnis, seine Erinnerungen, seine Pers\u00f6nlichkeit, seine Intelligenz, sein Wesen, sein Vertrauen, seinen Glauben, seine Hoffnung, seine Liebe, sogar sich selbst. Gott aber wird diesen Menschen auch dann \u2013 und dann erst recht! \u2013 nicht verloren geben. Niemals.\u201c\u00a0<\/strong><\/p>\n<h2><span style=\"color: #cd9522;\">Termine<\/span><\/h2>\n<p><a style=\"font-family: arial, helvetica, sans-serif; font-size: medium;\" href=\"https:\/\/commons.wikimedia.org\/wiki\/File:Ursula-Lehr-2008.JPG\" target=\"_blank\" rel=\"noopener\"><img loading=\"lazy\" decoding=\"async\" src=\"https:\/\/www.seele-und-sorge.de\/wp-content\/uploads\/2022\/06\/Morgenandachten-Studiobild.jpg\" width=\"150\" height=\"200\" align=\"left\" hspace=\"10\" vspace=\"10\" \/><\/a><\/p>\n<p><strong>Rundfunksendungen wie meine DLF-Morgenandachten Einfach machen! vom 4. bis 9. Juli oder die Sendung \u00fcber Gewalt in der Geschichte diakonischer Hilfe am 7. August, Vortr\u00e4ge, Workshops, Seminare \u2013 auf meiner Website finden Sie s\u00e4mtliche aktuellen<\/strong> <a style=\"color: #2b6d07;\" href=\"https:\/\/www.seele-und-sorge.de\/?page_id=8\" target=\"_blank\" rel=\"noopener\"><strong>Termine<\/strong><\/a>. Viele Vortr\u00e4ge k\u00f6nnen Sie auch sp\u00e4ter <a style=\"color: #2b6d07;\" href=\"https:\/\/www.seele-und-sorge.de\/?page_id=210\" target=\"_blank\" rel=\"noopener\"><strong>nachlesen<\/strong><\/a>\u00a0oder im Audio nachh\u00f6ren. Die generellen Fragestellungen meiner Angebote sowie einige grundlegende \u00dcberlegungen dazu habe ich \u00fcbrigens <a style=\"color: #2b6d07;\" href=\"https:\/\/www.seele-und-sorge.de\/?page_id=154\" target=\"_blank\" rel=\"noopener\"><strong>hier<\/strong><\/a>\u00a0ausf\u00fchrlich entfaltet (Men\u00fcleiste rechts).<\/p>\n<h2>\u00a0<\/h2>\n<div align=\"left\">\n<table style=\"height: 60px; width: 600px; border-collapse: collapse;\">\n<tbody>\n<tr>\n<td style=\"width: 567px; background-color: #d9e3aa;\">\n<h2><span style=\"color: #cd9522;\">Besondere Orte<\/span><\/h2>\n<\/td>\n<\/tr>\n<\/tbody>\n<\/table>\n<\/div>\n<div align=\"left\">\n<div align=\"left\">Die M\u00f6glichkeit, dass wir inzwischen wieder reisen k\u00f6nnen, habe ich in den letzten Monaten sehr genossen und ich m\u00f6chte Ihnen wieder einige besondere Orte vorstellen \u2013 historisch bedeutsame Orte wie auch Hotels und Tagungsh\u00e4user, die ich Ihnen gern empfehle. Weitere Tipps finden Sie <a style=\"color: #2b6d07;\" href=\"https:\/\/www.seele-und-sorge.de\/?page_id=4218\" target=\"_blank\" rel=\"noopener\"><strong>auf meiner Website<\/strong><\/a>.\u00a0<\/div>\n<div align=\"left\">\u00a0<\/div>\n<\/div>\n<p><a style=\"font-family: arial, helvetica, sans-serif; font-size: medium;\" href=\"https:\/\/commons.wikimedia.org\/wiki\/File:Alte_Synagoge_Erfurt.JPG\" target=\"_blank\" rel=\"noopener\"><img loading=\"lazy\" decoding=\"async\" src=\"https:\/\/www.seele-und-sorge.de\/wp-content\/uploads\/2022\/06\/Synagoge_Erfurt.jpg\" width=\"300\" height=\"276\" align=\"left\" hspace=\"10\" vspace=\"10\" \/><\/a><\/p>\n<p>Die <a style=\"color: #2b6d07;\" href=\"https:\/\/juedisches-leben.erfurt.de\/jl\/de\/mittelalter\/alte_synagoge\/index.html\"><strong>alte Synagoge in Erfurt<\/strong><\/a>\u00a0ist eine der \u00e4ltesten noch erhaltenen Synagogen Europas. Ein schlichter Bau aus dem 11. Jahrhundert, an dem sich doch viel \u00fcber die Geschichte von J\u00fcd*innen in Erfurt ablesen l\u00e4sst. Im letzten Jahr reichte die Stadt bei der UNESCO den Antrag ein, ihr j\u00fcdisches Erbe in die Liste des Weltkulturerbes aufzunehmen. In diesem Sommer wird dar\u00fcber entschieden. Das Max Weber Kolleg an der Universit\u00e4t Erfurt hat in seinem Projekt <a style=\"color: #2b6d07;\" href=\"https:\/\/projekte.uni-erfurt.de\/maxweberkolleg\/2021\/01\/07\/erfurt-the-blue-city\/\" target=\"_blank\" rel=\"noopener\"><strong>Erfurt. The Blue City<\/strong><\/a>\u00a0ein sehr sch\u00f6nes Buch herausgebracht, das der wechselseitigen Formierung von Religion und Urbanit\u00e4t in der Stadt nachgeht. Es wird gut nachvollziehbar, dass Erfurt im Mittelalter zu den herausragenden Metropolen Europas geh\u00f6rte. <a style=\"color: #2b6d07;\" href=\"https:\/\/www.academia.edu\/45011819\/Erfurt_The_Blue_City_Die_blaue_Stadt_bilingual_\" target=\"_blank\" rel=\"noopener\"><strong>Hier<\/strong><\/a>\u00a0l\u00e4sst es sich als PDF nachlesen. Blau hei\u00dft Erfurt \u00fcbrigens wegen des F\u00e4rberkrauts, Waid, das dort angebaut wurde und mit dessen Handel die Stadt zu ihrem Reichtum kam. Noch heute gilt Erfurt als Blumen- und Gartenbaustadt.<\/p>\n<p><strong>Gedenkst\u00e4tte Esterwegen<\/strong><\/p>\n<p><a style=\"font-family: arial, helvetica, sans-serif; font-size: medium;\" href=\"https:\/\/www.seele-und-sorge.de\/?page_id=6674\" target=\"_blank\" rel=\"noopener\"><img loading=\"lazy\" decoding=\"async\" src=\"https:\/\/www.seele-und-sorge.de\/wp-content\/uploads\/2022\/06\/Gedenkstaette-Esterwegen.jpg\" width=\"300\" height=\"300\" align=\"left\" hspace=\"10\" vspace=\"10\" \/><\/a><\/p>\n<p>Die Gedenkst\u00e4tte Esterwegen im Emsland erinnert an die dortigen Lager, in denen die Nazis vor allem Menschen aus dem politischen Widerstand gefangen hielten, sie f\u00fcr die Arbeit im Moor und sp\u00e4ter in sogenannten kriegswichtigen Betrieben ausbeuteten und misshandelten. Zwischen 1934 und 1936 war Esterwegen das zweitgr\u00f6\u00dfte KZ in Deutschland nach Dachau, sp\u00e4ter wurde es Strafgefangenenlager. In der sehr durchdacht gestalteten Gedenkst\u00e4tte l\u00e4sst sich beispielsweise der groteske Gegensatz zwischen den Vergn\u00fcgungseinrichtungen der dortigen Offiziere und den Unterk\u00fcnften f\u00fcr die Gefangenen beobachten. Auch die <a style=\"color: #2b6d07;\" href=\"https:\/\/www.gedenkstaette-esterwegen.de\/\" target=\"_blank\" rel=\"noopener\"><strong>Website des Ortes<\/strong><\/a>\u00a0ist sehr gut aufbereitet. W\u00e4hrend ich durch die Gedenkst\u00e4tte ging, musste ich an die heutigen Widerstandsk\u00e4mpfer denken, die in Lager gesperrt sind, besonders prominent Alexej Nawalny, \u00fcber den Daniel Roher einen so eindr\u00fccklichen\u00a0<a style=\"color: #2b6d07;\" href=\"https:\/\/www.imdb.com\/title\/tt17041964\/\" target=\"_blank\" rel=\"noopener\"><strong>Dokumentarfilm<\/strong><\/a>\u00a0gedreht hat. Und auch die sogenannten Umerziehungslager f\u00fcr Uiguren in China, \u00fcber die wir in den letzten Wochen wieder so f\u00fcrchterliche Nachrichten und Bilder bekommen haben, standen mir vor Augen. Wie viele Lager und Gef\u00e4ngnisse gibt es wohl schon in der von Putins Truppen besetzten Ukraine?<\/p>\n<p><a style=\"font-family: arial, helvetica, sans-serif; font-size: medium;\" href=\"https:\/\/www.seele-und-sorge.de\/?page_id=6674\" target=\"_blank\" rel=\"noopener\"><img loading=\"lazy\" decoding=\"async\" src=\"https:\/\/www.seele-und-sorge.de\/wp-content\/uploads\/2022\/06\/CD-Die-Grenzgaenger-und-weil-der-Mensch-ein-Mensch-ist-Lager-Lieder-Widerstand.jpg\" width=\"200\" height=\"161\" align=\"left\" hspace=\"10\" vspace=\"10\" \/><\/a><\/p>\n<p>Ich habe aus Esterwegen eine tolle CD mitgenommen. Die Gruppe Die Grenzg\u00e4nger spielt darauf Lieder aus den Lagern und aus dem Widerstand, dass es unter die Haut geht: <a style=\"color: #2b6d07;\" href=\"https:\/\/www.die-grenzg\u00e4nger.de\/downloads\/lager-lieder-widerstand\/cd.pdf\" target=\"_blank\" rel=\"noopener\"><strong><em>und weil der Mensch ein Mensch ist.<\/em> Lager Lieder Widerstand<\/strong><\/a>.<\/p>\n<p>Ein sch\u00f6ner Tagungsort, den ich noch empfehlen m\u00f6chte, ist das <a style=\"color: #2b6d07;\" href=\"https:\/\/www.st-bernhard-rastatt.de\/\" target=\"_blank\" rel=\"noopener\"><strong>Haus St. Bernhard in Rastatt<\/strong><\/a>. Freundlicher Service, moderne Tagungsausstattung, wundervolles regionales Essen \u2013 und nat\u00fcrlich die herrliche Landschaft dort machen das Haus unbedingt empfehlenswert.\u00a0<\/p>\n<p><a style=\"font-family: arial, helvetica, sans-serif; font-size: medium;\" href=\"https:\/\/www.seele-und-sorge.de\/?page_id=6674\" target=\"_blank\" rel=\"noopener\"><img loading=\"lazy\" decoding=\"async\" src=\"https:\/\/www.seele-und-sorge.de\/wp-content\/uploads\/2022\/06\/Inzell_200.jpg\" width=\"200\" height=\"150\" align=\"left\" hspace=\"10\" vspace=\"10\" \/><\/a><\/p>\n<p>Und nicht zu toppen: Die Natur im Chiemgau, die ich bei einer Tagung im <a style=\"color: #2b6d07;\" href=\"https:\/\/www.heissenhof.de\/cms\/\" target=\"_blank\" rel=\"noopener\"><strong>Hei\u00dfenhof in Inzell<\/strong><\/a>\u00a0genie\u00dfen durfte. Da passt es, dass in die Fortbildung ein kleiner Fotokurs eingeflochten war: Sehen lernen und zuh\u00f6ren lernen, das geh\u00f6rt eben zusammen.<\/p>\n<p>Und falls Sie mal in Dornbirn in Vorarlberg sind, sollten Sie das <strong><a style=\"color: #2b6d07;\" href=\"https:\/\/www.cafe21.at\/home\/cafe-21\/\" target=\"_blank\" rel=\"noopener\">Caf\u00e9 21<\/a><\/strong>\u00a0besuchen. Wir k\u00f6nnten einen ganzen Monat lang t\u00e4glich dorthin gehen und f\u00e4nden immer etwas Neues, Begeisterndes f\u00fcr jeden, fand mein Mann!<\/p>\n<h2>\u00a0<\/h2>\n<table style=\"width: 534px; border-collapse: collapse; background-color: #d9e3aa; height: 24px;\" border=\"0\">\n<tbody>\n<tr style=\"height: 24px;\">\n<td style=\"width: 530px; background-color: #d9e3aa; height: 24px;\">\n<h2><span style=\"color: #cd9522;\">B\u00fccher von Freund*innen<\/span><\/h2>\n<\/td>\n<\/tr>\n<\/tbody>\n<\/table>\n<table style=\"height: 911px; width: 534px; border-collapse: collapse;\">\n<tbody>\n<tr style=\"height: 24px;\">\n<td style=\"height: 24px; vertical-align: top; width: 116.719px;\">\u00a0<\/td>\n<td style=\"height: 24px; vertical-align: top; width: 10.0625px;\">\u00a0<\/td>\n<td style=\"width: 397.219px; height: 24px; vertical-align: top;\">\u00a0<\/td>\n<\/tr>\n<tr style=\"height: 24px;\">\n<td style=\"height: 24px; vertical-align: top; width: 116.719px;\"><img loading=\"lazy\" decoding=\"async\" src=\"https:\/\/www.seele-und-sorge.de\/wp-content\/uploads\/2022\/05\/Espresso.jpg\" width=\"100\" height=\"152\" \/><\/td>\n<td style=\"height: 24px; vertical-align: top; width: 10.0625px;\">\u00a0<\/td>\n<td style=\"width: 397.219px; height: 24px; vertical-align: top;\">Espresso, das ist die intensive Form von Kaffee: nur ein kleiner Schluck, der doch belebt und uns mit der ganzen F\u00fclle des Aromas umgibt. Auch ein Gottesdienst, so die Intuition der Herausgeber*innen Stephan Goldschmidt, Lars Hillebold und Margit Zahn, kann in kleiner (Zeit-)Menge eine gro\u00dfe Dichte entfalten. <a style=\"color: #2b6d07;\" href=\"https:\/\/neukirchener-verlage.de\/catalog\/product\/view\/_ignore_category\/1\/id\/1991041\/s\/fasse-dich-kurz-gottesdienste-im-espresso-format-9783761568354\/\" target=\"_blank\" rel=\"noopener\"><strong>Das Buch<\/strong><\/a>\u00a0enth\u00e4lt Hinweise f\u00fcr 25 kreative Gottesdienste. Mein Entwurf f\u00fcr den Sp\u00e4tsommer widmet sich der Frage: Wer ist mein Mitmensch?<\/td>\n<\/tr>\n<tr style=\"height: 24px;\">\n<td style=\"height: 24px; vertical-align: top; width: 116.719px;\">\u00a0<\/td>\n<td style=\"height: 24px; vertical-align: top; width: 10.0625px;\">\u00a0<\/td>\n<td style=\"width: 397.219px; height: 24px; vertical-align: top;\">\u00a0<\/td>\n<\/tr>\n<tr style=\"height: 24px;\">\n<td style=\"height: 24px; vertical-align: top; width: 116.719px; background-color: #d9e3aa;\"><img loading=\"lazy\" decoding=\"async\" src=\"https:\/\/www.seele-und-sorge.de\/wp-content\/uploads\/2022\/05\/Evangelischen-Zeitschrift.jpg\" width=\"100\" height=\"153\" \/><\/td>\n<td style=\"height: 24px; vertical-align: top; width: 10.0625px; background-color: #d9e3aa;\">\u00a0<\/td>\n<td style=\"width: 397.219px; height: 24px; vertical-align: top; background-color: #d9e3aa;\">\u201eDiakonische Kirche werden\u201c, das ist das Thema <strong><a style=\"color: #2b6d07;\" href=\"https:\/\/www.penguinrandomhouse.de\/content\/attachment\/landingpages\/inhalt_evangelische_theologie_2022_82_2_99610.pdf\" target=\"_blank\" rel=\"noopener\">der neuen Ausgabe der Evangelischen Zeitschrift<\/a><\/strong>. In meinem Beitrag \u201eAuf dem Weg zum neuen Wir\u201c habe ich zentrale Erfahrungen aus der Pandemie reflektiert.\u00a0<\/td>\n<\/tr>\n<tr style=\"height: 24px;\">\n<td style=\"height: 24px; vertical-align: top; width: 116.719px;\">\u00a0<\/td>\n<td style=\"height: 24px; vertical-align: top; width: 10.0625px;\">\u00a0<\/td>\n<td style=\"width: 397.219px; height: 24px; vertical-align: top;\">\u00a0<\/td>\n<\/tr>\n<tr style=\"height: 24px;\">\n<td style=\"height: 23px; vertical-align: top; width: 116.719px;\"><img loading=\"lazy\" decoding=\"async\" src=\"https:\/\/www.seele-und-sorge.de\/wp-content\/uploads\/2022\/05\/Ruhestand.jpg\" width=\"100\" height=\"149\" \/><\/td>\n<td style=\"height: 23px; vertical-align: top; width: 10.0625px;\">\u00a0<\/td>\n<td style=\"width: 397.219px; height: 23px; vertical-align: top;\">Ein Projekt, an dem ich besonders gern mitgearbeitet habe: Gemeinsam mit vielen Engagierten sowie mit anderen Autor*innen sind Bernt Renzenbrink und Gerhard Wegner <strong><a style=\"color: #2b6d07;\" href=\"https:\/\/www.eva-leipzig.de\/product_info.php?info=p5235_Engagement-im-Ruhestand.html&amp;XTCsid=6c1e19bc3e01c22480455e46e3651d67\" target=\"_blank\" rel=\"noopener\">der Frage nachgegangen<\/a><\/strong>, was Menschen motiviert, auch im Rentenalter aktiv zu sein und ihre Kompetenzen ehrenamtlich in den verschiedensten gesellschaftlichen Feldern einzubringen. In den Antworten scheint immer wieder etwas sehr Grunds\u00e4tzliches auf dar\u00fcber, wie Menschen ihr Sein in der Welt deuten \u2013 eben auch jenseits der Erwerbsarbeit. Ein sehr inspirierendes Buch.<\/td>\n<\/tr>\n<tr style=\"height: 24px;\">\n<td style=\"height: 24px; vertical-align: top; width: 116.719px;\">\u00a0<\/td>\n<td style=\"height: 24px; vertical-align: top; width: 10.0625px;\">\u00a0<\/td>\n<td style=\"width: 397.219px; height: 24px; vertical-align: top;\">\u00a0<\/td>\n<\/tr>\n<tr style=\"height: 24px;\">\n<td style=\"height: 24px; vertical-align: top; width: 116.719px; background-color: #d9e3aa;\"><img loading=\"lazy\" decoding=\"async\" src=\"https:\/\/www.seele-und-sorge.de\/wp-content\/uploads\/2022\/05\/Offboarding.jpg\" width=\"100\" height=\"140\" \/><\/td>\n<td style=\"height: 24px; vertical-align: top; width: 10.0625px; background-color: #d9e3aa;\">\u00a0<\/td>\n<td style=\"width: 397.219px; height: 24px; background-color: #d9e3aa; vertical-align: top;\"><strong><a style=\"color: #2b6d07;\" href=\"https:\/\/www.lambertus.de\/offboarding-3350-8\/\" target=\"_blank\" rel=\"noopener\">Offboarding<\/a><\/strong>\u00a0hei\u00dft ein von Angelika Ga\u00dfmann herausgegebenes Buch. Das Besondere: F\u00fcr das Verst\u00e4ndnis des \u00dcbergangs zwischen Berufsleben und Ruhestand von Fach- und F\u00fchrungskr\u00e4ften nimmt es sowohl die Perspektive der Unternehmen als auch die der Gehenden in den Blick, sowohl organisationspsychologische und managementbezogene Aspekte als auch die Emotionen der Einzelnen. Unter dem Motto \u201eSich regen bringt Segen\u201c habe ich mich mit einem Beitrag zu eigenen Initiativen und Unternehmensangeboten im \u00dcbergang an diesem vielschichtigen und f\u00fcr alle Seiten auch praktisch hilfreichen Buch beteilig<\/td>\n<\/tr>\n<tr style=\"height: 24px;\">\n<td style=\"height: 24px; vertical-align: top; width: 116.719px;\">\u00a0<\/td>\n<td style=\"height: 24px; vertical-align: top; width: 10.0625px;\">\u00a0<\/td>\n<td style=\"width: 397.219px; height: 24px; vertical-align: top;\">\u00a0<\/td>\n<\/tr>\n<tr style=\"height: 24px;\">\n<td style=\"height: 24px; vertical-align: top; width: 116.719px;\"><img loading=\"lazy\" decoding=\"async\" src=\"https:\/\/www.seele-und-sorge.de\/wp-content\/uploads\/2022\/05\/Offen.jpg\" width=\"100\" height=\"144\" \/><\/td>\n<td style=\"height: 24px; vertical-align: top; width: 10.0625px;\">\u00a0<\/td>\n<td style=\"width: 397.219px; height: 24px; vertical-align: top;\">Christsein aus Wahrheit und Vernunft, das ist eines der Leitprinzipien von Eberhard Pausch. Die Aufs\u00e4tze, Predigten und Ansprachen in seinem Buch <strong><a style=\"color: #2b6d07;\" href=\"https:\/\/www.lit-verlag.de\/isbn\/978-3-643-15089-9\" target=\"_blank\" rel=\"noopener\">Offen, links und frei<\/a><\/strong> f\u00fchren mit gro\u00dfer Leidenschaft das Potenzial des Linksprotestantismus vor Augen. Und animieren zum Engagement. Denn, wie er im Motto Karl Popper zitiert: \u201eDie Zukunft ist weit offen. Sie h\u00e4ngt von uns ab. Von uns allen.\u201c Das Geleitwort schrieb Heike Hofmann, Vizepr\u00e4sidentin des Hessischen Landtags.<\/td>\n<\/tr>\n<tr style=\"height: 24px;\">\n<td style=\"height: 24px; vertical-align: top; width: 116.719px;\">\u00a0<\/td>\n<td style=\"height: 24px; vertical-align: top; width: 10.0625px;\">\u00a0<\/td>\n<td style=\"width: 397.219px; height: 24px; vertical-align: top;\">\u00a0<\/td>\n<\/tr>\n<tr style=\"height: 24px;\">\n<td style=\"height: 24px; vertical-align: top; width: 116.719px; background-color: #d9e3aa;\"><img loading=\"lazy\" decoding=\"async\" src=\"https:\/\/www.seele-und-sorge.de\/wp-content\/uploads\/2022\/06\/Einsam.jpg\" width=\"100\" height=\"149\" \/><\/td>\n<td style=\"height: 24px; vertical-align: top; width: 10.0625px; background-color: #d9e3aa;\">\u00a0<\/td>\n<td style=\"width: 397.219px; height: 24px; vertical-align: top; background-color: #d9e3aa;\">Durch die Coronapandemie ist ein Problem mehr ins Bewusstsein ger\u00fcckt, das oft \u00fcbersehen wird: Einsamkeit. Kann Alleinsein ein gew\u00fcnschter Zustand sein, so erleben Menschen Einsamkeit als schmerzlich. Der von Astrid Giebel, Daniel H\u00f6rsch, Georg Hofmeister und Ulrich Lilie herausgegebene <strong><a style=\"color: #2b6d07;\" href=\"https:\/\/www.diakonie-duesseldorf.de\/magazin\/themen\/einsamkeit\/das-ministerium-fuer-einsamkeit-in-grossbritannien%20\" target=\"_blank\" rel=\"noopener\">Band<\/a><\/strong>\u00a0widmet sich sowohl der Entstehung und der Verbreitung von Einsamkeit als auch m\u00f6glichen Formen, ihr entgegenzutreten.\u00a0<\/td>\n<\/tr>\n<tr style=\"height: 24px;\">\n<td style=\"height: 24px; vertical-align: top; width: 116.719px;\">\u00a0<\/td>\n<td style=\"height: 24px; vertical-align: top; width: 10.0625px;\">\u00a0<\/td>\n<td style=\"width: 397.219px; height: 24px; vertical-align: top;\">\u00a0<\/td>\n<\/tr>\n<tr style=\"height: 24px;\">\n<td style=\"vertical-align: top; width: 116.719px; height: 24px;\"><img loading=\"lazy\" decoding=\"async\" src=\"https:\/\/www.seele-und-sorge.de\/wp-content\/uploads\/2022\/05\/Plaetze.jpg\" width=\"100\" height=\"152\" \/><\/td>\n<td style=\"vertical-align: top; width: 10.0625px; height: 24px;\">\u00a0<\/td>\n<td style=\"width: 397.219px; vertical-align: top; height: 24px;\">Es ist, bekunden \u00e4ltere, auch hochaltrige Menschen oft, die Sehnsucht nach Gemeinschaft, die sie die Angebote der \u201eSenior*innenarbeit\u201c annehmen l\u00e4sst. Doch wie kann unter Menschen, die sich oft gar nicht kennen, Gemeinschaft entstehen? Susanne Fetzer hat <a style=\"color: #2b6d07;\" href=\"https:\/\/neukirchener-verlage.de\/catalog\/product\/view\/id\/1991039\/s\/auf-die-platze-fertig-los-zehn-kreative-themennachmittage-fur-die-seniorenarbeit-9783761568439\/\" target=\"_blank\" rel=\"noopener\"><strong>in ihrem Buch<\/strong><\/a>\u00a0zehn Themenentw\u00fcrfe f\u00fcr solche Treffen zusammengestellt: kreativ und ganz praxisorientiert, beispielsweise auch mit Kopiervorlagen in einem Downloadbereich.<\/td>\n<\/tr>\n<tr style=\"height: 24px;\">\n<td style=\"vertical-align: top; width: 116.719px; height: 24px;\">\u00a0<\/td>\n<td style=\"vertical-align: top; width: 10.0625px; height: 24px;\">\u00a0<\/td>\n<td style=\"width: 397.219px; vertical-align: top; height: 24px;\">\u00a0<\/td>\n<\/tr>\n<tr style=\"height: 288px;\">\n<td style=\"vertical-align: top; width: 116.719px; height: 288px; background-color: #d9e3aa;\"><img loading=\"lazy\" decoding=\"async\" src=\"https:\/\/www.seele-und-sorge.de\/wp-content\/uploads\/2022\/05\/Verdienst.jpg\" width=\"100\" height=\"150\" \/><\/td>\n<td style=\"vertical-align: top; width: 10.0625px; height: 288px; background-color: #d9e3aa;\">\u00a0<\/td>\n<td style=\"width: 397.219px; vertical-align: top; height: 288px; background-color: #d9e3aa;\">Die Gesellschaft ver\u00e4ndern, sich der Ausgrenzung von Menschen widersetzen \u2013 das war im 19. Jahrhundert das Werk vieler Frauen, die wir mit Fug und Recht als Vork\u00e4mpferinnen des heutigen Sozialstaates betrachten k\u00f6nnen. Doch die meisten von ihnen sind vergessen. Georg-Hinrich Hammer, ehemals Vorstand im Friedenshort, <strong><a style=\"color: #2b6d07;\" href=\"https:\/\/shop.kohlhammer.de\/nur-ein-stilles-verdienst-42216.html#147=19\" target=\"_blank\" rel=\"noopener\">hat sich auf ihre Spuren begeben<\/a><\/strong>\u00a0\u2013 und in ihrer Arbeit auch wichtige Impulse f\u00fcr heutiges Engagement entdeckt. Ich habe das Buch in der Zeitschrift P&amp;S\u00a0 besprochen.<\/td>\n<\/tr>\n<tr style=\"height: 168px;\">\n<td style=\"vertical-align: top; width: 116.719px; height: 168px;\"><img loading=\"lazy\" decoding=\"async\" src=\"https:\/\/www.seele-und-sorge.de\/wp-content\/uploads\/2022\/06\/Cover-Hoffnungsstur.jpg\" width=\"100\" height=\"112\" \/><\/td>\n<td style=\"vertical-align: top; width: 10.0625px; height: 168px;\">\u00a0<\/td>\n<td style=\"width: 397.219px; vertical-align: top; height: 168px;\">Es beginnt schon mit den beiden wunderbaren Worten, die Thomas M\u00e4ule als Titel dieses Buchs gew\u00e4hlt hat: Hoffnungsstur und l\u00f6sungsfinderisch. Sie stammen aus Predigten und Texten von Antonie Kraut, der Gr\u00fcnderin der <strong><a style=\"color: #2b6d07;\" href=\"https:\/\/www.ev-heimstiftung.de\/\" target=\"_blank\" rel=\"noopener\">Evangelischen Heimstiftung<\/a><\/strong>, und sie kennzeichnen zugleich eine engagierte Vork\u00e4mpferin der sozialen Arbeit. Die in dem Band versammelten Texte k\u00f6nnen in der Tat Mut machen, wie es im Untertitel hei\u00dft.<\/td>\n<\/tr>\n<tr style=\"height: 24px;\">\n<td style=\"vertical-align: top; width: 116.719px; height: 24px;\">\u00a0<\/td>\n<td style=\"vertical-align: top; width: 10.0625px; height: 24px;\">\u00a0<\/td>\n<td style=\"width: 397.219px; vertical-align: top; height: 24px;\">\u00a0<\/td>\n<\/tr>\n<tr style=\"height: 24px;\">\n<td style=\"vertical-align: top; width: 116.719px; height: 24px; background-color: #d9e3aa;\"><img loading=\"lazy\" decoding=\"async\" src=\"https:\/\/www.seele-und-sorge.de\/wp-content\/uploads\/2022\/05\/Biografiearbeit-online.png\" width=\"100\" height=\"153\" \/><\/td>\n<td style=\"vertical-align: top; width: 10.0625px; height: 24px; background-color: #d9e3aa;\">\u00a0<\/td>\n<td style=\"width: 397.219px; vertical-align: top; height: 24px; background-color: #d9e3aa;\">Im Juli erscheint das Praxishandbuch <strong><a style=\"color: #2b6d07;\" href=\"https:\/\/shop.autorenwelt.de\/products\/praxishandbuch-biografiearbeit-online-von-sylvia-dellemann-teresa-a-k-kaya-teresa-a-k-kaya-und-erika-ramsauer?variant=40034777989213\" target=\"_blank\" rel=\"noopener\">Biografiearbeit Online<\/a><\/strong>, das Teresa Kaya zusammen mit Sylvia Dellemann und Erika Ramsauer herausgegeben hat und das die Chancen der internetgest\u00fctzten Biografiearbeit herausdestilliert. Ich habe zu dem Buch ebenfalls einen Beitrag geschrieben, bei dem ich die reichen Erfahrungen aus den Onlinegespr\u00e4chen einbringen konnte, die ich im ersten Coronajahr unter dem Titel <strong><a style=\"color: #2b6d07;\" href=\"https:\/\/www.seele-und-sorge.de\/?page_id=5293\" target=\"_blank\" rel=\"noopener\">Oma trotzt Corona<\/a><\/strong>\u00a0organisiert habe.<\/td>\n<\/tr>\n<tr style=\"height: 24px;\">\n<td style=\"vertical-align: top; width: 116.719px; height: 24px;\">\u00a0<\/td>\n<td style=\"vertical-align: top; width: 10.0625px; height: 24px;\">\u00a0<\/td>\n<td style=\"width: 397.219px; vertical-align: top; height: 24px;\">\u00a0<\/td>\n<\/tr>\n<tr style=\"height: 24px;\">\n<td style=\"vertical-align: top; width: 116.719px; height: 24px;\"><img loading=\"lazy\" decoding=\"async\" src=\"https:\/\/www.seele-und-sorge.de\/wp-content\/uploads\/2022\/05\/Alter-Knabe.jpg\" width=\"100\" height=\"158\" \/><\/td>\n<td style=\"vertical-align: top; width: 10.0625px; height: 24px;\">\u00a0<\/td>\n<td style=\"width: 397.219px; vertical-align: top; height: 24px;\">G\u00fcnter A. Menne, mit dem ich vor langer Zeit in K\u00f6ln zusammengearbeitet habe, arbeitet seit vielen Jahren als Coach. Zugleich ist er ein begeisterter Naturhornspieler. In seinem auch sehr pers\u00f6nlichen <strong><a style=\"color: #2b6d07;\" href=\"https:\/\/www.buecher.de\/shop\/zen-buddhismus\/des-alten-knaben-wunderhorn\/menne-guenter\/products_products\/detail\/prod_id\/63896332\/\" target=\"_blank\" rel=\"noopener\">Buch<\/a><\/strong>\u00a0bringt er Erfahrungen aus beidem zusammen. Das \u00dcben im Naturhornspiel beschreibt er als \u2013 zielfreies \u2013 Erkunden der eigenen M\u00f6glichkeiten und des eigenen Tons. Diese Hingabe k\u00f6nne einen anderen Menschen aus einem machen. Seine Beschreibungen machen das sehr nachvollziehbar!<\/td>\n<\/tr>\n<tr>\n<td style=\"vertical-align: top; width: 116.719px;\">\u00a0<\/td>\n<td style=\"vertical-align: top; width: 10.0625px;\">\u00a0<\/td>\n<td style=\"width: 397.219px; vertical-align: top;\">\u00a0<\/td>\n<\/tr>\n<tr>\n<td style=\"vertical-align: top; width: 116.719px; background-color: #d9e3aa;\"><img loading=\"lazy\" decoding=\"async\" src=\"https:\/\/www.seele-und-sorge.de\/wp-content\/uploads\/2022\/05\/Hephata.jpg\" width=\"100\" height=\"165\" \/><\/td>\n<td style=\"vertical-align: top; width: 10.0625px; background-color: #d9e3aa;\">\u00a0<\/td>\n<td style=\"width: 397.219px; vertical-align: top; background-color: #d9e3aa;\">Die Aprilausgabe des Hephatamagazins widmet sich dem so grundlegenden wie r\u00e4tselhaften Ph\u00e4nomen der Zeit. Mit meinem Beitrag f\u00fcr das Heft habe ich mich der Spannung ausgesetzt zwischen dem wahren Zeitdruck, der durch die aktuellen klimatischen und gesellschaftlichen Herausforderungen auf uns lastet, und dem Bed\u00fcrfnis nach einem ganz eigenen Rhythmus, das wir ebenfalls versp\u00fcren. Wenn Sie m\u00f6gen, schauen Sie doch mal rein, <strong><a style=\"color: #2b6d07;\" href=\"https:\/\/hephata-mg.de\/files\/media\/downloads\/hephatamagazin\/HephataMagazin59.pdf\" target=\"_blank\" rel=\"noopener\">das Heft ist auch online verf\u00fcgbar<\/a><\/strong>.\u00a0<\/td>\n<\/tr>\n<\/tbody>\n<\/table>\n<\/div>\n<div align=\"left\">\n<h2>\u00a0<\/h2>\n<h2><span style=\"color: #cd9522;\">Von der Sehnsucht<\/span><\/h2>\n<p><a style=\"font-family: arial, helvetica, sans-serif; font-size: medium;\" href=\"https:\/\/www.seele-und-sorge.de\/?page_id=6674\" target=\"_blank\" rel=\"noopener\"><img loading=\"lazy\" decoding=\"async\" src=\"https:\/\/www.seele-und-sorge.de\/wp-content\/uploads\/2022\/06\/Europa.jpg\" width=\"200\" height=\"300\" align=\"left\" hspace=\"10\" vspace=\"10\" \/><\/a><\/p>\n<p>Vom blauen Erfurt war schon die Rede. Auch wenn die Waidpflanze nichts damit zu tun hat \u2013 ich habe dort \u00f6fter an die blaue Blume der Romantik denken m\u00fcssen. Wir begehen in diesem Jahr den 250. Geburtstag von Georg Philipp Friedrich von Hardenberg, besser bekannt als Novalis. In seinem Geburtshaus, <a style=\"color: #2b6d07;\" href=\"https:\/\/www.novalis-stiftung.de\/index.php\" target=\"_blank\" rel=\"noopener\"><strong>Schloss Oberwiederstedt im S\u00fcdharz<\/strong><\/a>, gab es aus diesem Anlass eine gro\u00dfe Veranstaltung samt Neuer\u00f6ffnung der Museumsausstellung. Der ehemalige rheinische Pr\u00e4ses Peter Beier, in den 1990er Jahren mein Chef im Landeskirchenamt, hielt seine Ehrendoktorrede an der Uni Bonn zu Novalis\u2018 Schrift \u201eDie Christenheit und Europa\u201c. <strong>\u201eNovalis erinnert beharrlich daran, da\u00df Europa, soll es je werden, den Traum bewahren muss, der in den Bildern seiner Geschichte atmet\u201c<\/strong>, sagte er damals. Viele Jahre hatten wir seitdem den Eindruck, die Vision von einem neuen Europa spiele keine Rolle mehr \u2013 bis jetzt, wo so viele Staaten sich zugeh\u00f6rig f\u00fchlen zu diesem Raum des Rechts und der Freiheit \u2013 von der Ukraine \u00fcber Moldau und Belarus bis nach Georgien. <strong>Die <a style=\"color: #2b6d07;\" href=\"https:\/\/www.karlspreis.de\/de\/aktuelles\/karlspreis-2022\" target=\"_blank\" rel=\"noopener\">Verleihung des Karlspreises<\/a> an die belarussischen Oppositionspolitikerinnen und K\u00e4mpferinnen gegen die Diktatur in ihrem Land Maria Kalesnikava, Svetlana Tichanowskaja und Veronica\u00a0<\/strong><strong>Tsepcalo<\/strong>\u00a0<strong>erscheint mir als ein gro\u00dfes Zeichen \u2013 in Richtung Belarus, aber auch f\u00fcr die eigentlichen Werte Europas.<\/strong><\/p>\n<p>Novalis strebte nach Harmonie von Mensch und Natur, Kunst und Wissenschaft. Vielleicht kann man viele der heutigen K\u00fcnstler*innen, die sich mit unserer Umwelt auseinandersetzen und dabei die (natur-)wissenschaftliche Recherche zum Ausgangspunkt f\u00fcr die Arbeit mit ihren k\u00fcnstlerischen Mitteln nehmen, in seiner Nachfolge verstehen.\u00a0<\/p>\n<p><a style=\"font-family: arial, helvetica, sans-serif; font-size: medium;\" href=\"https:\/\/commons.wikimedia.org\/wiki\/File:Giardini_2007.jpg\" target=\"_blank\" rel=\"noopener\"><img loading=\"lazy\" decoding=\"async\" src=\"https:\/\/www.seele-und-sorge.de\/wp-content\/uploads\/2022\/06\/Biennale.jpg\" width=\"300\" height=\"264\" align=\"left\" hspace=\"10\" vspace=\"10\" \/><\/a><\/p>\n<p>Darauf werde ich jedenfalls achten, wenn wir die <strong><a style=\"color: #2b6d07;\" href=\"https:\/\/www.labiennale.org\/en\/art\/2022\/information\" target=\"_blank\" rel=\"noopener\">Biennale in Venedig<\/a> besuchen, die wir immer als inspirierend erleben<\/strong>. Diesmal wird uns vermutlich wie so viele andere der \u201eBrunnen der Ersch\u00f6pfung\u201c anziehen, den der ukrainische K\u00fcnstler Pavlo Makov f\u00fcr den ukrainischen Pavillon gestaltet hat. Nicht nur die fossilen Energiereserven sind ersch\u00f6pft, auch viele andere Kr\u00e4fte des Zusammenhalts und der Hoffnung. Die Kunst kann diese Wahrheit ausdr\u00fccken und doch geht von ihr eine eigene Kraft aus, die diese Wirklichkeiten \u00fcbersteigt. F\u00fcr mich hat das auch etwas Pfingstliches, <strong>denn Pfingsten: Das ist das volle Leben, ist Traum und Gesang und die Kraft zur Ver\u00e4nderung der Wirklichkeit<\/strong>.<\/p>\n<p align=\"center\">\u00a0<\/p>\n<p><span style=\"color: #cd9522;\"><strong>Ich w\u00fcnsche Ihnen frohe Pfingsten!<\/strong><\/span><\/p>\n<p><span style=\"color: #d1870f; font-size: large;\"><span style=\"color: #cd9522; font-size: large;\">Ihre Cornelia Coenen-Marx<\/span><br \/><\/span><span style=\"color: #999999;\">Seele und Sorge GBR<br \/><\/span><span style=\"color: #999999; font-family: Verdana, Arial, Helvetica, sans-serif; font-size: 14px;\">Impulse \u2013 Workshops \u2013 Beratung<\/span><\/p>\n<p align=\"center\"><span style=\"color: #999999; font-family: Verdana, Arial, Helvetica, sans-serif; font-size: 14px;\"><span style=\"color: #808080; font-family: Helvetica; font-size: 12px; caret-color: #000000;\">______<\/span><\/span><\/p>\n<p><span style=\"text-align: left;\">Zum Abschluss wieder ein Gedicht \u2013 oder vielmehr der Anfang eines Gedichts. Es stammt von <a style=\"color: #2b6d07;\" href=\"https:\/\/www.suhrkamp.de\/person\/serhij-zhadan-p-5533\" target=\"_blank\" rel=\"noopener\"><strong>Serhij Zhadan<\/strong><\/a>, einem der bedeutendsten Autoren der Ukraine. Er lebt \u2013 noch immer \u2013 in Charkiv.\u00a0<\/span><\/p>\n<p><span style=\"text-align: left;\"><span style=\"color: #97af00; font-size: large;\">Die paar Wochen,\u00a0<\/span><\/span><\/p>\n<p><span style=\"color: #97af00; font-size: large;\">wenn man dem<\/span><\/p>\n<p><span style=\"color: #97af00; font-size: large;\">rotgelben Bl\u00e4ttersterben zusehen kann.<\/span><\/p>\n<p><span style=\"color: #97af00; font-size: large;\">Die B\u00e4ume stehen da wie Krebskranke \u2013<\/span><\/p>\n<p><span style=\"color: #97af00; font-size: large;\">schon jetzt ist klar, wie alles endet,<\/span><\/p>\n<p><span style=\"color: #97af00; font-size: large;\">schon jetzt l\u00e4sst sich alles erahnen,<\/span><\/p>\n<p><span style=\"color: #97af00; font-size: large;\">schon jetzt wei\u00df man, dass der Tod gewinnt,<\/span><\/p>\n<p><span style=\"color: #97af00; font-size: large;\">er aber sp\u00e4ter\u00a0<\/span><\/p>\n<p><span style=\"color: #97af00; font-size: large;\">doch weichen muss.<\/span><\/p>\n<p><span style=\"text-align: left; font-size: 12px;\"><span style=\"color: #808080; font-family: Helvetica;\"><strong>Serhij Zhadan<\/strong><\/span><\/span><span style=\"color: #808080; font-family: Helvetica;\"><br \/><\/span><\/p>\n<p><span style=\"text-align: left; font-size: 12px;\"><span style=\"color: #808080; font-family: Helvetica;\">Das vollst\u00e4ndige Gedicht finden Sie als Nummer 7 in dem Band <a style=\"color: #2b6d07;\" href=\"https:\/\/www.suhrkamp.de\/buch\/serhij-zhadan-antenne-t-9783518127520\" target=\"_blank\" rel=\"noopener\">Antenne<\/a>, der 2020 bei Suhrkamp erschien. Alle Texte wurden von Claudia Dathe ins Deutsche \u00fcbertragen.<br \/><\/span><\/span><span style=\"caret-color: #000000; text-align: left; font-size: 12px;\"><span style=\"color: #808080; font-family: Helvetica;\">\u00dcbrigens finden Sie einige von Serhij Zhadans Gedichten \u2013 sowie viele weitere \u2013 auch auf der wunderbaren Website <a style=\"color: #2b6d07;\" href=\"https:\/\/www.lyrikline.org\/de\/autoren\/serhij-zhadan\" target=\"_blank\" rel=\"noopener\">lyrikline.org<\/a>: schriftlich im Original und in deutscher \u00dcbersetzung, zum H\u00f6ren gelesen vom Autor selbst im Original.<\/span><\/span><span style=\"font-family: Helvetica; font-size: 12px; caret-color: #000000; color: #808080; text-align: left;\">\u00a0<\/span><\/p>\n<p align=\"center\"><span style=\"text-align: left; font-size: 12px;\"><span style=\"font-family: Helvetica; font-size: 12px; caret-color: #000000; color: #808080;\">______<\/span><\/span><\/p>\n<\/div>\n<\/div>\n<\/div>\n<\/div>\n<\/div>\n<\/div>\n<\/td>\n<\/tr>\n<\/tbody>\n<\/table>","protected":false},"excerpt":{"rendered":"<p>\u00a0 \u00a0 Newsletter25\/Juni 2022:Brennende Themen. Ideen, Inspirationen und Projekte\u00a0aus Kirche und Diakonie. \u00a0Diese E-Mail online ansehen Endlich erwachsen werden Risse&#8230; <a href=\"https:\/\/www.seele-und-sorge.de\/?page_id=6862\">read more<\/a><\/p>\n","protected":false},"author":1,"featured_media":0,"parent":619,"menu_order":-3,"comment_status":"closed","ping_status":"closed","template":"","meta":{"footnotes":""},"class_list":["post-6862","page","type-page","status-publish","hentry"],"_links":{"self":[{"href":"https:\/\/www.seele-und-sorge.de\/index.php?rest_route=\/wp\/v2\/pages\/6862"}],"collection":[{"href":"https:\/\/www.seele-und-sorge.de\/index.php?rest_route=\/wp\/v2\/pages"}],"about":[{"href":"https:\/\/www.seele-und-sorge.de\/index.php?rest_route=\/wp\/v2\/types\/page"}],"author":[{"embeddable":true,"href":"https:\/\/www.seele-und-sorge.de\/index.php?rest_route=\/wp\/v2\/users\/1"}],"replies":[{"embeddable":true,"href":"https:\/\/www.seele-und-sorge.de\/index.php?rest_route=%2Fwp%2Fv2%2Fcomments&post=6862"}],"version-history":[{"count":3,"href":"https:\/\/www.seele-und-sorge.de\/index.php?rest_route=\/wp\/v2\/pages\/6862\/revisions"}],"predecessor-version":[{"id":7093,"href":"https:\/\/www.seele-und-sorge.de\/index.php?rest_route=\/wp\/v2\/pages\/6862\/revisions\/7093"}],"up":[{"embeddable":true,"href":"https:\/\/www.seele-und-sorge.de\/index.php?rest_route=\/wp\/v2\/pages\/619"}],"wp:attachment":[{"href":"https:\/\/www.seele-und-sorge.de\/index.php?rest_route=%2Fwp%2Fv2%2Fmedia&parent=6862"}],"curies":[{"name":"wp","href":"https:\/\/api.w.org\/{rel}","templated":true}]}}