{"id":619,"date":"2016-09-27T08:19:51","date_gmt":"2016-09-27T08:19:51","guid":{"rendered":"http:\/\/www.seele-und-sorge.de\/?page_id=619"},"modified":"2026-02-23T07:02:18","modified_gmt":"2026-02-23T06:02:18","slug":"newsletter","status":"publish","type":"page","link":"https:\/\/www.seele-und-sorge.de\/?page_id=619","title":{"rendered":"Newsletter"},"content":{"rendered":"\n<h3 class=\"wp-block-heading\"><a href=\"http:\/\/www.seele-und-sorge.de\/wp-content\/uploads\/2015\/01\/SuS_Logo_RGB_mit-Unterzeile-Kopie.png\"><\/a><\/h3>\n\n\n<div class=\"wp-block-image\">\n<figure class=\"aligncenter is-resized\"><img loading=\"lazy\" decoding=\"async\" width=\"1024\" height=\"366\" src=\"https:\/\/www.seele-und-sorge.de\/wp-content\/uploads\/2015\/01\/SuS_Logo_RGB_mit-Unterzeile-1024x366.png\" alt=\"\" class=\"wp-image-853\" style=\"width:256px;height:92px\" srcset=\"https:\/\/www.seele-und-sorge.de\/wp-content\/uploads\/2015\/01\/SuS_Logo_RGB_mit-Unterzeile-1024x366.png 1024w, https:\/\/www.seele-und-sorge.de\/wp-content\/uploads\/2015\/01\/SuS_Logo_RGB_mit-Unterzeile-300x107.png 300w\" sizes=\"(max-width: 1024px) 100vw, 1024px\" \/><\/figure><\/div>\n\n\n<p class=\"has-white-color has-text-color has-link-color wp-elements-e302f7d0f53fe39d542b211fc3660ad4\">..<\/p>\n\n\n\n<hr class=\"wp-block-separator has-alpha-channel-opacity\"\/>\n\n\n\n<h2 class=\"wp-block-heading has-text-color has-link-color wp-elements-c35d7fb6c25a1954e59a9087d7a68ee4\" style=\"color:#cd9522;font-size:25px\"><strong>Newsletter 33 \/ Februar 2026<\/strong><\/h2>\n\n\n\n<figure class=\"wp-block-image size-full is-resized\"><a href=\"https:\/\/www.seele-und-sorge.de\/wp-content\/uploads\/2026\/02\/newsletter-head_Vorlage_500_250_20_02.jpg\"><img loading=\"lazy\" decoding=\"async\" width=\"600\" height=\"300\" src=\"https:\/\/www.seele-und-sorge.de\/wp-content\/uploads\/2026\/02\/newsletter-head_Vorlage_500_250_20_02.jpg\" alt=\"\" class=\"wp-image-8260\" style=\"width:300px\" srcset=\"https:\/\/www.seele-und-sorge.de\/wp-content\/uploads\/2026\/02\/newsletter-head_Vorlage_500_250_20_02.jpg 600w, https:\/\/www.seele-und-sorge.de\/wp-content\/uploads\/2026\/02\/newsletter-head_Vorlage_500_250_20_02-300x150.jpg 300w\" sizes=\"(max-width: 600px) 100vw, 600px\" \/><\/a><\/figure>\n\n\n\n<p class=\"has-text-color has-link-color has-medium-font-size wp-elements-e8eddedc28ea49918c829e906efb44d8\" style=\"color:#cd9522\"><strong>Neues wagen<\/strong><\/p>\n\n\n\n<p>\u201eIch freue mich schon so auf den Fr\u00fchling, das Einzige, was man nie sattkriegt, solange man lebt, was man im Gegenteil mit jedem Jahr mehr zu w\u00fcrdigen und zu lieben versteht\u201c, hat Rosa Luxemburg einmal geschrieben.\u00a0Und mir geht es in diesem Jahr ganz \u00e4hnlich. Ich freue mich auf Schneegl\u00f6ckchen, Veilchen, Forsythien. Auf Vogelgezwitscher und die Explosion von Gr\u00fcn auf unserem Walkingweg. Und auf die gelb leuchtenden Osterglocken. Wenn alles neu wird da drau\u00dfen, verbinde ich das unwillk\u00fcrlich mit der Hoffnung, dass auch in mir und bei uns alles neu werden kann, wie die Jahreslosung 2026 verspricht. <\/p>\n\n\n\n<p><a href=\"https:\/\/www.seele-und-sorge.de\/?page_id=8304\" data-type=\"link\" data-id=\"https:\/\/www.seele-und-sorge.de\/?page_id=8002\">weiterlesen<\/a><\/p>\n\n\n\n<hr class=\"wp-block-separator has-alpha-channel-opacity\"\/>\n\n\n\n<h2 class=\"wp-block-heading has-text-color has-link-color wp-elements-a72d92295c2edfc465c22dde383ad2f6\" style=\"color:#cd9522;font-size:25px\"><strong>Newsletter 32 \/ September 2025<\/strong><\/h2>\n\n\n\n<figure class=\"wp-block-image size-full is-resized\"><a href=\"https:\/\/www.seele-und-sorge.de\/wp-content\/uploads\/2025\/08\/newsletter-head_Vorlage_500_250_9_02.2025.jpg\"><img loading=\"lazy\" decoding=\"async\" width=\"600\" height=\"300\" src=\"https:\/\/www.seele-und-sorge.de\/wp-content\/uploads\/2025\/08\/newsletter-head_Vorlage_500_250_9_02.2025.jpg\" alt=\"\" class=\"wp-image-7956\" style=\"width:300px\" srcset=\"https:\/\/www.seele-und-sorge.de\/wp-content\/uploads\/2025\/08\/newsletter-head_Vorlage_500_250_9_02.2025.jpg 600w, https:\/\/www.seele-und-sorge.de\/wp-content\/uploads\/2025\/08\/newsletter-head_Vorlage_500_250_9_02.2025-300x150.jpg 300w\" sizes=\"(max-width: 600px) 100vw, 600px\" \/><\/a><\/figure>\n\n\n\n<p class=\"has-text-color has-link-color has-medium-font-size wp-elements-fd91beb666388079ab9b4ee3ceab57b0\" style=\"color:#cd9522\"><strong>Urlaub zu Hause<\/strong><\/p>\n\n\n\n<p>Dieses Jahr haben wir krankheitsbedingt unsere freien Tage auf der Terrasse verbracht. Erst war ich traurig, nicht wieder reisen und entdecken zu k\u00f6nnen. Und dann wurde es so eine besondere, auch besonders intensive Zeit. Unsere Terrasse mit dem kleinen Rasenst\u00fcck und den Heckenrosen, mit Gartend\u00fcften und Vogelgezwitscher empfand ich als Oase. Ich habe dort in diesen Wochen viel \u00fcber die Elemente des Lebens nachgedacht. \u00dcber Wolken und Winde, \u00fcber Sonne und Regen und die ganze, herrliche und doch so bedrohte Sch\u00f6pfung. <\/p>\n\n\n\n<p><a href=\"https:\/\/www.seele-und-sorge.de\/?page_id=8002\" data-type=\"link\" data-id=\"https:\/\/www.seele-und-sorge.de\/?page_id=8002\">weiterlesen<\/a><\/p>\n\n\n\n<hr class=\"wp-block-separator has-alpha-channel-opacity\"\/>\n\n\n\n<h2 class=\"wp-block-heading has-text-align-left has-text-color has-link-color wp-elements-9b3f28085ea808a62269ad4ae8a0aaa3\" style=\"color:#cd9522\"><strong><a href=\"https:\/\/www.seele-und-sorge.de\/wp-content\/uploads\/2024\/08\/newsletter-head_Vorlage_500_250_8.2024_01.jpg\"><\/a>Newsletter 31 \/ M\u00e4rz 2025<\/strong><\/h2>\n\n\n\n<figure class=\"wp-block-image size-full is-resized\"><a href=\"https:\/\/www.seele-und-sorge.de\/wp-content\/uploads\/2025\/03\/newsletter-head_Vorlage_500_250_4.2025_04.jpg\"><img loading=\"lazy\" decoding=\"async\" width=\"600\" height=\"300\" src=\"https:\/\/www.seele-und-sorge.de\/wp-content\/uploads\/2025\/03\/newsletter-head_Vorlage_500_250_4.2025_04.jpg\" alt=\"\" class=\"wp-image-7870\" style=\"width:300px\" srcset=\"https:\/\/www.seele-und-sorge.de\/wp-content\/uploads\/2025\/03\/newsletter-head_Vorlage_500_250_4.2025_04.jpg 600w, https:\/\/www.seele-und-sorge.de\/wp-content\/uploads\/2025\/03\/newsletter-head_Vorlage_500_250_4.2025_04-300x150.jpg 300w\" sizes=\"(max-width: 600px) 100vw, 600px\" \/><\/a><\/figure>\n\n\n\n<p>Sp\u00e4tsommer. Die Tage gleichen sich: lange schlafen, drau\u00dfen fr\u00fchst\u00fccken, lesen und laufen \u2013 als w\u00fcrde aus den vielen Tagen einer. Einer wie der andere. Wenn ich mich an solche Urlaube erinnere, sp\u00fcre ich, wie tief die Bilder gespeichert sind. Ich habe noch den Duft von frischem Gras in der Nase, hocke noch an einem Bergbach in der Schweiz und wir sammeln Steine, um einen kleinen Staudamm zu bauen. Doch heute h\u00f6re ich die Wellen rauschen, sehe das Meer glitzern. Hier am Gro\u00dfen Belt, oben \u00fcber der Steilk\u00fcste, sitze ich auf einer alten Holzbank, lese und schreibe. Die Worte formen sich und ich bin da. Ja, es gibt auch die anderen Urlaube, an denen wir jeden Tag eine neue Sensation sehen: eine alte Stadt, ein Museum, eine Landschaft, die wir noch nicht kannten. Wenn ich sp\u00e4ter daran denke, wundere ich mich, dass es nur f\u00fcnf oder sechs Tage waren, so viel Neues, so viel Verschiedenes steckte darin. Und manchmal bin ich froh, dass es die Handyfotos gibt, die noch von allem erz\u00e4hlen. Aber ein richtiger Urlaub muss langweilig sein, hat mir mal ein befreundeter Arzt gesagt: \u201eWenn du dich erholen willst, musst du dich entspannen und alles vergessen.\u201c&nbsp;<\/p>\n\n\n\n<p><a href=\"https:\/\/www.seele-und-sorge.de\/?page_id=7872\">weiterlesen<\/a><\/p>\n\n\n\n<hr class=\"wp-block-separator has-alpha-channel-opacity\"\/>\n\n\n<h2><strong><span style=\"color: #cd9522;\">Newsletter 30 \/ August 2024<\/span><\/strong><\/h2>\n<p>\n\n\n<\/p>\n<figure class=\"wp-block-image size-full is-resized\"><a href=\"https:\/\/www.seele-und-sorge.de\/wp-content\/uploads\/2024\/08\/newsletter-head_Vorlage_500_250_8.2024_01.jpg\"><img loading=\"lazy\" decoding=\"async\" class=\"alignnone wp-image-7698\" src=\"https:\/\/www.seele-und-sorge.de\/wp-content\/uploads\/2024\/08\/newsletter-head_Vorlage_500_250_8.2024_01.jpg\" alt=\"\" width=\"300\" height=\"150\" srcset=\"https:\/\/www.seele-und-sorge.de\/wp-content\/uploads\/2024\/08\/newsletter-head_Vorlage_500_250_8.2024_01.jpg 600w, https:\/\/www.seele-und-sorge.de\/wp-content\/uploads\/2024\/08\/newsletter-head_Vorlage_500_250_8.2024_01-300x150.jpg 300w\" sizes=\"(max-width: 300px) 100vw, 300px\" \/><\/a><\/figure>\n<p>\n\n\n<\/p>\n<p><b>Bei den letzten Maskenumz\u00fcgen zum Winterabschied tanzten zottelige Gestalten\u00a0durch die Nacht: B\u00e4ren und W\u00f6lfe mit zausligen Fellen, Trommeln und Schellen \u2013 unheimlich, fremd und schwer zu deuten.\u00a0<\/b>Beim Singspiel auf dem Nockherberg zur Feier des Starkbieranstrichs in Bayern, wo Politiker und Politikerinnen \u201ederbleckt\u201c werden, tanzte diesmal eine schwarze Katze auf einem Steckenpferd hin und her \u00fcber die B\u00fchne, ohne je ein Wort zu sagen. Alice Weidel, die sonst f\u00fcr scharfe Reden steht, blieb hier stumm \u2013 und vielleicht deshalb umso unheimlicher. Schlie\u00dflich biss sie \u201eFriedrich Merz\u201c aber eine Hand ab. Die gro\u00dfen Umbr\u00fcche seit der Inauguration von Donald Trump, der Rede von J. D. Vance bei der M\u00fcnchner Sicherheitskonferenz und seinem Treffen mit Alice Weidel, der Dem\u00fctigung des ukrainischen Pr\u00e4sidenten Wolodymyr Selenskyj durch Trump und Vance vor laufenden Kameras sowie der Regierungsbildung hier in Deutschland mit dem Beschluss \u00fcber das \u201eSchuldenpaket\u201c und den damit verbundenen Grundgesetz\u00e4nderung waren voller\u00a0<strong>Signaturen, die es wohl die meisten von uns haben schwindelig werden lassen.<\/strong>\u00a0Jetzt macht ein neuer Begriff die Runde:\u00a0<strong>Statt von der Zeitenwende ist nun vom Epochenbruch die Rede.<\/strong>\u00a0Das klingt nach Abbruch, nach Zertr\u00fcmmerung alter Gewissheiten.<\/p>\n<div align=\"left\">\n<p><a href=\"https:\/\/www.seele-und-sorge.de\/?page_id=7748\">weiterlesen<\/a><\/p>\n<\/div>\n\n\n<hr class=\"wp-block-separator has-alpha-channel-opacity\"\/>\n\n\n<h2><strong><span style=\"color: #cd9522;\"><a href=\"https:\/\/www.seele-und-sorge.de\/wp-content\/uploads\/2024\/02\/newsletter-head_Vorlage_500_250_4.jpg\"><img loading=\"lazy\" decoding=\"async\" class=\"alignleft wp-image-7554 size-medium\" src=\"https:\/\/www.seele-und-sorge.de\/wp-content\/uploads\/2024\/02\/newsletter-head_Vorlage_500_250_4-300x150.jpg\" alt=\"\" width=\"300\" height=\"150\" srcset=\"https:\/\/www.seele-und-sorge.de\/wp-content\/uploads\/2024\/02\/newsletter-head_Vorlage_500_250_4-300x150.jpg 300w, https:\/\/www.seele-und-sorge.de\/wp-content\/uploads\/2024\/02\/newsletter-head_Vorlage_500_250_4.jpg 600w\" sizes=\"(max-width: 300px) 100vw, 300px\" \/><\/a><\/span><\/strong><\/h2>\n<h2><strong><span style=\"color: #cd9522;\">Newsletter 29 \/ Februar 2024<\/span><\/strong><\/h2>\n<div align=\"left\">\n<div align=\"left\">\n<div align=\"left\">\n<p>\u201eMay you live in interesting times\u201c, das soll ein chinesischer Fluch sein. \u00d6fter wurde das Zitat aufgegriffen, zuletzt sehr sichtbar bei der Venedig-Biennale von 2019. Die Zeiten sind seither sicherlich noch viel schwieriger geworden. Doch der zur\u00fcckgenommene Gestus leuchtet mir ein: der Simplifizierung wie der Furcht und nicht zuletzt der hektischen Skandalisierung entgegenzutreten mit ruhigem, genauem Hinschauen. Und immer wieder mit Interesse und Empathie. Dazu m\u00f6chte ich Mut machen und auch dazu, hinter den vielen offenen Fragen nach neuen Wegen zu suchen.<\/p>\n<\/div>\n<\/div>\n<p><a href=\"https:\/\/www.seele-und-sorge.de\/?page_id=7598\">weiterlesen<\/a><\/p>\n<\/div>\n\n\n<p class=\"has-white-color has-text-color\">.<\/p>\n\n\n\n<hr class=\"wp-block-separator has-alpha-channel-opacity\"\/>\n\n\n<h2><strong><span style=\"color: #cd9522;\"><a href=\"https:\/\/www.seele-und-sorge.de\/wp-content\/uploads\/2023\/09\/newsletter-head_Vorlage_500_250_8_03.jpg\"><img loading=\"lazy\" decoding=\"async\" class=\"alignleft wp-image-7401 size-medium\" src=\"https:\/\/www.seele-und-sorge.de\/wp-content\/uploads\/2023\/09\/newsletter-head_Vorlage_500_250_8_03-300x150.jpg\" alt=\"\" width=\"300\" height=\"150\" srcset=\"https:\/\/www.seele-und-sorge.de\/wp-content\/uploads\/2023\/09\/newsletter-head_Vorlage_500_250_8_03-300x150.jpg 300w, https:\/\/www.seele-und-sorge.de\/wp-content\/uploads\/2023\/09\/newsletter-head_Vorlage_500_250_8_03.jpg 600w\" sizes=\"(max-width: 300px) 100vw, 300px\" \/><\/a><\/span><\/strong><\/h2>\n<h2><strong><span style=\"color: #cd9522;\">Newsletter 28 \/ August 2023<\/span><\/strong><\/h2>\n<div align=\"left\">\n<h2 align=\"left\">Die M\u00fchen der Zeitenwende<\/h2>\n<div align=\"left\">\n<div align=\"left\">\n<p><strong><span style=\"color: #cd9522;\">Die gro\u00dfe Pause<br \/><\/span><\/strong><\/p>\n<p><strong>\u201eDie gro\u00dfe Fracht des Sommers ist verladen\u201c <\/strong>\u2013 ich liebe gerade diese Zeile aus Ingeborg Bachmanns Gedicht \u201eDie gro\u00dfe Fracht\u201c. Vor meinem inneren Auge tauchen Bilder auf: Erntewagen, die durch unser Dorf fahren, Sonnenschein auf dem Meer, kreischende M\u00f6wen. Sommerbilder, in vielen Jahren gesammelt. Urlaubserinnerungen, Fotos, Lieder. Ich denke an Freiheit, Zeit ohne Vorgaben \u2013 und auch an die Melancholie der letzten Tage. Es ist schon ein Wunder: Wir fahren an einen anderen Ort, der Rahmen unserer Tage \u00e4ndert sich, neue Zeitstrukturen entwickeln sich, Gewohnheiten brechen auf. Und pl\u00f6tzlich sehen wir unser Leben aus einer neuen Perspektive. Neue Ideen tauchen auf wie Sternschnuppen in den Perseidenn\u00e4chten.\u00a0<\/p>\n<\/div>\n<\/div>\n<p><a href=\"https:\/\/www.seele-und-sorge.de\/?page_id=7402\">weiterlesen<\/a><\/p>\n<\/div>\n\n\n<hr class=\"wp-block-separator has-alpha-channel-opacity\"\/>\n\n\n<h2><strong><span style=\"color: #cd9522;\"><a href=\"https:\/\/www.seele-und-sorge.de\/wp-content\/uploads\/2023\/03\/newsletter-head_Vorlage_500_250_8.jpg\"><img loading=\"lazy\" decoding=\"async\" class=\"alignleft wp-image-7215 size-medium\" src=\"https:\/\/www.seele-und-sorge.de\/wp-content\/uploads\/2023\/03\/newsletter-head_Vorlage_500_250_8-300x150.jpg\" alt=\"\" width=\"300\" height=\"150\" srcset=\"https:\/\/www.seele-und-sorge.de\/wp-content\/uploads\/2023\/03\/newsletter-head_Vorlage_500_250_8-300x150.jpg 300w, https:\/\/www.seele-und-sorge.de\/wp-content\/uploads\/2023\/03\/newsletter-head_Vorlage_500_250_8.jpg 600w\" sizes=\"(max-width: 300px) 100vw, 300px\" \/><\/a><\/span><\/strong><\/h2>\n<h2><strong><span style=\"color: #cd9522;\">Newsletter 27 \/ M\u00e4rz 2023<\/span><\/strong><\/h2>\n<div align=\"left\">\n<h2 align=\"left\">Unterbrechungen<\/h2>\n<div align=\"left\">\n<div align=\"left\">\n<p><strong><span style=\"color: #cd9522;\">Etwas dazwischenkommen lassen<br \/><\/span><\/strong><\/p>\n<p><strong>\u201eWas uns dazwischenkommt, kommt uns mitunter gerade recht\u201c<\/strong>, sagt Markus Mirwald. So geht es mir oft mit den besonderen Zeiten im Kirchenjahr. Zu Beginn dieses Jahres war ich ganz auf die Katastrophen konzentriert, deren Zeugen wir gerade sind: auf den Krieg in der Ukraine, das Erdbeben in der T\u00fcrkei und in Syrien, aber auch auf&nbsp;<a href=\"https:\/\/w.epd.de\/digital\/soz_daily\/2023\/03\/15\/?pk_campaign=Tagesausgabe_20230315&amp;pk_source=newsletter&amp;pk_kwd=20230315#448168\" target=\"_blank\" rel=\"noopener\"><strong>Long-Covid, das so gar nicht zu Ende gehen will<\/strong><\/a>. Zugleich war und bin ich beeindruckt von Menschen, die gegen schlimme Zust\u00e4nde aufstehen. Von den Protestierenden im Iran oder denen in Belarus, die aus der medialen Aufmerksamkeit hierzulande verschwunden sind und doch noch immer k\u00e4mpfen. Oder auch von Menschen in Deutschland, die mit Fantasie und Energie auf Probleme hinweisen, die schlicht aus dem Blick von Medizin und Politik gefallen zu sein scheinen: Marina Weisband und andere zeigen in den Sozialen Medien ihre Schuhe, die sie nicht mehr benutzen k\u00f6nnen, weil sie wegen Long Covid oder anderer Krankheiten unter&nbsp;<a href=\"https:\/\/w.epd.de\/digital\/soz_weekly\/2023\/02\/03\/421754.htm?pk_campaign=Wochenausgabe_5%2F2023&amp;pk_kwd=5%2F2023&amp;pk_source=newsletter\" target=\"_blank\" rel=\"noopener\"><strong>chronischer Fatigue leiden, die kaum jemand ernst nimmt<\/strong><\/a>.&nbsp;<\/p>\n<\/div>\n<\/div>\n<p><a href=\"https:\/\/www.seele-und-sorge.de\/?page_id=7262\">weiterlesen<\/a><\/p>\n<\/div>\n\n\n<hr class=\"wp-block-separator has-alpha-channel-opacity\"\/>\n\n\n<h2><strong><span style=\"color: #cd9522;\"><a href=\"https:\/\/www.seele-und-sorge.de\/wp-content\/uploads\/2022\/10\/newsletter-head_Vorlage_500_250_8.jpg\"><img loading=\"lazy\" decoding=\"async\" class=\"alignleft wp-image-7020 size-medium\" src=\"https:\/\/www.seele-und-sorge.de\/wp-content\/uploads\/2022\/10\/newsletter-head_Vorlage_500_250_8-300x150.jpg\" alt=\"\" width=\"300\" height=\"150\" srcset=\"https:\/\/www.seele-und-sorge.de\/wp-content\/uploads\/2022\/10\/newsletter-head_Vorlage_500_250_8-300x150.jpg 300w, https:\/\/www.seele-und-sorge.de\/wp-content\/uploads\/2022\/10\/newsletter-head_Vorlage_500_250_8.jpg 600w\" sizes=\"(max-width: 300px) 100vw, 300px\" \/><\/a><\/span><\/strong><\/h2>\n<h2><strong><span style=\"color: #cd9522;\">Newsletter 26 \/ Oktober 2022<\/span><\/strong><\/h2>\n<div align=\"left\">\n<h3 align=\"left\">Zeit des Wandels: Kl\u00e4ren was z\u00e4hlt<\/h3>\n<div align=\"left\">\n<div align=\"left\">\n<p><strong><span style=\"color: #cd9522;\">St\u00fcrme, Farben und Krisen \u00fcber Krisen<br \/><\/span><\/strong><\/p>\n<p>Es wird nicht mehr lange dauern, bis die Herbstst\u00fcrme die letzten Kastanien von den B\u00e4umen gesch\u00fcttelt haben. Aber noch leuchten die Bl\u00e4tter in den intensivsten Farben unter oft strahlend blauem Himmel. Doch statt den Herbst zu genie\u00dfen, w\u00fcrden sich viele in diesem Jahr am liebsten verkriechen. \u00dcber die sozialen Medien werden mir dauernd warme Wintersachen angeboten: W\u00e4rmekissen, Wolldecken, kuschelige Hausschuhe \u2026 Offenbar sind viele schon damit besch\u00e4ftigt, wie sie den Winter \u00fcberstehen, wenn die Energie knapp wird. Kaum vorstellbar, wie das in der Ukraine gehen soll, wo schon jetzt mehr als vierzig Prozent der Energieinfrastruktur zerbombt worden sind. Die steigenden Energiepreise, Inflation und Kriegsangst gehen wie Schatten mit durch den Tag. Und sinken die Temperaturen, wird das Wetter regnerisch, dann fragen wir einander, ab wann und wie wir heizen \u2026 Dabei ist es noch nicht lange her, dass wir uns \u00fcber ein bisschen Regen gefreut h\u00e4tten. Nach den Hitze- und D\u00fcrrewellen dieses Sommers haben die Bilder von leeren Getreidehalmen, dem sinkenden Spiegel der Bevertalsperre und liegengebliebenen Rheinschiffen gezeigt, dass die Folgen des Klimawandels l\u00e4ngst auch in unserem Land angekommen sind \u2013 eine Bedrohung, die alles andere noch \u00fcberlagert.<\/p>\n<\/div>\n<\/div>\n<p><a href=\"https:\/\/www.seele-und-sorge.de\/?page_id=7091\" data-wplink-edit=\"true\">weiterlesen<\/a><\/p>\n<\/div>\n\n\n<hr class=\"wp-block-separator has-alpha-channel-opacity\"\/>\n\n\n<h2><strong><span style=\"color: #cd9522;\"><a href=\"https:\/\/www.seele-und-sorge.de\/wp-content\/uploads\/2022\/06\/newsletter-head_Vorlage_500_250_7.2022_03.jpg\"><img loading=\"lazy\" decoding=\"async\" class=\"alignleft wp-image-6853 size-medium\" src=\"https:\/\/www.seele-und-sorge.de\/wp-content\/uploads\/2022\/06\/newsletter-head_Vorlage_500_250_7.2022_03-300x150.jpg\" alt=\"\" width=\"300\" height=\"150\" srcset=\"https:\/\/www.seele-und-sorge.de\/wp-content\/uploads\/2022\/06\/newsletter-head_Vorlage_500_250_7.2022_03-300x150.jpg 300w, https:\/\/www.seele-und-sorge.de\/wp-content\/uploads\/2022\/06\/newsletter-head_Vorlage_500_250_7.2022_03.jpg 600w\" sizes=\"(max-width: 300px) 100vw, 300px\" \/><\/a><\/span><\/strong><\/h2>\n<h2><strong><span style=\"color: #cd9522;\">Newsletter 25 \/ Juni 2022<\/span><\/strong><\/h2>\n<div align=\"left\">\n<h3 align=\"left\">Zeitenwende. Und Pfingsten.<\/h3>\n<div align=\"left\">\n<div align=\"left\">\n<p><strong><span style=\"color: #cd9522;\">Die Wand, die aufrei\u00dft: Grenzerfahrungen oder das Ende der Illusionen<\/span><\/strong><\/p>\n<p>\u201e<strong>Haben Sie nicht auch manchmal das Gef\u00fchl, als bewege sich nichts? Als wachse vor uns eine Mauer des Stillstands<\/strong>, die immer h\u00f6her wird \u2013 trotz stetiger Beschleunigung? Wie bei einer Zugfahrt, wo man im Vorbeifahren die Landschaft nicht mehr erkennt?\u201c Das fragt Alice, eine junge Philosophin, den B\u00fcrgermeister von Lyon. Es ist eine Szene aus dem Film \u201eAlice und der B\u00fcrgermeister\u201c, der 2019 in die Kinos kam \u2013 kurz vor der Pandemie. Diesem B\u00fcrgermeister fehlen die Ideen, wie man in der Stadt Lyon noch mehr Fortschritt erzielen k\u00f6nnte. Trotz Diskussionen mit K\u00fcnstler*innen, World-Caf\u00e9s, Zukunftskonferenzen gelingt es ihm nicht, wirklich in Kontakt zu kommen mit dem Leben der B\u00fcrgerinnen und B\u00fcrger. Alice lebt einfach im Hier und Jetzt \u2013 sie hat keinen Plan f\u00fcr morgen, keine Vorstellung von einem zuk\u00fcnftigen Beruf. Alles scheint m\u00f6glich. Der Schl\u00fcssel, meint Alice, sei Bescheidenheit. \u201eAlice oder Die Bescheidenheit\u201c ist denn auch der deutsche Titel von Nicola Parisers Film.<\/p>\n<\/div>\n<\/div>\n<p><a href=\"https:\/\/www.seele-und-sorge.de\/?page_id=6862\">weiterlesen<\/a><\/p>\n<\/div>\n\n\n<hr class=\"wp-block-separator has-css-opacity\"\/>\n\n\n<h2><strong><span style=\"color: #cd9522;\"><a href=\"https:\/\/www.seele-und-sorge.de\/wp-content\/uploads\/2021\/08\/newsletter-head_Vorlage_500_250_2.2021_04-1.jpg\"><img loading=\"lazy\" decoding=\"async\" class=\"alignleft wp-image-6276 size-medium\" src=\"https:\/\/www.seele-und-sorge.de\/wp-content\/uploads\/2022\/01\/newsletter-head_Vorlage_300.jpg\" alt=\"\" width=\"300\" height=\"150\"><\/a><\/span><\/strong><\/h2>\n<h2><strong><span style=\"color: #cd9522;\">Newsletter 24 \/ Januar 2022<\/span><\/strong><\/h2>\n<div align=\"left\">\n<h3 align=\"left\">Krisen. Konflikte. Wo liegen die Chancen?<\/h3>\n<div align=\"left\">\n<div align=\"left\">\n<p><strong><span style=\"color: #cd9522;\">Resonanzen zum Jahreswechsel<\/span><\/strong><\/p>\n<p>\u201eEinerseits hat man in diesen Tagen ein Gef\u00fchl des Stillstands \u2013 und andererseits scheint sich unter der Decke viel zu ver\u00e4ndern\u201c, schrieb vor kurzem eine Kollegin. Und ein anderer meinte, er f\u00fchle sich viel \u00f6fter herausgefordert, sich in den aktuellen Konflikten zu positionieren, vom Impfen bis zum Verh\u00e4ltnis zu Russland.&nbsp;<strong>An der Weihnachtspost ist mir aufgefallen, wie viele von uns die ruhigen Tage genutzt haben, um den Wandel zu verstehen, den wir gerade erleben. Die Karten, Briefe und Mails berichten von Verletzlichkeit und Ungewissheit. Oft geht es auch um die Frage, was wohl noch auf uns zukommt.<\/strong>&nbsp;Im Umgang mit Zukunft spricht das Sozialwissenschaftliche Institut der EKD von einem futuristischen und einem adventlichen Aspekt.&nbsp;<strong>\u201eDer futuristische Aspekt sagt uns, dass wir f\u00fcr die Zukunft, die wir uns w\u00fcnschen, die uns ein gutes, nachhaltiges und gerechtes Zusammenleben auf unserem Planeten bieten soll, selbst arbeiten m\u00fcssen. [\u2026] Wir sind aber in unserem Verh\u00e4ltnis zur Zukunft auch durch den adventlichen Aspekt bestimmt, dass die Zukunft auf uns zukommt.<\/strong>&nbsp;Das verbinden wir im christlichen Glauben mit der g\u00f6ttlichen Verhei\u00dfung, dass uns mit und in der Zukunft auch Gott selbst entgegen kommt\u201c, schreibt Direktor Georg L\u00e4mmlin in seinem Weihnachtsgru\u00df.<\/p>\n<\/div>\n<\/div>\n<p><a href=\"https:\/\/www.seele-und-sorge.de\/?page_id=6517\">weiterlesen<\/a><\/p>\n<\/div>\n\n\n<hr class=\"wp-block-separator has-css-opacity\"\/>\n\n\n<h2><strong><span style=\"color: #cd9522;\"><a href=\"https:\/\/www.seele-und-sorge.de\/wp-content\/uploads\/2021\/08\/newsletter-head_Vorlage_500_250_2.2021_04-1.jpg\"><img loading=\"lazy\" decoding=\"async\" class=\"alignleft wp-image-6276 size-medium\" src=\"https:\/\/www.seele-und-sorge.de\/wp-content\/uploads\/2021\/08\/newsletter-head_Vorlage_500_250_2.2021_04-1-300x150.jpg\" alt=\"\" width=\"300\" height=\"150\" srcset=\"https:\/\/www.seele-und-sorge.de\/wp-content\/uploads\/2021\/08\/newsletter-head_Vorlage_500_250_2.2021_04-1-300x150.jpg 300w, https:\/\/www.seele-und-sorge.de\/wp-content\/uploads\/2021\/08\/newsletter-head_Vorlage_500_250_2.2021_04-1.jpg 600w\" sizes=\"(max-width: 300px) 100vw, 300px\" \/><\/a><\/span><\/strong><\/h2>\n<h2><strong><span style=\"color: #cd9522;\">Newsletter Nr. 23\/September2021<\/span><\/strong><\/h2>\n<div align=\"left\">\n<h3 align=\"left\">Grenzen sp\u00fcren. Muster brechen. Neues beginnen.<\/h3>\n<div align=\"left\">\n<div align=\"left\">\n<p>Warum ist es so entsetzlich schiefgegangen mit dem Einsatz in Afghanistan und nun mit seiner Beendigung \u2013 mit so verheerenden Folgen f\u00fcr tausende Menschen dort, mit einer gro\u00dfen Frustration f\u00fcr alle, die sich in dem Land engagiert hatten? Die Frage mag naiv klingen, denn nat\u00fcrlich ist es eine Vielzahl von Gr\u00fcnden, sind es hochkomplexe Zusammenh\u00e4nge, die dahinterstehen. Doch mir scheint, die zentralen Themen sind der Umgang mit Informationen und der Umgang mit Verantwortung. \u201eOrganisierte Verantwortungslosigkeit\u201c ist einer der Begriffe, die gerade wieder kursieren, und tats\u00e4chlich fragt man sich, warum die Informationen nicht zuletzt der Bundeswehr selbst \u00fcber die Situation in Afghanistan offenbar nicht geh\u00f6rt wurden, warum niemand der katastrophalen Entwicklung Einhalt geboten hat. Auch bei der Flutkatastrophe stellen sich Fragen nach Informationsfl\u00fcssen und nach Verantwortlichkeiten.<\/p>\n<\/div>\n<\/div>\n<p><a style=\"font-size: inherit;\" href=\"https:\/\/www.seele-und-sorge.de\/?page_id=6517\">weiterlesen<\/a><\/p>\n<\/div>\n<div align=\"left\">&nbsp;<\/div>\n\n\n<hr class=\"wp-block-separator has-css-opacity\"\/>\n\n\n<h2><strong><span style=\"color: #cd9522;\"><a href=\"https:\/\/www.seele-und-sorge.de\/wp-content\/uploads\/2021\/04\/newsletter-head_Vorlage_500_250_1.2021_03.jpg\"><img loading=\"lazy\" decoding=\"async\" class=\"alignleft wp-image-6022 size-medium\" src=\"https:\/\/www.seele-und-sorge.de\/wp-content\/uploads\/2021\/04\/newsletter-head_Vorlage_500_250_1.2021_03-300x150.jpg\" alt=\"\" width=\"300\" height=\"150\" srcset=\"https:\/\/www.seele-und-sorge.de\/wp-content\/uploads\/2021\/04\/newsletter-head_Vorlage_500_250_1.2021_03-300x150.jpg 300w, https:\/\/www.seele-und-sorge.de\/wp-content\/uploads\/2021\/04\/newsletter-head_Vorlage_500_250_1.2021_03.jpg 600w\" sizes=\"(max-width: 300px) 100vw, 300px\" \/><\/a><\/span><\/strong><\/h2>\n<h2><strong><span style=\"color: #cd9522;\">Newsletter Nr. 22\/April 2021<\/span><\/strong><\/h2>\n<div align=\"left\">\n<h3 align=\"left\">Verstehen. Macht. Gemeinschaft.<\/h3>\n<div align=\"left\">\n<div align=\"left\">\n<h4>\u00dcbersetzen: ins Andere, ins Offene, in die Gemeinschaft&nbsp;<\/h4>\n<p>Haben Sie auch Armanda Gorman gesehen, wie sie ihr Gedicht \u201eThe hill we climb\u201c vortrug bei der Amtseinf\u00fchrung von Joe Biden? In ihrem gelben Kleid, mit ihrer starken Ausstrahlung? Es sei darin Raum f\u00fcr Trauer und Schrecken, f\u00fcr Hoffnung und Einigkeit, sagte sie sp\u00e4ter \u00fcber ihr Gedicht \u2013 und hoffentlich auch Atem f\u00fcr Freude, denn es gebe etwas zu feiern. Ich denke, das alles ist tats\u00e4chlich enthalten in ihrem Gedicht. Es hat nicht lange gedauert, bis das Gedicht in aller Welt \u00fcbersetzt und das \u00dcbersetzen selbst zum Thema wurde.&nbsp;<strong>Kann nur gut \u00fcbersetzen, wer die Herkunft des oder der anderen kennt? Wer dieselbe Krisensituation erlebt, dieselbe Perspektive gewonnen hat?<\/strong><\/p>\n<\/div>\n<\/div>\n<p><a style=\"font-size: inherit;\" href=\"https:\/\/www.seele-und-sorge.de\/?page_id=6027\">weiterlesen<\/a><\/p>\n<\/div>\n<div align=\"left\">&nbsp;<\/div>\n\n\n<hr class=\"wp-block-separator has-css-opacity is-style-wide\"\/>\n\n\n<h2><strong><span style=\"color: #cd9522;\"><a href=\"https:\/\/www.seele-und-sorge.de\/wp-content\/uploads\/2021\/01\/Das-Morgen-im-Blick_14.-Jan_2021.jpg\"><img loading=\"lazy\" decoding=\"async\" class=\"alignleft wp-image-5747 size-medium\" src=\"https:\/\/www.seele-und-sorge.de\/wp-content\/uploads\/2021\/01\/Das-Morgen-im-Blick_14.-Jan_2021-300x150.jpg\" alt=\"\" width=\"300\" height=\"150\" srcset=\"https:\/\/www.seele-und-sorge.de\/wp-content\/uploads\/2021\/01\/Das-Morgen-im-Blick_14.-Jan_2021-300x150.jpg 300w, https:\/\/www.seele-und-sorge.de\/wp-content\/uploads\/2021\/01\/Das-Morgen-im-Blick_14.-Jan_2021.jpg 600w\" sizes=\"(max-width: 300px) 100vw, 300px\" \/><\/a><\/span><\/strong><\/h2>\n<h2><strong><span style=\"color: #cd9522;\">Newsletter Nr. 21\/Januar 2021<\/span><\/strong><\/h2>\n<div align=\"left\">\n<h3 align=\"left\">Das Morgen im Blick<\/h3>\n<div align=\"left\">\n<div align=\"left\">\n<p><em><span style=\"color: #97af00;\">\u201e[\u2026] Was ist r\u00fchrender f\u00fcr ein Menschenherz als der Anfang einer Welt und die Jugend voller Ungewissheit und der Anfang einer Liebe, wenn alles noch m\u00f6glich ist, wenn die Sonne, noch bevor sie sich gezeigt hat, in der Luft und in den Gesichtern anwesend ist wie feiner Staub und man in der prickelnden Frische des Morgens schon die schweren Verhei\u00dfungen des Tages sp\u00fcrt. In diesem Stall bricht ein Morgen an \u2026 In diesem Stall ist es Morgen. [\u2026]\u201c<\/span>&nbsp;<\/em><\/p>\n<p>Diese Worte lie\u00df Jean-Paul Sartre eine Figur in einem Weihnachtsspiel sagen \u2013 einem Text, den er 1940 in einem deutschen Internierungslager schrieb und dort auch auf die B\u00fchne brachte.<\/p>\n<\/div>\n<\/div>\n<p><a style=\"font-size: inherit;\" href=\"https:\/\/www.seele-und-sorge.de\/?page_id=5785\">weiterlesen<\/a><\/p>\n<\/div>\n\n\n<hr class=\"wp-block-separator has-css-opacity is-style-wide\"\/>\n\n\n\n<p><\/p>\n\n\n<h2><strong><span style=\"color: #cd9522;\"><a href=\"https:\/\/www.seele-und-sorge.de\/wp-content\/uploads\/2020\/05\/newsletter-head_Vorlage_500_250_5.2020\"><img loading=\"lazy\" decoding=\"async\" class=\"alignleft wp-image-5370 size-medium\" src=\"https:\/\/www.seele-und-sorge.de\/wp-content\/uploads\/2020\/09\/newsletter-head_Vorlage_500_250_5.2020.jpg\" alt=\"\" width=\"300\" height=\"150\"><\/a>Newsletter Nr. 20\/September 2020<\/span><\/strong><\/h2>\n<div align=\"left\">\n<h3 align=\"left\">Vom Trotzdem<\/h3>\n<div align=\"left\">\n<div align=\"left\"><span style=\"font-size: 14px; font-weight: 400;\">Seeluft tanken und neue Energie, den Kopf durchpusten lassen und mich einschwingen auf den Rhythmus von Ebbe und Flut \u2013 einmal im Jahr muss ich f\u00fcr ein paar Tage nach Zeeland. Und diesmal war es das vierzigste Mal. Kaum zu glauben!&nbsp;<\/span><\/div>\n<div align=\"left\"><span style=\"font-size: 14px; font-weight: 400;\">&nbsp;<\/span><\/div>\n<div align=\"left\"><span style=\"font-size: 14px; font-weight: 400;\">Kaum zu glauben auch, dass dies schon der zwanzigste Newsletter ist. Seit der Gr\u00fcndung von Seele und Sorge vor f\u00fcnf Jahren erscheint er \u2013 mit neuen Ideen, unfrisierten Gedanken und vielen Hinweisen auf inspirierende Projekte, auf B\u00fccher und Orte \u2013 etwa drei bis vier Mal im Jahr. Er soll anregen, mit neuen Augen auf den Alltag zu schauen und Energie zu tanken. Jedes Mal finden Sie auch Informationen zu meinen aktuellen Angeboten, beispielsweise Vortrags- und Rundfunktermine sowie Texte, dazu Hinweise zu Beratung und Seminaren. Und auch Ihre Hinweise haben Raum: Sehr gern gebe ich immer wieder Hinweise von Ihnen auf B\u00fccher, Veranstaltungen oder Projekte weiter \u2013 vielen Dank daf\u00fcr!<\/span><\/div>\n<\/div>\n<p><a style=\"font-size: inherit;\" href=\"https:\/\/www.seele-und-sorge.de\/?page_id=5559\">weiterlesen<\/a><\/p>\n<\/div>\n\n\n<hr class=\"wp-block-separator has-css-opacity is-style-wide\"\/>\n\n\n\n<p><\/p>\n\n\n<h2><strong><span style=\"color: #cd9522;\"><a href=\"https:\/\/www.seele-und-sorge.de\/wp-content\/uploads\/2020\/05\/newsletter-head_Vorlage_500_250_2.2020_03.jpg\"><img loading=\"lazy\" decoding=\"async\" class=\"alignleft wp-image-5370 size-medium\" src=\"https:\/\/www.seele-und-sorge.de\/wp-content\/uploads\/2020\/05\/newsletter-head_Vorlage_500_250_2.2020_03-300x150.jpg\" alt=\"\" width=\"300\" height=\"150\" srcset=\"https:\/\/www.seele-und-sorge.de\/wp-content\/uploads\/2020\/05\/newsletter-head_Vorlage_500_250_2.2020_03-300x150.jpg 300w, https:\/\/www.seele-und-sorge.de\/wp-content\/uploads\/2020\/05\/newsletter-head_Vorlage_500_250_2.2020_03.jpg 600w\" sizes=\"(max-width: 300px) 100vw, 300px\" \/><\/a>Newsletter Nr. 19\/Mai 2020<\/span><\/strong><\/h2>\n<div align=\"left\">\n<h3 align=\"left\">Auf Pfingsten zu \u2026&nbsp;Hand in Hand?!<br \/>Besondere Zeiten im Zeichen der Pandemie<\/h3>\n<div align=\"left\">In vielen Briefen und Botschaften sehe ich momentan das Motiv von kleinen Fig\u00fcrchen, die sich an der Hand halten. Der franz\u00f6sische K\u00fcnstler Saype hat es sogar in eine Landart-Malerei aufgenommen. In diesem 3-D-Gem\u00e4lde,&nbsp;<strong><a href=\"https:\/\/www.faz.net\/aktuell\/gesellschaft\/landschaftskuenstler-saype-ein-zeichen-der-hoffnung-in-zeiten-von-corona-16744488.html\" target=\"_blank\" rel=\"noopener noreferrer\">das er auf eine Wiese in den Schweizer Alpen gemalt hat<\/a><\/strong>, sieht es so aus, als s\u00e4\u00dfe ein \u00fcberlebensgro\u00dfes M\u00e4dchen im Kreis solcher Papierfiguren.&nbsp;<\/div>\n<p><a style=\"font-size: inherit;\" href=\"https:\/\/www.seele-und-sorge.de\/?page_id=5372\">weiterlesen<\/a><\/p>\n<\/div>\n\n\n<hr class=\"wp-block-separator has-css-opacity is-style-wide\"\/>\n\n\n<h2><strong><span style=\"color: #cd9522;\"><a href=\"https:\/\/www.seele-und-sorge.de\/wp-content\/uploads\/2020\/01\/newsletter-head_Vorlage_500_250_4.2020.jpg\"><img loading=\"lazy\" decoding=\"async\" class=\"alignleft wp-image-4872 size-medium\" src=\"https:\/\/www.seele-und-sorge.de\/wp-content\/uploads\/2020\/01\/newsletter-head_Vorlage_500_250_4.2020-300x150.jpg\" alt=\"\" width=\"300\" height=\"150\" srcset=\"https:\/\/www.seele-und-sorge.de\/wp-content\/uploads\/2020\/01\/newsletter-head_Vorlage_500_250_4.2020-300x150.jpg 300w, https:\/\/www.seele-und-sorge.de\/wp-content\/uploads\/2020\/01\/newsletter-head_Vorlage_500_250_4.2020.jpg 600w\" sizes=\"(max-width: 300px) 100vw, 300px\" \/><\/a>Newsletter Nr. 18\/Januar 2020<\/span><\/strong><\/h2>\n<h3 align=\"left\">Fu\u0308r den Start ins neue Jahr: Freiheit und Sich-Anvertrauen<\/h3>\n<div align=\"left\">In den Schreibwarenl\u00e4den und Buchhandlungen, aber auch auf Facebook und Instragram f\u00e4llt mir seit ein paar Jahren ein ganz neues Angebot von Kalendern auf. Nicht nur setzen zahlreiche ausgefallene und oft wundersch\u00f6ne Papierversionen einen echten Kontrapunkt gegen die digitalen Terminplaner \u2013 es gibt auch ein neues Konzept von Kalender. <a style=\"font-size: inherit;\" href=\"https:\/\/www.seele-und-sorge.de\/?page_id=4879\">weiterlesen<\/a><\/div>\n<hr>\n<h2><strong><span style=\"color: #cd9522;\"><a href=\"https:\/\/www.seele-und-sorge.de\/wp-content\/uploads\/2019\/10\/newsletter-head_Vorlage_500_250_3.2019.jpg\"><img loading=\"lazy\" decoding=\"async\" class=\"alignleft wp-image-4668 size-medium\" src=\"https:\/\/www.seele-und-sorge.de\/wp-content\/uploads\/2019\/10\/newsletter-head_Vorlage_500_250_3.2019-300x150.jpg\" alt=\"\" width=\"300\" height=\"150\" srcset=\"https:\/\/www.seele-und-sorge.de\/wp-content\/uploads\/2019\/10\/newsletter-head_Vorlage_500_250_3.2019-300x150.jpg 300w, https:\/\/www.seele-und-sorge.de\/wp-content\/uploads\/2019\/10\/newsletter-head_Vorlage_500_250_3.2019.jpg 600w\" sizes=\"(max-width: 300px) 100vw, 300px\" \/><\/a>Newsletter Nr. 17\/Oktober 2019<\/span><\/strong><\/h2>\n<p align=\"left\"><span style=\"font-size: inherit; color: #191e23;\"><span style=\"font-family: arial,helvetica,sans-serif; font-size: medium;\"><strong>\u201eMay You Live in Interesting Times\u201c<\/strong>, das ist der Titel der diesj\u00e4hrigen Biennale in Venedig. Die Herkunft des Satzes ist unklar, unklar auch, ob er als Fluch oder als Aufforderung gemeint ist. Doch gerade deshalb macht er wach und aufmerksam f\u00fcr die Zeiten, in denen wir leben. Darum geht es auch in diesem Newsletter, der der Biennale sehr viele Inspirationen verdankt.<\/span> <\/span><a href=\"https:\/\/www.seele-und-sorge.de\/?page_id=4704\" target=\"_blank\" rel=\"noopener noreferrer\">weiterlesen<\/a><\/p>\n<hr>\n<h2><strong><a href=\"https:\/\/www.seele-und-sorge.de\/wp-content\/uploads\/2019\/07\/newsletter-head_Vorlage_500_250_3.jpg\"><img loading=\"lazy\" decoding=\"async\" class=\"alignleft wp-image-4440 size-medium\" src=\"https:\/\/www.seele-und-sorge.de\/wp-content\/uploads\/2019\/07\/newsletter-head_Vorlage_500_250_3-300x150.jpg\" alt=\"\" width=\"300\" height=\"150\" srcset=\"https:\/\/www.seele-und-sorge.de\/wp-content\/uploads\/2019\/07\/newsletter-head_Vorlage_500_250_3-300x150.jpg 300w, https:\/\/www.seele-und-sorge.de\/wp-content\/uploads\/2019\/07\/newsletter-head_Vorlage_500_250_3.jpg 600w\" sizes=\"(max-width: 300px) 100vw, 300px\" \/><\/a><\/strong><\/h2>\n<h2><strong><span style=\"color: #cd9522;\">Newsletter Nr. 16\/April 2019<\/span><\/strong><\/h2>\n<h3 align=\"left\">Verbundenheit \u2013 aus der Distanz und in der N\u00e4he<\/h3>\n<p class=\"p1\"><strong>Pl\u00f6tzlich war ich wieder in Keyenberg<\/strong>. Die Videos von&nbsp;<strong><a href=\"https:\/\/www.alle-doerfer-bleiben.de\/\" target=\"_blank\" rel=\"noopener noreferrer\">Alle D\u00f6rfer bleiben<\/a>&nbsp;<\/strong>haben mich hingebracht. Und ich dachte gleich an Kuckum, Beverath, Oberwestrich, Unterwestrich \u2013 die anderen D\u00f6rfer, die wie Keyenberg einmal zu meiner Gemeinde in Wickrathberg geh\u00f6rten \u2013; an das Krankenhaus in Immerath, wo ich gelegentlich Menschen besuchte, und an den Immerather Dom, der inzwischen abgerissen wurde. Auch auf meiner Homepage wurde das&nbsp;<strong><a href=\"https:\/\/www.youtube.com\/watch?v=7WPG-2X2gBg\" target=\"_blank\" rel=\"noopener noreferrer\">Abrissvideo<\/a><\/strong>&nbsp;zigmal geklickt. Auf YouTube war ich virtuell mit&nbsp;<strong><a href=\"https:\/\/www.ende-gelaende.org\/de\/\" target=\"_blank\" rel=\"noopener noreferrer\">Ende Gel\u00e4nde<\/a><\/strong>&nbsp;unterwegs im RWE-Tagebau von Garzweiler \u2013 und es erinnerte mich an den Betriebsausflug damals in den 80ern, als ich ganz real bei \u201eRheinbraun\u201c war.&nbsp; <a style=\"font-size: 16px;\" href=\"https:\/\/www.seele-und-sorge.de\/?page_id=4514\">weiterlesen<\/a><\/p>\n<hr>\n<h2><strong><a href=\"http:\/\/www.seele-und-sorge.de\/wp-content\/uploads\/2019\/04\/newsletter-head_Vorlage_500_250_2.jpg\"><img loading=\"lazy\" decoding=\"async\" class=\"wp-image-4285 size-medium alignleft\" src=\"http:\/\/www.seele-und-sorge.de\/wp-content\/uploads\/2019\/04\/newsletter-head_Vorlage_500_250_2-300x150.jpg\" alt=\"\" width=\"300\" height=\"150\" srcset=\"https:\/\/www.seele-und-sorge.de\/wp-content\/uploads\/2019\/04\/newsletter-head_Vorlage_500_250_2-300x150.jpg 300w, https:\/\/www.seele-und-sorge.de\/wp-content\/uploads\/2019\/04\/newsletter-head_Vorlage_500_250_2.jpg 600w\" sizes=\"(max-width: 300px) 100vw, 300px\" \/><\/a><\/strong><strong><span style=\"color: #cd9522;\">Newsletter Nr. 15\/April 2019<\/span><\/strong><\/h2>\n<h2><strong>Lockruf des Lebens<\/strong><\/h2>\n<h3>Memento mori<\/h3>\n<p class=\"p1\"><span class=\"s1\">Dieser Tage habe ich eine neue App f\u00fcrs Smartphone entdeckt:&nbsp;<strong>\u201eMemento Mori \u2013 The ultimate productivity tool\u201c, wie es in der Werbung hei\u00dft.<\/strong>&nbsp;Das Symbol: ein Totenkopf. Die Bildwelt: das unendliche Meer und der Sand mit den unz\u00e4hlbaren K\u00f6rnchen. Die App mit der lateinischen Mahnung \u201eDenk daran, dass du sterben musst\u201c l\u00e4dt ein, sich ausrechnen zu lassen, wie viele Tage man schon lebt, um die Endlichkeit der eigenen Zeit zu begreifen. Und dann eben: produktiv zu werden. \u201eNutze jede Sekunde!\u201c Das nahende Ende als Antrieb zu Aktivit\u00e4t \u2013 das Leiden an der verrinnenden Zeit.<\/span>&nbsp;&nbsp;<a style=\"font-size: 16px;\" href=\"http:\/\/www.seele-und-sorge.de\/?page_id=4316\">weiterlesen<\/a><\/p>\n<hr>\n<h2><strong><a href=\"http:\/\/www.seele-und-sorge.de\/wp-content\/uploads\/2019\/01\/newsletter-head_Vorlage_500_250_1.jpg\"><img loading=\"lazy\" decoding=\"async\" class=\"alignleft wp-image-4148 size-medium\" src=\"http:\/\/www.seele-und-sorge.de\/wp-content\/uploads\/2019\/01\/newsletter-head_Vorlage_500_250_1-300x150.jpg\" alt=\"\" width=\"300\" height=\"150\" srcset=\"https:\/\/www.seele-und-sorge.de\/wp-content\/uploads\/2019\/01\/newsletter-head_Vorlage_500_250_1-300x150.jpg 300w, https:\/\/www.seele-und-sorge.de\/wp-content\/uploads\/2019\/01\/newsletter-head_Vorlage_500_250_1.jpg 600w\" sizes=\"(max-width: 300px) 100vw, 300px\" \/><\/a><\/strong><strong><span style=\"color: #cd9522;\">Newsletter Nr. 14\/Januar 2019<\/span><\/strong><\/h2>\n<h2><strong>Aufbruch. Zivilgesellschaftlich<\/strong><\/h2>\n<p class=\"p1\"><span class=\"s1\">\u201eOft m\u00f6chte man einfach nur Augen und Ohren zumachen, um immer neue Schreckensmeldungen nicht mehr zu h\u00f6ren. Und ich ertappe mich manchmal bei einer Meldung dabei, dass ich denke: \u201aDas muss ich nicht mehr erleben\u2018\u201c, schrieb eine Freundin zu Weihnachten. \u201eDabei klagen wir wohl auf hohem Niveau\u201c, meinte sie, \u201emein Mann und ich blicken auf eine intakte Familie, die gesund und finanziell abgesichert ist, und auf ein intern friedliches Weihnachtsfest.\u201c&nbsp;<b>Wir sind ja nicht nur Getriebene \u2013 wir k\u00f6nnen uns erinnern, unseren Standort kl\u00e4ren, uns auseinandersetzen.<\/b><\/span> &nbsp;<a style=\"font-size: 16px;\" href=\"http:\/\/www.seele-und-sorge.de\/?page_id=4169\">weiterlesen<\/a><\/p>\n<hr>\n<h2><strong><a href=\"http:\/\/www.seele-und-sorge.de\/wp-content\/uploads\/2018\/09\/newsletter-head_Vorlage_500_250_11.jpg\"><img loading=\"lazy\" decoding=\"async\" class=\"alignleft wp-image-3973 size-medium\" src=\"http:\/\/www.seele-und-sorge.de\/wp-content\/uploads\/2018\/09\/newsletter-head_Vorlage_500_250_11-300x150.jpg\" alt=\"\" width=\"300\" height=\"150\" srcset=\"https:\/\/www.seele-und-sorge.de\/wp-content\/uploads\/2018\/09\/newsletter-head_Vorlage_500_250_11-300x150.jpg 300w, https:\/\/www.seele-und-sorge.de\/wp-content\/uploads\/2018\/09\/newsletter-head_Vorlage_500_250_11.jpg 600w\" sizes=\"(max-width: 300px) 100vw, 300px\" \/><\/a><\/strong><strong><span style=\"color: #cd9522;\">Newsletter Nr. 13\/Oktober 2018<\/span><\/strong><\/h2>\n<h2>Erntedank<\/h2>\n<p><strong>\u201eHerr: es ist Zeit, der Sommer war sehr gro\u00df. Leg deinen Schatten auf die Sonnenuhren, und auf den Fluren la\u00df die Winde los\u201c<\/strong>, schrieb Rainer Maria Rilke 1902 in seinem Gedicht \u201eHerbsttag\u201c. Ich habe mich richtig gefreut, als Ende September endlich Wind und Regen an unseren Fenstern r\u00fcttelten und die Strandk\u00f6rbe an der K\u00fcste vor sich her schubsten. Dieser Sommer war ohne Zweifel zu gro\u00df, zu trocken und zu hei\u00df f\u00fcr unsere Breiten. Noch bei Beginn des Herbstes waren kaum zwei Stunden n\u00f6rdlich von Hannover mehr als tausend Feuerwehrleute im Einsatz, um 800 Hektar Torf zu l\u00f6schen \u2013 ein Moorbrand nach Raketentests. &nbsp;<a style=\"font-size: 16px;\" href=\"http:\/\/www.seele-und-sorge.de\/?page_id=4002\">weiterlesen<\/a><\/p>\n<hr>\n<h2><strong><a href=\"http:\/\/www.seele-und-sorge.de\/wp-content\/uploads\/2018\/06\/newsletter-head_Vorlage_500_250_03-1.jpg\"><img loading=\"lazy\" decoding=\"async\" class=\"alignleft wp-image-3891 size-medium\" src=\"http:\/\/www.seele-und-sorge.de\/wp-content\/uploads\/2018\/06\/newsletter-head_Vorlage_500_250_03-1-300x150.jpg\" alt=\"\" width=\"300\" height=\"150\" srcset=\"https:\/\/www.seele-und-sorge.de\/wp-content\/uploads\/2018\/06\/newsletter-head_Vorlage_500_250_03-1-300x150.jpg 300w, https:\/\/www.seele-und-sorge.de\/wp-content\/uploads\/2018\/06\/newsletter-head_Vorlage_500_250_03-1.jpg 600w\" sizes=\"(max-width: 300px) 100vw, 300px\" \/><\/a><\/strong><\/h2>\n<h2><strong><span style=\"color: #cd9522;\">Newsletter Nr. 12\/Juni 2018<\/span><\/strong><\/h2>\n<h2>Die Feuer erl\u00f6schen. Nach dem Ende der Industriearbeit<\/h2>\n<p>Mit der Schlie\u00dfung der letzten Zeche Prosper-Haniel in Bottrop endet dieses Jahr der Steinkohlebergbau im Ruhrgebiet. Inzwischen hat die sogenannte&nbsp;<strong><a style=\"color: #2b6d07;\" href=\"https:\/\/www.bmu.de\/meldung\/kommission-wachstum-strukturwandel-und-beschaeftigung-nimmt-arbeit-auf\/\" target=\"_blank\" rel=\"noopener noreferrer\">Kohlekommission<\/a><\/strong>&nbsp;ihre Arbeit aufgenommen, bei deren Kohleausstiegspfad es auch um die Braunkohle in der Lausitz geht. Um des Klimas willen, das auch in dem umst\u00e4ndlichen offiziellen Titel gar nicht vorkommt \u2026&nbsp;<strong>\u201eH\u00f6mma! Dat ist hier nich f\u00fcr zum Spa\u00df\u201c<\/strong>&nbsp;steht auf einer Karte, die ich neulich am Bahnhof in Oberhausen entdeckte. Die Prospekte, die im Hotel am Centro ausliegen, erz\u00e4hlen etwas anderes: Das Ruhrgebiet als Freizeitlandschaft. Gasometer und F\u00f6rdert\u00fcrme sind l\u00e4ngst Museen.&nbsp;<strong>Wie geht es weiter mit der Region \u2013 was brauchen die Menschen?<\/strong> &nbsp;<a style=\"font-size: 16px;\" href=\"http:\/\/www.seele-und-sorge.de\/?page_id=3892\">weiterlesen<\/a><\/p>\n<hr>\n<h2><strong><a href=\"http:\/\/www.seele-und-sorge.de\/wp-content\/uploads\/2018\/03\/newsletter-head_Vorlage_500_250_02.jpg\"><img loading=\"lazy\" decoding=\"async\" class=\"wp-image-3432 size-medium alignleft\" src=\"http:\/\/www.seele-und-sorge.de\/wp-content\/uploads\/2018\/03\/newsletter-head_Vorlage_500_250_02-300x150.jpg\" alt=\"\" width=\"300\" height=\"150\" srcset=\"https:\/\/www.seele-und-sorge.de\/wp-content\/uploads\/2018\/03\/newsletter-head_Vorlage_500_250_02-300x150.jpg 300w, https:\/\/www.seele-und-sorge.de\/wp-content\/uploads\/2018\/03\/newsletter-head_Vorlage_500_250_02.jpg 600w\" sizes=\"(max-width: 300px) 100vw, 300px\" \/><\/a><\/strong><\/h2>\n<h2><strong><span style=\"color: #cd9522;\">Newsletter Nr. 11\/M\u00e4rz 2018<\/span><\/strong><\/h2>\n<h2>Hilferuf f\u00fcr Syrien<\/h2>\n<p>Vor wenigen Tagen hat mich ein Brief von Cornelia F\u00fcllkrug-Weitzel erreicht, der Pr\u00e4sidentin der Diakonie Katastrophenhilfe und von Brot f\u00fcr die Welt. Sie kommt soeben aus Syrien zur\u00fcck und schildert die dramatische Situation der Menschen dort auch in den Gegenden, wo nicht oder fast nicht mehr gek\u00e4mpft wird. Und sie bittet dringend um Spenden. Nachdem in Syrien das UNHCR und UNICEF wegen der zur\u00fcckgehenden Zahlungsbereitschaft der USA immer mehr Schwierigkeiten haben, ihre Projekte zu finanzieren, ist der&nbsp;<strong><a style=\"color: #2b6d07;\" href=\"https:\/\/info.diakonie-katastrophenhilfe.de\/blog\/sicheres-leben-ohne-sicheren-wohnraum\" target=\"_blank\" rel=\"noopener noreferrer\">Einsatz der Diakonie Katastrophenhilfe<\/a><\/strong>&nbsp;umso wichtiger. Momentan geht es darum, Menschen darin zu unterst\u00fctzen, ihre zerst\u00f6rten H\u00e4user wieder aufzubauen \u2013 nicht zuletzt ein dringend notwendiger Schutz f\u00fcr Frauen vor sexueller Gewalt.&nbsp; <a style=\"font-size: 16px;\" href=\"http:\/\/www.seele-und-sorge.de\/?page_id=3445\">weiterlesen<\/a><\/p>\n<hr>\n<h2><strong><a href=\"http:\/\/www.seele-und-sorge.de\/wp-content\/uploads\/2017\/11\/newsletter-head_Vorlage_500_250_12.jpg\"><img loading=\"lazy\" decoding=\"async\" class=\"alignleft wp-image-3259 size-medium\" src=\"http:\/\/www.seele-und-sorge.de\/wp-content\/uploads\/2017\/11\/newsletter-head_Vorlage_500_250_12-300x150.jpg\" alt=\"\" width=\"300\" height=\"150\" srcset=\"https:\/\/www.seele-und-sorge.de\/wp-content\/uploads\/2017\/11\/newsletter-head_Vorlage_500_250_12-300x150.jpg 300w, https:\/\/www.seele-und-sorge.de\/wp-content\/uploads\/2017\/11\/newsletter-head_Vorlage_500_250_12.jpg 600w\" sizes=\"(max-width: 300px) 100vw, 300px\" \/><\/a><\/strong><\/h2>\n<h2><strong><span style=\"color: #cd9522;\">Newsletter Nr. 10\/Dezemeber&nbsp;2017<\/span><\/strong><\/h2>\n<h2><strong>Advent: Himmelssterne in unserem Alltag<\/strong><\/h2>\n<p>Rei\u00df den Himmel auf und hol die Sterne runter! Wer sehnt sich nicht nach Licht in den dunklen Wochen? Und wer hofft nicht auf Neuanf\u00e4nge im Advent?&nbsp;<strong>Manchmal sehe ich kein Licht am Horizont f\u00fcr die, denen es doch versprochen ist: f\u00fcr die Wohnungslosen und Pflegebed\u00fcrftigen zum Beispiel.<\/strong>&nbsp;Sie brauchten wirklich einen Stern, der ihren Namen tr\u00e4gt.Oder eben einen Wohnungsgipfel im Kanzleramt, wie es die Berliner Caritasdirektorin Ulrike Kostka neulich gefordert hat. Rund 860.000 Menschen waren im vergangenen Jahr obdachlos \u2013 im Vergleich zu 2014 ein Anstieg um etwa 150 Prozent.&nbsp;<a href=\"http:\/\/www.seele-und-sorge.de\/?page_id=3278\">weiterlesen<\/a><\/p>\n<hr>\n<h2><strong><a href=\"http:\/\/www.seele-und-sorge.de\/wp-content\/uploads\/2017\/09\/newsletter-head_Vorlage_500_250_3.2017.jpg\"><img loading=\"lazy\" decoding=\"async\" class=\"wp-image-3084 size-medium alignleft\" src=\"http:\/\/www.seele-und-sorge.de\/wp-content\/uploads\/2017\/09\/newsletter-head_Vorlage_500_250_3.2017-300x150.jpg\" alt=\"\" width=\"300\" height=\"150\" srcset=\"https:\/\/www.seele-und-sorge.de\/wp-content\/uploads\/2017\/09\/newsletter-head_Vorlage_500_250_3.2017-300x150.jpg 300w, https:\/\/www.seele-und-sorge.de\/wp-content\/uploads\/2017\/09\/newsletter-head_Vorlage_500_250_3.2017.jpg 600w\" sizes=\"(max-width: 300px) 100vw, 300px\" \/><\/a><\/strong><\/h2>\n<h2><strong><span style=\"color: #cd9522;\">Newsletter Nr. 09\/Oktober 2017<\/span><\/strong><\/h2>\n<h2><strong>Here we are.<\/strong><\/h2>\n<p><strong><span class=\"s1\">\u00dcber Quartiersentwicklung, sicheren Boden f\u00fcr die Pflege und Kunst als Augen\u00f6ffnerin<\/span><span class=\"s2\">&nbsp;<\/span><\/strong><br \/>\u201eHere we are\u201c\u2026 nach 27 Jahren deutscher Einheit in einem zerrissenen Land. \u201eHere we are\u201c \u2026 achttausend Kilometer von Pj\u00f6ngjang, wo Kim Jong-un die n\u00e4chste Mittelstreckenrakete testet. \u201eHere we are\u201c \u2026 sechstausend Kilometer von New York, wo Donald Trump Nordkorea mit der vollst\u00e4ndigen Vernichtung drohte. \u201eHere we are\u201c \u2026 sechs Monate, seit der Journalist Deniz Y\u00fccel im Untersuchungsgef\u00e4ngnis sitzt. \u201eHere we are\u201c \u2026 f\u00fcnfhundert Jahre, nachdem Luther seine welt- und&nbsp;lebensver\u00e4ndernden Thesen ver\u00f6ffentlichte. &nbsp;<a href=\"http:\/\/www.seele-und-sorge.de\/?page_id=3105\">weiterlesen<\/a><\/p>\n<hr>\n<h2><strong><a href=\"http:\/\/www.seele-und-sorge.de\/wp-content\/uploads\/2017\/04\/newsletter-head_Vorlage_600_300_3.jpg\"><img loading=\"lazy\" decoding=\"async\" class=\"alignleft wp-image-2888 size-medium\" src=\"http:\/\/www.seele-und-sorge.de\/wp-content\/uploads\/2017\/04\/newsletter-head_Vorlage_600_300_3-300x150.jpg\" alt=\"\" width=\"300\" height=\"150\" srcset=\"https:\/\/www.seele-und-sorge.de\/wp-content\/uploads\/2017\/04\/newsletter-head_Vorlage_600_300_3-300x150.jpg 300w, https:\/\/www.seele-und-sorge.de\/wp-content\/uploads\/2017\/04\/newsletter-head_Vorlage_600_300_3.jpg 600w\" sizes=\"(max-width: 300px) 100vw, 300px\" \/><\/a><\/strong><\/h2>\n<h2><strong><span style=\"color: #cd9522;\">Newsletter Nr. 08\/April 2017<\/span><\/strong><\/h2>\n<h2><strong>Noch einmal ist alles offen<\/strong><\/h2>\n<p><b><strong>\u201eNoch einmal ist alles offen\u201c: Der Titel meines neuen Buches passt gut in die Osterzeit.<\/strong><\/b> Das st\u00e4rkste Symbol dieser Zeit ist schlie\u00dflich der Stein, der am Ostermorgen vom Grab fortgerollt ist. Nichts h\u00e4lt uns in der Vergangenheit \u2013 das Grab ist leer. Und die Zukunft ist offen; es liegen keine Steine mehr im Weg. Ostern. Das sind auch die flauschigen K\u00fcken, die aus den Eierschalen gekrochen sind. Und die Schmetterlinge, die ihre Puppen abgestreift haben. &nbsp;<a href=\"http:\/\/www.seele-und-sorge.de\/?page_id=2900\">weiterlesen<\/a><\/p>\n<hr>\n<h2><strong><a href=\"http:\/\/www.seele-und-sorge.de\/wp-content\/uploads\/2017\/02\/newsletter-head_Vorlage_500_250_1.jpg\"><img loading=\"lazy\" decoding=\"async\" class=\"alignleft wp-image-2778 size-medium\" src=\"http:\/\/www.seele-und-sorge.de\/wp-content\/uploads\/2017\/02\/newsletter-head_Vorlage_500_250_1-300x150.jpg\" width=\"300\" height=\"150\" srcset=\"https:\/\/www.seele-und-sorge.de\/wp-content\/uploads\/2017\/02\/newsletter-head_Vorlage_500_250_1-300x150.jpg 300w, https:\/\/www.seele-und-sorge.de\/wp-content\/uploads\/2017\/02\/newsletter-head_Vorlage_500_250_1.jpg 500w\" sizes=\"(max-width: 300px) 100vw, 300px\" \/><\/a><\/strong><\/h2>\n<h2><strong><span style=\"color: #cd9522;\">Newsletter Nr. 07\/Februar 2017<\/span><\/strong><\/h2>\n<h2><strong>Energien, die alles \u00e4ndern<\/strong><\/h2>\n<p>Die kalte Jahreszeit hat begonnen. Die schlimme Jahreszeit f\u00fcr Menschen, die keine Wohnung (mehr) haben. Die Bahnhofsmission am Berliner Bahnhof Zoo ist dann ein besonders wichtiger Ort. Dorthin kann man kommen, um etwas zu essen zu bekommen und eine Weile im Warmen zu sitzen. Im Hygienebereich kann man duschen und sich auch die Haare schneiden lassen.&nbsp;<a href=\"http:\/\/www.seele-und-sorge.de\/?page_id=2796\">weiterlesen<\/a><\/p>\n<hr>\n<h2><strong><a href=\"http:\/\/www.seele-und-sorge.de\/wp-content\/uploads\/2016\/11\/newsletter-head_Vorlage_500_250_1.jpg\"><img loading=\"lazy\" decoding=\"async\" class=\"alignleft wp-image-2436 size-medium\" src=\"http:\/\/www.seele-und-sorge.de\/wp-content\/uploads\/2016\/11\/newsletter-head_Vorlage_500_250_1-300x150.jpg\" alt=\"\" width=\"300\" height=\"150\" srcset=\"https:\/\/www.seele-und-sorge.de\/wp-content\/uploads\/2016\/11\/newsletter-head_Vorlage_500_250_1-300x150.jpg 300w, https:\/\/www.seele-und-sorge.de\/wp-content\/uploads\/2016\/11\/newsletter-head_Vorlage_500_250_1.jpg 500w\" sizes=\"(max-width: 300px) 100vw, 300px\" \/><\/a><\/strong><\/h2>\n<h2><strong><span style=\"color: #cd9522;\">Newsletter Nr. 06\/November 2016<\/span><\/strong><\/h2>\n<h2><strong>Von guten Orten<\/strong><\/h2>\n<p>\u201eWir leben in interessanten Zeiten\u201c, sagte neulich ein Journalist. Es war der erste Tag nach der Amtseinf\u00fchrung von Donald Trump \u2013 und \u00fcber das ganze Land gab es Demonstrationen. \u201eInteressante Zeiten\u201c, meinte der Journalist, das sei in China allerdings ein Fluch. Beim Zuh\u00f6ren fiel mir ein, dass schon seit einiger Zeit alles spannend sein muss, was auf der Welt geschieht. \u201eNoch eine spannende Woche\u201c, \u201enoch einen spannenden Abend\u201c w\u00fcnscht man sich. <a href=\"http:\/\/www.seele-und-sorge.de\/?page_id=2461\">weiterlesen<\/a><\/p>\n<hr>\n<p><strong><a href=\"http:\/\/www.seele-und-sorge.de\/wp-content\/uploads\/2016\/09\/newsletter-head_Vorlage_500_200_1.jpg\"><img loading=\"lazy\" decoding=\"async\" class=\"alignleft wp-image-2194 size-medium\" src=\"http:\/\/www.seele-und-sorge.de\/wp-content\/uploads\/2016\/09\/newsletter-head_Vorlage_500_200_1-300x120.jpg\" alt=\"\" width=\"300\" height=\"120\" srcset=\"https:\/\/www.seele-und-sorge.de\/wp-content\/uploads\/2016\/09\/newsletter-head_Vorlage_500_200_1-300x120.jpg 300w, https:\/\/www.seele-und-sorge.de\/wp-content\/uploads\/2016\/09\/newsletter-head_Vorlage_500_200_1.jpg 500w\" sizes=\"(max-width: 300px) 100vw, 300px\" \/><\/a><\/strong><\/p>\n<h2><strong><span style=\"color: #cd9522;\">Newsletter Nr. 05\/September 2016<\/span><\/strong><\/h2>\n<p><strong>Demn\u00e4chst erscheint:<\/strong><\/p>\n<h3><strong>\u201eAufbr\u00fcche in Umbr\u00fcchen. Christsein und Kirche in der Transformation&#8220;<\/strong><\/h3>\n<p>Zwischen Mails, WhatsApp und Facebook-Posts kommt es mir manchmal geradezu antiquiert vor, wie genau bei der Buchproduktion gearbeitet wird. Mehrfach gingen die Fahnen f\u00fcr mein neues Buch hin und her zwischen meiner Lektorin und mir, der Setzerin und der Verlegerin, damit die \u00dcberschriften und Kolumnentitel sitzen und m\u00f6glichst keine Fehler mehr im Text sind. Aus der Zeit gefallen? Ich freue mich, dass es solche Sorgfalt noch gibt.<a href=\"http:\/\/www.seele-und-sorge.de\/?page_id=2306\">&nbsp;weiterlesen<\/a><\/p>\n<hr>\n<p style=\"text-align: left;\"><strong><a href=\"http:\/\/www.seele-und-sorge.de\/wp-content\/uploads\/2016\/06\/newsletter-head_Vorlage_500_200_2.jpg\"><img loading=\"lazy\" decoding=\"async\" class=\"alignleft wp-image-2035 size-medium\" src=\"http:\/\/www.seele-und-sorge.de\/wp-content\/uploads\/2016\/06\/newsletter-head_Vorlage_500_200_2-300x120.jpg\" alt=\"\" width=\"300\" height=\"120\" srcset=\"https:\/\/www.seele-und-sorge.de\/wp-content\/uploads\/2016\/06\/newsletter-head_Vorlage_500_200_2-300x120.jpg 300w, https:\/\/www.seele-und-sorge.de\/wp-content\/uploads\/2016\/06\/newsletter-head_Vorlage_500_200_2.jpg 500w\" sizes=\"(max-width: 300px) 100vw, 300px\" \/><\/a><\/strong><\/p>\n<h2><strong><span style=\"color: #cd9522;\">Newsletter Nr. 04\/Juni\/Juli 2016<\/span><\/strong><\/h2>\n<h3><strong>Von der eigenen Kraft diakonischer Orte<\/strong><\/h3>\n<p>\u201eMan friert dort im Winter, gibt es doch keine Heizung; im Sommer kann es manchmal recht stickig sein, und doch fasziniert die Vorstellung, dass gerade hier, an diesem kaum ver\u00e4nderten Ort schon fr\u00fchere Generationen gewirkt haben\u201c, schreibt Norbert Friedrich, der Leiter der Fliedner-Kultur-Stiftung, \u00fcber das Gartenh\u00e4uschen, in dem die diakonische Arbeit in Kaiserswerth mit der Aufnahme von zwei strafentlassenen Frauen begann. &nbsp;<a href=\"http:\/\/www.seele-und-sorge.de\/?page_id=2304\">weiterlesen<\/a><\/p>\n<hr>\n<p style=\"text-align: left;\"><strong><a href=\"http:\/\/www.seele-und-sorge.de\/wp-content\/uploads\/2016\/04\/newsletter-head_Vorlage_500_200_2.jpg\"><img loading=\"lazy\" decoding=\"async\" class=\"wp-image-1569 size-medium alignleft\" src=\"http:\/\/www.seele-und-sorge.de\/wp-content\/uploads\/2016\/04\/newsletter-head_Vorlage_500_200_2-300x120.jpg\" alt=\"\" width=\"300\" height=\"120\" srcset=\"https:\/\/www.seele-und-sorge.de\/wp-content\/uploads\/2016\/04\/newsletter-head_Vorlage_500_200_2-300x120.jpg 300w, https:\/\/www.seele-und-sorge.de\/wp-content\/uploads\/2016\/04\/newsletter-head_Vorlage_500_200_2.jpg 500w\" sizes=\"(max-width: 300px) 100vw, 300px\" \/><\/a><\/strong><\/p>\n<h2><strong><span style=\"color: #cd9522;\">Newsletter Nr. 03\/April 2016<\/span><\/strong><\/h2>\n<h3><strong>Gemeinwesendiakonie als innovative Kraft<\/strong><\/h3>\n<p class=\"p1\" style=\"text-align: left;\">Vor gut zwanzig Jahren forderte der Sozialpsychiater Klaus D\u00f6rner die Aufl\u00f6sung der Heime. \u201eIch will alt werden und sterben, wo ich gelebt habe\u201c \u2013 sein eing\u00e4ngiger Satz wurde paradigmatisch f\u00fcr einen neuen Umgang mit Alter, Pflegebed\u00fcrftigkeit und Sterben. Was Einrichtungen und Verb\u00e4nde der Altenhilfe damals als heftige Provokation empfanden, haben vielen von ihnen seitdem \u00e4u\u00dferst innovativ umgesetzt: Mit betreutem Wohnen und Kurzzeitpflege, ambulanter Pflege und hauswirtschaftlichen Hilfen, aber auch mit Caf\u00e9s und vielf\u00e4ltigen Kooperationen haben sie sich immer mehr ins Quartier ge\u00f6ffnet. &nbsp;<a href=\"http:\/\/www.seele-und-sorge.de\/?page_id=2302\">weiterlesen<\/a><\/p>\n<hr>\n<p style=\"text-align: left;\"><strong><a href=\"http:\/\/www.seele-und-sorge.de\/wp-content\/uploads\/2015\/10\/newsletter-head_Vorlage_10.jpg\"><img loading=\"lazy\" decoding=\"async\" class=\"alignleft wp-image-1246 size-medium\" src=\"http:\/\/www.seele-und-sorge.de\/wp-content\/uploads\/2015\/10\/newsletter-head_Vorlage_10-300x120.jpg\" alt=\"\" width=\"300\" height=\"120\" srcset=\"https:\/\/www.seele-und-sorge.de\/wp-content\/uploads\/2015\/10\/newsletter-head_Vorlage_10-300x120.jpg 300w, https:\/\/www.seele-und-sorge.de\/wp-content\/uploads\/2015\/10\/newsletter-head_Vorlage_10.jpg 500w\" sizes=\"(max-width: 300px) 100vw, 300px\" \/><\/a><\/strong><\/p>\n<h2><strong><span style=\"color: #cd9522;\">Newsletter Nr. 02\/Oktober&nbsp;2015<\/span><\/strong><\/h2>\n<h3 class=\"p1\"><b>Bew\u00e4hrungsprobe Gemeinwesen<\/b><\/h3>\n<p>Liebe Leserin,&nbsp;lieber Leser,&nbsp;<strong>Willkommenskultur<\/strong>, das ist ein gro\u00dfes Schlagwort in diesen Wochen. Und es ist einfach bewegend, zu erleben, wie Menschen, die aus Kriegen und Elend fliehen, hier willkommen gehei\u00dfen werden: die Szenen der herzlichen Begr\u00fc\u00dfung an den Bahnh\u00f6fen, der Einsatz so vieler Freiwilliger in den Aufnahmestellen, die Selbstverst\u00e4ndlichkeit, mit der Menschen Spenden bringen, bei Beh\u00f6rdeng\u00e4ngen helfen, Deutsch unterrichten oder auch ihre Wohnung teilen. (\u00dcbrigens bin ich \u00fcberzeugt, dass bei dieser Hilfsbereitschaft auch das Wissen mitschwingt, dass die Kriege und das Elend, aus denen die Menschen fliehen, auch etwas mit unserer Politik und unserem Wirtschaften zu tun haben.) &nbsp;<a href=\"http:\/\/www.seele-und-sorge.de\/?page_id=2300\">weiterlesen<\/a><\/p>\n<hr>\n<p style=\"text-align: left;\"><strong><a href=\"http:\/\/www.seele-und-sorge.de\/wp-content\/uploads\/2015\/05\/bildreihe.jpg\"><img loading=\"lazy\" decoding=\"async\" class=\"alignleft wp-image-816 size-medium\" src=\"http:\/\/www.seele-und-sorge.de\/wp-content\/uploads\/2015\/05\/bildreihe-300x67.jpg\" alt=\"\" width=\"300\" height=\"67\" srcset=\"https:\/\/www.seele-und-sorge.de\/wp-content\/uploads\/2015\/05\/bildreihe-300x67.jpg 300w, https:\/\/www.seele-und-sorge.de\/wp-content\/uploads\/2015\/05\/bildreihe.jpg 900w\" sizes=\"(max-width: 300px) 100vw, 300px\" \/><\/a><\/strong><\/p>\n<h2><strong><span style=\"color: #cd9522;\">Newsletter Nr. 01\/Mai 2015<\/span><\/strong><\/h2>\n<p>Liebe Leserin,&nbsp;lieber Leser,&nbsp;\u201e<strong>Gott schickt nicht in Rente!<\/strong>\u201c Mit diesem Titel haben mich Organisatoren des Zentrums \u201e\u00c4lterwerden\u201c beim Deutschen Evangelischen Kirchentag gelockt, als sie um einen kleinen Impulsvortrag baten. Der Vortrag, den ich am 5. Juni in Stuttgart halte, ist noch nicht ganz fertig. Aber das Thema besch\u00e4ftigt mich schon l\u00e4nger und in diesen Wochen erhalte ich fast t\u00e4glich neue Impulse dazu: von Menschen, die Schwierigkeiten haben mit dem Ausscheiden aus dem Beruf, aber auch von solchen, die pl\u00f6tzlich ganz neue, ungeahnte Wege entdecken, ja, gerade an dieser Schwelle eine versch\u00fcttete Berufung entdecken. Ist Ihnen schon aufgefallen, wie viele Filme inzwischen solche Geschichten erz\u00e4hlen?&nbsp;<a href=\"http:\/\/www.seele-und-sorge.de\/?page_id=2298\">weiterlesen<\/a><\/p>","protected":false},"excerpt":{"rendered":"<p>.. Newsletter 33 \/ Februar 2026 Neues wagen \u201eIch freue mich schon so auf den Fr\u00fchling, das Einzige, was man&#8230; <a href=\"https:\/\/www.seele-und-sorge.de\/?page_id=619\">read more<\/a><\/p>\n","protected":false},"author":1,"featured_media":0,"parent":3531,"menu_order":6,"comment_status":"closed","ping_status":"closed","template":"","meta":{"footnotes":""},"class_list":["post-619","page","type-page","status-publish","hentry"],"_links":{"self":[{"href":"https:\/\/www.seele-und-sorge.de\/index.php?rest_route=\/wp\/v2\/pages\/619"}],"collection":[{"href":"https:\/\/www.seele-und-sorge.de\/index.php?rest_route=\/wp\/v2\/pages"}],"about":[{"href":"https:\/\/www.seele-und-sorge.de\/index.php?rest_route=\/wp\/v2\/types\/page"}],"author":[{"embeddable":true,"href":"https:\/\/www.seele-und-sorge.de\/index.php?rest_route=\/wp\/v2\/users\/1"}],"replies":[{"embeddable":true,"href":"https:\/\/www.seele-und-sorge.de\/index.php?rest_route=%2Fwp%2Fv2%2Fcomments&post=619"}],"version-history":[{"count":66,"href":"https:\/\/www.seele-und-sorge.de\/index.php?rest_route=\/wp\/v2\/pages\/619\/revisions"}],"predecessor-version":[{"id":8306,"href":"https:\/\/www.seele-und-sorge.de\/index.php?rest_route=\/wp\/v2\/pages\/619\/revisions\/8306"}],"up":[{"embeddable":true,"href":"https:\/\/www.seele-und-sorge.de\/index.php?rest_route=\/wp\/v2\/pages\/3531"}],"wp:attachment":[{"href":"https:\/\/www.seele-und-sorge.de\/index.php?rest_route=%2Fwp%2Fv2%2Fmedia&parent=619"}],"curies":[{"name":"wp","href":"https:\/\/api.w.org\/{rel}","templated":true}]}}