{"id":5559,"date":"2020-09-08T09:35:26","date_gmt":"2020-09-08T07:35:26","guid":{"rendered":"https:\/\/www.seele-und-sorge.de\/?page_id=5559"},"modified":"2020-09-08T09:35:27","modified_gmt":"2020-09-08T07:35:27","slug":"newsletter-nr-20-september-2020","status":"publish","type":"page","link":"https:\/\/www.seele-und-sorge.de\/?page_id=5559","title":{"rendered":"Newsletter Nr. 20 \/ September 2020"},"content":{"rendered":"<table style=\"height: 4183px; width: 540px;\" cellpadding=\"10\" align=\"center\">\n<tbody>\n<tr>\n<td style=\"width: 540px;\" align=\"center\" valign=\"middle\">\n<div style=\"text-align: left; background-color: #fff; max-width: 600px;\" align=\"left\">\n<div style=\"text-align: center;\">\n<div style=\"padding: 30px 0; color: #000; font-size: 28px; background-color: #efefef; border-bottom: 1px solid #ddd; text-align: center;\"><span style=\"font-family: arial,helvetica,sans-serif;\"><img loading=\"lazy\" decoding=\"async\" style=\"max-width: 100%;\" src=\"https:\/\/www.seele-und-sorge.de\/wp-content\/uploads\/2020\/09\/newsletter-head_Vorlage_500_250_4.2020.jpg\" width=\"550\" height=\"275\" \/><\/span><\/div>\n<\/div>\n<div style=\"text-align: center;\" align=\"left\">\n<h3 style=\"padding: 10px 0; color: #000; font-size: 16px; text-align: center;\" align=\"center\"><span style=\"color: #e18800; font-family: arial,helvetica,sans-serif;\">Newsletter Nr. 20\/September 2020:<br \/>\nBrennende Themen. Ideen, Inspirationen und Projekte<br \/>\naus Kirche und Diakonie.\u00a0<\/span><br \/>\n<span style=\"font-family: arial,helvetica,sans-serif;\"> <span style=\"color: #b0c427;\">Seele &amp; Sorge \u2013 Impulse, Workshops, Beratung<br \/>\n<\/span><strong style=\"font-size: small;\"><span style=\"color: #cf921e;\"><span style=\"color: #e18800;\">Cornelia Coenen-Marx:\u00a0Engagement mit Profil<\/span><br \/>\n<\/span><\/strong> <strong style=\"font-size: small; line-height: 18px;\"> <span style=\"color: #cf921e;\"><a style=\"color: #2b6d07;\" href=\"{email_url}\" target=\"_blank\" rel=\"noopener noreferrer\">Diese E-Mail online ansehen<\/a><\/span><\/strong><\/span><\/h3>\n<hr \/>\n<p style=\"margin: 0px 0px 15px; padding: 0px; vertical-align: baseline; outline: 0px; font-size: 16px; border: 0px; font-family: Arial, sans-serif; color: #000000; line-height: 23px; background-image: initial; background-attachment: initial; background-size: initial; background-origin: initial; background-clip: initial; background-position: initial; background-repeat: initial;\" align=\"center\"><span style=\"font-family: arial,helvetica,sans-serif;\"><strong style=\"color: #a2bc07; font-family: Arial, sans-serif; font-size: medium;\">THEMEN\u00dcBERSICHT IN DIESEM NEWSLETTER<\/strong><\/span><\/p>\n<p style=\"margin: 0px 0px 15px; padding: 0px; vertical-align: baseline; outline: 0px; font-size: 16px; border: 0px; font-family: Arial, sans-serif; color: #000000; line-height: 23px; background-image: initial; background-attachment: initial; background-size: initial; background-origin: initial; background-clip: initial; background-position: initial; background-repeat: initial;\" align=\"center\"><span style=\"color: #e18800; font-family: arial, helvetica, sans-serif;\"><span style=\"font-size: 13.3333px;\"><strong>SCHOCK, WUT\u00a0<\/strong><\/span><\/span><strong style=\"line-height: 115%; font-family: Verdana, Arial, Helvetica, sans-serif; font-size: 12px;\"><span style=\"font-size: 10pt; line-height: 115%; font-family: Arial; color: #e18800; background-image: initial; background-attachment: initial; background-size: initial; background-origin: initial; background-clip: initial; background-position: initial; background-repeat: initial;\"><strong style=\"line-height: 115%; font-family: Verdana, Arial, Helvetica, sans-serif; font-size: 12px;\"><span style=\"font-size: 10pt; line-height: 115%; font-family: Arial; color: #e18800; background-image: initial; background-attachment: initial; background-size: initial; background-origin: initial; background-clip: initial; background-position: initial; background-repeat: initial;\"><strong style=\"line-height: 115%; font-family: Verdana, Arial, Helvetica, sans-serif; font-size: 12px;\"><span style=\"font-size: 10pt; line-height: 115%; font-family: '\u30d2\u30e9\u30ae\u30ce\u89d2\u30b4 Std W8'; color: #e18800; background-image: initial; background-attachment: initial; background-size: initial; background-origin: initial; background-clip: initial; background-position: initial; background-repeat: initial;\">\u2605<\/span><\/strong><\/span><\/strong><\/span><\/strong><span style=\"color: #e18800; font-family: arial, helvetica, sans-serif;\"><span style=\"font-size: 13.3333px;\"><strong>\u00a0OHNMACHT?\u00a0<\/strong><\/span><\/span><strong style=\"line-height: 115%; font-family: Verdana, Arial, Helvetica, sans-serif; font-size: 12px;\"><span style=\"font-size: 10pt; line-height: 115%; font-family: Arial; color: #e18800; background-image: initial; background-attachment: initial; background-size: initial; background-origin: initial; background-clip: initial; background-position: initial; background-repeat: initial;\"><strong style=\"line-height: 115%; font-family: Verdana, Arial, Helvetica, sans-serif; font-size: 12px;\"><span style=\"font-size: 10pt; line-height: 115%; font-family: Arial; color: #e18800; background-image: initial; background-attachment: initial; background-size: initial; background-origin: initial; background-clip: initial; background-position: initial; background-repeat: initial;\"><strong style=\"line-height: 115%; font-family: Verdana, Arial, Helvetica, sans-serif; font-size: 12px;\"><span style=\"font-size: 10pt; line-height: 115%; font-family: '\u30d2\u30e9\u30ae\u30ce\u89d2\u30b4 Std W8'; color: #e18800; background-image: initial; background-attachment: initial; background-size: initial; background-origin: initial; background-clip: initial; background-position: initial; background-repeat: initial;\">\u2605<\/span><\/strong><\/span><\/strong><\/span><\/strong><span style=\"color: #e18800; font-family: arial, helvetica, sans-serif;\"><span style=\"font-size: 13.3333px;\"><strong>\u00a0\u00dcBER DIE ZUSCHAUERPOSITION\u00a0<\/strong><\/span><\/span><strong style=\"line-height: 115%; font-family: Verdana, Arial, Helvetica, sans-serif; font-size: 12px;\"><span style=\"font-size: 10pt; line-height: 115%; font-family: Arial; color: #e18800; background-image: initial; background-attachment: initial; background-size: initial; background-origin: initial; background-clip: initial; background-position: initial; background-repeat: initial;\"><strong style=\"line-height: 115%; font-family: Verdana, Arial, Helvetica, sans-serif; font-size: 12px;\"><span style=\"font-size: 10pt; line-height: 115%; font-family: Arial; color: #e18800; background-image: initial; background-attachment: initial; background-size: initial; background-origin: initial; background-clip: initial; background-position: initial; background-repeat: initial;\"><strong style=\"line-height: 115%; font-family: Verdana, Arial, Helvetica, sans-serif; font-size: 12px;\"><span style=\"font-size: 10pt; line-height: 115%; font-family: '\u30d2\u30e9\u30ae\u30ce\u89d2\u30b4 Std W8'; color: #e18800; background-image: initial; background-attachment: initial; background-size: initial; background-origin: initial; background-clip: initial; background-position: initial; background-repeat: initial;\">\u2605<\/span><\/strong><\/span><\/strong><\/span><\/strong><span style=\"color: #e18800; font-family: arial, helvetica, sans-serif;\"><span style=\"font-size: 13.3333px;\"><strong>\u00a0SCHWERPUNKT: CORONA TROTZEN\u00a0<\/strong><\/span><\/span><strong style=\"line-height: 115%; font-family: Verdana, Arial, Helvetica, sans-serif; font-size: 12px;\"><span style=\"font-size: 10pt; line-height: 115%; font-family: Arial; color: #e18800; background-image: initial; background-attachment: initial; background-size: initial; background-origin: initial; background-clip: initial; background-position: initial; background-repeat: initial;\"><strong style=\"line-height: 115%; font-family: Verdana, Arial, Helvetica, sans-serif; font-size: 12px;\"><span style=\"font-size: 10pt; line-height: 115%; font-family: Arial; color: #e18800; background-image: initial; background-attachment: initial; background-size: initial; background-origin: initial; background-clip: initial; background-position: initial; background-repeat: initial;\"><strong style=\"line-height: 115%; font-family: Verdana, Arial, Helvetica, sans-serif; font-size: 12px;\"><span style=\"font-size: 10pt; line-height: 115%; font-family: '\u30d2\u30e9\u30ae\u30ce\u89d2\u30b4 Std W8'; color: #e18800; background-image: initial; background-attachment: initial; background-size: initial; background-origin: initial; background-clip: initial; background-position: initial; background-repeat: initial;\">\u2605<\/span><\/strong><\/span><\/strong><\/span><\/strong><span style=\"color: #e18800; font-family: arial, helvetica, sans-serif;\"><span style=\"font-size: 13.3333px;\"><strong>\u00a0SEMINARE UND BERATUNGSANGEBOTE\u00a0<\/strong><\/span><\/span><strong style=\"line-height: 115%; font-family: Verdana, Arial, Helvetica, sans-serif; font-size: 12px;\"><span style=\"font-size: 10pt; line-height: 115%; font-family: Arial; color: #e18800; background-image: initial; background-attachment: initial; background-size: initial; background-origin: initial; background-clip: initial; background-position: initial; background-repeat: initial;\"><strong style=\"line-height: 115%; font-family: Verdana, Arial, Helvetica, sans-serif; font-size: 12px;\"><span style=\"font-size: 10pt; line-height: 115%; font-family: Arial; color: #e18800; background-image: initial; background-attachment: initial; background-size: initial; background-origin: initial; background-clip: initial; background-position: initial; background-repeat: initial;\"><strong style=\"line-height: 115%; font-family: Verdana, Arial, Helvetica, sans-serif; font-size: 12px;\"><span style=\"font-size: 10pt; line-height: 115%; font-family: '\u30d2\u30e9\u30ae\u30ce\u89d2\u30b4 Std W8'; color: #e18800; background-image: initial; background-attachment: initial; background-size: initial; background-origin: initial; background-clip: initial; background-position: initial; background-repeat: initial;\">\u2605<\/span><\/strong><\/span><\/strong><\/span><\/strong><span style=\"color: #e18800; font-family: arial, helvetica, sans-serif;\"><span style=\"font-size: 13.3333px;\"><strong>\u00a0GEMEINSCHAFT: NEU ENTDECKT\u00a0<\/strong><\/span><\/span><strong style=\"line-height: 115%; font-family: Verdana, Arial, Helvetica, sans-serif; font-size: 12px;\"><span style=\"font-size: 10pt; line-height: 115%; font-family: Arial; color: #e18800; background-image: initial; background-attachment: initial; background-size: initial; background-origin: initial; background-clip: initial; background-position: initial; background-repeat: initial;\"><strong style=\"line-height: 115%; font-family: Verdana, Arial, Helvetica, sans-serif; font-size: 12px;\"><span style=\"font-size: 10pt; line-height: 115%; font-family: Arial; color: #e18800; background-image: initial; background-attachment: initial; background-size: initial; background-origin: initial; background-clip: initial; background-position: initial; background-repeat: initial;\"><strong style=\"line-height: 115%; font-family: Verdana, Arial, Helvetica, sans-serif; font-size: 12px;\"><span style=\"font-size: 10pt; line-height: 115%; font-family: '\u30d2\u30e9\u30ae\u30ce\u89d2\u30b4 Std W8'; color: #e18800; background-image: initial; background-attachment: initial; background-size: initial; background-origin: initial; background-clip: initial; background-position: initial; background-repeat: initial;\">\u2605<\/span><\/strong><\/span><\/strong><\/span><\/strong><span style=\"color: #e18800; font-family: arial, helvetica, sans-serif;\"><span style=\"font-size: 13.3333px;\"><strong>\u00a0VERANSTALTUNGEN, ONLINE UND OFFLINE\u00a0<\/strong><\/span><\/span><strong style=\"line-height: 115%; font-family: Verdana, Arial, Helvetica, sans-serif; font-size: 12px;\"><span style=\"font-size: 10pt; line-height: 115%; font-family: Arial; color: #e18800; background-image: initial; background-attachment: initial; background-size: initial; background-origin: initial; background-clip: initial; background-position: initial; background-repeat: initial;\"><strong style=\"line-height: 115%; font-family: Verdana, Arial, Helvetica, sans-serif; font-size: 12px;\"><span style=\"font-size: 10pt; line-height: 115%; font-family: Arial; color: #e18800; background-image: initial; background-attachment: initial; background-size: initial; background-origin: initial; background-clip: initial; background-position: initial; background-repeat: initial;\"><strong style=\"line-height: 115%; font-family: Verdana, Arial, Helvetica, sans-serif; font-size: 12px;\"><span style=\"font-size: 10pt; line-height: 115%; font-family: '\u30d2\u30e9\u30ae\u30ce\u89d2\u30b4 Std W8'; color: #e18800; background-image: initial; background-attachment: initial; background-size: initial; background-origin: initial; background-clip: initial; background-position: initial; background-repeat: initial;\">\u2605<\/span><\/strong><\/span><\/strong><\/span><\/strong><span style=\"color: #e18800; font-family: arial, helvetica, sans-serif;\"><span style=\"font-size: 13.3333px;\"><strong>\u00a0LESSONS LEARNT<\/strong><\/span><\/span><\/p>\n<hr \/>\n<\/div>\n<\/div>\n<div style=\"text-align: left; background-color: #fff; max-width: 600px;\" align=\"left\">\n<div style=\"text-align: left; background-color: #fff; max-width: 600px;\" align=\"left\">\n<div style=\"text-align: left; background-color: #fff; max-width: 600px;\">\n<div style=\"padding: 10px 20px 20px 20px; background-color: #fff; line-height: 20px;\" align=\"left\">\n<h2 style=\"text-align: left; background-color: #fff; max-width: 600px;\"><span style=\"font-family: arial,helvetica,sans-serif; font-size: medium;\"><img loading=\"lazy\" decoding=\"async\" src=\"https:\/\/www.seele-und-sorge.de\/wp-content\/uploads\/2020\/09\/Angler-in-Zeeland.jpg\" width=\"250\" height=\"208\" align=\"left\" hspace=\"10\" vspace=\"10\" \/><\/span><\/h2>\n<div align=\"left\">\n<div align=\"left\"><span style=\"font-size: 14px; font-weight: 400;\">Seeluft tanken und neue Energie, den Kopf durchpusten lassen und mich einschwingen auf den Rhythmus von Ebbe und Flut \u2013 einmal im Jahr muss ich f\u00fcr ein paar Tage nach Zeeland. Und diesmal war es das vierzigste Mal. Kaum zu glauben!\u00a0<\/span><\/div>\n<div align=\"left\"><span style=\"font-size: 14px; font-weight: 400;\">\u00a0<\/span><\/div>\n<div align=\"left\"><span style=\"font-size: 14px; font-weight: 400;\">Kaum zu glauben auch, dass dies schon der zwanzigste Newsletter ist. Seit der Gr\u00fcndung von Seele und Sorge vor f\u00fcnf Jahren erscheint er \u2013 mit neuen Ideen, unfrisierten Gedanken und vielen Hinweisen auf inspirierende Projekte, auf B\u00fccher und Orte \u2013 etwa drei bis vier Mal im Jahr. Er soll anregen, mit neuen Augen auf den Alltag zu schauen und Energie zu tanken. Jedes Mal finden Sie auch Informationen zu meinen aktuellen Angeboten, beispielsweise Vortrags- und Rundfunktermine sowie Texte, dazu Hinweise zu Beratung und Seminaren. Und auch Ihre Hinweise haben Raum: Sehr gern gebe ich immer wieder Hinweise von Ihnen auf B\u00fccher, Veranstaltungen oder Projekte weiter \u2013 vielen Dank daf\u00fcr!<\/span><\/div>\n<div align=\"left\"><span style=\"font-size: 14px; font-weight: 400;\">\u00a0<\/span><\/div>\n<div align=\"left\"><span style=\"font-size: 14px; font-weight: 400;\"><span style=\"font-size: 14px; font-weight: 400;\">Als Einstieg gehe ich in den Newslettern meist auf aktuelle Ereignisse ein, die mich bewegen. Dazu z\u00e4hlt in diesen Tagen vor allem der demokratische Aufstand in Belarus, von wo wir gerade besonders erschreckende Nachrichten \u00fcber das Verschwinden weiterer Demonstrierender sowie der Oppositionellen Maria Kolesnikowa h\u00f6ren. Mich besch\u00e4ftigt auch weiter die in so vieler Hinsicht katastrophale Explosion in Beirut, dieser herrlichen Stadt, wo ich so h\u00e4ufig war. Aus den Nachrichten ist das Thema schon fast verschwunden, doch von meinen Freund*innen dort h\u00f6re ich beinahe t\u00e4glich von der schlimmen Lage und den Versuchen, das Leben wieder aufzubauen.\u00a0<\/span><\/span><\/p>\n<\/div>\n<\/div>\n<h2 align=\"left\"><span style=\"color: #cd9522;\">Schock, Wut \u2013 Ohnmacht?<\/span><\/h2>\n<h2 style=\"text-align: left; background-color: #fff; max-width: 600px;\"><span style=\"font-family: arial,helvetica,sans-serif; font-size: medium;\"><img loading=\"lazy\" decoding=\"async\" src=\"https:\/\/www.seele-und-sorge.de\/wp-content\/uploads\/2020\/09\/kugel_02.jpg\" width=\"200\" height=\"244\" align=\"left\" hspace=\"10\" vspace=\"10\" \/><\/span><\/h2>\n<div align=\"left\">\n<div align=\"left\">Beirut \u2013 quirlig und bunt, Maroniten und Schiiten, Armenier und Drusen, junge Leute mit westlicher Kultur \u2026 Wunderbare Musik in den Klubs, das Nationalmuseum voll antiker Sch\u00e4tze, die Corniche am Hafen ein herrlicher Ort zum Flanieren bei Sonnenuntergang. Und mittendrin noch immer die Spuren des B\u00fcrgerkriegs, noch immer die Pal\u00e4stinenserlager. Und eine sehr engagierte deutsche Auslandsgemeinde. Einige Jahre lang war ich \u00f6fter dort und habe seither oft davon getr\u00e4umt, wieder hinzukommen. Und jetzt das! Die Explosion hat halb Beirut in Schutt und Asche gelegt. Doch was sind meine zersplitterten Reisetr\u00e4ume gegen das, was die Menschen vor Ort nun durchmachen. \u201eNiemand wei\u00df, wie es weitergehen soll. Es wird eine gro\u00dfe Lebensmittelknappheit geben, besonders beim Mehl. Schon jetzt waren die Lebensmittel knapp geworden\u201c, schrieb Friederike Weltzien, die lange dort als Pfarrerin arbeitete, direkt nach der Explosion. Und auch von Uwe Gr\u00e4be aus der <strong><a style=\"color: #2b6d07;\" href=\"https:\/\/schneller-schulen.ems-online.org\/\" target=\"_blank\" rel=\"noopener noreferrer\">ems (Evangelische Mission in Solidarit\u00e4t)<\/a><\/strong>\u00a0und von Michael P\u00fchn aus dem EKD-Kirchenamt bekomme ich aktuelle <strong><a style=\"color: #2b6d07;\" href=\"https:\/\/www.seele-und-sorge.de\/?page_id=5546\" target=\"_blank\" rel=\"noopener noreferrer\">Berichte<\/a><\/strong>, die vieles noch genauer beschreiben, als man es in den Nachrichten und in den Zeitungen erfahren kann. Ich war erst einmal erleichtert, dass in der deutschen Gemeinde nur Sachschaden entstanden ist. Die <strong><a style=\"color: #2b6d07;\" href=\"http:\/\/www.theonest.edu.lb\/en\/Home\" target=\"_blank\" rel=\"noopener noreferrer\">Near East School of Theology (NEST)<\/a><\/strong>, die protestantische Hochschule, an der die ersten, vor kurzem ordinierten Frauen im Nahen Osten studierten, ist allerdings zerst\u00f6rt, und \u00fcberall fehlt das N\u00f6tigste. Das alles trifft die Menschen in einer eigentlich ohnehin hoffnungslosen Situation: Wirtschaftskrise, politische Krise, Coronakrise auch im Libanon. Es ist, als ob die furchtbare Explosion nun allen vor Augen f\u00fchrt, wie wenig sich das korrupte Regierungssystem um die B\u00fcrger*innen k\u00fcmmert \u2013 und dass die Aufst\u00e4nde, die dort seit Monaten stattfinden, mehr als berechtigt sind.<\/div>\n<div align=\"left\"><\/div>\n<div align=\"left\"><strong>Eine abgehobene Elite und autorit\u00e4re Machthaber, marginalisierte Gruppen, eine verzweifelte Bev\u00f6lkerung und Aufst\u00e4nde gegen ein korruptes Regierungssystem \u2013 es sind Zeiten gro\u00dfer Bewegung<\/strong>, auch in Belarus, wo Lukaschenko nach der letzten Wahlt\u00e4uschung verzweifelt versucht, die Opposition zu unterdr\u00fccken. Die Bilder der vielen Frauen in wei\u00dfen Kleider gehen mir nicht aus dem Kopf \u2013 sie erinnern an all die anderen Farbenrevolutionen, von denen manche brutal niedergeschlagen wurden, die wei\u00dfe in Belarus nun so wie die orangefarbene in der Ukraine, wie die gr\u00fcne Revolution im Iran. Die Black-Lives-Matter-Demos in den USA unter Beteiligung von Menschen aus unterschiedlichsten Bev\u00f6lkerungsgruppen wurden Auftakt zum Pr\u00e4sidentschaftswahlkampf der Demokraten, der auch Trumps nachl\u00e4ssigen Umgang mit der Coronakrise ins Visier nimmt.<\/div>\n<div align=\"left\">Woher soll in einer solchen Situation noch Hoffnung kommen, fragen viele im Libanon. Wie soll es den Menschen gelingen, sich nach all diesen Zerst\u00f6rungen wiederaufzurichten?<\/div>\n<\/div>\n<div align=\"left\"><\/div>\n<h2 align=\"left\"><span style=\"color: #cd9522;\">\u00dcber die Zuschauerposition<\/span><\/h2>\n<h2 style=\"text-align: left; background-color: #fff; max-width: 600px;\"><span style=\"font-family: arial,helvetica,sans-serif; font-size: medium;\"><img loading=\"lazy\" decoding=\"async\" src=\"https:\/\/www.seele-und-sorge.de\/wp-content\/uploads\/2020\/09\/beirut.jpg\" width=\"250\" height=\"145\" align=\"left\" hspace=\"10\" vspace=\"10\" \/><\/span><\/h2>\n<div align=\"left\">Von Deutschland aus sind wir vor allem Zuschauer*innen dieser Katastrophen. Wie finden wir eine Haltung dazu? Aus meiner Sicht sind Filme ein wichtiges Medium, sich mit komplizierten Verh\u00e4ltnissen auseinanderzusetzen und die eigene Haltung zu reflektieren. Von gro\u00dfen politischen Hoffnungen, von Gewalt und Entt\u00e4uschung, Naivit\u00e4t, Intrige und Vers\u00f6hnung erz\u00e4hlen zwei der vielen Filme, die wir in diesen Monaten auf DVD gesehen haben \u2013 ein Jammer, dass die Kinos so lange geschlossen waren \u2026 In dem Film \u00fcber den Liedermacher <a style=\"color: #2b6d07;\" href=\"https:\/\/www.gundermann-derfilm.de\/\" target=\"_blank\" rel=\"noopener noreferrer\"><strong>Gundermann<\/strong><\/a>\u00a0hat mich fasziniert, wie sehr die in vielen anderen \u201eDDR-Filmen\u201c suggerierten einfachen Unterscheidungen zwischen Gut und B\u00f6se in Frage gestellt sind. Das erlaubt uns Zuschauer*innen keine bequeme Position des Urteilens mehr, fordert uns vielmehr zu differenziertem Nachdenken und F\u00fchlen auf. \u00c4hnlich ging es mir mit <strong><a style=\"color: #2b6d07;\" href=\"https:\/\/www.littledream-entertainment.com\/filme\/morgensindwirfrei\/\" target=\"_blank\" rel=\"noopener noreferrer\">Morgen sind wir frei<\/a><\/strong>, dem ersten Kinofilm des iranischen Regisseurs Hossein Pourseifi. Die Revolution in Teheran 1979 wird darin erz\u00e4hlt \u00fcber die Geschichte einer ostdeutschen Frau. Der Film schildert die Entt\u00e4uschungen der linken Revolution\u00e4re, Gewalt und Verfolgung und erinnert mich an die schmerzlichen Niederlagen im arabischen Fr\u00fchling.<\/div>\n<div align=\"left\"><\/div>\n<div align=\"left\">\n<table style=\"width: 100%; border-collapse: collapse; background-color: #f5ebd5; height: 258px;\" border=\"0\" align=\"center\">\n<tbody>\n<tr style=\"height: 58px;\">\n<td style=\"width: 496px; height: 58px;\">\n<h2><span style=\"color: #659139;\"><span style=\"color: #d4962a;\">Schwerpunkt:<\/span> Corona trotzen\u00a0<\/span><\/h2>\n<\/td>\n<\/tr>\n<tr style=\"height: 58px;\">\n<td style=\"width: 496px; height: 58px;\">\n<h2 style=\"text-align: left; background-color: #fff; max-width: 600px;\"><span style=\"font-family: arial,helvetica,sans-serif; font-size: medium;\"><img loading=\"lazy\" decoding=\"async\" src=\"https:\/\/www.seele-und-sorge.de\/wp-content\/uploads\/2020\/09\/Screenshot-Oma-trotzt-Corona-1.7.20.jpg\" width=\"250\" height=\"156\" align=\"left\" hspace=\"10\" vspace=\"10\" \/><\/span><\/h2>\n<h2><span style=\"font-size: 14px; font-weight: 400;\">Von den Problemen und K\u00e4mpfen im Libanon, im Iran oder in Belarus sind wir in Deutschland weit entfernt. Fahnen wurden aber nun auch hierzulande geschwenkt \u2013 von der Regenbogenfahne bis zur Reichskriegsflagge. Die Debatte \u00fcber die vielf\u00e4ltigen Motive der 40.000 Demonstrant*innen in Berlin h\u00e4lt an und mich besch\u00e4ftigt, wie leicht politische Naivit\u00e4t, Angst und Selbstbezogenheit missbraucht werden k\u00f6nnen durch totalit\u00e4re Ideologien.\u00a0<\/span><\/h2>\n<h2><span style=\"font-size: 14px;\">Was k\u00f6nnen wir tun, um nicht nur Zuschauerinnen, Mitl\u00e4ufer, Einzelne zu bleiben? Und einen offenen Blick zu behalten f\u00fcr Gerechtigkeitsfragen gerade jetzt in der Coronakrise, die doch den Blick lenkt auf abgeh\u00e4ngte Quartiere und vergessene Risikogruppen?<\/span><strong style=\"font-size: 14px;\"> Ich habe deshalb die Serie von Webgespr\u00e4chen \u201eOma trotzt Corona. Die Krisenexpert*innen\u201c initiiert \u2013 mit erstaunlicher und h\u00f6chst erfreulicher Resonanz<\/strong><span style=\"font-size: 14px; font-weight: 400;\"><strong>.<\/strong> Beteiligte aus unterschiedlichen Bereichen und Erfahrungsfeldern, aus Kirche, Kultur und Stadtverwaltungen, aus der BAGSO, verschiedenen Initiativen und Altenhilfeeinrichtungen trugen ihre Wahrnehmungen, ihre Fragen und Reflexionen und eine geradezu \u00fcberw\u00e4ltigende F\u00fclle an Praxisbeispielen zusammen, wie sich die Ausgrenzungen mit ihren desastr\u00f6sen Folgen \u00fcberwinden lassen. Was ich an diesen Gespr\u00e4chen sehr besonders und besonders inspirierend fand, war die Mischung aus der Schilderung dezidiert pers\u00f6nlicher, privater Erfahrungen und Engagements und professionellen Perspektiven.\u00a0<\/span><strong style=\"font-size: 14px;\">Hier ein paar Schlaglichter aus der Diskussion und den Protokollen:<br \/>\n<\/strong><\/h2>\n<p style=\"font-size: 14px; font-weight: 400;\"><strong>Alte Menschen erleben die Krise keineswegs nur dramatisch. Die Beteiligten schilderten die Situation sehr differenziert:<\/strong><\/p>\n<ul style=\"font-size: 14px; font-weight: 400;\">\n<li>Altsein kann, unabh\u00e4ngig vom realen Alter,\u00a0<strong>von Person zu Person h\u00f6chst unterschiedlich gelebt und erfahren<\/strong>\u00a0werden. (Dr. Dagmar Henze) Dies schilderten einige Beteiligte auch plastisch aus eigener Erfahrung: Mit neunzig intensiv im digitalen Austausch unterwegs, mit Ende achtzig engagiert bei Omas gegen rechts \u2013 im Engagement f\u00fcr andere erleben sie auch f\u00fcr sich selbst nie die Gefahr des Ausgegrenztseins.<\/li>\n<li><strong>Sich sein eigenes Altsein ein- und zuzugestehen<\/strong>\u00a0kann helfen, \u00fcberholte Altersbilder zu \u00fcberwinden, und das Altern komfortabler machen. (Elke Schilling, Silbernetz)<\/li>\n<li><strong>Eigentlich k\u00f6nnten jetzt die \u201eGoldenen Zwanziger\u201c beginnen<\/strong>\u00a0(Richard Haug), denn mit den Babyboomern wird gerade eine Generation alt, die viel berufliche Erfahrung und Bereitschaft zum ehrenamtlichen Engagement mitbringt, wirtschaftlich im Durchschnitt gut abgesichert ist und die Autonomie und Selbstbestimmtheit als Lebensstil erprobt hat.<\/li>\n<li>\u00c4ltere zeigen ein\u00a0<strong>breites Spektrum der Reaktionen auf Corona und die Ma\u00dfnahmen<\/strong>\u00a0zur Eind\u00e4mmung der Ausbreitung, von Dankbarkeit, Neugier oder Freiheitlichkeit bis hin zu stiller Einsamkeit oder w\u00fctender Frustration \u00fcber das Ausgegrenztsein.<\/li>\n<\/ul>\n<p style=\"font-size: 14px; font-weight: 400;\"><strong>Digitalisierung ist auch hier ein wichtiges Thema<\/strong><\/p>\n<ul style=\"font-size: 14px; font-weight: 400;\">\n<li>Durch die Coronasituation findet insbesondere im\u00a0<strong>Bereich Digitalisierung und Umgang damit eine rasante Fortentwicklung statt.<\/strong><\/li>\n<li><strong>Im Umgang mit digitalen Medien gibt es ein breites Spektrum<\/strong>, das neben dem Alter auch vom Geschlecht und der Bildung \u2013 aber auch von Lust oder Unlust \u2013 gepr\u00e4gt ist.<\/li>\n<li>Angebote der digitalen Ausstattung und Schulung sollten mehr\u00a0<strong>Menschen in der sozialen Teilhabe unterst\u00fctzen<\/strong>, nicht zuletzt in Heimen. Dabei geht es auch darum,\u00a0<strong>dass \u00c4ltere ihre Gaben und Erfahrungen selbst in die gesellschaftliche Debatte einbringen.<\/strong><\/li>\n<\/ul>\n<p style=\"font-size: 14px; font-weight: 400;\"><strong>Weggesperrt? Ausgesperrt?\u00a0<\/strong><\/p>\n<ul style=\"font-size: 14px; font-weight: 400;\">\n<li style=\"font-size: 14px; font-weight: 400;\">Vorhandene Probleme etwa der\u00a0<strong>Heimsituation und der Pflege spitzen sich unter Corona noch weiter zu<\/strong>. Im Mittelpunkt der Webgespr\u00e4che stand die Erfahrung,\u00a0<strong>dass die notwendigen Schritte f\u00fcr alle Fachleute klar sind, w\u00e4hrend es zugleich immer wieder an der Umsetzung mangelt.<\/strong>\u00a0(Jens-Peter Kruse) Gerade Engagierte erleben in dieser Situation Ohnmacht und Ratlosigkeit \u2013 besonders auch angesichts der Tatsache,\u00a0<strong>dass die Ressourcen f\u00fcr Pflege und Quartiersarbeit angesichts der wirtschaftlichen Entwicklung eher schrumpfen werden.\u00a0<\/strong><\/li>\n<li>Wer ist der Souver\u00e4n in dieser Situation?\u00a0<strong>Nicht\u00a0Virolog*innen, nicht Verfassungsrechtler*innen\u00a0oder Politiker*innen, sondern die Zivilgesellschaft.\u00a0<\/strong>(Dr. Thomas M\u00e4ule)<\/li>\n<li style=\"font-size: 14px; font-weight: 400;\"><strong>Und die Kirche braucht neue Strategien und Kommunikationsweisen<\/strong>\u00a0und kann dadurch neben den \u00c4lteren neue Adressatengruppen erreichen und damit auch die Einteilung in Gruppen \u00fcberwinden. (Martina Jakubek)<\/li>\n<\/ul>\n<p style=\"font-size: 14px; font-weight: 400;\"><strong>Der Erfahrungsaustausch st\u00e4rkt das \u201eTrotzen\u201c bzw. die Resilienz, schrieb mir Richard Haug wie eine Zusammenfassung.\u00a0<\/strong><\/p>\n<h2 style=\"text-align: left; background-color: #fff; max-width: 600px;\"><span style=\"font-family: arial,helvetica,sans-serif; font-size: medium;\"><img loading=\"lazy\" decoding=\"async\" src=\"https:\/\/www.seele-und-sorge.de\/wp-content\/uploads\/2020\/09\/work_01.jpg\" width=\"250\" height=\"160\" align=\"left\" hspace=\"10\" vspace=\"10\" \/><\/span><\/h2>\n<p style=\"font-size: 14px; font-weight: 400;\">In diesem Zusammenhang m\u00f6chte ich noch auf eine Erkl\u00e4rung aufmerksam machen, die endlich Schluss macht mit der Vorstellung, \u00e4ltere Menschen wollten mit Computern nichts zu tun haben: Ein wesentliches Mittel, \u00fcber das nicht zuletzt auch Pflegebed\u00fcrftigen in Heimen oder in ihrem Zuhause soziale Teilhabe m\u00f6glich wird, ist ja tats\u00e4chlich die\u00a0<strong>Digitalisierung<\/strong>. Doch es fehlt \u2013 Jens-Peter Kruse von der BAGSO hat dies in unseren Onlinetreffen \u201eOma trotzt Corona\u201c mehrfach sehr plastisch gemacht \u2013 sowohl an technischer Ausstattung als auch an Ausbildungsangeboten.\u00a0<strong>Anl\u00e4sslich der Ver\u00f6ffentlichung des Achten Altersberichts der Bundesregierung pr\u00e4sentierte die BAGSO am 12. August ihre engagierte\u00a0<a style=\"color: #2b6d07;\" href=\"https:\/\/www.bagso.de\/fileadmin\/user_upload\/bagso\/06_Veroeffentlichungen\/2020\/BAGSO-Stellungnahme_Achter_Altersbericht_Digitalisierung.pdf\" target=\"_blank\" rel=\"noopener noreferrer\">Stellungnahme \u201e\u00c4ltere Menschen und Digitalisierung&#8220;<\/a><\/strong>. \u201eWir m\u00fcssen nicht fragen, ob die \u00c4lteren reif f\u00fcr das Internet sind, sondern ob das Internet reif f\u00fcr die \u00c4lteren ist.\u201c Prof. Dr. Dr. h. c. Ursula Lehr, Bundesministerin a. D. und BAGSO-Ehrenvorsitzende.<\/p>\n<p style=\"font-size: 14px; font-weight: 400;\">Im Kontext der Webtreffen \u201eOma trotzt Corona. Die Krisenexpert*innen\u201c gaben uns die Teilnehmenden\u00a0<strong>viele weitere Hinweise auf Info-B\u00f6rsen, Initiativen und Appelle<\/strong>. Zu nennen ist beispielsweise die tolle\u00a0<a style=\"color: #2b6d07;\" href=\"http:\/\/fachstelle-zweite-lebenshaelfte.de\/mediathek.php\" target=\"_blank\" rel=\"noopener noreferrer\"><strong>Mediathek der Fachstelle zweite Lebensh\u00e4lfte<\/strong><\/a>. Schauen Sie doch mal auf meiner\u00a0<strong><a style=\"color: #2b6d07;\" href=\"https:\/\/www.seele-und-sorge.de\/?page_id=5293\" target=\"_blank\" rel=\"noopener noreferrer\">Website<\/a><\/strong>\u00a0(rechts im Men\u00fc finden Sie die Protokolle mit den Tipps zu den einzelnen Treffen),\u00a0<a style=\"color: #2b6d07;\" href=\"https:\/\/www.seele-und-sorge.de\/?page_id=5165\" target=\"_blank\" rel=\"noopener noreferrer\"><strong>hier<\/strong><\/a>\u00a0auch noch weitere Tipps und Links zu Corona, zum Beispiel von der\u00a0<strong><a style=\"color: #2b6d07;\" href=\"https:\/\/www.ag-familie.de\/home\/index.html\" target=\"_blank\" rel=\"noopener noreferrer\">AGF, der Arbeitsgemeinschaft deutsche Familienorganisationen<\/a><\/strong>.\u00a0<strong>\u201eCare Mainstreaming\u201c<\/strong>\u00a0hei\u00dft das erste der Arbeitspakete, die eine Gruppe von Wissenschaftlerinnen aus Deutschland, \u00d6sterreich und der Schweiz geschn\u00fcrt hat. In ihrem\u00a0<a style=\"color: #2b6d07;\" href=\"https:\/\/care-macht-mehr.com\/\" target=\"_blank\" rel=\"noopener noreferrer\"><strong>Appell\u00a0<\/strong><strong>\u201eGro\u00dfputz!<\/strong><strong>\u201c<\/strong><\/a>\u00a0wird erneut deutlich, dass Care uns alle angeht. Es ist hohe Zeit f\u00fcr die Forderungen des\u00a0<strong><a style=\"color: #2b6d07;\" href=\"http:\/\/www.buendnis-fuer-gute-pflege.de\/\" target=\"_blank\" rel=\"noopener noreferrer\">B\u00fcndnisses f\u00fcr Pflege<\/a><\/strong>: Gute Pflege ist ein Menschenrecht.\u00a0<strong>\u201eEs ist die Stunde der Pflege\u201c<\/strong>\u00a0habe ich denn auch meinen eigenen Artikel f\u00fcr die Zeitschrift\u00a0<strong><a style=\"color: #2b6d07;\" href=\"https:\/\/www.efaks.de\/pflegeausbildung-zwanzigzwanzig\/\" target=\"_blank\" rel=\"noopener noreferrer\">\u201ePflegen\u201c (1+2\/2020)<\/a><\/strong>\u00a0genannt. Und ich habe \u2013 auch bewegt von den Gedanken, die die Teilnehmenden von \u201eOma trotzt Corona\u201c eingebracht haben \u2013 die Zeitschrift \u201eChrismon\u201c anregen k\u00f6nnen, sich f\u00fcr das Thema zu engagieren, und in einem\u00a0<a style=\"color: #2b6d07;\" href=\"https:\/\/chrismon.evangelisch.de\/artikel\/2020\/50556\/cornelia-coenen-marx-ueber-altersdiskriminierung-waehrend-corona\" target=\"_blank\" rel=\"noopener noreferrer\"><strong>Beitrag der Serie Standpunkt<\/strong>\u00a0<strong>ausgef\u00fchrt<\/strong><\/a>,\u00a0<strong>warum wir nicht geschont werden wollen, blo\u00df weil wir \u00e4lter sind als sechzig<\/strong>.<\/p>\n<h2><strong style=\"font-size: 14px;\">Je mehr wir uns zu Wort melden, Aktivit\u00e4ten unterst\u00fctzen und unsere eigenen Erfahrungen einbringen, desto mehr k\u00f6nnen wir diese einzelnen Ans\u00e4tze zu einer Bewegung werden lassen.<\/strong><span style=\"font-size: 14px; font-weight: 400;\">\u00a0\u2013 Etwas in Bewegung bringen, das war ja letztlich auch der Sinn meiner Pro-bono-Aktion mit den Webtreffen \u201eOma trotzt Corona\u201c, und ich denke, es ist auch durchaus etwas in Gang gekommen!\u00a0<\/span><strong style=\"font-size: 14px;\">Vielen Dank allen Expert*innen, die das Ganze mit angeschoben haben, und allen, die bisher dabei waren! Ja, und vielleicht m\u00f6gen einige der Newsletter-Abonnent*innen beim letzten Treffen am 9. September ab 17 Uhr noch mit dabei sein?! Schreiben Sie mir bitte eine Mail und wir schauen, wie viel Platz wir noch haben. Ich w\u00fcrde mich sehr freuen!\u00a0<\/strong><span style=\"color: #659139;\"><span style=\"color: #d4962a;\"><br \/>\n<\/span><\/span><\/h2>\n<\/td>\n<\/tr>\n<\/tbody>\n<\/table>\n<\/div>\n<div align=\"left\">\n<h2 style=\"text-align: left; background-color: #fff; max-width: 600px;\"><span style=\"font-family: arial,helvetica,sans-serif; font-size: medium;\"><img loading=\"lazy\" decoding=\"async\" src=\"https:\/\/www.seele-und-sorge.de\/wp-content\/uploads\/2020\/09\/lange_abende-02.jpg\" width=\"100\" height=\"162\" align=\"left\" hspace=\"10\" vspace=\"10\" \/><\/span><\/h2>\n<div align=\"left\">Dem Gedanken, dass Altern mehr ist als die Erfahrung nachlassender Kr\u00e4fte, geht auch die Schriftstellerin Elizabeth Strout in ihrem neuen Roman nach: <strong><a style=\"color: #2b6d07;\" href=\"https:\/\/www.randomhouse.de\/Buch\/Die-langen-Abende\/Elizabeth-Strout\/Luchterhand-Literaturverlag\/e494517.rhd\" target=\"_blank\" rel=\"noopener noreferrer\">\u201eDie langen Abende\u201c<\/a><\/strong>\u00a0erz\u00e4hlt von Einsamkeit und von Gl\u00fccksmomenten im Alter, von Lebensbr\u00fcchen, aber auch von wunderbar unerwarteten Begegnungen und Rundungen der eigenen Geschichte. Ich empfand das Buch als ehrliches, sehr tiefes und zutiefst begl\u00fcckendes Nachdenken \u00fcber unser Menschsein.<br \/>\nEbenfalls ein Altersbuch ist Bernhard Schlinks Erz\u00e4hlband <strong><a style=\"color: #2b6d07;\" href=\"https:\/\/www.diogenes.ch\/leser\/titel\/bernhard-schlink\/abschiedsfarben-9783257071375.html\" target=\"_blank\" rel=\"noopener noreferrer\">\u201eAbschiedsfarben\u201c<\/a><\/strong>. Es geht darin um sehr unterschiedliche Abschiede: von einem Freund, von der Kindheit, von einer Liebe, dem verstorbenen Bruder \u2026 Immer aber mit einen melancholisch-selbstkritischen und dabei am Ende vers\u00f6hnlichen Altersblick.<\/div>\n<div align=\"left\">Eine ganz besondere literarische Entdeckung f\u00fcr mich ist Helga Schubert, die in diesem Jahr den Ingeborg-Bachmann-Preis gewonnen hat \u2013 mit achtzig Jahren als \u00e4lteste Teilnehmerin, die je an dem Wettbewerb teilnahm. Dabei war dies auch ein besonderer Wettbewerb \u2013 zum ersten Mal wegen Corona digital und durchaus gelungen. <strong>Helga Schuberts \u201eVom Aufstehen\u201c<\/strong> ist ein unglaublich dichter und komplexer, dabei scheinbar ganz schlichter Text \u00fcber das Altern und die Erinnerung (<strong><a style=\"color: #2b6d07;\" href=\"https:\/\/bachmannpreis.orf.at\/stories\/3047140\/\" target=\"_blank\" rel=\"noopener noreferrer\">hier<\/a><\/strong>\u00a0ein Portr\u00e4t der Autorin, der Text als PDF und auch Videos ihrer Lesung und der Debatte der Jury). <a style=\"color: #2b6d07;\" href=\"https:\/\/www.deutschlandfunkkultur.de\/bachmann-preistraegerin-helga-schubert-ich-musste-80-werden.1013.de.html?dram:article_id=479070\" target=\"_blank\" rel=\"noopener noreferrer\"><strong>\u201eIch musste achtzig werden, um das schreiben zu k\u00f6nnen\u201c<\/strong><\/a>, sagte sie in einem Interview. Gute Aussichten aufs \u00c4lterwerden, denke ich!<\/div>\n<div align=\"left\"><\/div>\n<h2 align=\"left\"><span style=\"color: #cd9522;\">Seminare und Beratungsangebote zu Altern und Quartier\u00a0<\/span><\/h2>\n<h2 style=\"text-align: left; background-color: #fff; max-width: 600px;\"><span style=\"font-family: arial,helvetica,sans-serif; font-size: medium;\"><img loading=\"lazy\" decoding=\"async\" src=\"https:\/\/www.seele-und-sorge.de\/wp-content\/uploads\/2020\/09\/yoga.jpg\" width=\"200\" height=\"215\" align=\"left\" hspace=\"10\" vspace=\"10\" \/><\/span><\/h2>\n<div align=\"left\">Manchmal ist es hilfreich, mit anderen gemeinsam \u00fcber die Chancen des \u00c4lterwerdens nachzudenken und zu experimentieren. Bei Lesungen und Gespr\u00e4chen zu meinem Buch <strong><a style=\"color: #2b6d07;\" href=\"https:\/\/www.seele-und-sorge.de\/?page_id=3542\" target=\"_blank\" rel=\"noopener noreferrer\">\u201eNoch einmal ist alles offen\u201c<\/a><\/strong> bin ich \u00f6fter angesprochen worden, doch auch einen Workshop dazu anzubieten. 2021 ist es so weit: Ab April <strong><a style=\"color: #2b6d07;\" href=\"https:\/\/www.seele-und-sorge.de\/?page_id=5247\" target=\"_blank\" rel=\"noopener noreferrer\">laden jeweils zweit\u00e4gige Retraites in Hannover, Kaiserswerth und Berlin ein<\/a><\/strong>, in unterschiedlichen Arbeitsformen f\u00fcr Geist und K\u00f6rper den eigenen Tr\u00e4umen und offenen Fragen nachzugehen. Genaueres zu den grundlegenden \u00dcberlegungen \u201e\u00fcber Gott und die Welt\u201c, aus denen heraus ich meine Vortr\u00e4ge und Veranstaltungen konzipiere, habe ich <strong><a style=\"color: #2b6d07;\" href=\"https:\/\/www.seele-und-sorge.de\/?page_id=154\" target=\"_blank\" rel=\"noopener noreferrer\">hier<\/a><\/strong>\u00a0entfaltet.<\/div>\n<div align=\"left\">F\u00fcr Multiplikator*innen in Kirchengemeinden und anderen Einrichtungen biete ich gemeinsam mit der BAKD die <strong><a style=\"color: #2b6d07;\" href=\"https:\/\/www.seele-und-sorge.de\/?page_id=5123\" target=\"_blank\" rel=\"noopener noreferrer\">Fortbildung zur F\u00f6rderung von Verantwortungsgemeinschaften (Caring Communities)<\/a><\/strong>\u00a0an (wegen Corona ab April 2021 statt ab Oktober 2020).\u00a0\u00a0<strong><a style=\"color: #2b6d07;\" href=\"https:\/\/www.seele-und-sorge.de\/?page_id=138\" target=\"_blank\" rel=\"noopener noreferrer\">Alle meine Seminarangebote finden Sie hier<\/a><\/strong>.<\/div>\n<div align=\"left\"><strong>Qualifizierungsworkshops<\/strong> zum Dienstleistungs- und Netzwerkmanagement f\u00fcr das Quartier bietet auch das Johanneswerk in Bielefeld an. Genauere Informationen dazu gibt es <strong><a style=\"color: #2b6d07;\" href=\"https:\/\/karriere.johanneswerk.de\/qualifiziert-fuers-quartier.html\" target=\"_blank\" rel=\"noopener noreferrer\">hier<\/a><\/strong>. Und auch der Senior Consulting Service Diakonie <a style=\"color: #2b6d07;\" href=\"https:\/\/www.seele-und-sorge.de\/wp-content\/uploads\/2020\/09\/SCSD_Flyer-Wir_beraten_Kirche_Diakonie.pdf\" target=\"_blank\" rel=\"noopener noreferrer\"><strong>bietet Beratung an<\/strong><\/a> f\u00fcr Kirchengemeinden, die sich auf den Weg in Richtung Quartier machen wollen.<\/div>\n<h2 style=\"text-align: left; background-color: #fff; max-width: 600px;\"><span style=\"font-family: arial,helvetica,sans-serif; font-size: medium;\"><img loading=\"lazy\" decoding=\"async\" src=\"https:\/\/www.seele-und-sorge.de\/wp-content\/uploads\/2020\/09\/Box-Gott.Voll_.jpg\" width=\"200\" height=\"267\" align=\"left\" hspace=\"10\" vspace=\"10\" \/><\/span><\/h2>\n<div align=\"left\">Und hier gleich ein positives Beispiel f\u00fcr die praktische Umsetzung auf Ebene der Kommune: \u201eSoziale Quartiersentwicklung kann mit seiner Struktur und konzeptionellen Ausrichtung eine Schl\u00fcsselrolle im Korridorthema Soziale Stadt einnehmen, um allen Bev\u00f6lkerungsgruppen die aktive Teilhabe am gesellschaftlichen und sozialen Leben zu erm\u00f6glichen\u201c: <strong><a style=\"color: #2b6d07;\" href=\"https:\/\/web3.karlsruhe.de\/Gemeinderat\/ris\/bi\/vo0050.php?__kvonr=38385\" target=\"_blank\" rel=\"noopener noreferrer\">Die Stadt Karlsruhe macht ernst mit Sozialer Quartiersentwicklung und stellt Sach- und Personalmittel bereit f\u00fcr B\u00fcrgerzentren, Begegnungsst\u00e4tten usw. \u2013 und f\u00fcr die Koordination der zahlreichen Akteure und Aktivit\u00e4ten in diesem Bereich<\/a><\/strong>.<\/div>\n<div align=\"left\">Vor aller Programmatik, vor Fortbildung und Politik steht die Inspiration. Damit ich bei mir selbst anfangen kann auf dem achtsamen Weg durch die Nachbarschaft. <strong><a style=\"color: #2b6d07;\" href=\"https:\/\/www.freshexpressions.de\/fresh-x-gestalten\/gottvoll\/\" target=\"_blank\" rel=\"noopener noreferrer\">Die Box Gott.Voll vom Fresh X-Netzwerk e. V.<\/a><\/strong>\u00a0gibt dazu wunderbare Anregungen.<\/div>\n<div align=\"left\"><\/div>\n<h2 align=\"left\"><span style=\"color: #cd9522;\">Gemeinschaft \u2013 neu entdeckt\u00a0<\/span><\/h2>\n<h2 style=\"text-align: left; background-color: #fff; max-width: 600px;\"><span style=\"font-family: arial,helvetica,sans-serif; font-size: medium;\"><img loading=\"lazy\" decoding=\"async\" src=\"https:\/\/www.seele-und-sorge.de\/wp-content\/uploads\/2020\/09\/Umschlag_Coenen-Marx_Neuentdeckung_V3_ZA.jpg\" width=\"150\" height=\"223\" align=\"left\" hspace=\"10\" vspace=\"10\" \/><\/span><\/h2>\n<div align=\"left\"><strong>Das Thema meines neuen Buchs, das mich seit Januar besch\u00e4ftigt, hat durch Corona eine ganz neue Brisanz bekommen: \u201eDie Neuentdeckung der Gemeinschaft. Chancen und Herausforderungen in Kirche, Quartier und Pflege\u201c<\/strong> nimmt die Erfahrungen mit der Pandemie auf. Die Art, wie wir sie in unseren Webgespr\u00e4chen reflektiert haben, best\u00e4tigt meine \u00dcberzeugung, wie elementar lebendige Gemeinschaften f\u00fcr letztlich alle Menschen sind, wie existenziell aber f\u00fcr diejenigen, die sonst einsam w\u00e4ren.<\/div>\n<div align=\"left\">Nachbarschaftsnetze und Caring Communities werden wichtiger und fordern Kirche und Diakonie heraus, sich neu als Akteur in der Zivilgesellschaft zu verstehen.<\/div>\n<div align=\"left\">Sehr gern habe ich auch einen Beitrag f\u00fcr die neue Ausgabe der nachrichten der Evangelisch-Lutherischen Kirche in Bayern (3\/20) geschrieben, denn der Titel des Hefts spricht mir aus dem Herzen: \u201eBesser leben im Alter. Das Konzept \u201aSorgende Gemeinschaften\u2018 bietet neue Chancen f\u00fcr uns alle\u201c. Die nachrichten sind bereits erschienen, mein Buch kommt im Fr\u00fchjahr 2021 raus!<\/div>\n<h2 style=\"text-align: left; background-color: #fff; max-width: 600px;\"><span style=\"font-family: arial,helvetica,sans-serif; font-size: medium;\"><img loading=\"lazy\" decoding=\"async\" src=\"https:\/\/www.seele-und-sorge.de\/wp-content\/uploads\/2020\/09\/micro.jpg\" width=\"250\" height=\"146\" align=\"left\" hspace=\"10\" vspace=\"10\" \/><\/span><\/h2>\n<div align=\"left\">Auch in meinen DLF-Morgenandachten wird es um das Thema Gemeinschaft gehen. Wenn Sie m\u00f6gen, h\u00f6ren Sie doch mal rein: <strong><a style=\"color: #2b6d07;\" href=\"https:\/\/www.deutschlandfunk.de\/suchergebnisse.448.de.html?search%5Bsubmit%5D=1&amp;search%5BwithNews%5D%5B%5D=WithNews&amp;search%5Bword%5D=coenen-marx&amp;search%5BresultsPerPage%5D=50&amp;search%5BdateStart%5D=14.09.2020&amp;search%5BdateEnd%5D=19.09.2020&amp;search%5BbroadcastList%5D=)\" target=\"_blank\" rel=\"noopener noreferrer\">vom 14. bis 19. September, jeweils um 6:35 Uhr<\/a><\/strong>\u00a0\u2013 oder zum Nachh\u00f6ren online auf der Seite des DLF. Mich interessieren dabei die Orte, an denen wir einander begegnen. In Zeiten von Corona ist uns bewusst geworden, wie wichtig sie sind, die \u201eMarktpl\u00e4tze der Begegnung\u201c (Allmendinger): der Chor, die Wohngemeinschaft, auch das Pflegeheim und nat\u00fcrlich die Tischgemeinschaft. Auch der Arbeitsplatz ist so ein Ort, wo mehr stattfindet als nur die Erledigung von Projekten, n\u00e4mlich die Begegnung und der Austausch mit Kolleg*innen. Wie wandeln sich diese Orte durch Corona, aber auch durch den generellen Wandel der Arbeitswelt im Zuge von Digitalisierung und Rationalisierung? Beim Schreiben zu diesen Themen entdecke ich spannende neue Welten \u2013 aber auch die Kraft der kleinen Dinge.<\/div>\n<div align=\"left\"><\/div>\n<h2 align=\"left\"><span style=\"color: #cd9522;\">Inspiration in Pandemiezeiten\u00a0<\/span><\/h2>\n<h2 style=\"text-align: left; background-color: #fff; max-width: 600px;\"><span style=\"font-family: arial,helvetica,sans-serif; font-size: medium;\"><img loading=\"lazy\" decoding=\"async\" src=\"https:\/\/www.seele-und-sorge.de\/wp-content\/uploads\/2020\/09\/horx.jpg\" width=\"150\" height=\"226\" align=\"left\" hspace=\"10\" vspace=\"10\" \/><\/span><\/h2>\n<div align=\"left\"><strong>Bei der Auseinandersetzung mit den Folgen von Corona f\u00fcr die Einzelnen wie f\u00fcr die Gemeinschaft hat mich gerade das neue Buch von Matthias Horx inspiriert.<\/strong> In <strong><a style=\"color: #2b6d07;\" href=\"https:\/\/www.ullstein-buchverlage.de\/suche\/suchergebnisse.html?id=209&amp;tx_kesearch_pi1%5Bsword%5D=Matthias+Horx&amp;x=0&amp;y=0&amp;tx_kesearch_pi1%5Bpage%5D=1&amp;tx_kesearch_pi1%5BresetFilters%5D=0&amp;tx_kesearch_pi1%5BsortByField%5D=&amp;tx_kesearch_pi1%5BsortByDir%5D=%20\" target=\"_blank\" rel=\"noopener noreferrer\">\u201eDie Zukunft nach Corona\u201c<\/a><\/strong>\u00a0unternimmt er eine Re-Gnose, eine Art r\u00fcckblickender Vorausschau, um eine neue Zukunft zu denken.\u00a0Matthias Horx h\u00e4lt \u00fcbrigens auch den Hauptvortrag bei der Onlineveranstaltung <a style=\"color: #2b6d07;\" href=\"https:\/\/www.mi-di.de\/termine\/das-gefuehlte-corona\" target=\"_blank\" rel=\"noopener noreferrer\"><strong>Das gef\u00fchlte Corona<\/strong><\/a> vom 16. bis 17. November \u00fcber die Auswirkungen der Pandemie auf das Seelenleben und die Gef\u00fchlswelt der Menschen, an der Sie nach Anmeldung gratis teilnehmen k\u00f6nnen.<\/div>\n<div align=\"left\">Das hundertj\u00e4hrige Jubil\u00e4um der Salzburger Festspiele hat <strong>Philipp Blom<\/strong> zum Anlass genommen, die gigantischen Transformationen zu reflektieren, die diese Epoche pr\u00e4gten \u2013 bis in unsere heutigen Krisen. Ihn besch\u00e4ftigt dabei, wie viele von uns, <strong>die Frage, wie wir zu einem neuen, zukunftsorientierten Narrativ finden, statt die alten und \u00fcberholten Gesellschaftserz\u00e4hlungen immer zu wiederholen. Ein Schl\u00fcssel f\u00fcr ihn ist gemeinsame Erfahrung \u2013 in einer Gesellschaft der Singularit\u00e4ten eine gro\u00dfe Herausforderung. <a style=\"color: #2b6d07;\" href=\"https:\/\/www.hanser-literaturverlage.de\/buch\/das-grosse-welttheater\/978-3-552-05980-1\/\" target=\"_blank\" rel=\"noopener noreferrer\">\u201eDas gro\u00dfe Welttheater. Von der Macht der Vorstellungskraft in Zeiten des Umbruchs\u201c<\/a><\/strong>.<\/div>\n<div align=\"left\"><strong><a style=\"color: #2b6d07;\" href=\"https:\/\/www.randomhouse.de\/Buch\/Trotzdem\/Ferdinand-von-Schirach\/Luchterhand-Literaturverlag\/e584482.rhd\" target=\"_blank\" rel=\"noopener noreferrer\">\u201eTrotzdem\u201c<\/a> hei\u00dft ein sehr besonderes Corona-Buch: ein Dialog zwischen Alexander Kluge und Ferdinand von Schirach<\/strong> \u00fcber Demokratie und Freiheit in Zeiten der Pandemie. Unser alter Freund G\u00fcnter Finkenrath schickte es mir und anderen Freunden mit einem wundersch\u00f6nen Brief \u00fcber die Freiheit im Spiel. Das Buch beginnt mit einem Gedanken von Thomas Mann aus \u201eDer Tod in Venedig\u201c \u2013 <strong>\u00fcber das Trotzen:\u00a0<\/strong><\/div>\n<div align=\"left\">\u201eAschenbach hatte es einmal an wenig sichtbarer Stelle unmittelbar ausgesprochen, <strong>da\u00df beinahe alles Gro\u00dfe, was dastehe, als ein Trotzdem dastehe<\/strong>, trotz Kummer und Qual, Armut, Verzweiflung, K\u00f6rperschw\u00e4che, Laster, Leidenschaft und tausend Hemmnissen zustande gekommen sei. Aber das war mehr als eine Bemerkung, es war eine Erfahrung, war geradezu die Formel seines Lebens \u2026\u201c<\/div>\n<h2 style=\"text-align: left; background-color: #fff; max-width: 600px;\"><span style=\"font-family: arial,helvetica,sans-serif; font-size: medium;\"><img loading=\"lazy\" decoding=\"async\" src=\"https:\/\/www.seele-und-sorge.de\/wp-content\/uploads\/2020\/09\/Hannah-Arendt-Vom-Leben-des-Geistes.jpg\" width=\"150\" height=\"200\" align=\"left\" hspace=\"10\" vspace=\"10\" \/><\/span><\/h2>\n<div align=\"left\">Eine gro\u00dfe Denkerin der zentralen Themen des 20. Jahrhunderts stellt noch bis zum 18. Oktober eine sehr anregende <strong><a style=\"color: #2b6d07;\" href=\"https:\/\/www.dhm.de\/ausstellungen\/hannah-arendt-und-das-20-jahrhundert.html#\/\" target=\"_blank\" rel=\"noopener noreferrer\">Ausstellung im Deutschen Historischen Museum in Berlin<\/a><\/strong>\u00a0vor: Hannah Arendt. <strong>\u201eTotalitarismus, Antisemitismus, die Lage von Fl\u00fcchtlingen, der Eichmann-Prozess, der Zionismus, das politische System und die Rassentrennung in den USA, Studentenproteste und Feminismus.<\/strong> Zu all diesen Themen \u00e4u\u00dferte Arendt dezidierte Meinungen und Urteile, die noch heute voller Sprengkraft sind\u201c, hei\u00dft es in der Ausstellungsank\u00fcndigung. Ein wichtiges Thema f\u00fcr Hannah Arendt war dabei immer die Freiheit \u2013 was uns ja heute auch wieder sehr umtreibt. F\u00fcr mich war es noch mal sehr anregend, ihr letztes Buch zu lesen, <strong><a style=\"color: #2b6d07;\" href=\"https:\/\/www.piper.de\/buecher\/vom-leben-des-geistes-isbn-978-3-492-22555-7\" target=\"_blank\" rel=\"noopener noreferrer\">Vom Leben des Geistes. Das Denken. Das Wollen<\/a><\/strong>.<\/div>\n<div align=\"left\"><\/div>\n<h2 align=\"left\"><span style=\"color: #cd9522;\">Veranstaltungen, online und offline<\/span><\/h2>\n<div align=\"left\">Ich w\u00fcrde mich freuen, wenn wir uns bald Face to Face sehen \u2013 im realen Raum oder online. Auf meiner <a style=\"color: #2b6d07;\" href=\"https:\/\/www.seele-und-sorge.de\/?page_id=8\" target=\"_blank\" rel=\"noopener noreferrer\"><strong>Website<\/strong><\/a>\u00a0aktualisieren wir st\u00e4ndig, welche Veranstaltungen wie geplant \u2013 unter Sicherheitsvorkehrungen \u2013 stattfinden k\u00f6nnen, welche verschoben sind, wo etwas ins Internet verlegt wird und was nun neu gleich online geplant wird. Zurzeit ist alles im Wandel, die \u201eneue Realit\u00e4t\u201c ist hybrid und mein Terminplan auch. Zu den n\u00e4chsten Terminen geh\u00f6ren die Vortr\u00e4ge bei den Leitungskursen der <strong><a style=\"color: #2b6d07;\" href=\"https:\/\/www.fa-kd.de\/\" target=\"_blank\" rel=\"noopener noreferrer\">F\u00fchrungsakademie f\u00fcr Kirche und Diakonie<\/a><\/strong>, etwa <strong><a style=\"color: #2b6d07;\" href=\"https:\/\/www.seele-und-sorge.de\/?event=leitungskurses-der-fuehrungsakademie-fuer-kirche-und-diakonie\" target=\"_blank\" rel=\"noopener noreferrer\">zum Thema \u201eWas k\u00f6nnte geistliche F\u00fchrung in der Kirche hei\u00dfen?\u201c am 15. September und 3. November in Berlin<\/a><\/strong>, <strong><a style=\"color: #2b6d07;\" href=\"https:\/\/www.seele-und-sorge.de\/?event=konvent-der-gemeindediakoninnen\" target=\"_blank\" rel=\"noopener noreferrer\">zum Thema Quartiersarbeit beim Konvent der Gemeindediakon*innen in Stuttgart-Filderstadt am 13. Oktober<\/a><\/strong>\u00a0sowie bei der <strong><a style=\"color: #2b6d07;\" href=\"https:\/\/www.seele-und-sorge.de\/?event=kantonalen-diakoniekonferenz\" target=\"_blank\" rel=\"noopener noreferrer\">Diakoniekonferenz in Bern am 14. Oktober<\/a><\/strong>. Bei der Onlineveranstaltung \u201eSterbebegleitung im Quartier\u201c des <strong><a style=\"color: #2b6d07;\" href=\"https:\/\/www.hage.de\/aktivitaeten\/kasa-koordinations-und-ansprechstelle-fuer-dienste-der-sterbebegleitung-und-angehoerigenbetreuung-in-hessen\/\" target=\"_blank\" rel=\"noopener noreferrer\">Arbeitsbereichs KASA \u2013 Koordinations- und Ansprechstelle f\u00fcr Dienste der Sterbebegleitung und Angeh\u00f6rigenbetreuung<\/a><\/strong>\u00a0\u2013 einer Arbeitsgemeinschaft des hessischen Hessischen Ministeriums f\u00fcr Soziales und Integration, halte ich <strong><a style=\"color: #2b6d07;\" href=\"https:\/\/www.seele-und-sorge.de\/?event=onlineveranstaltung-sterbebegleitung-im-quartier-ag-hospiz-hessen\" target=\"_blank\" rel=\"noopener noreferrer\">am 21. Oktober den Hauptvortrag<\/a><\/strong>. F\u00fcr das Jahr 2021 sind zahlreiche Veranstaltungen angek\u00fcndigt \u2013 wir setzen darauf, dass nach der Zeit des Lockdowns wieder viel m\u00f6glich wird, auf flexible Weise zwischen Internet und realem Raum wechselnd, wir haben ja viel gelernt in diesen letzten Monaten!<\/div>\n<div align=\"left\"><\/div>\n<h2 align=\"left\"><span style=\"color: #cd9522;\">Lessons learnt \u2026 und viele Fragen offen\u00a0<\/span><\/h2>\n<h2 style=\"text-align: left; background-color: #fff; max-width: 600px;\"><span style=\"font-family: arial,helvetica,sans-serif; font-size: medium;\"><img loading=\"lazy\" decoding=\"async\" src=\"https:\/\/www.seele-und-sorge.de\/wp-content\/uploads\/2020\/09\/angebote.jpg\" width=\"300\" height=\"200\" align=\"left\" hspace=\"10\" vspace=\"10\" \/><\/span><\/h2>\n<div align=\"left\">Aber wir haben nicht nur Technik gelernt in Webinaren und Videokonferenzen. Wir haben auch <strong>neue Formen der Zusammenarbeit erprobt, uns unmittelbar und ganz schnell bundesweit vernetzt. Kurze Formate waren erfolgreich; der Fokus lag auf den Sachfragen. Ach, und telefoniert haben wir anders, aufmerksamer, zugewandter<\/strong> \u2013 wenn wir uns nicht sehen, ist Hinh\u00f6ren angesagt. Ich bin sicher: Wir werden davon etwas mitnehmen, analoge Konferenzen anders ausrichten, vieles aber auch \u00fcber Video debattieren statt mit verr\u00fcckt langen Reisen f\u00fcr zwei Stunden Begegnung. Wir werden zum Beispiel kurzfristiger planen und aktueller sein \u2013 nachdem wir fr\u00fcher Monate im Voraus alles fertig vorbereitet hatten und dann wie einbetoniert waren. <strong>Wir sind flexibler geworden und freier, gehen mit dem Wandel mit \u2013 weniger starr, weniger festgelegt. Wir lernen, mit Unsicherheit in der Planung umzugehen. Und trotzdem fehlt mir etwas:<\/strong> die lebendigen Begegnungen, die inspirierenden Orte, die immer neuen Kontexte, die die Batterien aufladen, mich ins Nachdenken bringen.<\/div>\n<div align=\"left\">Wenn Sie selbst \u00fcberlegen, was Sie mitnehmen aus dieser Zeit, schauen Sie doch mal auf die <strong><a style=\"color: #2b6d07;\" href=\"https:\/\/www.janusteam.de\/corona-und-danach\/\" target=\"_blank\" rel=\"noopener noreferrer\">Website von Janus<\/a><\/strong>, da finden Sie kl\u00e4rende Fragen zur Organisationsentwicklung wie zur eigenen Arbeit. Ein hilfreiches Instrument, um\u00a0wichtigen Fragen auf den Grund zu kommen \u2013 egal ob im privaten Leben oder im Berufsleben, als F\u00fchrungskraft oder auch Trainer*in \u2013 sind auch die <strong><a style=\"color: #2b6d07;\" href=\"https:\/\/www.sinnieren.de\/home.html\" target=\"_blank\" rel=\"noopener noreferrer\">Sinnierkarten<\/a><\/strong>. Meine eigenen Angebote f\u00fcr Beratung finden Sie <a style=\"color: #2b6d07;\" href=\"https:\/\/www.seele-und-sorge.de\/?page_id=138\" target=\"_blank\" rel=\"noopener noreferrer\"><strong>hier<\/strong><\/a>.<\/div>\n<div align=\"left\"><img loading=\"lazy\" decoding=\"async\" src=\"https:\/\/www.seele-und-sorge.de\/wp-content\/uploads\/2020\/09\/kda.jpg\" width=\"200\" height=\"256\" align=\"left\" hspace=\"10\" vspace=\"10\" \/><\/p>\n<div align=\"left\">Letztlich geht es darum, eine Haltung zu den Wandlungsprozessen zu<\/div>\n<div align=\"left\">finden, die wir im Augenblick erleben. Der KDA (Kirchlicher Dienst der Arbeitswelt) der <strong><a style=\"color: #2b6d07;\" href=\"https:\/\/www.kda-nordkirche.de\/\" target=\"_blank\" rel=\"noopener noreferrer\">Nordkirche<\/a><\/strong> hat dazu im Fr\u00fchjahr ein spannendes Heft herausgebracht. <strong><a style=\"color: #2b6d07;\" href=\"https:\/\/kda-nordkirche.de\/f\/e\/Beitraege\/KDA%20Journal%202020_Doppelseiten.pdf\" target=\"_blank\" rel=\"noopener noreferrer\">Hier<\/a><\/strong> k\u00f6nnen Sie es herunterladen.<\/div>\n<div align=\"left\">Meine Facebook-Freundin Ulrike Bergmann coacht und begleitet<\/div>\n<div align=\"left\">speziell Frauen in Wandlungsprozessen. Vielleicht hat die eine oder andere<\/div>\n<div align=\"left\">Lust, mal reinzuschauen: <strong><a style=\"color: #2b6d07;\" href=\"https:\/\/www.facebook.com\/die.mutmacherin\" target=\"_blank\" rel=\"noopener noreferrer\">Die Mutmacherin<\/a><\/strong>, dazu auch die Gruppe <strong><a style=\"color: #2b6d07;\" href=\"https:\/\/www.facebook.com\/groups\/Frauen.Wandel\" target=\"_blank\" rel=\"noopener noreferrer\">Frauen.Wandel<\/a><\/strong> auf Facebook, in der sich Frauen treffen, die sich selbst im Wandel erleben und zum Wandel in der Welt beitragen wollen.<\/div>\n<\/div>\n<div align=\"left\"><\/div>\n<h2 align=\"left\"><span style=\"color: #cd9522;\">B\u00fccher von Freunden<\/span><\/h2>\n<\/div>\n<div align=\"left\">\n<table style=\"width: 500px; border-collapse: collapse;\" border=\"0\">\n<tbody>\n<tr style=\"height: 24px;\">\n<td style=\"height: 24px; width: 127px; vertical-align: top;\" align=\"left\"><img decoding=\"async\" style=\"max-width: 100%;\" src=\"https:\/\/www.seele-und-sorge.de\/wp-content\/uploads\/2020\/09\/Lande_Wir.jpg\" \/><\/td>\n<td style=\"width: 6px; height: 24px; vertical-align: top;\" align=\"left\"><\/td>\n<td style=\"width: 357px; height: 0px; vertical-align: top;\" align=\"left\"><strong><a style=\"color: #2b6d07;\" href=\"https:\/\/www.eva-leipzig.de\/product_info.php?info=p5035_Im-Lande-Wir.html&amp;XTCsid=d56dd58a48dac1ca28f5ed433cb29307\" target=\"_blank\" rel=\"noopener noreferrer\">Im Lande Wir<\/a><\/strong> hat Ralf K\u00f6tter sein neues Buch genannt. Der eigent\u00fcmliche Titel verweist darauf, dass die eigentliche Heimat in der Gemeinschaft, im Wir liegt. Dabei entwirft er das Bild einer Kirche, die die Botschaft von der Menschwerdung Gottes ernst nimmt, um von hier aus den Sozialraum mitzugestalten \u2013 die Heimat des Wir wiederzuentdecken. Das Buch erscheint im Oktober.<\/td>\n<\/tr>\n<tr>\n<td style=\"width: 127px; vertical-align: top;\"><img decoding=\"async\" style=\"max-width: 100%;\" src=\"https:\/\/www.seele-und-sorge.de\/wp-content\/uploads\/2020\/09\/Cover-Neinstedt-Buch.jpg\" \/><\/td>\n<td style=\"width: 6px; vertical-align: top;\"><\/td>\n<td style=\"width: 357px; vertical-align: top;\">Neinstedt ist eine der gr\u00f6\u00dften diakonischen Einrichtungen in Deutschland. 2020 begeht die Stiftung ihr 170j\u00e4hriges Jubil\u00e4um. Als Klappentext zu der <strong><a style=\"color: #2b6d07;\" href=\"https:\/\/www.neinstedt.de\/esn\/shop\/produkte\/Samson-Himmelstjerna-Neumann-1850-2020-Evangelische-Stiftung-Neinstedt-Zuendender-Funke.php\" target=\"_blank\" rel=\"noopener noreferrer\">Festschrift von Nadja v. Samson-Himmelstjerna und Reinhard Neuman<\/a><\/strong>\u00a0habe ich geschrieben: \u201eAls f\u00fchre man mit einer Lupe \u00fcber einen Zeitstrahl: <strong>Wie im Brennglas zeigt die Geschichte von Neinstedt die Spannungsfelder diakonischer Arbeit.<\/strong> Zwischen Staat und Kirche, Menschen und Machtstrukturen, p\u00e4dagogischen und \u00f6konomischen Zielen. Die schmerzlichen Zerrei\u00dfproben im dramatischen 20. Jahrhundert lassen den Atem stocken. Zwischen Versagen, Verlusten und Neuanf\u00e4ngen wird klar: Diakonie kann niemals \u201aunpolitisch\u2018 sein, nie ohne Empathie f\u00fcr die Verachteten und Vergessenen. Ein ehrliches Pl\u00e4doyer f\u00fcr Verantwortung.\u201c<\/td>\n<\/tr>\n<tr>\n<td style=\"width: 127px; vertical-align: top;\"><img decoding=\"async\" style=\"max-width: 100%;\" src=\"https:\/\/www.seele-und-sorge.de\/wp-content\/uploads\/2020\/09\/Cover-Unter-der-Haube.jpg\" \/><\/td>\n<td style=\"width: 6px; vertical-align: top;\"><\/td>\n<td style=\"width: 357px; vertical-align: top;\">Auch die <strong><a style=\"color: #2b6d07;\" href=\"https:\/\/www.diakonisse.de\/\" target=\"_blank\" rel=\"noopener noreferrer\">Diakonissen Frankfurt<\/a><\/strong> begehen in diesem Jahr ein Jubil\u00e4um, seit 150 Jahren sind sie im Einsatz f\u00fcr die N\u00e4chstenliebe. \u201eDie Festschrift beleuchtet die vielf\u00e4ltige Geschichte des Frankfurter Diakonissenhauses. Sie ermutigt, sich auch in Krisenzeiten auf Gottes Treue zu verlassen. <strong>Sie zeigt, dass diakonische Arbeit nicht nur gute Strukturen, sondern auch das pers\u00f6nliche Engagement, die Hingabe Einzelner braucht.<\/strong> Einzelne Schwestern kommen darum mit ihrer Lebensgeschichte zu Wort\u201c, schreibt Dr. Ursula Schoen in ihrem Vorwort.<\/td>\n<\/tr>\n<tr>\n<td style=\"width: 127px; vertical-align: top;\"><img decoding=\"async\" style=\"max-width: 100%;\" src=\"https:\/\/www.seele-und-sorge.de\/wp-content\/uploads\/2020\/05\/mein_kompass.jpg\" \/><\/td>\n<td style=\"width: 6px; vertical-align: top;\"><\/td>\n<td style=\"width: 357px; vertical-align: top;\">Im letzten Newsletter hatte ich von dem motivierenden Buch meiner Freundin Maria Almana berichtet, die dazu einl\u00e4dt, beim eigenen Schreiben unbedingt der inneren Orientierung zu folgen \u2013 und dabei auch \u00fcber mein Schreiben berichtet. <strong><a style=\"color: #2b6d07;\" href=\"https:\/\/www.buchhandel.de\/buch\/Mein-Kompass-ist-der-Eigensinn-9783347018297\" target=\"_blank\" rel=\"noopener noreferrer\">Hier<\/a><\/strong>\u00a0nun auch noch der Link, wie Sie das Buch \u201e<strong>Mein Kompass ist der Eigensinn\u201c<\/strong> bestellen k\u00f6nnen! Darin hei\u00dft es: \u201eDas Beste daran ist, dass es wirkt. Denn Eigensinn ist nicht nur ein unbestechlicher Kompass f\u00fcr unsere Orientierung im Dschungel viel zu vieler M\u00f6glichkeiten. Er f\u00fchrt uns auch auf direktem Weg zu uns selbst. Und zu einem besseren Verst\u00e4ndnis untereinander. Darum ist er auch das perfekte Schreib-Instrument.\u201c<\/td>\n<\/tr>\n<tr>\n<td style=\"width: 127px; vertical-align: top;\"><img decoding=\"async\" style=\"max-width: 100%;\" src=\"https:\/\/www.seele-und-sorge.de\/wp-content\/uploads\/2020\/09\/Ceterum-censeo.jpg\" \/><\/td>\n<td style=\"width: 6px; vertical-align: top;\"><\/td>\n<td style=\"width: 357px; vertical-align: top;\"><strong><a style=\"color: #2b6d07;\" href=\"https:\/\/www.lit-verlag.de\/publikationen\/theologie\/72791\/ceterum-censeo-denkanstoesse-fuer-theologie-und-kirche\" target=\"_blank\" rel=\"noopener noreferrer\">\u201eCeterum censeo\u201c, die \u201eDenkanst\u00f6\u00dfe f\u00fcr Theologie und Kirche\u201c<\/a><\/strong> meines ehemaligen Kollegen Eberhard Pausch, Studienleiter an der Evangelischen Akademie Frankfurt, sind zwar bereits 2018 erschienen, ich habe sie aber erst vor kurzem entdeckt. Pauschs leidenschaftliches Pl\u00e4doyer, innerhalb der aus seiner Sicht nicht demokratischen Institution Kirche mehr Beteiligungsm\u00f6glichkeiten zu schaffen, bietet viele hilfreiche Hinweise und Denkanst\u00f6\u00dfe. \u201eDie Welt ist ver\u00e4nderbar und verbesserbar, und Christenmenschen k\u00f6nnen Teil eines pluralen Systems m\u00f6glicher Weltver\u00e4nderung sein\u201c \u2013 das spricht mir aus der Seele.<\/td>\n<\/tr>\n<tr>\n<td style=\"width: 127px; vertical-align: top;\"><img loading=\"lazy\" decoding=\"async\" src=\"https:\/\/www.seele-und-sorge.de\/wp-content\/uploads\/2020\/09\/jung.jpg\" width=\"127\" height=\"185\" \/><\/td>\n<td style=\"width: 6px; vertical-align: top;\"><\/td>\n<td style=\"width: 357px; vertical-align: top;\">Matthias Jung, Leiter des Dienstes <strong><a style=\"color: #2b6d07;\" href=\"https:\/\/www.kwa-ekd.de\/der-kwa\/\" target=\"_blank\" rel=\"noopener noreferrer\">\u201eKirche. Wirtschaft. Arbeitswelt\u201c<\/a><\/strong> in der Hannoverschen Landeskirche hat ein Jahr lang Gedanken und Gespr\u00e4che zu Transformation und Spiritualit\u00e4t notiert. Damit hat er scheinbar Unverbundenes verbunden \u2013 ein hilfreicher Ansto\u00df zu einer Zeit, in der das Unverbundene in der EKD in die Kritik geraten ist, wie aktuell die ebenfalls kritisch diskutierten <strong><a style=\"color: #2b6d07;\" href=\"https:\/\/www.ekd.de\/11-leitsaetze-fuer-eine-aufgeschlossene-kirche-56952.htm\" target=\"_blank\" rel=\"noopener noreferrer\">elf Leits\u00e4tze<\/a><\/strong> zeigen.<br \/>\n<span style=\"color: #ffffff;\">.<\/span><br \/>\n<span style=\"color: #ffffff;\">.<\/span><\/td>\n<\/tr>\n<tr>\n<td style=\"width: 127px; vertical-align: top;\"><img decoding=\"async\" src=\"https:\/\/www.seele-und-sorge.de\/wp-content\/uploads\/2020\/09\/Stefan-Hund-Podcast.jpg\" \/><\/td>\n<td style=\"width: 6px; vertical-align: top;\"><\/td>\n<td style=\"width: 357px; vertical-align: top;\">Und noch ein ganz praktisch orientierter Buchtipp: <strong><a style=\"color: #2b6d07;\" href=\"https:\/\/stefanhund.com\/\" target=\"_blank\" rel=\"noopener noreferrer\">Stefan Hund<\/a><\/strong> gibt Hinweise, um den eigenen Podcast so zu gestalten, dass er die Menschen auch erreicht. \u201eSprich in das offene Ohr Deiner Gemeinde und erreiche ihr Herz\u201c, hei\u00dft sein Buch im Untertitel. Ich freue mich \u00fcbrigens sehr, dass mich Stefan Hund auch bei meinen eigenen Podcasts unterst\u00fctzen wird.<\/td>\n<\/tr>\n<\/tbody>\n<\/table>\n<\/div>\n<h2 align=\"left\"><span style=\"color: #cd9522;\">Besondere Orte<\/span><\/h2>\n<h2 style=\"text-align: left; background-color: #fff; max-width: 600px;\"><span style=\"font-family: arial,helvetica,sans-serif; font-size: medium;\"><img loading=\"lazy\" decoding=\"async\" src=\"https:\/\/www.seele-und-sorge.de\/wp-content\/uploads\/2020\/09\/Kloster-Heidenheim-02.jpg\" width=\"130\" height=\"173\" align=\"left\" hspace=\"10\" vspace=\"10\" \/><\/span><\/h2>\n<div align=\"left\">Zwischen N\u00fcrnberg und Stuttgart liegt das <strong><a style=\"color: #2b6d07;\" href=\"https:\/\/www.kloster-heidenheim.eu\/klosterheidenheim.html\" target=\"_blank\" rel=\"noopener noreferrer\">Kloster Heidenheim<\/a><\/strong>, das schon aus dem 8. Jahrhundert stammt. <strong>Begr\u00fcndet von den angels\u00e4chsischen Geschwistern Wunibald, Willibald und Walpurga begann von hier aus die Christianisierung Frankens<\/strong>. Die lange Geschichte ist in dem alten, einf\u00fchlsam renovierten Gem\u00e4uer gut erlebbar. Ein Museum im Kloster macht diese Geschichte zum Thema, widmet sich aber auch sehr unterschiedlichen Formen des Glaubens. In Kloster Heidenheim wird zurzeit eine Akademie aufgebaut \u2013 mit Angeboten zu Spiritualit\u00e4t, Geschichte und Sinnsuche.<\/div>\n<h2 style=\"text-align: left; background-color: #fff; max-width: 600px;\"><span style=\"font-family: arial,helvetica,sans-serif; font-size: medium;\"><img loading=\"lazy\" decoding=\"async\" src=\"https:\/\/www.seele-und-sorge.de\/wp-content\/uploads\/2020\/09\/Kirche-Eschenbach.jpg\" width=\"150\" height=\"200\" align=\"left\" hspace=\"10\" vspace=\"10\" \/><\/span><\/h2>\n<div align=\"left\">Und noch ein anderer Ort im Altm\u00fchltal hat mich in diesem Mai fasziniert: <strong>Wolframs Eschenbach. Neben den mittelalterlichen H\u00e4usern am Marktplatz und der wunderbaren Kirche ist dort vor allem das Literaturmuseum zu Wolframs gro\u00dfen Werken eine Reise wert<\/strong>: Dort findet sich viel Inspirierendes zu seiner bekannten Dichtung \u201eParzival\u201c, zu der mir vor vielen Jahren mein K\u00f6lner Germanistik-Prof Joachim Bumke die T\u00fcr ge\u00f6ffnet hat. Sein Buch \u00fcber Wolfram wird inzwischen in der achten Auflage verkauft.<\/div>\n<div align=\"left\"><\/div>\n<div align=\"left\">Wir gehen auf das Michaelisfest am 29.September zu. Die Tage werden k\u00fcrzer, das dunkle Halbjahr beginnt. Aber die ersten Kerzen erinnern auch an <strong>starke Engel, die uns helfen, den menschengemachten wie den anderen Widrigkeiten zu trotzen<\/strong>.<\/div>\n<div align=\"left\"><\/div>\n<div align=\"left\">Und Gott sei Dank sind da auch Hoffnungszeichen. Beispielsweise konnte am 31. Januar das ehemalige Forschungsschiff Poseidon von dem Tr\u00e4gerverein von <strong><a style=\"color: #2b6d07;\" href=\"https:\/\/www.united4rescue.com\/%20\" target=\"_blank\" rel=\"noopener noreferrer\">United4Rescue<\/a><\/strong>\u00a0ersteigert werden \u2013 unter anderem mit Unterst\u00fctzung der EKD und von <strong><a style=\"color: #2b6d07;\" href=\"https:\/\/sea-watch.org\/%20\" target=\"_blank\" rel=\"noopener noreferrer\">Sea Watch<\/a><\/strong>\u00a0\u2013 und hat im August unter seinem neuen Namen Sea-Watch 4 mehr als zweihundert Gefl\u00fcchtete aus dem Mittelmeer und auch von anderen Schiffen an Bord genommen. Die Stadt Palermo gestattete schlie\u00dflich die Einfahrt in ihren Hafen. <strong><a style=\"color: #2b6d07;\" href=\"https:\/\/sea-watch.org\/projekt\/sea-watch-4\/\" target=\"_blank\" rel=\"noopener noreferrer\">Hier<\/a><\/strong> k\u00f6nnen Sie sich n\u00e4her \u00fcber die Sea-Watch 4 informieren, auch bez\u00fcglich Spendenm\u00f6glichkeiten.<\/div>\n<div align=\"left\">Auch in Beirut k\u00f6nnen wir Hoffnungszeichen unterst\u00fctzen, etwa mit einer Spende f\u00fcr Dar Assalam, eine interkulturelle, regierungsunabh\u00e4ngige <a style=\"color: #2b6d07;\" href=\"https:\/\/www.seele-und-sorge.de\/wp-content\/uploads\/2020\/09\/2020_08_10_Spendenaufruf-Nothilfe-Beirut.pdf\" target=\"_blank\" rel=\"noopener noreferrer\"><strong>Begegnungs- und Bildungsst\u00e4tte in Beirut, die aktuell vor allem Frauen zu unterst\u00fctzen versucht<\/strong><\/a>, beispielsweise mit Notunterk\u00fcnften.<\/div>\n<div align=\"left\"><\/div>\n<div align=\"left\">Und wie immer zum Schluss ein Gedicht, das Ihnen vielleicht etwas von der trotzigen Kraft der Engel mitgeben kann, mitten in der Versehrtheit und aus ihr hinaus.<\/div>\n<div align=\"left\"><\/div>\n<div align=\"center\"><span style=\"color: #2b6d07;\"><strong><u>Der Engel von Reims<\/u><\/strong><\/span><\/div>\n<div align=\"center\"><span style=\"color: #2b6d07;\"><span style=\"text-align: left;\">Auf der Westfassade der Kirche von Reims\u00a0<\/span><\/span><\/div>\n<div align=\"center\"><span style=\"color: #2b6d07;\">steht ein seltsamer Engel.<\/span><\/div>\n<div align=\"center\"><span style=\"color: #2b6d07;\">Ein Engel aus Stein.<\/span><\/div>\n<div align=\"center\"><span style=\"color: #2b6d07;\">Die rechte Hand hat er verloren.<\/span><\/div>\n<div align=\"center\"><span style=\"color: #2b6d07;\">Die Finger der anderen Hand zerfallen allm\u00e4hlich.<\/span><\/div>\n<div align=\"center\"><span style=\"color: #2b6d07;\">Ein Fl\u00fcgel fehlt ihm schon.<\/span><\/div>\n<div align=\"center\"><span style=\"color: #2b6d07;\">Das Gesicht ist vernarbt.<\/span><\/div>\n<div align=\"center\"><span style=\"color: #2b6d07;\">Ein sterbender Engel.<\/span><\/div>\n<div align=\"center\"><span style=\"color: #2b6d07;\">Er aber l\u00e4chelt<\/span><\/div>\n<div align=\"center\"><span style=\"color: #2b6d07;\">In die Zukunft hinein.<\/span><\/div>\n<div align=\"center\"><\/div>\n<div align=\"center\"><span style=\"text-align: left;\"><span style=\"color: #808080;\">Martin Gutl, 1942\u20131994<\/span><\/span><\/div>\n<div align=\"center\"><span style=\"font-size: xx-small;\"><span style=\"color: #808080;\">(<\/span><span style=\"color: #808080;\">Zitiert nach: Andreas Felger, Das Buch der Engel, Aquarelle und Zeichnungen. Texte aus drei Jahrtausenden ausgew\u00e4hlt und eingeleitet von Klaus Hamburger, Asslar, Adeo-Verlag, 2014)<\/span><br \/>\n<span style=\"color: #ffffff;\">.<\/span><\/span><\/div>\n<\/div>\n<\/div>\n<\/div>\n<\/div>\n<div style=\"text-align: left; background-color: #fff; max-width: 600px;\" align=\"left\">\n<div style=\"text-align: left; background-color: #fff; max-width: 600px;\">\n<div style=\"caret-color: #000000; font-family: Helvetica; font-size: 12px; text-size-adjust: auto;\">\n<p style=\"font-family: Verdana, Arial, Helvetica, sans-serif; font-size: 14px;\"><span style=\"color: #d1870f; font-size: large;\"><span style=\"color: #97af00;\">Bleiben Sie beh\u00fctet<\/span><br \/>\nIhre Cornelia Coenen-Marx<br \/>\n<\/span><span style=\"color: #999999;\">Seele und Sorge GBR<br \/>\n<\/span><span style=\"color: #999999; font-family: Verdana, Arial, Helvetica, sans-serif; font-size: 14px;\">Impulse \u2013 Workshops \u2013 Beratung<\/span><\/p>\n<p class=\"MsoNormal\" style=\"margin: 0cm 0cm 0.0001pt; font-size: 12pt; font-family: 'Times New Roman', serif;\">\n<\/div>\n<\/div>\n<\/div>\n<h3 style=\"text-align: -webkit-left;\" align=\"left\"><span style=\"font-family: arial,helvetica,sans-serif;\"><!--EndFragment--><\/span><\/h3>\n<hr \/>\n<p><span style=\"color: #888888; font-family: arial,helvetica,sans-serif;\">In unregelm\u00e4\u00dfigen Abst\u00e4nden, etwa drei- bis viermal im Jahr, informiert der Newsletter \u00fcber Aktivit\u00e4ten von Seele und Sorge.\u00a0<\/span><span style=\"color: #888888; font-family: arial, helvetica, sans-serif;\">Der n\u00e4chste Newsletter erscheint voraussichtlich zum Jahreswechsel.<\/span><\/p>\n<p><span style=\"color: #888888; font-family: arial,helvetica,sans-serif;\">Ich freue mich auch \u00fcber eine pers\u00f6nliche Nachricht:\u00a0<\/span><br \/>\n<span style=\"color: #888888; font-family: arial,helvetica,sans-serif;\"><a style=\"color: #2b6d07;\" href=\"mailto:coenen-marx@seele-und-sorge.de\" target=\"_blank\" rel=\"noopener noreferrer\">coenen-marx@seele-und-sorge.de<\/a><\/span><\/p>\n<p><span style=\"font-family: arial,helvetica,sans-serif;\"><span style=\"color: #888888;\">Wenn Sie den Newsletter bestellen m\u00f6chten, senden Sie mir bitte eine Mail an\u00a0<\/span><a style=\"color: #2b6d07;\" href=\"mailto:newsletter@seele-und-sorge.de\" target=\"_blank\" rel=\"noopener noreferrer\">newsletter@seele-und-sorge.de<\/a> <span style=\"color: #888888;\">.<br \/>\nVielen Dank f\u00fcr Ihr Interesse.<\/span><\/span><span style=\"font-family: arial,helvetica,sans-serif; font-size: small;\">\u00a0<\/span><\/td>\n<\/tr>\n<\/tbody>\n<\/table>\n","protected":false},"excerpt":{"rendered":"<p>Newsletter Nr. 20\/September 2020: Brennende Themen. Ideen, Inspirationen und Projekte aus Kirche und Diakonie.\u00a0 Seele &amp; Sorge \u2013 Impulse, Workshops,&#8230; <a href=\"https:\/\/www.seele-und-sorge.de\/?page_id=5559\">read more<\/a><\/p>\n","protected":false},"author":1,"featured_media":0,"parent":619,"menu_order":30,"comment_status":"closed","ping_status":"closed","template":"","meta":{"footnotes":""},"class_list":["post-5559","page","type-page","status-publish","hentry"],"_links":{"self":[{"href":"https:\/\/www.seele-und-sorge.de\/index.php?rest_route=\/wp\/v2\/pages\/5559"}],"collection":[{"href":"https:\/\/www.seele-und-sorge.de\/index.php?rest_route=\/wp\/v2\/pages"}],"about":[{"href":"https:\/\/www.seele-und-sorge.de\/index.php?rest_route=\/wp\/v2\/types\/page"}],"author":[{"embeddable":true,"href":"https:\/\/www.seele-und-sorge.de\/index.php?rest_route=\/wp\/v2\/users\/1"}],"replies":[{"embeddable":true,"href":"https:\/\/www.seele-und-sorge.de\/index.php?rest_route=%2Fwp%2Fv2%2Fcomments&post=5559"}],"version-history":[{"count":2,"href":"https:\/\/www.seele-und-sorge.de\/index.php?rest_route=\/wp\/v2\/pages\/5559\/revisions"}],"predecessor-version":[{"id":5787,"href":"https:\/\/www.seele-und-sorge.de\/index.php?rest_route=\/wp\/v2\/pages\/5559\/revisions\/5787"}],"up":[{"embeddable":true,"href":"https:\/\/www.seele-und-sorge.de\/index.php?rest_route=\/wp\/v2\/pages\/619"}],"wp:attachment":[{"href":"https:\/\/www.seele-und-sorge.de\/index.php?rest_route=%2Fwp%2Fv2%2Fmedia&parent=5559"}],"curies":[{"name":"wp","href":"https:\/\/api.w.org\/{rel}","templated":true}]}}