{"id":4984,"date":"2020-03-09T18:55:21","date_gmt":"2020-03-09T17:55:21","guid":{"rendered":"https:\/\/www.seele-und-sorge.de\/?page_id=4984"},"modified":"2020-03-25T17:17:47","modified_gmt":"2020-03-25T16:17:47","slug":"quartier-und-teilhabe","status":"publish","type":"page","link":"https:\/\/www.seele-und-sorge.de\/?page_id=4984","title":{"rendered":"Diakonie geschieht im Alltag. Workshop f\u00fcr Pflegekr\u00e4fte"},"content":{"rendered":"\n<figure class=\"wp-block-image\"><img loading=\"lazy\" decoding=\"async\" width=\"1024\" height=\"353\" src=\"https:\/\/www.seele-und-sorge.de\/wp-content\/uploads\/2020\/03\/Workshop_Bilder_02-1024x353.jpg\" alt=\"\" class=\"wp-image-5090\" srcset=\"https:\/\/www.seele-und-sorge.de\/wp-content\/uploads\/2020\/03\/Workshop_Bilder_02-1024x353.jpg 1024w, https:\/\/www.seele-und-sorge.de\/wp-content\/uploads\/2020\/03\/Workshop_Bilder_02-300x103.jpg 300w, https:\/\/www.seele-und-sorge.de\/wp-content\/uploads\/2020\/03\/Workshop_Bilder_02-768x264.jpg 768w\" sizes=\"(max-width: 1024px) 100vw, 1024px\" \/><\/figure>\n\n\n\n<p>Der Alltag in Pflegeeinrichtungen ist heute sehr stark an\nKriterien der \u00d6konomie ausgerichtet. Sehr viele Pflegende wie auch Klient*innen\nund Angeh\u00f6rige erleben diese Situation als zunehmend unbefriedigend, manchmal\nsogar als unmenschlich.<\/p>\n\n\n\n<p>Das diakonische Erbe umfasst ein breites Spektrum an\nGedanken, Ritualen und \u00dcbungen, die dazu beitragen k\u00f6nnen, Gemeinschaft zu erfahren,\nOrientierung zu finden, die Sinnhaftigkeit der eigenen pflegerischen T\u00e4tigkeit\nintensiver zu erleben und auch mit schwierigen Situationen besser umgehen zu\nk\u00f6nnen. Insbesondere Spiritualit\u00e4t spielt hier eine wichtige Rolle. Durch\nVortr\u00e4ge und verschiedene \u00dcbungen erschlie\u00dfen sich die Teilnehmenden\nM\u00f6glichkeiten, wie sie dieses Potenzial f\u00fcr ihre eigene Arbeit nutzen k\u00f6nnen.<\/p>\n\n\n\n<p><strong>Adressat*innen:<\/strong>\nMitarbeitende und F\u00fchrungskr\u00e4fte aus der mittleren Ebene in diakonischen\nEinrichtungen und Diensten der Pflege (Krankenh\u00e4user, Altenheime, Hospize,\nambulante Dienste)<\/p>\n\n\n\n<p><strong>Ziel: <\/strong>Diakonische\nDenkweisen und Rituale mit ihren Potenzialen f\u00fcr Pflegende wie f\u00fcr die\nKlient*innen wieder bzw. neu entdecken und in den eigenen Alltag einbringen\nlernen<\/p>\n\n\n\n<p><strong>Arbeitsweise: <\/strong>Impulsvortrag,\nMethoden zur Assoziation und inneren Reflexion, eigene Erprobung diakonischer Hinweise;\n\u00dcbungsformate im Plenum, in Kleingruppen und allein<\/p>\n\n\n\n<p>Zum Hintergrund vgl. meine <strong><a href=\"https:\/\/www.seele-und-sorge.de\/?page_id=3675\">Einf\u00fchrung<\/a><\/strong> zu den Veranstaltungen im Bereich \u201eProfilentwicklung in diakonischen Unternehmen\u201c.<\/p>\n\n\n\n<p><strong>Hier zwei beispielhafte Abl\u00e4ufe: <\/strong>Workshop <strong>Workshop Rituale in der Pflege<\/strong> (2 Tage, in diesem Fall in Dresden) sowie <strong>Diakonie im Alltag<\/strong> (2 Tage, in diesem Fall in Bremen). <strong>Der Workshop kann und sollte f\u00fcr die Fragen, Anliegen und auch die konkreten Traditionen und Potenziale der jeweiligen Einrichtung angepasst werden. <\/strong>Sinnvoll ist eine Gruppengr\u00f6\u00dfe von etwa drei\u00dfig Teilnehmenden. Dabei ist es denkbar und auch w\u00fcnschenswert, dass sich zwei oder drei Veranstalter zusammentun. <strong>Sprechen Sie mich an<\/strong>.<\/p>\n\n\n\n<figure class=\"wp-block-image\"><img loading=\"lazy\" decoding=\"async\" width=\"3018\" height=\"5589\" src=\"https:\/\/www.seele-und-sorge.de\/wp-content\/uploads\/2020\/03\/Quartier-und-Teilhabe-ablauf.jpg\" alt=\"\" class=\"wp-image-4989\" srcset=\"https:\/\/www.seele-und-sorge.de\/wp-content\/uploads\/2020\/03\/Quartier-und-Teilhabe-ablauf.jpg 3018w, https:\/\/www.seele-und-sorge.de\/wp-content\/uploads\/2020\/03\/Quartier-und-Teilhabe-ablauf-162x300.jpg 162w, https:\/\/www.seele-und-sorge.de\/wp-content\/uploads\/2020\/03\/Quartier-und-Teilhabe-ablauf-768x1422.jpg 768w, https:\/\/www.seele-und-sorge.de\/wp-content\/uploads\/2020\/03\/Quartier-und-Teilhabe-ablauf-553x1024.jpg 553w\" sizes=\"(max-width: 3018px) 100vw, 3018px\" \/><\/figure>\n\n\n\n<p>Downloadpdf: <a href=\"https:\/\/www.seele-und-sorge.de\/wp-content\/uploads\/2020\/03\/Seele_und_Sorge_Workshop_Quartier-und-Teilhabe-3.pdf\">Seele_und_Sorge_Workshop_Rituale in der Pflege.pdf<\/a><\/p>\n","protected":false},"excerpt":{"rendered":"<p>Der Alltag in Pflegeeinrichtungen ist heute sehr stark an Kriterien der \u00d6konomie ausgerichtet. Sehr viele Pflegende wie auch Klient*innen und&#8230; <a href=\"https:\/\/www.seele-und-sorge.de\/?page_id=4984\">read more<\/a><\/p>\n","protected":false},"author":1,"featured_media":0,"parent":156,"menu_order":10,"comment_status":"closed","ping_status":"closed","template":"","meta":{"footnotes":""},"class_list":["post-4984","page","type-page","status-publish","hentry"],"_links":{"self":[{"href":"https:\/\/www.seele-und-sorge.de\/index.php?rest_route=\/wp\/v2\/pages\/4984"}],"collection":[{"href":"https:\/\/www.seele-und-sorge.de\/index.php?rest_route=\/wp\/v2\/pages"}],"about":[{"href":"https:\/\/www.seele-und-sorge.de\/index.php?rest_route=\/wp\/v2\/types\/page"}],"author":[{"embeddable":true,"href":"https:\/\/www.seele-und-sorge.de\/index.php?rest_route=\/wp\/v2\/users\/1"}],"replies":[{"embeddable":true,"href":"https:\/\/www.seele-und-sorge.de\/index.php?rest_route=%2Fwp%2Fv2%2Fcomments&post=4984"}],"version-history":[{"count":9,"href":"https:\/\/www.seele-und-sorge.de\/index.php?rest_route=\/wp\/v2\/pages\/4984\/revisions"}],"predecessor-version":[{"id":5160,"href":"https:\/\/www.seele-und-sorge.de\/index.php?rest_route=\/wp\/v2\/pages\/4984\/revisions\/5160"}],"up":[{"embeddable":true,"href":"https:\/\/www.seele-und-sorge.de\/index.php?rest_route=\/wp\/v2\/pages\/156"}],"wp:attachment":[{"href":"https:\/\/www.seele-und-sorge.de\/index.php?rest_route=%2Fwp%2Fv2%2Fmedia&parent=4984"}],"curies":[{"name":"wp","href":"https:\/\/api.w.org\/{rel}","templated":true}]}}