{"id":4316,"date":"2019-04-17T09:26:08","date_gmt":"2019-04-17T07:26:08","guid":{"rendered":"http:\/\/www.seele-und-sorge.de\/?page_id=4316"},"modified":"2019-04-17T09:26:08","modified_gmt":"2019-04-17T07:26:08","slug":"newsletter-nr-15-april-2019","status":"publish","type":"page","link":"https:\/\/www.seele-und-sorge.de\/?page_id=4316","title":{"rendered":"Newsletter Nr. 15 \/ April 2019"},"content":{"rendered":"<p style=\"text-align: center;\"><a href=\"http:\/\/www.seele-und-sorge.de\/wp-content\/uploads\/2019\/04\/newsletter-head_Vorlage_500_250_2.jpg\"><img loading=\"lazy\" decoding=\"async\" class=\"wp-image-4285 size-full\" src=\"http:\/\/www.seele-und-sorge.de\/wp-content\/uploads\/2019\/04\/newsletter-head_Vorlage_500_250_2.jpg\" alt=\"\" width=\"600\" height=\"300\" srcset=\"https:\/\/www.seele-und-sorge.de\/wp-content\/uploads\/2019\/04\/newsletter-head_Vorlage_500_250_2.jpg 600w, https:\/\/www.seele-und-sorge.de\/wp-content\/uploads\/2019\/04\/newsletter-head_Vorlage_500_250_2-300x150.jpg 300w\" sizes=\"(max-width: 600px) 100vw, 600px\" \/><\/a><\/p>\n<h4 style=\"text-align: center;\"><span style=\"color: #000000; font-family: Arial, sans-serif; font-size: medium;\"><span style=\"color: #000000; font-family: Arial, sans-serif; font-size: 16px;\"><strong style=\"line-height: 115%; font-family: Verdana, Arial, Helvetica, sans-serif; font-size: 12px;\"><span style=\"font-size: 10pt; line-height: 115%; font-family: Arial; color: #e18800; background-image: initial; background-attachment: initial; background-size: initial; background-origin: initial; background-clip: initial; background-position: initial; background-repeat: initial;\">Brennende Themen. Ideen, Inspirationen und Projekte aus Kirche und Diakonie<\/span><\/strong><\/span><\/span><\/h4>\n<hr \/>\n<h4 style=\"margin: 0px 0px 15px; padding: 0px; vertical-align: baseline; outline: 0px; font-size: 16px; border: 0px; font-family: Arial, sans-serif; color: #000000; line-height: 23px; background-image: initial; background-attachment: initial; background-size: initial; background-origin: initial; background-clip: initial; background-position: initial; background-repeat: initial; text-align: center;\" align=\"center\"><strong style=\"color: #a2bc07; font-family: Arial, sans-serif; font-size: medium;\">THEMEN\u00dcBERSICHT IN DIESEM NEWSLETTER:<\/strong><br \/>\n<span style=\"color: #000000; font-family: Arial, sans-serif; font-size: medium;\"><span style=\"color: #000000; font-family: Arial, sans-serif; font-size: 16px;\"><span style=\"font-family: Arial, sans-serif; color: #e18800;\"><strong><span style=\"color: #e18800; font-family: Arial;\"><span style=\"font-size: 13.3333px;\">MEMENTO MORI\u00a0<strong style=\"line-height: 115%; font-family: Verdana, Arial, Helvetica, sans-serif; font-size: 12px;\"><span style=\"font-size: 10pt; line-height: 115%; font-family: Arial; color: #e18800; background-image: initial; background-attachment: initial; background-size: initial; background-origin: initial; background-clip: initial; background-position: initial; background-repeat: initial;\"><span style=\"font-size: 10pt; line-height: 115%; font-family: '\u30d2\u30e9\u30ae\u30ce\u89d2\u30b4 Std W8'; color: #e18800; background-image: initial; background-attachment: initial; background-size: initial; background-origin: initial; background-clip: initial; background-position: initial; background-repeat: initial;\">\u2605<\/span>\u00a0<\/span><\/strong>\u00a0DIGITALISIERUNG UND DIE SINGULARIT\u00c4T DES LEBENS\u00a0<strong style=\"line-height: 115%; font-family: Verdana, Arial, Helvetica, sans-serif; font-size: 12px;\"><span style=\"font-size: 10pt; line-height: 115%; font-family: Arial; color: #e18800; background-image: initial; background-attachment: initial; background-size: initial; background-origin: initial; background-clip: initial; background-position: initial; background-repeat: initial;\"><span style=\"font-size: 10pt; line-height: 115%; font-family: '\u30d2\u30e9\u30ae\u30ce\u89d2\u30b4 Std W8'; color: #e18800; background-image: initial; background-attachment: initial; background-size: initial; background-origin: initial; background-clip: initial; background-position: initial; background-repeat: initial;\">\u2605<\/span>\u00a0<\/span><\/strong>\u00a0SORGEARBEIT ZWISCHEN LEBEN UND TOD\u00a0<strong style=\"line-height: 115%; font-family: Verdana, Arial, Helvetica, sans-serif; font-size: 12px;\"><span style=\"font-size: 10pt; line-height: 115%; font-family: Arial; color: #e18800; background-image: initial; background-attachment: initial; background-size: initial; background-origin: initial; background-clip: initial; background-position: initial; background-repeat: initial;\"><span style=\"font-size: 10pt; line-height: 115%; font-family: '\u30d2\u30e9\u30ae\u30ce\u89d2\u30b4 Std W8'; color: #e18800; background-image: initial; background-attachment: initial; background-size: initial; background-origin: initial; background-clip: initial; background-position: initial; background-repeat: initial;\">\u2605<\/span>\u00a0<\/span><\/strong>\u00a0EUROPA ST\u00c4RKEN, NACH DEN STERNEN GREIFEN\u00a0<strong style=\"line-height: 115%; font-family: Verdana, Arial, Helvetica, sans-serif; font-size: 12px;\"><span style=\"font-size: 10pt; line-height: 115%; font-family: Arial; color: #e18800; background-image: initial; background-attachment: initial; background-size: initial; background-origin: initial; background-clip: initial; background-position: initial; background-repeat: initial;\"><span style=\"font-size: 10pt; line-height: 115%; font-family: '\u30d2\u30e9\u30ae\u30ce\u89d2\u30b4 Std W8'; color: #e18800; background-image: initial; background-attachment: initial; background-size: initial; background-origin: initial; background-clip: initial; background-position: initial; background-repeat: initial;\">\u2605<\/span>\u00a0<\/span><\/strong>\u00a0VOM B\u00dcCHERLESEN UND -SCHREIBEN\u00a0<strong style=\"line-height: 115%; font-family: Verdana, Arial, Helvetica, sans-serif; font-size: 12px;\"><span style=\"font-size: 10pt; line-height: 115%; font-family: Arial; color: #e18800; background-image: initial; background-attachment: initial; background-size: initial; background-origin: initial; background-clip: initial; background-position: initial; background-repeat: initial;\"><span style=\"font-size: 10pt; line-height: 115%; font-family: '\u30d2\u30e9\u30ae\u30ce\u89d2\u30b4 Std W8'; color: #e18800; background-image: initial; background-attachment: initial; background-size: initial; background-origin: initial; background-clip: initial; background-position: initial; background-repeat: initial;\">\u2605<\/span>\u00a0<\/span><\/strong>\u00a0ERF\u00dcLLTE MOMENTE<\/span><\/span><\/strong><\/span><\/span><\/span><\/h4>\n<hr \/>\n<div style=\"background-color: #ffffff; max-width: 600px;\">\n<div style=\"text-align: left; background-color: #fff; max-width: 600px;\">\n<div style=\"padding: 10px 20px 20px 20px; background-color: #fff; line-height: 20px;\" align=\"left\">\n<h3>Memento mori<\/h3>\n<p><img loading=\"lazy\" decoding=\"async\" src=\"http:\/\/www.seele-und-sorge.de\/wp-content\/uploads\/2019\/04\/ostern.jpg\" width=\"300\" height=\"200\" align=\"left\" hspace=\"10\" vspace=\"10\" \/>Dieser Tage habe ich eine neue App f\u00fcrs Smartphone entdeckt:\u00a0<strong>\u201eMemento Mori \u2013 The ultimate productivity tool\u201c, wie es in der Werbung hei\u00dft.<\/strong>\u00a0Das Symbol: ein Totenkopf. Die Bildwelt: das unendliche Meer und der Sand mit den unz\u00e4hlbaren K\u00f6rnchen. Die App mit der lateinischen Mahnung \u201eDenk daran, dass du sterben musst\u201c l\u00e4dt ein, sich ausrechnen zu lassen, wie viele Tage man schon lebt, um die Endlichkeit der eigenen Zeit zu begreifen. Und dann eben: produktiv zu werden. \u201eNutze jede Sekunde!\u201c Das nahende Ende als Antrieb zu Aktivit\u00e4t \u2013 das Leiden an der verrinnenden Zeit. Ich kenne das schon, dem folgt ja auch die Logik des \u201eAnti-Aging\u201c von Superfood bis zum Lifting \u2013 und ich m\u00f6chte mich dagegen wehren. Es ist ja richtig, dass der Mensch ein Zeit-M\u00e4ngelwesen ist, wie Odo Marquardt einmal geschrieben hat. Aber dann stimmt eben auch, dass unser Bem\u00fchen um Selbstoptimierung an eine Grenze st\u00f6\u00dft. Dass unser Leben fragmentarisch bleibt. Ich m\u00f6chte damit so umgehen, dass am Ende nicht nur Selbst\u00fcberforderung bleibt \u2013 oder Resignation.<\/p>\n<p><strong>In diesen Tagen feiern wir Ostern, wir feiern das Leben!<\/strong>\u00a0Licht und Gr\u00fcn, Fr\u00fchlingsd\u00fcfte und Vogelgezwitscher \u2013 die Natur macht es uns leicht. Ein einziger Protest gegen die Tristesse des Winters, gegen den Tod. Auch die, die der Auferstehung Jesu skeptisch gegen\u00fcberstehen, werden hineingezogen in die F\u00fclle und Sinnlichkeit dieser Tage. F\u00fcr mich wird jetzt sp\u00fcrbar, dass nicht der Tod das Ziel des Lebens ist, sondern das Leben.\u00a0<strong>Das Memento mori auf der App scheint ein gro\u00dfer Treiber zu sein \u2013 aber das Ostergl\u00fcck ist ein einziger Lockruf<\/strong>\u00a0\u2013 wie das Vogelkonzert am fr\u00fchen Morgen. Wenn ich mich davon begl\u00fccken lasse, morgens, wenn ich wach werde, verliert der Tod seine Macht. Mein Lieblingsosterlied erz\u00e4hlt von der Auferweckung Jesu und singt das heraus: \u201eO Tod, wo ist dein Stachel nun \u2026\u201c<\/p>\n<h3>Digitalisierung und die Singularit\u00e4t des Lebens<\/h3>\n<p><img loading=\"lazy\" decoding=\"async\" src=\"http:\/\/www.seele-und-sorge.de\/wp-content\/uploads\/2019\/04\/robo_01.jpg\" width=\"300\" height=\"200\" align=\"left\" hspace=\"10\" vspace=\"10\" \/><strong>Ist Ihnen auch schon aufgefallen, welche Rolle die Digitalisierung inzwischen auch f\u00fcr das Trauern und Gedenken spielt?<\/strong>\u00a0Heute gibt es schon weit \u00fcber zwanzig virtuelle Friedh\u00f6fe \u2013 schauen Sie doch mal bei \u201eLichter der Ewigkeit\u201c vom\u00a0<strong><a style=\"color: #2b6d07;\" href=\"https:\/\/www.volksbund.de\/helfen\/aktionen\/lichter-der-ewigkeit.html\" target=\"_blank\" rel=\"noopener\">Volksbund Deutsche Kriegsgr\u00e4berf\u00fcrsorge<\/a><\/strong>. Auch auf Facebook wird getrauert, und in der analogen Wirklichkeit finden sich auf Gr\u00e4bern Plaketten mit Strichcodes, die einladen, sich online Bilder und Filme aus dem Leben des Verstorbenen anzuschauen. Der Wandel der Friedhofskultur besch\u00e4ftigt mich; k\u00fcrzlich habe ich einen\u00a0<strong><a style=\"color: #2b6d07;\" href=\"http:\/\/www.seele-und-sorge.de\/?p=4269\" target=\"_blank\" rel=\"noopener\">Blog<\/a>\u00a0<\/strong>dar\u00fcber geschrieben.\u00a0<strong>Aber Digitalisierung ist auch ein Thema f\u00fcr die Pflege.<\/strong>\u00a0Jahrelanger Stellenabbau, Arbeit in normierten Zeittakten, zunehmende Arbeitsverdichtung, \u00fcberbordende Dokumentationspflichten haben die Pflege krank gemacht. Nach dem aktuellen\u00a0<a style=\"color: #2b6d07;\" href=\"https:\/\/www.bkk-dachverband.de\/fileadmin\/publikationen\/gesundheitsatlas\/2017\/BKK_Gesundheitsatlas_2017.pdf\" target=\"_blank\" rel=\"noopener\"><strong>BKK\u2013Gesundheitsatlas<\/strong><\/a>\u00a0liegt der Durchschnitt der Krankheitstage in der Altenpflege bei 24,1 Tagen \u2013 gegen\u00fcber 16,1 Tagen im Durchschnitt aller Besch\u00e4ftigten. In kaum einer anderen Berufsgruppe lassen sich die Menschen h\u00e4ufiger wegen psychischer Belastungen krankschreiben. Deshalb sei er froh, dass das bald seine Roboter \u00fcbernehmen k\u00f6nnten, sagte der Gr\u00fcnder des Robotikherstellers Boston Dynamics Marc Raibert auf der Cebit (<a style=\"color: #2b6d07;\" href=\"https:\/\/www.youtube.com\/watch?v=1pDb7RqSvSc%20\" target=\"_blank\" rel=\"noopener\"><strong>hier<\/strong><\/a>\u00a0ein FAZ-Videobeitrag dazu). Der Gedanke, dass Roboter Pflege ersetzen k\u00f6nnten, k\u00e4me von einem beinahe diskriminierenden und sehr verk\u00fcrzten Verst\u00e4ndnis pflegerischen Handelns,\u00a0<a style=\"color: #2b6d07;\" href=\"https:\/\/www.heise.de\/newsticker\/meldung\/Missing-Link-Es-gibt-keine-Pflegeroboter-4095279.html\" target=\"_blank\" rel=\"noopener\"><strong>korrigiert<\/strong><\/a>\u00a0dagegen Christian Buhtz. Buhtz arbeitet im Forschungsprojekt FORMAT an der Medizinischen Fakult\u00e4t Halle-Wittenberg, in dem es um den Erhalt der Autonomie im Alter geht \u2013 mit dem Einsatz von technologiebasierter Pflegeassistenztechnik. Letztlich geht es also darum, was der Kern von Pflege ist \u2013 und welche Rolle dabei \u00d6konomie und Technik spielen.<\/p>\n<p>\u201e<strong>Auch ohne Roboter gleichen die heutigen Abl\u00e4ufe in den Institutionen einer Abfertigung, die den Menschen zum Sachgegenstand macht.<\/strong>\u00a0Das Fatale an dieser g\u00e4ngigen Praxis ist, dass sie den Menschen auf seine k\u00f6rperliche Existenz reduziert. Man erkennt die so Versorgten (Entsorgten) an ihren ausdrucksleeren Augen und ihrer apathischen Haltung\u201c,\u00a0<a style=\"color: #2b6d07;\" href=\"https:\/\/www.pflege-shv.de\/uploads\/pflege-shv\/Buch-Artikelempflehlungen\/Roboter-in-der-pflege_Artikel_AvS_072011.pdf\" target=\"_blank\" rel=\"noopener\"><strong>schreibt<\/strong>\u00a0<\/a>Adelheid von St\u00f6ssel, selbst eine Pflegende. Auch Giovanni di Maio, f\u00fcr den die Identit\u00e4t aller Heilberufe durch die umfassende \u00d6konomisierung bedroht ist, sieht in den Kliniken von heute \u201ewei\u00dfe Fabriken\u201c, in denen die Patienten nicht als Individuen gesehen werden, sondern als Objekte, an denen man standardisierte Verrichtungen vornimmt. Dabei sieht er die Pflege besonders betroffen: \u201ePflege ist ein Beziehungsberuf, in dem es nicht nur um die gekonnte Aktion, sondern vor allen Dingen um die Interaktion geht\u201c, hei\u00dft es in seinem Buch\u00a0<a style=\"color: #2b6d07;\" href=\"https:\/\/www.randomhouse.de\/Buch\/Werte-fuer-die-Medizin\/Giovanni-Maio\/Koesel\/e525362.rhd\" target=\"_blank\" rel=\"noopener\"><strong>Werte der Medizin<\/strong><\/a>. In der Pflege gehe es darum, sich auf den einzelnen Menschen, auf seine Einzigartigkeit einzulassen und ihm in seiner Angewiesenheit seine ihm eigene W\u00fcrde widerzuspiegeln \u2013 das sei eben nicht formalisierbar, dokumentierbar, z\u00e4hlbar. Wo diese b\u00fcrokratischen Kontrollstrukturen \u00fcberhandn\u00e4hmen, empf\u00e4nden sich auch Pflegebed\u00fcrftige nur noch als Aufwand \u2013 als Pflegefall, der Zeit und Geld kostet.<\/p>\n<p><img loading=\"lazy\" decoding=\"async\" src=\"http:\/\/www.seele-und-sorge.de\/wp-content\/uploads\/2019\/04\/robo_04.jpg\" width=\"300\" height=\"213\" align=\"left\" hspace=\"10\" vspace=\"10\" \/><strong>\u201eEs w\u00e4re eine menschliche Kapitulationserkl\u00e4rung, wenn wir eines Tages tats\u00e4chlich versuchen w\u00fcrden, Zuneigung und Empathie \u00fcber Roboter zu transportieren\u201c<\/strong>,\u00a0<a style=\"color: #2b6d07;\" href=\"https:\/\/www.mpg.de\/12290850\/regeln-fuer-roboter%20\" target=\"_blank\" rel=\"noopener\"><strong>sagt<\/strong><\/a>\u00a0Axel Walz, Senior Research Fellow am Max-Planck-Institut f\u00fcr Innovation und Wettbewerb. Als Unterst\u00fctzung im Pflegealltag, insbesondere im Rahmen wiederkehrender mechanischer T\u00e4tigkeiten, b\u00f6ten Roboter aber eine Chance \u2013 vorausgesetzt, dass dann mehr Zeit f\u00fcr pers\u00f6nliche Zuwendung bleibe. Es wird Zeit, dass wir in unseren Diskussionen um k\u00fcnstliche Intelligenz auf dieses Feld der Sorgearbeit sehen! Mit immerhin 10 Millionen Euro f\u00f6rdert die Bundesregierung die Entwicklung von Pflegerobotern, darunter auch humanoide wie Pepper, der mit Demenzkranken spielt und Ged\u00e4chtnistraining anbietet, aber nat\u00fcrlich auch aufzeichnen kann, wie die Einzelnen sich entwickeln. Oder Robby, das s\u00fc\u00dfe Streicheltier, das anscheinend Trost spendet. Siri Hustvedt hat in ihrem Buch\u00a0<a style=\"color: #2b6d07;\" href=\"https:\/\/www.rowohlt.de\/hardcover\/siri-hustvedt-die-illusion-der-gewissheit.html\" target=\"_blank\" rel=\"noopener\"><strong>\u201eDie Illusion der Gewissheit\u201c<\/strong><\/a>\u00a0in wunderbarer Weise dargestellt, was der Unterschied dieser \u201ePuppen\u201c gegen\u00fcber einem lebendigen Gegen\u00fcber ist. Und Julian Nida-R\u00fcmelin hat eine \u00fcberzeugende Ethik f\u00fcr den \u201edigitalen Humanismus\u201c\u00a0<strong><a style=\"color: #2b6d07;\" href=\"https:\/\/www.piper.de\/buecher\/digitaler-humanismus-isbn-978-3-492-05837-7\" target=\"_blank\" rel=\"noopener\">entwickelt<\/a><\/strong>. Mehr dazu in meinem\u00a0<strong><a style=\"color: #2b6d07;\" href=\"http:\/\/www.seele-und-sorge.de\/?page_id=4280\" target=\"_blank\" rel=\"noopener\">Vortrag \u201ePflege und Digitalisierung\u201c<\/a><\/strong><a>,\u00a0<\/a>den ich k\u00fcrzlich beim Palliativforum in Darmstadt halten durfte. Eine gerontologische Auseinandersetzung mit ethischen Fragen des Einsatzes von Technik in der Pflege hat auch Melissa Henne vorgelegt. F\u00fcr ihre Dissertation\u00a0<strong><a style=\"color: #2b6d07;\" href=\"https:\/\/www.nomos-shop.de\/Henne-Technik-begeistert\/productview.aspx?product=40435\" target=\"_blank\" rel=\"noopener\">\u201eTechnik, die begeistert?\u201c<\/a><\/strong>, in der sie mit dem Bef\u00e4higungs-Ansatz der Philosophin Martha Nussbaum arbeitet, hat sie gerade den Wichernpreis bekommen. Zur Verleihung des Wichernpreises, bei der ich diesmal einen Sonderpreis bekam, unten mehr. Und: Am 9.\/10. Mai findet in der LUX-Kirche in N\u00fcrnberg eine Tagung zum Thema\u00a0<strong><a style=\"color: #2b6d07;\" href=\"https:\/\/www.ev-akademie-tutzing.de\/veranstaltung\/neue-kollegen-intelligente-technische-systeme-im-gesundheitswesen\/%20\" target=\"_blank\" rel=\"noopener\">\u201eNeue Kollegen? Intelligente Technische Systeme im\u00a0Gesundheitswesen\u201c<\/a><\/strong>\u00a0mit Prof. Dr. Arne Manzeschke,\u00a0Leiter der Fachstelle f\u00fcr Ethik und Anthropologie im Gesundheitswesen der ELKB, statt, bei der auch Melissa Henne sprechen wird.<\/p>\n<p><strong>Ich muss zugeben, dass mir im Blick auf die letzte Lebensphase zuerst Menschen einfallen:<\/strong>\u00a0die Hand meines Mannes, die Sicherheit, die Familie gibt, weil meine Angeh\u00f6rigen mich und meine Bed\u00fcrfnisse besser kennen, als ich das in Verf\u00fcgungen kl\u00e4ren kann. Dennoch: Dass meine wesentlichen Daten aus den letzten Untersuchungen zusammengef\u00fchrt und bei einer Ethikberatung gemeinsam besprochen werden k\u00f6nnen, ist wesentlich. Wenn ich bis zum Ende zu Hause bleiben kann, wird die Technik erm\u00f6glichen, dass ich, wenn n\u00f6tig, auch elektronisch \u00e4rztliche Hilfe und Beratung bekomme. Dass die moderne Kommunikationstechnik erm\u00f6glicht, \u00fcber die Sprachfunktion Gr\u00fc\u00dfe an meine Freunde zu schreiben, ist wunderbar.\u00a0<strong>Und warum nicht die sch\u00f6nsten Fotos von unseren Reisen an die Wand projizieren? \u00dcber heilende R\u00e4ume in Altenzentren und Kliniken habe ich k\u00fcrzlich in einem\u00a0<a style=\"color: #2b6d07;\" href=\"https:\/\/podcast-klinikseelsorge.podigee.io\/76-cornelia-coenen-marx?fbclid=IwAR3lnK7FB-bZX5Sa4NQnvUbC4_-3QUNg9qF0tY3EJfy_Krd3qhPilCIk-FQ\" target=\"_blank\" rel=\"noopener\">Interview<\/a><\/strong>\u00a0<strong>mit dem Klinikseelsorger Stefan Hund gesprochen.<\/strong><\/p>\n<\/div>\n<\/div>\n<\/div>\n<div style=\"background-color: #ffffff; max-width: 600px;\">\n<div style=\"text-align: left; background-color: #fff; max-width: 600px;\">\n<div style=\"padding: 10px 20px 20px 20px; background-color: #fff; line-height: 20px;\" align=\"left\"><img loading=\"lazy\" decoding=\"async\" src=\"http:\/\/www.seele-und-sorge.de\/wp-content\/uploads\/2019\/04\/andrea_malter.jpg\" width=\"300\" height=\"343\" align=\"left\" hspace=\"10\" vspace=\"10\" \/><strong>\u201eDigital Mensch bleiben\u201c<\/strong>, diesen Titel hat Volker Jung seinem\u00a0<a style=\"color: #2b6d07;\" href=\"https:\/\/shop.claudius.de\/digital-mensch-bleiben.html\" target=\"_blank\" rel=\"noopener\"><strong>Buch<\/strong><\/a>\u00a0gegeben, in dem er dem mit den digitalen M\u00f6glichkeiten entstehenden Allmachtsgef\u00fchl die Besinnung auf unsere Sterblichkeit entgegenstellt \u2013 eine ganz andere Auffassung von Memento mori.<\/p>\n<p>Die menschlichen Pflegenden sollen gefeiert werden am\u00a0<strong><a style=\"color: #2b6d07;\" href=\"http:\/\/www.kleiner-kalender.de\/event\/tag-der-pflege\/90442.html\" target=\"_blank\" rel=\"noopener\">12.\u00a0Mai, dem Tag der Pflege<\/a><\/strong>. Die Diakonie Hessen hat dazu eine Kampagne und eine Fotoausstellung organisiert:\u00a0<strong><a style=\"color: #2b6d07;\" href=\"https:\/\/starke-frauen-pflege.de\/\" target=\"_blank\" rel=\"noopener\">\u201eWir machen starke Frauen in der Pflege sichtbar\u201c<\/a><\/strong>. Wenn Sie die Ausstellung in Ihrer Kirchengemeinde oder Diakoniestation besuchen, nehmen Sie doch auch das Themenheft \u201eVon der Gesellschaft ohne Sorge zur sorgenden Gemeinschaft\u201c mit, es lohnt sich. Aber Sie k\u00f6nnen sich die tollen Portr\u00e4ts auch einfach online anschauen.<\/p>\n<p>Im\u00a0<a style=\"color: #2b6d07;\" href=\"https:\/\/www.diakonieverein.de\/\" target=\"_blank\" rel=\"noopener\"><strong>evangelischen Diakonieverein Zehlendorf<\/strong><\/a>, wo ich ehrenamtlich im Verwaltungsrat mitarbeite, werden nun schon seit 125 Jahren solche starken Frauen in der Pflege ausgebildet und besch\u00e4ftigt.\u00a0Zum Jubil\u00e4um in Berlin waren mehr als siebenhundert von ihnen gekommen\u00a0(Interview zum Thema auf\u00a0<strong><a style=\"color: #2b6d07;\" href=\"https:\/\/www.evangelisch.de\/inhalte\/155850\/11-04-2019\/berliner-diakonieverein-feiert-125-jaehriges-bestehen\" target=\"_blank\" rel=\"noopener\">www.evangelisch.de<\/a><\/strong>).<\/p>\n<p><strong>Mir ist \u00fcbrigens aufgefallen, dass Alter und Pflege in j\u00fcngster Zeit h\u00e4ufiger zu Themen in Romanen werden.<\/strong>\u00a0D\u00f6rte Hansens\u00a0<strong><a style=\"color: #2b6d07;\" href=\"https:\/\/www.randomhouse.de\/Suche.rhd?searchText=mittagsstunde\" target=\"_blank\" rel=\"noopener\">\u201eMittagsstunde\u201c<\/a><\/strong>\u00a0zum Beispiel, in erster Linie eine Geschichte \u00fcber das Ende der alten Dorfkultur, erz\u00e4hlt auch vom Lebensende eines Paares in der alten Dorfkneipe, in die der Enkel noch einmal zur\u00fcckgekehrt ist, um seine und ihre Geschichte zu verstehen. Da finden sich wie nebenbei sensible Beschreibungen von Demenz und Pflegebed\u00fcrftigkeit, die zugleich davon erz\u00e4hlen, wie diese Erfahrungen eingebettet sind in das Leben dieser Menschen, die Geschichten von Leib und Seele. Und Hilmar Klutes\u00a0<strong><a style=\"color: #2b6d07;\" href=\"http:\/\/www.galiani.de\/buch\/was-dann-nachher-so-schoen-fliegt\/978-3-86971-178-2\/\" target=\"_blank\" rel=\"noopener\">\u201eWas dann nachher so sch\u00f6n fliegt\u201c<\/a><\/strong>, der Roman \u00fcber einen jungen Zivildienstleistenden, der Schriftsteller werden will, spielt nicht nur in Paris, sondern auch in einem deutschen Pflegeheim, dessen entfremdete Realit\u00e4t zur Wirklichkeitserfahrung des jungen Schriftstellers wird.<\/p>\n<\/div>\n<\/div>\n<\/div>\n<div style=\"background-color: #ffffff; max-width: 600px;\">\n<div style=\"text-align: left; background-color: #fff; max-width: 600px;\">\n<div style=\"padding: 10px 20px 20px 20px; background-color: #fff; line-height: 20px;\" align=\"left\">\n<h3>Sorgearbeit zwischen Leben und Tod<\/h3>\n<p><img loading=\"lazy\" decoding=\"async\" src=\"http:\/\/www.seele-und-sorge.de\/wp-content\/uploads\/2019\/04\/horizont.jpg\" width=\"300\" height=\"158\" align=\"left\" hspace=\"10\" vspace=\"10\" \/><strong>In diesem Fr\u00fchjahr hatte ich Gelegenheit, das\u00a0<u><a style=\"color: #2b6d07;\" href=\"http:\/\/www.praxis-palliativecare.de\/\" target=\"_blank\" rel=\"noopener\">\u201ePalliativ- und Sorgenetzwerk\u201c<\/a><\/u><\/strong>\u00a0<strong>rund um Andreas Heller zu erleben, der inzwischen in Graz lehrt.<\/strong>\u00a0Die intensive Tagung unter dem Titel\u00a0<strong><a style=\"color: #2b6d07;\" href=\"https:\/\/static.uni-graz.at\/fileadmin\/kath\/Fotos\/news\/Sorge_Symposium_Graz_2019.pdf\" target=\"_blank\" rel=\"noopener\">\u201eHorizonte der Sorge\u201c<\/a><\/strong>\u00a0war voller Inspiration zu den Themen Alter, Pflege und Hospiz, aber auch zu Quartiersarbeit und Gemeinwesendiakonie.\u00a0<strong>Es geht um die Entwicklung einer neuen Sorgekultur, um Achtsamkeit und Nachhaltigkeit in Interaktionen, Organisationen und Netzwerken und nicht zuletzt in der Selbstsorge.<\/strong>\u00a0Spannend das Forschungsprojekt\u00a0<strong>von Sabine Pleschberger \u00fcber informelle au\u00dferfamiliale Hilfen im sozialen Nahraum<\/strong>\u00a0und ihre Verkn\u00fcpfung mit bedarfsorientierten und qualit\u00e4tsgesicherten formalen Hilfen. Das laufende Projekt mit vielen qualitativen Interviews best\u00e4tigt offenbar, wie sehr auch sorgende Gemeinschaften auf professionelle und standardisierte Sorgestrukturen angewiesen sind. Oder freiwillig Engagierte auf hauptamtliche Strukturen. Ich bin gespannt auf die abschlie\u00dfenden Ergebnisse. Und Raymond Voltz von der Uni-Klinik K\u00f6ln\u00a0<strong><a style=\"color: #2b6d07;\" href=\"https:\/\/palliativzentrum.uk-koeln.de\/forschung\/letzte-lebenszeit\/caring-community-cologne-english\/\" target=\"_blank\" rel=\"noopener\">arbeitet<\/a><\/strong>\u00a0mit seinem Team daran,\u00a0<strong>die Stadt zur Compassionate City mit der Klinik als einem Knotenpunkt zu entwickeln<\/strong>\u00a0\u2013 unter Beteiligung von Kitas und Schulen, von Kunst und Kultur. Auch Wohlfahrtsverb\u00e4nde sind beteiligt \u2013 und sicher k\u00f6nnten auch die Kirchen noch aktiver dabei sein.\u00a0<strong>Hospizbewegung und Sorgende Gemeinde ist \u00fcbrigens auch Thema auf den\u00a0<a style=\"color: #2b6d07;\" href=\"https:\/\/www.evangelische-akademien.de\/veranstaltung\/20-sueddeutsche-hospiztage\/\" target=\"_blank\" rel=\"noopener\">20. S\u00fcddeutschen Hospiztagen<\/a><\/strong>\u00a0<strong>am 4.\u00a0Juli in Bad Herrenalb, bei denen ich auch einen\u00a0<a style=\"color: #2b6d07;\" href=\"http:\/\/www.seele-und-sorge.de\/?event=20-sueddeutschen-hospiztage-sorgende-gemeinschaft-und-der-beitrag-der-hospizarbeit\" target=\"_blank\" rel=\"noopener\">Vortrag<\/a><\/strong>\u00a0<strong>halte<\/strong>.\u00a0<strong>Wie k\u00f6nnen Kirchengemeinden sich aktiv einbringen in solche lebendigen, unterst\u00fctzenden Quartiere?<\/strong>\u00a0Gemeinsam mit der Bundesakademie Kirche und Diakonie plane ich eine\u00a0<strong>zertifizierte Weiterbildung in sechs Modulen<\/strong>, die den Akteuren im Gemeinwesen sowohl R\u00e4ume der Reflexion er\u00f6ffnet als auch konkretes Handwerkszeug vermittelt.\u00a0<strong>\u201eCaring Communities. Verantwortungsgemeinschaften managen und gestalten\u201c<\/strong>\u00a0unter der gemeinsamen Leitung von Frank D\u00f6lker und mir startet am 1. und 2. Oktober 2020 in Berlin. Ausf\u00fchrliche Informationen zu den Inhalten und zum Ablauf finden Sie ab Mai auf meiner Website.<\/p>\n<p>Quartiersentwicklung und Sorgende Gemeinschaften haben schlie\u00dflich auch\u00a0<strong>die Tagung<\/strong>\u00a0des\u00a0<strong><a style=\"color: #2b6d07;\" href=\"https:\/\/gemeinwesendiakonie.de\/\" target=\"_blank\" rel=\"noopener\">Netzwerks Gemeinwesendiakonie in der EKD<\/a><\/strong>\u00a0besch\u00e4ftigt, bei der ich\u00a0<a style=\"color: #2b6d07;\" href=\"http:\/\/www.seele-und-sorge.de\/?page_id=4282\" target=\"_blank\" rel=\"noopener\"><strong>referieren<\/strong><\/a>\u00a0durfte. Es ist gut zu sehen, wie dieses Arbeitsfeld in der Kirche w\u00e4chst, an wie vielen Orten sich Stadtteill\u00e4den, neue Zentren und Orte der Begegnung entwickeln.\u00a0<strong>Ein Spaziergang durch das\u00a0<a style=\"color: #2b6d07;\" href=\"http:\/\/frankfurt-sozialestadt.de\/gutleutviertel\/\" target=\"_blank\" rel=\"noopener\">Gutleutviertel in Frankfurt<\/a><\/strong>\u00a0<strong>lie\u00df das unmittelbar lebendig werden. Und in Velbert, wo ich am 15. Juni einen\u00a0<a style=\"color: #2b6d07;\" href=\"http:\/\/www.seele-und-sorge.de\/?event=kreissynode-niederberg\" target=\"_blank\" rel=\"noopener\">Vortrag<\/a>\u00a0zum Thema auf der Kreissynode halten werde, ist eine neue Vesperkirche entstanden<\/strong>.<\/p>\n<p>Im Rahmen des\u00a0<strong>\u201eRunden Tisches Inklusion\u201c<\/strong>\u00a0von Landeskirche und Diakonie in Sachsen ist eine neue\u00a0<strong><a style=\"color: #2b6d07;\" href=\"https:\/\/engagiert.evlks.de\/arbeitsfelder\/gesellschaft\/inklusion\/\" target=\"_blank\" rel=\"noopener\">virtuelle Plattform<\/a><\/strong>\u00a0entstanden, die ebenfalls ins Quartier und in die Gemeinde f\u00fchrt: Eine\u00a0<strong>Wissens- und Vernetzungsb\u00f6rse, mit der alle Praktiker*innen unterst\u00fctzt werden sollen, die sich im Bereich Inklusion engagieren<\/strong>. Sie finden dort Informationen, Handreichungen, Praxisbeispiele und Literaturhinweise auch aus anderen Landeskirchen zu den Bereichen \u201eGrundlagen\u201c, \u201eInklusive Gottesdienste\u201c, \u201eGemeindegruppen\u201c, \u201eBildung\u201c, \u201eDiakonische Arbeit\u201c sowie \u201eKirchenmusik und Kultur\u201c.<\/p>\n<p><strong>Dass auch traditionelle Formen von Kirche eine Renaissance erleben, wo es um Sorgenetzwerke im Quartier geht, das m\u00f6chte ich beim EKD-Besuchsdiensttreffen am 28.\u00a0Mai in Haus Villigst\u00a0<a style=\"color: #2b6d07;\" href=\"http:\/\/www.seele-und-sorge.de\/?event=jahrestagung-besuchsdienst-titel-sorgende-und-seelsorgende-gemeinde\" target=\"_blank\" rel=\"noopener\">zeigen<\/a>: Da geht es dann um Besuchsdienste als Knotenpunkte im Sorgenetz.<\/strong>\u00a0\u00dcbrigens haben EKD und Diakonie Deutschland eine gro\u00dfe Quartierstagung am 3.\u00a0April 2020 im Hamburger Michel geplant \u2013 eine Idee, deren Zeit fast \u00fcberf\u00e4llig ist! Und wussten Sie, dass das virtuelle Netzwerk\u00a0<strong><a style=\"color: #2b6d07;\" href=\"http:\/\/www.nebenan.de\">www.nebenan.de<\/a><\/strong>\u00a0inzwischen mehr als 900.000 Nutzer hat?<\/p>\n<p><img loading=\"lazy\" decoding=\"async\" src=\"http:\/\/www.seele-und-sorge.de\/wp-content\/uploads\/2019\/04\/Deutschlandfunk_Logo_2017.svg_.png\" width=\"300\" height=\"44\" align=\"left\" hspace=\"10\" vspace=\"10\" \/>Wenn Sie Lust haben, sich mehr mit dem Thema \u201eNachbarschaft als Caring Community\u201c zu besch\u00e4ftigen,\u00a0<strong>dann h\u00f6ren Sie doch mal an Pfingsten \u201eAm Sonntagmorgen\u201c im Deutschlandfunk: Um 8.30 l\u00e4uft meine Sendung zum Thema \u201eJenseits der Mauern \u2013 Nachbarschaft als Caring Community\u201c<\/strong>.<\/p>\n<p><img loading=\"lazy\" decoding=\"async\" src=\"http:\/\/www.seele-und-sorge.de\/wp-content\/uploads\/2019\/04\/magnolie.jpg\" width=\"300\" height=\"300\" align=\"left\" hspace=\"10\" vspace=\"10\" \/><strong>Mauern k\u00f6nnen aber auch Schutz und Geborgenheit vermitteln. Solche bergenden Mauern habe ich in\u00a0<a style=\"color: #2b6d07;\" href=\"http:\/\/www.hoffmanns-hoefe.de\/\" target=\"_blank\" rel=\"noopener\">Hoffmanns H\u00f6fen<\/a><\/strong>\u00a0<strong>in Frankfurt am Main entdeckt<\/strong>. Dort fand die Tagung des Netzwerks Gemeinwesendiakonie statt \u2013 und von meinem Zimmer aus konnte man in einen der H\u00f6fe hinuntersehen, wo ein Magnolienbaum bl\u00fchte in geradezu \u00fcberw\u00e4ltigender Pracht. Die Tagungsst\u00e4tte Hoffmanns H\u00f6fe ist ein Embrace-Hotel mit inklusivem Team, vielf\u00e4ltig auch im Angebot von Programmen. Das Haus ist die 2006 renovierte und neu konzipierte ehemalige Schwesternschule des Parit\u00e4tischen Wohlfahrtsverbands in dessen ehemaliger Zentrale, die ihrerseits inzwischen nach Berlin umgezogen ist. Ich habe es aufgenommen in die\u00a0<strong><a style=\"color: #2b6d07;\" href=\"http:\/\/www.seele-und-sorge.de\/?page_id=4218\" target=\"_blank\" rel=\"noopener\">Liste meiner Leuchtt\u00fcrme und Traumorte<\/a><\/strong>\u00a0auf der Seele-und-Sorge-Website.<\/p>\n<\/div>\n<\/div>\n<\/div>\n<div style=\"background-color: #ffffff; max-width: 600px;\">\n<div style=\"text-align: left; background-color: #fff; max-width: 600px;\">\n<div style=\"padding: 10px 20px 20px 20px; background-color: #fff; line-height: 20px;\" align=\"left\">\n<h3>Europa st\u00e4rken, nach den Sternen greifen<\/h3>\n<p><img loading=\"lazy\" decoding=\"async\" src=\"http:\/\/www.seele-und-sorge.de\/wp-content\/uploads\/2019\/04\/eu.jpg\" width=\"300\" height=\"227\" align=\"left\" hspace=\"10\" vspace=\"10\" \/>Bergende Mauern sind auch f\u00fcr die Gefl\u00fcchteten wichtig, die bei uns in Europa Asyl suchen.\u00a0<strong>Seit einiger Zeit sind aber die meisten T\u00fcren verschlossen, die private Seenotrettung findet keinen Hafen mehr und auch die Operation Sophia zur Bek\u00e4mpfung von Menschenschmuggel wurde beendet.<\/strong><\/p>\n<p>In Kirche und Diakonie machen wir uns stark f\u00fcr den Fl\u00fcchtlingsschutz und eine offene Gesellschaft. Machen Sie mit bei der Kampagne \u201ePlatz f\u00fcr Asyl in Europa\u201c \u2013 zum Beispiel\u00a0<strong><a style=\"color: #2b6d07;\" href=\"https:\/\/www.diakonie-wuerttemberg.de\/aktionen-spenden\/kampagne-zur-europawahl-und-zum-weltfluechtlingstag-2019\/\" target=\"_blank\" rel=\"noopener\">hier<\/a><\/strong>.<\/p>\n<p><strong>Der Streit um die Zukunft der europ\u00e4ischen Union schreit nach Beteiligung bei der anstehenden Europawahl. Europa zu st\u00e4rken, daf\u00fcr brauchen wir aber auch Diskurse, Projekte und Ideen<\/strong>, die \u00fcber den Tag hinausgehen. Ich freue mich, dass die Kirchen sich hier sehr h\u00f6rbar zu Wort melden und auf ihre vielf\u00e4ltigen Initiativen hinweisen. Beispiele sind der Blog von Ulrich Lilie von der Diakonie Deutschland,\u00a0<span style=\"color: #008000;\"><strong>\u201e<\/strong><\/span><strong><a style=\"color: #2b6d07;\" href=\"https:\/\/praesident.diakonie.de\/2019\/04\/04\/unsere-wahl-ein-soziales-europa\/\" target=\"_blank\" rel=\"noopener\">Unser soziales Europa<\/a><\/strong><span style=\"color: #008000;\"><u><strong>\u201c<\/strong><\/u><\/span>,\u00a0und\u00a0<strong><a style=\"color: #2b6d07;\" href=\"https:\/\/mailchi.mp\/evangelische-akademien\/dopjrcadqk?e=59b2bca448\" target=\"_blank\" rel=\"noopener\">\u201eDiskurse\u201c<\/a><\/strong>, der Newsletter der Evangelischen Akademien in Deutschland. Dort fand ich unter anderem dieses\u00a0<strong><a style=\"color: #2b6d07;\" href=\"https:\/\/www.evangelische-akademien.de\/wp-content\/uploads\/2019\/03\/Interview-mit-Hanns-Christhard-Eichhorst.pdf\" target=\"_blank\" rel=\"noopener\">Interview<\/a><\/strong>, in dem Hanns Christhard Eichhorst, Leiter der Europ\u00e4ischen Akademie in NRW und stellvertretender Vorsitzender des Bundesausschusses politische Bildung, ein leidenschaftliches Pl\u00e4doyer f\u00fcr Europa und europ\u00e4isches Engagement h\u00e4lt. Auch der Newsletter des Bundesnetzwerks B\u00fcrgerschaftliches Engagement vom 10. April enth\u00e4lt einen gro\u00dfen Schwerpunkt zum Thema\u00a0<strong><a style=\"color: #2b6d07;\" href=\"https:\/\/www.b-b-e.de\/eunewsletter\/bbe-europa-nachrichten-newsletter-fuer-engagement-und-partizipation-nr-3-vom-1042019\/\" target=\"_blank\" rel=\"noopener\">\u201eSt\u00e4rkung der europ\u00e4ischen Demokratie\u201c<\/a><\/strong>, darunter mehrere Beitr\u00e4ge zu M\u00f6glichkeiten zivilgesellschaftlichen Engagements. Einen gro\u00dfen Schritt\u00a0in Richtung Demokratie und Inklusion\u00a0haben die Oppositionsparteien im Bundestag Gr\u00fcne, FDP und Linke schon erreicht, als das Bundesverfassungsgericht ihrem Eilantrag stattgab und beschloss, dass auch\u00a0<strong>Menschen, die aus verschiedenen Gr\u00fcnden der Betreuung bed\u00fcrfen, wahlberechtigt sind.<\/strong>\u00a0Das bedeutet f\u00fcr 80.000 Menschen, dass sie bei dieser Europawahl zum ersten Mal ihre Stimme abgeben d\u00fcrfen.\u00a0<strong>Europa st\u00e4rken \u2013 bei allen Schwierig- und Z\u00e4higkeiten sollten wir doch auch den Mut haben, nach den Sternen zu greifen!<\/strong><\/p>\n<h3>Vom Gl\u00fcck des B\u00fccherlesens- und -schreibens<\/h3>\n<p><img loading=\"lazy\" decoding=\"async\" src=\"http:\/\/www.seele-und-sorge.de\/wp-content\/uploads\/2019\/04\/buch.jpg\" width=\"300\" height=\"200\" align=\"left\" hspace=\"10\" vspace=\"10\" \/><strong>Auch wenn ich mich mehr und mehr im virtuellen Raum aufhalte: B\u00fccher gehen mit durch mein Leben.<\/strong>\u00a0Selbst wenn das meinen Koffer schwerer macht \u2013 ich reise immer mit B\u00fcchern.\u00a0<strong>Deswegen finden Sie in meinen Newslettern immer auch Hinweise auf interessante Titel und B\u00fccher von Freunden.<\/strong>\u00a0Diesmal m\u00f6chte ich ein kleines Heft von G\u00fcnter A. Menne empfehlen:\u00a0<strong><a style=\"color: #2b6d07;\" href=\"https:\/\/www.gabal-verlag.de\/buch\/30_minuten_gutes_coaching\/9783869369181\" target=\"_blank\" rel=\"noopener\">\u201e30 Minuten Gutes Coaching\u201c<\/a><\/strong>, ein Praxisheft aus dem Gabal-Verlag mit Antworten auf die h\u00e4ufigsten Fragen zu diesem Thema. Gerade weil ich selbst seit einiger Zeit in einer Coaching-Weiterbildung bin, fand ich diese Zusammenfassung sehr treffend und sicher anregend f\u00fcr Interessenten. G\u00fcnter Menne, lange Jahre Chef der \u00d6ffentlichkeitsabteilung im Stadtkirchenverband K\u00f6ln, kennt Kirche und Wohlfahrtsverb\u00e4nde in ihrer strategischen Ausrichtung, aber auch in ihren Alltagskonflikten. Ein anderer guter Freund, Thomas M\u00e4ule, Theologe, Seelsorger und Ethikberater in der Evangelischen Heimstiftung in Baden-W\u00fcrttemberg, hat mit Teresa A. K. Kaya ein Buch \u00fcber eine Pionierin der Diakonie und \u201eStuttgarter Jahrhundertfrau\u201c geschrieben:\u00a0<strong><a style=\"color: #2b6d07;\" href=\"https:\/\/www.dwi.uni-heidelberg.de\/forschung\/Kraut-Informationen.html\" target=\"_blank\" rel=\"noopener\">Dr.\u00a0Antonie Kraut (1905\u20132002). Eine Stuttgarter Pionierin und Gr\u00fcnderin der Evangelischen Heimstiftung<\/a><\/strong>.<\/p>\n<p><img loading=\"lazy\" decoding=\"async\" src=\"http:\/\/www.seele-und-sorge.de\/wp-content\/uploads\/2019\/04\/preis_06.jpg\" width=\"300\" height=\"232\" align=\"left\" hspace=\"10\" vspace=\"10\" \/><strong>Meine eigenen B\u00fccher<\/strong>\u00a0wurden zu meiner Freude gerade mit dem\u00a0<strong>Johann-Hinrich-Wichern-Sonderpreis<\/strong>\u00a0f\u00fcr diakonische Forschung\u00a0<strong><a style=\"color: #2b6d07;\" href=\"https:\/\/w.epd.de\/lwd\/2019\/04\/15\/4-5.htm\" target=\"_blank\" rel=\"noopener\">geehrt<\/a><\/strong>, weil sie, wie es in der Begr\u00fcndung hei\u00dft, \u201emit vitaler Vielfalt, theologischem Nachdenken und Nachf\u00fchlen zeitgem\u00e4\u00dfe Formen von Theologie, Diakonie und gelingendem menschlichen Zusammenleben substanziell und einladend zum Ausdruck\u201c bringen. Eine sch\u00f6ne Anerkennung, vielleicht aber auch Gelegenheit, die B\u00fccher noch einmal weiter zu empfehlen:<\/p>\n<p><a href=\"http:\/\/www.seele-und-sorge.de\/?page_id=3544\" target=\"_blank\" rel=\"noopener\"><img loading=\"lazy\" decoding=\"async\" class=\"alignnone wp-image-4286\" src=\"http:\/\/www.seele-und-sorge.de\/wp-content\/uploads\/2019\/04\/CoenenMarx-500px_neu-261x300-261x300.jpg\" alt=\"\" width=\"131\" height=\"150\" \/>\u00a0<\/a> <a href=\"http:\/\/www.seele-und-sorge.de\/?page_id=3542\" target=\"_blank\" rel=\"noopener\"><img loading=\"lazy\" decoding=\"async\" class=\"alignnone wp-image-4287\" src=\"http:\/\/www.seele-und-sorge.de\/wp-content\/uploads\/2019\/04\/cover-189x300-189x300.jpg\" alt=\"\" width=\"95\" height=\"150\" \/>\u00a0<\/a> <a href=\"http:\/\/www.seele-und-sorge.de\/?page_id=3540\" target=\"_blank\" rel=\"noopener\"><img loading=\"lazy\" decoding=\"async\" class=\"alignnone wp-image-4290\" src=\"http:\/\/www.seele-und-sorge.de\/wp-content\/uploads\/2019\/04\/Symphonie_Cover-200x300-200x300.jpg\" alt=\"\" width=\"100\" height=\"150\" \/><\/a><\/p>\n<p><strong>Beim \u00dcbergang in die dritte Lebens\u201eh\u00e4lfte\u201c ist das B\u00fccherschreiben eine produktive Unterbrechung \u2013 genauso wie das Reisen.<\/strong>\u00a0Zurzeit arbeite ich an einem neuen Buch \u00fcber die Wiederentdeckung von Gemeinschaft in der Singlegesellschaft. Dabei geht es genauso um Sorgende Gemeinschaften wie um Wahlverwandtschaften und Netzwerke, aber auch um die diakonischen Gemeinschaftstraditionen, die gerade gro\u00dfe Ver\u00e4nderungen erleben.<\/p>\n<p><img loading=\"lazy\" decoding=\"async\" src=\"http:\/\/www.seele-und-sorge.de\/wp-content\/uploads\/2019\/04\/Bruecke.jpg\" width=\"300\" height=\"200\" align=\"left\" hspace=\"10\" vspace=\"10\" \/>Was au\u00dfer Schreiben und Reisen sonst noch wichtig wird beim \u00dcbergang in den \u201eRuhestand\u201c und wie man den Weg dahin gestalten kann,\u00a0<strong>dazu biete ich bei \u201eSeele und Sorge\u201c\u00a0<a style=\"color: #2b6d07;\" href=\"http:\/\/www.seele-und-sorge.de\/?page_id=3664\" target=\"_blank\" rel=\"noopener\">Vortr\u00e4ge, Workshops und Seminartage an \u2013 in diakonischen Unternehmen und gern auch in Pastoralkollegs<\/a><\/strong>.\u00a0<strong>Neben Kunst und Kultur spielen dabei auch freiwilliges Engagement und zivilgesellschaftliche Netze eine Rolle<\/strong>. Dar\u00fcber spreche ich auch in meinem\u00a0<strong><a style=\"color: #2b6d07;\" href=\"http:\/\/www.seele-und-sorge.de\/?event=jubilaeum-initiative-55-plus-minus%20\" target=\"_blank\" rel=\"noopener\">Vortrag<\/a><\/strong>\u00a0am 13.\u00a0Mai in Nahst\u00e4tten bei Bad Ems, wo die Initiative 55 plus Jubil\u00e4um feiert:\u00a0<strong>\u201eAuf ein Neues \u2013 Junge Alte gestalten Zivilgesellschaft\u201c<\/strong>. \u201eWeil es Spa\u00df macht und uns allen nutzt \u2013 gemeinsam aktiv werden\u201c habe ich meinen Vortrag genannt.<\/p>\n<h3>Leben im Augenblick<\/h3>\n<p><img loading=\"lazy\" decoding=\"async\" src=\"http:\/\/www.seele-und-sorge.de\/wp-content\/uploads\/2019\/04\/Kirchentag.jpg\" width=\"300\" height=\"49\" align=\"left\" hspace=\"10\" vspace=\"10\" \/><strong>Sehen wir uns beim\u00a0<a style=\"color: #2b6d07;\" href=\"https:\/\/www.kirchentag.de\/\" target=\"_blank\" rel=\"noopener\">Kirchentag in Dortmund<\/a>? Auch da bin ich engagiert beim Thema \u00c4lterwerden \u2013 diesmal mit der Moderation eines\u00a0<a style=\"color: #2b6d07;\" href=\"https:\/\/www.kirchentag.de\/programm\/programmsuche\/#session\/370240101\/V.ALT-002%20\" target=\"_blank\" rel=\"noopener\">Podiums zur Arbeit der Zukunft<\/a>\u00a0<\/strong>am 20.\u00a0Juni<strong>\u00a0mit Stefan Sell, Margaret Heckel, Peter Hartz, Ulrich Lilie und Regine Neumann-Busies<\/strong>.<\/p>\n<p>Es kommt nicht drauf an, dem Leben Jahre zu geben, sondern den Jahren Leben, hei\u00dft ein bekanntes Sprichwort. Die Dichterin Rose Ausl\u00e4nder war da noch radikaler. Sie hat die Radikalit\u00e4t des Totenkopfs, des Memento mori, von dem ich eingangs gesprochen habe. Aber auch bei ihr ist es der erf\u00fcllte Augenblick, den sie preist:*<\/p>\n<h3>Der Moment<\/h3>\n<p><strong><span style=\"color: #e68e15;\"><em>Ich habe nichts als<\/em><\/span><\/strong><br \/>\n<strong><span style=\"color: #e68e15;\"><em>die Nacht aus<\/em><\/span><\/strong><br \/>\n<strong><span style=\"color: #e68e15;\"><em>100 x 100 Nebellichtjahren<\/p>\n<p><\/em><\/span><\/strong><strong><span style=\"color: #e68e15;\"><em>Ich habe nichts als<\/em><\/span><\/strong><br \/>\n<strong><span style=\"color: #e68e15;\"><em>die Stunde aus<\/em><\/span><\/strong><br \/>\n<strong><span style=\"color: #e68e15;\"><em>60 x 60 Sekunden<\/p>\n<p><\/em><\/span><\/strong><strong><span style=\"color: #e68e15;\"><em>Ich habe nichts als den Moment<\/p>\n<p><\/em><\/span><\/strong><strong><span style=\"color: #e68e15;\"><em>Der Moment ist meine Sch\u00f6pfung<\/em><\/span><\/strong><br \/>\n<strong><span style=\"color: #e68e15;\"><em>die Br\u00fccke von meinem<\/em><\/span><\/strong><br \/>\n<strong><span style=\"color: #e68e15;\"><em>Staubgeist zum Sterngeist<\/em><\/span><\/strong><br \/>\n<strong><span style=\"color: #e68e15;\"><em>Der Moment ist mein Fl\u00fcgel<\/em><\/span><\/strong><br \/>\n<strong><span style=\"color: #e68e15;\"><em>zum Fl\u00fcgel des n\u00e4chsten Moments<\/p>\n<p><\/em><\/span><\/strong><strong><span style=\"color: #e68e15;\"><em>Ich habe nichts als den Fl\u00fcgel<\/em><\/span><\/strong><br \/>\n<strong><span style=\"color: #e68e15;\"><em>Ich habe nichts als die Sch\u00f6pfung<\/em><\/span><\/strong><br \/>\n<strong><span style=\"color: #e68e15;\"><em>Ich habe nichts als den Moment<\/em><\/span><\/strong><\/p>\n<p>Den w\u00fcnsche ich Ihnen, diesen Augenblick, den Auferstehungsmoment, in dem das Leben siegt.<\/p>\n<p><a style=\"color: #2b6d07;\" href=\"https:\/\/www.diakonieverein.de\/\" target=\"_blank\" rel=\"noopener\"><img loading=\"lazy\" decoding=\"async\" src=\"http:\/\/www.seele-und-sorge.de\/wp-content\/uploads\/2019\/04\/kirche.jpg\" width=\"300\" height=\"340\" align=\"left\" hspace=\"10\" vspace=\"10\" \/><\/a>Falls Sie \u00fcber Ostern eine kleine St\u00e4dtereise unternehmen m\u00f6chten, empfehle ich Ihnen Leipzig, wo noch immer der gro\u00dfe Aufbruch sp\u00fcrbar ist. Vielleicht besuchen Sie dort das so sch\u00f6ne wie sympathische\u00a0<strong><a style=\"color: #2b6d07;\" href=\"https:\/\/www.philippus-leipzig.de\/hotel\/inklusion\/\" target=\"_blank\" rel=\"noopener\">Inklusionshotel Philippus<\/a><\/strong>, in dem auch eine der Stationen unserer Fortbildungsveranstaltung zu Caring Communitys stattfinden wird.<\/p>\n<p>Zu meinem Lekt\u00fcretipp f\u00fcr Ostern hat mich auch die Tagung in Graz inspiriert, es ist das Buch einer der Referentinnen:\u00a0<strong><a style=\"color: #2b6d07;\" href=\"https:\/\/www.chbeck.de\/guanzini-zaertlichkeit\/product\/26681294\" target=\"_blank\" rel=\"noopener\">Isabella Guanzini, Z\u00e4rtlichkeit. Eine Philosophie der sanften Macht<\/a><\/strong>. \u201eDenn\u00a0<strong>Z\u00e4rtlichkeit ist mehr als nur ein Wohlgef\u00fchl. Sie ist eine geistige Haltung, mit der wir sanft \u2013 und nicht durch H\u00e4rte \u2013 das eigentliche Potenzial des menschlichen Lebens freisetzen und uns zugleich aus der zerm\u00fcrbenden mentalen Ersch\u00f6pfung unserer Zeit befreien k\u00f6nnen.<\/strong>\u201c<\/p>\n<p>Manchmal m\u00fcssen wir dazu geweckt werden. Die Osterglocken k\u00f6nnen solch einen Weckton aussenden. Ganz sicher l\u00e4uten auch in M\u00fcnster die Osterglocken und die T\u00fcrmerin bl\u00e4st einen besonderen Gru\u00df. Im Januar, als ich dort war, habe ich sie geh\u00f6rt \u2013 und\u00a0<strong><a style=\"color: #2b6d07;\" href=\"https:\/\/tuermerinvonmuenster.de\/\" target=\"_blank\" rel=\"noopener\">Martje Salj\u00e9s tollen Blog<\/a><\/strong>\u00a0entdeckt. Sie finden den Blog auch beim St\u00f6bern auf meiner\u00a0<strong><a style=\"color: #2b6d07;\" href=\"http:\/\/www.seele-und-sorge.de\/?page_id=3164\" target=\"_blank\" rel=\"noopener\">Linkliste<\/a><\/strong>.<\/p>\n<p>Ich w\u00fcnsche Ihnen frohe Ostern! Und helles Osterglockenl\u00e4uten in den G\u00e4rten wie auf den T\u00fcrmen.<\/p>\n<\/div>\n<\/div>\n<\/div>\n<h3><strong style=\"color: #d48d0b; font-size: 16px;\">Ihre Cornelia Coenen-Marx<\/strong><\/h3>\n<table style=\"line-height: 18px; color: #666666; font-family: 'Helvetica Neue', Helvetica, Arial, sans-serif; font-size: 14px; height: 57px;\" width=\"281\" cellpadding=\"5\" align=\"center\">\n<tbody>\n<tr>\n<td style=\"text-align: center; vertical-align: top;\" align=\"center\" valign=\"top\"><span style=\"font-family: arial, helvetica, sans-serif; font-size: small;\"><a href=\"https:\/\/www.facebook.com\/seeleundsorge\/\" target=\"_blank\" rel=\"noopener noreferrer\"><img decoding=\"async\" src=\"http:\/\/www.seele-und-sorge.de\/wp-content\/uploads\/2016\/06\/facebook_s_kl.png\" alt=\"\" \/><\/a><\/span><\/td>\n<td style=\"text-align: center; vertical-align: top;\" align=\"center\" valign=\"top\"><span style=\"font-family: arial, helvetica, sans-serif; font-size: small;\"><a href=\"https:\/\/www.facebook.com\/cornelia.coenenmarx?fref=ts\"><img decoding=\"async\" src=\"http:\/\/www.seele-und-sorge.de\/wp-content\/plugins\/newsletter\/emails\/themes\/default\/images\/facebook.png\" alt=\"Facebook\" \/><\/a><\/span><\/td>\n<td style=\"text-align: center; vertical-align: top;\" align=\"center\" valign=\"top\"><span style=\"font-family: arial, helvetica, sans-serif; font-size: small;\"><a href=\"https:\/\/twitter.com\/coenen_marx\"><img decoding=\"async\" src=\"http:\/\/www.seele-und-sorge.de\/wp-content\/plugins\/newsletter\/emails\/themes\/default\/images\/twitter.png\" alt=\"\" \/><\/a><\/span><\/td>\n<td style=\"text-align: center; vertical-align: top;\" align=\"center\" valign=\"top\"><span style=\"font-size: small;\"><a href=\"https:\/\/www.linkedin.com\/in\/cornelia-coenen-marx-36b051ba\" target=\"_blank\" rel=\"noopener noreferrer\"><img decoding=\"async\" src=\"http:\/\/www.seele-und-sorge.de\/wp-content\/uploads\/2017\/02\/linkein-1.png\" alt=\"\" \/><\/a><\/span><\/td>\n<td style=\"text-align: center; vertical-align: top;\" align=\"center\" valign=\"top\"><span style=\"font-size: small;\"><a href=\"http:\/\/www.seele-und-sorge.de\" target=\"_blank\" rel=\"noopener noreferrer\"><img decoding=\"async\" src=\"http:\/\/www.seele-und-sorge.de\/wp-content\/uploads\/2017\/02\/webseite-1.png\" alt=\"\" \/><\/a><\/span><\/td>\n<td style=\"text-align: center; vertical-align: top;\" align=\"center\" valign=\"top\"><a href=\"https:\/\/de.wikipedia.org\/wiki\/Cornelia_Coenen-Marx\" target=\"_blank\" rel=\"noopener noreferrer\"><img loading=\"lazy\" decoding=\"async\" src=\"http:\/\/www.seele-und-sorge.de\/wp-content\/uploads\/2017\/04\/wiki_40.png\" width=\"33\" height=\"31\" \/><\/a><\/td>\n<\/tr>\n<\/tbody>\n<\/table>\n<div style=\"color: #888888; margin-top: 20px;\"><\/div>\n<div style=\"color: #888888; margin-top: 20px;\"><\/div>\n<div style=\"color: #888888; margin-top: 20px;\"><span style=\"font-family: arial, helvetica, sans-serif; font-size: small;\">Texte und Bilder, wo nicht anders angegeben \u00a9 Cornelia Coenen-Marx<\/span><\/div>\n","protected":false},"excerpt":{"rendered":"<p>Brennende Themen. Ideen, Inspirationen und Projekte aus Kirche und Diakonie THEMEN\u00dcBERSICHT IN DIESEM NEWSLETTER: MEMENTO MORI\u00a0\u2605\u00a0\u00a0DIGITALISIERUNG UND DIE SINGULARIT\u00c4T DES&#8230; <a href=\"https:\/\/www.seele-und-sorge.de\/?page_id=4316\">read more<\/a><\/p>\n","protected":false},"author":1,"featured_media":0,"parent":619,"menu_order":36,"comment_status":"closed","ping_status":"closed","template":"","meta":{"footnotes":""},"class_list":["post-4316","page","type-page","status-publish","hentry"],"_links":{"self":[{"href":"https:\/\/www.seele-und-sorge.de\/index.php?rest_route=\/wp\/v2\/pages\/4316"}],"collection":[{"href":"https:\/\/www.seele-und-sorge.de\/index.php?rest_route=\/wp\/v2\/pages"}],"about":[{"href":"https:\/\/www.seele-und-sorge.de\/index.php?rest_route=\/wp\/v2\/types\/page"}],"author":[{"embeddable":true,"href":"https:\/\/www.seele-und-sorge.de\/index.php?rest_route=\/wp\/v2\/users\/1"}],"replies":[{"embeddable":true,"href":"https:\/\/www.seele-und-sorge.de\/index.php?rest_route=%2Fwp%2Fv2%2Fcomments&post=4316"}],"version-history":[{"count":9,"href":"https:\/\/www.seele-und-sorge.de\/index.php?rest_route=\/wp\/v2\/pages\/4316\/revisions"}],"predecessor-version":[{"id":4516,"href":"https:\/\/www.seele-und-sorge.de\/index.php?rest_route=\/wp\/v2\/pages\/4316\/revisions\/4516"}],"up":[{"embeddable":true,"href":"https:\/\/www.seele-und-sorge.de\/index.php?rest_route=\/wp\/v2\/pages\/619"}],"wp:attachment":[{"href":"https:\/\/www.seele-und-sorge.de\/index.php?rest_route=%2Fwp%2Fv2%2Fmedia&parent=4316"}],"curies":[{"name":"wp","href":"https:\/\/api.w.org\/{rel}","templated":true}]}}