{"id":4218,"date":"2019-01-24T12:37:08","date_gmt":"2019-01-24T11:37:08","guid":{"rendered":"http:\/\/www.seele-und-sorge.de\/?page_id=4218"},"modified":"2026-02-26T19:42:42","modified_gmt":"2026-02-26T18:42:42","slug":"meine-leuchttuerme","status":"publish","type":"page","link":"https:\/\/www.seele-und-sorge.de\/?page_id=4218","title":{"rendered":"Inspirierende Orte"},"content":{"rendered":"<p><strong>Leuchtt\u00fcrme weisen von weitem den Weg. Besonders durchdachte und engagierte Projekte in unterschiedlichen Bereichen machen vor, wie Kirche und Diakonie ihre Potenziale f\u00fcr eine gerechtere Gesellschaft und ein lebendiges Miteinander einbringen k\u00f6nnen. Einige dieser Projekte, an denen ich zum Teil selbst mitwirken konnte, m\u00f6chte ich hier vorstellen.<\/strong><\/p>\n<hr \/>\n<h1><strong>Appen, Schleswig-Holstein<\/strong><\/h1>\n<p>Der <a href=\"http:\/\/www.schaeferhof-sh.de\" target=\"_blank\" rel=\"noopener noreferrer\"><strong>Sch\u00e4ferhof<\/strong><\/a>, eine alte Einrichtung der Wohnungslosenhilfe der Stiftung Hamburger Arbeiter-Kolonie etwa 25 Kilometer von Hamburg entfernt, ist ein gutes Beispiel f\u00fcr neue Entwicklungen in diesem Arbeitsfeld. Dort gibt es einen Reiterhof, ein Hofcaf\u00e9 und auch einen Friedhof f\u00fcr Wohnungslose. Wer mehr dar\u00fcber wissen will, findet in meinem Blog \u201eKraftorte\u201c ein <a href=\"http:\/\/www.seele-und-sorge.de\/?page_id=2368\"><strong>Interview mit dem bisherigen Leiter Reiner Adomat<\/strong><\/a>.<strong>\u00a0<\/strong><\/p>\n<hr \/>\n<h1><strong>Berlin<\/strong><\/h1>\n<h3 style=\"padding-left: 30px;\"><strong>Berlin-Charlottenburg<\/strong><\/h3>\n<p style=\"padding-left: 30px;\">In die<strong><a href=\"http:\/\/www.bahnhofsmission.de\/index.php?id=586&amp;L=0\" target=\"_blank\" rel=\"noopener noreferrer\"> Bahnhofsmission am Berliner Bahnhof Zoo<\/a> <\/strong>kann man kommen, um etwas zu essen zu bekommen und eine Weile im Warmen zu sitzen. Im Hygienebereich kann man duschen und sich auch die Haare schneiden lassen. Bei einer F\u00fchrung durch die R\u00e4ume wird deutlich, dass hinter diesem Angebot ein gro\u00dfes Netzwerk steht: Eine alte Dame ist der Einrichtung seit Jahren verbunden und spendet Schlafs\u00e4cke. Gesch\u00e4fte und Privatpersonen bringen Essen und Kleidung. Die Bundesbahn hat den Duschraum mit finanziert. Dieter Puhl, der langj\u00e4hrige Leiter der Einrichtung, hat auch <a href=\"https:\/\/www.facebook.com\/kaeltebusberlin\" target=\"_blank\" rel=\"noopener noreferrer\"><strong>online<\/strong><\/a>\u00a0ein Netzwerk errichtet und fragt dort, ob jemand Lust hat, f\u00fcr den K\u00e4ltebus etwas zu kochen oder zu backen. Und regelm\u00e4\u00dfig postet er, wenn einer, der auf der Stra\u00dfe gelebt hat, gestorben ist. Und erinnert an sein Leben und seine Pers\u00f6nlichkeit.<\/p>\n<h2 style=\"padding-left: 30px;\">__________________<\/h2>\n<h3 style=\"padding-left: 30px;\"><strong>Berlin-Mitte<\/strong><\/h3>\n<p style=\"padding-left: 30px;\">Mein Lieblingshotel in Berlin: Der<a href=\"https:\/\/www.hotel-albrechtshof.de\/\" target=\"_blank\" rel=\"noopener noreferrer\"><strong> Albrechtshof der Berliner Stadtmission<\/strong><\/a>, gleich am S-Bahnhof Friedrichstra\u00dfe. W\u00e4hrend der deutschen Teilung war Martin-Luther King hier zu Besuch, nach dem bis heute die Kapelle unten im Haus hei\u00dft. Das Restaurant ALvis bietet jahreszeitliche Besonderheiten. Das Haus mit gro\u00dfer Tradition strahlt eine ruhige, freundliche Atmosph\u00e4re aus \u2013 man f\u00fchlt sich schnell zu Hause.<\/p>\n<p style=\"padding-left: 30px;\">Zur Stadtmission geh\u00f6rt auch<strong> das Jugendg\u00e4stehaus am Berliner Hauptbahnhof: <\/strong>Gastlichkeit f\u00fcr jedermann. Schlicht, praktisch und gut gepflegt mit funktionalen Sitzungs- und Tagungsr\u00e4umen.<\/p>\n<p>______<br \/><img loading=\"lazy\" decoding=\"async\" src=\"https:\/\/www.seele-und-sorge.de\/wp-content\/uploads\/2023\/08\/Gedenktafel_Ziegelstr_30_Mitte_Zentraler_Runder_Tisch_der_DDR.jpg\" width=\"150\" height=\"213\" align=\"left\" hspace=\"10\" vspace=\"10\" \/><\/p>\n<p style=\"padding-left: 40px;\">In Berlin-Mitte befindet sich das\u00a0<strong><a href=\"https:\/\/www.hotel-dietrich-bonhoeffer.de\/\" target=\"_blank\" rel=\"noopener\">Dietrich-Bonhoeffer-Haus \u2013 ein exzellentes Tagungshotel<\/a><\/strong>\u00a0in zentraler Lage hinter dem Friedrichstadtpalast. Das Geb\u00e4ude wurde 1985\/86 als Verwaltungsgeb\u00e4ude und Begegnungszentrum des Bundes der Evangelischen Kirchen in der DDR errichtet und nach Bonhoeffer benannt. Ab Dezember 1989 fanden hier die ersten Treffen des Runden Tischs mit Vertreter:innen der DDR-Regierung und der Opposition statt, der so wesentlich zum Erfolg der friedlichen Revolution beigetragen hat \u2013 sicherlich im Sinne Dietrich Bonhoeffers. Auf der Gedenktafel vor dem Haus steht: \u201eDas friedliche Ende der deutschen Teilung nahm in diesem Haus der Kirche in einem gewaltlos erzwungenen Dialog zum Abbau von Willk\u00fcr und Aufbau von Demokratie am Zentralen Runden Tisch der DDR einen Anfang.\u201c\u00a0<\/p>\n<h2 style=\"padding-left: 30px;\">__________________<\/h2>\n<h3 style=\"padding-left: 30px;\"><strong>Berlin-Neuk\u00f6lln<\/strong><\/h3>\n<p style=\"padding-left: 30px;\"><strong><a href=\"https:\/\/www.refugio.berlin\/\" target=\"_blank\" rel=\"noopener noreferrer\">Refugio<\/a>: \u201e<\/strong>Jeder Mensch ist einzigartig und kostbar, darum f\u00f6rdern wir uns gegenseitig in unseren F\u00e4higkeiten und Talenten. Wir helfen nicht, wir unterst\u00fctzen einander auf Augenh\u00f6he, denn keiner ist besser als der oder die andere, und nur im Teilen sind wir wirklich reich.\u201c Das ist der Sharehausgedanke. In dem sch\u00f6nen, hundertj\u00e4hrigen Sharehaus Refugio in Neuk\u00f6lln leben und arbeiten auf f\u00fcnf Etagen Menschen zusammen, die ihre Heimat verloren haben oder verlassen mussten oder die nach neuem Leben in Gemeinschaft suchen. Menschen aus Syrien, Somalia, England und Deutschland, aus Schweden, Afghanistan oder der T\u00fcrkei. Das Refugio ist eine Wohn- und Arbeitsgemeinschaft auf Zeit. Es geht nicht nur um die Integration von Gefl\u00fcchteten, es geht um einen neuen Lebensstil. Das Sharehaus versteht sich als Teil eines Netzwerks, als Coworking-Space und soziales Unternehmen \u2013 refinanziert durch Vermietung von R\u00e4umen, Catering, Konferenzen und Spenden. \u201eIch habe hier im Refugio gelernt, wie man tief leben kann\u201c, schreibt auch Esra im <strong><a href=\"https:\/\/refugioberlin.wordpress.com\/2016\/10\/10\/was-uns-bewegt\/\" target=\"_blank\" rel=\"noopener noreferrer\">Sharehouse-Blog<\/a><\/strong>. \u201eDas bedeutet f\u00fcr mich, wie man alle akzeptieren kann. Wir haben auf dieser Welt genug Platz. Wir sollen keine Angst vor anderen haben und vor uns selbst auch nicht. Wir sind alle auf der Flucht \u2013 auf der Flucht auch vor uns selbst. Teil deine Liebe mit allen.\u201c<\/p>\n<h2 style=\"padding-left: 30px;\">__________________<\/h2>\n<h3 style=\"padding-left: 30px;\"><strong>Berlin-Spandau<\/strong><\/h3>\n<p style=\"padding-left: 30px;\">Frisch renoviert ist das<strong><a href=\"https:\/\/www.hotel-christophorus.com\/\" target=\"_blank\" rel=\"noopener noreferrer\"> Hotel Christophorus<\/a>\u00a0<\/strong>im Park des Johannesstifts. Hotelzimmer, Tagungsr\u00e4ume und Catering sind auf der H\u00f6he der Zeit, im sch\u00f6nen Schwimmbad kann man die festgesessenen Glieder wieder in Bewegung bringen. Dazu ist der Betrieb inklusiv \u2013 ganz der Tatsache angemessen, dass das Johannesstift auch Dienste f\u00fcr und mit Menschen mit Behinderung beherbergt. Die Fantasie des inklusiven Teams hat den Tagungsr\u00e4umen ihre Namen gegeben \u2026 Lassen Sie sich \u00fcberraschen.<\/p>\n<h2 style=\"padding-left: 30px;\">__________________<\/h2>\n<h3 style=\"padding-left: 30px;\"><strong>Berlin-Westend<\/strong><\/h3>\n<p style=\"padding-left: 40px;\"><strong>In Berlin erinnern (mindestens) zwei H\u00e4user an den Theologen und Widerstandsk\u00e4mpfer Dietrich Bonhoeffer.<\/strong>\u00a0Im Stadtteil Berlin-Westend steht das Haus, das seine Eltern sich 1935 als Alterssitz hatten errichten lassen und wo Dietrich Bonhoeffer ein Mansardenzimmer als Arbeitszimmer nutzte, wenn er in der Stadt war. Das Haus wurde zum Ort des Widerstands gegen den Nationalsozialismus. Der engagierte Verein, der es heute als\u00a0<strong><a href=\"https:\/\/www.bonhoeffer-haus-berlin.de\/\" target=\"_blank\" rel=\"noopener\">Erinnerungs- und Begegnungsst\u00e4tte<\/a><\/strong>\u00a0in Tr\u00e4gerschaft der Kirche Berlin-Brandenburg Schlesische Oberlausitz zug\u00e4nglich macht,\u00a0<strong><a href=\"https:\/\/www.bonhoeffer-haus-berlin.de\/geschichte\/\" target=\"_blank\" rel=\"noopener\">gibt auf seiner Website einige Worte Bonhoeffers wieder:<\/a><\/strong>\u00a0\u201e\u2018Was ein Haus bedeuten kann, ist heute bei den meisten in Vergessenheit geraten, uns anderen aber ist es gerade in unserer Zeit besonders klar geworden. Es ist mitten in der Welt ein Reich f\u00fcr sich, eine Burg im Sturm der Zeit, eine Zuflucht, ja ein Heiligtum\u2018, und er beschreibt im Taufbrief an den Gro\u00dfneffen sein eigenes Verh\u00e4ltnis zu diesem Haus: Er sei \u201abem\u00fcht, sich \u00fcberall in dem Geist zu bew\u00e4hren \u2013 so wie er ihn versteht \u2013 den er im Haus seiner Eltern, Deiner Urgro\u00dfeltern verk\u00f6rpert\u2018 sieht.\u201c\u00a0 \u00a0<\/p>\n<h2 style=\"padding-left: 30px;\">__________________<\/h2>\n<h3 style=\"padding-left: 30px;\"><strong>Berlin-Zehlendorf<\/strong><\/h3>\n<p style=\"padding-left: 30px;\">Im herrlichen Park des Evangelischen Diakonievereins Zehlendorf liegen <a href=\"http:\/\/www.diakonieverein.de\/gast\/\" target=\"_blank\" rel=\"noopener noreferrer\"><strong>das Heimathaus und das Van-Delden-Haus<\/strong><\/a>. Die Zimmer im Heimathaus sind urspr\u00fcngliche Schwesternzimmer der Zehlendorfer Schwesternschaft f\u00fcr die Zeiten der Ausbildung. Das Haus dient ebenso wie das Van-Delden-Haus bis heute auch als G\u00e4stehaus f\u00fcr die vielf\u00e4ltigen Bildungsangebote des Kompetenzzentrums Bildung, das vor allem Pflegende im Blick hat. Sch\u00f6n in den G\u00e4stezimmern: die Mischung aus alten und neuen M\u00f6belst\u00fccken.<\/p>\n<hr \/>\n<h1><strong>Bielefeld<\/strong><\/h1>\n<p>Restaurant<a href=\"https:\/\/www.glueckundseligkeit.de\/glueckundseligkeit.html\" target=\"_blank\" rel=\"noopener noreferrer\"><strong> GL\u00dcCKUNDSELIGKEIT<\/strong><\/a><strong>: <\/strong>W\u00e4hrend man in diesem eleganten Restaurant eine Bowl oder ein Chutney genie\u00dft, schm\u00fcckt ein bunter Lichteinfall unter der hohen Decke den Tisch. Das Restaurant ist eine ehemalige Kirche \u2013 geschmackvoll eingerichtet und ganz nah an dem, was der Raum schon immer verhie\u00df: gute, offene und nachdenkliche Kommunikation, ein gemeinschaftliches Miteinander, Tischgemeinschaft \u2013 und echte Qualit\u00e4t bei den Inhalten.<\/p>\n<hr \/>\n<h1><strong>Bonn<\/strong><\/h1>\n<h2><a href=\"https:\/\/www.seele-und-sorge.de\/wp-content\/uploads\/2022\/10\/Haus-Venusberg-Kapelle_kl.jpg\"><img loading=\"lazy\" decoding=\"async\" class=\"alignleft wp-image-7049 size-full\" src=\"https:\/\/www.seele-und-sorge.de\/wp-content\/uploads\/2022\/10\/Haus-Venusberg-Kapelle_kl.jpg\" alt=\"\" width=\"150\" height=\"156\" \/><\/a><\/h2>\n<p><strong><a href=\"https:\/\/jugendpastoral.erzbistum-koeln.de\/haus-venusberg\/\" target=\"_blank\" rel=\"noopener\">Haus Venusberg<\/a><\/strong>\u00a0liegt auf dem gleichnamigen Berg in Bonn. Es ist eine Begegnungsst\u00e4tte f\u00fcr junge Menschen aller Kulturen und Religionen. Das Team hier bietet an, notfalls beim Anz\u00fcnden des Lagerfeuers zu helfen oder besonders unheimliche Wege im dortigen Kottenforst f\u00fcr die Nachtwanderung zu verraten!<\/p>\n<p><span style=\"color: #ffffff;\">.<\/span><\/p>\n<hr \/>\n<h1><strong>Breklum, Nordfriesland<\/strong><\/h1>\n<p>Das <a href=\"https:\/\/christianjensenkolleg.de\/\"><strong>Christian Jensen Kolleg<\/strong><\/a> ist einer dieser ruhigen, inspirierenden Orte, an denen man ihre bewegte Geschichte zu sp\u00fcren meint \u2013 und wo man vielleicht gerade deswegen einander auf einer tieferen Ebene begegnen kann. Nachdem er zum Hauptpastor der dortigen Gemeinde berufen worden war, kaufte der Theologe Christian Jensen 1876 ein dortiges Bauernhaus und richtete darin ein Missionszentrum ein, dessen Arbeit von Anfang an auch im Zeichen der sozialen Verantwortung stand. In der Zeit des Nationalsozialismus galt Breklum als wichtiger Ort der Bekennenden Kirche. 2005 wurde hier ein \u00f6kumenisches Tagungs- und Begegnungszentrum f\u00fcr Kirche und Gesellschaft eingerichtet.<\/p>\n<hr \/>\n<h1><strong>Butzbach<\/strong><\/h1>\n<p>Empfehlen m\u00f6chte ich auch das <a href=\"https:\/\/www.johanniterhotel.de\/tagungshotel-hessen-wetterau.html\" target=\"_blank\" rel=\"noopener\"><strong>Johanniterhotel in Butzbach<\/strong><\/a>, wo ich zu einem Pastoralkolleg zum Thema \u201e\u00dcbergang in den Ruhestand\u201c beitragen konnte. Das Haus hat gro\u00dfe Kapazit\u00e4ten an Gruppenr\u00e4umen und Zimmern, eine gute K\u00fcche und freundlichen Service. Und nicht zuletzt gibt die Lage im Gr\u00fcnen wunderbare Gelegenheiten f\u00fcr den Austausch bei Spazierg\u00e4ngen.<\/p>\n<hr \/>\n<h1><strong>D\u00fcsseldorf-Kaiserswerth<\/strong><\/h1>\n<h2><a href=\"http:\/\/www.seele-und-sorge.de\/wp-content\/uploads\/2015\/02\/Mutterhaus_1.jpg\"><img loading=\"lazy\" decoding=\"async\" class=\"alignnone size-full wp-image-291\" src=\"http:\/\/www.seele-und-sorge.de\/wp-content\/uploads\/2015\/02\/Mutterhaus_1.jpg\" alt=\"Mutterhaus_1\" width=\"295\" height=\"150\" \/><\/a><\/h2>\n<h3><strong><a href=\"http:\/\/www.hotel-mutterhaus.de\/\" target=\"_blank\" rel=\"noopener noreferrer\">Das MutterHaus \u2013 das andere Hotel in D\u00fcsseldorf<\/a><br \/><\/strong><\/h3>\n<p><strong>Behaglichkeit und Komfort<\/strong><\/p>\n<p>Das MutterHaus ist kein Hotel wie jedes andere.<br \/>Das l\u00e4sst sich schon an seinem au\u00dfergew\u00f6hnlichen Namen erkennen.<\/p>\n<p>Das \u201eMutterhaus&#8220; wurde 1903 als Zentrum der Kaiserswerther\u2028Diakonissengemeinschaft eingeweiht.\u2028Nach einer umfassenden Renovierung finden Sie hier heute 55 Zimmer und 6 Konferenzr\u00e4ume\/S\u00e4le.\u2028 Mitten in einem idyllischen Park gelegen erm\u00f6glicht\u00a0das MutterHaus\u00a0Ruhe und Konzentration in einem\u2028au\u00dfergew\u00f6hnlichen Ambiente, bietet jedoch auch die\u2028schnelle Erreichbarkeit von Messe, Flughafen und Innenstadt.<\/p>\n<p><strong>Das MutterHaus\u2028Hotel<br \/><\/strong>und Tagungszentrum GmbH<br \/>Geschwister-Aufricht-Stra\u00dfe 1<br \/>40489 D\u00fcsseldorf<br \/>Telefon: 0211-61727-0<br \/>Telefax: 0211-61727-1504<\/p>\n<hr \/>\n<h1><strong>Dornbirn in Vorarlberg<\/strong><\/h1>\n<p><strong><a href=\"https:\/\/www.seele-und-sorge.de\/wp-content\/uploads\/2022\/06\/Cafe\u0301-21-Dornbirn-scaled.jpg\"><img loading=\"lazy\" decoding=\"async\" class=\"alignleft wp-image-6896 size-thumbnail\" src=\"https:\/\/www.seele-und-sorge.de\/wp-content\/uploads\/2022\/06\/Cafe\u0301-21-Dornbirn-150x150.jpg\" alt=\"\" width=\"150\" height=\"150\" \/><\/a><\/strong>Falls Sie mal in Dornbirn in Vorarlberg sind, sollten Sie das <strong><a href=\"https:\/\/www.cafe21.at\/home\/cafe-21\/\" target=\"_blank\" rel=\"noopener\">Caf\u00e9 21<\/a><\/strong>\u00a0besuchen. Wir k\u00f6nnten einen ganzen Monat lang t\u00e4glich dorthin gehen und f\u00e4nden immer etwas Neues, Begeisterndes f\u00fcr jeden, fand mein Mann!<\/p>\n<p><span style=\"color: #ffffff;\">.<\/span><\/p>\n<p><span style=\"color: #ffffff;\">.<\/span><\/p>\n<p><span style=\"color: #ffffff;\">.<\/span><\/p>\n<hr \/>\n<h1><strong>Erfurt<\/strong><\/h1>\n<p><strong><a href=\"https:\/\/juedisches-leben.erfurt.de\/jl\/de\/mittelalter\/alte_synagoge\/index.html\" target=\"_blank\" rel=\"noopener\">Die alte Synagoge in Erfurt<\/a><\/strong>\u00a0ist eine der \u00e4ltesten noch erhaltenen Synagogen Europas. Ein schlichter Bau aus dem 11. Jahrhundert, an dem sich doch viel \u00fcber die Geschichte von J\u00fcd*innen in Erfurt ablesen l\u00e4sst. Im letzten Jahr reichte die Stadt bei der UNESCO den Antrag ein, ihr j\u00fcdisches Erbe in die Liste des Weltkulturerbes aufzunehmen. In diesem Sommer wird dar\u00fcber entschieden. Das Max Weber Kolleg an der Universit\u00e4t Erfurt hat in seinem Projekt Erfurt. <a href=\"https:\/\/projekte.uni-erfurt.de\/maxweberkolleg\/2021\/01\/07\/erfurt-the-blue-city\/\" target=\"_blank\" rel=\"noopener\"><strong>The Blue City<\/strong><\/a>\u00a0ein sehr sch\u00f6nes Buch herausgebracht, das der wechselseitigen Formierung von Religion und Urbanit\u00e4t in der Stadt nachgeht. Es wird gut nachvollziehbar, dass Erfurt im Mittelalter zu den herausragenden Metropolen Europas geh\u00f6rte. <strong><a href=\"https:\/\/www.academia.edu\/45011819\/Erfurt_The_Blue_City_Die_blaue_Stadt_bilingual_\" target=\"_blank\" rel=\"noopener\">Hier<\/a><\/strong>\u00a0l\u00e4sst es sich als PDF nachlesen. Blau hei\u00dft Erfurt \u00fcbrigens wegen des F\u00e4rberkrauts, Waid, das dort angebaut wurde und mit dessen Handel die Stadt zu ihrem Reichtum kam. Noch heute gilt Erfurt als Blumen- und Gartenbaustadt.<\/p>\n<hr \/>\n<h1><strong>Ganderkesee<\/strong><\/h1>\n<p><img loading=\"lazy\" decoding=\"async\" src=\"https:\/\/www.seele-und-sorge.de\/wp-content\/uploads\/2023\/08\/luther.jpg\" width=\"150\" height=\"150\" align=\"left\" hspace=\"10\" vspace=\"10\" \/><\/p>\n<p>Zwischen Bremen und Oldenburg, in dem kleinen Ort Ganderkesee, steht das\u00a0<strong><a href=\"https:\/\/www.diakoniekonvent.de\/\" target=\"_blank\" rel=\"noopener\">Lutherstift Falkenburg<\/a><\/strong>. Die Mitglieder des Diakoniekonvents stammen aus unterschiedlichen Lebens- und Berufszusammenh\u00e4ngen und bringen sich mit ihren Gaben in der gesamten Region ein. Der Konvent ist f\u00fcr sie eine geistliche Gemeinschaft, \u201ein der wir auf die biblischen Verhei\u00dfungen h\u00f6ren, uns der Gegenwart Gottes vergewissern, unsere Aufgabenfelder bedenken, gemeinsames Handeln verabreden und uns auf unserem pers\u00f6nlichen Lebensweg begleiten\u201c. Die Konventsmitglieder sowie Mitarbeitende aus Kirche und Diakonie k\u00f6nnen in den G\u00e4stezimmern der wundersch\u00f6nen Anlage \u00fcbernachten: f\u00fcr Zeiten intensiver Arbeit, des Nachdenkens oder einfach f\u00fcr eine Auszeit.<\/p>\n<hr \/>\n<h1><strong>Gedenkst\u00e4tte Esterwegen<\/strong><\/h1>\n<p><strong><a href=\"https:\/\/www.seele-und-sorge.de\/wp-content\/uploads\/2022\/06\/Dokumentationszentrum-Esterwegen-scaled.jpg\"><img loading=\"lazy\" decoding=\"async\" class=\"alignleft wp-image-6897 size-thumbnail\" src=\"https:\/\/www.seele-und-sorge.de\/wp-content\/uploads\/2022\/06\/Dokumentationszentrum-Esterwegen-150x150.jpg\" alt=\"\" width=\"150\" height=\"150\" \/><\/a><\/strong>Die Gedenkst\u00e4tte Esterwegen im Emsland erinnert an die dortigen Lager, in denen die Nazis vor allem Menschen aus dem politischen Widerstand gefangen hielten, sie f\u00fcr die Arbeit im Moor und sp\u00e4ter in sogenannten kriegswichtigen Betrieben ausbeuteten und misshandelten. Zwischen 1934 und 1936 war Esterwegen das zweitgr\u00f6\u00dfte KZ in Deutschland nach Dachau, sp\u00e4ter wurde es Strafgefangenenlager. In der sehr durchdacht gestalteten Gedenkst\u00e4tte l\u00e4sst sich beispielsweise der groteske Gegensatz zwischen den Vergn\u00fcgungseinrichtungen der dortigen Offiziere und den Unterk\u00fcnften f\u00fcr die Gefangenen beobachten. Auch die <a href=\"https:\/\/www.gedenkstaette-esterwegen.de\/\" target=\"_blank\" rel=\"noopener\">Website des Ortes<\/a>\u00a0 ist sehr gut aufbereitet.<\/p>\n<hr \/>\n<h1><strong>Filderstadt<\/strong><\/h1>\n<p>\u201eWeite erleben\u201c ist das sehr passende Motto des <a href=\"https:\/\/www.bernhaeuser-forst.de\/\" target=\"_blank\" rel=\"noopener noreferrer\"><strong>Bernh\u00e4user Forsts<\/strong><\/a>, eines Tagungshauses in der wundersch\u00f6nen Landschaft in der N\u00e4he von Stuttgart. Es ist eine Einrichtung in einfachem, aber gediegenem Jugendherbergsstil, dazu gibt es sehr gut ausgestattete Tagungsr\u00e4ume mit allen Medien, ein Caf\u00e9-Bistro als Treffpunkt im Eingangsbereich und ein gutes Restaurant. Das Haus eignet sich sehr gut f\u00fcr Gruppenfortbildungen.<\/p>\n<hr \/>\n<h1><strong>Frankfurt am Main<\/strong><\/h1>\n<p>Das Frankfurter\u00a0<a href=\"https:\/\/www.diakonisse.de\/\" target=\"_blank\" rel=\"noopener noreferrer\"><strong>Diakonissenhaus <\/strong><\/a> ist eine Oase mitten in der lauten Stadt. Trotz vieler auch institutioneller Umstrukturierungen hat das Gel\u00e4nde an der Cronstettenstra\u00dfe seine Anziehungskraft nicht verloren, im Gegenteil. Neu gebaut, licht und offen ist das Tagungszentrum, stilvoll und freundlich das G\u00e4stehaus. Die inzwischen klein gewordene Gruppe der Diakonissen bietet Tage der Stille an, f\u00f6rdert im Rahmen ihrer Quartiersarbeit Ehrenamtliche und Demenzbegleiter, bietet diakonische Praktika an und hilft so, den diakonischen Blick zu schulen.<\/p>\n<h2 style=\"padding-left: 40px;\">__________________<\/h2>\n<h3 style=\"padding-left: 40px;\"><strong>Romantik-Museum<\/strong><\/h3>\n<p style=\"padding-left: 40px;\">Es ist inspirierend, sich klarzumachen, wie gro\u00df und vielf\u00e4ltig das Netzwerk von Schriftsteller*innen und K\u00fcnstler*innen in der Zeit der Romantik war. Das <strong>Romantik-Museum in Frankfurt am Main <\/strong>l\u00e4dt hier zu einigen Entdeckungen ein. Schauen Sie sich doch auch einfach mal auf der <a href=\"https:\/\/deutsches-romantik-museum.de\/\" target=\"_blank\" rel=\"noopener\"><strong>sehr ansprechenden Website<\/strong><\/a> des Museums um.<\/p>\n<hr \/>\n<h1><strong>Gorleben<\/strong><\/h1>\n<p><a href=\"https:\/\/www.seele-und-sorge.de\/wp-content\/uploads\/2021\/04\/Gorleben-Bleibet.jpg\"><img loading=\"lazy\" decoding=\"async\" class=\"alignleft wp-image-6010 size-thumbnail\" src=\"https:\/\/www.seele-und-sorge.de\/wp-content\/uploads\/2021\/04\/Gorleben-Bleibet-150x150.jpg\" alt=\"\" width=\"150\" height=\"150\" \/><\/a>Der Gebetsplatz im Wald, wo sich seit rund drei\u00dfig Jahren an jedem Sonntag Menschen versammeln, um Kraft zu sch\u00f6pfen, ist tats\u00e4chlich ein spiritueller Ort. Hier sammelten sich Menschen im Widerstand gegen das Atomm\u00fcllendlager und hier sind auch all die anderen Stellen pr\u00e4sent, an denen unsere Sch\u00f6pfung leidet \u2013 unter unserem Energiebedarf, unserer Wachstumsgl\u00e4ubigkeit. Gemeinsam mit Martina Lammers habe ich hier schon \u00f6fter das Gorlebener Gebet gestaltet. Und kehre immer wieder gern an diesen Ort zur\u00fcck.<\/p>\n<hr \/>\n<h1><strong>Hamburg<\/strong><\/h1>\n<h3 style=\"padding-left: 30px;\"><strong><a href=\"https:\/\/fluchtpunkt-hamburg.de\/\" target=\"_blank\" rel=\"noopener noreferrer\">Fluchtpunkt<\/a><\/strong><\/h3>\n<p style=\"padding-left: 30px;\"><a href=\"http:\/\/www.seele-und-sorge.de\/wp-content\/uploads\/2015\/02\/fluchtpunkt_logo.png\"><img loading=\"lazy\" decoding=\"async\" class=\"alignnone size-full wp-image-316 alignleft\" src=\"http:\/\/www.seele-und-sorge.de\/wp-content\/uploads\/2015\/02\/fluchtpunkt_logo.png\" alt=\"fluchtpunkt_logo\" width=\"160\" height=\"122\" \/><\/a>Boubacar aus Guinea floh im Alter von 17 Jahren, \u00fcber Senegal und Frankreich nach Hamburg. Sein Vater war beim sog. Stadionmassaker ums Leben gekommen. An diesem Tag umstellte das Milit\u00e4r eine Kundgebung der Opposition im Stadion von Conakry, drang in das vollbesetzte Stadion vor und richtete dort ein Blutbad an. Mindestens 157 Menschen wurden get\u00f6tet, unz\u00e4hlige verletzt, Frauen vergewaltigt. Boubacar selbst \u00fcberlebte mit ernsten Verwundungen, verletzte einen Milizion\u00e4r in Notwehr und wurde von Freunden der Eltern versteckt, bis er fliehen konnte.<\/p>\n<p style=\"padding-left: 30px;\">Im Gespr\u00e4ch fiel auf, dass Boubacar durch seine Erlebnisse erheblichen psychischen Schaden genommen hat. Wir vermittelten ihn an die Ambulanz f\u00fcr Fl\u00fcchtlingskinder und ihre Familien im Universit\u00e4tskrankenhaus Eppendorf, wo eine Posttraumatische Belastungsst\u00f6rung diagnostiziert wurde und seitdem behandelt wird.<\/p>\n<p style=\"padding-left: 30px;\">Sein Asylantrag wurde vom Bundesamt jedoch abgelehnt. Es sei keine gezielte Verfolgung des Antragstellers ersichtlich, sollte er wegen der Verletzung des Milizion\u00e4rs belangt werden, sei dies eine beh\u00f6rdliche Reaktion, die nicht \u00fcber das f\u00fcr alle B\u00fcrger \u00fcbliche Ma\u00df an Sanktionen hinausgehe und auch sonst seien keine Gr\u00fcnde f\u00fcr die Anerkennung als Fl\u00fcchtling ersichtlich. Auch als Minderj\u00e4hriger ohne aufnahmef\u00e4hige Familie drohe ihm bei einer R\u00fcckkehr keine Gefahr.<\/p>\n<p style=\"text-align: left; padding-left: 30px;\">Wir haben gegen diese Entscheidung Klage eingelegt und das Bundesamt hat in der m\u00fcndlichen Verhandlung vor dem Verwaltungsgericht mitgeteilt, dass nun doch ein Abschiebungsverbot festgestellt werden wird.<\/p>\n<p style=\"text-align: left; padding-left: 30px;\">Die kirchliche Hilfsstelle f\u00fcr Fl\u00fcchtlinge, fluchtpunkt, arbeitet f\u00fcr den Schutz von Menschen, die vor politischer Verfolgung, Folter, Krieg und Vertreibung geflohen sind. Wir k\u00e4mpfen f\u00fcr faire Asylverfahren und die Einhaltung<\/p>\n<p style=\"padding-left: 30px;\">der Genfer Fl\u00fcchtlingskonvention,<br \/>der Kinderrechtskonvention<br \/>und der Grundrechte<br \/>f\u00fcr Fl\u00fcchtlinge und Fl\u00fcchtlingskinder.<\/p>\n<p style=\"text-align: left; padding-left: 30px;\">Speziell minderj\u00e4hrige unbegleitete Fl\u00fcchtlinge, deren Zahl in den letzten Jahren in Hamburg best\u00e4ndig gestiegen ist, befinden sich der nach Ankunft in Hamburg in einer besonders prek\u00e4ren Lage, in der die Jugendhilfe sich leider stark \u00fcberfordert zeigt. Neben den sog. Lampedusa-Fl\u00fcchtlingen, gilt diesen oft schwer traumatisierten Jugendlichen deshalb aktuell unsere besondere Aufmerksamkeit.<\/p>\n<p style=\"text-align: left; padding-left: 30px;\">Vergleichbare Angebote existieren im Gebiet der Nordkirche nicht. Da wir keine Mittel des Landes oder des Bundes erhalten, k\u00f6nnen wir als einzige professionelle Stelle Rechtshilfe frei von politischer Einflussnahme anbieten, sind daf\u00fcr aber dringend auf Spenden angewiesen.<\/p>\n<p style=\"text-align: left; padding-left: 30px;\">Weitere Informationen und Fallbeispiele geben wir Ihnen gern. Ihre Ansprechpartnerin ist Anne Harms (Tel.: 040\/432 500 80).<\/p>\n<p style=\"text-align: left; padding-left: 30px;\">Die Kollekte erbitten wir auf folgendes Konto:<\/p>\n<p style=\"text-align: left; padding-left: 30px;\"><strong>Kontoinhaber: \u00a0\u00a0\u00a0\u00a0 fluchtpunkt<br \/>IBAN:\u00a0 \u00a0 \u00a0 \u00a0 \u00a0 \u00a0 \u00a0 \u00a0 \u00a0 \u00a0 \u00a0 \u00a0DE51 2106 0237 0027 2434 00<br \/>BIC:\u00a0 \u00a0 \u00a0 \u00a0 \u00a0 \u00a0 \u00a0 \u00a0 \u00a0 \u00a0 \u00a0 \u00a0 \u00a0 GENODEF1EDG<\/strong><\/p>\n<h2 style=\"padding-left: 30px;\">__________________<\/h2>\n<p style=\"padding-left: 30px;\"><a href=\"http:\/\/www.seele-und-sorge.de\/wp-content\/uploads\/2015\/02\/image001.gif\"><img loading=\"lazy\" decoding=\"async\" class=\"alignnone wp-image-725 size-medium\" src=\"http:\/\/www.seele-und-sorge.de\/wp-content\/uploads\/2015\/02\/image001-300x167.gif\" alt=\"image001\" width=\"300\" height=\"167\" \/><\/a><\/p>\n<h3 style=\"padding-left: 30px;\"><a href=\"http:\/\/www.oekumenisches-forum-hafencity.de\" target=\"_blank\" rel=\"noopener noreferrer\"><strong>\u00d6kumenisches Forum Hafencity<\/strong><\/a><\/h3>\n<p style=\"padding-left: 30px;\">Shanghaiallee 12, 20457 Hamburg<\/p>\n<p style=\"padding-left: 30px;\">U4 Haltestelle HafenCity Universit\u00e4t<br \/>U1 Haltestelle Me\u00dfberg<br \/>Bus 111 Haltestelle Shanghaiallee<br \/>Metrobus 6, Haltestelle St. Annen<\/p>\n<h2 style=\"padding-left: 30px;\">__________________<\/h2>\n<p style=\"padding-left: 30px;\"><a href=\"http:\/\/www.seele-und-sorge.de\/wp-content\/uploads\/2015\/02\/Elbfair.png\"><img loading=\"lazy\" decoding=\"async\" class=\"alignnone wp-image-727 size-full\" src=\"http:\/\/www.seele-und-sorge.de\/wp-content\/uploads\/2015\/02\/Elbfair.png\" alt=\"\" width=\"751\" height=\"327\" srcset=\"https:\/\/www.seele-und-sorge.de\/wp-content\/uploads\/2015\/02\/Elbfair.png 751w, https:\/\/www.seele-und-sorge.de\/wp-content\/uploads\/2015\/02\/Elbfair-300x131.png 300w\" sizes=\"(max-width: 751px) 100vw, 751px\" \/><\/a><\/p>\n<h3 style=\"padding-left: 30px;\"><a href=\"http:\/\/www.elbfaire.de\" target=\"_blank\" rel=\"noopener noreferrer\"><strong>\u00d6kumenisches Forum Hafencity<\/strong><\/a><\/h3>\n<p style=\"padding-left: 30px;\">Shanghaiallee 12<br \/>20457 Hamburg<\/p>\n<hr \/>\n<h1><strong>Hannover<\/strong><\/h1>\n<p>Auch in Hannover habe ich neue Entdeckungen gemacht. Es lohnt sich, <strong>im Sprengelmuseum die Schwitters-R\u00e4ume anzusehen, durch den rekonstruierten Merzbau zu gehen (das Original wurde bei einem Bombenangriff auf Hannover zerst\u00f6rt) und die ungez\u00e4hlten Texte im Schwitters-Archiv zu entdecken.<\/strong> Ich gebe zu, ich musste mit der Nase darauf gesto\u00dfen werden: durch den K\u00fcnstlerroman <a href=\"https:\/\/www.penguinrandomhouse.de\/Taschenbuch\/Schwitters\/Ulrike-Draesner\/Penguin\/e591212.rhd\" target=\"_blank\" rel=\"noopener\"><strong>\u201eSchwitters\u201c<\/strong><\/a> von Ulrike Draesner, der 2021 erschien. Sprachlich virtuos, mit Sensibilit\u00e4t f\u00fcr den Wechsel zwischen Deutsch und Englisch (Schwitters floh als \u201eentarteter K\u00fcnstler\u201c zun\u00e4chst nach Norwegen, dann nach England ins Exil), beschreibt Ulrike Draesner das kreative Leben des Dadaisten. Bis die 2022 leider zeitweise f\u00fcr Brandschutzma\u00dfnahmen geschlossene Ausstellung wieder ge\u00f6ffnet ist, empfehle ich Besucher*innen und Einwohner*innen von Hannover das Bodenrelief mit Schwitters\u2018 Gedicht \u201eAn Anna Blume\u201c, das der Bildhauer Siegfried Neuenhausen \u201eden Hannoveranern zu F\u00fc\u00dfen gelegt\u201c hat: in der Knochenhauerstra\u00dfe bei der Marktkirche. Und noch an vielen anderen Stellen in der Stadt st\u00f6\u00dft man auf \u00fcberraschende Schwitters-Momente.<\/p>\n<h2 style=\"padding-left: 40px;\">__________________<\/h2>\n<h3 style=\"padding-left: 40px;\"><strong>Kloster Bursfelde<br \/><\/strong><\/h3>\n<p style=\"padding-left: 40px;\"><a href=\"https:\/\/www.seele-und-sorge.de\/wp-content\/uploads\/2025\/08\/Bursfelde.jpg\"><img loading=\"lazy\" decoding=\"async\" class=\"alignleft size-medium wp-image-7986\" src=\"https:\/\/www.seele-und-sorge.de\/wp-content\/uploads\/2025\/08\/Bursfelde-300x169.jpg\" alt=\"\" width=\"300\" height=\"169\" srcset=\"https:\/\/www.seele-und-sorge.de\/wp-content\/uploads\/2025\/08\/Bursfelde-300x169.jpg 300w, https:\/\/www.seele-und-sorge.de\/wp-content\/uploads\/2025\/08\/Bursfelde.jpg 625w\" sizes=\"(max-width: 300px) 100vw, 300px\" \/><\/a><\/p>\n<p style=\"padding-left: 40px;\">Auf der R\u00fcckfahrt von den Veranstaltungen in Hessen haben wir im Fr\u00fchjahr das\u00a0<strong><a href=\"https:\/\/www.kloster-bursfelde.de\/\">Kloster Bursfelde<\/a><\/strong>\u00a0wiederentdeckt. Ein Ausflug dahin lohnt!\u00a0<strong>Eine beeindruckende Kirche und eine Klosteranlage, in der es unter anderem Seminare zur Spiritualit\u00e4t gibt.<\/strong>\u00a0Auch Tagungen k\u00f6nnen hier veranstaltet werden. Eine\u00a0<strong><a href=\"https:\/\/www.kloster-bursfelde.de\/galerien\/pilgerherbegre\">Pilgerherberge<\/a>\u00a0<\/strong>l\u00e4dt ein zum \u00dcbernachten auf Radtouren oder Wanderungen. Das wunderbare Caf\u00e9 hat leider nur eingeschr\u00e4nkte \u00d6ffnungszeiten.<\/p>\n<h2 style=\"padding-left: 40px;\">__________________<\/h2>\n<h3 style=\"padding-left: 40px;\"><strong>Loccum<\/strong><\/h3>\n<p style=\"padding-left: 40px;\"><strong><a href=\"https:\/\/www.seele-und-sorge.de\/wp-content\/uploads\/2024\/08\/Loccum-Kirchturm_kl.jpg\"><img loading=\"lazy\" decoding=\"async\" class=\"alignleft wp-image-7740 size-full\" src=\"https:\/\/www.seele-und-sorge.de\/wp-content\/uploads\/2024\/08\/Loccum-Kirchturm_kl.jpg\" alt=\"\" width=\"200\" height=\"273\" \/><\/a><\/strong>Die\u00a0<strong><a href=\"https:\/\/www.loccum.de\/\">Akademie Loccum<\/a><\/strong>\u00a0ist einer der Orte, die die evangelische Kirche 1946 gr\u00fcndete, um angesichts ihrer Mitschuld an Diktatur und Gewalt w\u00e4hrend der NS-Zeit nunmehr Raum f\u00fcr gesellschaftspolitische Debatten zu geben \u2013 als ein Beitrag zu einer freiheitlichen Gesellschaft. Ich habe dort viele inspirierende Tagungen erlebt, stets exzellent vorbereitet \u2013 und mit getragen von der Atmosph\u00e4re der herrlichen Umgebung mit der Klosteranlage und dem Wald. In diesem Jahr ist dort Julia Koll als neue Direktorin angetreten. M\u00f6ge ihr gelingen, was sie sich vorgenommen hat: das Grundgef\u00fchl der Hoffnungslosigkeit zu bearbeiten \u2013 im Team und im Gespr\u00e4ch mit den Tagungsg\u00e4sten. Loccum ist ein gro\u00dfartiger Ort daf\u00fcr!<\/p>\n<h2 style=\"padding-left: 40px;\">__________________<\/h2>\n<h3 style=\"padding-left: 40px;\"><strong>Marktkirche in Hannover<\/strong><\/h3>\n<p style=\"padding-left: 40px;\"><img loading=\"lazy\" decoding=\"async\" src=\"https:\/\/www.seele-und-sorge.de\/wp-content\/uploads\/2024\/02\/Marktkirche-Hannover.jpg\" width=\"150\" height=\"200\" align=\"left\" hspace=\"10\" vspace=\"10\" \/><\/p>\n<p style=\"padding-left: 40px;\"><strong>In der Marktkirche in Hannover wurde letztes Jahr am Reformationstag das von Markus L\u00fcpertz gestaltete Reformationsfenster eingeweiht. Mit gro\u00dfem \u00f6ffentlichem Engagement, beharrlichen Verhandlungen und Kreativit\u00e4t konnten hier schwierige Konflikte \u00fcberwunden werden.<\/strong>\u00a0Vorausgegangen waren jahrelange Streitigkeiten \u00fcber die Urheberrechte des Architekten des Wiederaufbaus der Kirche sowie \u00fcber die Finanzierung des Fensters, die mit Altkanzler Gerhard Schr\u00f6der verbunden war \u2013 der wegen seiner Haltung zu Putin und dessen Krieg gegen die Ukraine in der Kritik steht.\u00a0<strong><a href=\"https:\/\/www.marktkirche-hannover.de\/5_wir-ueber-uns\/5-07_reformationsfenster\" target=\"_blank\" rel=\"noopener\">Auf der Website der Kirche sind die Chronologie der Ereignisse sowie einige Positionen dazu nachzulesen<\/a><\/strong>. Vielleicht kommen Sie ja mal nach Hannover und erleben den Raum mit dem neuen Fenster selbst.<\/p>\n<h2 style=\"padding-left: 40px;\">__________________<\/h2>\n<h3 style=\"padding-left: 40px;\"><strong>Hannover M\u00fcnden<\/strong><\/h3>\n<p style=\"padding-left: 40px;\">Die geografische Bezeichnung ist ein bisschen irref\u00fchrend, denn die ehemalige Benediktinerabtei ist zwar offiziell ein Stadtteil von Hann. M\u00fcnden, sie liegt aber mitten in der Natur. Auf der R\u00fcckfahrt von Veranstaltungen in Hessen war <a href=\"https:\/\/www.kloster-bursfelde.de\/\" target=\"_blank\" rel=\"noopener\"><strong>Kloster Bursfelde<\/strong><\/a> eine wunderbare Wiederentdeckung! <strong>Eine beeindruckende Kirche und eine Klosteranlage, in der es unter anderem Seminare zur Spiritualit\u00e4t gibt<\/strong>. Auch Tagungen k\u00f6nnen in dieser ehemaligen Benediktinerabteil veranstaltet werden. Eine <strong><a href=\"https:\/\/www.kloster-bursfelde.de\/galerien\/pilgerherbegre\" target=\"_blank\" rel=\"noopener\">Pilgerherberge<\/a><\/strong> l\u00e4dt ein zum \u00dcbernachten auf Radtouren oder Wanderungen. Das sch\u00f6ne Caf\u00e9 hat leider nur eingeschr\u00e4nkte \u00d6ffnungszeiten.\u00a0<\/p>\n<hr \/>\n<h1><strong>Heidenheim<\/strong><\/h1>\n<p>Zwischen N\u00fcrnberg und Stuttgart liegt das <strong><a href=\"https:\/\/www.kloster-heidenheim.eu\/klosterheidenheim.html\" target=\"_blank\" rel=\"noopener\">Kloster Heidenheim <\/a><\/strong>, das schon aus dem 8. Jahrhundert stammt. <strong>Begr\u00fcndet von den angels\u00e4chsischen Geschwistern Wunibald, Willibald und Walpurga begann von hier<\/strong> <strong>aus die Christianisierung Frankens<\/strong>. Die lange Geschichte ist in dem alten, einf\u00fchlsam renovierten Gem\u00e4uer gut erlebbar. Ein Museum im Kloster macht diese Geschichte zum Thema, widmet sich aber auch sehr unterschiedlichen Formen des Glaubens. In Kloster Heidenheim wird zurzeit eine Akademie aufgebaut \u2013 mit Angeboten zu Spiritualit\u00e4t, Geschichte und Sinnsuche.<\/p>\n<hr \/>\n<h1><strong>Herrenberg<\/strong><\/h1>\n<p><a href=\"https:\/\/www.evdiak.de\/index.php\/de\/tagungshotel\" target=\"_blank\" rel=\"noopener\"><strong>Das Tagungshotel am Schlossberg<\/strong><\/a> im Mutterhaus der Diakonieschwesternschaft Herrenberg habe ich bei einer Debora-Tagung f\u00fcr F\u00fchrungskr\u00e4fte in der Diakonie W\u00fcrttemberg kennengelernt: ein wunderbares Beispiel f\u00fcr Angebote moderner Technik im Verbund mit einer Wertsch\u00e4tzung der Tradition. Nehmen Sie sich genug Zeit, wenn Sie dorthin reisen, denn es gibt vieles von dort aus zu entdecken, unter anderem die h\u00fcbsche Stadt Calw, die auch Hermann Hesses Geburtsstadt ist. Das <a href=\"https:\/\/www.hermann-hesse.de\/museen\/calw\" target=\"_blank\" rel=\"noopener\"><strong>Hermann-Hesse-Museum<\/strong><\/a> allerdings soll bis zum Fr\u00fchjahr 2023 f\u00fcr eine grundlegende Sanierung geschlossen sein.<\/p>\n<hr \/>\n<h1><strong>Herrnhut<br \/><\/strong><\/h1>\n<p><strong><a href=\"https:\/\/www.seele-und-sorge.de\/wp-content\/uploads\/2024\/08\/Herrnhuter_kl.jpg\"><img loading=\"lazy\" decoding=\"async\" class=\"alignleft size-full wp-image-7742\" src=\"https:\/\/www.seele-und-sorge.de\/wp-content\/uploads\/2024\/08\/Herrnhuter_kl.jpg\" alt=\"\" width=\"200\" height=\"132\" \/><\/a><\/strong>Die\u00a0<strong><a href=\"https:\/\/www.ebu.de\/welterbe\">Siedlungen der Herrnhuter Br\u00fcdergemeine in vier L\u00e4ndern wurden dieses Jahr zum UNESCO-Weltkulturerbe<\/a><\/strong>\u00a0erkl\u00e4rt. Der Ursprungsort der Gemeinde ist das s\u00e4chsische Herrnhut, wo heute ein Museum von den missionarischen Aktivit\u00e4ten der Herrnhuter*innen erz\u00e4hlt. Die dort angegliederte Sternemanufaktur ist \u00f6ffentlich zug\u00e4nglich. Und noch immer ist die Herrnhuter Br\u00fcdergemeine weltweit mit ihren t\u00e4glichen\u00a0<strong><a href=\"https:\/\/www.losungen.de\/\">Losungen<\/a><\/strong>\u00a0pr\u00e4sent. Das dortige\u00a0<a href=\"https:\/\/www.komensky.de\/\"><strong>Tagungshaus<\/strong><\/a> ist sicher ein guter Tipp f\u00fcr Gemeindefahrten!<\/p>\n<p><span style=\"color: #ffffff;\">.<\/span><\/p>\n<hr \/>\n<h1><strong>Hittisau<\/strong><\/h1>\n<p><strong><a href=\"https:\/\/www.seele-und-sorge.de\/wp-content\/uploads\/2022\/01\/Museum-Hittisau.jpg\"><img loading=\"lazy\" decoding=\"async\" class=\"alignleft wp-image-6440 size-thumbnail\" src=\"https:\/\/www.seele-und-sorge.de\/wp-content\/uploads\/2022\/01\/Museum-Hittisau-150x150.jpg\" alt=\"\" width=\"150\" height=\"150\" \/><\/a>Das Tagungshotel am Schlossberg<\/strong> im Mutterhaus der Diakonieschwesternschaft Herrenberg habe ich bei einer Debora-Tagung f\u00fcr F\u00fchrungskr\u00e4fte in der Diakonie W\u00fcrttemberg kennengelernt: ein wunderbares Beispiel f\u00fcr Angebote moderner Technik im Verbund mit einer Wertsch\u00e4tzung der Tradition. Nehmen Sie sich genug Zeit, wenn Sie dorthin reisen, denn es gibt vieles von dort aus zu entdecken, unter anderem die h\u00fcbsche Stadt Calw, die auch Hermann Hesses Geburtsstadt ist. Das <a href=\"https:\/\/www.hermann-hesse.de\/museen\/calw\" target=\"_blank\" rel=\"noopener\"><strong>Hermann-Hesse-Museum<\/strong><\/a> allerdings soll bis zum Fr\u00fchjahr 2023 f\u00fcr eine grundlegende Sanierung geschlossen sein.<\/p>\n<hr \/>\n<h1><strong>Hofgeismar<\/strong><\/h1>\n<p><strong><a href=\"https:\/\/www.seele-und-sorge.de\/wp-content\/uploads\/2024\/08\/HOfgeismar-Haupthaus_kl.jpg\"><img loading=\"lazy\" decoding=\"async\" class=\"alignleft size-full wp-image-7741\" src=\"https:\/\/www.seele-und-sorge.de\/wp-content\/uploads\/2024\/08\/HOfgeismar-Haupthaus_kl.jpg\" alt=\"\" width=\"200\" height=\"234\" \/><\/a><\/strong>Die\u00a0<strong><a href=\"https:\/\/akademie-hofgeismar.de\/\">Evangelische Akademie<\/a><\/strong>\u00a0und das\u00a0<a href=\"https:\/\/evangelisches-studienseminar-hofgeismar.de\/\"><strong>Evangelische Studienseminar<\/strong><\/a>\u00a0in Hofgeismar sowie weitere Einrichtungen haben ihren Sitz in einem Geb\u00e4ude, das einst f\u00fcrstliche G\u00e4ste beherbergte. Eine w\u00e4hrend des Drei\u00dfigj\u00e4hrigen Kriegs entdeckte Mineralquelle, der Gesundbrunnen, ist das Zentrum der Anlage. Das\u00a0<strong><a href=\"https:\/\/tagungsstaette-hofgeismar.de\/\">Tagungshaus<\/a><\/strong>\u00a0in dem wundersch\u00f6nen Park kann auch von externen Gruppen gemietet werden. Ich habe es neulich bei der Auslandspfarrtagung genossen.<\/p>\n<p><span style=\"color: #ffffff;\">.<\/span><\/p>\n<p><span style=\"color: #ffffff;\">.<\/span><\/p>\n<hr \/>\n<h1><strong>Inzell<\/strong><\/h1>\n<p><strong><a href=\"https:\/\/www.seele-und-sorge.de\/wp-content\/uploads\/2022\/06\/Inzell-scaled.jpg\"><img loading=\"lazy\" decoding=\"async\" class=\"alignleft wp-image-6898 size-thumbnail\" src=\"https:\/\/www.seele-und-sorge.de\/wp-content\/uploads\/2022\/06\/Inzell-150x150.jpg\" alt=\"\" width=\"150\" height=\"150\" \/><\/a><\/strong>Die Natur im Chiemgau, die ich bei einer Tagung im <strong><a href=\"https:\/\/www.heissenhof.de\/cms\/\" target=\"_blank\" rel=\"noopener\">Hei\u00dfenhof<\/a> <\/strong>in Inzell genie\u00dfen durfte, ist \u00fcberw\u00e4ltigend. Da passt es, dass in die Fortbildung ein kleiner Fotokurs eingeflochten war: Sehen lernen und zuh\u00f6ren lernen, das geh\u00f6rt eben zusammen.<span style=\"color: #ffffff;\">.<\/span><\/p>\n<p><span style=\"color: #ffffff;\">.<\/span><\/p>\n<p><span style=\"color: #ffffff;\">.<\/span><\/p>\n<hr \/>\n<h1><strong>K\u00f6ln<\/strong><\/h1>\n<p>Das <a href=\"https:\/\/www.hopper.de\/16-0-Design-Hotel-Suedstadt-Rhein-Hafen-Koeln.html\" target=\"_blank\" rel=\"noopener noreferrer\"><strong>Hopper Hotel St. Josef <\/strong><\/a>\u00a0ist eine umgebaute Ordensimmobilie \u2013 ganz \u00e4hnlich wie das Kaiserswerther HotelMutterhaus (vgl. unter D\u00fcsseldorf). Die kleinen, aber praktischen Zimmer sind mit innenarchitektonischer Fantasie gestaltet: raffinierte Anordnung von Toiletten- und Duschbereich, Regalschrank und Beleuchtung am Bett! Dazu der Blick auf einen romantischen Innenhof mitten in der Stadt.<\/p>\n<h2 style=\"padding-left: 40px;\">__________________<\/h2>\n<h3 style=\"padding-left: 40px;\"><strong>K\u00f6ln-Altstadt-S\u00fcd<\/strong><\/h3>\n<p style=\"padding-left: 40px;\"><img loading=\"lazy\" decoding=\"async\" src=\"https:\/\/www.seele-und-sorge.de\/wp-content\/uploads\/2023\/08\/Karthaeuser.png\" width=\"150\" height=\"142\" align=\"left\" hspace=\"10\" vspace=\"10\" \/><\/p>\n<p style=\"padding-left: 40px;\">Das urspr\u00fcngliche Kart\u00e4userkloster aus dem 14. Jahrhundert lag am Rande von K\u00f6ln. Inzwischen sind die H\u00e4user der Stadt darum herumgewachsen.\u00a0<strong><a href=\"https:\/\/kartaeuserkirche-koeln.de\/\" target=\"_blank\" rel=\"noopener\">Das heutige Ensemble in K\u00f6ln-Altstadt-S\u00fcd verbindet die alte Kart\u00e4userkirche<\/a><\/strong> mit sozialen Einrichtungen wie einem Familienzentrum und einer Kita. Den Ort kann man auch bei vielen interessanten Veranstaltungen kennenlernen. \u00dcbrigens gibt es in der Domstadt K\u00f6ln auch einen\u00a0<strong><a href=\"https:\/\/www.via-reformata.de\/\" target=\"_blank\" rel=\"noopener\">Geschichtspfad zur Reformation in der Stadt<\/a><\/strong>.\u00a0<br \/><span style=\"color: #ffffff;\">.<\/span><\/p>\n<hr \/>\n<h1><strong>Loccum<\/strong><\/h1>\n<p><img loading=\"lazy\" decoding=\"async\" class=\"alignleft size-full wp-image-8291\" src=\"https:\/\/www.seele-und-sorge.de\/wp-content\/uploads\/2026\/02\/denkhaus.jpg\" alt=\"\" width=\"300\" height=\"169\" \/><\/p>\n<p>Das <a href=\"https:\/\/www.denkhaus-loccum.de\/\"><strong>Denkhaus in Loccum<\/strong><\/a> sind eigentlich mehrere H\u00e4user. Das weite Areal mit viel Gr\u00fcn, in dem sie liegen, l\u00e4dt schon an sich zum Nachsinnen und Denken ein. Die Atmosph\u00e4re in den Tagungsh\u00e4usern mit dem freundlichen Personal tr\u00e4gt sehr zum Wohlf\u00fchlen bei. Und das Programm richtet sich an Mitarbeitende unterschiedlichster sozialer und p\u00e4dagogischer Einrichtungen ebenso wie an Einzelne, die sich privat weiterentwickeln wollen. So gibt es beispielsweise Seminare zu Tanzvergn\u00fcgen, zu Gelingender Kommunikation in der Zweierbeziehung oder zu Gl\u00fcck und Gesundheit.<\/p>\n<p>Und wenn Sie im Denkhaus sind oder auch bei einer Tagung in der Evangelischen Akademie Loccum, dann machen Sie doch mal einen Ausflug zu der alten <strong><a href=\"https:\/\/www.rehburg-loccum.de\/romantik-in-bad-rehburg\/\">Kuranlage Bad Rehburg<\/a><\/strong>. Die Baulichkeiten zeugen von der Geschichte des Kurbades seit der Mitte des 18. Jahrhunderts, aber es werden auch stets <strong><a href=\"https:\/\/www.rehburg-loccum.de\/romantik-in-bad-rehburg\/ausstellungen-in-der-romantik-bad-rehburg\/\">Ausstellungen aktueller K\u00fcnstler*innen<\/a><\/strong> sowie weitere kulturelle Veranstaltungen angeboten. Und wenn Sie m\u00f6gen, gehen Sie doch gleich noch weiter auf dem <strong><a href=\"https:\/\/www.rehburg-loccum.de\/kultur-tourismus\/wandern\/brueder-grimm-maerchenweg\/\">Br\u00fcder-Grimm-M\u00e4rchenweg<\/a><\/strong>! \u00a0<\/p>\n<hr \/>\n<h1><strong>Marburg<\/strong><\/h1>\n<p><img loading=\"lazy\" decoding=\"async\" src=\"https:\/\/www.seele-und-sorge.de\/wp-content\/uploads\/2024\/02\/marburg_kl.jpg\" width=\"200\" height=\"133\" align=\"left\" hspace=\"10\" vspace=\"10\" \/><\/p>\n<p><strong>In Marburg<\/strong>\u00a0war das\u00a0<strong><a href=\"https:\/\/begegnungszentrum-sonneck.de\/\" target=\"_blank\" rel=\"noopener\">Begegnungszentrum Haus Sonneck<\/a><\/strong>\u00a0ein wohltuender Rahmen f\u00fcr eine Hospiz-Tagung der Diakonie Hessen. Die Fotos auf der Website laden bereits ein in die angenehmen R\u00e4umlichkeiten und auf die herrliche Terrasse unter alten B\u00e4umen. Die Seite bietet auch viele Tipps f\u00fcr Wanderungen und Radtouren, die sich direkt vom Haus aus in die wundersch\u00f6ne Umgebung unternehmen lassen. Empfehlen m\u00f6chte ich vor allem den\u00a0<strong><a href=\"https:\/\/www.seele-und-sorge.de\/wp-content\/uploads\/2024\/02\/Reformationsroute-Marburg.pdf\" target=\"_blank\" rel=\"noopener\">Spazierweg durch die Stadt auf den Spuren Martin Luthers und der f\u00fcr die Stadt sehr pr\u00e4genden Reformation<\/a><\/strong>\u00a0sowie einen\u00a0<strong><a href=\"https:\/\/www.seele-und-sorge.de\/wp-content\/uploads\/2024\/02\/braunes_marburg_der_themenweg.pdf\" target=\"_blank\" rel=\"noopener\">Weg, der an die NS-Geschichte der Stadt erinnert<\/a><\/strong>\u00a0\u2013 die Anh\u00e4ngerschaft f\u00fcr die Nazis war in Marburg besonders stark, auch nach 1945.\u00a0<\/p>\n<hr \/>\n<h1><strong>Meersburg<\/strong><\/h1>\n<p><strong><a href=\"https:\/\/www.seele-und-sorge.de\/wp-content\/uploads\/2022\/01\/Schreibtisch-von-Annette-von-D-H-2.jpg\"><img loading=\"lazy\" decoding=\"async\" class=\"alignleft wp-image-6504 size-full\" src=\"https:\/\/www.seele-und-sorge.de\/wp-content\/uploads\/2022\/01\/Schreibtisch-von-Annette-von-D-H-2.jpg\" alt=\"\" width=\"300\" height=\"253\" \/><\/a><\/strong>In Meersburg am Bodensee konnten wir das Leben von Annette von Droste-H\u00fclshoff studieren. Dort steht ihr Alterswohnsitz und in der alten Burg kann man das Sterbezimmer besuchen. Begleitet hat uns dabei Barbara Beuys\u2018 Buch <a href=\"https:\/\/www.suhrkamp.de\/buch\/barbara-beuys-blamieren-mag-ich-mich-nicht-t-9783458351580\" target=\"_blank\" rel=\"noopener\"><strong>\u201eBlamieren mag ich mich nicht\u201c<\/strong><\/a> von 1999, das anl\u00e4sslich des 225. Geburtstags der Schriftstellerin 2022 in einer Neuauflage erschienen ist. Die spannende Ausstellung im \u201eF\u00fcrstenh\u00e4usle\u201c l\u00e4sst die Besucher*innen an Lebensstationen und Reflexionen teilhaben. Droste-H\u00fclshoffs Gedichtzyklus \u201eGeistliches Jahr\u201c ist aber auch eine theologische Entdeckung, wie Ottmar Fuchs in seinem Buch <a href=\"https:\/\/shop.verlagsgruppe-patmos.de\/subkutane-revolte-303261.html\" target=\"_blank\" rel=\"noopener\"><strong>\u201eSubkutane Revolte\u201c<\/strong><\/a> darstellt.<\/p>\n<hr \/>\n<h1><strong>M\u00fchlhausen in Th\u00fcringen<\/strong><\/h1>\n<p><img loading=\"lazy\" decoding=\"async\" src=\"https:\/\/www.seele-und-sorge.de\/wp-content\/uploads\/2024\/02\/Muehlhausen.jpg\" width=\"150\" height=\"200\" align=\"left\" hspace=\"10\" vspace=\"10\" \/><\/p>\n<p>Ein besonders einladendes Veranstaltungshaus im\u00a0<strong>th\u00fcringischen M\u00fchlhausen<\/strong>\u00a0ist die alte Superintendentur, das ehemalige Pfarrhaus von Thomas M\u00fcntzer. Die dortige Marienkirche ist ein eindrucksvolles Beispiel daf\u00fcr, wie sich ein solches Geb\u00e4ude nach seiner S\u00e4kularisierung \u2013 hier schon 1975 erfolgt, zu DDR-Zeiten \u2013 nutzen l\u00e4sst. Das\u00a0<strong><a href=\"https:\/\/mhl-museen.de\/st-marien.html\" target=\"_blank\" rel=\"noopener\">Museum St. Marien<\/a><\/strong>\u00a0umfasst neben anderen Ausstellungen die M\u00fcntzergedenkst\u00e4tte, in der sich nachvollziehen l\u00e4sst, wie der Reformator Thomas M\u00fcntzer im Lauf der Zeit von verschiedenen Seiten vereinnahmt wurde. N\u00e4chstes Jahr ist das Geb\u00e4ude einer der Austragungsorte des landesweiten Gedenkjahres\u00a0<a href=\"https:\/\/www.bauernkrieg2025.de\/de\" target=\"_blank\" rel=\"noopener\"><strong>\u201efreiheyt 1525. 500 Jahre Bauernkrieg\u201c<\/strong><\/a>.<\/p>\n<hr \/>\n<h1><strong>M\u00fcnchen<\/strong><\/h1>\n<p><a href=\"https:\/\/www.seele-und-sorge.de\/wp-content\/uploads\/2019\/11\/Schloss.jpg\"><img loading=\"lazy\" decoding=\"async\" class=\"alignleft wp-image-4745 size-thumbnail\" src=\"https:\/\/www.seele-und-sorge.de\/wp-content\/uploads\/2019\/11\/Schloss-150x150.jpg\" alt=\"\" width=\"150\" height=\"150\" \/><\/a>Das <a href=\"https:\/\/www.erzbistum-muenchen.de\/ordinariat\/ressort-5-bildung\/exerzitienhaus-schloss-fuerstenried\" target=\"_blank\" rel=\"noopener noreferrer\"><strong>Exerzitienhaus Schloss F\u00fcrstenried<\/strong><\/a> am Stadtrand von M\u00fcnchen ist eine barocke Anlage aus dem fr\u00fchen 18. Jahrhundert mit gro\u00dfartigen alten S\u00e4len in einem herrlichen Park. Die Tagungsr\u00e4ume gut ausgestattet, die Zimmer erinnern ein wenig an Klosterzellen \u2013 einfach, aber funktional. Neben Tagungen finden dort Einzel- und Gruppenexerzitien in der Tradition des Begr\u00fcnders des Jesuitenordens Ignatius von Loyola statt.<\/p>\n<h2 style=\"padding-left: 40px;\">__________________<\/h2>\n<h3 style=\"padding-left: 40px;\"><strong>Nordhorn<\/strong><\/h3>\n<p style=\"padding-left: 40px;\">Das \u00f6kumenische <strong><a href=\"https:\/\/www.kloster-frenswegen.de\/\" target=\"_blank\" rel=\"noopener noreferrer\">Kloster Frenswegen<\/a><\/strong>\u00a0in Nordhorn ist offen sowohl f\u00fcr Tagungen als auch f\u00fcr den individuellen \u201eWeg ins Kloster\u201c f\u00fcr einige Tage des R\u00fcckzugs und der Besinnung. Doch in der wundersch\u00f6nen alten Klosteranlage kommt man sofort zur Ruhe, auch wenn man nur auf einem Ausflug oder f\u00fcr eine der interessanten Veranstaltungen der Stiftung Kloster Frenswegen dorthin f\u00e4hrt.<\/p>\n<hr \/>\n<h1><strong>Ohlstadt, Oberbayern<\/strong><\/h1>\n<p>Das <strong><a href=\"https:\/\/www.hotel-alpenblick-ohlstadt.de\/\" target=\"_blank\" rel=\"noopener noreferrer\">Kolpinghotel Alpenblick<\/a>\u00a0<\/strong>zwischen Murnau und Garmisch-Partenkirchen hat einen modernen und funktionalen Tagungsbereich mit hervorragendem Service, wo auch mehrere Anbieter nebeneinander tagen k\u00f6nnen. Sch\u00f6n die kleine Kapelle in der Mitte der Anlage und passend zur faszinierenden Naturlandschaft die unterschiedlichen Kneipp-Anwendungen, Sauna und Massage. Hier taucht man beim Tagen in Urlaubsgef\u00fchle ein.<\/p>\n<hr \/>\n<h1><strong>Pal\u00e4stina<\/strong><\/h1>\n<h3 class=\"p1\" style=\"text-align: left;\"><strong>Talitha Kumi<\/strong><\/h3>\n<p><span style=\"color: black; font-family: Arial,Helvetica,Geneva,Swiss,SunSans-Regular; font-size: small;\"><a href=\"http:\/\/www.seele-und-sorge.de\/wp-content\/uploads\/2015\/02\/Talitha_1.jpg\"><img loading=\"lazy\" decoding=\"async\" class=\"alignnone size-full wp-image-313 alignleft\" src=\"http:\/\/www.seele-und-sorge.de\/wp-content\/uploads\/2015\/02\/Talitha_1.jpg\" alt=\"Talitha_1\" width=\"540\" height=\"375\" srcset=\"https:\/\/www.seele-und-sorge.de\/wp-content\/uploads\/2015\/02\/Talitha_1.jpg 540w, https:\/\/www.seele-und-sorge.de\/wp-content\/uploads\/2015\/02\/Talitha_1-300x208.jpg 300w\" sizes=\"(max-width: 540px) 100vw, 540px\" \/><\/a><\/span>Das 1851 von Kaiserswerther Diakonissen gegr\u00fcndete Schulzentrum in Beit Jala, Pal\u00e4stina, heute eine Grund- und Oberschule, einen Kindergarten, ein Internat, eine Hotelfachschule und ein G\u00e4stehaus (80 Betten).<br \/>Ganzheitliches Lernen steht im Mittelpunkt aller Unterrichtsaktivit\u00e4ten sowie des au\u00dferschulischen Angebotes in der Pfadfindergruppe, im M\u00e4dchenclub und bei einem Vogelflugprojekt \u201eZugv\u00f6gel kennen keine Grenzen\u201c. Mit der israelischen Partnerschule Ironi Dalet, Tel Aviv, f\u00fchrten Sch\u00fcler\/innen von Talitha Kumi bei der Expo 2000 das Musical \u201eLang ist der Weg zum Frieden\u201c auf. Die Schule geh\u00f6rt seit 1999 zum Verband der UNESCO-Schulen. In der aktuellen politischen Situation ist die Schule auf Spenden angewiesen. Aufgrund der hohen Arbeitslosigkeit in der Westbank (60%) sind viele Familien nicht mehr in der Lage, das Schulgeld zu zahlen.<\/p>\n<p>E-mail:\u00a0<a href=\"mailto:talitha@p-ol.com\" target=\"_blank\" rel=\"noopener noreferrer\">talitha@p-ol.com<\/a><\/p>\n<hr \/>\n<h1><strong>Pforzheim<\/strong><\/h1>\n<p><img loading=\"lazy\" decoding=\"async\" src=\"https:\/\/www.seele-und-sorge.de\/wp-content\/uploads\/2023\/03\/EEV-Forum-Pforzheim-Hohenwart.jpg\" width=\"150\" height=\"112\" align=\"left\" hspace=\"10\" vspace=\"10\" \/><\/p>\n<p>\u201eProfessionelle Gastlichkeit in einer Wohlf\u00fchl-Atmosph\u00e4re\u201c, mit diesen Worten wirbt das\u00a0<a href=\"https:\/\/www.evkirche-pf.de\/angebote-einrichtungen\/hohenwart-forum\/\" target=\"_blank\" rel=\"noopener\"><strong>Hohenwart Forum<\/strong><\/a>\u00a0am Rand von Pforzheim. Und ich kann sie nur best\u00e4tigen. Die Atmosph\u00e4re wird durch die freundlichen Mitarbeitenden und das besonders gute Essen gepr\u00e4gt, aber auch durch die teilweise sehr originell gestalteten Zimmer \u2013 und nicht zuletzt durch den herrlichen Blick \u00fcber Stadt und Landschaft. Hoffentlich haben Sie auch Zeit f\u00fcr Spazierg\u00e4nge, wenn Sie dort sind! Die Gruppe \u201eFit f\u00fcr den Aufsichtsrat\u201c, die ich dort begleitet habe, fand jedenfalls, unter diesem Standard ginge in Zukunft gar nichts mehr!<\/p>\n<hr \/>\n<h1>Rastatt<\/h1>\n<p><strong><a href=\"https:\/\/www.seele-und-sorge.de\/wp-content\/uploads\/2022\/06\/RAstatt-scaled.jpg\"><img loading=\"lazy\" decoding=\"async\" class=\"alignleft wp-image-6899 size-thumbnail\" src=\"https:\/\/www.seele-und-sorge.de\/wp-content\/uploads\/2022\/06\/RAstatt-150x150.jpg\" alt=\"\" width=\"150\" height=\"150\" \/><\/a><\/strong>Ein sch\u00f6ner Tagungsort, den ich empfehlen m\u00f6chte, ist das <a href=\"https:\/\/www.st-bernhard-rastatt.de\" target=\"_blank\" rel=\"noopener\"><strong>Haus St. Bernhard in Rastatt<\/strong><\/a>. Freundlicher Service, moderne Tagungsausstattung, wundervolles regionales Essen \u2013 und nat\u00fcrlich die herrliche Landschaft dort machen das Haus unbedingt empfehlenswert.<\/p>\n<p><span style=\"color: #ffffff;\">.<\/span><\/p>\n<p><span style=\"color: #ffffff;\">.<\/span><\/p>\n<hr \/>\n<h1><strong>Rothenburg, Oberlausitz<\/strong><\/h1>\n<p>Der <strong><a href=\"http:\/\/www.martinshof-diakoniewerk.de\/\" target=\"_blank\" rel=\"noopener noreferrer\">Martinshof in Rothenburg<\/a>\u00a0<\/strong>ist zugleich Bildungszentrum und G\u00e4stehaus. Ja, man muss erstmal dorthin kommen, in die Oberlausitz, ganz an die polnische Grenze. Aber dann: Die diakonische Einrichtung f\u00fcr Menschen mit Behinderung in der N\u00e4he von G\u00f6rlitz hat ein modernes Bildungszentrum mit sch\u00f6nem Hoteltrakt, wo sich f\u00fcr Gruppen gut tagen l\u00e4sst. Die spannenden, aber eben auch erschreckenden Erfahrungen einer langen Geschichte im Dritten Reich, der Nachkriegszeit und der DDR werden sehr bewusst aufgearbeitet, zugleich aber entwickelt sich die Einrichtung im Prozess einer Fusion weiter.<\/p>\n<hr \/>\n<h1><strong>Rothenburg ob der Tauber<\/strong><\/h1>\n<p>\u201eDas Wildbad begeistert Menschen\u201c, hei\u00dft es auf der Website von <strong><a href=\"https:\/\/wildbad.de\/\">Wildbad Rothenburg<\/a><\/strong>. Dem kann ich nur zustimmen. Das jetzige wie ein Schloss anmutende Geb\u00e4ude wurde im 19. Jahrhundert als Kurhotel errichtet. Der Ort verzaubert, vom Park \u00fcber die historistische Architektur bis hin ins einzelne Zimmer \u2013 ein verwunschenes Reich.<\/p>\n<hr \/>\n<h1><strong>Rolandseck<\/strong><\/h1>\n<p><strong><a href=\"https:\/\/www.seele-und-sorge.de\/wp-content\/uploads\/2022\/10\/Arp_neu_kl.jpg\"><img loading=\"lazy\" decoding=\"async\" class=\"alignleft wp-image-7050 size-full\" src=\"https:\/\/www.seele-und-sorge.de\/wp-content\/uploads\/2022\/10\/Arp_neu_kl.jpg\" alt=\"\" width=\"150\" height=\"161\" \/><\/a><a href=\"https:\/\/arpmuseum.org\/\" target=\"_blank\" rel=\"noopener\">Zum Arp Museum im Bahnhof Rolandseck<\/a><\/strong> f\u00e4hrt man direkt mit dem Zug. Der klassizistische Bahnhof ist selbst ein H\u00f6hepunkt des Eisenbahnbaus. Zusammen mit einem Geb\u00e4udekomplex des Architekten Richard Meier beherbergt er seit 2007 ein Museum, in dem die Werke von Hans Arp und Sophie Taeuber-Arp, aber auch Wechselausstellungen zu zahlreichen anderen K\u00fcnstler*innen oder einzelnen Themen gezeigt werden. Von der Terrasse aus gibt es einen wundervollen Blick auf den Rhein und das Siebengebirge. Vielleicht haben Sie auch Gl\u00fcck und es gibt ein Konzert, wenn Sie in der N\u00e4he sind.<\/p>\n<hr \/>\n<h1><strong>Rummelsberg (Schwarzenbruch), N\u00fcrnberger Land<\/strong><\/h1>\n<p>Auch das kleine<a href=\"https:\/\/anders.rummelsberger-diakonie.de\/\" target=\"_blank\" rel=\"noopener noreferrer\"><strong> Hotel Anders der Rummelsberger Diakonie<\/strong><\/a>, etwa 25 Kilometer von N\u00fcrnberg entfernt, ist ein Embrace-Hotel. Besonders sch\u00f6n ist hier das Restaurant mit seiner Au\u00dfenterasse.<\/p>\n<hr \/>\n<h1><strong>Schneverdingen<\/strong><\/h1>\n<p><strong><a href=\"https:\/\/www.seele-und-sorge.de\/wp-content\/uploads\/2025\/03\/Zu-Lueneburger-Heide.jpg\"><img loading=\"lazy\" decoding=\"async\" class=\"alignleft size-full wp-image-7851\" src=\"https:\/\/www.seele-und-sorge.de\/wp-content\/uploads\/2025\/03\/Zu-Lueneburger-Heide.jpg\" alt=\"\" width=\"300\" height=\"169\" \/><\/a><\/strong>Anfang des Monats war ich zum Vortrag in der L\u00fcneburger Heide. Es war das erste Mal nach langen Monaten auf der Couch, bei \u00c4rzten und Physiotherapie, dass ich die Landschaft wieder genie\u00dfen konnte. Wer aus dem S\u00fcden Deutschlands kommt, muss die spr\u00f6de Sch\u00f6nheit dieser Landschaft vielleicht erst entdecken lernen. Ich selbst bin ihr inzwischen verfallen! Auch die Menschen hier auf den D\u00f6rfern mit alten Kirchen und Fachwerkh\u00e4usern sind Wind und Wetter gewachsen, zugleich aber voll Lebenslust in den Sommern, wenn die Heide lila bl\u00fcht. Als Ausgangspunkt f\u00fcr Spazierg\u00e4nge oder Radtouren empfehle ich das wunderbar abgeschieden liegende Tagungshotel\u00a0<strong><a href=\"https:\/\/www.campreinsehlen.de\/de\/\" target=\"_blank\" rel=\"noopener\">Hotelcamp Reinsehlen<\/a><\/strong>, das sich auch f\u00fcr eine Mitarbeitendenklausur eignet.\u00a0<\/p>\n<h1>\u00a0<\/h1>\n<hr \/>\n<h1><strong><br \/>Stuttgart-Hohenheim<\/strong><\/h1>\n<h1 style=\"padding-left: 40px;\"><strong>atrium 7<\/strong><\/h1>\n<p style=\"padding-left: 40px;\">Bei einer Besprechung in Stuttgart habe ich das <strong><a href=\"https:\/\/www.atrium-7.de\/de\/startseite\/\">atrium 7<\/a><\/strong>\u00a0kennengelernt, einen Ort, an dem sich Buchhandlung und Kunstausstellungen mit einer Auswahl an besonderem Kunsthandwerk und einem wundersch\u00f6nen Caf\u00e9 verbinden.<\/p>\n<h2 style=\"padding-left: 30px;\">__________________<\/h2>\n<h1 style=\"padding-left: 40px;\"><strong>Katholischen Akademie Hohenheim<\/strong><\/h1>\n<p style=\"padding-left: 40px;\">In der <strong><a href=\"https:\/\/www.akademie-rs.de\/tagungshaeuser\/hohenheim\/\" target=\"_blank\" rel=\"noopener noreferrer\">Katholischen Akademie Hohenheim<\/a><\/strong> \u00a0hatten wir eine Tagung zu diakonischer Kultur und ich fand einfach: Das passt! Denn von der Kapelle bis zur Cafeteria steckt dort alles voll Kunst und Achtsamkeit.<\/p>\n<hr \/>\n<h1><strong>Spiesen, Saarland<\/strong><\/h1>\n<p>Das <a href=\"https:\/\/www.cfk-freizeitcentrum.de\/\" target=\"_blank\" rel=\"noopener noreferrer\"><strong>CFK-Hotel der Lebenshilfe<\/strong><\/a> liegt etwa 25 Kilometer von Saarbr\u00fccken entfernt. CFK, das steht f\u00fcr Centrum f\u00fcr Freizeit und Kommunikation. Besonders die Kommunikation l\u00f6st das Hotel auch in seiner Bewirtschaftung ein, denn als Embrace-Hotel arbeitet es mit einem hohen Anteil Besch\u00e4ftigter mit Behinderungen. Ich erlebte hier im modernen Ambiente mitten im Gr\u00fcnen eine perfekte Tagungsatmosph\u00e4re f\u00fcr eine F\u00fchrungskr\u00e4ftetagung der F\u00fchrungsakademie Kirche und Diakonie (FAKD). Guter Service, Fitnesscenter, ein besonderes Restaurant und ein freundliches, zuvorkommendes Miteinander. Es ver\u00e4ndert das Denken, wenn die Gaben jedes Einzelnen wahrgenommen werden.<\/p>\n<hr \/>\n<h1><strong>Thale-Neinstedt<\/strong><\/h1>\n<p><img loading=\"lazy\" decoding=\"async\" src=\"https:\/\/www.seele-und-sorge.de\/wp-content\/uploads\/2023\/03\/neinstedt.jpg\" width=\"150\" height=\"112\" align=\"left\" hspace=\"10\" vspace=\"10\" \/><\/p>\n<p>Thale-Neinstedt ist ein kleines St\u00e4dtchen am Rand des Harzes. 1850 gr\u00fcndete das Ehepaar Nathusius dort ein \u201eKnabenrettungsheim\u201c. Die heutige\u00a0<strong><a href=\"https:\/\/www.neinstedt.de\/esn\/angebote\/diakonisches-profil\/\" target=\"_blank\" rel=\"noopener\">Evangelische Stiftung Neinstedt<\/a><\/strong>\u00a0h\u00e4lt zahlreiche Angebote bereit, die behinderten und psychisch kranken Menschen eine Teilhabe an der Gesellschaft erm\u00f6glichen sollen. Mit dem Projekt\u00a0<strong>\u201eDen Zahlen einen Namen geben<\/strong>\u201c und einem anr\u00fchrenden Denkmal\u00a0erinnert die Organisation auch an die Verbrechen, die w\u00e4hrend der NS-Zeit an mehr als tausend Menschen in Neinstedt begangen wurden. Bei\u00a0<a href=\"https:\/\/www.neinstedt.de\/esn\/kontakt\/fuehrungen.php\" target=\"_blank\" rel=\"noopener\"><strong>F\u00fchrungen<\/strong><\/a>\u00a0kann man die Stiftung n\u00e4her kennenlernen. Ich freue mich, den Ort und die engagierten Menschen dort nun auf anderem Wege n\u00e4her kennenzulernen und vielleicht etwas von meinen Erfahrungen einbringen zu k\u00f6nnen, denn zum 1. M\u00e4rz wurde ich dort in den Stiftungsrat berufen.<\/p>\n<hr \/>\n<h1><strong>Wunstorf, Niedersachsen<\/strong><\/h1>\n<p><strong><a href=\"http:\/\/www.begegnungsstaette-buergerpark.de\/Startseite.81.0.html\" target=\"_blank\" rel=\"noopener noreferrer\">Haus der Vielfalt Wunstorf<\/a>: <\/strong>Das Wunstorfer Mehrgenerationenhaus zwischen Hannover und dem Steinhuder Meer ist kein Wohnprojekt, sondern ein Treffpunk mit Bildungs- und Begegnungsangeboten von und f\u00fcr alle Generationen. Mit einer wachsenden Gruppe ehrenamtlich Engagierter ist es gut eingebunden in die Angebote der regionalen Diakonie und Altenhilfe wie in die Arbeit der Kirchengemeinden vor Ort, dabei aber offen f\u00fcr Interessierte aus allen Vereinen und Initiativen der Stadt. Bei den Ehrenamtsworkshops, die ich dort anbiete, erlebe ich diese Offenheit und die Impulse zum Wachstums \u2013 des Hauses, aber auch der Einzelnen, die dorthin kommen!<\/p>\n<hr \/>\n<h1><strong>Wales<\/strong><\/h1>\n<h3 style=\"padding-left: 40px;\"><strong>Wales, Llyn, Plas yn Rhiw<\/strong><\/h3>\n<p style=\"padding-left: 40px;\"><a href=\"https:\/\/www.seele-und-sorge.de\/wp-content\/uploads\/2019\/11\/Bank-bei-den-Keatings.jpeg\"><img loading=\"lazy\" decoding=\"async\" class=\"alignleft size-thumbnail wp-image-4750\" src=\"https:\/\/www.seele-und-sorge.de\/wp-content\/uploads\/2019\/11\/Bank-bei-den-Keatings-150x150.jpeg\" alt=\"\" width=\"150\" height=\"150\" \/><\/a>Ein Juwel der Gartenkunst ist der Garten der drei Keating-Schwestern in <a href=\"https:\/\/www.britainexpress.com\/attractions.htm?attraction=782\" target=\"_blank\" rel=\"noopener noreferrer\"><strong>Plas yn Rhiw<\/strong><\/a> auf der Halbinsel Llyn. Diese engagierten sich nicht nur f\u00fcr die Renovierung des Gutshauses und die Gestaltung des Gartens, sondern hatten auch einen weiteren Blick f\u00fcr den Umgang des Menschen mit der Natur. Beispielsweise konnten sie Netzwerke kn\u00fcpfen, um den Bau eines Atomkraftwerks dort zu verhindern. Wer in ihrem kleinen Reich zwischen den bunten Bl\u00fcten sitzt und aufs Meer schaut, wird sp\u00fcren, dass es lohnt, die Welt mit Liebe zu gestalten. Und mit Respekt.<\/p>\n<h2 style=\"padding-left: 30px;\">__________________<\/h2>\n<h3 style=\"padding-left: 40px;\"><strong>Wales, Plas Newydd<\/strong><\/h3>\n<p style=\"padding-left: 40px;\"><a href=\"https:\/\/www.seele-und-sorge.de\/wp-content\/uploads\/2019\/10\/GArten-Llangollen_BU.jpg\"><img loading=\"lazy\" decoding=\"async\" class=\"alignleft wp-image-4690 size-thumbnail\" src=\"https:\/\/www.seele-und-sorge.de\/wp-content\/uploads\/2019\/10\/GArten-Llangollen_BU-150x150.jpg\" alt=\"\" width=\"150\" height=\"150\" \/><\/a>Die Freundinnen Lady Eleanor Butler und Miss Sarah Ponsonby in Llangollen l\u00f6sten sich fr\u00fch von ihren Familien und wurden in ihrem sch\u00f6nen Fachwerkhaus mit dem englischen Garten in <a href=\"https:\/\/www.denbighshire.gov.uk\/en\/visitor\/places-to-visit\/museums-and-historic-houses\/plas-newydd.aspx\" target=\"_blank\" rel=\"noopener noreferrer\"><strong>Plas Newydd<\/strong><\/a> zum Mittelpunkt eines literarischen Salons. Die lebenslange Partnerschaft der beiden r\u00fchrt bis heute \u2013 eine wunderbare Tafel in der Kirche erinnert daran. Mich hat ihr Garten besonders beeindruckt, mit dessen Erzeugnissen ihre zahlreichen G\u00e4ste bewirtet wurden.<\/p>\n<hr \/>\n<h1><strong>Wien<\/strong><\/h1>\n<p><strong><a href=\"https:\/\/commons.wikimedia.org\/wiki\/File:Kardinal_K%C3%B6nig_Haus.JPG\" target=\"_blank\" rel=\"noopener\"><img loading=\"lazy\" decoding=\"async\" class=\"alignleft wp-image-7065 size-full\" src=\"https:\/\/www.seele-und-sorge.de\/wp-content\/uploads\/2022\/10\/Kardinal_kl_02.jpg\" alt=\"\" width=\"150\" height=\"170\" \/><\/a><\/strong>Das <strong><a href=\"https:\/\/www.kardinal-koenig-haus.at\/\" target=\"_blank\" rel=\"noopener\">Kardinal K\u00f6nig Haus in Wien<\/a><\/strong>\u00a0ist eine Einrichtung der Jesuiten und der Caritas und es ist sowohl Bildungszentrum als auch Tagungshaus. Das \u201eAnliegen der Bildung fachlich und spirituell reifer Pers\u00f6nlichkeiten aus christlicher Verantwortung f\u00fcr die Gesellschaft\u201c, von dem im Leitbild die Rede ist, vermittelt sich auch, wenn man einfach nur zu Gast ist. Angenehm gestaltete R\u00e4umlichkeiten, ausgew\u00e4hlte Kunstwerke und vor allem das so aufmerksame Personal tragen zu einem erf\u00fcllten Aufenthalt bei.<\/p>\n<hr \/>\n<h1><strong>Wuppertal<\/strong><\/h1>\n<p style=\"padding-left: 40px;\">Das <strong><a href=\"https:\/\/aufdemheiligenberg.de\/\">Haus der Vereinten Evangelischen Mission (VEM)<\/a><\/strong>\u00a0Auf dem Heiligen Berg in Wuppertal \u00fcberzeugt durch stimmige Architektur und durch ein Team, bei dem man die Freude an der Arbeit mit den G\u00e4sten sp\u00fcrt. Das angrenzende Museum auf der Hardt erinnert mit einer interessanten Ausstellung an die Geschichte der von hier ausgehenden Mission in Afrika und die so gewaltsame Geschichte des Kolonialismus \u2013 aber auch an die \u00fcber Jahrzehnte gemeinsam erarbeiteten \u00f6kumenischen Beziehungen.<\/p>\n<h2 style=\"padding-left: 30px;\">__________________<\/h2>\n<p style=\"padding-left: 40px;\">Die ehemalige Wichlinghauser Kirche in Wuppertal wurde zum Stadtteilzentrum\u00a0<a href=\"https:\/\/www.kjf-wuppertal.de\/diakonie-im-stadtteil\/wiki\" target=\"_blank\" rel=\"noopener noreferrer\"><strong>Wiki<\/strong><\/a>. Vernetzt mit unterschiedlichsten Tr\u00e4gern in der Stadt bietet das Wiki seit 2015 kulturelle Veranstaltungen wie Angebote im Bereich der Jugend- und Sozialarbeit. Das gem\u00fctliche Caf\u00e9 gibt Raum f\u00fcr Austausch und unkomplizierte Begegnung.<\/p>\n<hr \/>\n<h1><strong>Worpswede<\/strong><\/h1>\n<p><a href=\"https:\/\/www.museum-modersohn.de\/\"><img loading=\"lazy\" decoding=\"async\" class=\"alignleft size-medium wp-image-8001\" src=\"https:\/\/www.seele-und-sorge.de\/wp-content\/uploads\/2025\/09\/Worpswede_300_BU-1-300x257.jpg\" alt=\"\" width=\"300\" height=\"257\" srcset=\"https:\/\/www.seele-und-sorge.de\/wp-content\/uploads\/2025\/09\/Worpswede_300_BU-1-300x257.jpg 300w, https:\/\/www.seele-und-sorge.de\/wp-content\/uploads\/2025\/09\/Worpswede_300_BU-1.jpg 625w\" sizes=\"(max-width: 300px) 100vw, 300px\" \/><\/a>Im Maler- und Dichterdorf Worpswede haben wir in vier Museen die Ausstellung \u201e<strong><a href=\"https:\/\/www.kulturland-teufelsmoor.de\/erlebniswelten\/kunst\/paula-modersohn-becker\/\" target=\"_blank\" rel=\"noopener\">Paula Modersohn-Becker und ihre Weggef\u00e4hrtinnen<\/a><\/strong>\u201c gesehen. Diese K\u00fcnstlerinnen des fr\u00fchen 20. Jahrhunderts leisteten einen bedeutenden Beitrag zur Kunst der Moderne \u2013 und zur Selbstbestimmung von Frauen. Sehr bewusst bezieht das Projekt auch Werke heutiger K\u00fcnstlerinnen etwa aus dem Iran ein, denn der Kampf f\u00fcr weibliche Selbstbestimmung ist keineswegs abgeschlossen. Die Ausstellung endet am 18. Januar 2026. Aber es lohnt sich, auch zu anderen Zeiten sich auf die Spuren gerade der K\u00fcnstlerinnen in Worpswede zu begeben!<\/p>\n<p><span style=\"color: #ffffff;\">.<\/span><\/p>\n<hr \/>\n<h1><strong>Z\u00fcrich<\/strong><\/h1>\n<p>Auch das<a href=\"https:\/\/www.st-josef.ch\/\" target=\"_blank\" rel=\"noopener noreferrer\"><strong> St. Josef<\/strong><\/a>\u00a0 ist eine umgebaute Ordensimmobilie. Es war einmal eine katholische Schule. F\u00fcnf Minuten vom Hauptbahnhof entfernt in der Altstadt von Z\u00fcrich liegt es ganz in der N\u00e4he der katholischen Studentengemeinde sowie der Reformierten Kirche und ist mit dem Restaurant Time out offen geblieben f\u00fcr die Nachbarschaft. Die R\u00e4ume sind pfiffig und liebevoll gestaltet \u2013 vom Schreibtisch \u00fcber den Wasserkocher f\u00fcr Kaffee und Tee bis zur Elektronik! Besonders auff\u00e4llig: Die Schweizer Stecker sind so gestaltet, dass man auch andere europ\u00e4ische Ger\u00e4te gut anschlie\u00dfen kann.<\/p>\n\n\n\n\n\n","protected":false},"excerpt":{"rendered":"<p>Leuchtt\u00fcrme weisen von weitem den Weg. Besonders durchdachte und engagierte Projekte in unterschiedlichen Bereichen machen vor, wie Kirche und Diakonie&#8230; <a href=\"https:\/\/www.seele-und-sorge.de\/?page_id=4218\">read more<\/a><\/p>\n","protected":false},"author":1,"featured_media":0,"parent":6726,"menu_order":10,"comment_status":"closed","ping_status":"closed","template":"","meta":{"footnotes":""},"class_list":["post-4218","page","type-page","status-publish","hentry"],"_links":{"self":[{"href":"https:\/\/www.seele-und-sorge.de\/index.php?rest_route=\/wp\/v2\/pages\/4218"}],"collection":[{"href":"https:\/\/www.seele-und-sorge.de\/index.php?rest_route=\/wp\/v2\/pages"}],"about":[{"href":"https:\/\/www.seele-und-sorge.de\/index.php?rest_route=\/wp\/v2\/types\/page"}],"author":[{"embeddable":true,"href":"https:\/\/www.seele-und-sorge.de\/index.php?rest_route=\/wp\/v2\/users\/1"}],"replies":[{"embeddable":true,"href":"https:\/\/www.seele-und-sorge.de\/index.php?rest_route=%2Fwp%2Fv2%2Fcomments&post=4218"}],"version-history":[{"count":58,"href":"https:\/\/www.seele-und-sorge.de\/index.php?rest_route=\/wp\/v2\/pages\/4218\/revisions"}],"predecessor-version":[{"id":8317,"href":"https:\/\/www.seele-und-sorge.de\/index.php?rest_route=\/wp\/v2\/pages\/4218\/revisions\/8317"}],"up":[{"embeddable":true,"href":"https:\/\/www.seele-und-sorge.de\/index.php?rest_route=\/wp\/v2\/pages\/6726"}],"wp:attachment":[{"href":"https:\/\/www.seele-und-sorge.de\/index.php?rest_route=%2Fwp%2Fv2%2Fmedia&parent=4218"}],"curies":[{"name":"wp","href":"https:\/\/api.w.org\/{rel}","templated":true}]}}