{"id":4169,"date":"2019-01-09T21:05:44","date_gmt":"2019-01-09T20:05:44","guid":{"rendered":"http:\/\/www.seele-und-sorge.de\/?page_id=4169"},"modified":"2019-01-09T21:06:22","modified_gmt":"2019-01-09T20:06:22","slug":"newsletter-nr-14-januar-2019","status":"publish","type":"page","link":"https:\/\/www.seele-und-sorge.de\/?page_id=4169","title":{"rendered":"Newsletter Nr. 14 \/ Januar 2019"},"content":{"rendered":"<p style=\"text-align: center;\"><a href=\"http:\/\/www.seele-und-sorge.de\/wp-content\/uploads\/2019\/01\/newsletter-head_Vorlage_500_250_1.jpg\"><img loading=\"lazy\" decoding=\"async\" class=\"aligncenter wp-image-4148 size-full\" src=\"http:\/\/www.seele-und-sorge.de\/wp-content\/uploads\/2019\/01\/newsletter-head_Vorlage_500_250_1.jpg\" alt=\"\" width=\"600\" height=\"300\" srcset=\"https:\/\/www.seele-und-sorge.de\/wp-content\/uploads\/2019\/01\/newsletter-head_Vorlage_500_250_1.jpg 600w, https:\/\/www.seele-und-sorge.de\/wp-content\/uploads\/2019\/01\/newsletter-head_Vorlage_500_250_1-300x150.jpg 300w\" sizes=\"(max-width: 600px) 100vw, 600px\" \/><\/a><\/p>\n<h4 style=\"text-align: center;\"><span style=\"color: #000000; font-family: Arial, sans-serif; font-size: medium;\"><span style=\"color: #000000; font-family: Arial, sans-serif; font-size: 16px;\"><strong style=\"line-height: 115%; font-family: Verdana, Arial, Helvetica, sans-serif; font-size: 12px;\"><span style=\"font-size: 10pt; line-height: 115%; font-family: Arial; color: #e18800; background-image: initial; background-attachment: initial; background-size: initial; background-origin: initial; background-clip: initial; background-position: initial; background-repeat: initial;\">Brennende Themen. Ideen, Inspirationen und Projekte aus Kirche und Diakonie<\/span><\/strong><\/span><\/span><\/h4>\n<hr \/>\n<h4 style=\"margin: 0px 0px 15px; padding: 0px; vertical-align: baseline; outline: 0px; font-size: 16px; border: 0px; font-family: Arial, sans-serif; color: #000000; line-height: 23px; background-image: initial; background-attachment: initial; background-size: initial; background-origin: initial; background-clip: initial; background-position: initial; background-repeat: initial;\" align=\"center\"><strong style=\"color: #a2bc07; font-family: Arial, sans-serif; font-size: medium;\">THEMEN\u00dcBERSICHT IN DIESEM NEWSLETTER:<\/strong><br \/>\n<span style=\"color: #000000; font-family: Arial, sans-serif; font-size: medium;\"><span style=\"color: #000000; font-family: Arial, sans-serif; font-size: 16px;\"><span style=\"font-family: Arial, sans-serif; color: #e18800;\"><strong> <span style=\"color: #e18800; font-family: Arial;\"><span style=\"font-size: 13.3333px;\">THEODOR FONTANE\u00a0<\/span><\/span><strong style=\"line-height: 115%; font-family: Verdana, Arial, Helvetica, sans-serif; font-size: 12px;\"><span style=\"font-size: 10pt; line-height: 115%; font-family: Arial; color: #e18800; background-image: initial; background-attachment: initial; background-size: initial; background-origin: initial; background-clip: initial; background-position: initial; background-repeat: initial;\"><span style=\"font-size: 10pt; line-height: 115%; font-family: '\u30d2\u30e9\u30ae\u30ce\u89d2\u30b4 Std W8'; color: #e18800; background-image: initial; background-attachment: initial; background-size: initial; background-origin: initial; background-clip: initial; background-position: initial; background-repeat: initial;\">\u2605<\/span>\u00a0<\/span><\/strong><span style=\"color: #e18800; font-family: Arial;\"><span style=\"font-size: 13.3333px;\">\u00a0\u00c4LTERWERDEN ALS EINLADUNG\u00a0<\/span><\/span><strong style=\"line-height: 115%; font-family: Verdana, Arial, Helvetica, sans-serif; font-size: 12px;\"><span style=\"font-size: 10pt; line-height: 115%; font-family: Arial; color: #e18800; background-image: initial; background-attachment: initial; background-size: initial; background-origin: initial; background-clip: initial; background-position: initial; background-repeat: initial;\"><span style=\"font-size: 10pt; line-height: 115%; font-family: '\u30d2\u30e9\u30ae\u30ce\u89d2\u30b4 Std W8'; color: #e18800; background-image: initial; background-attachment: initial; background-size: initial; background-origin: initial; background-clip: initial; background-position: initial; background-repeat: initial;\">\u2605<\/span>\u00a0<\/span><\/strong><span style=\"color: #e18800; font-family: Arial;\"><span style=\"font-size: 13.3333px;\">\u00a0MAKE EUROPE GREAT FOR ALL\u00a0<\/span><\/span><strong style=\"line-height: 115%; font-family: Verdana, Arial, Helvetica, sans-serif; font-size: 12px;\"><span style=\"font-size: 10pt; line-height: 115%; font-family: Arial; color: #e18800; background-image: initial; background-attachment: initial; background-size: initial; background-origin: initial; background-clip: initial; background-position: initial; background-repeat: initial;\"><span style=\"font-size: 10pt; line-height: 115%; font-family: '\u30d2\u30e9\u30ae\u30ce\u89d2\u30b4 Std W8'; color: #e18800; background-image: initial; background-attachment: initial; background-size: initial; background-origin: initial; background-clip: initial; background-position: initial; background-repeat: initial;\">\u2605<\/span>\u00a0<\/span><\/strong><span style=\"color: #e18800; font-family: Arial;\"><span style=\"font-size: 13.3333px;\">\u00a0VERTRAUEN IST HEIMAT\u00a0<\/span><\/span><strong style=\"line-height: 115%; font-family: Verdana, Arial, Helvetica, sans-serif; font-size: 12px;\"><span style=\"font-size: 10pt; line-height: 115%; font-family: Arial; color: #e18800; background-image: initial; background-attachment: initial; background-size: initial; background-origin: initial; background-clip: initial; background-position: initial; background-repeat: initial;\"><span style=\"font-size: 10pt; line-height: 115%; font-family: '\u30d2\u30e9\u30ae\u30ce\u89d2\u30b4 Std W8'; color: #e18800; background-image: initial; background-attachment: initial; background-size: initial; background-origin: initial; background-clip: initial; background-position: initial; background-repeat: initial;\">\u2605<\/span>\u00a0<\/span><\/strong><span style=\"color: #e18800; font-family: Arial;\"><span style=\"font-size: 13.3333px;\">\u00a0SOZIALES IN DER GESELLSCHAFT DER SINGULARIT\u00c4TEN\u00a0<\/span><\/span><strong style=\"line-height: 115%; font-family: Verdana, Arial, Helvetica, sans-serif; font-size: 12px;\"><span style=\"font-size: 10pt; line-height: 115%; font-family: Arial; color: #e18800; background-image: initial; background-attachment: initial; background-size: initial; background-origin: initial; background-clip: initial; background-position: initial; background-repeat: initial;\"><span style=\"font-size: 10pt; line-height: 115%; font-family: '\u30d2\u30e9\u30ae\u30ce\u89d2\u30b4 Std W8'; color: #e18800; background-image: initial; background-attachment: initial; background-size: initial; background-origin: initial; background-clip: initial; background-position: initial; background-repeat: initial;\">\u2605<\/span>\u00a0<\/span><\/strong><span style=\"color: #e18800; font-family: Arial;\"><span style=\"font-size: 13.3333px;\">\u00a0FREIRAUM GEBEN, TR\u00c4UME REIFEN LASSEN<\/span><\/span><\/strong><\/span><\/span><\/span><\/h4>\n<hr \/>\n<h3>Geburtstag eines wachen Zeitgenossen<\/h3>\n<h3><img loading=\"lazy\" decoding=\"async\" src=\"http:\/\/www.seele-und-sorge.de\/wp-content\/uploads\/2019\/01\/Fontane.jpg\" width=\"250\" height=\"274\" align=\"left\" hspace=\"10\" vspace=\"10\" \/><\/h3>\n<p>\u201eOft m\u00f6chte man einfach nur Augen und Ohren zumachen, um immer neue Schreckensmeldungen nicht mehr zu h\u00f6ren. Und ich ertappe mich manchmal bei einer Meldung dabei, dass ich denke: \u201aDas muss ich nicht mehr erleben\u2018\u201c, schrieb eine Freundin zu Weihnachten. \u201eDabei klagen wir wohl auf hohem Niveau\u201c, meinte sie, \u201emein Mann und ich blicken auf eine intakte Familie, die gesund und finanziell abgesichert ist, und auf ein intern friedliches Weihnachtsfest.\u201c\u00a0<strong>Wir sind ja nicht nur Getriebene \u2013 wir k\u00f6nnen uns erinnern, unseren Standort kl\u00e4ren, uns auseinandersetzen.<\/strong>\u00a0Zu Silvester 1895 \u2013 er war gerade f\u00fcnfundsiebzig Jahre geworden \u2013 schrieb\u00a0<strong>Theodor Fontane<\/strong>\u00a0ein Neujahrsgedicht, ein Altersgedicht zugleich. Wir feiern \u00fcbrigens in diesem Jahr seinen 200. Geburtstag. \u201eEigentlich ist mir alles gleich\u201c, dichtet er. \u201eDer eine wird arm, der andre wird reich. Aber mit Bismarck \u2013 was wird das noch geben? Das mit Bismarck, das m\u00f6chte\u2019 ich noch erleben.\u201c Bismarck war im Fr\u00fchjahr achtzig Jahre alt geworden \u2013 und sein Geburtstag hatte das Land in Bewegung gesetzt. Dabei war er seit f\u00fcnf Jahren aus dem Amt entlassen. \u201eEs ist ein Gl\u00fcck, dass wir ihn los sind [&#8230;]\u201c, hatte Fontane geschrieben und damit der allgemeinen Stimmung Ausdruck gegeben. \u201eSeine Gr\u00f6\u00dfe lag hinter ihm\u201c, pointierte er, aber noch aus der zweiten Reihe hatte der so genannte \u201eReichsgr\u00fcnder\u201c enormen Einfluss. Gerade hatten ihm 370 deutsche St\u00e4dte die Ehrenb\u00fcrgerschaft verliehen.<\/p>\n<p>Und wie geht es Ihnen, wenn Sie an Angela Merkel oder Emmanuel Macron denken, an den Brexit oder die Europawahlen \u2013\u00a0<strong>versp\u00fcren Sie Neugier oder \u00dcberdruss?<\/strong>\u00a0\u201eAn nichts nehme ich mein Alter so sehr wahr\u201c, schrieb Fontane schon 1891 an Emilie, seine Frau, \u201eals an dieser Art Interesselosigkeit. Nichts verlohnt sich mehr \u2026\u201c \u201eDenn ich bin nicht wie Bogumil Goltz,\u201c \u2013 ein polnischer Schriftsteller und Zeitgenosse \u2013 \u201eder vor Wuth \u00fcber sein Alter auf den Tisch schlug. Resignieren k\u00f6nnen ist ein Gl\u00fcck und beinahe eine Tugend.\u201c Aber nicht in jedem Lebensbereich. Denn \u201emein Enkel, so viel ist richtig, wird mit n\u00e4chstem vorschulpflichtig, und in etwa vierzehn Tagen wird er eine Mappe tragen. L\u00f6schbl\u00e4tter will ich ins Heft ihm kleben \u2013\u00a0<strong>ja, das m\u00f6cht\u2019 ich noch erleben.<\/strong>\u201c \u201eWenn man sich gedanklich damit befasst, das Leben von hinten zu betrachten \u2013 mit dem letzten Tag als Startpunkt \u2013 und dann dabei versucht, nach Geschichten zu suchen, die erz\u00e4hlenswert sind, dann wird es interessant.\u00a0<strong>Wann kannst du sagen: jawohl, ich habe gelebt?<\/strong>\u201c, fragt Evelyn Wenzel, die Autorin des\u00a0<a style=\"color: #2b6d07;\" href=\"http:\/\/lebensfreude-evelyn-wenzel.com\/\" target=\"_blank\" rel=\"noopener\"><strong>\u201eLebensfreude-Blogs\u201c<\/strong><\/a>. Und sie kommt zu dem Schluss, dass die bewegendsten Momente nicht die sind, in denen wir in unserer Komfortzone vor uns hind\u00fcmpeln. \u201eMeine \u201aGeschichten des Lebens\u2019 sind sehr emotional, mich bewegend, teilweise sehr belastend, aber am Ende immer extrem bereichernd. Doch was habe ich noch vor?\u00a0<strong>Welche Geschichten will ich noch erleben?<\/strong>\u201c Am Jahresanfang, wenn wir pers\u00f6nliche oder ehrenamtliche Projekte planen, Urlaube oder Schwerpunkte f\u00fcr unser weiteres Lernen, dann ist Zeit, solchen Fragen nachzugehen. Eine Sprache lernen vielleicht, ein genossenschaftliches Wohnprojekt gr\u00fcnden, die Polarlichter sehen oder einen Garten in der Stadt anlegen. Jetzt ist Zeit, Projekte in uns reifen zu lassen und eins oder zwei davon in die Tat umzusetzen.<\/p>\n<p>&nbsp;<\/p>\n<h3>\u00c4lterwerden als Einladung<\/h3>\n<h3><img loading=\"lazy\" decoding=\"async\" src=\"http:\/\/www.seele-und-sorge.de\/wp-content\/uploads\/2019\/01\/Veranstaltung-Het-volle-leven.jpg\" width=\"250\" height=\"250\" align=\"left\" hspace=\"10\" vspace=\"10\" \/><\/h3>\n<p><strong>\u201eYou don\u2019t stop dancing because you are old; you are old because you stop dancing\u201c<\/strong>, stand auf einer Karte, die ich zum Geburtstag bekam.\u00a0<a style=\"color: #2b6d07;\" href=\"https:\/\/www.groningermuseum.nl\/kunst\/tentoonstellingen\/hella-en-freek-de-jonge-het-volle-leven%20\" target=\"_blank\" rel=\"noopener\"><strong>\u201eHet Volle Leven\u201c<\/strong><\/a>\u00a0hie\u00df eine Ausstellung, die wir im Oktober in Groningen gesehen haben. Die K\u00fcnstler Hella und Freek de Jonge, beide schon in der \u201edritten Lebensh\u00e4lfte\u201c, waren f\u00fcr vier Wochen ins Museum gezogen, mit ihren B\u00fcchern und Skulpturen, mit K\u00fcche und Kino. Hier moderierten sie Veranstaltungen, luden Besucher zum Fr\u00fchst\u00fcck ein, teilten ihre Kunst mit jedermann und hatten dabei immer ein volles Haus. \u00dcberlegen, was das Wichtigste und Sch\u00f6nste ist in meinem Leben, aber auch, was ich teilen und weitergeben m\u00f6chte, ist ein starker Anreiz zur Selbstpr\u00fcfung und gibt zugleich Resonanz und Ermutigung. Das war in Groningen zu sp\u00fcren, das Kunstmuseum brummte und summte. Auch die Schriftstellerin Ulrike Draesner besch\u00e4ftigt sich mit dem \u00c4lterwerden \u2013 obwohl sie selbst, Jahrgang 1962, damit erst langsam anf\u00e4ngt. Ihr Buch\u00a0<a style=\"color: #2b6d07;\" href=\"https:\/\/www.randomhouse.de\/Buch\/Eine-Frau-wird-aelter\/Ulrike-Draesner\/Penguin\/e532823.rhd\" target=\"_blank\" rel=\"noopener\"><strong>\u201eEine Frau wird \u00e4lter\u201c<\/strong><\/a>\u00a0n\u00e4hert sich diesem in unserer Gesellschaft besonders f\u00fcr Frauen noch so schwierigen Thema jedenfalls auf ebenso kluge wie heitere Weise.<\/p>\n<p>Zum Thema\u00a0<a style=\"color: #2b6d07;\" href=\"http:\/\/www.seele-und-sorge.de\/?page_id=3664\" target=\"_blank\" rel=\"noopener\"><strong>\u201e\u00c4lterwerden im Beruf\u201c<\/strong><\/a>\u00a0und zum \u00dcbergang in den Ruhestand plane ich \u00fcbrigens einen\u00a0<a style=\"color: #2b6d07;\" href=\"http:\/\/www.seele-und-sorge.de\/?event=vortragsreihe-uebergang-in-den-ruhestand\" target=\"_blank\" rel=\"noopener\"><strong>Vortrag am\u00a0<\/strong><strong>29.\u00a0Januar<\/strong><\/a>\u00a0in Hamburg \u2013 als Er\u00f6ffnung einer Reihe in Eilbek. Um die Zukunft der Arbeit wird es auch beim diesj\u00e4hrigen\u00a0<a style=\"color: #2b6d07;\" href=\"https:\/\/www.kirchentag.de\" target=\"_blank\" rel=\"noopener\"><strong>Kirchentag in Dortmund<\/strong><\/a>\u00a0gehen. Am 20. Juni moderiere ich dort in Halle 2 ein spannendes Podium zu diesem Thema. Und am 4.\u00a0April bin ich einen Nachmittag im Pastoralkolleg in Hessen, wo es dann darum geht, wie sich Pfarrer oder Pfarrerinnen auf die n\u00e4chste Wegstrecke vorbereiten.<\/p>\n<h3><img loading=\"lazy\" decoding=\"async\" src=\"http:\/\/www.seele-und-sorge.de\/wp-content\/uploads\/2019\/01\/Netzwerk-Lebensqualitaet-und-Demenz.jpg\" width=\"250\" height=\"253\" align=\"left\" hspace=\"10\" vspace=\"10\" \/><\/h3>\n<p>Was mir ein \u201eSmart Home\u201c nutzen k\u00f6nnte, wenn ich nicht mehr tanzen kann, das habe ich neulich bei der Veranstaltung \u201eWohnen und \u00c4lterwerden\u201c in Neu-Isenburg geh\u00f6rt, bei der ich \u00fcber \u201eNeue Wege im Alter\u201c gesprochen habe. Die kleine Stadt in der N\u00e4he von Frankfurt ist wirklich alternsgerecht aufgestellt mit Seniorenb\u00fcros, Demenznetzwerk, unterschiedlichsten Wohnangeboten. Die geradezu modellhafte Quartiersarbeit wurde \u00fcber Jahre im Vertrauen zwischen Kommune, Kirchengemeinden, Verb\u00e4nden aufgebaut, ganz \u00e4hnlich wie auch in Marbach am Neckar. Und auch in anderen St\u00e4dten und Regionen boomt das Thema Quartiersarbeit, zum Beispiel im Hochtaunus. Dort werde ich am\u00a0<a style=\"color: #2b6d07;\" href=\"http:\/\/www.seele-und-sorge.de\/?event=ueberlegungen-zur-quartiersarbeit-diakonisches-werk-hochtaunus\" target=\"_blank\" rel=\"noopener\"><strong>1.\u00a0Februar<\/strong><\/a>\u00a0mit einem Vortrag teilnehmen.<\/p>\n<p>Wie sich solche Zusammenarbeit auch in Zukunft bew\u00e4hren kann, so dass es auch f\u00fcr Alleinlebende m\u00f6glich wird, bei Pflegebed\u00fcrftigkeit in ihrem Zuhause, in ihrer Nachbarschaft zu bleiben und dort auch zu sterben, das wird im Augenblick an verschiedenen Stellen bedacht.<strong>\u00a0Die Themen \u201eAlter, Pflege und Quartier\u201c verschr\u00e4nken sich mehr und mehr und geh\u00f6ren inzwischen zu meinen Schwerpunkten bei \u201eSeele-und Sorge\u201c<\/strong>. Darum wird es auch gehen bei der\u00a0<a style=\"color: #2b6d07;\" href=\"https:\/\/www.hospiz.at\/wordpress\/wp-content\/uploads\/2018\/12\/Sorge_Symposium_Horizonte_Graz_2019.pdf\" target=\"_blank\" rel=\"noopener\"><strong>Tagung zur neuen Sorgeethik<\/strong><\/a>, die Andreas Heller am 15.\/16. M\u00e4rz in Graz veranstaltet, bei den Hospiztagungen am\u00a0<a style=\"color: #2b6d07;\" href=\"http:\/\/www.seele-und-sorge.de\/?event=29-arnoldshainer-hospiztage-besorgt-versorgt-entsorgt-sorgekultur-im-wandel%20\" target=\"_blank\" rel=\"noopener\"><strong>9.\u00a0M\u00e4rz<\/strong><\/a>\u00a0in Arnoldshain und den 20.\u00a0S\u00fcddeutschen Hospiztagen vom\u00a0<a style=\"color: #2b6d07;\" href=\"https:\/\/www.ev-akademie-baden.de\/html\/veranst\/detail.html?&amp;m=7041&amp;vt=1&amp;tid=223906\" target=\"_blank\" rel=\"noopener\"><strong>3. bis 5. Juli<\/strong><\/a>\u00a0in Bad Herrenalb sowie bei den Hospizgruppen in Borgholzhausen und Bad Iburg, wo ich am\u00a0<a style=\"color: #2b6d07;\" href=\"http:\/\/www.seele-und-sorge.de\/?event=lesung-hospizgruppe-im-suedlichen-landkreis-osnabrueck-2\" target=\"_blank\" rel=\"noopener\"><strong>21. M\u00e4rz<\/strong><\/a>\u00a0mein Buch\u00a0<a style=\"color: #2b6d07;\" href=\"http:\/\/www.seele-und-sorge.de\/?page_id=3542\" target=\"_blank\" rel=\"noopener\"><strong>\u201eNoch einmal ist alles offen\u201c<\/strong><\/a>\u00a0vorstelle.<\/p>\n<p>Noch scheitern viele Initiativen daran, dass die unentgeltliche Sorgearbeit in Erziehung, Pflege, Hauswirtschaft, die vor allem Frauen leisten, oft in \u00dcberlastungssituationen f\u00fchrt und sich zudem noch in geringen Renten niederschl\u00e4gt. Das gilt f\u00fcr Familienarbeit genauso wie f\u00fcr Berufsarbeit und f\u00fcr ehrenamtliche T\u00e4tigkeiten. Auf europ\u00e4ischer Ebene werden zurzeit neue Modelle gedacht, wie sich Carearbeit ganz unabh\u00e4ngig vom Familienstand denken l\u00e4sst. Eine Tagung der Schweizerischen Fachstelle Reformierte im Dialog, bei der ich im Dezember einen Vortrag gehalten habe, widmete sich dem Thema \u201eVielf\u00e4ltige Paare und Familien \u2013 herausgeforderte Kirchen\u201c. Die auf der\u00a0<a style=\"color: #2b6d07;\" href=\"http:\/\/reformierteimdialog.ch\/tagung-vielfaltige-paare-und-familien-herausgeforderte-kirchen\/\" target=\"_blank\" rel=\"noopener\"><strong>Website der Tagung<\/strong><\/a>\u00a0verlinkten Papiere der Vortragenden zu Psychologie und Geschlechterforschung, Politik und Recht (besonders instruktiv f\u00fcr mich der Vortrag von Frau Pfaffinger) sowie Theologie und Kirche vermitteln ein recht differenziertes Bild der Herausforderungen und auch von m\u00f6glichen Antworten.<\/p>\n<p>&nbsp;<\/p>\n<h3>Make Europe great for all!<\/h3>\n<h3><img loading=\"lazy\" decoding=\"async\" src=\"http:\/\/www.seele-und-sorge.de\/wp-content\/uploads\/2019\/01\/Mega_logo.jpg\" width=\"127\" height=\"128\" align=\"left\" hspace=\"10\" vspace=\"10\" \/><\/h3>\n<p><a style=\"color: #2b6d07;\" href=\"https:\/\/megacampaign.eu\" target=\"_blank\" rel=\"noopener\"><strong>\u201eMEGA: Make Europe Great for All\u201c<\/strong><\/a>\u00a0hei\u00dft eine aktuelle Kampagne der\u00a0<a style=\"color: #2b6d07;\" href=\"https:\/\/civilsocietyeurope.eu\/\" target=\"_blank\" rel=\"noopener\"><strong>Europ\u00e4ischen Zivilgesellschaft<\/strong><\/a>, die in Deutschland \u00fcber das Bundesnetzwerk B\u00fcrgerschaftliches Engagement, wo ich mich als Einzelmitglied engagiere,\u00a0<a style=\"color: #2b6d07;\" href=\"https:\/\/www.engagement-macht-stark.de\/aktuelles\/detail\/europaeisch-engagiert\/\" target=\"_blank\" rel=\"noopener\"><strong>promotet<\/strong><\/a>\u00a0wird.\u00a0<strong>Europa als Kulturraum ist in seiner Verschiedenheit zugleich ein Lernraum und ein politisches Feld.\u00a0<\/strong>Gl\u00fccklicherweise habe ich zurzeit des \u00f6fteren Gelegenheit zu Besuchen in der Nachbarschaft: in der Schweiz, wo ich am\u00a0<a style=\"color: #2b6d07;\" href=\"https:\/\/www.tavolata.ch\/\" target=\"_blank\" rel=\"noopener\"><strong>6.\u00a0Mai einen Vortrag in Olten bei Tavolata<\/strong><\/a>\u00a0halte, dem Netzwerk f\u00fcr selbstorganisierte Tischgemeinschaften, in \u00d6sterreich, aber auch im holl\u00e4ndischen Friesland, mit dem wir so viel Kultur und Geschichte teilen. In Groningen entdeckte ich in der Synagoge auch eine Ausstellung \u00fcber Clara Asscher-Pinkoff, die gro\u00dfe P\u00e4dagogin und Frau des dortigen Rabbiners, deren Buch\u00a0<a style=\"color: #2b6d07;\" href=\"https:\/\/www.oetinger.de\/dsgvo\/index.html?return=https:\/\/www.oetinger.de\/nc\/schnellsuche\/titelsuche\/details\/titel\/1301062\/26114\/3256\/Autor\/Clara\/Asscher-Pinkhof\/Sternkinder.html\" target=\"_blank\" rel=\"noopener\"><strong>\u201eSternkinder\u201c<\/strong><\/a>\u00a0\u00fcber die Kinder, die den Davidstern tragen mussten, meine Kindheit begleitet und gepr\u00e4gt hat.<\/p>\n<p><strong>\u201eMake Europe great for all\u201c \u2013\u00a0auch damit Diskriminierung, Antisemitismus, Progrome keinen N\u00e4hrboden finden.<\/strong>\u00a0Eine wichtige Analyse und Inspiration am Beispiel der USA ist \u00a0f\u00fcr mich das Buch\u00a0<a style=\"color: #2b6d07;\" href=\"https:\/\/www.randomhouse.de\/Buch\/Wie-Demokratien-sterben\/Steven-Levitsky\/DVA-Sachbuch\/e529414.rhd%20\" target=\"_blank\" rel=\"noopener\"><strong>\u201eWie Demokratien sterben. Und was wir dagegen tun k\u00f6nnen\u201c<\/strong><\/a>\u00a0von Steven Levitzky und Daniel Ziblatt. Um die Demokratie zu st\u00e4rken, ist es sicherlich auch notwendig,\u00a0<strong>mehr als bisher miteinander ins Gespr\u00e4ch zu gehen<\/strong>, auch mit der AfD. War es richtig, sie beim Kirchentag weitgehend\u00a0<strong><a style=\"color: #2b6d07;\" href=\"https:\/\/www.kirchentag.de\/service\/meldungen\/dortmund\/september_2018\/kirchentag_setzt_ein_zeichen.html\" target=\"_blank\" rel=\"noopener\">au\u00dfen vor zu lassen? (Hier\u00a0die entsprechenden Pressemitteilungen.)<\/a><\/strong>\u00a0Ist die AfD eine\u00a0<a style=\"color: #2b6d07;\" href=\"https:\/\/neukirchener-verlage.de\/index.php?action=artikel&amp;subaction=zeige&amp;var=156.439&amp;sucheID=%20\" target=\"_blank\" rel=\"noopener\"><strong>\u201eAlternative f\u00fcr Christen?\u201c<\/strong><\/a>\u00a0\u2013 dieser Frage gehen der Herausgeber Wolfgang Thielmann und zahlreiche Autoren sehr ernsthaft nach, auch unter \u00dcberschriften wie \u201eFromm und rechts \u2013 das passt zusammen\u201c und \u201eWarum ich f\u00fcr die AfD kandidiere\u201c und mit dem Aufruf: \u201eWir m\u00fcssen reden!\u201c.\u00a0<strong>Dass es aber genau darum geht, wie wir miteinander sprechen, welche Sprache und welche Begriffe wir finden, um unsere Demokratie zu st\u00e4rken<\/strong>, das hat gerade Robert Habeck in seinem klugen Buch\u00a0<a style=\"color: #2b6d07;\" href=\"https:\/\/www.kiwi-verlag.de\/buch\/wer-wir-sein-koennten\/978-3-462-05307-4\/\" target=\"_blank\" rel=\"noopener\"><strong>\u201eWer wir sein k\u00f6nnten\u201c<\/strong><\/a>\u00a0entfaltet. Hilfreich ist sicher auch die\u00a0<a style=\"color: #2b6d07;\" href=\"https:\/\/www.diakonie.de\/broschueren\/handreichung-zum-umgang-mit-rechtspopulismus\/%20\" target=\"_blank\" rel=\"noopener\"><strong>Handreichung der Diakonie<\/strong><\/a>\u00a0f\u00fcr den Umgang mit Rechtspopulismus im Alltag. Die Bundesarbeitsgemeinschaft Kirche und Rechtsextremismus (<a style=\"color: #2b6d07;\" href=\"https:\/\/bagkr.de\/newsletter\/%20\" target=\"_blank\" rel=\"noopener\"><strong>hier<\/strong>\u00a0<\/a>der Link zu deren Newsletter) hat im Dezember in Br\u00fcssel auf einer\u00a0<a style=\"color: #2b6d07;\" href=\"https:\/\/bagkr.de\/aktuelles\/rechtspopulismus-in-europa\/\" target=\"_blank\" rel=\"noopener\"><strong>Tagung<\/strong><\/a>\u00a0unterschiedliche Facetten des Rechtsextremismus in Europa beleuchtet. \u00dcber gute Erfahrungen des Miteinanders, aber auch \u00fcber Misstrauen und Missverst\u00e4ndnisse zwischen Juden, Christen und Muslimen im Nahen Osten schreibt der ehemalige Jerusalemer Propst Uwe Gr\u00e4be in seinem lesenswerten Buch\u00a0<a style=\"color: #2b6d07;\" href=\"http:\/\/lit-verlag.de\/isbn\/3-643-14161-3\" target=\"_blank\" rel=\"noopener\"><strong>\u201eJerusalem, Muristan\u201c<\/strong><\/a>. Wer auf den Geschmack kommen will: In meinem Kraftorte-Blog\u00a0<a style=\"color: #2b6d07;\" href=\"http:\/\/www.seele-und-sorge.de\/?page_id=3847\" target=\"_blank\" rel=\"noopener\"><strong>berichtet<\/strong><\/a>\u00a0Uwe Gr\u00e4be \u00fcber seine Arbeit an Schulen im Libanon und in Jordanien.\u00a0<strong>Ich meine aus eigenem Erleben: Erfahrungen mit den vielf\u00e4ltigen Kulturen und Religionen im Nahen Osten k\u00f6nnen immun machen gegen simple Parolen, in jedem Fall f\u00fchren sie zur Differenzierung, auch in unserem Land.<\/strong>\u00a0Wir brauchen mehr Austausch, nicht nur von Politikern, sondern beispielsweise auch von Jugendlichen, von Kirchen und anderen Glaubensgemeinschaften und von Wissenschaftsnetzwerken.\u00a0<strong>Gerade rund um das Mittelmeer ist so ein Austausch und ist engagiertes Handeln dringend notwendig.<\/strong>\u00a0Wir k\u00f6nnen nicht hinnehmen, dass Monat f\u00fcr Monat hunderte Menschen in dessen Fluten ertrinken, weil Sprachlosigkeit und Gewalt herrschen. Die Initiativen des Netzwerks der\u00a0<a style=\"color: #2b6d07;\" href=\"http:\/\/annalindhstiftung.blogspot.com\/\" target=\"_blank\" rel=\"noopener\"><strong>Anna Lindh Stiftung<\/strong><\/a>, beispielsweise auch ihr mit Erasmus+ organisiertes, leider inzwischen ausgelaufenes Projekt f\u00fcr\u00a0<a style=\"color: #2b6d07;\" href=\"https:\/\/europa.eu\/youth\/erasmusvirtual\/activity\/online-debates_en\" target=\"_blank\" rel=\"noopener\"><strong>Online Debate<\/strong><\/a>, liefern hier gute Beispiele. Ein Projekt, das in Deutschland Gefl\u00fcchtete selbst zur Sprache kommen l\u00e4sst, statt weiter \u00fcber sie zu sprechen, ist \u00fcbrigens\u00a0<strong><a style=\"color: #2b6d07;\" href=\"https:\/\/weiterschreiben.jetzt\/\" target=\"_blank\" rel=\"noopener\">Weiter Schreiben<\/a><\/strong>.<\/p>\n<p>&nbsp;<\/p>\n<h3>Vertrauen ist Heimat<\/h3>\n<h3><a href=\"https:\/\/www.brigitte.de\/leben\/wohnen\/selbermachen\/stricken\/schal-fuers-leben\/spendenaktion--was-ist-der--schal-fuers-leben---und-wie-kann-ich-mitmachen--10208568.html\" target=\"_blank\" rel=\"noopener\"><img loading=\"lazy\" decoding=\"async\" src=\"http:\/\/www.seele-und-sorge.de\/wp-content\/uploads\/2019\/01\/wolle.jpg\" width=\"250\" height=\"253\" align=\"left\" hspace=\"10\" vspace=\"10\" \/><\/a><\/h3>\n<p><strong>Auch an vielen Orten in Deutschland sind Netzwerke f\u00fcr Gefl\u00fcchtete inzwischen fest gekn\u00fcpft.<\/strong>\u00a0\u201eWir sind ein ganzes St\u00fcck entfernt von der Ersthilfe und dem Bereitstellen von Unterk\u00fcnften, Kleidung, M\u00f6beln und der Organisation von Deutschkursen\u201c, sagt Rebekka Hinze vom Evangelischen Fl\u00fcchtlingsnetzwerk an meinem Wohnort Garbsen. \u201eAber wir k\u00f6nnen nie sagen, dass wir am Ziel sind.\u201c Im Netzwerk Willkommen, das 1.100 Neuank\u00f6mmlinge aus den letzten drei Jahren begleitet, treffen sich monatlich Vertreter von Kirchengemeinden, Bildungstr\u00e4gern, Jugendwerkstatt, dem Jobcenter, dem Integrationsbeirat, der Stadt.\u00a0<strong>Effektive Vernetzung und kreative Aktionen sind auch f\u00fcr die Ehrenamtlichen attraktiv:<\/strong>\u00a0eine Schreibwerkstatt, das Rudelstricken f\u00fcr Schals, deren Erl\u00f6s syrischen Fl\u00fcchtlingskindern zugute kommt, und eine N\u00e4hstube geh\u00f6ren dazu, genauso wie ein Solidarit\u00e4tskonzert und eine Freizeit.<\/p>\n<p><strong>Hier gilt das Gleiche wie bei der Nachbarschaftsarbeit mit Pflegebed\u00fcrftigen, den sorgenden Gemeinschaften:<\/strong>\u00a0<strong>\u201eWo Vertrauen ist, ist Heimat<\/strong>\u201c\u00a0\u2013 so formuliert es Henning von Vieregge als Titel seines\u00a0<a style=\"color: #2b6d07;\" href=\"http:\/\/www.seele-und-sorge.de\/?page_id=3584\" target=\"_blank\" rel=\"noopener\"><strong>neuen Buchs<\/strong><\/a>, das ich hier nach denen von Wolfgang Thielmann und Uwe Gr\u00e4be als drittes\u00a0<strong>\u201eBuch von Freunden\u201c<\/strong>\u00a0empfehlen m\u00f6chte. Henning von Vieregge engagiert sich seit Jahren stark f\u00fcr den ehrenamtlichen Einsatz der \u201ePowerager\u201c. Denn f\u00fcr eine Kultur der Sorge spielt die\u00a0<strong>Zivilgesellschaft<\/strong>\u00a0eine wesentliche Rolle. \u00dcber so zahlreiche wie vielf\u00e4ltige Initiativen, mit denen Menschen sich f\u00fcr Dialog und Teilhabe einsetzen, wie auch \u00fcber wissenschaftliche Analysen zu unterschiedlichen Aspekten unserer komplexen Gesellschaft informiert regelm\u00e4\u00dfig der\u00a0<a style=\"color: #2b6d07;\" href=\"https:\/\/www.b-b-e.de\/newsletter-abo\/\" target=\"_blank\" rel=\"noopener\"><strong>Newsletter des BBE<\/strong><\/a>. Besonders aufschlussreich fand ich gerade den Bericht \u00fcber eine\u00a0<a style=\"color: #2b6d07;\" href=\"http:\/\/www.die-teilgeber.de\/\" target=\"_blank\" rel=\"noopener\"><strong>M\u00fcnchener Initiative<\/strong><\/a>, die den Blick auf hiesige Nachbarschaftskulturen sowie auf solche in den Herkunftsl\u00e4ndern Gefl\u00fcchteter warf. Noch bis zum 17. M\u00e4rz zeigt eine\u00a0<strong><a style=\"color: #2b6d07;\" href=\"http:\/\/www.grassimuseum.de\/ausstellungen\/aktuell\/together.html\" target=\"_blank\" rel=\"noopener\">Ausstellung im Leipziger GRASSI Museum f\u00fcr Angewandte Kunst<\/a><\/strong>, wie gemeinschaftliches Wohnen hier funktionierem kann. Mit 32,5 Millionen Euro soll nun die\u00a0<a style=\"color: #2b6d07;\" href=\"http:\/\/sozial-digital.epd.de\/sd\/2019\/01\/02\/?pk_campaign=Tagesausgabe_20190102&amp;pk_source=newsletter&amp;pk_kwd=20190102\" target=\"_blank\" rel=\"noopener\"><strong>neue Ehrenamtsstiftung<\/strong><\/a>\u00a0ausgestattet werden, die das Familienministerium in diesem Jahr auflegen will. Sie soll unter anderem Fortbildungsangebote f\u00fcr Ehrenamtliche durchf\u00fchren und f\u00f6rdern \u2013\u00a0<strong>eine Chance f\u00fcr die Arbeit mit Gefl\u00fcchteten oder auch f\u00fcr die Demenzhelferinnen und Demenzhelfer<\/strong>. In diesen Feldern sind Kirche und Diakonie engagiert, genauso wie im Besuchsdienst oder in der Hospizarbeit. Wie Ehrenamtliche und Berufliche gemeinsam Kirche gestalten, darum geht es in der\u00a0<strong>epd-Dokumentation zum Thema Ehrenamt<\/strong>, die kurz vor Weihnachten erschienen ist und die Sie ab Februar auch auf meiner Website finden werden. Meine Beitr\u00e4ge aus dieser und anderen Publikationen finden Sie auf meiner Website auf der\u00a0<strong><a style=\"color: #2b6d07;\" href=\"http:\/\/www.seele-und-sorge.de\/?page_id=3468\" target=\"_blank\" rel=\"noopener\">Publikationsliste<\/a><\/strong>, genauso wie die Titel meiner unver\u00f6ffentlichten Vortr\u00e4ge.<\/p>\n<p>&nbsp;<\/p>\n<h3>Soziales in der Gesellschaft der Singularit\u00e4ten<\/h3>\n<h3><img loading=\"lazy\" decoding=\"async\" src=\"http:\/\/www.seele-und-sorge.de\/wp-content\/uploads\/2019\/01\/menschen.jpg\" width=\"250\" height=\"167\" align=\"left\" hspace=\"10\" vspace=\"10\" \/><\/h3>\n<p>In einer Zeit der absoluten Individualisierung in der westlichen\u00a0<a style=\"color: #2b6d07;\" href=\"https:\/\/www.suhrkamp.de\/buecher\/die_gesellschaft_der_singularitaeten-andreas_reckwitz_58706.html\" target=\"_blank\" rel=\"noopener\"><strong>\u201eGesellschaft der Singularit\u00e4ten\u201c<\/strong><\/a>\u00a0(Andreas Reckwitz)\u00a0<strong>Gemeinschaften zu st\u00e4rken: Familien, Vereine, Teams im Beruf, auch politische Institutionen, die Demokratie tragen, das ist eine wesentliche Voraussetzung f\u00fcr gesellschaftlichen Zusammenhalt.<\/strong>\u00a0Ein sch\u00f6nes Beispiel ist die Initiative\u00a0<a style=\"color: #2b6d07;\" href=\"https:\/\/www.schule-im-aufbruch.de\/\" target=\"_blank\" rel=\"noopener\"><strong>Schule im Aufbruch<\/strong><\/a>\u00a0der ehemaligen Leiterin der Evangelischen Schule Berlin-Mitte Margret Rasfeld. Welche Rolle Religion dabei spielen kann, darum geht es bei einer Tagung in Hofeismar am\u00a0<a style=\"color: #2b6d07;\" href=\"http:\/\/www.seele-und-sorge.de\/?event=tagung-%20gesellschaft-der-singularitaeten-trifft-religion\" target=\"_blank\" rel=\"noopener\"><strong>15. und 16. Februar in Hofgeismar<\/strong><\/a>, an der ich mich mit einem Workshop beteilige. Ich gehe dort der Bedeutung von Religion, Spiritualit\u00e4t und Gemeinschaft in der sich rasant verwandelnden Arbeitswelt nach \u2013 und Changeprozessen, die ich in der Sozial- und Gesundheitsbranche erlebe.\u00a0<strong>Pflege zum Beispiel kann nicht nur von Einzelnen geleistet werden<\/strong>\u00a0\u2013 Pflege braucht Teamarbeit und eine starke Lobby.\u00a0<a style=\"color: #2b6d07;\" href=\"http:\/\/sozial-digital.epd.de\/sd\/2018\/12\/21\/?pk_campaign=Tagesausgabe_20181221&amp;pk_source=newsletter&amp;pk_kwd=20181221#1-6\" target=\"_blank\" rel=\"noopener\"><strong>Die dramatischen Zahlen, die gerade von neu aufgestellten Nieders\u00e4chsischen Pflegekammer ver\u00f6ffentlicht wurden, zeigen, was passiert, wenn es nur noch um Wirtschaftlichkeit geht<\/strong><\/a>. Jetzt allerdings ist ein heftiger Streit um die Wirtschaftlichkeit der Mitgliedschaft in der Pflegekammer, diesem gerade erst gegr\u00fcndeten Zusammenschluss von Pflegenden, entbrannt: Die (verpflichtenden) Beitr\u00e4ge wurden offenbar zu hoch angesetzt, was den Widerstand von inzwischen 40.000 Mitgliedern, Pflegenden und anderen Interessierten, ausgel\u00f6st hat. Der Versuch, eine gemeinsame Lobby aufzubauen, f\u00fchrt zun\u00e4chst einmal zu \u00f6ffentlichem Streit \u2013 ein Desaster. Wie kann es gelingen, die gemeinsamen Interessen stark zu machen? Ob sich dabei noch etwas lernen l\u00e4sst von den alten diakonischen Schwesternschaften, das besch\u00e4ftigt mich immer wieder bei meiner ehrenamtlichen Arbeit\u00a0<a style=\"color: #2b6d07;\" href=\"https:\/\/www.diakonieverein.de\/\" target=\"_blank\" rel=\"noopener\"><strong>im Evangelischen Diakonieverein Zehlendorf<\/strong><\/a>,\u00a0<strong>der am 11. April 125 Jahre alt wird<\/strong>. Der Diakonieverein hat \u00fcbrigens entschieden, die Pflegekammer-Mitgliedsbeitr\u00e4ge f\u00fcr die Schwestern und Br\u00fcder zu \u00fcbernehmen. Und noch eine gute, l\u00e4ngst \u00fcberf\u00e4llige Nachricht: In diesem Monat sollen die Verhandlungen \u00fcber einen allgemeinverbindlichen Tarifvertrag Altenpflege aufgenommen werden.<\/p>\n<h3><img loading=\"lazy\" decoding=\"async\" src=\"http:\/\/www.seele-und-sorge.de\/wp-content\/uploads\/2019\/01\/Umgenutztes-Gemeindehaus-Wuppertal_4.jpg\" width=\"250\" height=\"283\" align=\"left\" hspace=\"10\" vspace=\"10\" \/><\/h3>\n<p>Nach siebzig Jahren sozialer Marktwirtschaft stehen wir vor gro\u00dfen Herausforderungen: mit Blick auf die sozialen Sicherungssysteme \u2013 hier auch die Rolle der Wohlfahrtsverb\u00e4nde \u2013, aber auch auf den Klimawandel (hierzu auch die epd-Dokumentation 48). Im letzten November ist mir das<strong>\u00a0am Beispiel Wuppertal<\/strong>\u00a0deutlich geworden. Bei meinen Vortr\u00e4gen und Workshops habe ich immer wieder die Gelegenheit, St\u00e4dte, Gemeinden, Netzwerke wahrzunehmen, zu denen ich mich fr\u00fcher einmal zugeh\u00f6rig f\u00fchlte \u2013 M\u00f6nchengladbach oder Kaiserswerth, das Ruhrgebiet oder eben Wuppertal, wo in letzter Zeit Theater geschlossen wurden und zurzeit auch die Schwebebahn nicht f\u00e4hrt.\u00a0<strong>Wo ich Infrastruktur, Kirche, Diakonie und Nachbarschaften kenne, sehe ich \u2013 gerade mit meinem heutigen Blick von au\u00dfen \u2013 besonders deutlich, was sich in den letzten Jahrzehnten ver\u00e4ndert hat.<\/strong>\u00a0Die Kirche in M\u00f6nchengladbach-Rheydt, in der meine Mutter konfirmiert wurde, gibt seit langem einem sozialen Wohnungsbauverein Raum. Und das Gemeindehaus, in dem ich konfirmiert wurde, geh\u00f6rt einem Eventveranstalter \u2013\u00a0<strong>R\u00fcckzugszeichen \u00fcberall. Zugleich aber wachsen neue Ideen<\/strong>, wie im\u00a0<a style=\"color: #2b6d07;\" href=\"https:\/\/www.kjf-wuppertal.de\/diakonie-im-stadtteil\/wiki\/\" target=\"_blank\" rel=\"noopener\"><strong>WiKi<\/strong><\/a>, der zum Stadtteilzentrum umgebauten Wichlinghauser Kirche. Oder auch im\u00a0<a style=\"color: #2b6d07;\" href=\"https:\/\/wupperinst.org\/\" target=\"_blank\" rel=\"noopener\"><strong>Wuppertal Institut f\u00fcr Klima, Umwelt, Energie<\/strong><\/a>. \u201eIn Deutschland und gerade im wirtschaftlich starken Bayern haben wir die Chance, ein \u00f6kologisches Wirtschaftsmodell zu entwickeln, das nicht auf der Zerst\u00f6rung der Natur beruht\u201c, sagte Heinrich Bedford-Strohm k\u00fcrzlich im\u00a0<a style=\"color: #2b6d07;\" href=\"https:\/\/www.evangelisch.de\/inhalte\/154292\/21-12-2018\/interview-mit-dem-ekd-ratsvorsitzenden-heinrich-bedford-strohm\" target=\"_blank\" rel=\"noopener\"><strong>Interview mit dem Evangelischen Pressedienst<\/strong><\/a>: \u201e<strong>Das wird man uns in sp\u00e4testens zehn Jahren f\u00f6rmlich aus den H\u00e4nden rei\u00dfen<\/strong>. Alle, die heute eine Transformation der Wirtschaft vorantreiben, handeln nicht nur entlang ethischer Grundorientierungen, sie sind auch besonders klug.\u201c<\/p>\n<p>Meinen Vortrag zur Zukunft unserer Kirchen und Gemeindeh\u00e4user finden Sie \u00fcbrigens\u00a0<a style=\"color: #2b6d07;\" href=\"http:\/\/www.seele-und-sorge.de\/?page_id=4061\" target=\"_blank\" rel=\"noopener\"><strong>hier<\/strong><\/a>.<\/p>\n<p>&nbsp;<\/p>\n<h3>Freiraum geben, Tr\u00e4ume reifen lassen<\/h3>\n<h3><img loading=\"lazy\" decoding=\"async\" src=\"http:\/\/www.seele-und-sorge.de\/wp-content\/uploads\/2019\/01\/Zeit-1.jpg\" width=\"250\" height=\"253\" align=\"left\" hspace=\"10\" vspace=\"10\" \/><\/h3>\n<p>So allm\u00e4hlich ist alles wieder beim Alten. Der Kalender f\u00fcr das Jahr ist gef\u00fcllt, der Betrieb hat Fahrt aufgenommen. Und die Weihnachtsb\u00e4ume sind l\u00e4ngst geschreddert, aber noch komme ich regelm\u00e4\u00dfig zum Sport, noch kommen sch\u00f6ne Briefe zum neuen Jahr. Und die Tulpen auf dem Esstisch erinnern an die Hoffnung auf den Fr\u00fchling. Wie kommt das Neue in die Welt?<\/p>\n<p>Seit vielen Jahren schreibe ich Tagebuch. Nicht jeden Tag, aber oft am Wochenende und jedenfalls in den Tagen zwischen Weihnachten und Neujahr. Beim R\u00fcckbl\u00e4ttern f\u00e4llt mir auf, wie lang meine Projektlisten zu Beginn des Jahres immer sind. Klar, vieles habe ich umgesetzt, aber manches schiebt sich unerledigt \u00fcber Jahre. Und bleibt ein Traum. Vielleicht weil die Ideen noch nicht stimmig waren? Zu meinen Vorhaben in diesem Jahr geh\u00f6rt \u2013 neben meinem aktuellen, diesmal literarischen Buchprojekt \u2013 ein neuer Anlauf f\u00fcr die diakonischen Pilgerreisen: Das Projekt besch\u00e4ftigt mich, seit ich 2015 \u201eSeele und Sorge\u201c gegr\u00fcndet habe. Aber noch fehlt die entsprechende Resonanz. Nun will ich das Angebot auf zwei Tage \u201eschrumpfen\u201c und mich ab Herbst\/Winter auf das Thema \u201eAltern\u201c konzentrieren. Inspirierende Orte geh\u00f6ren nat\u00fcrlich dazu. So wie die diakonischen Pilgerorte, die wir im Kraftorte-Blog vorstellen, aktuell mit einem sch\u00f6nen Text von\u00a0<a style=\"color: #2b6d07;\" href=\"http:\/\/www.seele-und-sorge.de\/?page_id=4081\" target=\"_blank\" rel=\"noopener\"><strong>G\u00fcnter\u00a0Tischer \u00fcber die Rummelsburger Diakonie<\/strong><\/a>. Und weil uns sch\u00f6ne Orte immer gut tun, hier wieder eine Hotelempfehlung:\u00a0<a style=\"color: #2b6d07;\" href=\"https:\/\/www.tagungshotel-alpenblick.de\/%20\" target=\"_blank\" rel=\"noopener\"><strong>Kolping-Hotel Ohlstadt<\/strong><\/a>\u00a0in der N\u00e4he von Garmisch-Partenkirchen mit herrlichem Alpenblick \u2013 ein perfektes Fortbildungshotel!<\/p>\n<p><strong>\u201eIn der Stille geschehen die gro\u00dfen Dinge\u201c<\/strong>, steht auf einer alten Postkarte, die ich irgendwann ins Tagebuch geklebt hatte. Damals hatte ich das Gef\u00fchl, beruflich auf der Stelle zu treten. Die Freundin, die mir diese Karte schickte, wollte Mut machen, eben nicht nur auf mein Handeln zu vertrauen \u2013 sondern auf das, was wird und w\u00e4chst, w\u00e4hrend ich nur tr\u00e4ume, leide, mich \u00e4rgere. \u201eEs w\u00e4chst viel Brot in der Winternacht\u201c, hei\u00dft es in einem Gedicht von Friedrich Wilhelm Weber. \u201e<strong>Sei still und habe des Wandels acht; es w\u00e4chst viel Brot in der Winternacht<\/strong>\u201c. Die Natur erneuert sich in ihrem Innern, erst dann kann sich der Wandel auch au\u00dfen zeigen. Es braucht Zeit, das Neue wachsen zu lassen. Sich diese Zeit zu lassen, ist nicht so einfach, wenn schon wieder alles auf Hochbetrieb l\u00e4uft. Aber vielleicht gelingt es ja doch, in den gut gef\u00fcllten Kalendern\u00a0<strong>noch ein paar Freir\u00e4ume zu lassen. Leere Seiten<\/strong>: Zeit f\u00fcr Reisen, f\u00fcr Sport, f\u00fcr Tr\u00e4ume, f\u00fcr Gespr\u00e4che und Gebete \u2013 oder einfach nur f\u00fcrs Innehalten und Teetrinken.<\/p>\n<p>Mehr dazu, wenn Sie m\u00f6gen, in meiner Sendung Lebenszeichen im SR2 Kultur am 19.\u00a0Januar.<a style=\"color: #2b6d07;\" href=\"http:\/\/blog.fachstelle-zweite-lebenshaelfte.de\/2018\/12\/28\/ideen-zur-jahreslosung-2019-suche-frieden-und-jage-ihm-nach\/?fbclid=IwAR2TmG_HRyzHJ30IqO9Aa-Nca1yM-kYKLEgk0ptqbRmTfMtExqm25-NeYf8\" target=\"_blank\" rel=\"noopener\"><strong>\u00a0Oder in dem Blog der Fachstelle zweite Lebensh\u00e4lfte der Evangelischen Kirche Kurhessen-Waldeck mit Inspirationen zur Jahreslosung<\/strong><\/a>\u00a0von Annegret Zander.<\/p>\n<p><strong>Mit den besten W\u00fcnschen f\u00fcr ein gesegnetes 2019 verabschiede ich mich diesmal mit einem passenden und vielleicht auch f\u00fcr Sie inspirierenden Gedicht.<\/strong><\/p>\n<p align=\"center\"><em><span style=\"color: #e67409;\"><strong>teebeutel<\/strong><\/span><\/em><\/p>\n<p align=\"center\"><em><span style=\"color: #e67409;\"><strong>I<br \/>\n<\/strong><\/span><\/em><em><span style=\"color: #e67409;\"><strong>nur in sackleinen<\/strong><\/span><\/em><br \/>\n<em><span style=\"color: #e67409;\"><strong>geh\u00fcllt. kleiner eremit<\/strong><\/span><\/em><br \/>\n<em><span style=\"color: #e67409;\"><strong>in seiner h\u00f6hle.<\/strong><\/span><\/em><\/p>\n<p align=\"center\"><em><span style=\"color: #e67409;\"><strong>II<br \/>\n<\/strong><\/span><\/em><em><span style=\"color: #e67409;\"><strong>nichts als ein faden<\/strong><\/span><\/em><br \/>\n<em><span style=\"color: #e67409;\"><strong>f\u00fchrt nach oben. wir geben<\/strong><\/span><\/em><br \/>\n<em><span style=\"color: #e67409;\"><strong>ihm f\u00fcnf minuten.<\/strong><\/span><\/em><\/p>\n<p align=\"center\"><em>Jan Wagner<br \/>\n<\/em><em>(<a style=\"color: #2b6d07;\" href=\"https:\/\/www.lyrikline.org\/de\/gedichte\/teebeutel-6581\" target=\"_blank\" rel=\"noopener\">publiziert auf lyrikline.org<\/a>)<\/em><\/p>\n<p style=\"text-align: left;\" align=\"center\"><span style=\"color: #d48d0b;\"><strong>Ihre Cornelia Coenen-Marx<\/strong><\/span><\/p>\n<table class=\" alignleft\" style=\"line-height: 18px; color: #666666; font-family: 'Helvetica Neue', Helvetica, Arial, sans-serif; font-size: 14px; height: 57px;\" width=\"281\" cellpadding=\"5\" align=\"center\">\n<tbody>\n<tr>\n<td style=\"text-align: center; vertical-align: top;\" align=\"center\" valign=\"top\"><span style=\"font-family: arial, helvetica, sans-serif; font-size: small;\"><a href=\"https:\/\/www.facebook.com\/seeleundsorge\/\" target=\"_blank\" rel=\"noopener noreferrer\"><img decoding=\"async\" src=\"http:\/\/www.seele-und-sorge.de\/wp-content\/uploads\/2016\/06\/facebook_s_kl.png\" alt=\"\" \/><\/a><\/span><\/td>\n<td style=\"text-align: center; vertical-align: top;\" align=\"center\" valign=\"top\"><span style=\"font-family: arial, helvetica, sans-serif; font-size: small;\"><a href=\"https:\/\/www.facebook.com\/cornelia.coenenmarx?fref=ts\"><img decoding=\"async\" src=\"http:\/\/www.seele-und-sorge.de\/wp-content\/plugins\/newsletter\/emails\/themes\/default\/images\/facebook.png\" alt=\"Facebook\" \/><\/a><\/span><\/td>\n<td style=\"text-align: center; vertical-align: top;\" align=\"center\" valign=\"top\"><span style=\"font-family: arial, helvetica, sans-serif; font-size: small;\"><a href=\"https:\/\/twitter.com\/coenen_marx\"><img decoding=\"async\" src=\"http:\/\/www.seele-und-sorge.de\/wp-content\/plugins\/newsletter\/emails\/themes\/default\/images\/twitter.png\" alt=\"\" \/><\/a><\/span><\/td>\n<td style=\"text-align: center; vertical-align: top;\" align=\"center\" valign=\"top\"><span style=\"font-size: small;\"><a href=\"https:\/\/www.linkedin.com\/in\/cornelia-coenen-marx-36b051ba\" target=\"_blank\" rel=\"noopener noreferrer\"><img decoding=\"async\" src=\"http:\/\/www.seele-und-sorge.de\/wp-content\/uploads\/2017\/02\/linkein-1.png\" alt=\"\" \/><\/a><\/span><\/td>\n<td style=\"text-align: center; vertical-align: top;\" align=\"center\" valign=\"top\"><span style=\"font-size: small;\"><a href=\"http:\/\/www.seele-und-sorge.de\" target=\"_blank\" rel=\"noopener noreferrer\"><img decoding=\"async\" src=\"http:\/\/www.seele-und-sorge.de\/wp-content\/uploads\/2017\/02\/webseite-1.png\" alt=\"\" \/><\/a><\/span><\/td>\n<td style=\"text-align: center; vertical-align: top;\" align=\"center\" valign=\"top\"><a href=\"https:\/\/de.wikipedia.org\/wiki\/Cornelia_Coenen-Marx\" target=\"_blank\" rel=\"noopener noreferrer\"><img loading=\"lazy\" decoding=\"async\" src=\"http:\/\/www.seele-und-sorge.de\/wp-content\/uploads\/2017\/04\/wiki_40.png\" width=\"33\" height=\"31\" \/><\/a><\/td>\n<\/tr>\n<\/tbody>\n<\/table>\n<div style=\"color: #888888; margin-top: 20px; text-align: left;\"><\/div>\n<div style=\"color: #888888; margin-top: 20px; text-align: left;\"><\/div>\n<div style=\"color: #888888; margin-top: 20px; text-align: left;\"><span style=\"font-family: arial, helvetica, sans-serif; font-size: small;\">Texte und Bilder, wo nicht anders angegeben \u00a9 Cornelia Coenen-Marx<\/span><\/div>\n","protected":false},"excerpt":{"rendered":"<p>Brennende Themen. Ideen, Inspirationen und Projekte aus Kirche und Diakonie THEMEN\u00dcBERSICHT IN DIESEM NEWSLETTER: THEODOR FONTANE\u00a0\u2605\u00a0\u00a0\u00c4LTERWERDEN ALS EINLADUNG\u00a0\u2605\u00a0\u00a0MAKE EUROPE GREAT&#8230; <a href=\"https:\/\/www.seele-und-sorge.de\/?page_id=4169\">read more<\/a><\/p>\n","protected":false},"author":1,"featured_media":0,"parent":619,"menu_order":37,"comment_status":"closed","ping_status":"closed","template":"","meta":{"footnotes":""},"class_list":["post-4169","page","type-page","status-publish","hentry"],"_links":{"self":[{"href":"https:\/\/www.seele-und-sorge.de\/index.php?rest_route=\/wp\/v2\/pages\/4169"}],"collection":[{"href":"https:\/\/www.seele-und-sorge.de\/index.php?rest_route=\/wp\/v2\/pages"}],"about":[{"href":"https:\/\/www.seele-und-sorge.de\/index.php?rest_route=\/wp\/v2\/types\/page"}],"author":[{"embeddable":true,"href":"https:\/\/www.seele-und-sorge.de\/index.php?rest_route=\/wp\/v2\/users\/1"}],"replies":[{"embeddable":true,"href":"https:\/\/www.seele-und-sorge.de\/index.php?rest_route=%2Fwp%2Fv2%2Fcomments&post=4169"}],"version-history":[{"count":1,"href":"https:\/\/www.seele-und-sorge.de\/index.php?rest_route=\/wp\/v2\/pages\/4169\/revisions"}],"predecessor-version":[{"id":4171,"href":"https:\/\/www.seele-und-sorge.de\/index.php?rest_route=\/wp\/v2\/pages\/4169\/revisions\/4171"}],"up":[{"embeddable":true,"href":"https:\/\/www.seele-und-sorge.de\/index.php?rest_route=\/wp\/v2\/pages\/619"}],"wp:attachment":[{"href":"https:\/\/www.seele-und-sorge.de\/index.php?rest_route=%2Fwp%2Fv2%2Fmedia&parent=4169"}],"curies":[{"name":"wp","href":"https:\/\/api.w.org\/{rel}","templated":true}]}}