{"id":3892,"date":"2018-06-27T18:37:44","date_gmt":"2018-06-27T18:37:44","guid":{"rendered":"http:\/\/www.seele-und-sorge.de\/?page_id=3892"},"modified":"2018-06-27T18:37:44","modified_gmt":"2018-06-27T18:37:44","slug":"newsletter-nr-12-juni-2018","status":"publish","type":"page","link":"https:\/\/www.seele-und-sorge.de\/?page_id=3892","title":{"rendered":"Newsletter Nr. 12 \/ Juni 2018"},"content":{"rendered":"<p style=\"text-align: center;\"><a href=\"http:\/\/www.seele-und-sorge.de\/wp-content\/uploads\/2018\/06\/newsletter-head_Vorlage_500_250_03-1.jpg\"><img loading=\"lazy\" decoding=\"async\" class=\"wp-image-3891 size-full aligncenter\" src=\"http:\/\/www.seele-und-sorge.de\/wp-content\/uploads\/2018\/06\/newsletter-head_Vorlage_500_250_03-1.jpg\" alt=\"\" width=\"600\" height=\"300\" srcset=\"https:\/\/www.seele-und-sorge.de\/wp-content\/uploads\/2018\/06\/newsletter-head_Vorlage_500_250_03-1.jpg 600w, https:\/\/www.seele-und-sorge.de\/wp-content\/uploads\/2018\/06\/newsletter-head_Vorlage_500_250_03-1-300x150.jpg 300w\" sizes=\"(max-width: 600px) 100vw, 600px\" \/><\/a><\/p>\n<h4 style=\"text-align: center;\"><span style=\"color: #000000; font-family: Arial, sans-serif; font-size: medium;\"><span style=\"color: #000000; font-family: Arial, sans-serif; font-size: 16px;\"><strong style=\"line-height: 115%; font-family: Verdana, Arial, Helvetica, sans-serif; font-size: 12px;\"><span style=\"font-size: 10pt; line-height: 115%; font-family: Arial; color: #e18800; background-image: initial; background-attachment: initial; background-size: initial; background-origin: initial; background-clip: initial; background-position: initial; background-repeat: initial;\">Brennende Themen. Ideen, Inspirationen und Projekte aus Kirche und Diakonie<\/span><\/strong><\/span><\/span><\/h4>\n<hr \/>\n<h4 style=\"margin: 0px 0px 15px; padding: 0px; vertical-align: baseline; outline: 0px; font-size: 16px; border: 0px; font-family: Arial, sans-serif; color: #000000; line-height: 23px; background-image: initial; background-attachment: initial; background-size: initial; background-origin: initial; background-clip: initial; background-position: initial; background-repeat: initial;\" align=\"center\"><strong style=\"color: #a2bc07; font-family: Arial, sans-serif; font-size: medium;\">THEMEN\u00dcBERSICHT IN DIESEM NEWSLETTER:<\/strong><br \/>\n<span style=\"color: #000000; font-family: Arial, sans-serif; font-size: medium;\"><span style=\"color: #000000; font-family: Arial, sans-serif; font-size: 16px;\"><span style=\"font-family: Arial, sans-serif; color: #e18800;\"><strong>\u00a0<\/strong><\/span><strong style=\"line-height: 115%; font-family: Verdana, Arial, Helvetica, sans-serif; font-size: 12px;\"><span style=\"font-size: 10pt; line-height: 115%; font-family: Arial; color: #e18800; background-image: initial; background-attachment: initial; background-size: initial; background-origin: initial; background-clip: initial; background-position: initial; background-repeat: initial;\">NACH DER INDUSTRIEARBEIT<span style=\"font-size: 16px; font-weight: 400; color: #e18800; font-family: Arial;\"><span style=\"font-size: 13.3333px;\"><strong>\u00a0<\/strong><\/span><\/span><span style=\"font-size: 10pt; line-height: 115%; font-family: '\u30d2\u30e9\u30ae\u30ce\u89d2\u30b4 Std W8'; color: #e18800; background-image: initial; background-attachment: initial; background-size: initial; background-origin: initial; background-clip: initial; background-position: initial; background-repeat: initial;\">\u2605<\/span>\u00a0BR\u00dcCKEN BAUEN<\/span><\/strong><\/span><\/span><strong style=\"line-height: 115%; font-family: Verdana, Arial, Helvetica, sans-serif; font-size: 12px;\"><span style=\"font-size: 10pt; line-height: 115%; font-family: Arial; color: #e18800; background-image: initial; background-attachment: initial; background-size: initial; background-origin: initial; background-clip: initial; background-position: initial; background-repeat: initial;\">\u00a0<\/span><\/strong><strong style=\"line-height: 115%; font-family: Verdana, Arial, Helvetica, sans-serif; font-size: 12px;\"><span style=\"font-size: 10pt; line-height: 115%; font-family: '\u30d2\u30e9\u30ae\u30ce\u89d2\u30b4 Std W8'; color: #e18800; background-image: initial; background-attachment: initial; background-size: initial; background-origin: initial; background-clip: initial; background-position: initial; background-repeat: initial;\">\u2605<\/span><\/strong><strong style=\"line-height: 115%; font-family: Verdana, Arial, Helvetica, sans-serif; font-size: 12px;\"><span style=\"font-size: 10pt; line-height: 115%; font-family: Arial; color: #e18800; background-image: initial; background-attachment: initial; background-size: initial; background-origin: initial; background-clip: initial; background-position: initial; background-repeat: initial;\">\u00a0CARING COMMUNITYS<\/span><\/strong><span style=\"color: #e18800; font-family: Arial;\"><span style=\"font-size: 13.3333px;\"><strong>\u00a0<\/strong><\/span><\/span><strong style=\"line-height: 115%; font-family: Verdana, Arial, Helvetica, sans-serif; font-size: 12px;\"><span style=\"font-size: 10pt; line-height: 115%; font-family: Arial; color: #e18800; background-image: initial; background-attachment: initial; background-size: initial; background-origin: initial; background-clip: initial; background-position: initial; background-repeat: initial;\"><span style=\"font-size: 10pt; line-height: 115%; font-family: '\u30d2\u30e9\u30ae\u30ce\u89d2\u30b4 Std W8'; color: #e18800; background-image: initial; background-attachment: initial; background-size: initial; background-origin: initial; background-clip: initial; background-position: initial; background-repeat: initial;\">\u2605<\/span>\u00a0<\/span><\/strong><span style=\"color: #e18800; font-family: Arial;\"><span style=\"font-size: 13.3333px;\"><strong>PFLEGE UND GENOSSENSCHAFTEN\u00a0<\/strong><\/span><\/span><strong style=\"line-height: 115%; font-family: Verdana, Arial, Helvetica, sans-serif; font-size: 12px;\"><span style=\"font-size: 10pt; line-height: 115%; font-family: Arial; color: #e18800; background-image: initial; background-attachment: initial; background-size: initial; background-origin: initial; background-clip: initial; background-position: initial; background-repeat: initial;\"><span style=\"font-size: 10pt; line-height: 115%; font-family: '\u30d2\u30e9\u30ae\u30ce\u89d2\u30b4 Std W8'; color: #e18800; background-image: initial; background-attachment: initial; background-size: initial; background-origin: initial; background-clip: initial; background-position: initial; background-repeat: initial;\">\u2605<\/span>\u00a0<\/span><\/strong><span style=\"color: #e18800; font-family: Arial;\"><span style=\"font-size: 13.3333px;\"><strong>LIEBE UND GELD IM EHRENAMT\u00a0<\/strong><\/span><\/span><strong style=\"line-height: 115%; font-family: Verdana, Arial, Helvetica, sans-serif; font-size: 12px;\"><span style=\"font-size: 10pt; line-height: 115%; font-family: '\u30d2\u30e9\u30ae\u30ce\u89d2\u30b4 Std W8'; color: #e18800; background-image: initial; background-attachment: initial; background-size: initial; background-origin: initial; background-clip: initial; background-position: initial; background-repeat: initial;\">\u2605<\/span><\/strong><strong style=\"line-height: 115%; font-family: Verdana, Arial, Helvetica, sans-serif; font-size: 12px;\"><span style=\"font-size: 10pt; line-height: 115%; font-family: Arial; color: #e18800; background-image: initial; background-attachment: initial; background-size: initial; background-origin: initial; background-clip: initial; background-position: initial; background-repeat: initial;\">\u00a0DAS WISSEN DER \u00c4LTEREN<\/span><\/strong><span style=\"color: #e18800; font-family: Arial;\"><span style=\"font-size: 13.3333px;\"><strong>\u00a0<\/strong><\/span><\/span><\/h4>\n<hr \/>\n<h3>Die Feuer erl\u00f6schen. Nach dem Ende der Industriearbeit<\/h3>\n<p><img loading=\"lazy\" decoding=\"async\" src=\"http:\/\/www.seele-und-sorge.de\/wp-content\/uploads\/2018\/06\/Foerderturm_01.jpg\" width=\"300\" height=\"219\" align=\"left\" hspace=\"10\" vspace=\"10\" \/>Mit der Schlie\u00dfung der letzten Zeche Prosper-Haniel in Bottrop endet dieses Jahr der Steinkohlebergbau im Ruhrgebiet. Inzwischen hat die sogenannte <strong><a href=\"https:\/\/www.bmu.de\/meldung\/kommission-wachstum-strukturwandel-und-beschaeftigung-nimmt-arbeit-auf\/\">Kohlekommission<\/a><\/strong>\u00a0ihre Arbeit aufgenommen, bei deren Kohleausstiegspfad es auch um die Braunkohle in der Lausitz geht. Um des Klimas willen, das auch in dem umst\u00e4ndlichen offiziellen Titel gar nicht vorkommt \u2026 <strong>\u201eH\u00f6mma! Dat ist hier nich f\u00fcr zum Spa\u00df\u201c<\/strong> steht auf einer Karte, die ich neulich am Bahnhof in Oberhausen entdeckte. Die Prospekte, die im Hotel am Centro ausliegen, erz\u00e4hlen etwas anderes: Das Ruhrgebiet als Freizeitlandschaft. Gasometer und F\u00f6rdert\u00fcrme sind l\u00e4ngst Museen. <strong>Wie geht es weiter mit der Region \u2013 was brauchen die Menschen?<\/strong> Auf dem Forum des <strong><a href=\"https:\/\/www.kwa-ekd.de\/)),%20\">Verbands Kirche \u2013 Wirtschaft \u2013 Arbeitswelt<\/a><\/strong>, wo das <a href=\"https:\/\/www.kwa-ekd.de\/wp-content\/uploads\/2018\/04\/KWA_Forum_2018-Einladung_180417.pdf\"><strong>diskutiert wurde<\/strong><\/a>, pendelten die L\u00f6sungsversuche zwischen den Extremen, zwischen Industriearbeit \u2013 ganz gleich, ob Pharma-, Energie-, Biotechnologie- oder Kohleindustrie \u2013 und Bedingungslosem Grundeinkommen f\u00fcr eine tief gespaltene Gesellschaft. Und ich erinnerte mich an die Debatten Mitte der neunziger Jahre, als es um Oberhausens Zukunft ging, um die \u201eNeue Mitte\u201c, das Shopping- und Vergn\u00fcgungszentrum, das Menschen vom ganzen Niederrhein anziehen sollte, w\u00e4hrend die Quartiere in der Innenstadt ausbluteten. Damals entschloss sich der Kirchenkreis nach langen Debatten, ein \u00f6kumenisches Kirchenzentrum im \u201eCentro\u201c einzurichten. Die Diskussion drehte sich um die <strong>Frage, was Mittelpunkt unserer St\u00e4dte ist und was die Menschen zusammenh\u00e4lt.<\/strong> Shoppingmalls statt F\u00f6rdert\u00fcrmen?<\/p>\n<p>Die Menschen, die hier malochten, kamen von \u00fcberall her. Hier gibt es D\u00f6ner wie Frikadellen zum Bier und immer Pommes rot-wei\u00df. Handfeste Vielfalt und klare Ansagen. Aber seit die Feuer erloschen sind, ist das Miteinander angeschlagen. Ob die Kirchen daran etwas \u00e4ndern? Nicht nur in Duisburg-Bruckhausen, wo schon vor f\u00fcnfundzwanzig Jahren achtzig Prozent der Kinder im evangelischen Kindergarten muslimisch waren, wurden Kirchen aufgegeben und Gemeinden zusammengeschlossen. Die meist \u00e4lteren Gemeindemitglieder, die in den schrumpfenden Regionen zur\u00fcckgeblieben waren, f\u00fchlten sich verlassen. Es h\u00e4tte ein Warnsignal sein m\u00fcssen, als damals in Duisburg der Streit um den lautsprecherverst\u00e4rkten Gebetsruf losbrach. Vierzig Moscheen hatte irgendwer gez\u00e4hlt. In den Quartieren, wo noch bis in die neunziger Jahre die Sozialdemokratie stark war, wird heute AfD gew\u00e4hlt. <strong>Es gebe inzwischen eine Art \u201eheimatlosen Antikapitalismus\u201c, der zum Treiber der rechtspopulistischen Bewegungen werde, sagt Heinz Bude <a href=\"http:\/\/www.taz.de\/!5497418\/\">in der taz<\/a>.<\/strong> Dahinter steht die diffuse Erfahrung, dass die M\u00e4rkte nicht nur den Wettbewerb um Produkte, Dienstleistungen, Arbeitspl\u00e4tze antreiben, sondern l\u00e4ngst auf Lebensbereiche \u00fcbergreifen, die bislang \u00f6ffentlich und solidarisch organisiert waren. Aber es gibt auch die Gegenbewegungen. <strong>\u201eEine Stadt ist dann gut, wenn sie Menschen miteinander verbindet\u201c, <a href=\"https:\/\/www.randomhouse.de\/Buch\/Stress-and-the-City\/Mazda-Adli\/C-Bertelsmann\/e483451.rhd\">sagt<\/a> der Psychiater Mazda Adli<\/strong> von der Fliedner Klinik in Berlin. Wenn man auch mal B\u00e4nke zusammenschieben und zusammensitzen kann. Immer mehr Autoren sehen das Quartier als den Ort, an dem die Demokratie gest\u00e4rkt werden kann. Welche Aufgaben dabei der Staat und die \u00f6ffentlichen Institutionen anpacken m\u00fcssen und wie sich ihr Dialog mit verschiedenen zivilgesellschaftlichen Gruppen gestalten lie\u00dfe, darum geht es in dem ma\u00dfgeblich von Konrad Hummel mit verfassten <a href=\"http:\/\/www.b-b-e.de\/fileadmin\/inhalte\/aktuelles\/2018\/06\/newsletter-12-hummel.pdf\"><strong>Appell von Mannheim<\/strong><\/a>. Das \u00f6kumenische Kirchenzentrum am Centro in Oberhausen ist \u00fcbrigens <strong><a href=\"http:\/\/www.kirchenzentrum.de\/\">Wirklichkeit geworden<\/a><\/strong>.<\/p>\n<p>&nbsp;<\/p>\n<h3>Kirchen schlie\u00dft man nicht \u2013 vom Zauber der Verwandlung<\/h3>\n<p><img decoding=\"async\" src=\"http:\/\/www.seele-und-sorge.de\/wp-content\/uploads\/2018\/06\/Stadtteilfest_01.jpg\" width=\"300\" height=\"\u201e196\" align=\"left\" hspace=\"10\" vspace=\"10\" \/>\u201eKirchen schlie\u00dft man nicht \u2013 Aufbruch statt Abbruch\u201c ist der Titel einer <a href=\"http:\/\/www.seele-und-sorge.de\/?event=fachtagung-von-wir-sind-nachbarn-alle-in-wuppertal\"><strong>Tagung<\/strong><\/a> im November in Wuppertal. <strong>Es geht um die Frage, wie Kirchenkreise und Gemeinden ihre Immobilien und ihr Sozialkapital nutzen k\u00f6nnen, um Zusammenhalt zu stiften, statt \u00fcber schrumpfende Mitgliederzahlen zu klagen<\/strong> und die verbliebenen H\u00e4user wie Klubr\u00e4ume zu nutzen. Ein gutes Beispiel wurde k\u00fcrzlich auf dem Seniorentag in Dortmund vorgestellt: das <strong><a href=\"https:\/\/www.bonni.org\/%20\">Bonni<\/a><\/strong>\u00a0in Gelsenkirchen-Hassel. Da hat die B\u00fcrgerstiftung <a href=\"https:\/\/www.wir-in-hassel.de\/))%20\"><strong>Wir in Hassel<\/strong><\/a>\u00a0ein Gemeindehaus \u00fcbernommen und zum Gemeinwesenzentrum weiterentwickelt: mit Fahrradwerkstatt und Kantine f\u00fcr die Schule, mit kleinem Theater und Generationentreffs. Und auch mit Gottesdiensten \u2013 im Zentrum und auf dem nahe gelegenen Markt. Zum Tr\u00e4gerverein geh\u00f6ren auch der Mineral\u00f6lkonzern BP und die DITIP mit der T\u00fcrkisch Islamischen Gemeinde Hassel. Das blieb nicht ohne Kritik. Aber Kirche hat sich hier neu entdeckt: als Plattform f\u00fcr Teilhabeprozesse, als Lebensmittelpunkt, als Erm\u00f6glicherin und Herberge auf dem Weg.<\/p>\n<p>&nbsp;<\/p>\n<h3>Alter neu gestalten: Caring Communitys<\/h3>\n<p><img loading=\"lazy\" decoding=\"async\" src=\"http:\/\/www.seele-und-sorge.de\/wp-content\/uploads\/2018\/06\/Seniorentag.jpg\" width=\"300\" height=\"300\" align=\"left\" hspace=\"10\" vspace=\"10\" \/>Es ist kein Zufall, dass das Bonni \u2013 der Name erinnert an Dietrich Bonhoeffer, dem Kirche f\u00fcr andere und mit anderen so wichtig war \u2013 beim Zentrum der Kirchlichen Altenarbeit auf dem Seniorentag in Dortmund <a href=\"http:\/\/www.seele-und-sorge.de\/wp-content\/uploads\/2018\/06\/EAfA-beim-12.-DST-u\u0308berarbeitet.pdf\"><strong>vorgestellt<\/strong><\/a>\u00a0wurde (<a href=\"http:\/\/www.deutscher-seniorentag.de\/\"><strong>hier zur R\u00fcckschau<\/strong><\/a>\u00a0auf den auch insgesamt sehr inspirierenden Seniorentag 2018, den Bundespr\u00e4sident Frank Walter Steinmeier am 28.\u00a0Mai er\u00f6ffnete). <strong>\u201eBr\u00fccken bauen\u201c<\/strong> war das zentrale Motiv der Abschlusserkl\u00e4rung der Bundesarbeitsgemeinschaft der Senioren-Organisationen (BAGSO) und ihrer 117 Mitgliedsorganisationen. Damit sollen nicht nur Seniorinnen und Senioren, sondern Menschen jeden Alters ermutigt werden, auf andere zuzugehen und Teil einer solidarischen Gesellschaft und lebendigen Demokratie zu sein. Soziale Sicherheit, Pflege, Bildung, Digitalisierung \u2013 das sind einige der zentralen Stichworte der <strong><a href=\"http:\/\/www.bagso.de\/fileadmin\/Aktuell\/Positionen\/2018\/Positionspapier_Dortmunder_Erkaerung_MAI_2018.pdf\">Dortmunder Erkl\u00e4rung<\/a><\/strong>. Gerade f\u00fcr \u00c4ltere ist es wichtig, dass die Kirche im Dorf bleibt. \u201eDie Hochbetagten, Dementen und Pflegebed\u00fcrftigen sind von zunehmender Exklusion betroffen und brauchen Unterst\u00fctzung, um auch weiterhin Teil der Gemeinde zu bleiben\u201c, sagt Eckart Hammer aus dem Beirat des Projekts <strong><a href=\"http:\/\/www.alter-neu-gestalten.de\/\">Alter neu gestalten<\/a><\/strong>\u00a0in W\u00fcrttemberg. F\u00fcr sie alle gewinnt der Nahbereich an Bedeutung \u2013 und damit vielleicht auch die Kirchengemeinde. 3,1 Millionen M\u00e4nner, aber nur 2,3 Millionen Frauen zwischen siebzig und neunundsiebzig Jahren haben einen F\u00fchrerschein \u2013 sie sind schnell in ihrem Bewegungsradius eingeschr\u00e4nkt, wenn der Auto fahrende Partner pflegebed\u00fcrftig wird oder stirbt. Vielleicht finden sie im Gemeindehaus <strong>einen Ort, wo sie gefragt sind, wo sie gebraucht werden<\/strong>. Vielleicht an einem der vielen Mittagstische, wo abwechselnd f\u00fcr alle eingekauft und gekocht wird. Oder in einer <strong><a href=\"http:\/\/suetterlinstube.org\/\">S\u00fctterlinstube<\/a><\/strong>, wo \u00c4ltere J\u00fcngeren f\u00fcr \u201e\u00dcbersetzungsdienste\u201c zur Verf\u00fcgung stehen, damit die alten Briefe aus der Familie nicht verloren gehen. In Kornwestheim entstand ein <strong><a href=\"https:\/\/www.ev-kirche-kornwestheim.de\/soziales\/begegnungscafe-auf-dem-friedhof.html\">Begegnungscaf\u00e9 auf dem Friedhof<\/a><\/strong>. Anderswo gibt es regelm\u00e4\u00dfige Shuttlebusse \u2013 kleine B\u00fcrgerbusse bringen die Menschen durchs Quartier: zum Einkaufen, zum Gemeindehaus und auch zum Friedhof. Quartiersarbeit ist nat\u00fcrlich nicht nur ein Thema f\u00fcr die Stadt. Annegret Zander hat mit dem <strong><a href=\"https:\/\/unser-dorf-mooc.de\/\">MOCC-Programm \u201eUnser Dorf\u201c<\/a><\/strong>\u00a0ein wunderbares Lernangebot f\u00fcr l\u00e4ndliche Regionen geschaffen. Die Woche des <strong><a href=\"http:\/\/www.b-b-e.de\/\">Bundesnetzwerks B\u00fcrgerschaftliches Engagement (bbe)<\/a><\/strong>\u00a0ab dem 14.\u00a0September widmet sich in diesem Jahr ebenfalls <strong><a href=\"https:\/\/www.engagement-macht-stark.de\/%20\">Engagement in l\u00e4ndlichen R\u00e4umen<\/a><\/strong>. Solche Themen werden auch bei der Tagung <strong><a href=\"http:\/\/www.seele-und-sorge.de\/?event=fachtag-auf-dem-weg-zu-einer-sorgenden-gemeinde\">Caring Community in Essen, veranstaltet von der Diakonie<\/a><\/strong>, diskutiert.<\/p>\n<p>&nbsp;<\/p>\n<h3>Pflege \u2013 Netzwerke und Genossenschaften<\/h3>\n<p><img loading=\"lazy\" decoding=\"async\" src=\"http:\/\/www.seele-und-sorge.de\/wp-content\/uploads\/2018\/06\/netz.jpg\" width=\"300\" height=\"200\" align=\"left\" hspace=\"10\" vspace=\"10\" \/>Klar ist: Sorgende Gemeinschaften brauchen eine gute Infrastruktur. Ihre F\u00f6rderung muss eingebettet sein in <strong>ein breit angelegtes Kommunalentwicklungsprogramm<\/strong>, wie es der <strong><a href=\"https:\/\/www.siebter-altenbericht.de\/\">Siebte Altenbericht<\/a> <\/strong>fordert.<strong> Aber auch in ein Kirchenreformprogramm<\/strong>. Denn Kirche und Diakonie verf\u00fcgen \u00fcber \u00f6ffentliche R\u00e4ume, beruflich Mitarbeitende, hervorragende Netzwerke \u2013 \u00fcber Sorgestrukturen, die den Aufbruch st\u00fctzen k\u00f6nnen. Damit Menschen leben und sterben k\u00f6nnen, wo sie zu Hause sind. <strong>Immer deutlicher wird, wie notwendig ein integriertes Pflegekonzept ist:<\/strong> im Zentrum die Quartierspflege, in der h\u00e4usliche Pflege, Pflegeberatung, Tages- und Kurzzeitpflege mit Sorgenden Gemeinschaften und auch mit spiritueller Begleitung verkn\u00fcpft sind. Fast drei Viertel der rund drei Millionen pflegebed\u00fcrftigen Menschen in Deutschland werden zu Hause versorgt \u2013 davon 1,4 Millionen ausschlie\u00dflich durch Angeh\u00f6rige. Sie bringen sehr viel Zeit, Geduld und Kraft auf. Etwa jeder Zweite berichtet, physische oder psychische Gewalt durch den pflegebed\u00fcrftigen Menschen erlebt zu haben, <strong><a href=\"https:\/\/www.zqp.de\/wp-content\/uploads\/ZQP_Analyse_Gewalt_informelle_Pflege.pdf\">teilte das Zentrum f\u00fcr Qualit\u00e4t in der Pflege (ZQP) in Berlin mit<\/a><\/strong>, und vierzig Prozent geben an, selbst schon gewaltsam gehandelt zu haben. Das sei auch ein Ausdruck der aufgestauten Wut und der Niedergeschlagenheit. <strong>Denn die H\u00e4lfte der Angeh\u00f6rigen vermisse die Wertsch\u00e4tzung f\u00fcr ihr Engagement<\/strong>. Nach einer bundesweiten <a href=\"https:\/\/www.verdi.de\/presse\/pressemitteilungen\/++co++bd2e4fd6-72d7-11e8-b024-525400940f89\"><strong>Erhebung<\/strong><\/a> der Gewerkschaft ver.di fehlen zudem an Krankenh\u00e4usern und Altenheimen mehr als 140.000 Pflegekr\u00e4fte. So m\u00fcssten die derzeit 370.000 Pflegekr\u00e4fte in Kliniken um 80.000 Fachkr\u00e4fte aufgestockt werden, um eine bedarfsgerechte Versorgung zu erm\u00f6glichen. Und in der station\u00e4ren Altenpflege fehlten 63.000 Fachkr\u00e4fte, um die vorhandenen 450.000 Altenpflegerinnen und Altenpfleger dauerhaft zu entlasten.<\/p>\n<p>Pflegende Angeh\u00f6rige sind \u00fcberlastet, Pflegeeinrichtungen als \u201eletzte Station\u201c sind weit davon entfernt, wirklich hospizlich begleiten zu k\u00f6nnen, <strong>und immer mehr Menschen fragen, was wir tun k\u00f6nnen, um auch im Alter gut leben und schlie\u00dflich sterben zu k\u00f6nnen<\/strong>. Wie in so vielen Kontexten geht es auch hier darum, die Begleitung dialogisch zu verstehen. So fragt die Hospizgruppe in Freising auf ihrer Tagung am 8.\u00a0November <strong><a href=\"http:\/\/www.seele-und-sorge.de\/?event=hospizgruppe-freising-e-v\">\u201eWas wir von den alten Menschen lernen k\u00f6nnen\u201c<\/a><\/strong>. Und auch in der Schweiz wird in diesem Kontext das Konzept der Caring Community diskutiert. Ich spreche dar\u00fcber auf einer gemeinsamen <strong><a href=\"http:\/\/www.seele-und-sorge.de\/?event=fachtagung-caring-community-der-fachgruppe-palliative-care-des-schweizerischen-kirchbunds-sek\">Tagung<\/a><\/strong>\u00a0der Fachverb\u00e4nde Palliative Care des Schweizerischen Evangelischen Kirchenbundes und der Bischofskonferenz am 12.\u00a0September in Z\u00fcrich.<\/p>\n<p>Anl\u00e4sslich des <strong>200. Geburtstags von Friedrich Wilhelm Raiffeisen<\/strong> hat der <a href=\"https:\/\/www.ekir.de\/www\/service\/pm-evangelischer-raiffeisenkongress-in-bonn-eroeffnet-30339.php\"><strong>rheinische Pr\u00e4ses Manfred Rekowski die Innovationskraft des Genossenschaftswesens gew\u00fcrdigt<\/strong><\/a>: \u201eDer Genossenschaftsgedanke \u00fcberzeugt mich, weil er eine Einflussnahme auf die Steuerung eminent wirtschaftlicher Aktivit\u00e4ten m\u00f6glich macht.\u201c Der von seiner christlichen Motivation angetriebene Genossenschaftsgr\u00fcnder (1818\u20131888) war mit seiner Idee \u00fcber die Wirtschaftsunternehmen und Banken hinaus vision\u00e4r. Ende des 19. Jahrhunderts wurden auch Pflegegenossenschaften wie der Evangelische Diakonieverein Zehlendorf entwickelt, dessen Gr\u00fcnder Friedrich Zimmer (1855\u20131919) auch noch andere innovative soziale und pflegerische Projekte ins Leben rief. Diese sozialen Genossenschaften verloren in dem Ma\u00dfe an Bedeutung, wie zun\u00e4chst der Staat als Sozialhilfetr\u00e4ger und dann mehr und mehr der Sozialmarkt die Pflegeaufgaben \u00fcbernahmen. Heute aber werden hier und da wieder Krankenh\u00e4user von Mitarbeitenden in Genossenschaftsstrukturen \u00fcbernommen. Und in den Quartieren gewinnen die alten Pflegevereine neue Bedeutung. <strong>Vielleicht ist es an der Zeit, die Kr\u00e4fte in der Pflege auf neue Weise zu b\u00fcndeln.<\/strong><\/p>\n<p>&nbsp;<\/p>\n<h3>Ehrenamt \u2013 Liebe und Geld<\/h3>\n<p><img decoding=\"async\" src=\"http:\/\/www.seele-und-sorge.de\/wp-content\/uploads\/2018\/06\/jede_oma_01.jpg\" width=\"300\" height=\"\u201e196\" align=\"left\" hspace=\"10\" vspace=\"10\" \/>Vom Seniorentag habe ich einen Button mitgebracht, auf den ich immer wieder angesprochen werde, seit ich ihn an der Jacke trage: <strong><a href=\"https:\/\/www.helpage.de\/projekte-und-themen\/jede-oma-zaehlt\">Jede Oma z\u00e4hlt<\/a><\/strong>. Es geht um die AIDS-Gro\u00dfm\u00fctter in Afrika. Aber allm\u00e4hlich scheint auch unsere Gesellschaft zu begreifen, dass gerade die jungen Alten in die L\u00fccken der Wettbewerbsgesellschaft springen: In Kinderbetreuung, h\u00e4uslicher Pflege und Nachbarschaft stehen sie f\u00fcr Zusammenhalt. <strong>\u00c4ltere Menschen engagieren sich in Vereinen, wo junge Leute immer schwerer Anschluss finden, aber zunehmend auch in B\u00fcrgerinitiativen und Genossenschaften oder in der<\/strong> <strong>Kommunalpolitik.<\/strong> Aus einer Facebookinitiative von zwei K\u00fcnstlerinnen in \u00d6sterreich ging die Bewegung <strong><a href=\"https:\/\/www.omasgegenrechts.com\/\">Omas gegen rechts<\/a>\u00a0<\/strong>hervor, die auch in Deutschland immer erkennbarer wird. Auf der Website gibt es die M\u00f6glichkeit, Buttons zu bestellen, und sogar H\u00e4kelanleitungen f\u00fcr die Oma-gegen-rechts-M\u00fctzen! Allerdings bewegen sich manche ehrenamtlich T\u00e4tige mit \u00dcbungsleiterpauschalen, 450-Euro-Jobs und Bundesfreiwilligendienst in der Grauzone zwischen Erwerbsarbeit und Ehrenamt \u2013 das CSI in Heidelberg spricht von einer dritten Form der Besch\u00e4ftigung, die entsteht, weil viele Menschen eine viel zu prek\u00e4re Besch\u00e4ftigungen oder kleine Rente haben. Die Tafelbewegung in Deutschland wendet sich dem Thema Geld zu und fordert mit einer Petition, dass langj\u00e4hriges Ehrenamt mit Rentenpunkten belohnt wird. <strong><a href=\"https:\/\/www.tafel.de\/ueber-uns\/aktuelle-meldungen\/aktuelle-meldungen-2018\/tafel-petition-rentenpunkte-fuer-das-ehrenamt\/\">Die Tafel-Petition \u201eRentenpunkte f\u00fcr das Ehrenamt\u201c kann online<\/a><\/strong>\u00a0unterst\u00fctzt und mitgezeichnet werden. Und auch die Landeskirchen beginnen, sich dem Thema Monetarisierung zu stellen, so zum Beispiel beim <strong><a href=\"http:\/\/www.kirchliche-dienste.de\/termine-datenbank\/einzelansicht?id=136993\">Tag f\u00fcr Frauen<\/a><\/strong>\u00a0der Evangelisch-lutherischen Kirche in Hannover am 8.\u00a0September, wo ich unter dem Titel <strong><a href=\"http:\/\/www.seele-und-sorge.de\/?event=tag-fuer-frauen\">Auch wer Zeit schenkt, braucht Ressourcen \u2013 Ehrenamt im Spannungsfeld von Geld und Liebe<\/a><\/strong> eine Arbeitsgruppe leite. Einen neuen Aufschlag zum gemeinsamen Engagement von beruflich und freiwillig Engagierten in der Kirche machte eine EKD-weite Tagung im Mai in Schwanenwerder. Der Bericht dar\u00fcber tr\u00e4gt den pr\u00e4gnanten Titel<strong><a href=\"https:\/\/www.engagiert-nordkirche.de\/nachrichten\/detail\/nachricht\/die-theologie-der-engagierten-in-der-kirche-muss-neu-geschrieben-werden.html\"> Die Theologie des Ehrenamts muss neu geschrieben werden<\/a><\/strong>.<\/p>\n<h3><\/h3>\n<h3>Noch immer untersch\u00e4tzt: Das Wissen der \u00c4lteren<\/h3>\n<p><img loading=\"lazy\" decoding=\"async\" src=\"http:\/\/www.seele-und-sorge.de\/wp-content\/uploads\/2018\/06\/westermann_01.jpg\" width=\"197\" height=\"300\" align=\"left\" hspace=\"10\" vspace=\"10\" \/>Wie wir altern, das ist in hohem Ma\u00dfe von der Arbeitswelt abh\u00e4ngig, sagt Andreas Kruse, der auch Vorsitzender der Kommission zum Siebten Altenbericht der Bundesregierung war. Die \u00c4lteren haben viel einzubringen: <strong>Urteilsverm\u00f6gen und Verantwortungsbewusstsein nehmen mit dem Alter zu \u2013 genauso wie konzeptionelles Denken, Kooperations- und Teamf\u00e4higkeit<\/strong>. \u00c4ltere sind ge\u00fcbt, ihr Wissen zu teilen, Mitarbeitende zu informieren und zu motivieren und Modellfunktion f\u00fcr andere zu \u00fcbernehmen. Das sind F\u00e4higkeiten, die man in Leitungspositionen braucht \u2013 die aber auch beim Mentoring oder f\u00fcr Trainer und Trainerinnen wichtig sind. Allerdings ist den meisten gar nicht bewusst, welches Wissen sie im Lauf ihrer Berufskarriere angesammelt haben. <strong>Wem man keine Innovation mehr zutraut, der ist auch nicht mehr innovativ<\/strong>. Viele sind der Meinung, ein Wechsel jenseits der F\u00fcnfundvierzig oder F\u00fcnfzig sei viel zu riskant. Ingrid Blumenthal macht Mut zum Wechsel: \u201eDurchhalten manchmal, ausharren nie\u201c, sagt die Gesch\u00e4ftsf\u00fchrerin einer Pharmafirma und gibt ihr Motto heute an J\u00fcngere weiter. Gro\u00dfe Arbeitgeber wie die Kirchen haben die M\u00f6glichkeit, ihren Mitarbeitenden selbst neue Chancen zu er\u00f6ffnen. Rainer Thiehoff von der Bundesanstalt f\u00fcr Arbeitsschutz hat Praktika in anderen Betrieben vorgeschlagen, um neue F\u00e4higkeiten bei sich selbst zu entdecken. In der Wirtschaft l\u00e4sst sich dies vielleicht \u00fcber die Handwerkskammer organisieren \u2013 in der Kirche \u00fcber Kirchenkreise oder diakonische Verb\u00e4nde.<strong> So kann die Jugendmitarbeiterin f\u00fcr ein paar Monate in der Freiwilligenagentur mitarbeiten, der Verwaltungsmitarbeiter im Management der Fl\u00fcchtlingsarbeit, die Erzieherin in der Schulsozialarbeit.<\/strong> Heute k\u00f6nnten solche Seitenwechsel geb\u00fcndelt angeboten werden wie in der internen Jobb\u00f6rse. Als ich \u00fcber diese Fragen beim <strong><a href=\"http:\/\/www.kvikongress.de\/programm2018.html\">KVI-Netzwerkkongress in Mainz \u201eDen Wandel gestalten\u201c<\/a><\/strong>\u00a0referierte, wurde mir klar, welche Chancen die Digitalisierung hier bietet.<\/p>\n<p><img decoding=\"async\" src=\"http:\/\/www.seele-und-sorge.de\/wp-content\/uploads\/2018\/06\/Pilgern_Kraft_01.jpg\" width=\"300\" height=\"\u201e196\" align=\"left\" hspace=\"10\" vspace=\"10\" \/>\u00dcbrigens funktionierten Diakonissenkarrieren vor langer Zeit ganz selbstverst\u00e4ndlich so \u2013 im Inland wie im Ausland arbeiteten die Frauen in unterschiedlichsten Kontexten. Und die \u201eMutterh\u00e4user\u201c, in denen sie fr\u00fcher wieder zusammenfanden und einander von ihren Erfahrungen berichteten, sind ja bis heute un\u00fcbertreffliche Orte der Gastfreundschaft und des Austauschs. Besuchen Sie doch mal das <strong><a href=\"https:\/\/kaiserswerther-verband.de\/mitgliedshaeuser\/frankfurter-diakonissenhaus\">Diakonissenhaus in Frankfurt<\/a><\/strong>\u00a0(Foto) oder \u00fcbernachten Sie in einem der G\u00e4stezimmer. Ein \u00e4hnlich bewegender Ort, gut zum Tagen und f\u00fcr eine Reiseunterbrechung, ist auch der <strong><a href=\"http:\/\/www.martinshof-diakoniewerk.de\/\">Martinshof in der Oberlausitz<\/a><\/strong>.<\/p>\n<p>\u201eFr\u00fcher war klar: Kinder lernen, Erwachsene arbeiten und die Alten ruhen sich aus. Das ist pass\u00e9\u201c, sagt Ursula Staudinger, die Alternsforscherin aus New York. \u201eWer sich aktiv bem\u00fcht, Ver\u00e4nderungen in der Welt mitzukriegen, wird den Anschluss nicht verlieren. Wir wissen aus der Forschung, dass es wichtig ist, im Leben mehrere Dinge zu haben, f\u00fcr die man sich interessiert.\u201c Mehr und mehr Unternehmen bieten mit Corporate Volunteering oder Senior Expert Service Programme an, die den \u00dcbergang von der Erwerbst\u00e4tigkeit in das b\u00fcrgerschaftliche Engagement der dritten Lebensphase gestalten helfen \u2013 und wo das Potenzial der \u00c4lteren f\u00fcr andere fruchtbar wird (<a href=\"http:\/\/www.scs-diakonie.de\/startseite.html\"><strong>hier<\/strong><\/a> ein \u00fcberzeugendes Beispiel aus der Diakonie).<\/p>\n<p>\u00c4ltere Menschen bei ihren Potenzialen anzusprechen \u2013 darin liegt auch eine gro\u00dfe Chance f\u00fcr die Kirche. <strong>Schauen Sie doch mal auf meiner Homepage nach den <a href=\"http:\/\/www.seele-und-sorge.de\/?page_id=3121\">Workshops zum Thema Ehrenamt<\/a>, die ich beispielsweise f\u00fcr Mehrgenerationenh\u00e4user, Kirchenkreise oder Freiwilligenagenturen anbiete:<\/strong> F\u00fcr alle, die f\u00fcnfundf\u00fcnfzig plus sind, kann es reizvoll sein, \u00fcber die zuk\u00fcnftigen Engagementschwerpunkte nachzudenken. Und f\u00fcr diakonische Unternehmen und Kirchenverwaltungen ist es dringend notwendig, gute Programme f\u00fcr \u00e4ltere Mitarbeitende aufzulegen \u2013 deren Aktualit\u00e4t zeigt sich n\u00e4mlich sp\u00e4testens, wenn die Babyboomer in Rente gehen. Es lohnt sich auch sonst, die frisch \u00fcberarbeitete <strong><a href=\"http:\/\/www.seele-und-sorge.de\/?page_id=138%20\">Rubrik \u201eSeele und Sorge\u201c<\/a><\/strong>\u00a0auf meiner Homepage einmal auf <strong>meine Vortrags- und Seminarthemen<\/strong> hin anzusehen. Unter meinen \u201eLeuchtt\u00fcrmen und Kraftorten\u201c finden Sie auch den Blog mit den Interviews zu diakonischen Kraftorten \u2013 aktuell die inspirierenden <strong><a href=\"http:\/\/www.seele-und-sorge.de\/?page_id=1911\">Schilderungen von Uwe Graebe<\/a><\/strong>, der sich seit drei\u00dfig Jahren im Nahen Osten bewegt und \u00fcber Grenzen und die spirituelle Bedeutung diakonischer Orte spricht.<\/p>\n<h3><\/h3>\n<h3>Was noch zu entdecken ist<\/h3>\n<p><img decoding=\"async\" src=\"http:\/\/www.seele-und-sorge.de\/wp-content\/uploads\/2018\/06\/Schlussfoto.jpg\" width=\"300\" height=\"\u201e196\" align=\"left\" hspace=\"10\" vspace=\"10\" \/>Besonders gefreut hat mich, dass der <strong><a href=\"https:\/\/www.debess.de\/\">Dachverband der evangelischen Blinden- und evangelischen Sehbehindertenseelsorge<\/a><\/strong> mein Buch <strong><a href=\"http:\/\/medibus.info\/index.php?article_id=23&amp;var1=IDN&amp;item1=0083988&amp;field=aghid_alt&amp;maxKurztitel=25&amp;logik=AND&amp;AktuelleSeite=0&amp;ErweiterteSuche=1&amp;werkid=0083988&amp;t=1#trefferdetailsContainer\">\u201eNoch einmal ist alles offen\u201c nun als H\u00f6rbuch<\/a> <\/strong>hat einlesen lassen. Zum Thema meines Buchs <strong><a href=\"http:\/\/www.seele-und-sorge.de\/?page_id=3544\">Aufbr\u00fcche in Umbr\u00fcchen<\/a><\/strong>\u00a0halte ich eine <strong><a href=\"http:\/\/www.seele-und-sorge.de\/?event=frauenmahl-in-hofgeismar\">Tischrede<\/a><\/strong>\u00a0beim <strong><a href=\"http:\/\/www.frauenmahl.de\/\">Frauenmahl<\/a><\/strong>\u00a0am <strong>8.\u00a0September in Hofgeismar<\/strong>. Dass es nicht immer die F\u00fclle sein muss, mit der wir auf Herausforderungen antworten, darauf m\u00f6chte ich in einer Lebenszeichen-Sendung auf SR2 eingehen. Wenn Sie m\u00f6gen, h\u00f6ren Sie doch mal rein: <strong>Am 1.\u00a0September um 10:55 Uhr<\/strong> geht es um <strong><a href=\"http:\/\/www.seele-und-sorge.de\/?event=lebenszeichen-im-sr2-4\">\u201eProaktiv leben \u2013 Verzicht\u201c<\/a><\/strong>. (Falls Sie den \u00dcberblick verloren haben: S\u00e4mtliche Termine und Adressen finden Sie auch auf meiner Website, wo sie st\u00e4ndig <strong><a href=\"http:\/\/www.seele-und-sorge.de\/?page_id=8\">aktuell gehalten<\/a><\/strong> werden.)<\/p>\n<p>&nbsp;<\/p>\n<p><strong><img decoding=\"async\" src=\"http:\/\/www.seele-und-sorge.de\/wp-content\/uploads\/2018\/06\/Oberlisk_03.jpg\" width=\"300\" height=\"\u201e196\" align=\"left\" hspace=\"10\" vspace=\"10\" \/>Noch steht der Obelisk in Kassel<\/strong> \u2013 nach langem Hin und Her wird die Stadt ihn kaufen, wie fr\u00fchere Kunstwerke auch. Aber ob er weiter ein Anziehungs- und Treffpunkt auf dem K\u00f6nigsplatz bleiben wird, ist noch nicht klar. Ein Zeichen auch das? <strong>Wir erleben gerade eine Wende<\/strong> in Sachen Offenheit und Fremdenfreundlichkeit. Da geht es nicht nur um die Auseinandersetzung zwischen CDU und CSU. Auch bei vielen Ehrenamtlichen, die sich mit so viel Engagement und Herzblut f\u00fcr Gefl\u00fcchtete einsetzen, macht sich Ersch\u00f6pfung breit. Vielleicht geht es Ihnen selbst auch so. <strong>Es wird dringend Zeit, die Kr\u00e4fte des Zusammenhalts zu st\u00e4rken<\/strong>, auf politischer Ebene, bei kirchlichen Initiativen und auch im allt\u00e4glichen Miteinander. Ich schreibe diesen Newsletter in der Zeit des Johannesfestes, wenn die Johannesfeuer entz\u00fcndet werden. Lassen Sie sich anstecken von der Kraft des Propheten, der auch in W\u00fcstenzeiten an seiner Zukunftsvision festhielt. Damit die Kraft nicht versiegt, ist es wichtig, das Leben zu feiern, dem wir mit all unserem Engagement dienen wollen! Ich w\u00fcnsche Ihnen einen erholsamen Sommer mit inspirierenden Erfahrungen.<\/p>\n<p><span style=\"color: #d98a23;\"><strong>Ihre Cornelia Coenen-Marx<\/strong><\/span><\/p>\n<table class=\" alignleft\" style=\"line-height: 18px; color: #666666; font-family: 'Helvetica Neue', Helvetica, Arial, sans-serif; font-size: 14px; height: 57px;\" width=\"281\" cellpadding=\"5\" align=\"center\">\n<tbody>\n<tr>\n<td style=\"text-align: center; vertical-align: top;\" align=\"center\" valign=\"top\"><span style=\"font-family: arial, helvetica, sans-serif; font-size: small;\"><a href=\"https:\/\/www.facebook.com\/seeleundsorge\/\" target=\"_blank\" rel=\"noopener noreferrer\"><img decoding=\"async\" src=\"http:\/\/www.seele-und-sorge.de\/wp-content\/uploads\/2016\/06\/facebook_s_kl.png\" alt=\"\" \/><\/a><\/span><\/td>\n<td style=\"text-align: center; vertical-align: top;\" align=\"center\" valign=\"top\"><span style=\"font-family: arial, helvetica, sans-serif; font-size: small;\"><a href=\"https:\/\/www.facebook.com\/cornelia.coenenmarx?fref=ts\"><img decoding=\"async\" src=\"http:\/\/www.seele-und-sorge.de\/wp-content\/plugins\/newsletter\/emails\/themes\/default\/images\/facebook.png\" alt=\"Facebook\" \/><\/a><\/span><\/td>\n<td style=\"text-align: center; vertical-align: top;\" align=\"center\" valign=\"top\"><span style=\"font-family: arial, helvetica, sans-serif; font-size: small;\"><a href=\"https:\/\/twitter.com\/coenen_marx\"><img decoding=\"async\" src=\"http:\/\/www.seele-und-sorge.de\/wp-content\/plugins\/newsletter\/emails\/themes\/default\/images\/twitter.png\" alt=\"\" \/><\/a><\/span><\/td>\n<td style=\"text-align: center; vertical-align: top;\" align=\"center\" valign=\"top\"><span style=\"font-size: small;\"><a href=\"https:\/\/www.linkedin.com\/in\/cornelia-coenen-marx-36b051ba\" target=\"_blank\" rel=\"noopener noreferrer\"><img decoding=\"async\" src=\"http:\/\/www.seele-und-sorge.de\/wp-content\/uploads\/2017\/02\/linkein-1.png\" alt=\"\" \/><\/a><\/span><\/td>\n<td style=\"text-align: center; vertical-align: top;\" align=\"center\" valign=\"top\"><span style=\"font-size: small;\"><a href=\"http:\/\/www.seele-und-sorge.de\" target=\"_blank\" rel=\"noopener noreferrer\"><img decoding=\"async\" src=\"http:\/\/www.seele-und-sorge.de\/wp-content\/uploads\/2017\/02\/webseite-1.png\" alt=\"\" \/><\/a><\/span><\/td>\n<td style=\"text-align: center; vertical-align: top;\" align=\"center\" valign=\"top\"><a href=\"https:\/\/de.wikipedia.org\/wiki\/Cornelia_Coenen-Marx\" target=\"_blank\" rel=\"noopener noreferrer\"><img loading=\"lazy\" decoding=\"async\" src=\"http:\/\/www.seele-und-sorge.de\/wp-content\/uploads\/2017\/04\/wiki_40.png\" width=\"33\" height=\"31\" \/><\/a><\/td>\n<\/tr>\n<\/tbody>\n<\/table>\n<div style=\"color: #888888; margin-top: 20px; text-align: left;\"><\/div>\n<div style=\"color: #888888; margin-top: 20px; text-align: left;\"><\/div>\n<div style=\"color: #888888; margin-top: 20px; text-align: left;\"><span style=\"font-family: arial, helvetica, sans-serif; font-size: small;\">Texte und Bilder, wo nicht anders angegeben \u00a9 Cornelia Coenen-Marx<\/span><\/div>\n","protected":false},"excerpt":{"rendered":"<p>Brennende Themen. Ideen, Inspirationen und Projekte aus Kirche und Diakonie THEMEN\u00dcBERSICHT IN DIESEM NEWSLETTER: \u00a0NACH DER INDUSTRIEARBEIT\u00a0\u2605\u00a0BR\u00dcCKEN BAUEN\u00a0\u2605\u00a0CARING COMMUNITYS\u00a0\u2605\u00a0PFLEGE UND&#8230; <a href=\"https:\/\/www.seele-und-sorge.de\/?page_id=3892\">read more<\/a><\/p>\n","protected":false},"author":1,"featured_media":0,"parent":619,"menu_order":39,"comment_status":"closed","ping_status":"closed","template":"","meta":{"footnotes":""},"class_list":["post-3892","page","type-page","status-publish","hentry"],"_links":{"self":[{"href":"https:\/\/www.seele-und-sorge.de\/index.php?rest_route=\/wp\/v2\/pages\/3892"}],"collection":[{"href":"https:\/\/www.seele-und-sorge.de\/index.php?rest_route=\/wp\/v2\/pages"}],"about":[{"href":"https:\/\/www.seele-und-sorge.de\/index.php?rest_route=\/wp\/v2\/types\/page"}],"author":[{"embeddable":true,"href":"https:\/\/www.seele-und-sorge.de\/index.php?rest_route=\/wp\/v2\/users\/1"}],"replies":[{"embeddable":true,"href":"https:\/\/www.seele-und-sorge.de\/index.php?rest_route=%2Fwp%2Fv2%2Fcomments&post=3892"}],"version-history":[{"count":5,"href":"https:\/\/www.seele-und-sorge.de\/index.php?rest_route=\/wp\/v2\/pages\/3892\/revisions"}],"predecessor-version":[{"id":3897,"href":"https:\/\/www.seele-und-sorge.de\/index.php?rest_route=\/wp\/v2\/pages\/3892\/revisions\/3897"}],"up":[{"embeddable":true,"href":"https:\/\/www.seele-und-sorge.de\/index.php?rest_route=\/wp\/v2\/pages\/619"}],"wp:attachment":[{"href":"https:\/\/www.seele-und-sorge.de\/index.php?rest_route=%2Fwp%2Fv2%2Fmedia&parent=3892"}],"curies":[{"name":"wp","href":"https:\/\/api.w.org\/{rel}","templated":true}]}}