{"id":3468,"date":"2018-03-28T07:07:24","date_gmt":"2018-03-28T07:07:24","guid":{"rendered":"http:\/\/www.seele-und-sorge.de\/?page_id=3468"},"modified":"2026-01-16T21:03:57","modified_gmt":"2026-01-16T20:03:57","slug":"artikel-und-bucheintraege-2","status":"publish","type":"page","link":"https:\/\/www.seele-und-sorge.de\/?page_id=3468","title":{"rendered":"Artikel und Buchbeitr\u00e4ge"},"content":{"rendered":"<hr \/>\n<h2><strong>2025<\/strong><\/h2>\n<p><strong>\u201eMit dem Alter sieht man besser\u201c <\/strong>Beitrag f\u00fcr \u201eWandelmutig. Der Frauenkalender\u201c, 24. KW, 8. bis 14. Juni 2026<\/p>\n<p><strong>\u201eImpulse personzentrierter Pflege\u201c<\/strong> In: Pflegen. Zeitschrift des Evangelischen Fach- und Berufsverbands f\u00fcr Pflege und Gesundheit (EFAKS). Sonderheft MITTENDRIN: \u201ePflegekultur: Traditionen unter Druck\u201c, Dezember 2025<\/p>\n<p><a href=\"https:\/\/www.seele-und-sorge.de\/?page_id=8027\"><strong>\u201eWas mein Leben heller macht\u201c<\/strong><\/a> In: Marlene Fritsch, Angela Krumpen, <a href=\"https:\/\/www.novemberlicht.com\/\">\u201eNovemberlicht\u201c<\/a>, November 2025<\/p>\n<h2><strong>2024<\/strong><\/h2>\n<p><strong>Sorgende Gemeinschaften \u2013 leibhaftige Spiritualit\u00e4t <\/strong>In Spiritual Care 2\/2024<\/p>\n<p><strong>Rezension zu Rebecca Kunz:<\/strong> <strong>Der Liebe nah \u2013 Abschied nehmen und trauern <\/strong>In: <a href=\"https:\/\/bundes-verlag.net\/p-s-magazin-fuer-psychotherapie-und-seelsorge\">Psychotherapie &amp; Seelsorge<\/a>, Heft 2, 2024<\/p>\n<h2><strong>2023<\/strong><\/h2>\n<p><b>\u201eGottes bunte Gemeinde. Chancen und Grenzen der Inklusion in der Evangelischen Kirche\u201c <\/b>In: Lars Brun, J\u00fcrgen Homann (Hg.), <a href=\"https:\/\/shop.kohlhammer.de\/religionen-inklusiv-33652.html#147=22\">Religionen inklusiv. Zur Dekonstruktion (nicht) behinderter K\u00f6rper<\/a>, Stuttgart, Kohlhammer, 2023<\/p>\n<p><strong>\u201eHoffnungsanker\u201c und \u201eEine Stimme gegen das Vergessen\u201c. <\/strong>Kalendertexte <a href=\"https:\/\/www.chrismonshop.de\/petra-heilig-susanne-herzog-andrea-langenbacher-mit-mut-der-frauenkalender-2024-4624.html\">im Frauenkalender 2024<\/a><\/p>\n<p><strong>\u201eStreit ums heilige Land\u201c <\/strong>zu 21. So. n. Trinitatis | Gen 13,1\u201312 (13\u201318) In: <a href=\"https:\/\/www.theologie.uzh.ch\/predigten\/genesis-131-12\/\">G\u00f6ttinger Predigten im Internet<\/a>, 29. Oktober 2023<\/p>\n<p><strong>\u201eEndlich kein Tabu mehr\u201c <\/strong>In: <a href=\"https:\/\/www.eva-leipzig.de\/product_info.php?info=p5539_Einsamkeit--PGP-4-2023-.html\">Praxis Gemeindep\u00e4dagogik<\/a>, Heft 4, Einsamkeit, Dezember 2023<\/p>\n<p>Zusammen mit Christine Falk: <strong>\u201eFamilien am Anschlag\u201c <\/strong>In: <a href=\"https:\/\/www.praxis-gemeindepaedagogik.de\/?p=938\">Praxis Gemeindep\u00e4dagogik<\/a>, Heft 3, Familie, Juli 2023<\/p>\n<p><strong>\u201eWorauf es ankommt\u201c <\/strong>In: <a href=\"https:\/\/cig-online.de\/chriscare\/\">ChrisCare<\/a>, Heft 1, Gehen oder bleiben, 2023<\/p>\n<p>Zusammen mit Wiebke K\u00f6hler:<strong> \u201eWie Ostern geht\u201c <\/strong>zu Joh 5,19\u201321 In: <a href=\"https:\/\/www.herder.de\/pb\/shop\/p9\/82464-predigtstudien-2023-2024-1-halbband-ebook-pdf\/\">Predigtstudien<\/a>, VI, 1. Halbband 2024<\/p>\n<p><strong>\u201eMehrfacherf\u00fcllung statt Doppelbelastung\u201c. <\/strong><a href=\"https:\/\/www.seele-und-sorge.de\/?page_id=3584\"><strong>Rezension<\/strong><\/a><strong> zu: Ina Praetorius, Uta Meyer-Gr\u00e4we: Um-Care. Wie Sorgearbeit die Wirtschaft revolutioniert<\/strong> In: <a href=\"https:\/\/bundes-verlag.net\/p-s-erwachsen-3-2023\">Psychotherapie &amp; Seelsorge<\/a>, Heft 3, 2023<\/p>\n<p><strong>\u201e\u2018An Einsamkeit stirbt man blo\u00df l\u00e4nger als an Corona\u2018. Einsamkeit in der Single-Gesellschaft\u201c <\/strong>In: <a href=\"https:\/\/www.evangelische-aspekte.de\/an-einsamkeit-stirbt-man-bloss-laenger-als-an-corona\/\">Evangelische Aspekte<\/a>, 33. Jahrgang, Heft 1, Februar 2023<\/p>\n<p><strong>\u201eGespr\u00e4che \u00fcber Leben und Tod\u201c. Rezension zu Elke B\u00fcdenbender und Eckart Nagel, Der Tod ist mir nicht unvertraut<\/strong> In: <a href=\"https:\/\/bundes-verlag.net\/p-s-magazin-fuer-psychotherapie-und-seelsorge\">Psychotherapie &amp; Seelsorge<\/a>, Heft 1, 2023<\/p>\n<p><strong>\u201eDie himmlische Werkstatt\u201c. Gottesn\u00e4he in allt\u00e4glichen Begegnungen\u201c<\/strong> In: <a href=\"https:\/\/www.vandenhoeck-ruprecht-verlage.com\/themen-entdecken\/theologie-und-religion\/praktische-theologie\/58237\/pastoraltheologie-ohne-gpm-2023-jg-112-heft-1\">Pastoraltheologie<\/a>, 43. Jahrgang, Heft 1 2023<\/p>\n<p><strong>\u201eNeue Freir\u00e4ume nutzen \u2013 alte Tr\u00e4ume gestalten: Von der Erwerbsarbeit zum nachberuflichen Engagement\u201c<\/strong> In: Pastoraltheologie 111. Jg, S 473<\/p>\n<h2><\/h2>\n<h2><strong>2022<\/strong><\/h2>\n<p><strong>\u201eNeue Freir\u00e4ume nutzen \u2013 alte Tr\u00e4ume gestalten: Von der Erwerbsarbeit zum nachberuflichen Engagement\u201c <\/strong>in <a href=\"https:\/\/www.vandenhoeck-ruprecht-verlage.com\/zeitschriften-und-kapitel\/9493\/pastoraltheologie-ohne-gpm\" target=\"_blank\" rel=\"noopener\">Pastoraltheologie<\/a>, Dezember 2022<\/p>\n<p><strong>Hospizarbeit im Umbruch? Corona, Sorgekultur, Suizidassistenz <\/strong>in <a href=\"https:\/\/www.epd.de\/fachdienst\/dokumentation\/ausgaben_2022\" target=\"_blank\" rel=\"noopener\">epd Dokumentation<\/a> 42, 18. Oktober 2022<\/p>\n<p><strong>\u201e\u2018Mir kann niemand mehr helfen\u2018. Sterbew\u00fcnsche zwischen Selbstbestimmung, Einsamkeit und Sorgenetzen\u201c<\/strong> in: <a href=\"https:\/\/www.efaks.de\/ausgaben-im-ueberblick\/\" target=\"_blank\" rel=\"noopener\">PFLEGEN<\/a>, September 2022<\/p>\n<p><strong>\u201eGl\u00fcck und Seligkeit\u201c <\/strong>in: <a href=\"https:\/\/www.gruppe153.de\/publikationen\/aufschluesse\/aktuelle-ausgabe\/\">Aufschl\u00fcsse<\/a> Heft 84, August 2022<\/p>\n<p><strong>\u201eAndere Welt \u2013 anderer Blick?\u201c<\/strong> in: <a href=\"https:\/\/www.evangelische-zeitung.de\/wp-content\/uploads\/2022\/07\/EvSt_22_07_Leseprobe_.pdf\" target=\"_blank\" rel=\"noopener\">Evangelische Stimmen<\/a>, 7\/2022<\/p>\n<p><strong>\u201eGl\u00fcck-Seligkeit oder: wer glaubt, hat mehr als ein gutes Leben?\u201c<\/strong> in: <a href=\"https:\/\/www.gruppe153.de\/publikationen\/aufschluesse\/aktuelle-ausgabe\/\" target=\"_blank\" rel=\"noopener\">Aufschl\u00fcsse, Nr. 84<\/a>, August 2022<\/p>\n<p><strong>\u201eLoslassen und neu beginnen\u201c <\/strong>in: <a href=\"https:\/\/www.ekiba.de\/media\/download\/integration\/444048\/2022-01_ganz-persoenlich.pdf?stichwortsuche=Loslassen%2Cneu%2Cbeginnen%2CNeues%2Closlassen%2Cneues%2CBeginn%2Cneue\" target=\"_blank\" rel=\"noopener\">ganz pers\u00f6nlich. Magazin der Evangelischen Frauen in Bade<\/a>n, 1\/2022<\/p>\n<p><strong>\u201eDie Vielfalt w\u00e4chst. Warum es richtig ist, private Lebens- und Sorgemodelle rechtlich neu abzusichern\u201c<\/strong> in: <a href=\"https:\/\/www.zeitzeichen.net\/node\/9636\" target=\"_blank\" rel=\"noopener\">Zeitzeichen 4\/2022<\/a><\/p>\n<p><strong>\u201eDas Beziehungsnetz der Generationen ist stark. Aber ein gerechter Ausgleich muss jetzt dennoch neu verhandelt werden\u201c <\/strong>in: <a href=\"https:\/\/www.evangelische-aspekte.de\/beziehungsnetz-der-generationen\/\" target=\"_blank\" rel=\"noopener\">Evangelische Aspekte, 32. Jahrgang, Heft 1<\/a>, Februar 2022<\/p>\n<p><strong>\u201eKirche ohne Ehrenamt?\u201c<\/strong> In: <a href=\"https:\/\/www.eva-leipzig.de\/product_info.php?info=p5264_Familienorientierung-staerken.html\">Lars Charbonnier, Antje Pech, Franziska Woellert (Hg.), \u201eFamilienorientierung st\u00e4rken. Evangelische Arbeitgeber zwischen Innovation und Tradition\u201c<\/a>, Leipzig, Evangelische Verlagsanstalt, 2022<\/p>\n<p><strong>\u201eSich regen bringt Segen\u201c <\/strong>In: Angelika Ga\u00dfmann, <a href=\"https:\/\/www.lambertus.de\/offboarding-3350-8\/\">Offboarding. Fach- und F\u00fchrungskr\u00e4fte verlassen die Organisation<\/a>, Freiburg, Lambertus, 2022<\/p>\n<p><strong>\u201e\u00c4ltere als Gestalter des Sozialraums\u201c<\/strong> In: Bernt Renzenbrink, Gerhard Wegner (Hg.), <a href=\"https:\/\/www.eva-leipzig.de\/de\/engagement-im-ruhestand-e-book-1\">Engagement im Ruhestand<\/a>, Leipzig, Evangelische Verlagsanstalt, 2022<\/p>\n<p><strong>\u201eOma trotzt Corona\u201c <\/strong>In: Theresa Kaya (Hg.), <a href=\"https:\/\/shop.autorenwelt.de\/products\/von-frau-zu-frau-von-undefined?variant=40034769666141\">Von Frau zu Frau. Praxishandbuch Biografiearbeit aus weiblicher Perspektive<\/a>, Weinheim, Beltz, 2022<\/p>\n<p><strong>\u201eAuf dem Weg zum neuen Wir\u201c <\/strong>in: Evangelische Theologie, Themenheft Diakonische Kirche werden, 82. Jahrgang, 1\/2022<\/p>\n<p><strong>\u201e\u00c4ltere als Gestalter des Sozialraums\u201c<\/strong> In: Bernt Renzenbrink, Gerhard Wagner (Hg.): <a href=\"https:\/\/www.eva-leipzig.de\/product_info.php?info=p5235_Engagement-im-Ruhestand.html&amp;XTCsid=6c1e19bc3e01c22480455e46e3651d67\" target=\"_blank\" rel=\"noopener\">Engagement im Ruhestand<\/a>, Leipzig 2022<\/p>\n<p><strong>\u201eSich regen bringt Segen\u201c <\/strong>In: Angelika Ga\u00dfmann (Hg.): <a href=\"https:\/\/www.lambertus.de\/offboarding-3350-8\/\" target=\"_blank\" rel=\"noopener\">Offboarding. Fach- und F\u00fchrungskr\u00e4fte verlassen die Organisation<\/a>, Freiburg 2022<\/p>\n<p><strong>\u201eWer ist mein Mitmensch?\u201c <\/strong>in: Stephan Goldschmidt, Lars Hillebold, Margit Zahn (Hg.): <a href=\"https:\/\/neukirchener-verlage.de\/catalog\/product\/view\/_ignore_category\/1\/id\/1991041\/s\/fasse-dich-kurz-gottesdienste-im-espresso-format-9783761568354\/\" target=\"_blank\" rel=\"noopener\">Fasse dich kurz \u2013\u00a0Gottesdienste im Espresso-Format. Werk- und Beispielbuch<\/a>, Neukirchen-Vluyn 2022<\/p>\n<p><strong>\u201eIm Spiegel der Pandemie \u2013 Die Gespr\u00e4chsplattform \u201aOma trotzt Corona\u2018\u201c<\/strong> In: Teresa Kaya, Sylvia Dellemann, Erika Ramsauer (Hg.): <a href=\"https:\/\/shop.autorenwelt.de\/products\/praxishandbuch-biografiearbeit-online-von-sylvia-dellemann-teresa-a-k-kaya-teresa-a-k-kaya-und-erika-ramsauer?variant=40034777989213\" target=\"_blank\" rel=\"noopener\">Biografiearbeit online<\/a>, Langenargen 2022<\/p>\n<p><strong>\u201eChronos, Kairos, ewiger Augenblick \u2013 achtsam im Fluss der Zeit\u201c <\/strong>in: <a href=\"https:\/\/hephata-mg.de\/files\/media\/downloads\/hephatamagazin\/HephataMagazin59.pdf\" target=\"_blank\" rel=\"noopener\">Hephata, Ausgabe 59, April 2022<\/a><\/p>\n<h2><strong>2021<\/strong><strong>\u00a0<\/strong><\/h2>\n<p><strong>\u201eNiemand stirbt f\u00fcr sich allein. Sorgende Gemeinschaften im Quartier\u201c <\/strong>In: <a href=\"https:\/\/www.tvz-verlag.ch\/buch\/gemeinsam-sorge-tragen-9783290183905\/?page_id=2\">Simon Hofstetter (Hg.), Gemeinsam Sorge tragen. Das Potenzial der Diakonie f\u00fcr Sorgende Gemeinschaften<\/a>, Z\u00fcrich, Theologischer Verlag Z\u00fcrich, 2021<\/p>\n<p><strong>\u201eEvangelische Diakonissen und Diakone\u201c <\/strong>In: Andreas Lob-H\u00fcdepohl, Gerhard K. Sch\u00e4fer (Hg.): <a href=\"https:\/\/www.vandenhoeck-ruprecht-verlage.com\/themen-entdecken\/gemeindepraxis\/diakonie-und-soziale-arbeit\/56838\/oekumenisches-kompendium-caritas-und-diakonie\">\u00d6kumenisches Kompendium Caritas und Diakonie<\/a>, G\u00f6ttingen, Vandenhoeck &amp; Ruprecht, 2021<\/p>\n<p><strong>\u201eSpiritualit\u00e4t und Sorge\u201c<\/strong><strong> zusammen mit Beate Hofman<\/strong>n, ebd.<\/p>\n<p><strong>\u201eGesicht zeigen\u201c <\/strong>In: Michael Domsgen, Tobias Fo\u00df (Hg.), <a href=\"https:\/\/www.eva-leipzig.de\/de\/diakonie-im-miteinander-e-book\">Diakonie im Miteinander. Zur Gestaltung eines diakonischen Profils in einer mehrheitlich konfessionslosen Gesellschaft<\/a>, Leipzig, Evangelische Verlagsanstalt, 2021<\/p>\n<p><strong>\u201e<\/strong><strong>Im Corona-Spiegel: Alter, Quartier und Pflege\u201c<\/strong> in: Reimer Gronemeyer, Patrick Schuchter, Klaus Wegleitner (Hg.): Care \u2013 Vom Rande betrachtet. In welcher Gesellschaft wollen wir leben und sterben? Festschrift f\u00fcr Andreas Heller, Bielefeld 2021<\/p>\n<p><strong>\u201eZerbrechlich. Endlich. Souver\u00e4n. Theologische \u00dcberlegungen zur Partizipation \u00c4lterer in der Digitalisierung\u201c<\/strong> in: Alter und Digitalit\u00e4t, epd-Dokumentation, 26.10.2021<\/p>\n<p><strong>\u201eFamilienfreundliche Kirche?!\u201c<\/strong> Eingangsimpuls zum Dekanatsprojekt in Erlangen, ver\u00f6ffentlicht im Rahmen der Dokumentation im September 2021<\/p>\n<p><strong>\u201eReichtum der Ber\u00fchrungen\u201c<\/strong> in: Aufschl\u00fcsse, Heft 81, August 2021<\/p>\n<p><span style=\"color: #000000;\"><strong>\u201e40 Jahre KDA der EKD am 17. September 2014\u201c (Predigt) <\/strong>in: Konrad M\u00fcller, Johannes Rehm (Hg.): <\/span><a href=\"https:\/\/www.eva-leipzig.de\/de\/arbeit-als-gottesdienst-softcover-1\">Arbeit als Gottesdienst? Wertsch\u00f6pfung in der christlichen Verk\u00fcndigung. Festschrift f\u00fcr Roland Pelikan<\/a><span style=\"color: #7030a0;\">, <span style=\"color: #000000;\">Leipzig 2021<\/span><\/span><\/p>\n<p><strong>\u201eVon der Rolle\u201c<\/strong> in: Themenheft zur Fastenaktion der evangelischen Kirche 2021<\/p>\n<p><strong>\u201eRente versus Klima? Generationengerechtigkeit neu denken\u201c<\/strong> in: Das Bauger\u00fcst, 4\/2021<\/p>\n<p><strong>\u201eDie Burtzorg-Familie\u201c<\/strong> in: Chriscare, 4\/2021<\/p>\n<p><strong>\u201eKann Kirche Ehrenamt?\u201c<\/strong> in: BBE-Newsletter 16\/2021<\/p>\n<p><strong>\u201eGesundheit \u2013 unser h\u00f6chstes Gut?\u201c<\/strong> in: Evangelische Aspekte 1\/2021<\/p>\n<p><strong>\u201eNie zu jung, nie zu alt\u201c <\/strong>in: Kreise ziehen. Der Frauenkalender 2021<\/p>\n<p><strong>\u201eGemeinsam ist mehr Leben\u201c <\/strong>in: Kreise ziehen. Der Frauenkalender 2021<\/p>\n<p><strong>\u201eIch muss nicht immer stark sein\u201c <\/strong>in: Demenz. Das Magazin, Heft 49, 2021<strong>\u00a0<\/strong><\/p>\n<p><strong>\u201eDie Neuentdeckung der Gemeinschaft \u2013 Ein Blick auf Quartier, Pflege und Kirche in Pandemiezeiten\u201c<\/strong> in: Zeitschrift f\u00fcr Gemeinwirtschaft und Gemeinwohl, 2\/2021<\/p>\n<p><a href=\"https:\/\/www.seele-und-sorge.de\/wp-content\/uploads\/2021\/03\/DPM-567_Cornelia-Coenen-Marx_Nah-bei-den-Menschen.pdf\" target=\"_blank\" rel=\"noopener noreferrer\"><strong>\u201eNah bei den Menschen? Lehren aus der Corona-Pandemie f\u00fcr die Kirchen\u201c<\/strong><\/a>\u00a0 in: Die politische Meinung Nr. 567, M\u00e4rz\/April 2021<\/p>\n<p><strong>\u201eF\u00fcrsorge, Selbstsorge, Mitsorge \u2013 wie l\u00e4sst sich Care in diakonischen Einrichtungen organisieren?\u201c<\/strong> in: Diakonie Hessen \u2013 Diakonisches Werk in Hessen und Nassau und Kurhessen-Waldeck e. V. (Hg.), <a href=\"https:\/\/www.seele-und-sorge.de\/wp-content\/uploads\/2021\/04\/fuersorge_lebensende_web.pdf\" target=\"_blank\" rel=\"noopener noreferrer\"><strong>(F\u00fcr)Sorge am Lebensende<\/strong><\/a>, 2021<\/p>\n<p><strong>\u201eSorgen teilen \u2013 Gemeinschaft pflegen\u201c <\/strong>in: unterwegs zu menschen, 1\/2021<\/p>\n<p><strong>\u201eApplaus statt Tariflohn?\u201c <\/strong>in: Andreas Malessa, F\u00fcr Dich. Ein Dankesch\u00f6n an Lieblingsmenschen, Leipzig, Chrismon, 2021<\/p>\n<h2><strong>2020<\/strong><\/h2>\n<p><strong>\u201eFlorence Nightingale and the Pioneering Role of Diaconia and Holistic Care in Humanitarian Emergencies\u201c<\/strong> In: ebd.<\/p>\n<p><strong>\u201eThe Transformative Power of Diaconia \u2013 Theological Reflections from Germany\u201c<\/strong> In: ebd.<\/p>\n<p><strong>\u201eChanging Patterns of the Family and Implications for the Future of Care\u201c<\/strong> in: Godwin Ampony, Martin B\u00fcscher, Beate Hofmann, F\u00e9licit\u00e9 Ngnintedem, Dennis Solon, Dietrich Werner (Hg.), Handbook on Ecumenical Diakonia. Contextual Theologies of Diaconia and Christian Social Services, Oxford, Regnum Books, 2020<\/p>\n<p><strong>\u201eMit Alleinerziehenden lernen. Ein Dialog\u201c<\/strong> Gespr\u00e4ch mit Beate Hofmann In: Ralph Charbonnier, Ulrike Gebelein, Astrid Giebel, Insa Sch\u00f6ningh (Hg.), Alleinerziehende Familien in Gesellschaft, Kirche und Diakonie, Berlin, Wichern, 2020<\/p>\n<p><strong>\u201eMehr Chancen f\u00fcr \u00c4ltere im Sozialraum\u201c <\/strong>In: Georg L\u00e4mmlin, Gerhard Wegener (Hg.), <a href=\"https:\/\/www.scs-diakonie.de\/handbuch-kirche-im-quartier.html\"><strong>Kirche im Quartier: Die Praxis. Ein Handbuch<\/strong><\/a>, Leipzig, Evangelische Verlagsanstalt, 2020<\/p>\n<p><strong>\u201eWer geh\u00f6rt zur Familie? Bibel und Bild\u201c<\/strong> in: Evangelische Aspekte Dezember 2020<\/p>\n<p><strong>\u201eZur N\u00e4chstenliebe geboren? Empathische Pflege hat kein Geschlecht\u201c<\/strong> in: Leicht und Sinn Oktober 2020<\/p>\n<p><strong>\u201eAlles machbar? Grenzen der Digitalisierung in der Pflege\u201c<\/strong> in: Aufschl\u00fcsse 4\/2020<\/p>\n<p><strong>\u201eSorgende Gemeinschaften als gesellschaftliche und kirchliche Zukunftsaufgabe\u201c<\/strong> in: Nachrichten der ELKB, September 2020<\/p>\n<p><strong>\u201e<a href=\"https:\/\/chrismon.evangelisch.de\/artikel\/2020\/50556\/cornelia-coenen-marx-ueber-altersdiskriminierung-waehrend-corona\">Ihr m\u00fcsst uns nicht schonen. Junge Alte und Corona<\/a>\u201c<\/strong> in: Chrismon 9\/2020<\/p>\n<p><strong>\u201eVon wegen Single-Gesellschaft: Wo Gemeinschaft neu entdeckt wird\u201c<\/strong> in: Psychologie und Seelsorge 4\/2020<\/p>\n<p><strong>\u201eGemeindeschwestern haben Konjunktur\u201c<\/strong> in: Pflegen 4\/2020<\/p>\n<p><strong>\u201eDie Lady mit der Lampe\u201c<\/strong> in: Sonntagszeitung vom 10. Mai 2020<\/p>\n<p><strong>\u201eFlorence Nightingale\u201c<\/strong> in: Was wagen. Der Frauenkalender 2020 (zweite Maiwoche)<\/p>\n<p><strong>\u201e???\u201c <\/strong>in: nachrichten der Evangelisch-Lutherischen Kirche in Bayern 3\/20<\/p>\n<p><a href=\"https:\/\/www.efaks.de\/pflegeausbildung-zwanzigzwanzig\/\"><strong>\u201eEs ist die Stunde der Pflege\u201c<\/strong><\/a>\u00a0in: Pflegen 1+2\/2020<\/p>\n<h2><strong><br \/>\n2019<\/strong><\/h2>\n<p><b>\u201eWas mich kaltl\u00e4sst, was mich anr\u00fchrt \u2013 Gottes \u00fcberraschende Gegenw\u00e4rtigkeit\u201c<\/b> In: Barbara Manterfeld-Wormit, Frank-Michael Theuer, Reinhold Tru\u00df-Trautwein (Hg.), Achtsam streiten, Leipzig, Edition Chrismon, 2019<\/p>\n<p><strong>\u201eWas mich h\u00e4lt, was mich tr\u00e4gt. Selbst-F\u00fcr-Sorge \u2013 die neue Sorgeethik\u201c<\/strong> in: Pflegen 4\/2019<\/p>\n<p><strong>\u201eWer danken kann, ist gl\u00fccklich\u201c <\/strong>in: ChrisCare. Magazin f\u00fcr Spiritualit\u00e4t und Gesundheit, Nr. 4\/2019<\/p>\n<p><strong>\u201eWir sind viele \u2013 Vielfalt als Herausforderung und Chance in Kirche und Gesellschaft\u201c<\/strong> in: Aktuell. Evangelische Frauenarbeit Oldenburg, Dezember 2019<\/p>\n<p><strong>\u201eEine \u201aMinistry\u2018 gegen die Einsamkeit<\/strong>. <strong>Besuchsdienst als Schl\u00fcssel f\u00fcr Sorgende Gemeinden\u201c <\/strong>in: Praxis Gemeindep\u00e4dagogik, 4\/2019<\/p>\n<p><strong>\u201eMit Gott ringen: Zehn Gerechte?\u201c <\/strong>in: Aufschl\u00fcsse, Nr. 74, September 2019<\/p>\n<p><strong>\u201eNetzwerk Nachbarschaft. Neue Formen des Miteinanders in der Single-Gesellschaft\u201c<\/strong> in: Zeitzeichen, August 2019<\/p>\n<p><strong>\u201eVon einer Gesellschaft in Sorge zur Sorgenden Gemeinschaft. Eine sozialethische Perspektive\u201c<\/strong> in: Themenheft DW Hessen zum Tag der Pflege 2019, erneut in: Evangelische Stimmen Juli\/August 2019<\/p>\n<p><a href=\"https:\/\/www.scs-diakonie.de\/un-ruhestand.html\" target=\"_blank\" rel=\"noopener noreferrer\"><strong>\u201eDie Potenziale der \u00c4lteren<\/strong>\u201c<\/a> Blog des Senior Consulting Service Diakonie e. V.<\/p>\n<p><a href=\"https:\/\/bop.unibe.ch\/JDS\/article\/view\/5547\" target=\"_blank\" rel=\"noopener noreferrer\"><strong>\u201eKeiner stirbt f\u00fcr sich allein \u2013 Sorgende Gemeinde im Quartier\u201c<\/strong><\/a>, in: Jahrbuch Diakonie Schweiz, 2019<\/p>\n<p><strong>\u201eDie Seele des Sozialen \u2013 Sorgequellen in der Diakonissengeschichte\u201c<\/strong> in: Praxis PalliativeCare 43\/2019<\/p>\n<p><strong>\u201e\u2019Pflegeroboter\u2018 \u2013 ein \u00dcbersetzungsfehler?\u201c<\/strong>, in: <a href=\"https:\/\/www.feinschwarz.net\/pflegeroboter-ein-uebersetzungsfehler\/#more-20049\" target=\"_blank\" rel=\"noopener noreferrer\"><strong>feinschwarz. Theologisches Feuilleton<\/strong><\/a>, zum Tag der Pflege am 10.5.2019<\/p>\n<p><strong> \u201eF\u00fcrsorge, Selbstsorge, Mitsorge. Wie l\u00e4sst sich Care organisieren?\u201c<\/strong> in: Pflegen. Zeitschrift des Evangelischen Fach- und Berufsverbands f\u00fcr Pflege und Gesundheit (EFAKS), Heft 3\/2019<\/p>\n<p><strong>\u201eKompetenz der Pflege in der Onkologie\u201c<\/strong>, EFAKS Heft 3\/2019<\/p>\n<p><strong>\u201eWir sind es wert. Der Wert der Pflege\u201c<\/strong> in: Pflegen. Zeitschrift des Evangelischen Fach- und Berufsverbands f\u00fcr Pflege und Gesundheit (EFAKS), Heft 1 + 2\/2019<\/p>\n<p><strong>\u201eNicht \u201aWie viel\u2018 \u2013 sondern \u201aWohin\u2018\u201c<\/strong> in: Magazin der Heimstiftung, 1\/2019<\/p>\n<p><strong>\u201eDer Wert der Pflege\u201c<\/strong> in: EFAKS Heft 1 + 2\/2019<\/p>\n<h2><strong>2018<\/strong><\/h2>\n<p><strong>\u201eTheologie der Zusammenarbeit von beruflich und ehrenamtlich Engagierten \u2013 die letzten f\u00fcnf Jahre\u201c<\/strong> in: Gemeinsam engagiert! Theologische Aspekte f\u00fcr die Zusammenarbeit von beruflich und ehrenamtlich Engagierten, epd-Dokumentation 50\/2018<\/p>\n<p><strong>\u201eDer Schmerz als Weg in ein anderes Leben\u201c<\/strong>, Interview Michael M\u00fcller mit Cornelia Coenen-Marx in: Movum \u2013 Debatten zur Transformation, Natur und Weltanschauung, Dezember 2018<\/p>\n<p><strong>\u201eArbeitest Du noch \u2013 oder lebst Du schon? Was mache ich mit meiner Freizeit am \u00dcbergang zur nachberuflichen Zeit?\u201c<\/strong> in: Praxis Gemeindep\u00e4dagogik, Oktober 2018<\/p>\n<p><strong>\u201eFrauenpolitik ist Zeitpolitik\u201c<\/strong>, Blog zu 100 Jahre Frauenwahlrecht, Erwachsenenbildung der Evangelischen Kirche in Kurhessen-Waldeck<\/p>\n<p><strong>\u201eAre the churches prepared to take a risk? Sieben Thesen zu den Herausforderungen der Transformation f\u00fcr Theologie und Kirche\u201c<\/strong> in: Brigitte Bertelmann, Klaus Heidel (Hg.), Leben im Anthropoz\u00e4n. Christliche Perspektiven f\u00fcr eine Kultur der Nachhaltigkeit, M\u00fcnchen 2018<\/p>\n<p><strong>\u201eDynamisch (kreativ und genussvoll) altern. Gestaltarbeit und das letzte Drittel des Leben\u201c<\/strong>, Interview mit Cornelia Coenen-Marx, in: Zeitschrift f\u00fcr integrative Gestaltp\u00e4dagaogik und Seelsorge, 23. Jahrgang, Nr. 90, Oktober 2018<\/p>\n<p><strong>\u201eArbeit, Sorge und Gemeinwohl \u2013 neue Herausforderungen f\u00fcr die Soziale Marktwirtschaft\u201c<\/strong> in: Kirche im Kapitalismus. Zwischen Anpassen und Gestalten. 70 Jahre Soziale Marktwirtschaft in Deutschland, epd- Dokumentation 44\/2018, S. 57\u00a0ff.<\/p>\n<p><strong>\u201eVoller Lebenslust \u2013\u00a0eine echte Freundin\u201c<\/strong> in: Frohe Botschaft 3, 22.7.2018<\/p>\n<p>\u201e<strong>Mal schauen, in welche Richtung es mich weiterzieht\u201c<\/strong> in: LeichtSinn, Heft 1, einfachmachen, Hannover, Juli 2018<\/p>\n<p><strong>\u201eIm Gespr\u00e4ch\u201c<\/strong> mit Holger Gohla, SWR 2, 30.3.2018<\/p>\n<p><strong>\u201eLasst die Mauern verschwinden!\u201c<\/strong> in: Mittendrin am Rande, Bremen, M\u00e4rz 2018<\/p>\n<p><strong>\u201eIcb bin ein Sterbender und doch lebe ich\u201c<\/strong> in: Die Frohe Botschaft, Berlin, 18.2.2018<\/p>\n<p><strong>\u201eEin Zu-sp\u00e4t scheint es nicht zu geben\u201c<\/strong>, Folge 12 des Glaubenskurses \u201eDie Lebensalter\u201c, Sonntagszeitung, 28.1.2018<\/p>\n<p><strong>\u201eDie Lebensalter\u201c<\/strong> in: Evangelische Zeitung, Frankfurt am Main, 19.1.2018<\/p>\n<h2><strong>2017<\/strong><\/h2>\n<p><strong>\u201eFamilie\u201c <\/strong>In: Gerhard Wegner (Hg.), <a href=\"https:\/\/www.eva-leipzig.de\/de\/von-arbeit-bis-zivilgesellschaft-e-book\">Von Arbeit bis Zivilgesellschaft. Zur Wirkungsgeschichte der Reformation<\/a>, Leipzig, Evangelische Verlagsanstalt, 2017<\/p>\n<p><strong>\u201eTrotz Widerstand und Hindernissen: Wie wir werden, was wir sein sollen<\/strong>. <strong>Gedanken zu Ex 3,1\u201310 und 4,10\u201316\u201c<\/strong> in: CBM-Magazin (Christoffel-Blindenmission), Okuli 2017<\/p>\n<p><strong>\u201eEin anderes Leben entdecken. Neue Herausforderungen und Chancen f\u00fcr die Kirche und ihre Gemeinden\u201c<\/strong> in: Zeitzeichen, Schwerpunkt Junge Alte, 2\/2017<\/p>\n<p><strong>\u201eSolidarit\u00e4t braucht Empathie \u2013 zum Verh\u00e4ltnis von Barmherzigkeit und Gerechtigkeit in Zeiten des Wandels\u201c<\/strong> in: Evangelische Aspekte, 1\/2017<\/p>\n<p><strong>\u201eDiakonische Unternehmenskultur \u2013 im Spannungsfeld von Auftrag und Markt\u201c<\/strong> in: Festschrift zum 150-j\u00e4hrigen Bestehen des Evangelischen Diakonissenmutterhauses in Bremen, 2017<\/p>\n<p><strong>\u201eTee, Zwieback und die Losung. Diakonie geschieht im Alltag. Zwischen Tradition und Transformation\u201c<\/strong> in: Festschrift zum 150-j\u00e4hrigen Bestehen des Evangelischen Diakonissenmutterhauses in Bremen, 2017<\/p>\n<p><strong>\u201eTransformation from a diaconical perspective\u201c<\/strong> in: Uta Andr\u00e9e, Benjamin Simon, Lars R\u00f6ser-Israel (Hg.): Reforming Theology, Migrating Church, Transforming Society. A Compendium for Ecumenical Education, Hamburg, Missionshilfe-Verlag, 2017<\/p>\n<p><strong>\u201eDie Segel setzen. Familie und Familienpolitik im Fluss der Zeit\u201c<\/strong> in: Familienpolitische Informationen der EAF Bayern, FPI 4, 2017<\/p>\n<p><strong>\u201eUrlaub im Kopf\u201c<\/strong>, Kommentar der Woche, in Die Kirche. Evangelische Wochenzeitung, Berlin, 30.7.2017<\/p>\n<p><strong>\u201eSein Leib, mein Body und ich \u2013 Biblische Impulse zur Sch\u00f6pfung, Person und Gabe\u201c <\/strong>in: Gemeinsamer Studientag der Evangelischen Kirche von Kurhessen-Waldeck, der Evangelischen Frauen in Deutschland e.\u00a0V. (EFiD) und der Evangelischen Akademie Hofgeismar zum Thema \u201eOrganspende\u201c, Kassel 14.9.2016, epd-Dokumentation 3\/2017<\/p>\n<h2><strong>2016<\/strong><\/h2>\n<p><strong>\u201eFamilie\u201c<\/strong>, Einzelband in der Reihe: Reformation heute, Transformation: Die sozialethische Schriftenreihe zum 500. Jubil\u00e4um der Reformation, Sozialwissenschaftliches Institut der EKD, Hannover 2016<\/p>\n<p><strong>\u201eGott schickt nicht in Rente\u201c<\/strong> in: Evangelische Aspekte 1\/2016<\/p>\n<p><strong>\u201eSpiritual Care in Diakonie und Gemeinde\u201c <\/strong>in: Brennpunkt Gemeinde, April 2016<\/p>\n<p><strong>\u201eDer Beitrag der Kirche zu Teilhabe und Gerechtigkeit\u201c<\/strong> in: Online-Zeitschrift futur2 (<a href=\"http:\/\/www.futur2.org\/article\/der-beitrag-der-kirche-zu-teilhabe-und-gerechtigkeit\/\">http:\/\/www.futur2.org\/article\/der-beitrag-der-kirche-zu-teilhabe-und-gerechtigkeit\/<\/a> )<\/p>\n<p><strong>\u201eZu den Wurzeln der Diakonie\u201c<\/strong> in: Die Kirche 32\/7. August 2016<\/p>\n<p><strong>\u201eEhrenamt als Teilhabeschl\u00fcssel \u2013\u00a0Der neue Freiwilligensurvey\u201c<\/strong> in: Salzk\u00f6rner, August 2016<\/p>\n<p><strong>\u201eTransforming society from a diaconical perspective\u201c<\/strong> f\u00fcr GETI\u201917. Reader der Evangelischen Missionsakademie<\/p>\n<p><strong>\u201eDiakon, Diakonisse\u201c,<\/strong> <strong>\u201eLeitbild\u201c<\/strong> und <strong>\u201eSonntag\u201c<\/strong> in Evangelisches Soziallexikon, Kohlhammer-Verlag, Stuttgart 2016<\/p>\n<p><strong>\u201eHaltepunkt und Zusammenhalt \u2013\u00a0neue Aufgaben f\u00fcr Kirche und Diakonie im Gemeinwesen\u201c<\/strong> in: Sebastian Borck, Astrid Giebel, Anke Homann (Hg.): Wechselwirkungen im Gemeinwesen, Kirchlich-diakonische Diskurse in Norddeutschland, Berlin 2016<\/p>\n<p><strong>\u201eM\u00fcssen Sozialunternehmen sinnstiftend sein?\u201c<\/strong> in Gerhard G\u00e4bler, Roland Steidl (Hg.): Soziale Strategien f\u00fcr Morgen. Ein Pl\u00e4doyer f\u00fcr die Menschenw\u00fcrde, Wien 2016<\/p>\n<p><strong>\u201eBildung, Beteiligung, Solidarit\u00e4t \u2013\u00a0100 Jahre Zehlendorfer Verband\u201c<\/strong>, in: Martin Zentgraf (Hg.): Diakonisches Profil als Aufgabe. 100 Jahre Zehlendorfer Verband f\u00fcr Evangelische Diakonie, Darmstadt 2016<\/p>\n<p><strong>\u201eWas hei\u00dft Messianisches Judentum? Ein theologisches Gespr\u00e4ch mit Micha Brumlik, Richard Harvey und Ralf Meister, Moderation Cornelia Coenen-Marx\u201c<\/strong>, in: Silke Lechner u.\u00a0a. (Hg): Deutscher Evangelischer Kirchentag Stuttgart 2015, G\u00fctersloh 2016<\/p>\n<p>Interview \u00fcber <strong>\u201eHerausforderungen und Chancen von Gemeinschaften in Diakonischen Einrichtungen\u201c<\/strong> in: Neuerker\u00f6der Bl\u00e4tter Nr. 103\/2016<\/p>\n<p><strong>\u201eGlaube \u2013 Kirche \u2013 Sexualit\u00e4t\u201c<\/strong> in: aej information 2\/2016, <u>www.evangelische-jugend.de\/<\/u><\/p>\n<p><strong>\u201eKein Gott \u2013 kein Problem? Der \u201aneue Atheismus\u2018\u201c <\/strong>in: Aufschl\u00fcsse Nr. 63<\/p>\n<h2><strong>2015<\/strong><\/h2>\n<p><strong>\u201eM\u00fcssen Sozialunternehmen sinnstiftend sein?\u201c <\/strong><strong>In: Gerhard G\u00e4bler, Roland Steidl (Hg.), <\/strong><a href=\"https:\/\/www.omvs.at\/buch\/soziale-strategien-fuer-morgen-ein-plaedoyer-fuer-die-menschenwuerde\/\">Soziale Strategien f\u00fcr morgen. Ein Pl\u00e4doyer f\u00fcr die Menschenw\u00fcrde<\/a><strong>, Salzburg, Otto M\u00fcller Verlag, 2015<\/strong><\/p>\n<p><strong>\u201eDiakonie und Gesellschaft\u201c<\/strong>, Orientierungskurs Diakonie, Teil 11, in: Die Kirche 18.1.2015<\/p>\n<p><strong>\u201eDiakonie und Gesellschaft\u201c<\/strong>, Orientierungskurs Diakonie Teil 11, in: Die Kirche, 11.1.2015<\/p>\n<p><strong>\u201eGenerationengerechtigkeit als zentrale gesellschaftliche und innerkirchliche Maxime\u201c<\/strong>, Forum Erwachsenenbildung 2015<\/p>\n<p><strong>\u201eEngagement und Berufung \u2013\u00a0Die Kirchen als profilierte B\u00fcndnispartner in der Zivilgesellschaft\u201c<\/strong> in: Forschungsjournal Soziale Bewegungen 1\/2015<\/p>\n<p><strong>\u201eGerechtes Erbteil? Das Erbe gerecht teilen\u201c<\/strong> in: Kirche im l\u00e4ndlichen Raum, 2015<\/p>\n<p><strong>\u201eMenschsein lebt von In-Carnation\u201c<\/strong>, Aufschl\u00fcsse Nr. 58, September 2015<\/p>\n<p><strong>\u201eAuf Dank kannst Du lange warten! Macht nichts\u201c<\/strong>, P&amp;S Heft \u201eJahr der Dankbarkeit\u201c 4\/15 \u2013\u00a02016<\/p>\n<p><strong>\u201eFrauenbewegung im Liegestuhl. Ein Generationengespr\u00e4ch\u201c <\/strong>in: Evangelische Frauenarbeit in Deutschland, Arbeitshilfe zum Weitergeben, 3\/2015<\/p>\n<p><strong>\u201eM\u00fcssen Sozialunternehmen sinnstiftend sein\u201c<\/strong> in: Soziale Strategien f\u00fcr morgen 2015<\/p>\n<p><strong>\u201ePassagen\u201c \u2013<\/strong>\u00a0Abschiedsandacht zu Mk. 4,35\u201341, in: Astrid Giebel u.\u00a0a. (Hg.): Geistlich begleiten, Neukirchen 2015<\/p>\n<h2><strong>2014<\/strong><\/h2>\n<p><strong>\u201eIst das aktuelle Familienbild \u00fcberholt?\u201c<\/strong> Beitrag in Idea-Spektrum Nr. 4\/2014<\/p>\n<p><strong>\u201eDer geteilte Himmel. Zur kirchlichen Familienpolitik<\/strong>\u201c, in: Die Kirche, Februar 2014<\/p>\n<p><strong>\u201eSozial, \u00f6kologisch und gerecht\u201c<\/strong> \u2013 Einf\u00fchrung zum KDA-Themenheft \u201eJetzt, so werdet ihr leben\u201c 2014<\/p>\n<p><strong>\u201eSozialr\u00e4ume gestalten. Gemeinwesendiakonie als Teil des kirchlichen Reformprozesses\u201c<\/strong> in: Klaus-Dieter Kaiser (Hg.): Lebendiger l\u00e4ndlicher Raum. Herausforderungen, Akteure, Perspektiven, Schwalbach 2014<\/p>\n<p><strong>\u201eWas ist gelingendes Leben? Zielvorstellungen und gesellschaftliche Wirklichkeit\u201c<\/strong> in: Johannes Eurich, Andreas Lob-H\u00fcdepohl (Hg.): Behinderung. Profile inklusiver Theologie, Diakonie und Kirche, Stuttgart 2014<\/p>\n<p><strong>\u201eVerantwortung f\u00fcr eine gerechtere Welt. Zur \u00f6kumenischen Sozialinitiative der Kirchen\u201c<\/strong>, in: \u00d6kumenisches Forum Erfurt, 2014<\/p>\n<p><strong>\u201eMitten ins Herz \u2013 F\u00fchrungskr\u00e4fte in der Diakonie\u201c<\/strong> in: Psychotherapie und Seelsorge, September 2014<\/p>\n<h2><strong>2013<\/strong><\/h2>\n<p><strong>\u201eFamilienbilder in der evangelischen Kirche\u201c<\/strong> in: Forum Evangelische Erwachsenenbildung, April 2013<\/p>\n<h2><strong>2012<\/strong><\/h2>\n<p><strong>\u201eProfiliert evangelisch. \u00dcberlegungen zu einer Familiendenkschrift der EKD\u201c<\/strong> in: Familien st\u00e4rken in evangelischer Perspektive, epd-Dokumentation Nr. 17\u201318\/2012<\/p>\n<p><strong>\u201eVom Kongress zum Prozess\u201c<\/strong> \u2013 Beitrag zum Transformationskongress 2012: Nachhaltig handeln \u2013 Wirtschaft neu gestalten \u2013 Demokratie st\u00e4rken, epd-Dokumentation Nr. 35\u201336\/2012<\/p>\n<p><strong>\u201e\u00d6ffnen und Bewahren. Diakonische Unternehmenskultur neu denken\u201c<\/strong>, epd-sozial Nr. 46, 16.11.2012<\/p>\n<p><strong>\u201eDer demografische Wandel und die Konsequenzen f\u00fcr Familie und Sozialraum\u201c<\/strong> in: Engagiert f\u00fcr das Leben mit allen Generationen. Themenheft der Woche f\u00fcr das Leben, April 2012<\/p>\n<p><strong>\u201eGemeinschaft, Wirtschaft und Gesellschaft. Bedeutung der Diakonie f\u00fcr die soziale Verantwortung\u201c<\/strong> in: Die Diakonieschwester 1\/2012<\/p>\n<p><strong>\u201eFamilien st\u00fctzen und st\u00e4rken\u201c<\/strong>; in Familie. Sonst noch Was? Wie wir heute zusammenleben, Aufschl\u00fcsse. Zeitschrift f\u00fcr spirituelle Impulse, Nr. 46, September 2012<\/p>\n<p><strong>\u201eFamilienbilder in der evangelischen Kirche\u201c<\/strong>\u00a0in Tagungsdokumentation \u201eFamilienbilder in Kirche und Gesellschaft\u201c, EAF, Dokumentation Nr. 25, Fachtagung September 2012<\/p>\n<p><strong>\u201eWir sind es wert \u2013 vom Wert der Pflege\u201c<\/strong>\u00a0in Alternde Gesellschaft, Jahrbuch Sozialer Protestantismus Nr. 6, 2012<\/p>\n<h2><strong>2011<\/strong><\/h2>\n<p><strong>\u201eSpiritualit\u00e4t als Aufgabe diakonischer Bildung\u201c<\/strong> In: Gerhard Schoenauer (Hg.), <a href=\"https:\/\/shop.kohlhammer.de\/spiritualitat-und-innovative-unternehmensfuhrung-21930.html#147=22\">Spiritualit\u00e4t und innovative Unternehmensf\u00fchrung<\/a>, Stuttgart, Kohlhammer, 2011<\/p>\n<p><strong>\u201eZerbrechliches Geschenk\u201c<\/strong>, Themenheft Taufe und Freiheit zur Reformationsdekade der EKD, 2011<\/p>\n<p><strong>\u201eUnternehmerische Innovation und ethische Verantwortung. Das Arbeitsplatzsiegel der EKD als Detektor in gesellschaftlichen Konfliktfeldern unternehmerischer Entwicklung\u201c<\/strong> in: Peter Dabrock und Siegfried Keil (Hg.): Kreativit\u00e4t verantworten, Festschrift f\u00fcr Wolfgang Neth\u00f6fel, Neukirchen 2011<\/p>\n<p><strong>\u201eSpiritualit\u00e4t als Aufgabe diakonischer Bildung\u201c<\/strong>, in: Gerhard Schoenauer (Hg.): Spiritualit\u00e4t und innovative Unternehmensf\u00fchrung, Stuttgart 2011<\/p>\n<p><strong>\u201eDer Glutkern aller Wohlfahrt. Ehrenamtliches Engagement\u201c <\/strong>in: Diakonie konkret zum Europ\u00e4ischen Jahr des Freiwilligen Engagements, 2011<\/p>\n<p><strong>\u201eZum Wert der Pflege in DEVAP\u201c<\/strong>, Impulse, Februar 2011<\/p>\n<p><strong>\u201eVerdr\u00e4ngung regul\u00e4rer Besch\u00e4ftigung durch Ehrenamt?\u201c<\/strong> Eichst\u00e4dter Tagung zur Zukunft des kirchlichen Arbeitsrechts 2011<\/p>\n<p><strong>\u201e\u00dcberlegungen f\u00fcr eine Strategie der Gemeinwesendiakonie als Teil der kirchlichen Reformprozesse\u201c<\/strong> in: Kirche in der Mitte der Gesellschaft, epd-Dokumentation 39\/2011<\/p>\n<p><strong>\u201eKirche, Kommune und Zivilgesellschaft. Neue Allianzen f\u00fcr die Stadt\u201c<\/strong> in: Gemeinde \u2013 aktiv im Stadtteil, D\u00fcsseldorf 2011<\/p>\n<p><strong>\u201eEngagement und Spiritualit\u00e4t \u2013 Diakoninnen und Diakone in der Kirche der Zukunft\u201c<\/strong>, in: Der Geist Gottes wirkt in den Fugen, VEED-Impulse 3\/2011<\/p>\n<h2><strong>2010<\/strong><\/h2>\n<p><strong>\u201eSelbstsorge als Herausforderung an Gesundheitssystem, Schule und Kirchen\u201c<\/strong> in: Themenheft Woche f\u00fcr das Leben 2010 (\u201eGesunde Verh\u00e4ltnisse\u201c)<\/p>\n<p><strong>\u201eDiakonische Werte im F\u00fchrungsalltag eines sozialwirtschaftlichen Unternehmens\u201c<\/strong> in: Gerd Pischetsrieder (Hg.): Werte \u2013 Wertsch\u00e4tzung \u2013Wertsch\u00f6pfung, Februar 2010<\/p>\n<p><strong>\u201eFreiwilliges Engagement als Kern des\u00a0 zivilgesellschaftlichen Beitrags der Kirche\u201c<\/strong>\u00a0 in: Volker Herrmann und Martin Horstmann (Hg.): Wichern drei \u2013 gemeinwesendiakonische Impulse, Neukirchen 2010<\/p>\n<p><strong>\u201eWeibliche Diakonische Spiritualit\u00e4t, Beobachtungen und Reflexionen zur Pflegediakonie\u201c<\/strong> in: Jochen-Christoph Kaiser und Rajah Scheepers (Hg.): Dienerinnen des Herrn. Beitr\u00e4ge zur weiblichen Diakonie im 19. und 20. Jahrhundert, Leipzig 2010<\/p>\n<p><strong>\u201eSpirituelle Angebote als gesundheitliche Ressource\u201c<\/strong> in: Klaus Dieter Kottnik und Astrid Giebel (Hg.): Spiritualit\u00e4t in der Pflege, Neukirchen 2010<\/p>\n<p><strong>\u201eDie Bedeutung religi\u00f6ser Bindung f\u00fcr das b\u00fcrgerschaftliche Engagement\u201c<\/strong> in: Stimme der Familie, 3\/2010<\/p>\n<p><strong>\u201eErfolgsfaktor Werteorientierung. Worin der Mehrwert kirchlicher Krankenh\u00e4user liegt\u201c<\/strong> in: epd-sozial, 13.8.2010<\/p>\n<p>Artikel <strong>\u201eEhrenamt\u201c<\/strong> in: Evangelische Zeitung, September 2010<\/p>\n<p><strong>\u201eErfolg ist Scheitern \u2013 einmal umgekrempelt\u201c<\/strong> in: \u201eMeine Kraft ist in den Schwachen m\u00e4chtig\u201c. Von Talenten und Begabungen, Aufschl\u00fcsse. Zeitschrift f\u00fcr spirituelle Impulse 4\/2010<\/p>\n<p><strong>\u201eAnkn\u00fcpfung und Widerspruch \u2013 Diakonische Erfahrungen mit der pluralen Wirklichkeit\u201c<\/strong> in: Chriscare 4\/2010<\/p>\n<p><strong>\u201eZu teuer f\u00fcr Solidarit\u00e4t?<\/strong> <strong>Zur Kostenentwicklung im deutschen Gesundheitssystem\u201c<\/strong> in: Arbeitshilfe zum Weitergeben der EfiD 4\/2010<\/p>\n<h2><strong>2009<\/strong><\/h2>\n<p><strong>\u201eSystematische Ehrenamtsarbeit\u201c <\/strong><strong>In: Roselies Hoffmann (Hg.), Handbuch Gemeinde und Presbyterium. Systematische Ehrenamtsarbeit, D\u00fcsseldorf, <\/strong>Medienverband der Evangelischen Kirche im Rheinland, 2009<\/p>\n<p><strong>\u201eBeitrag zur Unternehmerdenkschrift\u201c<\/strong> in: Zur Sache. bw., Evangelisches Kirchenamt f\u00fcr die Bundeswehr, M\u00e4rz 2009<\/p>\n<p><strong>\u201ePflegediakonie, Spiritualit\u00e4t und Gemeinschaften\u201c<\/strong> (Kurzfassung) Beitrag zur Spiritualit\u00e4t in der weiblichen Diakonie, Heft 1\/2010, Diakonie Neuendettelsau<\/p>\n<p><strong>\u201ePflegediakonie, Spiritualit\u00e4t und Gemeinschaften\u201c<\/strong> in Christel Kumbruck (Hg.): Diakonische Pflege im Wandel, N\u00e4chstenliebe unter Zeitdruck, M\u00fcnster 2009<\/p>\n<p><strong>\u201eWas muss drin sein, wenn Diakonie drauf steht\u201c<\/strong> in: Die Kirche und \u201aihre\u2018 Diakonie zwischen Anspruch und Systemzw\u00e4ngen. Tagungsdokumentation Loccumer Protokolle 13\/2009<\/p>\n<h2><strong>2008<\/strong><\/h2>\n<p><strong>\u201eWahrheit, die ver\u00e4ndert \u2013 Dienst, der befreit\u201c<\/strong> in: Klaus D. Hildemann (Hg.): Kirche der Freiheit \u2013 Diakonie der Knechtschaft? Wie Diakonie und Kirche voneinander profitieren k\u00f6nnen, Leipzig, Evangelische Verlagsanstalt, 2008<\/p>\n<p><span style=\"color: #000000;\"><strong>\u201eUnternehmenskultur im F\u00fchrungsalltag\u201c <\/strong>In: Beate Hofmann u.\u00a0a. (Hg.), Diakonische Unternehmenskultur. Handbuch f\u00fcr F\u00fchrungskr\u00e4fte, Stuttgart, Kohlhammer, 2008<\/span><\/p>\n<p><span style=\"color: #000000;\"><strong>\u201eUnternehmensstruktur und Unternehmenskommunikation\u201c<\/strong><strong><span style=\"font-weight: normal;\"> In: ebd.<\/span><\/strong><\/span><\/p>\n<p><strong>\u201eAnkn\u00fcpfung und Widerspruch\u201c<\/strong> in: Wie viel Glaube darf es sein? Religion und Mission in unserer Gesellschaft, Stuttgart 2008<\/p>\n<p><strong>\u201ePflegemarkt und Pflegeethos\u201c<\/strong> in: Jahrbuch sozialer Protestantismus 2, hrsg. von Heinrich Bedford-Strohm u.\u00a0a., G\u00fctersloh 2008<\/p>\n<p><strong>\u201eDas Unterwegssein und die Liebe\u201c<\/strong> in: Petra Schulze (Hg): Menschen von nebenan, Leipzig 2008<\/p>\n<p><strong>\u201eDiakonisches Profil im Jahr des Wichernjubil\u00e4ums\u201c<\/strong> in: Magazin der Evangelischen Heimstiftung, Stuttgart 4\/2008<\/p>\n<p><strong>\u201eNeuer Lebensstil der F\u00fcrsorglichkeit gefragt\u201c<\/strong>, Gedanken im \u201eWichernjahr\u201c zu den gesellschaftlichen Aufgaben von Kirche und Diakonie, epd-sozial Nr. 15, 11.4.2008<\/p>\n<p><strong>\u201eGesellschaftliche Verantwortung: K\u00f6nnen Unternehmer Vorbild sein\u201c?<\/strong> Akzente. Evangelische Akademie Arnoldshain, Heft 2\/2008<\/p>\n<p><strong>\u201eWichern \u2013 nah bei den Menschen\u201c<\/strong>, Gastkommentar in unterwegs 2\/2008, Samariterstiftung F\u00fcrstenwalde<\/p>\n<p><strong>\u201eVerantwortung f\u00fcr unternehmerisches Handeln\u201c<\/strong>, Artikel zur EKD-Denkschrift in: Sozialwirtschaft aktuell, November 2008\/Ausgabe 22\/2008<\/p>\n<p><strong>\u201eAuf der Suche nach dem verlorenen Sinn\u201c<\/strong> in: Die Schwester\/Der Pfleger extra: \u201eDemenz\u201c, Oktober 2008<\/p>\n<p><strong>\u201eGlaube und Liebe geh\u00f6ren zusammen \u2013 Eine Erinnerung\u201c<\/strong> in: Karen Sommer-Loeffen (Hg.): Systematische Ehrenamtsarbeit, Medienverband der EKiR, D\u00fcsseldorf 2008<\/p>\n<p><strong>\u201eZum freiwilligen Engagement der Kirchen\u201c <\/strong>in: Thomas Olk (Hg.): Handbuch B\u00fcrgerschaftliches Engagement, 2008<\/p>\n<p><strong>\u201eNachhaltiges Ehrenamt. Zur Rolle der Kirchen\u201c<\/strong> in: Zukunft gestalten \u2013 sozialen Zusammenhalt sichern. Nachhaltige Entwicklung durch b\u00fcrgerschaftliches Engagement, Handbuch des BMFSF, 2008<\/p>\n<h2><strong>2007<\/strong><\/h2>\n<p><strong>\u201eErnst Langes Erbe f\u00fcr kirchliches Leitungshandeln heute\u201c<\/strong> In: Barbara Deml-Groth und Karsten Dirks (Hg.), Ernst Lange weiterdenken. Impulse f\u00fcr eine Kirche des 21. Jahrhunderts, Berlin, Wichern, 2007<\/p>\n<h2><strong>2004<\/strong><\/h2>\n<p><strong>\u201eLachen \u2013 Gott will uns heiter sehn und fr\u00f6hlich machen\u201c<\/strong> in: B\u00e4rbel Wartenberg-Potter (Hg.): Was tust du, fragt der Engel, Freiburg 2004<\/p>\n<p><strong>\u201eMehr Leib, mehr Worte, mehr Gesten \u2013 f\u00fcr eine neue Kultur der Zuwendung in der Diakonie\u201c<\/strong> in: Zeitzeichen 1\/2004<\/p>\n<p><strong>\u201eNormen f\u00fcr die Menschlichkeit. Ethikberatung als Qualit\u00e4tsmerkmal in der Pflege\u201c<\/strong> in: Diakonie 2\/2004<\/p>\n<p><span style=\"color: #000000;\"><strong>\u201eVom Wunsch nach ganzheitlichem Leben. Diakonische Spiritualit\u00e4t in Zeiten der Pluralisierung\u201c<\/strong>, in: Hermann Schoenauer, Beate Hofmann, G\u00fcnter Hie\u00dfleiter, Matthias Honold (Hg.): Tradition und Innovation. Diakonische Entwicklungen am Beispiel der Diakonie Neuendettelsau, Stuttgart 2004<\/span><\/p>\n<p><strong>\u201eDie Grenze ist der Ort der Erkenntnis\u201c<\/strong> in: Udo Hahn (Hg.): Wo ist Gott zu finden? 13 individuelle Antworten, G\u00fctersloh 2004<\/p>\n<p><strong>\u201eWie Europa wurde und was der Islam hier werden kann \u2013 Cornelia Coenen-Marx spricht mit Karl dem Gro\u00dfen\u201c<\/strong> in: Klaus M\u00f6llering (Hg.): Worauf ich hoffe. Mit Zeugen der Vergangenheit im Gespr\u00e4ch \u00fcber Zukunftsfragen, Leipzig 2004<\/p>\n<p><strong>\u201eDiakonische Unternehmensbildung in historischer und theologischer Perspektive\u201c<\/strong>, in: Gotlind Ulsh\u00f6fer, Peter Bartmann, Franz Segbers, Kurt W. Schmidt (Hg.): \u00d6konomisierung der Diakonie, Frankfurt am Main 2004<\/p>\n<p><strong>\u201eDienst, der Gewinn bringt \u2013 Diakonie zwischen Auftrag und Wirtschaftlichkeit\u201c<\/strong>, in: Gottfried Adam (Hg.): Diakonie. N\u00e4chstenliebe in unserer Zeit. Festschrift f\u00fcr Gerhard G\u00e4bler anl\u00e4sslich seines 60. Geburtstags, W\u00fcrzburg 2004<\/p>\n<p><strong>\u201eVom Wunsch nach ganzheitlichem Leben. Diakonische Spiritualit\u00e4t in Zeiten der Pluralisierung\u201c<\/strong>, in: Hermann Schoenauer, Beate Hofmann, G\u00fcnter Hie\u00dfleiter, Matthias Honold (Hg.): Tradition und Innovation. Diakonische Entwicklungen am Beispiel der Diakonie Neuendettelsau, Stuttgart 2004<\/p>\n<p><strong>\u201eEin B\u00fcndnis f\u00fcrs Leben schlie\u00dfen. Die Welt retten und sie genie\u00dfen \u2013 der Hauch Gottes macht beides m\u00f6glich<\/strong>\u201c Pfingstausgabe Rheinischer Merkur, 22\/2004<\/p>\n<p><strong>\u201eIrgendetwas wird fehlen. Schwesternschaften in der Defensive\u201c<\/strong>, Gastbeitrag in epd-sozial Nr. 30\/2004<\/p>\n<p><strong>\u201eIn Freiheit Glaube und Liebe leben\u201c<\/strong>, Vortrag beim Br\u00fcder- und Schwesterntag des Rauhen Hauses am 9.9.2004 in Hamburg, in: Der Bote 3+4, Hamburg, Dezember 2004<\/p>\n<h2><strong>2003<\/strong><\/h2>\n<p><strong>\u201ePolitisch predigen \u2013 am Beispiel von Landesbisch\u00f6fin Margot K\u00e4\u00dfmann\u201c<\/strong> in: Udo Hahn (Hg.): ABC des Predigth\u00f6rens, Rheinbach 2003<\/p>\n<p><strong>\u201eReich und gesund \u2013 arm und krank? Gesundheitspolitik als Gerechtigkeitsfrage\u201c<\/strong>, Referat beim Sozialpolitischen Aschermittwoch der Kirchen am 5.3.2003 in Essen<\/p>\n<h2><strong>2002<\/strong><\/h2>\n<p><strong>\u201eDiakonissen erz\u00e4hlen ihr Leben. Das Oral-History-Projekt des Kaiserswerther Frauenforschungsnetzwerks\u201c<\/strong> in: Diakonie 1\/2002<\/p>\n<p><strong>\u201eDie zwei Seiten des Zeugnisses \u2013 Was Diakonie mit Mission zu tun hat\u201c,<\/strong> in: In die Welt f\u00fcr die Welt 4\/2002<\/p>\n<p><strong>\u201eDas diakonische Profil der evangelischen Kirche im Wandel Europas: Was macht Diakonie zur Lebens- und Wesens\u00e4u\u00dferung der Kirche?\u201c<\/strong>, Vortrag vor der Landessynode der Evangelischen Kirche von Kurhessen-Waldeck, Kassel, 26.4.2002<\/p>\n<p><strong>\u201eWerte realisieren: Was uns heilig ist, m\u00fcssen wir begreifen\u201c<\/strong> in: \u201eHermann Pre\u00dfler (Hg.): \u201eGib dem Wunder eine Chance\u201c. Ermutigungen zum Glauben\u201c, Neukirchen-Vluyn 2002<\/p>\n<p><strong>\u201eDen Traum von der Pflege wahrmachen. Florence Nightingales Verm\u00e4chtnis\u201c<\/strong> in: Nightingale. Texte aus Pflegeforschung und Pflegewissenschaft, Hannover, M\u00e4rz 2002<\/p>\n<p><strong>\u201eNon profit \u2013 nur f\u00fcr Gotteslohn?\u201c<\/strong> Vortrag bei der Mitgliederversammlung des DEF am 20.4.2002 in Wittenberg. Dokumentation der Tagung, Kassel 2002<\/p>\n<p><strong>\u201ePerspektiven von Frauen in der Medizin: Was muss sich \u00e4ndern? Welche Aufgaben stehen an?\u201c<\/strong> in: Andrea D\u00f6rries und Wolfgang V\u00f6gele (Hg.): Frauen \u2013 Beruf \u2013Gesundheitswesen. Dokumentation der Tagung vom 27. \u2013 29.11.2002 in Rehburg Loccum<\/p>\n<p><strong>\u201eZur Zukunft sozialer und pflegerischer Berufe und Ausbildungsg\u00e4ng<\/strong>e<strong>\u201c<\/strong>, Dialogvortrag mit Lutz B\u00f6hm. Dokumentation einer Expertentagung am 5.\/6.12.2002 in Haus Villigst, Schwerte, 2002<\/p>\n<h2><strong>2001<\/strong><\/h2>\n<p>Beitrag in: Beate Hofmann, Michael Schibilsky (Hg.), <a href=\"https:\/\/shop.kohlhammer.de\/spiritualitat-in-der-diakonie-978-3-17-016819-0.html\">Spiritualit\u00e4t in der Diakonie. Anst\u00f6\u00dfe zur Erneuerung christlicher Kernkompetenz<\/a>, Stuttgart u.\u00a0a., Kohlhammer, 2001<\/p>\n<p><strong>\u201eDer Augenblick der Entscheidung\u201c<\/strong>, Vortrag auf der Fr\u00fchjahrstagung 2001 der Evangelischen Akademikerschaft im Rheinland in M\u00fclheim, ver\u00f6ffentlicht in den \u201eMitteilungen\u201c der ea 2001<\/p>\n<p><strong>\u201eSinnhaftigkeit und Werte in der Erziehung als Qualit\u00e4tsmerkmal diakonischer Einrichtungen\u201c<\/strong>, Vortrag bei der Bundestagung des EREV, \u201eEvangelische Jugendhilfe\u201c, 3\/2001<\/p>\n<p><strong>\u201eZwischen Heilsversprechen und Marktrationalit\u00e4t. F\u00fcr eine Ethik der F\u00fcrsorglichkeit\u201c<\/strong>, Vortrag beim Jubil\u00e4um des Evangelischen Fachverbands f\u00fcr Kranken- und Sozialpflege am 2.11.2001 in D\u00fcsseldorf, in: Pflege heute \u2026<\/p>\n<p><strong>\u201eGeld und Liebe. Sozialsysteme und diakonische Arbeit\u201c<\/strong> in: Rheinweiber Nr. 7\/2001<\/p>\n<p><strong>\u201eDen anderen w\u00fcrdigen: F\u00fcrsorge\u201c<\/strong> in: Klaus M\u00f6llering und Ulrich Behlau (Hg.): Lebenswerte, Orientierung im Wandel der Welt, Leipzig 2001<\/p>\n<p><strong>\u201eWerbung f\u00fcr Menschlichkeit in der Mediengesellschaft\u201c<\/strong> in: Christian Dr\u00e4gert und Nikolaus Schneider (Hg.): Medienethik: Freiheit und Verantwortung. Bd 1 der Reihe \u201eChristliche Publizistik\u201c hrsg. von Michael Schibilsky, Stuttgart 2001<\/p>\n<h2><strong>2000<\/strong><\/h2>\n<p><strong>\u201eDer Liebe verpflichtet. Warum sich lohnt, was sich nicht rechnet<\/strong>. <strong>Lehren aus dem Lebenswerk der Fliedners\u201c<\/strong> in: Rheinischer Merkur, Nr. 3\/2000<\/p>\n<p><strong>\u201eDer Generationenvertrag im demographischen Wandel \u2013 die Situation der Pflege als Herausforderung f\u00fcr die Kirche\u201c<\/strong>, Schlussvortrag beim Bundeskongress des DEVAP im Jahr 2000 in: Harmut Dietrich (Hg.): Menschenw\u00fcrdig pflegen. Bundeskongress des DEVAP in W\u00fcrzburg, Dokumentation, Stuttgart 2000<\/p>\n<p><strong>\u201eWelche Gemeinschaft braucht der Diakonat? Aus der Vergangenheit lernen \u2013 die Zukunft gestalten\u201c<\/strong>, in: Welche Gemeinschaft braucht der Diakonat? Tagungsdokumentation der Diakonischen Akademie Deutschland, Tagung vom 19.9.2000 \u2013 20.9.2000.<\/p>\n<p><strong>\u201eEin Amt f\u00fcr Frauen \u2013 Hier Diakonat als Prisma \u00f6kumenischer Theologie\u201c<\/strong>, Rezension zu Dorothea Reininger: Diakonat der Frau in der Kirche, Ostfildern1999, in: Zeitzeichen 10\/2000<\/p>\n<h2><strong>1999<\/strong><\/h2>\n<p><strong>\u201eDiakonische Gemeinschaften im Spannungsfeld gesellschaftlicher Herausforderungen\u201c<\/strong>, Werkheft zum Regionaltreffen der Diakonischen Schwestern und Br\u00fcder im Kaiserswerther Verband zum 60. Geburtstag, Kassel 1999<\/p>\n<p><strong>\u201eDienen sch\u00e4ndet nicht\u201c<\/strong> Artikel zur Diakonischen F\u00fchrung in: Diakonie Impulse 1\/1999<\/p>\n<p><strong>\u201eErstrebtes Ziel oder Wunschdenken? \u2013 Dienstgemeinschaft in der Diakonie\u201c<\/strong>, in: Diakonie-Report 5\/1999<\/p>\n<h2><strong>1998<\/strong><\/h2>\n<p><strong>\u201eSpuren des Glaubens \u2013 Wirklichkeit erkunden\u201c<\/strong>, in: Glauben entdecken. Materialheft 5 zur Kommunikationsinitiative \u201eBr\u00fccken bauen\u201c, Frankfurt am Main 1998 (GEP-Materialien)<\/p>\n<p><strong>\u201eVon der Gemeinschaft zum Netzwerk \u2013 \u00dcber die Zukunft der Schwesternschaften\u201c<\/strong>, in: Evangelische Kommentare, Juni 1998<\/p>\n<p><strong>\u201eDiakonie als Kirche\u201c<\/strong>, Referat zur \u201eDiakonie-Synode\u201c der EKD (9. Synode), 2.11.1998, M\u00fcnster<\/p>\n<h2><strong>1996<\/strong><\/h2>\n<p><strong>\u201eKirchenmitgliedschaft zwischen Zugeh\u00f6rigkeit und Beteiligung\u201c<\/strong> in: Pastoraltheologie 3\/1996, G\u00f6ttingen 1996<\/p>\n<h2><strong>1995<\/strong><\/h2>\n<p><strong>\u201eKennkarte der Kirche?\u201c<\/strong> \u00dcberlegungen zu Diakonie und \u00d6ffentlichkeitsarbeit, in: Festschrift f\u00fcr Dietrich Dehnen, D\u00fcsseldorf 1995<\/p>\n<p><strong>\u201eBewegung der Liebe \u2013 Was hei\u00dft hier: Dreieinigkeit\u201c<\/strong> in: Ev. Kommentare 7\/1995, Christsein heute<\/p>\n<p><strong>\u201eReform und Konsolidierung des Sozialstaats, dargestellt am Beispiel einkommensschwacher Familien mit mehreren Kindern\u201c<\/strong>, in: danken und dienen, Stuttgart 1995<\/p>\n<p><strong>\u201eKirche und Geld\u201c <\/strong>in: Mitgliedermagazin der Gruppe Offene Kirche (MAGOL), Hannover 1995<\/p>\n<h2><strong>1993<\/strong><\/h2>\n<p><strong>\u201eVom Umgang mit Gewalt. Ethisch-seelsorgerliche \u00dcberlegungen f\u00fcr Mitarbeiter in der Altenarbeit\u201c<\/strong>, in: \u201eEvangelische Impluse\u201c 1\/1993<\/p>\n<h2><strong>1992<\/strong><\/h2>\n<p><strong>\u201eGemeinschaft am Tisch des Herrn mu\u00df den Dienst einschlie\u00dfen.<\/strong> <strong>Erfahrungsbericht \u00fcber einen UCC-Austausch\u201c<\/strong>, in: diakonie im rheinland, 4\/1992<\/p>\n<p><strong>\u201eAuf dem Weg zu einer Partnerschaft.<\/strong> <strong>Erfahrung in Wologda, Ru\u00dfland\u201c<\/strong> in: diakonie im eheinland, 5\/1992<\/p>\n","protected":false},"excerpt":{"rendered":"<p>2025 \u201eMit dem Alter sieht man besser\u201c Beitrag f\u00fcr \u201eWandelmutig. Der Frauenkalender\u201c, 24. KW, 8. bis 14. Juni 2026 \u201eImpulse&#8230; <a href=\"https:\/\/www.seele-und-sorge.de\/?page_id=3468\">read more<\/a><\/p>\n","protected":false},"author":1,"featured_media":0,"parent":161,"menu_order":4,"comment_status":"closed","ping_status":"closed","template":"","meta":{"footnotes":""},"class_list":["post-3468","page","type-page","status-publish","hentry"],"_links":{"self":[{"href":"https:\/\/www.seele-und-sorge.de\/index.php?rest_route=\/wp\/v2\/pages\/3468"}],"collection":[{"href":"https:\/\/www.seele-und-sorge.de\/index.php?rest_route=\/wp\/v2\/pages"}],"about":[{"href":"https:\/\/www.seele-und-sorge.de\/index.php?rest_route=\/wp\/v2\/types\/page"}],"author":[{"embeddable":true,"href":"https:\/\/www.seele-und-sorge.de\/index.php?rest_route=\/wp\/v2\/users\/1"}],"replies":[{"embeddable":true,"href":"https:\/\/www.seele-und-sorge.de\/index.php?rest_route=%2Fwp%2Fv2%2Fcomments&post=3468"}],"version-history":[{"count":36,"href":"https:\/\/www.seele-und-sorge.de\/index.php?rest_route=\/wp\/v2\/pages\/3468\/revisions"}],"predecessor-version":[{"id":8217,"href":"https:\/\/www.seele-und-sorge.de\/index.php?rest_route=\/wp\/v2\/pages\/3468\/revisions\/8217"}],"up":[{"embeddable":true,"href":"https:\/\/www.seele-und-sorge.de\/index.php?rest_route=\/wp\/v2\/pages\/161"}],"wp:attachment":[{"href":"https:\/\/www.seele-und-sorge.de\/index.php?rest_route=%2Fwp%2Fv2%2Fmedia&parent=3468"}],"curies":[{"name":"wp","href":"https:\/\/api.w.org\/{rel}","templated":true}]}}