{"id":2306,"date":"2016-09-27T08:58:16","date_gmt":"2016-09-27T08:58:16","guid":{"rendered":"http:\/\/www.seele-und-sorge.de\/?page_id=2306"},"modified":"2018-03-21T09:35:08","modified_gmt":"2018-03-21T09:35:08","slug":"newsletter-nr-3september-2016","status":"publish","type":"page","link":"https:\/\/www.seele-und-sorge.de\/?page_id=2306","title":{"rendered":"Newsletter Nr. 05\/September 2016"},"content":{"rendered":"<p><a href=\"http:\/\/www.seele-und-sorge.de\/wp-content\/uploads\/2016\/09\/newsletter-head_Vorlage_500_200_1.jpg\"><img loading=\"lazy\" decoding=\"async\" class=\"aligncenter wp-image-2194 size-full\" src=\"http:\/\/www.seele-und-sorge.de\/wp-content\/uploads\/2016\/09\/newsletter-head_Vorlage_500_200_1.jpg\" alt=\"\" width=\"500\" height=\"200\" srcset=\"https:\/\/www.seele-und-sorge.de\/wp-content\/uploads\/2016\/09\/newsletter-head_Vorlage_500_200_1.jpg 500w, https:\/\/www.seele-und-sorge.de\/wp-content\/uploads\/2016\/09\/newsletter-head_Vorlage_500_200_1-300x120.jpg 300w\" sizes=\"(max-width: 500px) 100vw, 500px\" \/><\/a><\/p>\n<p style=\"text-align: center;\"><span style=\"color: #87ab1b;\"><strong>THEMEN\u00dcBERSICHT IN DIESEM NEWSLETTER:<\/strong><\/span><br \/>\n<strong><span style=\"color: #cd9522;\">\u00a0AUFBR\u00dcCHE IN UMBR\u00dcCHEN\u00a0\u2605\u00a0INKLUSION VON MENSCHEN MIT BEHINDERUNG\u00a0\u2605\u00a0\u00a0DIAKONISCHE PILGERREISEN\u00a0\u2605\u00a0REFORMATION<\/span><span style=\"color: #cd9522;\">\u00a0<\/span><\/strong><br \/>\n<strong><span style=\"color: #008080;\">AKTION: AUFBRUCHSENERGIETANKSTELLE \u2013<br \/>\nGESCHICHTEN VON NEUANF\u00c4NGEN TEILEN<\/span><\/strong><\/p>\n<p style=\"text-align: center;\">&#8212;&#8212;&#8212;&#8212;&#8212;&#8212;&#8212;&#8212;&#8212;&#8212;&#8212;&#8212;&#8212;&#8212;&#8212;&#8212;&#8212;&#8212;&#8212;&#8212;&#8212;&#8212;&#8212;&#8212;&#8212;&#8212;&#8212;&#8212;&#8212;&#8212;&#8212;&#8212;&#8212;&#8212;&#8212;&#8212;&#8212;&#8212;&#8212;&#8212;&#8212;<\/p>\n<p><strong>Demn\u00e4chst erscheint:<\/strong><\/p>\n<h2>\u201eAufbr\u00fcche in Umbr\u00fcchen. Christsein und Kirche in der Transformation&#8220;<\/h2>\n<p>Zwischen Mails, WhatsApp und Facebook-Posts kommt es mir manchmal geradezu antiquiert vor, wie genau bei der Buchproduktion gearbeitet wird. Mehrfach gingen die Fahnen f\u00fcr mein neues Buch hin und her zwischen meiner Lektorin und mir, der Setzerin und der Verlegerin, damit die \u00dcberschriften und Kolumnentitel sitzen und m\u00f6glichst keine Fehler mehr im Text sind. Aus der Zeit gefallen? Ich freue mich, dass es solche Sorgfalt noch gibt.<\/p>\n<p>Mehr Abk\u00fcrzungen auf Twitter, mehr Druckfehler in der Tageszeitung sind nur ein kleines Indiz f\u00fcr die Beschleunigung, mit der wir leben. Und die wiederum ist nur Teil einer viel gr\u00f6\u00dferen Transformation, die nicht nur mit Technologie und Globalisierung zusammenh\u00e4ngt. Wir sp\u00fcren die gro\u00dfen Umbr\u00fcche jeden Tag \u2013 im Kleinen, Privaten, wie im Gro\u00dfen, Gesellschaftlichen und Politischen. In meinem Buch bin ich diesen Auswirkungen nachgegangen: Ich wollte wissen, was es mit unserem Leben macht, wenn wir st\u00e4ndig unsere beruflichen T\u00e4tigkeiten und unsere Wohnorte wechseln und Kontakte vor allem online nachhalten. Wenn sich St\u00e4dte und Gemeinden ver\u00e4ndern durch das Auseinanderdriften der Lebenswelten. Ich wollte aber auch wissen, wie wir in all dem unser eigenes Leben finden: in unserem K\u00f6rper, unseren Gef\u00fchlen, unserer Stimme. Und welche Rolle Kirche spielen kann, um Einzelne und Familien zu unterst\u00fctzen, um einen neuen Zusammenhalt zu schaffen zwischen denen, die schon lange an einem Ort sind, und denen die dazukommen.<\/p>\n<p><strong>Am 4. Oktober wird das Buch ausgeliefert; dann k\u00f6nnen Sie es in Ihrer Buchhandlung oder online bestellen.<\/strong><\/p>\n<p>Vielleicht werden Sie auch auf der Buchmesse sein? Dann kommen Sie doch am Samstag, den 22.\u00a0Oktober um 17.00 Uhr zum Stand der Deutschen Bibelgesellschaft. Dort stelle ich mein Buch vor und ich w\u00fcrde mich sehr freuen, mit Ihnen \u00fcber Christsein und Kirche in der Transformation ins Gespr\u00e4ch zu kommen.<\/p>\n<p><span style=\"color: #cd9522;\"><strong><u><strong><a href=\"http:\/\/www.seele-und-sorge.de\/wp-content\/uploads\/2016\/09\/CoenenMarx-buch.jpg\"><img loading=\"lazy\" decoding=\"async\" class=\"size-full wp-image-2191 alignleft\" src=\"http:\/\/www.seele-und-sorge.de\/wp-content\/uploads\/2016\/09\/CoenenMarx-buch.jpg\" alt=\"coenenmarx-buch\" width=\"150\" height=\"173\" \/><\/a><\/strong>Cornelia Coenen-Marx\u00a0<\/u><\/strong><\/span><\/p>\n<p><span style=\"color: #cd9522;\"><strong><em>Aufbr\u00fcche in Umbr\u00fcchen. Christsein und Kirche in der Transformation<\/em><\/strong><\/span><\/p>\n<p><span style=\"color: #cd9522;\"><strong>ISB<\/strong><strong>N: 978-3-8469-0252-3, 336 Seiten, 24,90 Euro<\/strong><\/span><\/p>\n<p><span style=\"color: #cd9522;\"><u><strong>Buchvorstellung auf der Frankfurter Buchmesse<\/strong><\/u><\/span><\/p>\n<p><strong>Samstag 22.10.2016, 17 Uhr,<br \/>\nHalle 3.1, Stand C 84, Deutsche Bibelgesellschaft<\/strong><\/p>\n<p style=\"text-align: center;\">&#8212;&#8212;&#8212;&#8212;&#8212;&#8212;&#8212;&#8212;&#8212;&#8212;&#8212;&#8212;&#8212;&#8212;&#8212;&#8212;&#8212;&#8212;&#8212;&#8212;&#8212;&#8212;&#8212;&#8212;&#8212;&#8212;&#8212;&#8212;&#8212;&#8212;&#8212;&#8212;&#8212;&#8212;&#8212;&#8212;&#8212;&#8212;&#8212;&#8212;&#8212;<\/p>\n<h2><strong>Aktion: Die Aufbruchsenergietankstelle<\/strong><\/h2>\n<p><a href=\"http:\/\/www.seele-und-sorge.de\/wp-content\/uploads\/2016\/09\/Pilgerkette_01_kl.jpg\"><img loading=\"lazy\" decoding=\"async\" class=\"size-full wp-image-2192 alignleft\" src=\"http:\/\/www.seele-und-sorge.de\/wp-content\/uploads\/2016\/09\/Pilgerkette_01_kl.jpg\" alt=\"pilgerkette_01_kl\" width=\"180\" height=\"131\" \/><\/a><\/p>\n<p>Aufbrechen ist ansteckend. Von anderen Menschen zu h\u00f6ren, wie sie es geschafft haben, sich aus dem t\u00e4glichen Trott zu befreien und zu neuen Ufern aufzubrechen, wie sie gemeinsam mit anderen etwas gestaltet haben, statt nur Betroffene oder Opfer der gr\u00f6\u00dferen Ereignisse zu sein, oder wie sie einfach nur eine ungesunde Gewohnheit abgestreift haben und dadurch neue Kraft gewannen \u2013 das macht Mut und gibt Energie f\u00fcr eigene Aufbr\u00fcche. In meinem Buch habe ich von vielen Aufbr\u00fcchen erz\u00e4hlt, von meinen pers\u00f6nlichen wie von kirchlichen oder anderen Initiativen. Nun w\u00fcrden wir gern eine Art Aufbruchsenergietankstelle etablieren, an der Menschen erz\u00e4hlen, was sie unternommen haben und was sich f\u00fcr sie und andere daraus ergab. Haben Sie Lust, etwas von Ihren Aufbr\u00fcchen zu teilen? Dann freue ich mich, wenn Sie Ihre Geschichte auf meiner Seele-und-Sorge-Facebookseite posten unter <a href=\"https:\/\/www.facebook.com\/seeleundsorge\/?fref=ts\">www.facebook.com\/seeleundsorge\/?fref=ts<\/a>. \u00a0Als Dankesch\u00f6n und auch als Zeichen der Verbundenheit unter uns Aufbrecherinnen und Aufbrechern erhalten Sie eine Pilgerkette von Susanne Niemeyer.<\/p>\n<p style=\"text-align: center;\">&#8212;&#8212;&#8212;&#8212;&#8212;&#8212;&#8212;&#8212;&#8212;&#8212;&#8212;&#8212;&#8212;&#8212;&#8212;&#8212;&#8212;&#8212;&#8212;&#8212;&#8212;&#8212;&#8212;&#8212;&#8212;&#8212;&#8212;&#8212;&#8212;&#8212;&#8212;&#8212;&#8212;&#8212;&#8212;&#8212;&#8212;&#8212;&#8212;&#8212;&#8212;<\/p>\n<h2><strong><a href=\"http:\/\/www.seele-und-sorge.de\/wp-content\/uploads\/2016\/09\/SS_Zitatkarte_042.jpg\"><img loading=\"lazy\" decoding=\"async\" class=\"size-full wp-image-2199 alignleft\" src=\"http:\/\/www.seele-und-sorge.de\/wp-content\/uploads\/2016\/09\/SS_Zitatkarte_042.jpg\" alt=\"ss_zitatkarte_042\" width=\"420\" height=\"298\" srcset=\"https:\/\/www.seele-und-sorge.de\/wp-content\/uploads\/2016\/09\/SS_Zitatkarte_042.jpg 420w, https:\/\/www.seele-und-sorge.de\/wp-content\/uploads\/2016\/09\/SS_Zitatkarte_042-300x213.jpg 300w\" sizes=\"(max-width: 420px) 100vw, 420px\" \/><\/a>Inklusion von Menschen mit Behinderung \u2013 eine Herausforderung f\u00fcr die Gemeinden<\/strong><\/h2>\n<p>Offen gestanden, bin ich nicht besonders sportlich. Aber die Paralympics haben\u00a0mich auch in diesem Jahr wieder begeistert. So schnell, wie da Leute mit Prothesen laufen, h\u00e4tte ich es auch ohne nie gekonnt und ich bewundere die Energie, die Konzentration, die Ausdauer, mit denen die Teilnehmenden an ihrer sportlichen Meisterschaft arbeiten. Besonders ber\u00fchrt mich der Tandemlauf, bei dem blinde mit sehenden Sportlerinnen und Sportlern zusammen in den Wettkampf gehen \u2013 oft genug sind die Teilnehmenden mit Behinderung dabei besser als ihre Coaches. In jedem Fall werden sie besser im Ged\u00e4chtnis bleiben.<\/p>\n<p>Das erinnert mich an die Geschichte von der Berufung des Mose, der Israel aus \u00c4gypten f\u00fchren sollte und sich doch lange str\u00e4ubte. Die Bibel erz\u00e4hlt, wie er am brennenden Dornbusch mit Gott und seinem Schicksal rang. Denn er war kein gro\u00dfer Redner und die Vorstellung, zum Pharao zu gehen, machte ihm Angst. Am Ende half nur noch eins: dass Gott ihm einen \u201eBruder\u201c an die Seite stellte: Aaron, der besser reden konnte als er. Aaron soll Moses assistieren. Bei der Christoffel-Blindenmission hat man entdeckt: Zum ersten Mal wird hier in der Bibel die Bedeutung von pers\u00f6nlicher Unterst\u00fctzung und Hilfe \u2013 eben von Assistenz deutlich. Das Spannende daran ist: Im R\u00fcckblick sehen wir Mose und Aaron als ein Duo, und \u00fcber der F\u00fchrungskraft des Mose vergessen wir die Schw\u00e4che, die ihn am Anfang umtrieb.<\/p>\n<p>Auch wenn der Geburtstag von Ernst Christoffel, dem Gr\u00fcnder der <a href=\"http:\/\/www.cbm.de\">Blindenmission<\/a>, in diesem September schon 140 Jahre zur\u00fcckliegt \u2013 die Inklusionsbewegung in Deutschland steht immer noch am Anfang. Eine Umfrage in Niedersachsen zeigte k\u00fcrzlich: Im Blick auf die schulische Entwicklung w\u00fcnschen sich inzwischen mehr als die H\u00e4lfte der Befragten ein Moratorium, weil sie den Eindruck haben, dass es nicht gen\u00fcgend Assistenz f\u00fcr die individuelle F\u00f6rderung ihrer Kinder gibt. Nicht wenige Eltern bevorzugen deshalb nach wie vor eigene F\u00f6rderschulen. Und auch von dem geplanten Teilhabegesetz haben viele mehr erwartet. Nicht nur die <a href=\"http:\/\/inklusionsfakten.de\/\">fantasievollen Aktionen<\/a> von <a href=\"http:\/\/www.raoul.de\">Raoul Krauthausen<\/a> zeigen die Unzufriedenheit. Gerade sind <a href=\"http:\/\/sozial-digital.epd.de\/sd\/2016\/09\/21\/\">Blinde und Sehbehinderte nebem dem Reichstag im kalten Wasser der Spree baden gegangen<\/a>, um auf die M\u00e4ngel des geplanten Bundesteilhabegesetzes hinzuweisen.<\/p>\n<p>Nach wie vor ist zu wenig im Blick, welche M\u00f6glichkeiten die Kirchengemeinden haben, um Inklusion zur allt\u00e4glichen Selbstverst\u00e4ndlichkeit zu machen.\u00a0Dabei geht es um Niedrigschwelligkeit in Gemeindezentren und bei der Kommunikation, dar\u00fcber hinaus aber auch um integrative Tageseinrichtungen und Konfirmandenarbeit oder um die Zusammenarbeit mit Werkst\u00e4tten. Die <a href=\"http:\/\/www.ekd.de\/EKD-Texte\/orientierungshilfe_inklusion2015.html\">EKD-Orientierungshilfe \u201eEs ist normal, verschieden zu sein\u201c<\/a> (Hannover 2015)\u00a0zeigt eine Palette von M\u00f6glichkeiten und reflektiert auch ganz bewusst die Grenzen von Inklusion. Es lohnt, sich davon anregen zu lassen. Schlie\u00dflich erz\u00e4hlt schon die Geschichte von Mose und Aaron, dass Geschwisterlichkeit hei\u00dft, einander auf Augenh\u00f6he zu unterst\u00fctzen \u2013 so dass am Ende vielleicht sogar der angeblich Schw\u00e4chere den scheinbar St\u00e4rkeren \u00fcber die Ziellinie zieht, wie bei den Paralympics.<\/p>\n<p>Mich besch\u00e4ftigt das Thema demn\u00e4chst bei einem Vortrag am 19. Oktober in der Diakonie der Ev. Kirche in Mitteldeutschland, aber auch beim Pfarrkonvent der Hamburger Kirchenkreise am 22. November und schlie\u00dflich bei einer Ringvorlesung am 19. Dezember in der Universit\u00e4t Hamburg (<a href=\"http:\/\/www.seele-und-sorge.de\/?page_id=8\">mehr zu den Terminen auf meiner Homepage<\/a>). Die Inklusionsbewegung, um die es geht, ist letztlich die gleiche wie bei anderen Themen der Gemeinwesendiakonie und Quartiersarbeit: Es geht um den Auftrag der Kirche, Gemeinschaft der Verschiedenen zu sein. Mit allen Generationen, mit \u201eEinheimischen\u201c und \u201eFremden\u201c, mit denen, die in ihrer Arbeit so gefordert sind, dass sie kaum noch f\u00fcr anderes Zeit finden, und denen, die weder Arbeitsstelle noch Geld haben. Eine \u00dcberforderung? Nicht, wenn man da anf\u00e4ngt, wo das Herz schl\u00e4gt und die Herausforderungen erkennbar sind.<\/p>\n<p style=\"text-align: center;\">&#8212;&#8212;&#8212;&#8212;&#8212;&#8212;&#8212;&#8212;&#8212;&#8212;&#8212;&#8212;&#8212;&#8212;&#8212;&#8212;&#8212;&#8212;&#8212;&#8212;&#8212;&#8212;&#8212;&#8212;&#8212;&#8212;&#8212;&#8212;&#8212;&#8212;&#8212;&#8212;&#8212;&#8212;&#8212;&#8212;&#8212;&#8212;&#8212;&#8212;&#8212;<\/p>\n<h2><strong><a href=\"http:\/\/www.seele-und-sorge.de\/wp-content\/uploads\/2016\/09\/SS_Zitatkarte_04.jpg\"><img loading=\"lazy\" decoding=\"async\" class=\"size-full wp-image-2200 alignleft\" src=\"http:\/\/www.seele-und-sorge.de\/wp-content\/uploads\/2016\/09\/SS_Zitatkarte_04.jpg\" alt=\"ss_zitatkarte_04\" width=\"420\" height=\"298\" srcset=\"https:\/\/www.seele-und-sorge.de\/wp-content\/uploads\/2016\/09\/SS_Zitatkarte_04.jpg 420w, https:\/\/www.seele-und-sorge.de\/wp-content\/uploads\/2016\/09\/SS_Zitatkarte_04-300x213.jpg 300w\" sizes=\"(max-width: 420px) 100vw, 420px\" \/><\/a><\/strong><strong>Diakonische Pilgerreisen: Schnupperangebot f\u00fcr junge F\u00fchrungskr\u00e4fte und f\u00fcr kleine Teams<\/strong><\/h2>\n<p>Wer sich professionell mit Themen wie Pflege, Alter oder Armut besch\u00e4ftigt, f\u00fchlt sich oft eingeschn\u00fcrt in ein Korsett aus Ressourcenknappheit, Zeitmangel, zu erf\u00fcllenden Zielmarken. Was einen eigentlich angetrieben hat, die Motivation f\u00fcr die sorgenden Berufe, kann dar\u00fcber ebenso verloren gehen wie die Kraft f\u00fcr neue Ideen und Ver\u00e4nderungen.<\/p>\n<p>An den alten Orten der Diakonie ist diese Kraft manchmal noch sp\u00fcrbar. Meine diakonischen Pilgerreisen f\u00fchren an die Orte jener umw\u00e4lzenden sozialen Projekte des 19.\u00a0Jahrhunderts und sie erkunden auf neuen Wegen, um was es in diesen Feldern heute geht. Information und Analyse, aber auch k\u00f6rperliche, seelische und geistliche Inspirationen unterst\u00fctzen dabei, die eigenen Visionen (wieder) zu entdecken. Wir wollen uns auf den Weg machen, damit wir anschlie\u00dfend in unserem Alltag uns und andere besser bewegen k\u00f6nnen. Mehr dazu finden Sie auf meiner Homepage <a href=\"http:\/\/www.seele-und-sorge.de\/?page_id=1466\">seele-und-sorge.de<\/a>. Dort gibt es \u00fcbrigens auch den aktuellen Blog zu den diakonischen Kraftorten, diesmal ein Interview mit Christoph Radbruch, Vorsteher und Theologischer Vorstand der Pfeifferschen Stiftungen, Magdeburg.<\/p>\n<p>Vielleicht haben Sie mit Ihrem Team Lust auf diese neue \u201eFortbildung f\u00fcr Querdenker\u201c \u2013 aber leider weniger Zeit, als von uns bisher veranschlagt? Oder Sie w\u00fcrden Ihren jungen F\u00fchrungskr\u00e4ften gern die M\u00f6glichkeit zur Teilnahme geben, haben allerdings nur ein geringeres Budget zur Verf\u00fcgung? Dann m\u00f6chten wir Ihnen f\u00fcr die Themen \u201eAltern\u201c und \u201ePflege\u201c gern einen Vorschlag machen. Wir planen ein \u201eSchnupperangebot\u201c f\u00fcr nur drei Tage\/zwei N\u00e4chte mit gek\u00fcrztem Programm und selbstverst\u00e4ndlich geringeren Kosten \u2013 drei Tage, die Ihnen selbst, Ihrem Team oder Ihren F\u00fchrungskr\u00e4ften den Kopf frei machen und neue Impulse geben k\u00f6nnen. Wenn Sie Interesse daran haben, schicken Sie uns gern eine Mail an\u00a0<a href=\"mailto:office@seele-und-sorge.de\">office@seele-und-sorge.de<\/a>. Wir rufen Sie zur\u00fcck.<strong>\u00a0<\/strong><\/p>\n<p style=\"text-align: center;\">&#8212;&#8212;&#8212;&#8212;&#8212;&#8212;&#8212;&#8212;&#8212;&#8212;&#8212;&#8212;&#8212;&#8212;&#8212;&#8212;&#8212;&#8212;&#8212;&#8212;&#8212;&#8212;&#8212;&#8212;&#8212;&#8212;&#8212;&#8212;&#8212;&#8212;&#8212;&#8212;&#8212;&#8212;&#8212;&#8212;&#8212;&#8212;&#8212;&#8212;&#8212;<\/p>\n<p><a href=\"http:\/\/www.seele-und-sorge.de\/wp-content\/uploads\/2016\/09\/SS_Zitatkarte_043.jpg\"><img loading=\"lazy\" decoding=\"async\" class=\"size-full wp-image-2201 alignleft\" src=\"http:\/\/www.seele-und-sorge.de\/wp-content\/uploads\/2016\/09\/SS_Zitatkarte_043.jpg\" alt=\"ss_zitatkarte_043\" width=\"420\" height=\"298\" srcset=\"https:\/\/www.seele-und-sorge.de\/wp-content\/uploads\/2016\/09\/SS_Zitatkarte_043.jpg 420w, https:\/\/www.seele-und-sorge.de\/wp-content\/uploads\/2016\/09\/SS_Zitatkarte_043-300x213.jpg 300w\" sizes=\"(max-width: 420px) 100vw, 420px\" \/><\/a><\/p>\n<h2><strong>Reformation!<\/strong><\/h2>\n<p>In gut einem Jahr wird es ein halbes Jahrtausend her sein, dass Martin Luther seine Thesen an das Portal der Schlosskirche zu Wittenberg schlug. Auf vielen Ebenen der Kirche wird das Jubil\u00e4um auch zum Anlass genommen, neu \u00fcber einige zentrale Fragen des christlichen Lebens nachzudenken.<\/p>\n<p>In der Reihe Transformation und Reformation im Sozialwissenschaftlichen Institut der EKD erscheint jetzt das von mir geschriebene Heft zum Thema <strong>Familie<\/strong>. Die heftige Debatte um die EKD-Orientierungshilfe \u201eZwischen Autonomie und Angewiesenheit\u201c hat einmal mehr gezeigt: Familie ist Sehnsuchtsort der meisten, Lernort des Glaubens, Zentrum kirchlicher Debatten \u00fcber Lebensformen und Rituale. Und sie ist im Umbruch, und zwar seit Beginn der Reformation. Dem bin ich noch einmal nachgegangen. Sie k\u00f6nnen das Heft \u00fcber das <a href=\"https:\/\/www.ekd.de\/si\/\">Sozialwissenschaftliche Institut der EKD<\/a> \u00a0bestellen.<\/p>\n<p>Die Kirche nicht denen zu \u00fcberlassen, die von Amts wegen und in gelehrter Sprache von Gott reden \u2013 auch das war einer der wesentlichen Impulse der Reformation. Welche M\u00f6glichkeiten sich daraus ergeben, wie viele Potenziale es f\u00fcr die Gemeinden zu gewinnen gibt, wie viel Entfaltungsm\u00f6glichkeiten f\u00fcr die Einzelnen, das entdecken wir momentan noch einmal neu in der Ehrenamtsbewegung. Am 22.\u00a0Oktober halte ich dazu einen Impulsvortrag, \u201e<strong>Ehrenamt und Priestertum aller Getauften<\/strong>\u201c, in einem Seminar der Ev. Erwachsenenbildung in Frankfurt am Main.<\/p>\n<p>Wer sind eigentlich die Menschen, die sich in immer gr\u00f6\u00dferer Zahl freiwillig engagieren? Warum tun sie es? Und wie sieht es mit der Geschlechterverteilung aus \u2013 bei Leitungs- und bei anderen Aufgaben? Und: Was m\u00fcssen wir tun, um ehrenamtliches Engagement zu unterst\u00fctzen, gerade auch bei einer st\u00e4rkeren Professionalisierung auch kleinerer Initiativen? Mein kurzer Beitrag <a href=\"http:\/\/www.zdk.de\/veroeffentlichungen\/salzkoerner\/detail\/Ehrenamt-als-Teilhabeschluessel-778C\/\">\u201eEhrenamt als Teilhabeschl\u00fcssel\u201c<\/a>\u00a0auf der Website des Zentralkomitees der Deutschen Katholiken geht auf einige zentrale Ergebnisse des im Fr\u00fchjahr erschienenen neuen Freiwilligensurveys ein.<\/p>\n<p>Interessante Informationen, Literatur und Angebote etwa zu den Themen Kirche und Zivilgesellschaft oder Monetarisierung und Prekarisierung bietet auch die Website <a href=\"http:\/\/www.evangelisch-ehrenamt.de\">evangelisch-ehrenamt.de<\/a>.<\/p>\n<p><strong>Gott neu denken und sprechen<\/strong> \u2013 das ist wohl der zentrale Impulse der Reformation, immer wieder neu. Am 4. November ist es auch Thema beim\u00a0\u201e<a href=\"http:\/\/www.seele-und-sorge.de\/?event=duesseldorfer-frauenmahl\">Frauenmahl<\/a>\u201c in D\u00fcsseldorf im Hotel MutterHaus Kaiserswerth, zu dem ich einen Impulsvertrag halte. Ich freue mich schon auf ein intensives Gespr\u00e4ch an diesem besonderen Ort.<\/p>\n<p>Weitere Terminhinweise, Angebote und Ver\u00f6ffentlichungen finden Sie auf unserer Homepage <a href=\"http:\/\/www.seele-und-sorge.de\/\">www.seele-und-sorge.de<\/a>.<\/p>\n<p><a href=\"http:\/\/www.seele-und-sorge.de\/wp-content\/uploads\/2016\/09\/talking_box.jpg\"><img loading=\"lazy\" decoding=\"async\" class=\"size-full wp-image-2193 alignleft\" src=\"http:\/\/www.seele-und-sorge.de\/wp-content\/uploads\/2016\/09\/talking_box.jpg\" alt=\"talking_box\" width=\"200\" height=\"150\" \/><\/a><\/p>\n<p><strong>Sie liegen in der Luft und sind doch oft schwer zu greifen, die Themen und Visionen f\u00fcr einen gemeinsamen Aufbruch. Wie finde<\/strong><strong>n wir den Anfang? Mein kleiner Tipp: die\u00a0<\/strong><strong>\u201eTalk-Box von Wir sind Diakonie\u201c\u00a0<\/strong><strong>von Claudia Filker und Hanna Schott bei Neukirchen\/Aussaat \u00a02016<\/strong><strong><strong>.<\/strong>\u00a0<\/strong>Die Impulskarten helfen ins Gespr\u00e4ch, sorgen f\u00fcr neue Einblicke und unterst\u00fctzen ein besseres gegenseitiges Verst\u00e4ndnis \u2013 damit Ideen ausgesprochen und gemeinsam gestaltet werden k\u00f6nnen.<\/p>\n<p><span style=\"color: #cd9522;\">Ich w\u00fcnsche Ihnen viel Energie und Freude bei Ihren Aufbr\u00fcchen!\u00a0<\/span><\/p>\n<p><span style=\"color: #cd9522;\">Herzlich<\/span><\/p>\n<p><span style=\"color: #cd9522;\">Ihre Cornelia Coenen-Marx<\/span><\/p>\n","protected":false},"excerpt":{"rendered":"<p>THEMEN\u00dcBERSICHT IN DIESEM NEWSLETTER: \u00a0AUFBR\u00dcCHE IN UMBR\u00dcCHEN\u00a0\u2605\u00a0INKLUSION VON MENSCHEN MIT BEHINDERUNG\u00a0\u2605\u00a0\u00a0DIAKONISCHE PILGERREISEN\u00a0\u2605\u00a0REFORMATION\u00a0 AKTION: AUFBRUCHSENERGIETANKSTELLE \u2013 GESCHICHTEN VON NEUANF\u00c4NGEN TEILEN &#8212;&#8212;&#8212;&#8212;&#8212;&#8212;&#8212;&#8212;&#8212;&#8212;&#8212;&#8212;&#8212;&#8212;&#8212;&#8212;&#8212;&#8212;&#8212;&#8212;&#8212;&#8212;&#8212;&#8212;&#8212;&#8212;&#8212;&#8212;&#8212;&#8212;&#8212;&#8212;&#8212;&#8212;&#8212;&#8212;&#8212;&#8212;&#8212;&#8212;&#8212;&#8230; <a href=\"https:\/\/www.seele-und-sorge.de\/?page_id=2306\">read more<\/a><\/p>\n","protected":false},"author":1,"featured_media":0,"parent":619,"menu_order":46,"comment_status":"closed","ping_status":"closed","template":"","meta":{"footnotes":""},"class_list":["post-2306","page","type-page","status-publish","hentry"],"_links":{"self":[{"href":"https:\/\/www.seele-und-sorge.de\/index.php?rest_route=\/wp\/v2\/pages\/2306"}],"collection":[{"href":"https:\/\/www.seele-und-sorge.de\/index.php?rest_route=\/wp\/v2\/pages"}],"about":[{"href":"https:\/\/www.seele-und-sorge.de\/index.php?rest_route=\/wp\/v2\/types\/page"}],"author":[{"embeddable":true,"href":"https:\/\/www.seele-und-sorge.de\/index.php?rest_route=\/wp\/v2\/users\/1"}],"replies":[{"embeddable":true,"href":"https:\/\/www.seele-und-sorge.de\/index.php?rest_route=%2Fwp%2Fv2%2Fcomments&post=2306"}],"version-history":[{"count":2,"href":"https:\/\/www.seele-und-sorge.de\/index.php?rest_route=\/wp\/v2\/pages\/2306\/revisions"}],"predecessor-version":[{"id":3450,"href":"https:\/\/www.seele-und-sorge.de\/index.php?rest_route=\/wp\/v2\/pages\/2306\/revisions\/3450"}],"up":[{"embeddable":true,"href":"https:\/\/www.seele-und-sorge.de\/index.php?rest_route=\/wp\/v2\/pages\/619"}],"wp:attachment":[{"href":"https:\/\/www.seele-und-sorge.de\/index.php?rest_route=%2Fwp%2Fv2%2Fmedia&parent=2306"}],"curies":[{"name":"wp","href":"https:\/\/api.w.org\/{rel}","templated":true}]}}