{"id":2304,"date":"2016-09-27T08:56:34","date_gmt":"2016-09-27T08:56:34","guid":{"rendered":"http:\/\/www.seele-und-sorge.de\/?page_id=2304"},"modified":"2018-03-21T09:34:38","modified_gmt":"2018-03-21T09:34:38","slug":"newsletter-nr-2-junijuli-2016","status":"publish","type":"page","link":"https:\/\/www.seele-und-sorge.de\/?page_id=2304","title":{"rendered":"Newsletter Nr. 04\/ Juni\/Juli 2016"},"content":{"rendered":"<p><a href=\"http:\/\/www.seele-und-sorge.de\/wp-content\/uploads\/2016\/06\/newsletter-head_Vorlage_500_200_3.jpg\"><img loading=\"lazy\" decoding=\"async\" class=\"aligncenter size-full wp-image-2036\" src=\"http:\/\/www.seele-und-sorge.de\/wp-content\/uploads\/2016\/06\/newsletter-head_Vorlage_500_200_3.jpg\" alt=\"newsletter coenen-marx\" width=\"500\" height=\"200\" srcset=\"https:\/\/www.seele-und-sorge.de\/wp-content\/uploads\/2016\/06\/newsletter-head_Vorlage_500_200_3.jpg 500w, https:\/\/www.seele-und-sorge.de\/wp-content\/uploads\/2016\/06\/newsletter-head_Vorlage_500_200_3-300x120.jpg 300w\" sizes=\"(max-width: 500px) 100vw, 500px\" \/><\/a><\/p>\n<p style=\"text-align: center;\"><strong><span style=\"color: #a2bc07; font-size: small;\">THEMEN\u00dcBERSICHT IN DIESEM NEWSLETTER:<\/span><\/strong><br \/>\n<strong><span style=\"font-size: small;\"><span style=\"color: #e18800;\">\u00a0<\/span><span style=\"font-size: 10pt; line-height: 115%; font-family: Arial; color: #e18800; background-image: initial; background-attachment: initial; background-size: initial; background-origin: initial; background-clip: initial; background-position: initial; background-repeat: initial;\">KRAFTORTE DER DIAKONIE\u00a0<\/span><span style=\"font-size: 10pt; line-height: 115%; font-family: '\u30d2\u30e9\u30ae\u30ce\u89d2\u30b4 Std W8'; color: #e18800; background-image: initial; background-attachment: initial; background-size: initial; background-origin: initial; background-clip: initial; background-position: initial; background-repeat: initial;\">\u2605<\/span><span style=\"font-size: 10pt; line-height: 115%; font-family: Arial; color: #e18800; background-image: initial; background-attachment: initial; background-size: initial; background-origin: initial; background-clip: initial; background-position: initial; background-repeat: initial;\">\u00a0DIAKONISCHE PILGERREISEN<br \/>\n<\/span><span style=\"font-size: 10pt; line-height: 115%; font-family: Arial; color: #e18800; background-image: initial; background-attachment: initial; background-size: initial; background-origin: initial; background-clip: initial; background-position: initial; background-repeat: initial;\">\u00a0VOM WERT GUTER SORGEARBEIT\u00a0<\/span><span style=\"font-size: 10pt; line-height: 115%; font-family: '\u30d2\u30e9\u30ae\u30ce\u89d2\u30b4 Std W8'; color: #e18800; background-image: initial; background-attachment: initial; background-size: initial; background-origin: initial; background-clip: initial; background-position: initial; background-repeat: initial;\">\u2605\u00a0<\/span><span style=\"font-size: 10pt; line-height: 115%; font-family: Arial; color: #e18800; background-image: initial; background-attachment: initial; background-size: initial; background-origin: initial; background-clip: initial; background-position: initial; background-repeat: initial;\">AUFBR\u00dcCHE IN UMBR\u00dcCHEN<\/span><\/span><\/strong><\/p>\n<p style=\"text-align: center;\">&#8212;&#8212;&#8212;&#8212;&#8212;&#8212;&#8212;&#8212;&#8212;&#8212;&#8212;&#8212;&#8212;&#8212;&#8212;&#8212;&#8212;&#8212;&#8212;&#8212;&#8212;&#8212;&#8212;&#8212;&#8212;&#8212;&#8212;&#8212;&#8212;&#8212;&#8212;&#8212;&#8212;&#8212;&#8212;&#8212;&#8212;&#8212;&#8212;&#8212;&#8212;<\/p>\n<h3><strong>Von der eigenen Kraft diakonischer Orte<\/strong><\/h3>\n<p>\u201eMan friert dort im Winter, gibt es doch keine Heizung; im Sommer kann es manchmal recht stickig sein, und doch fasziniert die Vorstellung, dass gerade hier, an diesem kaum ver\u00e4nderten Ort schon fr\u00fchere Generationen gewirkt haben\u201c, schreibt Norbert Friedrich, der Leiter der Fliedner-Kultur-Stiftung, \u00fcber das Gartenh\u00e4uschen, in dem die diakonische Arbeit in Kaiserswerth mit der Aufnahme von zwei strafentlassenen Frauen begann. Und Claudia Rackwitz-Busse aus dem Rauhen Haus sagt: \u201eIch w\u00e4re nicht Rauhh\u00e4usler Diakonin, wenn ich nicht von Kraftorten und Kraftworten Johann Hinrich Wicherns begeistert und motiviert w\u00e4re. Seine Entscheidung vor \u00fcber 180 Jahren, an die Orte zu gehen, an denen Not entsteht, wie im G\u00e4ngeviertel in Hamburg, war bahnbrechend. \u201aWenn die Leute nicht zur Kirche gehen, muss die Kirche zu den Leuten gehen\u2018, das war sein Motto. Er schuf R\u00e4ume, in denen Menschen sich entwickeln konnten.\u201c<\/p>\n<p>Welche Bedeutung haben Orte und R\u00e4ume f\u00fcr die diakonische Arbeit? Als Schutzr\u00e4ume oder Orte der Inspiration, als Lernorte und Arbeitspl\u00e4tze? Welche Rolle spielen R\u00e4ume f\u00fcr unser Lebensgef\u00fchl, unseren sozialen Status und unsere Gesundheit? Dar\u00fcber diskutieren wir auf dem <a href=\"http:\/\/www.seele-und-sorge.de\/?page_id=1911\"><strong>Blog \u201eDiakonische Kraftorte\u201c<\/strong><\/a>, wo auch die Interviews mit Norbert Friedrich und Claudia Rackwitz-Busse erschienen sind. Weitere werden folgen und ich w\u00fcrde mich freuen, wenn Sie sich beteiligen. Oder Sie diskutieren mit auf unserer <a href=\"https:\/\/www.facebook.com\/seeleundsorge\"><strong>Facebook-Seite Seele und Sorge<\/strong><\/a><\/p>\n<p>&#8212;&#8212;&#8212;&#8212;&#8212;&#8212;&#8212;&#8212;&#8212;&#8212;&#8212;&#8212;&#8212;&#8212;&#8212;&#8212;&#8212;&#8212;&#8212;&#8212;&#8212;&#8212;&#8212;&#8212;&#8212;&#8212;&#8212;&#8212;&#8212;&#8212;&#8212;&#8212;&#8212;&#8212;&#8212;&#8212;&#8212;&#8212;&#8212;&#8212;&#8212;<\/p>\n<h3><strong>Pilgern, um an den dr\u00e4ngenden Fragen zu arbeiten<\/strong><\/h3>\n<p>Norbert Friedrich hat Recht: Die alten Orte der Diakonie mit ihren oft anr\u00fchrend einfachen, manchmal auch ehrw\u00fcrdigen historischen Geb\u00e4uden wirken teilweise wie \u201eaus der Zeit gefallen\u201c \u2013 verglichen jedenfalls mit der modernen, oft allzu n\u00fcchternen Gestaltung heutiger Notaufnahmen, Quartierscaf\u00e9s oder Demenzstationen in Pflegeheimen. Aber auch da gibt es \u2013 trotz Kostendruck, Stress und Leidenserfahrungen \u2013 gro\u00dfartige Gestaltungsideen und Modelle. Beidem wollen wir ab Oktober dieses Jahres mit unseren Diakonischen Pilgerreisen nachgehen. Im Mittelpunkt steht jeweils ein Thema: <a href=\"http:\/\/www.seele-und-sorge.de\/?page_id=1483\">Die Reise vom 2. bis 5. Oktober nach Kaiserswerth widmet sich der Pflege<\/a>, vom<a href=\"http:\/\/www.seele-und-sorge.de\/%20http:\/www.seele-und-sorge.de\/?page_id=1486\"> 5. bis 8. Februar 2017 in Hannover geht es um das Altern im Wandel der Lebensphasen<\/a>. Nicht zuletzt der <a href=\"https:\/\/www.dza.de\/forschung\/deas.html\"><strong>Alterssurvey <\/strong><\/a>der gerade erschienen ist, zeigt, wie viel Bewegung in der Dritten Lebensphase steckt. Im April steht dann in Berlin das Thema Armut im Mittelpunkt.<\/p>\n<p><span style=\"color: #cf921e;\">Ausf\u00fchrlichere Informationen zu den einzelnen Diakonischen Pilgerreisen und den besonderen Orten, zu den Referentinnen und den Programmen finden Sie in unserem\u00a0<strong><a style=\"color: #cf921e;\" href=\"http:\/\/www.seele-und-sorge.de\/wp-content\/uploads\/2016\/06\/Coenen-Marx_Pilgerreisen2.pdf\">Angebotsflyer<\/a>\u00a0<\/strong>sowie auf meiner\u00a0<a style=\"color: #cf921e;\" href=\"http:\/\/www.seele-und-sorge.de\/?page_id=1466\"><strong>Website<\/strong><\/a>\u00a0 und auch auf\u00a0<strong><a style=\"color: #cf921e;\" href=\"https:\/\/www.facebook.com\/seeleundsorge\">Facebook<\/a>.<\/strong>\u00a0\u00a0<strong><br \/>\n<u>Anmeldeschluss f\u00fcr die Reisen nach Kaiserswerth (<\/u><a style=\"color: #cf921e;\" href=\"http:\/\/www.seele-und-sorge.de\/?page_id=1483\">\u201eMit Leib und Seele\u201c \u2013 Pflege<\/a><u>) und nach Hannover (<a style=\"color: #cf921e;\" href=\"http:\/\/www.seele-und-sorge.de\/?page_id=1486\">\u201eWesentlich werden\u201c \u2013 Altern<\/a>) ist der 15. Juli 2016.<\/u><\/strong><\/span><\/p>\n<p><a href=\"http:\/\/www.seele-und-sorge.de\/wp-content\/uploads\/2016\/06\/Brunnenhaus-in-Hofgeismar1.jpg\"><img loading=\"lazy\" decoding=\"async\" class=\"alignleft size-full wp-image-2043\" src=\"http:\/\/www.seele-und-sorge.de\/wp-content\/uploads\/2016\/06\/Brunnenhaus-in-Hofgeismar1.jpg\" alt=\"Brunnenhaus-in-Hofgeismar\" width=\"300\" height=\"340\" srcset=\"https:\/\/www.seele-und-sorge.de\/wp-content\/uploads\/2016\/06\/Brunnenhaus-in-Hofgeismar1.jpg 300w, https:\/\/www.seele-und-sorge.de\/wp-content\/uploads\/2016\/06\/Brunnenhaus-in-Hofgeismar1-265x300.jpg 265w\" sizes=\"(max-width: 300px) 100vw, 300px\" \/><\/a>All dies sind Fragen, die ganz eng mit dem Ganzen unseres Lebens zu tun haben: mit Leib, Seele und auch mit dem Umfeld, in dem wir leben, aus dem wir kommen. Deshalb geht es bei den Pilgerreisen gerade nicht nur um Konzepte, sondern auch um Orte und R\u00e4ume. Wir denken nicht nur nach, sondern sp\u00fcren beim Yoga auch in unseren K\u00f6rper hinein* und fragen nach religi\u00f6sen Quellen.<\/p>\n<p><em>___<\/em><\/p>\n<h6><span style=\"color: #000000;\"><em>* <\/em>\u201e<em>Willst \u2018n Kaffee, kleinen Whisky oder \u2018n Joint, ich muss in Ruhe mal mit dir reden, mein alter Freund. Ey, du, mein armer K\u00f6rper, was hab ich dir schon alles angetan \u2013 volle Dr\u00f6hnung, hoch die Tassen, ey, das tut mir ziemlich leid. Ich muss dir jetzt mal danken nach all der Zeit.\u201c<\/em> Udo Lindenbergs Lied hat mich angeregt, selbst tiefer in den K\u00f6rper hineinzusp\u00fcren. Auch wenn ich die harten Getr\u00e4nke und Drogen nicht so mag, kenne ich es doch, meinem K\u00f6rper \u201edie volle Dr\u00f6hnung\u201c zuzumuten. Unter dem Titel<strong> \u201eVon Seelenlust und K\u00f6rperzeichen \u2013 Was Leib und Seele zusammenh\u00e4lt\u201c<\/strong> entfalte ich etwas von dem, was mich hier besch\u00e4ftigt: am <strong>26. Juni von 8:35 bis 8:50 Uhr im Deutschlandfunk<\/strong> in der Sendung Am Sonntagmorgen (vgl. auch <a style=\"color: #000000;\" href=\"https:\/\/www.facebook.com\/deutschlandradio.evangelisch\"><strong>www.facebook.com\/deutschlandradio.evangelisch<\/strong><\/a>). Auch mein aktueller <a href=\"http:\/\/www.seele-und-sorge.de\/?p=2047\" target=\"_blank\" rel=\"noopener noreferrer\"><strong>Seele-und Sorge<\/strong>&#8211;<strong>Blog<\/strong>\u00a0<\/a>widmet sich diesem Thema.<\/span><\/h6>\n<p style=\"text-align: center;\">&#8212;&#8212;&#8212;&#8212;&#8212;&#8212;&#8212;&#8212;&#8212;&#8212;&#8212;&#8212;&#8212;&#8212;&#8212;&#8212;&#8212;&#8212;&#8212;&#8212;&#8212;&#8212;&#8212;&#8212;&#8212;&#8212;&#8212;&#8212;&#8212;&#8212;&#8212;&#8212;&#8212;&#8212;&#8212;&#8212;&#8212;&#8212;&#8212;&#8212;&#8212;<\/p>\n<h3><strong>Vom Wert und der Bezahlung guter Sorgearbeit<\/strong><\/h3>\n<p>Die Wirtschaft braucht eine Infrastruktur aus Stra\u00dfen, Elektrizit\u00e4t, Abfallbeseitigung und schnellem Internet, erkl\u00e4rt Anne-Marie Slaughter, Menschen brauchen, damit sie ihr Leben leben, ihre individuellen Ziele verwirklichen und gleichzeitig mit anderen Beziehungen haben k\u00f6nnen, eine \u201eInfrastruktur der F\u00fcrsorge\u201c. \u201eFr\u00fcher hatten wir so eine Infrastruktur\u201c, f\u00e4hrt sie fort: \u201eSie wurde Hausfrau genannt.\u201c Die Autorin war Direktorin des politischen Planungsstabs von Hillary Clinton \u2013 und trat zur\u00fcck, weil sich Job und Familie nicht vereinbaren lie\u00dfen. In ihrem Bestseller <em>Was noch zu tun ist<\/em> pl\u00e4diert sie f\u00fcr eine neue Wertsch\u00e4tzung der Sorgearbeit \u2013 und f\u00fcr politische und wirtschaftliche Ver\u00e4nderungsprozesse, die es erm\u00f6glichen, dass Frauen und M\u00e4nner gleichberechtigt leben, arbeiten und Kinder erziehen k\u00f6nnen. Und dass alle die F\u00fcrsorge bekommen, die sie ben\u00f6tigen. Sorgende Gemeinschaften mit ehrenamtlich Engagierten, aber auch Sorgestrukturen mit Professionellen \u2013 das sind laut dem j\u00fcngsten <a href=\"https:\/\/www.siebter-altenbericht.de\/\"><strong>Altenbericht<\/strong><\/a>\u00a0in Deutschland die Konzepte der Zukunft. Sie gilt es zu unterst\u00fctzen \u2013 und nicht l\u00e4nger gegeneinander auszuspielen. Es geht um Vernetzung, aber auch um eine finanzielle Wertsch\u00e4tzung von Carearbeit in den \u201eFrauenberufen\u201c, beispielsweise durch steuerliche Entlastung und gesicherte Renten. In Krankenh\u00e4usern, Altenheimen und Sozialstationen brauchen wir F\u00fchrungskr\u00e4fte, die die Mitarbeitenden darin unterst\u00fctzen, ihre eigenen Kraftquellen zu pflegen und ihre Motivation aufrechtzuerhalten. Dabei spielen Zeiten f\u00fcr den Austausch, f\u00fcr die Auseinandersetzung mit ethischen Fragen, f\u00fcr Rituale eine besondere Rolle.<\/p>\n<p>Mehrere alte diakonische Unternehmen greifen aktuell das Thema auf und bringen auf unorthodoxe Weise Unternehmen und Gemeinschaften ins Gespr\u00e4ch. Im Diako in Schw\u00e4bisch Hall gibt es gerade eine riesige Baustelle f\u00fcr die Krankenhausmodernisierung. Die Mitarbeitenden hatten die Idee, man k\u00f6nnte Umbruchsituationen doch f\u00fcr einen <em><strong>&#8222;Marktplatz der Pflege&#8220;<\/strong><\/em> nutzen: mit unternehmerisch Verantwortlichen, zivilgesellschaftlich Engagierten, mit Kirchengemeinden und Angeh\u00f6rigen. So lassen sich gemeinsam neue Pflegekonzepte entwickeln, neue Strukturen aufbauen!<\/p>\n<p><a href=\"http:\/\/www.seele-und-sorge.de\/wp-content\/uploads\/2016\/06\/Labyrinth-in-Kloster-Frenswegen1.jpg\"><img loading=\"lazy\" decoding=\"async\" class=\"alignleft size-full wp-image-2044\" src=\"http:\/\/www.seele-und-sorge.de\/wp-content\/uploads\/2016\/06\/Labyrinth-in-Kloster-Frenswegen1.jpg\" alt=\"Labyrinth-in-Kloster-Frenswegen\" width=\"300\" height=\"340\" srcset=\"https:\/\/www.seele-und-sorge.de\/wp-content\/uploads\/2016\/06\/Labyrinth-in-Kloster-Frenswegen1.jpg 300w, https:\/\/www.seele-und-sorge.de\/wp-content\/uploads\/2016\/06\/Labyrinth-in-Kloster-Frenswegen1-265x300.jpg 265w\" sizes=\"(max-width: 300px) 100vw, 300px\" \/><\/a><em><strong>Ideen und Ressourcen erschlie\u00dfen, Unternehmen und Gemeinschaften ins Gespr\u00e4ch bringen und zugleich politisch h\u00f6rbar werden \u2013 das ist mein Anliegen in meinen eigenen Workshops, Veranstaltungen und Vortr\u00e4gen<\/strong><\/em>, beispielsweise anl\u00e4sslich des Mitarbeitertages der Diakonischen Gemeinschaft am 31.\u00a0Oktober 2016 in Speyer mit dem Thema \u201eZwischen Stress, Selbstsorge und Sinnsuche \u2013 wof\u00fcr arbeiten wir eigentlich?\u201c. Ein gutes Thema f\u00fcr den Reformationstag, wie ich finde!<\/p>\n<p style=\"text-align: center;\">&#8212;&#8212;&#8212;&#8212;&#8212;&#8212;&#8212;&#8212;&#8212;&#8212;&#8212;&#8212;&#8212;&#8212;&#8212;&#8212;&#8212;&#8212;&#8212;&#8212;&#8212;&#8212;&#8212;&#8212;&#8212;&#8212;&#8212;&#8212;&#8212;&#8212;&#8212;&#8212;&#8212;&#8212;&#8212;&#8212;&#8212;&#8212;&#8212;&#8212;&#8212;<\/p>\n<h3><strong>Aufbr\u00fcche in Umbr\u00fcchen<\/strong><\/h3>\n<p>Wenn Marie-Anne Slaughter von der Hausfrau als F\u00fcrsorgeinfrastruktur der Vergangenheit spricht, dann klingt das fast zynisch. Aber es markiert auch etwas von den Umbr\u00fcchen, in denen wir uns gerade befinden. Nach meiner Wahrnehmung \u2013 und sicher nicht nur meiner \u2013 ist unsere Zeit durch viele solcher Umbr\u00fcche gekennzeichnet: im sozialen Bereich ebenso wie im wirtschaftlichen, im \u00f6kologischen so wie in der rasanten Ver\u00e4nderung unserer St\u00e4dte, die wir mit dem Stichwort Gentrifizierung kennzeichnen. Diese Umbr\u00fcche strapazieren uns. F\u00fcr viele stellen sie sogar ihre Existenz in Frage. Ohne zynisch sein zu wollen, denke ich doch, es liegt darin auch eine Chance, eine Chance f\u00fcr Aufbr\u00fcche. Und ich glaube: Gerade um all der Kosten willen m\u00fcssen wir die Chancen dieser Aufbr\u00fcche wahrnehmen. \u201eThere is a crack in everything \u2013 that\u2019s where the light goes in.\u201c, hei\u00dft es in Leonard Cohens \u201eAnthem\u201c.<\/p>\n<p><a href=\"http:\/\/www.seele-und-sorge.de\/wp-content\/uploads\/2016\/06\/Altes-und-neues-Leben-am-Rauhen-Haus.jpg\"><img loading=\"lazy\" decoding=\"async\" class=\"alignleft size-full wp-image-2042\" src=\"http:\/\/www.seele-und-sorge.de\/wp-content\/uploads\/2016\/06\/Altes-und-neues-Leben-am-Rauhen-Haus.jpg\" alt=\"Altes-und-neues-Leben-am-Rauhen-Haus\" width=\"300\" height=\"300\" srcset=\"https:\/\/www.seele-und-sorge.de\/wp-content\/uploads\/2016\/06\/Altes-und-neues-Leben-am-Rauhen-Haus.jpg 300w, https:\/\/www.seele-und-sorge.de\/wp-content\/uploads\/2016\/06\/Altes-und-neues-Leben-am-Rauhen-Haus-150x150.jpg 150w\" sizes=\"(max-width: 300px) 100vw, 300px\" \/><\/a>In meinem neuen Buch habe ich versucht, diese Ambivalenz nach beiden Seiten auszuloten, jeweils f\u00fcr das Individuelle wie f\u00fcr das Gesellschaftliche, f\u00fcr die Einzelnen wie f\u00fcr die Kirche als Akteur. Die Kosten zu benennen, und doch auch zu ertasten, was gerade im Unsicheren m\u00f6glich wird. Das Buch enth\u00e4lt Anregungen zum Spirituellen wie Reflexionen zu politischen Fragen. Aus meiner Sicht geh\u00f6rt beides zusammen. Und ich bin dankbar, dass Prof. Dr. Gustav Horn, Wirtschaftswissenschaftler und Direktor des Instituts f\u00fcr Makro\u00f6konomie und Konjunkturforschung der Heinrich-B\u00f6ll-Stiftung, ihm ein Geleitwort mitgeben wird. <a href=\"http:\/\/www.edition-ruprecht.de\/katalog\/titel.php?id=432\"><em>Aufbr\u00fcche in Umbr\u00fcchen. Christsein und Kirche in der Transformation <\/em>erscheint im September in der Edition Ruprecht.<\/a><\/p>\n","protected":false},"excerpt":{"rendered":"<p>THEMEN\u00dcBERSICHT IN DIESEM NEWSLETTER: \u00a0KRAFTORTE DER DIAKONIE\u00a0\u2605\u00a0DIAKONISCHE PILGERREISEN \u00a0VOM WERT GUTER SORGEARBEIT\u00a0\u2605\u00a0AUFBR\u00dcCHE IN UMBR\u00dcCHEN &#8212;&#8212;&#8212;&#8212;&#8212;&#8212;&#8212;&#8212;&#8212;&#8212;&#8212;&#8212;&#8212;&#8212;&#8212;&#8212;&#8212;&#8212;&#8212;&#8212;&#8212;&#8212;&#8212;&#8212;&#8212;&#8212;&#8212;&#8212;&#8212;&#8212;&#8212;&#8212;&#8212;&#8212;&#8212;&#8212;&#8212;&#8212;&#8212;&#8212;&#8212; Von der eigenen Kraft diakonischer&#8230; <a href=\"https:\/\/www.seele-und-sorge.de\/?page_id=2304\">read more<\/a><\/p>\n","protected":false},"author":1,"featured_media":0,"parent":619,"menu_order":47,"comment_status":"closed","ping_status":"closed","template":"","meta":{"footnotes":""},"class_list":["post-2304","page","type-page","status-publish","hentry"],"_links":{"self":[{"href":"https:\/\/www.seele-und-sorge.de\/index.php?rest_route=\/wp\/v2\/pages\/2304"}],"collection":[{"href":"https:\/\/www.seele-und-sorge.de\/index.php?rest_route=\/wp\/v2\/pages"}],"about":[{"href":"https:\/\/www.seele-und-sorge.de\/index.php?rest_route=\/wp\/v2\/types\/page"}],"author":[{"embeddable":true,"href":"https:\/\/www.seele-und-sorge.de\/index.php?rest_route=\/wp\/v2\/users\/1"}],"replies":[{"embeddable":true,"href":"https:\/\/www.seele-und-sorge.de\/index.php?rest_route=%2Fwp%2Fv2%2Fcomments&post=2304"}],"version-history":[{"count":2,"href":"https:\/\/www.seele-und-sorge.de\/index.php?rest_route=\/wp\/v2\/pages\/2304\/revisions"}],"predecessor-version":[{"id":3449,"href":"https:\/\/www.seele-und-sorge.de\/index.php?rest_route=\/wp\/v2\/pages\/2304\/revisions\/3449"}],"up":[{"embeddable":true,"href":"https:\/\/www.seele-und-sorge.de\/index.php?rest_route=\/wp\/v2\/pages\/619"}],"wp:attachment":[{"href":"https:\/\/www.seele-und-sorge.de\/index.php?rest_route=%2Fwp%2Fv2%2Fmedia&parent=2304"}],"curies":[{"name":"wp","href":"https:\/\/api.w.org\/{rel}","templated":true}]}}