{"id":2302,"date":"2016-09-27T08:55:25","date_gmt":"2016-09-27T08:55:25","guid":{"rendered":"http:\/\/www.seele-und-sorge.de\/?page_id=2302"},"modified":"2018-03-21T09:34:11","modified_gmt":"2018-03-21T09:34:11","slug":"newsletter-nr-116-april-2016","status":"publish","type":"page","link":"https:\/\/www.seele-und-sorge.de\/?page_id=2302","title":{"rendered":"Newsletter Nr. 03\/16, April 2016"},"content":{"rendered":"<h2 class=\"p1\" style=\"text-align: center;\"><a href=\"http:\/\/www.seele-und-sorge.de\/wp-content\/uploads\/2016\/04\/newsletter-head_Vorlage_500_200_2.jpg\"><img loading=\"lazy\" decoding=\"async\" class=\"aligncenter wp-image-1569 size-full\" src=\"http:\/\/www.seele-und-sorge.de\/wp-content\/uploads\/2016\/04\/newsletter-head_Vorlage_500_200_2.jpg\" alt=\"\" width=\"500\" height=\"200\" srcset=\"https:\/\/www.seele-und-sorge.de\/wp-content\/uploads\/2016\/04\/newsletter-head_Vorlage_500_200_2.jpg 500w, https:\/\/www.seele-und-sorge.de\/wp-content\/uploads\/2016\/04\/newsletter-head_Vorlage_500_200_2-300x120.jpg 300w\" sizes=\"(max-width: 500px) 100vw, 500px\" \/><\/a><\/h2>\n<p style=\"margin: 0px 0px 15px; padding: 0px; vertical-align: baseline; outline: 0px; font-size: 16px; border: 0px; font-family: Arial, sans-serif; color: #000000; line-height: 23px; text-align: center; background-image: initial; background-attachment: initial; background-size: initial; background-origin: initial; background-clip: initial; background-position: initial; background-repeat: initial;\" align=\"center\"><span style=\"color: #a2bc07; font-size: small;\"><strong>THEMEN\u00dcBERSICHT IN DIESEM NEWSLETTER:<\/strong><\/span><br \/>\n<span style=\"font-size: small;\"><span style=\"color: #e18800;\"><strong>\u00a0<\/strong><\/span><strong style=\"line-height: 115%; font-family: Verdana, Arial, Helvetica, sans-serif; font-size: 12px;\"><span style=\"font-size: 10pt; line-height: 115%; font-family: Arial; color: #e18800; background-image: initial; background-attachment: initial; background-size: initial; background-origin: initial; background-clip: initial; background-position: initial; background-repeat: initial;\">SORGENDE GEMEINSCHAFTEN\u00a0<\/span><\/strong><strong style=\"line-height: 115%; font-family: Verdana, Arial, Helvetica, sans-serif; font-size: 12px;\"><span style=\"font-size: 10pt; line-height: 115%; font-family: '\u30d2\u30e9\u30ae\u30ce\u89d2\u30b4 Std W8'; color: #e18800; background-image: initial; background-attachment: initial; background-size: initial; background-origin: initial; background-clip: initial; background-position: initial; background-repeat: initial;\">\u2605<\/span><\/strong><strong style=\"line-height: 115%; font-family: Verdana, Arial, Helvetica, sans-serif; font-size: 12px;\"><span style=\"font-size: 10pt; line-height: 115%; font-family: Arial; color: #e18800; background-image: initial; background-attachment: initial; background-size: initial; background-origin: initial; background-clip: initial; background-position: initial; background-repeat: initial;\">\u00a0EHRENAMTLICHES\u00a0ENGAGEMENT<br \/>\n<\/span><\/strong><strong style=\"line-height: 115%; font-family: Verdana, Arial, Helvetica, sans-serif; font-size: 12px;\"><span style=\"font-size: 10pt; line-height: 115%; font-family: Arial; color: #e18800; background-image: initial; background-attachment: initial; background-size: initial; background-origin: initial; background-clip: initial; background-position: initial; background-repeat: initial;\">\u00a0DIAKONISCHE PILGERREISEN\u00a0<\/span><\/strong><strong style=\"line-height: 115%; font-family: Verdana, Arial, Helvetica, sans-serif; font-size: 12px;\"><span style=\"font-size: 10pt; line-height: 115%; font-family: '\u30d2\u30e9\u30ae\u30ce\u89d2\u30b4 Std W8'; color: #e18800; background-image: initial; background-attachment: initial; background-size: initial; background-origin: initial; background-clip: initial; background-position: initial; background-repeat: initial;\">\u2605<\/span><\/strong><strong style=\"line-height: 115%; font-family: Verdana, Arial, Helvetica, sans-serif; font-size: 12px;\"><span style=\"font-size: 10pt; line-height: 115%; font-family: Arial; color: #e18800; background-image: initial; background-attachment: initial; background-size: initial; background-origin: initial; background-clip: initial; background-position: initial; background-repeat: initial;\">NEUES BUCH ZUM THEMA &#8222;AUFBR\u00dcCHE&#8220;<\/span><\/strong><\/span><\/p>\n<p style=\"text-align: center;\">&#8212;&#8212;&#8212;&#8212;&#8212;&#8212;&#8212;&#8212;&#8212;&#8212;&#8212;&#8212;&#8212;&#8212;&#8212;&#8212;&#8212;&#8212;&#8212;&#8212;&#8212;&#8212;&#8212;&#8212;&#8212;&#8212;&#8212;&#8212;&#8212;&#8212;&#8212;&#8212;&#8212;&#8212;&#8212;&#8212;&#8212;&#8212;&#8212;&#8212;&#8212;<\/p>\n<h3 style=\"text-align: center;\"><strong><span style=\"font-size: 14.0pt; line-height: 150%; font-family: Arial;\">Gemeinwesendiakonie als innovative Kraft<\/span><\/strong><\/h3>\n<p style=\"margin: 0px 0px 15px; padding: 0px; vertical-align: baseline; outline: 0px; font-size: 16px; border: 0px; font-family: Arial, sans-serif; color: #000000; line-height: 23px; text-align: center; background-image: initial; background-attachment: initial; background-size: initial; background-origin: initial; background-clip: initial; background-position: initial; background-repeat: initial;\" align=\"center\"><a href=\"http:\/\/www.seele-und-sorge.de\/wp-content\/uploads\/2016\/04\/Foto-Sorgenetzwerk.jpg\"><img loading=\"lazy\" decoding=\"async\" class=\"aligncenter wp-image-1512 size-full\" src=\"http:\/\/www.seele-und-sorge.de\/wp-content\/uploads\/2016\/04\/Foto-Sorgenetzwerk.jpg\" alt=\"Foto-Sorgenetzwerk\" width=\"300\" height=\"300\" srcset=\"https:\/\/www.seele-und-sorge.de\/wp-content\/uploads\/2016\/04\/Foto-Sorgenetzwerk.jpg 300w, https:\/\/www.seele-und-sorge.de\/wp-content\/uploads\/2016\/04\/Foto-Sorgenetzwerk-150x150.jpg 150w\" sizes=\"(max-width: 300px) 100vw, 300px\" \/><\/a><\/p>\n<p style=\"text-align: center;\">Vor gut zwanzig Jahren forderte der Sozialpsychiater Klaus D\u00f6rner die Aufl\u00f6sung der Heime. \u201eIch will alt werden und sterben, wo ich gelebt habe\u201c \u2013 sein eing\u00e4ngiger Satz wurde paradigmatisch f\u00fcr einen neuen Umgang mit Alter, Pflegebed\u00fcrftigkeit und Sterben. Was Einrichtungen und Verb\u00e4nde der Altenhilfe damals als heftige Provokation empfanden, haben vielen von ihnen seitdem \u00e4u\u00dferst innovativ umgesetzt: Mit betreutem Wohnen und Kurzzeitpflege, ambulanter Pflege und hauswirtschaftlichen Hilfen, aber auch mit Caf\u00e9s und vielf\u00e4ltigen Kooperationen haben sie sich immer mehr ins Quartier ge\u00f6ffnet. Heute sollen die notwendigen Dienstleistungen zu den Menschen kommen \u2013 nicht l\u00e4nger umgekehrt. Niemand soll in ein Heim gehen m\u00fcssen, nur weil er oder sie sich selbst nicht mehr versorgen kann. Auch in den Quartieren hat sich etwas getan: Stadtplanung, Architekturb\u00fcros und Wohnungsbaugesellschaften sorgen inzwischen daf\u00fcr, dass in den neuen Wohnquartieren Rollatoren wie Kinderwagen \u00fcber die Schwelle kommen. Sie alle machen ernst mit dem Gedanken, dass Altern, Krankheit und Behinderung zum Leben geh\u00f6ren und letztlich jeder Mensch in diese Situation geraten kann. Erst die Mauern der Abgrenzung trennen die Betroffenen vom \u201enormalen\u201c Leben.<\/p>\n<p style=\"text-align: center;\">So \u00fcberzeugend die Ideen und Konzepte sind, so schwierig ist oft die Umsetzung: Die Refinanzierungsstrukturen in unseren Sozialsystemen schaffen eigene Barrieren. Je nachdem, ob jemand vor allem behindert oder pflegebed\u00fcrftig ist, alt oder krank, wird er oder sie von unterschiedlichen Dienstleistern versorgt und unterschiedlich untergebracht. Interessanterweise haben die Kirchengemeinden sich damals nicht provoziert gef\u00fchlt durch die Thesen von Klaus D\u00f6rner \u2013 vielleicht auch deswegen, weil sie Hilfebed\u00fcrftige l\u00e4ngst innerhalb ihrer Strukturen an die Diakonie delegiert hatten \u2013 aus Gr\u00fcnden der Professionalit\u00e4t, aber auch aus Refinanzierungsgr\u00fcnden. Die tradierte Trennung zwischen Mitgliedern der Kirche und \u201eKunden\u201c der Diakonie sortiert allerdings ganze Gruppen \u2013 je nach Hilfebedarf und Engagementm\u00f6glichkeit \u2013 in verschiedene\u00a0\u00a0\u201eSchubladen\u201c. Sich gemeinsam aufzumachen in Richtung Gemeinwesen bietet die Chance, die Sprachlosigkeit zu \u00fcberwinden und endlich alle Menschen als Nachbarn und Mitb\u00fcrgerinnen und je nachdem auch als Gemeindemitglieder wahrzunehmen.<\/p>\n<table class=\" aligncenter\" style=\"height: 24px;\" width=\"329\">\n<tbody>\n<tr>\n<td><span style=\"color: #ff6600;\"><strong><a style=\"color: #ff6600;\" href=\"http:\/\/www.wirsindnachbarn-alle.de\"><strong>www.wirsindnachbarn-alle.de<\/strong><\/a>\u00a0<span style=\"color: #000000;\">zeigt Beispiele.<\/span><\/strong><\/span><\/td>\n<\/tr>\n<\/tbody>\n<\/table>\n<p style=\"text-align: center;\">Das bedeutet auch, unsere Mentalit\u00e4t zu \u00e4ndern und die \u00fcbliche Unterscheidung zwischen Gebenden und Nehmenden in Frage zu stellen. So sind gerade die engagierten \u00c4lteren gefragt, wenn es um neue Konzepte zwischen Zivilgesellschaft und Dienstleistern, zwischen Familien und Gemeinden im Quartier geht. Was sie einbringen, auch wenn sie vielleicht inzwischen langsam zu Fu\u00df sind, ist neben m\u00f6glicher praktischer Hilfe das kulturelle, geistige und geistliche Erbe, aus dem auch die n\u00e4chsten Generationen noch leben. Ich denke an Mentorinnen und Mitarbeitende an Tafeln, Kirchenkuratorinnen und ehrenamtliche Kirchenp\u00e4dagogen, an Menschen, die internationale G\u00e4rten pflegen und Ortsgeschichte schreiben, an Stifterinnen und Stifter \u2013 materiell wie immateriell gibt es ein reiches Erbe weiterzugeben. (In meinem Blog habe ich weiter \u00fcber dieses Thema nachgedacht:\u00a0<a href=\"http:\/\/www.seele-und-sorge.de\/?p=1437\"><strong>wesentlich werden<\/strong><\/a>.)<\/p>\n<p style=\"text-align: center;\">&#8212;&#8212;&#8212;&#8212;&#8212;&#8212;&#8212;&#8212;&#8212;&#8212;&#8212;&#8212;&#8212;&#8212;&#8212;&#8212;&#8212;&#8212;&#8212;&#8212;&#8212;&#8212;&#8212;&#8212;&#8212;&#8212;&#8212;&#8212;&#8212;&#8212;&#8212;&#8212;&#8212;&#8212;&#8212;&#8212;&#8212;&#8212;&#8212;&#8212;&#8212;<\/p>\n<h3 style=\"text-align: center;\"><\/h3>\n<h3 style=\"text-align: center;\"><strong>Sorgende Gemeinschaften und Ehrenamt im Fokus der Bundesregierung<\/strong><\/h3>\n<p style=\"text-align: center;\">Sorgende Gemeinschaften stehen im Zentrum des <strong>Siebten Altenberichts<\/strong> der Bundesregierung, den der Vorsitzende der Kommission, Prof. Dr. Andreas Kruse, im Oktober 2015 an die Familienministerin \u00fcbergeben hat: \u00a0\u201eSorge und Mitverantwortung in der Kommune \u2013 Aufbau und Sicherung zukunftsf\u00e4higer Gemeinschaften&#8220;\u00a0<strong><a href=\"https:\/\/www.siebter-altenbericht.de\">www.siebter-altenbericht.de<\/a><\/strong>. Ende April soll nun auch der <strong>Zweite Ehrenamtsbericht<\/strong> erscheinen, den eine Kommission unter Leitung von Prof. Dr. Thomas Klie im Auftrag der Bundesregierung erarbeitet. Hier geht es um Handlungsempfehlungen f\u00fcr eine nachhaltige Engagementpolitik in einer \u00e4lter werdenden Gesellschaft. Der Titel: \u201eDemografischer Wandel und b\u00fcrgerschaftliches Engagement: Der Beitrag des Engagements zur lokalen Entwicklung\u201c<strong><a href=\"http:\/\/www.zweiterengagementbericht.de\">www.zweiterengagementbericht.de<\/a><\/strong> Welche Gruppen sind es, die sich freiwillig engagieren? In welchen Bereichen sind sie aktiv? Und was ist ihre Motivation? Im Sommer 2015 soll schlie\u00dflich der aktuelle Bericht zum \u201eDeutschen <strong>Freiwilligensurvey<\/strong> 2014\u201c erscheinen, der ebenfalls im Auftrag der Bundesregierung erstellt wurde. Das Projekt wurde von einem wissenschaftlichen und einem fachpolitischen Beirat begleitet, dessen Mitglied ich war; die Ergebnisse werden im Juni bei einer Fachtagung vorgestellt.\u00a0<strong><a href=\"http:\/\/www.dza.de\/forschung\/fws.html\">www.dza.de\/forschung\/fws.html<\/a><\/strong><\/p>\n<p style=\"text-align: center;\">Kirche und Diakonie haben viel beizutragen zu dem aktuellen Thema \u201eSorgende Gemeinschaften\u201c. Christliche Gemeinden verstehen sich in besonderer Weise als Gemeinschaften \u2013 Gemeinschaften wechselseitiger Sorge und Teilhabe. Dabei spielt ehrenamtliches Engagement eine wichtige Rolle. Ich freue mich, dass zu Beginn des Jahres die Diskursplattform der EKD zur Entwicklung einer kirchlcihen Ehrenamtsstrategie gestartet ist\u00a0<strong><a href=\"http:\/\/www.evangelisch-ehrenamt.de\">www.evangelisch-ehrenamt.de<\/a><\/strong>.<\/p>\n<h3 style=\"text-align: center;\"><strong><strong>Termine<\/strong><\/strong><\/h3>\n<p style=\"text-align: center;\">In diesem Fr\u00fchjahr und Sommer stehen die Themen Sorgende Gemeinschaften und Quartiersentwicklung genauso wie das Thema Engagementstrategie bei mir im Mittelpunkt vieler Vortr\u00e4ge und Seminare \u2013 so zum Beispiel am 19.April in Hamburg auf einer Veranstaltung zum Sieben Altenbericht der Bundesregierung und am 26. 4. In Frankfurt bei der Er\u00f6ffnung der Ehrenamtsakademie. Weitere Informationen und Termine finden Sie <a href=\"http:\/\/www.seele-und-sorge.de\/?page_id=8\">hier<\/a>.<\/p>\n<p style=\"text-align: center;\">&#8212;&#8212;&#8212;&#8212;&#8212;&#8212;&#8212;&#8212;&#8212;&#8212;&#8212;&#8212;&#8212;&#8212;&#8212;&#8212;&#8212;&#8212;&#8212;&#8212;&#8212;&#8212;&#8212;&#8212;&#8212;&#8212;&#8212;&#8212;&#8212;&#8212;&#8212;&#8212;&#8212;&#8212;&#8212;&#8212;&#8212;&#8212;&#8212;&#8212;&#8212;<\/p>\n<h3 style=\"text-align: center;\"><strong>Pilgern: Alten Wegen folgen und den eigenen Weg entdecken<\/strong><\/h3>\n<p><a href=\"http:\/\/www.seele-und-sorge.de\/wp-content\/uploads\/2016\/04\/Foto-Pilgerweg.jpg\"><img loading=\"lazy\" decoding=\"async\" class=\"size-full wp-image-1513 aligncenter\" src=\"http:\/\/www.seele-und-sorge.de\/wp-content\/uploads\/2016\/04\/Foto-Pilgerweg.jpg\" alt=\"Foto-Pilgerweg\" width=\"300\" height=\"300\" srcset=\"https:\/\/www.seele-und-sorge.de\/wp-content\/uploads\/2016\/04\/Foto-Pilgerweg.jpg 300w, https:\/\/www.seele-und-sorge.de\/wp-content\/uploads\/2016\/04\/Foto-Pilgerweg-150x150.jpg 150w\" sizes=\"(max-width: 300px) 100vw, 300px\" \/><\/a><\/p>\n<p style=\"text-align: center;\">Schon seit einigen Jahren besch\u00e4ftigt mich die Idee einer diakonischen Pilgerreise: gepr\u00e4gte Orte aufsuchen, aktuelle Herausforderungen besser verstehen und Modelle zu ihrer Bew\u00e4ltigung entdecken. Und dabei Energie tanken f\u00fcr den eigenen professionellen und spirituellen Weg. Von diesem Herbst an m\u00f6chte ich die Idee zusammen mit Kooperationspartnern und einem Team von Referentinnen umsetzen. Auf Pilgerreisen zu traditionellen Orten der Diakonie und zu neuen Aufbr\u00fcchen in unserer Gesellschaft bearbeiten wir verschiedene Themenschwerpunkte. Die ersten Reiseziele und -themen sind das Hotel MutterHaus in D\u00fcsseldorf-Kaiserswerth\u00a0<em>und die Pflege in einer Zeit der Sozial- und Gesundheitswirtschaft<\/em>, das Stephansstift in Hannover<em> und die Chancen und Herausforderungen der \u00e4lter werdenden Gesellschaft <\/em>\u00a0sowie das G\u00e4stehaus der Berliner Stadtmission<em> und die Armutsentwicklung in derzeitigen Transformationsprozessen<\/em>. Die Pilgerreisen sind f\u00fcr F\u00fchrungskr\u00e4fte in den verschiedenen Fachbereichen konzipiert und stehen f\u00fcr fachliche Fortbildung mit dem Fokus Strategie- und Personalentwicklung in Reflexion mit der eigenen Geschichte und in Auseinandersetzung mit inspirierenden neuen Modellen. Ganzheitlich spirituelle Erfahrungen\u00a0und theologisches Nachdenken aus unterschiedlichen religi\u00f6sen Perspektiven sind integrativer Bestandteil \u2013 die Sorge f\u00fcr andere und die Selbstsorge geh\u00f6ren eben eng zusammen!<\/p>\n<p style=\"text-align: center;\">Die Pilgerreisen werden in Kooperation mit der F\u00fchrungsakademie f\u00fcr Kirche und Diakonie angeboten. \u00a0<a href=\"http:\/\/www.fa-kd.de\/\" target=\"_blank\" rel=\"noopener noreferrer\"><img loading=\"lazy\" decoding=\"async\" class=\"alignnone size-full wp-image-1570\" src=\"http:\/\/www.seele-und-sorge.de\/wp-content\/uploads\/2016\/04\/fakd_Logo.png\" alt=\"fakd_Logo\" width=\"84\" height=\"39\" \/><\/a><\/p>\n<p style=\"text-align: center;\">F\u00fcr ausf\u00fchrliche Informationen hier der <strong><a href=\"http:\/\/www.seele-und-sorge.de\/wp-content\/uploads\/2016\/04\/Coenen-Marx_Pilgerreisen.pdf\">Link zum Flyer Diakonische Pilgerreisen<\/a>.<\/strong><\/p>\n<p style=\"text-align: center;\">Die Reisegruppen sollen nicht mehr als 15 Personen umfassen. Anmeldungen werden nach der Reihenfolge ihres Eingangs ber\u00fccksichtigt. Ab Mai gibt es weitere Infomationen zu Ablauf und Anmeldung. Wenn Sie Interesse haben, schicken Sie uns eine kurze E-Mail an:\u00a0<strong><a href=\"mailto:office@seele-und-sorge.de\">office@seele-und-sorge.de<\/a><\/strong>, dann bekommen Sie diese Infos mit der Post.<\/p>\n<p style=\"text-align: center;\">&#8212;&#8212;&#8212;&#8212;&#8212;&#8212;&#8212;&#8212;&#8212;&#8212;&#8212;&#8212;&#8212;&#8212;&#8212;&#8212;&#8212;&#8212;&#8212;&#8212;&#8212;&#8212;&#8212;&#8212;&#8212;&#8212;&#8212;&#8212;&#8212;&#8212;&#8212;&#8212;&#8212;&#8212;&#8212;&#8212;&#8212;&#8212;&#8212;&#8212;&#8212;<\/p>\n<h4 style=\"text-align: center;\"><strong>Im September erscheint in der Edition Ruprecht mein neues Buch:<\/strong><\/h4>\n<h3 style=\"text-align: center;\"><strong>Aufbr\u00fcche in Umbr\u00fcchen \u2013 Christsein und Kirche in der Transformation<\/strong><\/h3>\n<p><a href=\"http:\/\/www.seele-und-sorge.de\/wp-content\/uploads\/2016\/04\/Foto-Buchmesse.jpg\"><img loading=\"lazy\" decoding=\"async\" class=\"size-full wp-image-1514 aligncenter\" src=\"http:\/\/www.seele-und-sorge.de\/wp-content\/uploads\/2016\/04\/Foto-Buchmesse.jpg\" alt=\"Foto Buchmesse\" width=\"300\" height=\"300\" srcset=\"https:\/\/www.seele-und-sorge.de\/wp-content\/uploads\/2016\/04\/Foto-Buchmesse.jpg 300w, https:\/\/www.seele-und-sorge.de\/wp-content\/uploads\/2016\/04\/Foto-Buchmesse-150x150.jpg 150w\" sizes=\"(max-width: 300px) 100vw, 300px\" \/><\/a><\/p>\n<p style=\"text-align: center;\">Mein eigener \u00dcbergang von der T\u00e4tigkeit f\u00fcr die EKD in die Selbst\u00e4ndigkeit war f\u00fcr mich der Anlass, das Thema \u00dcberg\u00e4nge und Aufbr\u00fcche in einem weiteren Rahmen zu reflektieren. An den vielen unterschiedlichen Stationen meines Berufsweges innerhalb von Kirche und Diakonie hatte ich ausf\u00fchrlich Gelegenheit, zu beobachten, wie die rasanten Wandlungsprozesse, in denen sich unsere Gesellschaft befindet, sich auf das Leben der Einzelnen auswirken und wie sie auch die Kirche und die Diakonie selbst ver\u00e4ndern. Stichworte sind beispielsweise der zunehmende wirtschaftliche Druck auf St\u00e4dte und Kommunen wie auf die einzelnen Haushalte, die Gentrifizierung und Spaltung in den St\u00e4dten, die Notwendigkeit von beruflicher Mobilit\u00e4t, fehlende Infrastruktur f\u00fcr Dienstleistungen in Pflege und Erziehung, die mangelnde Wertsch\u00e4tzung der Carearbeit in der Erwerbsgesellschaft und die daraus entstehenden Zerrei\u00dfproben f\u00fcr die Familien, und nat\u00fcrlich auch die derzeitigen gro\u00dfen Fl\u00fcchtlingsbewegungen.<\/p>\n<p style=\"text-align: center;\">Neben vielen Schwierigkeiten, die mit den gesellschaftlichen Transformationen einhergehen, habe ich in meiner Arbeit aber auch viele Aufbr\u00fcche gesehen und durfte hie und da daran teilhaben und mitgestalten, wo Einzelne und Gemeinden innovative Konzepte eines anderen Lebens zu verwirklichen suchen. Kirchliche Projekte und Reformprozesse, Organisations- und Personalentwicklungsprojekte in der Diakonie sowie Tagungen und Diskussionsprozesse zu den Themen der gesellschaftlichen Transformation haben mich immer wieder besch\u00e4ftigt und mir neue Perspektiven er\u00f6ffnet.<\/p>\n<p style=\"text-align: center;\">Mein Buch schaut aufs Ganze und auf die Einzelnen und handelt jeweils von beidem: Vom gesellschaftlichen Wandel \u2013 und von neuen Rollen, die Kirche und Diakonie darin spielen k\u00f6nnen. Von den Br\u00fcchen im einzelnen Leben \u2013 und von den neuen Wegen, die sich darin auftun k\u00f6nnen. So geht es um gesellschaftliche Analysen wie um soziale Modelle, um Szenen des Alltags und um die M\u00f6glichkeiten von Spiritualit\u00e4t. Es ist ein Buch der Sehnsucht und des Anpackens. Ver\u00e4nderungen, denke ich, gilt es aktiv zu gestalten: Aufbr\u00fcche in Umbr\u00fcchen. Die Bibel und die christlichen Traditionen, die grundlegenden Einsichten der Reformation, Kirche und Diakonie haben hier einiges zu bieten \u2013 umso mehr, wenn sie sich selbst immer wieder auf aktive Ver\u00e4nderung einlassen.<\/p>\n<p style=\"text-align: center;\">Momentan befinden wir uns in den letzten Korrekturdurchg\u00e4ngen. Im September wird das Buch bei Edition Ruprecht erscheinen, im Oktober wird es auf der Frankfurter Buchmesse vorgestellt. Schon jetzt vorbestellen k\u00f6nnen Sie es\u00a0<strong><a href=\"http:\/\/www.edition-ruprecht.de\/\">hier<\/a>.<\/strong><\/p>\n<p style=\"text-align: center;\">&#8212;&#8212;&#8212;&#8212;&#8212;&#8212;&#8212;&#8212;&#8212;&#8212;&#8212;&#8212;&#8212;&#8212;&#8212;&#8212;&#8212;&#8212;&#8212;&#8212;&#8212;&#8212;&#8212;&#8212;&#8212;&#8212;&#8212;&#8212;&#8212;&#8212;&#8212;&#8212;&#8212;&#8212;&#8212;&#8212;&#8212;&#8212;&#8212;&#8212;&#8212;<\/p>\n<p style=\"margin: 0px 0px 15px; padding: 0px; vertical-align: baseline; outline: 0px; font-size: 16px; border: 0px; font-family: Arial, sans-serif; color: #000000; line-height: 23px; text-align: center; background-image: initial; background-attachment: initial; background-size: initial; background-origin: initial; background-clip: initial; background-position: initial; background-repeat: initial;\"><span style=\"color: #808080; font-size: small;\">In unregelm\u00e4\u00dfigen Abst\u00e4nden wird dieser Newsletter Sie drei- bis viermal im Jahr \u00fcber Aktivit\u00e4ten von Seele und Sorge informieren.<\/span><\/p>\n<p style=\"margin: 0px 0px 15px; padding: 0px; vertical-align: baseline; outline: 0px; font-size: 16px; border: 0px; font-family: Arial, sans-serif; color: #000000; line-height: 23px; text-align: center; background-image: initial; background-attachment: initial; background-size: initial; background-origin: initial; background-clip: initial; background-position: initial; background-repeat: initial;\"><span style=\"font-size: small;\"><span style=\"color: #808080;\">Ich freue mich auch \u00fcber eine pers\u00f6nliche Nachricht:<br \/>\n<\/span><span style=\"color: #ff6600;\"><a href=\"mailto:coenen-marx@seele-und-sorge.de\" target=\"_blank\" rel=\"noopener noreferrer\"><span style=\"color: #808080;\">coenen-marx@seele-und-sorge.de<\/span><\/a><\/span><\/span><\/p>\n","protected":false},"excerpt":{"rendered":"<p>THEMEN\u00dcBERSICHT IN DIESEM NEWSLETTER: \u00a0SORGENDE GEMEINSCHAFTEN\u00a0\u2605\u00a0EHRENAMTLICHES\u00a0ENGAGEMENT \u00a0DIAKONISCHE PILGERREISEN\u00a0\u2605NEUES BUCH ZUM THEMA &#8222;AUFBR\u00dcCHE&#8220; &#8212;&#8212;&#8212;&#8212;&#8212;&#8212;&#8212;&#8212;&#8212;&#8212;&#8212;&#8212;&#8212;&#8212;&#8212;&#8212;&#8212;&#8212;&#8212;&#8212;&#8212;&#8212;&#8212;&#8212;&#8212;&#8212;&#8212;&#8212;&#8212;&#8212;&#8212;&#8212;&#8212;&#8212;&#8212;&#8212;&#8212;&#8212;&#8212;&#8212;&#8212; Gemeinwesendiakonie als innovative Kraft Vor gut zwanzig&#8230; <a href=\"https:\/\/www.seele-und-sorge.de\/?page_id=2302\">read more<\/a><\/p>\n","protected":false},"author":1,"featured_media":0,"parent":619,"menu_order":48,"comment_status":"closed","ping_status":"closed","template":"","meta":{"footnotes":""},"class_list":["post-2302","page","type-page","status-publish","hentry"],"_links":{"self":[{"href":"https:\/\/www.seele-und-sorge.de\/index.php?rest_route=\/wp\/v2\/pages\/2302"}],"collection":[{"href":"https:\/\/www.seele-und-sorge.de\/index.php?rest_route=\/wp\/v2\/pages"}],"about":[{"href":"https:\/\/www.seele-und-sorge.de\/index.php?rest_route=\/wp\/v2\/types\/page"}],"author":[{"embeddable":true,"href":"https:\/\/www.seele-und-sorge.de\/index.php?rest_route=\/wp\/v2\/users\/1"}],"replies":[{"embeddable":true,"href":"https:\/\/www.seele-und-sorge.de\/index.php?rest_route=%2Fwp%2Fv2%2Fcomments&post=2302"}],"version-history":[{"count":2,"href":"https:\/\/www.seele-und-sorge.de\/index.php?rest_route=\/wp\/v2\/pages\/2302\/revisions"}],"predecessor-version":[{"id":3448,"href":"https:\/\/www.seele-und-sorge.de\/index.php?rest_route=\/wp\/v2\/pages\/2302\/revisions\/3448"}],"up":[{"embeddable":true,"href":"https:\/\/www.seele-und-sorge.de\/index.php?rest_route=\/wp\/v2\/pages\/619"}],"wp:attachment":[{"href":"https:\/\/www.seele-und-sorge.de\/index.php?rest_route=%2Fwp%2Fv2%2Fmedia&parent=2302"}],"curies":[{"name":"wp","href":"https:\/\/api.w.org\/{rel}","templated":true}]}}