{"id":188,"date":"2015-01-17T17:01:12","date_gmt":"2015-01-17T17:01:12","guid":{"rendered":"http:\/\/www.seele-und-sorge.de\/?page_id=188"},"modified":"2026-01-16T21:06:17","modified_gmt":"2026-01-16T20:06:17","slug":"vortraege","status":"publish","type":"page","link":"https:\/\/www.seele-und-sorge.de\/?page_id=188","title":{"rendered":"Vortr\u00e4ge"},"content":{"rendered":"<h4 style=\"text-align: left;\"><span style=\"color: #db882e;\"><strong>Vortr\u00e4ge und Interviews, online und unver\u00f6ffentlicht<\/strong><\/span><\/h4>\n<h2><strong>2025<\/strong><\/h2>\n<p><strong>\u201eZusammenarbeit von Haupt- und Ehrenamtlichen\u201c<\/strong> Impulsvortrag bei <a href=\"https:\/\/www.formulare-e.de\/f\/irgendwas-ist-immer-02-2025\">\u201eIrgendwas ist immer\u201c<\/a>, Service Agentur Mitarbeiten der Evangelisch-lutherischen Landeskirche Hannovers, online, 3. Dezember 2025<\/p>\n<p><a href=\"https:\/\/www.seele-und-sorge.de\/?page_id=8118\"><strong>\u201eWas mein Leben hell macht\u201c<\/strong><\/a> Vortrag im Rahmen der Woche des Lichts, <a href=\"https:\/\/www.kirche-brelingen.de\/musik.html\">St. Martini Brelingen,<\/a> 21. November<\/p>\n<p><strong>\u201eWas nehmen wir mit, wovon befreien wir uns?\u201c<\/strong> Vortrag und Workshop, Kirchliche Dienste auf dem Lande, Denkhaus Loocum, 8. November 2025<\/p>\n<p><a href=\"https:\/\/www.seele-und-sorge.de\/?page_id=8092\"><strong>\u201eGemeinschaft entdecken in einer pluralen Welt\u201c<\/strong><\/a> Vortrag auf der Tagung <a href=\"https:\/\/www.seele-und-sorge.de\/wp-content\/uploads\/2025\/07\/Programm_Einsamkeit_2025_web.pdf\">\u201eDie vielen Einsamkeiten\u201c<\/a>, Evangelische Akademie Tutzing, 1. November 2025<\/p>\n<p><strong>\u201eAuf der Suche nach Sinn und Halt\u201c<\/strong> Vortrag auf dem <a href=\"https:\/\/www.seele-und-sorge.de\/wp-content\/uploads\/2025\/03\/Folder_Seniorentag_A5_5.pdf\"><strong>Seniorentag des Bistums Mainz in Heusenstamm<\/strong><\/a>, 24. Mai 2025<\/p>\n<p><strong>\u201e\u2018We serve\u2018. B\u00fcrgerpflichten und Freiwilliges Engagement in der Konsumgesellschaft\u201c <\/strong>Vortrag beim Festakt zum 70. Jubil\u00e4um des Lions-Clubs, Oldenburg, 5. Mai 2025<\/p>\n<p><strong>\u201eTransformation in den kirchlichen und diakonischen Feldern: Welche Herausforderungen lassen sich identifizieren und was bedeuten sie f\u00fcr beraterische Settings?\u201c <\/strong>Vortrag und Workshop, IPOS \u2013 Institut f\u00fcr Personalberatung, Organisationsentwicklung und Supervision in der EKHN, <strong>Lutherische Theologische Hochschule Oberursel, 1. April 2025<\/strong><\/p>\n<p><strong>\u201eZusammen sind wir stark! Impulse zu einer neuen Zusammenarbeit zwischen Diakonie und Kirche\u201c <\/strong>Impulsvortrag bei einer Konferenz mit Referent*innen der Diakonie der Evangelischen Kirche in Hessen und Nassau sowie der Evangelischen Kirche von Kurhessen-Waldeck, online, 11. M\u00e4rz 2025<\/p>\n<h2><strong>2024<\/strong><\/h2>\n<p><strong>\u201eEhrenamt in gesellschaftlichen Ver\u00e4nderungsprozessen\u201c <\/strong>Impulsvortrag bei der Regionalkonferenz Bayern \u00fcber \u201eHaupt- und Ehrenamt in Telefonseelsorge\u201c, M\u00fcnchen, 21. Oktober 2024 er<\/p>\n<p><strong>\u201eNoch einmal ist alles offen. Zum Aufbruch in die dritte Lebensphase\u201c<\/strong> Vortrag bei f\u00fcbs \u2013 F\u00fcrther Fachstelle f\u00fcr Seniorinnen und Senioren und die Belange von Menschen mit Behinderung, F\u00fcrth, 10. Oktober 2024<\/p>\n<p><strong>\u201eDie Neuentdeckung der Gemeinschaft\u201c<\/strong> Vortrag bei einer Veranstaltung \u00fcber Begegnung, Freizeit und Kultur der initiative 60plus, Maisach, 21. September 2024<\/p>\n<p><strong>\u201eBuntes Alter braucht vielf\u00e4ltige Angebote\u201c<\/strong> Vortrag beim Fachtag \u201eIm Alter f\u00fcr die Seele sorgen\u201c, Evangelische Frauenhilfe in Westfalen e. V., Soest Westfalen, 3. September 2024<\/p>\n<p><strong>\u201eArbeit mit Ehrenamtlichen\u201c <\/strong>Impulsreferat zu einem Workshop bei der Weltkonferenz in Hofgeismar, Evangelische Akademie Hofgeismar, 26. Juli 2024<\/p>\n<p><strong>\u00a0\u201eDie Neuentdeckung der Gemeinschaft\u201c <\/strong>Impulsreferat beim Pastoralkolleg \u201eEinsamkeit im Alter \u2013 Herausforderungen f\u00fcr die Kirche vor Ort\u201c, Haus kirchlicher Dienste, Hannover, 11. Juni 2024<\/p>\n<p><strong>\u201e\u2019Zur Hoffnung anstiften\u2018\u201c. Beitrag und Bedeutung diakonischer Gemeinschaften in Zeiten gro\u00dfer Umbr\u00fcche\u201c<\/strong> Vortrag auf der Oberinnentagung des Kaiserswerther Verbandes 25. April 2025<\/p>\n<p><strong>\u00a0\u201eCare \u2013 das allt\u00e4gliche Wunder\u201c <\/strong>Vortrag bei den Jahrestagen Hermannsburg, 5. \u2013 6. April 2024<\/p>\n<p><strong>\u201eAbschiedlich leben lernen. Hospizarbeit in Quartier und Nachbarschaft\u201c <\/strong>Vortrag bei den Arnoldshainer Hospiztagen, 24. Februar 2024<\/p>\n<h2><strong>2023<\/strong><\/h2>\n<p><strong>\u201eGemeinschaft neu entdecken\u201c <\/strong>Vortrag auf der Tagung \u201eWege zum Miteinander\u201c des Evangelischen Forums, Bonn, 17.10.2023<\/p>\n<p><strong>\u201eGemeinsam unterwegs\u201c <\/strong>Impulsvortrag beim Fachtag Kirche\/Diakonie im Dekanat Westerburg, Westerburg, 11.10.23<\/p>\n<p><strong>\u201eDas Gold, das die Hoffnung st\u00e4rkt. Zusammenhalt in Br\u00fcchen\u201c<\/strong> Vortrag bei DIAKONIA-DRAE, Neuendettelsau, 9.9.2023<\/p>\n<p><strong>\u201eRaum geben?! Babyboomer als Chance f\u00fcr Gemeindeentwicklung. Thesen zu einem Paradigmenwechsel in der Arbeit mit \u00c4lteren\u201c <\/strong>Vortrag auf dem Fachtag der Fachstellen \u00c4lterwerden der Kirchen im Norden, online, 31.8.2023<\/p>\n<p><strong>\u201eZwischen politischem Einfluss und Zeitknappheit. Die Zukunft von Ehrenamts-Organisationen gestalten!\u201c <\/strong>Vortrag bei der Tagung der Gesellvizepr\u00e4sidentinnen und -pr\u00e4sidenten \u201eHandwerk und Kirchen\u201c, L\u00fcbeck, 25.8.2023<\/p>\n<p><strong>\u201eLeben retten, St\u00e4rken feiern. Wie Ehrenamt die Gesellschaft pr\u00e4gt und tr\u00e4gt\u201c <\/strong>Vortrag beim Ehrenamtlichenfest der Kirchengemeinde Helstorf, 2.7.2023<\/p>\n<p><strong>\u201eEigensinn des Engagements\u201c <\/strong>Impulsvortrag und Workshop der Diakonie Hessen \u2013 Diakonisches Werk in Hessen und Nassau und Kurhessen-Waldeck e. V, Kassel, 14.6.2023<\/p>\n<p><strong>\u201eDie Glut unter der Asche neu entfachen. Wie diakonische Gemeinschaft w\u00e4rmt und tr\u00e4gt\u201c <\/strong>Vortrag bei der Jahrestagung des Konvents Lutherstift Falkenburg, Ganderkesee, 4.6.2023<\/p>\n<p><strong>\u201eDen Faden weiterspinnen &#8211; mit offenem Blick, Geduld und Feingef\u00fchl\u201c<\/strong> Abschlussvortrag beim Nordhessischen Hospizforum der Diakonie Hessen, Hofgeismar, 21.5.2023<\/p>\n<p><strong>\u201eStarke alte Frauen\u201c <\/strong>Vortrag auf der Konferenz der ehrenamtlich Leitenden zum Thema \u201eAlte Frauen in der Kirche\u201c im Evangelischen Zentrum Frauen und M\u00e4nner, Hannover, 1.4.2023<\/p>\n<p><strong>\u201eKirche in M\u00f6glichkeiten denken\u201c <\/strong>Vortrag bei der Fachveranstaltung\/Workshop \u201eWie die Kirche im Dorf bleibt. L\u00e4ndliche Gemeinden und ihre Immobilien\u201c des Diakonischen Werks Rheinland-Westfalen-Lippe e.V. \u2013 Diakonie RWL, Dierdorf, 25.3.2023<\/p>\n<p><strong>\u201eEhrenamt im Wandel\u201c <\/strong>Vortrag bei der Ruhrsuperintendenten-Konferenz der Evangelischen Kirche im Rheinland und Evangelischen Kirche von Westfalen, online, 23.3.2023<\/p>\n<p><strong>\u201eKommunalpolitik zwischen B\u00fcrgerbeteiligung und Serviceagentur\u201c <\/strong>Vortrag und Workshop im Landratsamt Oberallg\u00e4u, Sonthofen, 16.3.2023<\/p>\n<p><strong>\u201eKirche, Gesellschaft und Diakonie \u2013 wie wird die diakonische Haltung im Aufsichtsrat sichtbar?\u201c<\/strong> Vortrag auf der Tagung \u201eFit f\u00fcr den Aufsichtsrat\u201c des Diakonischen Werks der evangelischen Kirche in W\u00fcrttemberg e. V., Hohenwart, 4.3.23<\/p>\n<p><strong>\u201eWelche Kirche wollen wir in Zukunft sein \u2013 und was muss sich \u00e4ndern auf dem Weg dahin?\u201c <\/strong>Vortrag bei der 5. Tagung der II. Dekanatssynode Dreieich-Rodgau, Nieder-Roden, 24.2.2023<\/p>\n<p><strong>\u201eNur Mut: Leben in der Zeitenwende\u201c<\/strong> Vortrag beim Pastor*innenkonvent des Evangelisch-Lutherischen Kirchenkreises L\u00fcbeck-Lauenburg, L\u00fcbeck, 15.2.2023<\/p>\n<p><strong>\u201eNetzwerk, Bewegung und Institution \u2013 Kirchenbilder in Tradition und Gegenwart\u201c<\/strong> Vortrag beim Studientag Kirche im Rahmen des Fernstudiums Theologie \u2013 geschlechterbewusst, Bremen, 3.2.2023<\/p>\n<p><strong>\u201eDie Eh-da-Generation geht \u2013 was kann die Kirche von den Babyboomern erwarten? 10 Thesen\u201c <\/strong>Vortrag auf der Landeskonferenz der Evangelisch-Lutherischen Kirche in Bayern zum Thema Alter, N\u00fcrnberg, 2.2.2023<\/p>\n<h2><strong>2022<\/strong><\/h2>\n<p><strong>#ausliebe \u2013 Diakonie zwischen Kirche und Staat<\/strong>, Vortrag zum Neujahrsempfang der Diakonie Essen am 27.11.2022 (online<strong><a href=\"https:\/\/www.seele-und-sorge.de\/?page_id=7121\" target=\"_blank\" rel=\"noopener\"> hier<\/a><\/strong>)<\/p>\n<p><strong>Schl\u00fcssel ohne Schloss<\/strong>, Rede zum Volkstrauertag in Garbsen, 13.11.2022 (online<a href=\"https:\/\/www.seele-und-sorge.de\/?page_id=7102\" target=\"_blank\" rel=\"noopener\"><strong> hier<\/strong><\/a>)<\/p>\n<p><strong>Macht und Ohnmacht in sozialen Organisationen<\/strong>, Vortrag in Kloster Donndorf am 5.10.2022<\/p>\n<p><strong>Die vierfache Schnur<\/strong>, Vortrag zum Welt-Alzheimertag am 20.9.2022 in der Diakonie Hessen in Frankfurt am Main (online<a href=\"https:\/\/www.seele-und-sorge.de\/?page_id=7001\" target=\"_blank\" rel=\"noopener\"><strong> hier<\/strong><\/a>)<\/p>\n<p><strong>Care und Gerechtigkeit \u2013 Getrennte Pole oder zwei Pfeiler einer Br\u00fccke?<\/strong> Vortrag beim Symposium des Internationalen Lehrgangs Caring Communities, Wien 9.9.2022<\/p>\n<p><strong>Gemeinwohl, Gemeinschaft und Ehrenamt neu denken<\/strong>, Vortrag auf der Bundestagung der Evangelischen Krankenhaushilfe in Hannover am 31.8.2022<\/p>\n<p><strong>\u201eNoch einmal ist alles offen, auf der Schwelle zur dritten Lebensphase\u201c<\/strong> Pastoralkolleg zum \u00dcbergang in den Ruhestand, Butzbach, 12.7.2022<\/p>\n<p><strong>\u201eMit klarem Kopf auf die F\u00fc\u00dfe \u2013 unterwegs zur Ehrenamtskirche\u201c<\/strong> Tagung \u201eFreiwilliges und berufliches Engagement in der Kirche von morgen\u201c, Loccum, 9.7.2022<\/p>\n<p><strong>\u201eEin doppeltes Ja. Zum Umgang mit der gesetzlichen Freigabe des assistierten Suizids\u201c<\/strong> Workshop des Hospiz- und Palliativverbands Hessen e.\u00a0V., 24.6.2022 (online)<\/p>\n<p><strong>\u201eDiakonischer Markenkern. Spagat zwischen \u00d6konomisierung und diakonischen Werten\u201c<\/strong> F\u00fchrungskr\u00e4ftefortbildung Diakonische Werke Baden, Rastatt, 15.6.2022<\/p>\n<p><strong>\u201eSelbstsorge, F\u00fcrsorge, Mitsorge. Die neue Care-Kultur in der hospizlichen Arbeit\u201c<\/strong>, Hospiztagung der Evangelischen Akademie Villigst, 11.6.2022 (erscheint im September 2022 als epd-Doku)<\/p>\n<p><strong>\u201eEinfach machen. Die Macht der Zivilgesellschaft st\u00e4rken\u201c<\/strong> Pfingsttagung von ND-netz, Bonn, 4.6.2022<\/p>\n<p><strong>\u201eDie Neuentdeckung der Gemeinschaft\u201c<\/strong> Melanchthon-Akademie K\u00f6ln, 9.6.2022<\/p>\n<p><strong>\u201eEngagement in der Kirche der Zukunft\u201c<\/strong> Pastoralkolleg des Kirchenkreises Schmalkalden, Berlin, 31.5.2022<\/p>\n<p>\u201e<strong>Wie unsere Tr\u00e4ume Wurzeln schlagen\u201c<\/strong> Fachtagung \u201eKirche im Sozialraum\u201c, Diakonische Werke Baden, Rastatt, 7.5.2022<\/p>\n<p><strong>\u201eSeelsorge in der Begleitung von Menschen in der letzten Lebensphase\u201c<\/strong> Arbeitskreis Ambulante Hospizdienste, Diakonische Werke Rheinland, 28.4.2022 (online)<\/p>\n<p><strong>\u201eSterben in der Nachbarschaft. F\u00fcr eine neue Care-Kultur\u201c<\/strong> Fachtagung \u201eHospizkultur und Palliative Care zu Hause\u201c, Dornbirn, 8.4.2022<\/p>\n<p><strong>\u201eNeue Aufgaben, neue Akteure, neue Wege. \u00dcber den Wandel im Ehrenamt\u201c <\/strong>Haus des Gastes, Emsland, Laatzen, 22.3.2022<\/p>\n<p><strong>\u201eDas darf nicht sein\u201c <\/strong>Friedensdemo zum \u00dcberfall auf die Ukraine, Garbsen, 14.3.2022<\/p>\n<p><strong>\u201eDer Raum schrumpft. Wie das Internet (nicht nur \u00c4lteren) N\u00e4he und Teilhabe erm\u00f6glicht\u201c <\/strong>Tagung \u201eExistenzielle Fragen im virtuellen Raum\u201c, Evangelische Akademie zu Berlin und NEKS, 11.3.2022 (online)<\/p>\n<p><strong>\u201eDas neue Wir. Sorgemeinschaften in der pluralen Gesellschaft\u201c, <\/strong>Tagung \u201eDie Babyboomer kommen. Konzepte und Ideen f\u00fcr eine Seniorenarbeit mit Zukunft\u201c, Akademie Loccum, 7.3.2022<\/p>\n<p><strong>\u201eFamilien: evangelisch gedacht und gelebt<\/strong>\u201c Tagung \u201eFamilienorientierung als Evangelische Arbeitgebermarke\u201c, Evangelisches Werk f\u00fcr Diakonie und Entwicklung, 4.3.2022 (online)<\/p>\n<h2><strong>2021<\/strong><\/h2>\n<p><strong>\u201eNeue Handlungsstrategien zur Gestaltung von Ehrenamtsfreundlichkeit in Diakonie und Kirche<\/strong>\u201c Ehrenamtskonferenz der EKD, 7.12.2021 (online)<\/p>\n<p><strong>\u201eAufbr\u00fcche in Umbr\u00fcchen<\/strong>\u201c Auftakt zur Woche des Glaubens, St. Michael S\u00fclz, 27.11.2021<\/p>\n<p><strong>\u201eDiakonische Unternehmensf\u00fchrung: Ethik und Werte in einer pluralen Gesellschaft\u201c<\/strong> Debora-Fortbildung der Evangelischen Kirche in W\u00fcrttemberg, Herrenberg 18.\/19.11.2021<\/p>\n<p><strong>\u201eDie Neuentdeckung der Gemeinschaft\u201c<\/strong> Quartiersarbeit im Protestantischen Dekanat Frankenthal, 26.10.2021<\/p>\n<p><strong>\u201eKraftquelle Ethikcaf\u00e9\u201c<\/strong>\u00a0 Vortrag bei der digitalen Fachveranstaltung der Fachstelle Altenheimseelsorge in der Evangelischen Kirche in Kurhessen-Waldeck, 27.10.2021 (online)<\/p>\n<p><strong>\u201eT\u00fcr auf ins Quartier. Die Potenziale Sorgender Gemeinschafte<\/strong>n<strong>\u201c<\/strong> Fachtag der Evangelischen Heimstiftung, online 5.11.2021<\/p>\n<p><strong>\u201eHospizarbeit als Teil einer sorgenden Gesellschaft\u201c<\/strong> Echzell, 16.10.2021<\/p>\n<p><strong>\u201eEure Alten werden Tr\u00e4ume haben\u2018\u201c<\/strong> Er\u00f6ffnungsvortrag Jahrestagung \u201eArbeit mit \u00c4lteren in Kirche und Diakonie\u201c Landeskirche in W\u00fcrttemberg, Stuttgart, 15.10.2021<\/p>\n<p><strong>\u201eF\u00fcr dich, f\u00fcr mich, f\u00fcr uns\u201c <\/strong>Forum 2021 des Seniorenrats in Eglisau Schweiz, 14.10.2021<\/p>\n<p><strong>\u201eVerantwortung der Kirchengemeinde im Gemeinwesen\u201c<\/strong> Konvent der Gemeindediakoninnnen, Zentrum Diakonat der Evangelischen Landeskirche in W\u00fcrttemberg, Bernh\u00e4user Forst, 12.10.2021<\/p>\n<p><strong>\u201eAufbr\u00fcche in Umbr\u00fcchen\u201c<\/strong> Klausur des Evangelischen Pfarrkonvents Stuttgart, \u00d6kumenisches Zentrum Hochschulseelsorge, 11.10.2021<\/p>\n<p><strong>\u201eCare zwischen Profession und Vergemeinschaftung\u201c<\/strong> Festvortrag zum zehnj\u00e4hrigen Jubil\u00e4um der Fliedner-Hochschule Kaiserswerth, 7.10.2021, online<\/p>\n<p><strong>\u201eSorgearbeit in Familie, Kirche und Quartier\u201c<\/strong> Digitales Forum im Rahmen der \u201eCare-Woche\u201c, Evangelisch-lutherische Kirche in Bayern, 17.9.2021<\/p>\n<p><strong>\u201ePflege und Spiritualit\u00e4t\u201c<\/strong> Impuls ISCO-Innovationsforum, 10.9.2021 (digital)<\/p>\n<p><strong>\u201eKirche im Sozialraum\u201c<\/strong> Pfarrkonvent Berlin Nord-Ost, 11.8.2021<\/p>\n<p><strong>\u201eStruktur. Macht. Ehrenamt\u201c<\/strong> Tagung des DEF zum Thema \u201eRahmenbedingungen zur St\u00e4rkung des Ehrenamts\u201c, Duisburg, 22.6.2021 (ver\u00f6ffentlicht in der Dokumentation des DEF, Oktober 2021)<\/p>\n<p><strong>\u201eWas hat die Kirche mit dem Quartier zu tun?\u201c<\/strong> Klausur des Kirchenkreises Emmendingen in Diessen am Ammersee, 6.7.2021<\/p>\n<p><strong>\u201eKirche, Sorge und Gemeinschaft \u2013 Unterwegs zu einem neuen WIR\u201c<\/strong> Kantonale KiVo-Tagung, St.\u00a0Gallen, 27.9.21<\/p>\n<p><strong>\u201eKirche mit den Menschen \u2013 im Quartier\u201c<\/strong> Arbeitseinheiten im Rahmen des B\u00fcrgergutachtens \u201eGlaube in der Stadt\u201c des Kirchenkreises D\u00fcsseldorf und die Bergischen\u00a0 Universit\u00e4t Wuppertal, 3.7.2021 und 8.7.2021<\/p>\n<p><strong>\u201eBallast abwerfen, Durststrecken \u00fcberstehen, neue Anf\u00e4nge erleben \u2013 wie biblische Erz\u00e4hlungen uns helfen, mit Krisen produktiv umzugehen\u201c<\/strong> Klausur der Leitenden Pfarrer im Katholischen Stadtdekanat K\u00f6ln, 1.7.2021<\/p>\n<p><strong>\u201e\u2018Einsam bist Du klein\u2018 \u2013 Die Neuentdeckung der Gemeinschaft\u201c<\/strong> bei \u201eEinschalten\u201c, Impuls, Lesung und Diskussion zum Buch. Evangelisch-lutherische Landeskirche Hannovers, 30.6.2021<\/p>\n<p><strong>\u201eKeine lebt f\u00fcr sich allein\u201c <\/strong>Evangelischer Frauentag der Evangelisch-lutherischen Kirche in Oldenburg\u00a0 \u201eAlleine einzigartig, gemeinsam stark\u201c, 26.6.2021<\/p>\n<p><strong>\u201eCaring Communities und Kirchgemeinden\u201c<\/strong> Bereichstag Sozialdiakonie, Reformierte Kirchen Bern-Jura-Solothurn, 15.6.2021<\/p>\n<p><strong>\u201e\u00c4lter werden, Gemeinde leben. Wird alles anders, wird alles neu\u201c<\/strong> Studientag Altenseelsorge im Dekanat Wetterau, Bad Nauheim, 9.6.2021<\/p>\n<p><strong>\u201eSelbstsorge in der Begleitung pflegebed\u00fcrftiger Menschen\u201c<\/strong> Klausur des Amts f\u00fcr Soziale Arbeit\/Abteilung Altenarbeit, Wiesbaden, 11.5.2021<\/p>\n<p><a href=\"https:\/\/www.kirche-und-digitaler-wandel.de\/coehnen-marx-partizipation-aelterer-digitalisierung-607.php\" target=\"_blank\" rel=\"noopener noreferrer\"><strong>\u201eAltern in einer digitalen Welt. Zerbrechlich, endlich, souver\u00e4n\u201c<\/strong><\/a>, Vortrag im Rahmen der Tagung der Evangelischen Akademie im Rheinland <a href=\"https:\/\/www.kirche-und-digitaler-wandel.de\/digitale-Teilhabe-Senioren-591.php\" target=\"_blank\" rel=\"noopener noreferrer\"><strong>\u201eDas Internet hat noch viel Raum. Mehr digitale Souver\u00e4nit\u00e4t gewinnen\u201c<\/strong><\/a>\u00a0am 28. April 2021<\/p>\n<p><a href=\"https:\/\/www.youtube.com\/watch?v=vQoWoSazv3U&amp;t=5s)\" target=\"_blank\" rel=\"noopener noreferrer\"><strong>\u201eKann Kirche Ehrenamt?\u201c<\/strong><\/a>, Hauptvortrag beim Tag rheinischer Presbyterien, 13.3.2021<\/p>\n<p><strong>\u201eDie Kirche und die Babyboomer\u201c<\/strong> Webkonferenz Junge Alte, Fachstelle f\u00fcr die zweite Lebensh\u00e4lfte, Evangelische Kirche von Kurhessen-Waldeck, 26.2.2021<\/p>\n<p><strong>\u201eBesuchsdienst als T\u00fcr\u00f6ffner ins Quartier\u201c<\/strong> Zentrum Seelsorge und Beratung der Evangelischen Kirche in Hessen und Nassau, 11.2.2021<\/p>\n<p><strong>\u201eVom Geschenk des \u00c4lterwerdens. Perspektiven f\u00fcr die dritte Lebensphase\u201c<\/strong> Frauenarbeit und Altenseelsorge der Evangelischen Kirche in Hessen und Nassau, Darmstadt<\/p>\n<p><strong>\u201eKirche und Diakonie \u2013 Herausforderungen und Chancen gemeinsamer Perspektiven\u201c<\/strong> Pastoralkolleg im Institut Aus-, Fort- und Weiterbildung der Evangelischen Kirche von Westfalen, Schwerte, am 26.\/27.1.2021<\/p>\n<p><strong>\u201eKirche im digitalen Quartier\u201c<\/strong> Zoomkonferenz zum neuen Ehrenamt bei Zeitraum, Evangelisches Zentrum f\u00fcr Diakonie und Bildung an Sieg und Rhein, Siegburg, 20.1.2021<\/p>\n<p><strong>\u201eGenerationen und Corona \u2013 wie kommen wir gut durch die Krise?\u201c<\/strong> Impuls zu einer digitalen Dialogveranstaltung der Evangelischen Erwachsenenbildung am 19.1.2021<\/p>\n<h2><strong>2020<\/strong><\/h2>\n<p style=\"text-align: left;\"><strong>\u201e<a href=\"https:\/\/www.youtube.com\/watch?v=SNRVnD2ho0U\">Zukunft der Kirche<\/a>\u201c<\/strong>, online 7.11.2020, Interview; Interviewer: Pastor Steffen K\u00fchnelt und Stiftungsvorstandsvorsitzender Kornelius F\u00fcrst, Stiftung der Johannes-Gemeinde Hamburg-Rissen<\/p>\n<p>\u201eNetzwerk in der Hospiz- und Palliativarbeit\u201c, online 21.10.2020, Vortrag im Rahmen der 21.\u00a0Fachtagung \u201eLeben und Sterben\u201c, Arbeitsbereich KASA \u2013 Koordinations- und Ansprechstelle f\u00fcr Dienste der Sterbebegleitung und Angeh\u00f6rigenbetreuung des HAGE \u2013 Hessische Arbeitsgemeinschaft f\u00fcr Gesundheitsf\u00f6rderung e.V.<\/p>\n<p><strong>\u201eNiemand f\u00fcr sich allein \u2013 sorgende Gemeinschaft und Kirche\u201c<\/strong>, Bern 14.10.2020 (Hauptvortrag auf der Bernischen Diakoniekonferenz 2020; Bericht dazu unter dem Titel \u201eDie neue Diakoniekultur als Herausforderung und Abenteuer\u201c auf: <a href=\"https:\/\/www.diakonierefbejuso.ch\/fileadmin\/user_upload\/Downloads\/Berichte_und_Artikel\/Coenen-Marx_Artikel.pdf\">https:\/\/www.diakonierefbejuso.ch\/fileadmin\/user_upload\/Downloads\/Berichte_und_Artikel\/Coenen-Marx_Artikel.pdf<\/a>)<\/p>\n<p><strong>Beitrag zum Fachgespr\u00e4ch <\/strong>\u201eDie Corona-Krise und ihre sozialpsychologischen Dynamiken \u2013 Konsequenzen f\u00fcr das Handeln von Diakonie und Kirche\u201c, online 7.10.2020, Evangelische Akademie zu Berlin (<a href=\"https:\/\/www.eaberlin.de\/nachlese\/chronologisch-nach-jahren\/2020\/fachgespraech-corona-krise\"><strong>hier<\/strong><\/a>\u00a0ein Bericht \u00fcber das Gespr\u00e4ch)<\/p>\n<p><strong>\u201e<a href=\"https:\/\/www.youtube.com\/watch?v=86mEGZjntkk\">Altersdiskriminierung in der Pandemie<\/a>\u201c<\/strong>, online 23.9.2020, ein Interviewpodcast in der Reihe Nachgefragt! Der Apothekenrundschau<\/p>\n<p><strong>Impuls<\/strong> bei der Videokonferenz \u201eSorgende Gemeinschaften verstetigen\u201c, online 21.8.2020 (Videoaufzeichnung <strong><a href=\"http:\/\/fachstelle-zweite-lebenshaelfte.de\/mediathek.php\">hier<\/a>)<\/strong><\/p>\n<p><strong>\u201eSelbst-F\u00fcr-Sorge: Pflege und Palliative-Care in Corona-Zeiten\u201c<\/strong>, online 8.5.2020, im Rahmen der Digitalmesse Bremen \u201eLeben und Tod vernetzt\u201c<strong>\u00a0<\/strong><\/p>\n<p><strong>Impuls und Teilnahme als Expertin auf dem <\/strong>Podium beim 4. StiftungsIMPACT zum Thema \u201eEgo oder Alter Ego \u2013 Stiftungen zwischen Gemeinsinn und Eigeninteresse\u201c, Berlin 4.3.2020<\/p>\n<p><strong>\u201eUnser religi\u00f6ses Profil. Erkennbare Sinnhaftigkeit in unseren Arbeitsbereichen\u201c<\/strong>, Breklum 20.2.2020, Vortrag bei der Klausurtagung des Zentrums Kirchlicher Dienste<\/p>\n<p><strong>\u201eNoch einmal ist alles offen\u201c<\/strong>, Hamburg 13.2.2020, Vortrag in der Evangelischen Akademie in der Region Alstertal<\/p>\n<p><strong>\u201eSorgende Gemeinde\u201c<\/strong>, Hanau 8.2.2020, Vortrag beim Evangelischen Forum Hanau<\/p>\n<p><strong>\u201eDemokratie in der Kirche\u201c<\/strong>, Bergen 4.2.2020, Impulsvortrag zu einem Gespr\u00e4chsabend im Gemeindehaus St. Lamberti<\/p>\n<h2><strong><br \/>\n2019<\/strong><\/h2>\n<p><strong>\u201eUmbr\u00fcche, Aufbr\u00fcche \u2013 Christsein und Kirche in der Transformation\u201c<\/strong>, Wuppertal 10.12.2019 (im Rahmen der Studienwoche \u201eTheologie Engels-Gerechtigkeit \u2013 zur gro\u00dfen Transformation\u201c in der Kirchlichen Hochschule Wuppertal)<\/p>\n<p><strong>\u201eNoch einmal ist alles offen \u2013 Vom Geschenk des \u00c4lterwerdens\u201c<\/strong>, Hannover 30.11.2019 (Vortrag beim Frauenfr\u00fchst\u00fcck)<\/p>\n<p><strong>\u201eZwischen Mithalten und Mitnehmen\u201c<\/strong>, Darmstadt 3.12.2019 (Vortrag im Rahmen der Reihe Industrie 4.0. \u2013 Menschsein in der neuen Arbeitswelt, Ev. Stadtakademie Darmstadt)<\/p>\n<p><strong>\u201eSorge als zentrale Leitkategorie im Gesundheitswesen\u201c<\/strong>, Wildbad Rothenburg, 23.11.2019 (im Rahmen des Medizin-Theologie Symposiums 2019 zum Thema Sorge)<\/p>\n<p><strong>\u201eWo ich dazugeh\u00f6re: Gemeinschaft leben, Nachbarschaft gestalten\u201c<\/strong>, Tecklenburg\/Westerkappel 16.11.2019<\/p>\n<p><strong>\u201eVer\u00e4nderungen wahrnehmen \u2013 Zusammenhalt gestalten. Impulse f\u00fcr Kirche und Diakonie im Quartier\u201c<\/strong>, Kaarst 13.11.2019<\/p>\n<p><strong>\u201eSorgende Gemeinden als Chance im Aufbruch<\/strong>\u201c, Ludwigsburg 9.11.2019 (im Rahmen des Verbandstags der Diakonischen Gemeinschaft Karlsh\u00f6he)<\/p>\n<p><strong>\u201eWir sind viele \u2013 Vielfalt als Herausforderung und Chance f\u00fcr Kirche und Gesellschaft\u201c<\/strong>, Oldenburg 8.11.2019 (Tischrede beim 4. Oldenburger Frauenmahl)<\/p>\n<p><strong>\u201eWas jedem Spa\u00df macht und uns allen nutzt\u201c<\/strong>, Z\u00fcrich-Seebach 2.11.2019 (Vortrag und Workshop zu einer neuen Sorgekultur im Quartier)<\/p>\n<p><strong>\u201eWer sorgt, gewinnt. Potenziale Sorgender Gemeinschaften weiter heben\u201c<\/strong>, Potsdam 28.10.2019 (im Rahmen des Landeskirchlichen Fachtags der EKBO zum Thema Sorgende Gemeinde)<\/p>\n<p><strong>\u201eEhrenamtliche tragen die Kirche\u201c<\/strong>, Kloster Frenswegen, 26.10.2019 (im Rahmen des Ehrenamtstags der Reformierten Kirche)<\/p>\n<p><strong>\u201eKeiner stirbt f\u00fcr sich allein\u201c<\/strong>, Ismaningen 19.10.2019 (im Rahmen des Fachtags f\u00fcr HospizbegleiterInnen)<\/p>\n<p><strong>\u201eDiakonie und Gemeinde im Quartier\u201c<\/strong>, Wiesbaden, 17.10.2019 (im Rahmen der Er\u00f6ffnung des Quartierszentrums in Wiesbaden-Gr\u00e4selberg)<\/p>\n<p><strong>\u201eVon Einsamkeiten und Gemeinsamkeiten. Gemeinschaft in einer individualisierten Gesellschaft\u201c<\/strong>, Rummelsberg 28.9.2019<\/p>\n<p><strong>\u201eKirche und ihre Kompetenzen im Sozialraum \u2013 Kirchengemeinden als Dreh- und Angelpunkt!?\u201c<\/strong>, Freiburg, 27.9.2019 (im Rahmen des Fachtags Sorgende Gemeinde der Badischen Landeskirche)<\/p>\n<p><strong>\u201eTragf\u00e4hige Netze in gesellschaftlichen Umbr\u00fcchen: Was die Hospizbewegung zum Aufbau sorgender Gemeinschaften beitragen kann\u201c<\/strong>, Bad Herrenalb 4.7.2019 (im Rahmen der 20. S\u00fcddeutschen Hospiztage)<\/p>\n<p><strong>\u201eKirche gibt Raum \u2013 Aufbruch im Umbruch\u201c<\/strong>, Velbert, 15.6.2019 (im Rahmen der Kreissynode Niederberg)<\/p>\n<p><strong>\u201e\u2019That\u2019s how the light gets in\u2018 \u2013 Geistliche Neuentdeckungen in gesellschaftlichen Zerrei\u00dfproben<\/strong>\u201c, Ratzeburg, 12.6.2019 (im Rahmen der (Vikariats-)Anleitendentagung)<\/p>\n<p><strong>\u201eHinsehen, Hinh\u00f6ren, Handeln: Solidarit\u00e4t in einer \u00e4lter werdenden Gesellschaft\u201c<\/strong>, Frankfurt am Main, 6.6.2019 (im Rahmen der Tagung des Netzwerks \u201eLeben im Alter\u201c in der EKHN)<\/p>\n<p><strong>\u201eSorgende Gemeinde werden: Besuche als T\u00fcr\u00f6ffner\u201c<\/strong>, Villigst, 28.5.2019 (im Rahmen der EKD-Besuchsdienstkonferenz)<\/p>\n<p><strong>\u201eSorge f\u00fcr andere und Selbstsorge\u201c,<\/strong> Ludwigsburg, 14.5.2019 (im Rahmen des Mitarbeitendentags des Kreisdiakonieverbands Ludwigsburg)<\/p>\n<p><strong>\u201eWeil es Spa\u00df macht und uns allen nutzt \u2013 gemeinsam aktiv werden\u201c<\/strong>, Nast\u00e4tten, 13.5.2019 (im Rahmen der Jubil\u00e4umsfeier der Initiative 55 plus)<\/p>\n<p><strong>\u201eAuf ein Neues! Junge Alte gestalten Zivilgesellschaft\u201c<\/strong> https:\/\/www.tavolata.ch\/de\/veranstaltungen\/impressionen, Olten, 6.5.2019 (im Rahmen der Jahrestagung von Tavolata)<\/p>\n<p><strong>\u201eDigitalisierung aus der Sozialperspektive\u201c<\/strong>, Darmstadt, 6.4.2019 (im Rahmen des 5.\u00a0S\u00fcdhessischen Symposion f\u00fcr Hospizarbeit unter dem Titel \u201eDie Zukunft hat begonnen\u201c)<\/p>\n<p><strong>\u201eNoch einmal ist alles offen- Auf der Schwelle zur dritten Lebensh\u00e4lfte\u201c<\/strong>, Arnoldshain, 4.4.2019 (im Rahmen eines Pastoralkollegs)<\/p>\n<p><strong>\u201eZwischen Schlafsack und Nadelstreifen \u2013 Kirchensein in einer zerrissenen Gesellschaft\u201c<\/strong>, Frankfurt am Main, 3.4.2019 (im Rahmen des Netzwerktreffens \u201eGemeinwesendiakonie in der EKD\u201c<\/p>\n<p><strong>\u201eErinnern und Gedenken\u201c<\/strong>, Bad Rappenau, 25.3.2019 (im Rahmen der Hospiztage)<\/p>\n<p><strong>\u201eSpiritual Care \u2013 Seele und Ethik der Sorge\u201c<\/strong>, Graz, 15.3.2019 (im Rahmen des internationalen Symposiums \u201ePalliative Care und Caring Communitys\u201c)<\/p>\n<p><strong>\u201eNoch einmal ist alles offen\u201c, <\/strong>Berlin-Teltow, 14.3.2019 (im Rahmen des Ethikforums 2019 des Evangelischen Diakonissenhauses zum Thema \u201eWas hei\u00dft schon alt?\u201c)<\/p>\n<p><strong>\u201eF\u00fcrsorge, Selbstsorge, Mitsorge: Wie l\u00e4sst sich Care in diakonischen Einrichtungen organisieren?\u201c<\/strong>, Arnoldshain, 9.3.2019 (im Rahmen der Tagung \u201eSorgekultur im Wandel\u201c)<\/p>\n<p><strong>\u201eSorgende Gemeinschaft im l\u00e4ndlichen Raum\u201c<\/strong>, Weilrod, Hochtaunuskreis, 1.2.2019<\/p>\n<p><strong>\u201eAlte Bilder, neue Chancen, ungeahnte M\u00f6glichkeiten \u2013 Die dritte Lebensphase mutig gestalten\u201c<\/strong>, Hamburg-Eilbek, 29.1.2019 (zur Er\u00f6ffnung der Seminarreihe \u201eDer F\u00fclle des Lebens neu auf der Spur\u201c)<\/p>\n<p><strong style=\"color: #23282d; font-size: 1.6em;\">2018<\/strong><\/p>\n<p><strong>\u201eZwischen Autonomie und Angewiesenheit\u201c<\/strong>, Bern, 1.12.2018<\/p>\n<p><strong>\u201eNeue Wege im Alter\u201c<\/strong>, Hannover, 23.11.2018<\/p>\n<p><strong>\u201eDie Bed\u00fcrfnisse von Familien und der Auftrag der Kirche\u201c<\/strong>, N\u00fcrnberg, 19.11.2018<\/p>\n<p><strong>\u201eKirche gibt Raum. Aufbau im Umbruch\u201c<\/strong>, Wuppertal,14.11.2018<\/p>\n<p><strong>\u201eWas wir von alten Menschen lernen k\u00f6nnen. Generations\u00fcbergreifendes Geben und Nehmen\u201c<\/strong>, Freising, 8.11.2018<\/p>\n<p><strong>\u201eDie soziale Frage und die Zukunft der Gesellschaft\u201c<\/strong>, Troisdorf, 31.10.2018<\/p>\n<p><strong>\u00a0<\/strong><strong>\u201eBlickpunkt Senioren: Sorgende Gemeinde werden\u201c<\/strong>, Essen 27.9.2018<\/p>\n<p><strong>\u201eWeil es Spa\u00df macht! Engagement tut allen gut\u201c<\/strong>, Wildeshausen, 18.9.2018<\/p>\n<p><strong>\u201eKeiner stirbt f\u00fcr sich allein: Sorgende Gemeinde im Quartier\u201c<\/strong>, Z\u00fcrich, 12.9.2018<\/p>\n<p><strong>\u201eAuch wer Zeit schenkt, braucht Ressourcen. Geld und Liebe im Ehrenamt\u201c<\/strong>, Hannover, 8.9.2018<\/p>\n<p><strong>\u201eSpiritualit\u00e4t im Wandel der Generationen\u201c<\/strong>, Oberstorf 1.7.2018<\/p>\n<p><strong>\u00a0<\/strong><strong>\u201eDiakonische Alltagsfr\u00f6mmigkeit, soziales Engagement und spirituelle Erfahrung\u201c<\/strong>, Rummelsberg, 30.6.2018<\/p>\n<p><strong>\u201eAuf dem Weg zur Caring Community\u201c<\/strong>, Oldenburg, 19.6.2018<\/p>\n<p><strong>\u00a0<\/strong><strong>\u201eDranbleiben und neue Wege entdecken: Chancen und Herausforderungen einer \u00e4lter werdenden Mitarbeiterschaft\u201c<\/strong>, Mainz, 13.6.2018<\/p>\n<p><strong>\u201eJunge Alte im Aufwind. Studientag Spiritualit\u00e4t und Alter\u201c<\/strong>, Frankfurt am Main, 12.6.2018<\/p>\n<p><strong>\u201eGemeinwesendiakonie als kulturelle, soziale und spirituelle Herausforderung\u201c<\/strong>, Hamburg, 9.6.2018<\/p>\n<p><strong>\u201eZeit f\u00fcr Herzblut. F\u00fcr eine neue Sozialkultur\u201c<\/strong>, Speyer , 7.6.2018.<\/p>\n<p><strong>\u201eEngagement mit Profil \u2013 Ehrenamt in Kirche und Diakonie\u201c<\/strong>, Berlin, 31.5.2018<\/p>\n<p><strong>\u201eDer siebte Altenbericht: Seine Chancen und Herausforderungen f\u00fcr die Kirchengemeinden\u201c<\/strong>, Dortmund, 29.5.2018<\/p>\n<p><strong>\u201eNavi, Logbuch, Tafelsilber. Neuland entdecken mit leichtem Gep\u00e4ck\u201c<\/strong>, Rothenburg, 26.5.2018<\/p>\n<p><strong>\u201eSorgende Gemeinschaft im Quartier\u201c<\/strong>, Marbach am Neckar, 21.3.2018<\/p>\n<p><strong>\u201eLebenssatt \u2013 das Leben satt. Vom guten Abschiednehmen im hohen Alter\u201c<\/strong>, Bad Rappenau, 19.3.2018<\/p>\n<p><strong>\u201eAnders wachsen! Impulse f\u00fcr eine zuk\u00fcnftige kirchliche Arbeit mit \u00c4lteren\u201c<\/strong>, Hannover, 26.2.2018<\/p>\n<p><strong>\u201eSorgende Gemeinde. Chancen und M\u00f6glichkeiten f\u00fcr kirchliche Arbeit in einer \u00e4lter werdenden Gesellschaft\u201c<\/strong>, Recklinghausen, 21.2.2018<\/p>\n<p><strong>\u201eTransformation \u2013 Reformation: Aufbr\u00fcche in Umbr\u00fcchen\u201c<\/strong>, Saarbr\u00fccken, 17.2.2018<\/p>\n<p><strong>\u201e\u00c4ltere und die Kirche: Wohin geht die Reise?\u201c<\/strong>, N\u00fcrnberg, 8.2.2018<\/p>\n<p>\u201e<strong>Alter und Milieu. Diagnoseinstrumente als Grundlage kirchlicher Seniorenarbeit\u201c<\/strong>, N\u00fcrnberg, 8.2.2018<\/p>\n<p><strong>\u201eZwischen Angst und Zuversicht. Diakonische Gemeinschaft entwickeln\u201c<\/strong>, Stuttgart, 5.2.2018<\/p>\n<p><strong>\u201eDie reife Reise \u2013 Pastoraltheologische \u00dcberlegungen zur Spiritualit\u00e4t im Alter\u201c<\/strong>, Kaiserswerth, 4.2.2018<\/p>\n<p><strong>\u201eDie Bed\u00fcrfnisse von Familien und der Auftrag der Kirche\u201c<\/strong>, Erlangen, 19.1.2018<\/p>\n<p>\u201e<strong>Pflegeentwicklung in Quartier, Gemeinde und Nachbarschaft\u201c<\/strong>, Tutzing, 10.1.2018<\/p>\n<h2><strong>2017<\/strong><\/h2>\n<p><strong>\u201eDie Segel setzen. Familie und Familienpolitik im Fluss der Zeit\u201c<\/strong>, Vortrag zum 60-j\u00e4hrigen Jubil\u00e4um der EAF Bayern, N\u00fcrnberg, 6.12.2017<\/p>\n<p><strong>\u201eEngagement mit Profil\u201c<\/strong>, Vortrag beim Fachtag Ehrenamt der Ev. Frauenhilfe in Westfalen, Soest, 6.11.2017<\/p>\n<p><strong>\u201eWelches Inklusionspotenzial haben Kirchengemeinden, Kirchenkreis, Landeskirchen \u2013 die EKD?\u201c<\/strong>, Ringvorlesung Uni Hamburg, ZeDIS, 1.11.2017<\/p>\n<p><strong>\u201eDiakonie als Lebensform und Lebensinhalt\u201c<\/strong>, Bergische Diakonie Aprath, 5.10.2017<\/p>\n<p><strong>\u201eDas Haus der offenen T\u00fcr\u201c<\/strong>, Kirche im Quartier, Kiel 23.9.2017<\/p>\n<p><strong>\u201eAnders wachsen. Impulse f\u00fcr eine k\u00fcnftige kirchliche Arbeit mit \u00c4lteren\u201c<\/strong>, Vortrag beim Fachtag \u201eAlter neu gestalten\u201c von Kirche und Diakonie in W\u00fcrttemberg, Stuttgart, 25.7.2017<\/p>\n<p><strong>\u201eTragf\u00e4hige Netze in gesellschaftlichen Umbr\u00fcchen: Was Kirche und Diakonie zum Aufbau sorgender Gemeinschaften beitragen k\u00f6nnen\u201c<\/strong>, Vortrag Witten, 9.7.2017<\/p>\n<p><strong>\u201eEmpathie, Engagement und Solidarit\u00e4t. Christsein in der Zivilgesellschaft\u201c<\/strong>, Fachtag \u201eEhrenamt der Diakonie in Mitteldeutschland\u201c, 8.6.2017<\/p>\n<p><strong>\u201eDer Sehnsucht folgen, Neues wagen.<\/strong> <strong>Ein pfingstlicher Aufbruch im Kontext gesellschaftlicher Ver\u00e4nderungsprozesse\u201c<\/strong>, Vortrag beim Tag der diakonischen Gemeinschaft in Speyer, 4.6.2017<\/p>\n<p><strong>\u201eRolle der Freien Wohlfahrtspflege in der Sozialen Infrastruktur\u201c<\/strong>, Vortrag beim DBB-Forum, Berlin, 25.5.2017<\/p>\n<p><strong>\u201eSubsidiarit\u00e4t und Beteiligungsgerechtigkeit \u2013 Sozialethische Prinzipien in der Bew\u00e4hrung\u201c<\/strong>, Bad Alexanderbad 17.5.2017<\/p>\n<p><strong>\u201eGeschenkte Zeit\u201c<\/strong>, Vortrag zum Ehrenamt in der hospizlichen Arbeit, Messe Leben und Tod, Bremen, 13.5.2017<\/p>\n<p><strong>\u201eGerechtigkeit und Beteiligung: Impulse der Reformation f\u00fcr unseren Sozialstaat\u201c<\/strong>, Wildeshausen, 27.1.2017<\/p>\n<p><strong>\u00a0<\/strong><\/p>\n<h2><strong>2016<\/strong><\/h2>\n<p><strong>\u201eLeitung im Spannungsfeld zwischen Diakonischem Geist und wirtschaftlicher Unternehmensf\u00fchrung \u2013 Wie k\u00f6nnen Rituale helfen?\u201c<\/strong>, Klausur mit Pflegedienstleitungen und Stationsleitungen der Altenhilfe, Rathen, 8.1.2016<\/p>\n<p><strong>\u201eN\u00e4chstenliebe unter Zeitdruck \u2013\u00a0zur Diakonischen Unternehmenskultur\u201c,<\/strong> Chorin, 12.1.2016<\/p>\n<p><strong>\u201eAnkommenden Heimat geben, Eingesessene zum Aufbruch ermutigen \u2013\u00a0Was die Kirche f\u00fcr das Quartier tun kann\u201c<\/strong>, Neujahrsempfang Ludwigsburg, 13.1.2016<\/p>\n<p><strong>\u201eNeue Aufgaben f\u00fcr Kirche und Diakonie im Quartier<\/strong>\u201c, Diakonie Rheinisch-Bergischer Kreis Burscheid, 12.2.2016<\/p>\n<p><strong>\u201eHerausforderungen und Chancen der Fl\u00fcchtlingsarbeit f\u00fcr die Kirche\u201c<\/strong>, Tagung der Ev. Erwachsenenbildung der Ev.-luth. Kirche Hannovers, 26.2.2016<\/p>\n<p><strong>\u201eSpiritualit\u00e4t des \u00c4lterwerdens \u2013\u00a0Pers\u00f6nliche Wege und Theologische Entwicklungen\u201c<\/strong>, Ulm, 27.2.2016<\/p>\n<p><strong>\u201eSorgende Gemeinde werden. Eine diakonisch-theologische Reflektion\u201c<\/strong>, Tagung der Leitungen von Diakoniestationen in der Badischen Landeskirche, Karlsruhe\/Herrenalb, 7.4.2016<\/p>\n<p><strong>\u201eEngagement, Spiritualit\u00e4t und Gemeinschaft \u2013 Soziale Arbeit im Gesundheitswesen\u201c<\/strong>, Schw\u00e4bisch Hall, 16.4.2016<\/p>\n<p><strong>\u201eKirche und Diakonie als Mitgestalter f\u00fcr eine sorgende Gemeinschaft\u201c<\/strong>, Hamburg, 18.4.2016<\/p>\n<p><strong>\u201eEmpathie und Solidarit\u00e4t \u2013 Christsein und Kirche in der Zivilgesellschaft\u201c<\/strong>, Er\u00f6ffnung der Ehrenamtsakademie in Frankfurt, 26.4.2016<\/p>\n<p><strong>\u201eDie Zukunft des evangelischen Profils in Kirche und Diakonie\u201c<\/strong>, Synodaltagung der Ev.-ref. Kirche, Kloster Frenswegen, 28.4.2016<\/p>\n<p><strong>\u201eWas wir am Ende unseres Lebens brauchen \u2026\u201c<\/strong>, Wuppertal, 11.5.2016<\/p>\n<p><strong>\u201eLeib und Seele in der Diakonie\u201c<\/strong>, Marienstift Braunschweig\/Neuerkerode, 21.5.2016<\/p>\n<p><strong>\u201eVom Mutterhaus zum integrativen Gesundheitszentrum \u2013\u00a0Von der Gemeindeschwester zur Quartierspflege\u201c<\/strong>, Pastoralkolleg Hofgeismar, 1.6.2016<\/p>\n<p><strong>\u201eDie Glut unter der Asche neu entfachen. Wie diakonische Gemeinschaft w\u00e4rmt und tr\u00e4gt\u201c<\/strong>, Henriettenstiftung Hannover, 19.6.2016<\/p>\n<p><strong>\u201eHerausforderung Gemeinwesen: Gemeinden zwischen Kommune und Zivilgesellschaft \u2013 Rollen, Orte und Allianzen im Wandel\u201c<\/strong>, Au\u00dfenkonvent in Breklum, 30.6.2016<\/p>\n<p><strong>\u201eKaiserswerther Unternehmenskultur \u2013\u00a0Das Erbe sichten\u201c<\/strong>, Kassel\/Aroldsen 11.7.2016<\/p>\n<p>150 Jahre Diakonie Sachsen, <strong>\u201eLaudatio auf die Frauen in der Diakonie \u2013 die alten und neuen Heiligen\u201c<\/strong>, Radebeul 29.9.2016<\/p>\n<p><strong>\u201eUnternehmens- und F\u00fchrungskultur in der Diakonie\u201c<\/strong>, Regionalversammlung der diakonischen Unternehmen in Sachsen-Anhalt, Wolmirstedt, 19.10.2016<\/p>\n<p>\u201e<strong>Zwischen Stress, Selbstsorge und Sinnsuche \u2013 Wof\u00fcr arbeiten wir eigentlich?\u201c<\/strong>, Schwestern- und Mitarbeitertag, Speyer, 31.10.2016<\/p>\n<p><strong>\u201eGott neu denken und neu sprechen \u2013 7 Thesen mir kurzen Erl\u00e4uterungen\u201c<\/strong>, Frauenmahl in Kaiserswerth, 4.11.2016<\/p>\n<p><strong>\u201eAlternde Gesellschaft\u201c<\/strong>, Pfarrkonvent des Ev. Kirchenkreises M\u00f6nchengladbach-Neu\u00df im Kloster Langwaden, 7.11.2016<\/p>\n<p><strong>\u201eCaring Communitys und station\u00e4re Hilfe \u2013\u00a0(wie) geht das zusammen?\u201c<\/strong>, Station\u00e4re Einrichtungen der Wohnungslosenhilfe der Diakonie Schleswig-Holstein im Sch\u00e4ferhof, Appen, 9.11.2016<\/p>\n<p><strong>\u201eBeruf und Berufung\u201c<\/strong>, bei der Veranstaltung: \u201eDiakone und Diakoninnen \u2013 doppelt qualifiziert\u201c, im Rauhen Haus, Hamburg, 17.11.2016<\/p>\n<p><strong>\u201eInklusionsprozesse zwischen Anspruch und Wirklichkeit \u2013 Geschwisterlichkeit und Grenzerfahrungen in der Gemeinde\u201c<\/strong>, Pfarrkonvente der Hamburger Kirchenkreise, 23.11.2016<\/p>\n<p><strong>\u201eSorgende Gemeinde werden\u201c<\/strong>, EAfA-Mitgliedsversammlung im Kloster Oberzell, 23.11.2016<\/p>\n<p><strong>\u201eGeistlich leiten\u201c<\/strong>, F\u00fchrungsseminar der Akademie Kirche-Diakonie, Berlin-Pankow, 29.11.2016<\/p>\n<p><strong>\u00a0<\/strong><\/p>\n<h2><strong>2015<\/strong><\/h2>\n<p><strong>\u201eFamilie: Sehnsuchtsort in der Zerrei\u00dfprobe \u2013 Warum wir Bindungen st\u00e4rken m\u00fcssen in bewegter Zeit\u201c<\/strong>, L\u00fcneburg, 6.1.2015<\/p>\n<p><strong>\u201eGeistlich leiten\u201c<\/strong>, 11.3.2015; Pfarrkonvent Nienburg<\/p>\n<p><strong>\u201eKiez, Quartier und Viertel \u2013\u00a0Gemeinwesendiakonie als Chance und Herausforderung\u201c<\/strong>, Diakonie Altholstein, Neum\u00fcnster, 18.3.2015<\/p>\n<p><strong>\u201eDie Seele des Sozialen \u2013 Gemeinschaften als tragendes Netzwerk f\u00fcr Engagement und Inspiration\u201c<\/strong>, Festvortrag beim 125j\u00e4hrigen Jubil\u00e4um der Rummelsberger Diakonie e.\u00a0V 15.5.2015<\/p>\n<p><strong>\u201eEmpathie, Engagement und Kooperation \u2013 die Seele des Sozialen\u201c<\/strong>; Vortrag am 21.5.2015 in Gallneukirchen in der Veranstaltung: \u201eDas Wesen des Sozialen, eine Standortbestimmung\u201c<\/p>\n<p><strong>Vortrag Leverkusen<\/strong>, 29.5.2015 aus Anlass der Er\u00f6ffnung des Hauses der Kirche in Burscheid<\/p>\n<p><strong>\u201eEinzigartig Miteinander \u2013 Respekt und Kooperation in einer Gesellschaft der Vielfalt\u201c<\/strong>, Vortrag beim Fachtag der M\u00fchlh\u00e4user Werkst\u00e4tten am 1.6.2015<\/p>\n<p><strong>\u201eInklusion- So will ich leben\u201c<\/strong>, Impuls im Zentrum Inklusion, 2.6.2015, Kirchentag 2015 in Stuttgart<\/p>\n<p><strong>\u201eGott schickt nicht in Rente\u201c<\/strong>, Theologische Anmerkungen im Zentrum \u00c4lterwerden beim Fachtag \u201eZwischen Ruhestand und sozialer Verpflichtung\u201c, 3.6.2015, Kirchentag Stuttgart<\/p>\n<p><strong>\u201eWas wir als Kirche mit dem Quartier zu tun haben \u2013 Zur Theologie der Gemeinwesenarbeit\u201c<\/strong>,\u00a0Vortrag beim Fachtag \u201eKirche im Quartier\u201c am 18.6.2015 in Lindlar<\/p>\n<p><strong>\u201eFamilien und Angeh\u00f6rige im Hospizgeschehen.<\/strong> <strong>Theologisch-ethische Reflexionen\u201c<\/strong>, Vortrag bei den 16. S\u00fcddeutschen Hospiztage, 25.6.2015, Bad Herrenalb<\/p>\n<p><strong>\u201eEin Zelt in der W\u00fcste, eine Herberge am Weg: Gastfreundschaft als diakonische Tradition\u201c<\/strong>, Tagung zur diakonischen Gemeinwesenarbeit in der Nordkirche, 7.9.2015 in Ratzeburg<\/p>\n<p><strong>\u201eVon der Gemeindeschwester zum Versorgungsnetzwerk\u201c<\/strong>, 9.9.2015, Vortrag zum 10j\u00e4hrigen Jubil\u00e4um des Pflegezentrums der Diakonie Rotenburg\/Fulda<\/p>\n<p><strong>\u201eHaltestellen unterwegs \u2013 Aufgaben f\u00fcr Kirche und Diakonie im Gemeinwesen\u201c<\/strong>, Vortrag bei der Tagung \u201eZwischen Babylon und Jerusalem \u2013 Kirche als Faktor der Stadtentwicklung\u201c am 11.9.2015 in Hamburg an der HafenCityUniversit\u00e4t<\/p>\n<p><strong>\u201e\u2026 damit deine Seele Lust hat, darin zu wohnen\u201c<\/strong>,<strong>\u00a0<\/strong>Vortrag beim Mitarbeitertag der Diakonie M\u00fchlhausen, \u201eWas mir gut tut\u201c, 18.9.2015<\/p>\n<p>\u201e<strong>Br\u00fcckenbauerinnen und Dolmetscher: Diakoninnen und Diakone in der Kirche der Zukunft\u201c<\/strong>, bei den 165. Gemeinschaftstagen der Br\u00fcder und Schwestern des Lindenhofs Neinstedt, 9.10.2015<\/p>\n<p><strong>\u201eZuwendung unter Zeitdruck \u2013 Vom langen Atem der diakonischen Kultur\u201c<\/strong>, 15.10.2015, Mitarbeitertag der Diakonie Treysa<\/p>\n<p><strong>\u201eSehnsuchtsorte gestalten \u2013 Mutterh\u00e4user, Elternh\u00e4user, Wahlfamilien: Sehnsuchtsorte, die eine verl\u00e4ssliche Gestaltung brauchen\u201c<\/strong>, Vortrag im Geistlichen Zentrum Mutterhaus, M\u00fcnster, 23.10.2015<\/p>\n<p><strong>\u201e33 Menschen und leichtes Gep\u00e4ck\u201c<\/strong>, 24.10.2015; Frauenmahl B\u00f6blingen<\/p>\n<p><strong>\u201eSinnerfahrung und Sinnstiftung in der sozialen Arbeit\u201c<\/strong>, Vortrag Bodelschwingh-Hof, Mechterst\u00e4dt, 4.11.2015<\/p>\n<p><strong>\u201eTr\u00e4ume in Zerrei\u00dfproben: Was Familien heute brauchen\u201c<\/strong>, Vortrag Philippus-Akademie Gladbach-Neu\u00df, 9.11.2015 Wickrath<\/p>\n<p><strong>\u201eSch\u00f6pfungsordnung und Scheidungsverbot \u2013 oder was h\u00e4lt Ehen Partnerschaften lebendig? \u00dcberlegungen zur Bundestheologie in der EKD-Orientierungshilfe zur Familienpolitik!\u201c<\/strong>, Vortrag beim 5. Quistorp-Symposium am 13.11.2015, Universit\u00e4t Rostock<\/p>\n<p><strong>Teilhabe-Impuls f\u00fcr Gesellschaft und Kirche<\/strong>; 4. Kongress \u201eStrategie und Entwicklung in Kirche und Gesellschaft\u201c, 26.11.2015; Bergisch Gladbach<\/p>\n<p><strong>\u201eFrauen- und Familienbilder in den Religionen\u201c<\/strong>, Leo-Trepp-Lehrhaus, Oldenburg, 17.12.2015, mit Alina Treiger und Khola Maryam H\u00fcbsch<\/p>\n<p><strong>\u00a0<\/strong><\/p>\n<h2><strong>2014<\/strong><\/h2>\n<p><strong>\u201eGemeinwesendiakonie \u2013 auf dem Weg zu einer diakonischen Kirche\u201c<\/strong>, D\u00fcren, 15.1.2014<\/p>\n<p><strong>\u201eEin leichter Rucksack voll starker Energie. Was wir in Zukunft von unserer Tradition brauchen\u201c, <\/strong>Festvortrag zum Jubil\u00e4um des Elisabethstifts am 25.4.2014<\/p>\n<p><strong>\u201eAktives Warten\u201c<\/strong>, Er\u00f6ffnung des Erinnerungspfads auf dem Salemfriedhof der Henriettenstiftung in Kirchrode<\/p>\n<p><strong>\u201eZwischen Autonomie und Angewiesenheit \u2013 zur Kontroverse um die Orientierungshilfe der EKD\u201c<\/strong>, N\u00fcrnberg, 19.5.2014<\/p>\n<p><strong>\u201eIm Widerstreit der Meinungen \u2013 im Einsatz f\u00fcr das Ganze: Engagement aus der Kraft des Glaubens\u201c<\/strong>, Vortrag auf dem Forum Ehrenamt in Stuttgart, 12.7.2014<\/p>\n<p><strong>\u00a0<\/strong><\/p>\n<h2><strong>2013<\/strong><\/h2>\n<p><strong>\u201eDiakonische Gemeinde als zentrale S\u00e4ule von Gemeindeaufbau in st\u00e4dtischen und l\u00e4ndlichen Kontexten\u201c<\/strong>, 13.6. 2013, Karlsruhe<\/p>\n<p><strong>\u201e\u2019Uns allen bl\u00fcht das Leben\u2018 \u2013 Wie Menschen im Schatten des Todes die Sch\u00f6pferkraft Gottes erfahren. Diakonie als heilendes und befreiendes Handeln der Kirche\u201c<\/strong>, Vortrag bei der Tagung DIAKONIA im Johannesstift, Berlin am 2.7.2013<\/p>\n<p><strong>\u201eKaiserswerther Unternehmenskultur mit leichtem Gep\u00e4ck\u201c,<\/strong> Vortrag bei der Mitgliederversammlung des Kaiserswerther Verbandes am 18.9.2013 im\u00a0 Paul-Gerhard-Stift, Berlin<\/p>\n<p><strong>\u201eWelche Kirche brauchen Familien?\u201c<\/strong>,\u00a0 Vortrag bei der Kreissynode Hamburg-S\u00fcdwest\/Pinneberg, September 2013<\/p>\n<p><strong>\u201eKinder, K\u00fcche und Karriere. Zum Wandel famili\u00e4rer Lebensformen\u201c<\/strong>,\u00a0 Evangelisches Forum Mannheim,\u00a0 24.10.2013<\/p>\n<p><strong>\u201eDiakonische Energien in gesellschaftlichen Umbr\u00fcchen\u201c<\/strong>, Vortrag bei der Jubil\u00e4umshauptversammlung des VEED, 22.11.2013, Hannover<\/p>\n<p><strong>\u201eDie Seele des Sozialen.<\/strong> <strong>Gemeinschaft, Spiritualit\u00e4t und Engagement\u201c<\/strong>, Vortrag zum Jahresempfang des Neukirchener Erziehungsvereins Neukirchen-Vluyn, 29.11.2013<\/p>\n<p><strong>\u00a0<\/strong><\/p>\n<h2><strong>2012<\/strong><\/h2>\n<p><strong>\u201eDie stille Altersrevolution\u201c<\/strong>, zum Auftakt des Europ\u00e4ischen Jahres des aktiven Alterns und der Solidarit\u00e4t zwischen den Generationen, 10.1.2012, Abtei Wunstorf (Vortrag zum Jahresempfang der Lions-Clubs Garbsen, Neustadt, Steinhude)<\/p>\n<p><strong>\u201eDiakonische Verantwortung zwischen Wettbewerb und Anwaltschaft. Subsidiarit\u00e4t neu gestalten\u201c<\/strong>, Neujahrsempfang des DW Heilbronn, 28.1.2012, Heilbronn<\/p>\n<p><strong>\u201ePflege als gesellschaftliche Herausforderung: Anst\u00f6\u00dfe zum Struktur- und Mentalit\u00e4tswandel\u201c<\/strong>, Fachtag \u201eAltenhilfe\u201c des Diakonischen Werkes Rheinland-Westfalen-Lippe in Gelsenkirchen, 15.3.2012<\/p>\n<p><strong>\u201eRespekt, Kooperation und Achtsamkeit: Diakonie als Impulsgeberin f\u00fcr ein lebensdienliches Gesundheitssystem\u201c<\/strong>, Vortrag beim Christlichen Gesundheitskongress in Kassel, 22.3.2012<\/p>\n<p><strong>\u201eEinander ehren, voneinander lernen, f\u00fcreinander da sein \u2013 Was wir Christen zur Verantwortung der Generationen beitragen k\u00f6nnen\u201c<\/strong>, Vortrag beim Fachtag der Diakonischen Werke in Baden und W\u00fcrttemberg anl\u00e4sslich der Pflegemesse in Stuttgart, 22.5.2012<\/p>\n<p><strong>\u201eWerteorientierung als Erfolgsfaktor\u201c<\/strong>, Impulsvortrag zur Verleihung des EKD-Arbeitsplatzsiegels \u201eArbeit plus\u201c, BERA, Schw\u00e4bisch Hall, 12.7.2012<\/p>\n<p><strong>\u201eSozialr\u00e4ume gestalten \u2013 Gemeinwesendiakonie als Teil des kirchlichen\u00a0 Reformprozesses\u201c<\/strong>,\u00a0 Stralsund, 16.8.2012<\/p>\n<p><strong>\u201eZwischen Autonomie und Angewiesenheit. Herausforderungen f\u00fcr die Familienpolitik aus evangelischer Perspektive\u201c<\/strong>, Vortrag beim Forum Familienpolitik der Ev. Kirche in Kiel, 13.9.2012<\/p>\n<p><strong>\u201eKirche findet Stadt \u2013 Utopie oder Wirklichkeit?\u201c<\/strong> Tagung des Diakonischen Werkes Rheinland-Westfalen-Lippe zur Altenarbeit im Gemeinwesen, D\u00fcsseldorf, 4.10.2012<\/p>\n<p><strong>\u201e\u00d6ffnen und Bewahren.<\/strong> <strong>Diakonische Unternehmenskultur neu denken\u201c<\/strong>, Vortrag beim Fachforum der Consozial, N\u00fcrnberg, 8.11.2012<\/p>\n<p><strong>\u201eDiakonische Qualit\u00e4t \u2013 tun, was unser Auftrag ist\u201c<\/strong>. Vortrag beim 9. Ev. Krankenhaustag in Leipzig, 16.11.2012<\/p>\n<p><strong>\u00a0<\/strong><\/p>\n<h2><strong>2011<\/strong><\/h2>\n<p><strong>\u201eLust und Frust als Mitarbeiter im Garten Gottes\u201c<\/strong>, ein Tag f\u00fcr Kirchenvorsteher\/innen und Ehrenamtliche der Propstei Sch\u00f6ppenstedt am 2.2.2011<\/p>\n<p><strong>\u201eSpiritualit\u00e4t in der Unternehmensf\u00fchrung\u201c<\/strong>, Vortrag vor Leitenden Mitarbeitenden der Diakonie Neuendettelsau am 3.3.2011<\/p>\n<p><strong>\u201eIm Alter neu werden.<\/strong> <strong>Zur Altersdenkschrift der EKD<\/strong>\u201c, Vortrag im Ev. Forum Bonn, 31.3.2011<\/p>\n<p><strong>\u201eBleibt der Dritte Weg im Kirchlichen Arbeitsrecht zukunftsf\u00e4hig?\u201c<\/strong>, Vortrag bei Staat-Kirche-Tagung Christen in der SPD, Paul-L\u00f6be-Haus, 8.4.2011<\/p>\n<p><strong>\u201eDie Gesellschaft wandelt sich \u2013 und die Stadtmission? Missionarische Diakonie im 21. Jahrhundert\u201c<\/strong>, 11.4.2011, M\u00fcnchen<\/p>\n<p><strong>\u201eZur Zukunft kirchlich-diakonischer Dienste in einer nachchristlichen Kultur\u201c<\/strong>, Tagung Diakonie in der Gro\u00dfstadt, 11.4.2011 M\u00fcnchen<\/p>\n<p><strong>\u201eGemeinschaft, Wirtschaft und Gesellschaft \u2013 Die Bedeutung der Diakonie f\u00fcr die soziale Verantwortung\u201c<\/strong>, Albertinen-Krankenhaus, Hamburg, 30.4.2011<\/p>\n<p><strong>\u201eWas bleibt von der Humanisierung der Arbeitswelt und guter Arbeit?\u201c<\/strong>, 18.5.2011, Duisburg<\/p>\n<p><strong>\u201eSuchet der Stadt Bestes\u201c<\/strong>, Tagung Christen in der SPD, Landesverband Niedersachsen<\/p>\n<p><strong>\u201eDiakonie im Spannungsfeld von F\u00fcrsorge und Wettbewerb<\/strong>\u201c, Vortrag bei der Tagung Strategische Herausforderungen in der Diakonie, 24.5.2011, Bad Boll<\/p>\n<p><strong>\u201eSubsidiarit\u00e4t als Sozialstaatshandeln \u2013 Notwendigkeit oder \u00fcberlebtes Prinzip\u201c<\/strong>, Referat bei der Tagung der Diakonie Mitteldeutschland, Erfurt, 28.6.2011<\/p>\n<p><strong>\u201eHorst Symanowski \u2013 eine pr\u00e4gende Gestalt des Protestantismus im 20. Jahrhundert\u201c<\/strong>, Ev. Akademie Arnoldshain, Mainz, 11.9.2011<\/p>\n<p><strong>\u201eSolidarit\u00e4t im Gesundheitswesen, Sozialethische Aspekte\u201c<\/strong>, Vortrag Ev. Akademie Bad Boll, 17.9.2011<\/p>\n<p><strong>\u201eWir sind es wert \u2013 vom Wert der Pflege\u201c<\/strong>, Er\u00f6ffnungsvortrag beim DEVAP Bundeskongress, Berlin, 22.9.2011<\/p>\n<p><strong>\u201eEthik: Ein Thema f\u00fcr Experten und Kommissionen?\u201c<\/strong>,\u00a0 B\u00fcrgerforum Gesundheit, Essen, 24.9.2011<\/p>\n<p><strong>\u201eHerausforderungen als F\u00fchrungskraft in einem diakonischen Unternehmen\u201c<\/strong>, Seminar mit F\u00fchrungskr\u00e4ften, Bundesakademie Kirche und Diakonie, 28.9.2011<\/p>\n<p><strong>\u201eProfessionelle und freiwillige Soziale Arbeit \u2013 wie geht das zusammen?\u201c<\/strong>, Vortrag, Rauhes Haus, Hamburg, 29.9.2011<\/p>\n<p><strong>\u201eUnterwegs zu einer Ehrenamtsorganisation: Die Kirche als Motor und Teil der Zivilgesellschaft\u201c<\/strong>, Vortrag bei der Landessynode der Nordelbischen Kirche, 18.11.2011<\/p>\n<p><strong>\u201eGerechte Teilhabe gestalten: Armenf\u00fcrsorge zwischen Politik und Social Entrepreneurship\u201c<\/strong>, Vortrag zu 120 Jahre Hamburger Arbeiterkolonie im Sch\u00e4ferhof, 1.12.2011<\/p>\n<p><strong>\u201eN\u00e4chstenliebe kennt keine Grenzen\u201c<\/strong>, Vortrag bei der Tagung f\u00fcr Gemeindediakonieaussch\u00fcsse RWL in D\u00fcsseldorf, 2.12.2011<\/p>\n<p><strong>\u00a0<\/strong><\/p>\n<h2><strong>2010<\/strong><\/h2>\n<p><strong>\u201eHandwerk und Mittelstand als Chance\u201c<\/strong>, NRW-Handwerkstag, D\u00fcsseldorf, 14.1.2010<\/p>\n<p><strong>\u201eEhrenamt in der evangelischen Kinder- und Jugendarbeit\u201c<\/strong>, Kassel, 18.1.2010<\/p>\n<p><strong>\u201eSpirituelle Unternehmenskultur. Theologische und biblische Grundlagen\u201c<\/strong>, F\u00fcssen, 2.11.2010<\/p>\n<p><strong>\u201eKirche f\u00fcr alle\u201c<\/strong>, Vortrag zur Inklusion in der Kirche, M\u00fcnchen, 18.3.2010<\/p>\n<p><strong>\u201ePr\u00e4sentierte die Barmer Theologische Erkl\u00e4rung ein neues Kirchenbild?\u201c<\/strong>, Loccum, 20.5.2010<\/p>\n<p><strong>\u201eKurs: Gerechtigkeit\u201c<\/strong>, Kirchenkreiskonvent in Kramelheide, 31.6.2010<\/p>\n<p><strong>\u201eErfolgsfaktor Werteorientierung \u2013 Theologische Nachfragen und Impulse\u201c<\/strong>, Mitgliederversammlung des Deutschen Evangelischen Krankenhausverbandes, Kaiserswerth, 9.6.2010<\/p>\n<p><strong>\u201eDer demographische Wandel und ein neuer Blick auf das Alter\u201c<\/strong>, Jahresempfang Innere Mission Bremen, 4.8.2010<\/p>\n<p><strong>\u201eEhrenamtlich in die Zukunft?\u201c<\/strong>, Sommerakademie \u201eEhrenamt\u201c der EKHN, 3.\u20135.9.2010 in Arnoldshain<\/p>\n<p><strong>\u201eKirche f\u00fcr die Stadt \u2013 Gemeinwesendiakonie oder die Kunst des Br\u00fcckenbauens\u201c<\/strong>, Diakonie in D\u00fcsseldorf, 16.9.2010 \u2013 und leicht ver\u00e4ndert: Er\u00f6ffnung GWD-Studiengang FHS der Diakonie in Bethel, 2.10.2010<\/p>\n<p><strong>\u201eVerpflichtet zur Selbstsorge \u2013 angewiesen auf Solidarit\u00e4t\u201c<\/strong>, Alte Menschen in der Kirchengemeinde, 6.10.2010<\/p>\n<p><strong>\u201eBremer Thesen zur Diakonischen Unternehmenskultur\u201c<\/strong>, Bremen, 30.10.2010<\/p>\n<p><strong>\u201ePatientenorientierung, Mitarbeitern\u00e4he, N\u00e4chstenliebe <\/strong>\u2013<strong> Wozu braucht man heute christliche Krankenh\u00e4user\u201c<\/strong> \u2013 Schnelsener Herbstgespr\u00e4che, 16.11.2010<\/p>\n<p><strong>\u201eHaltetaue der Sehnsucht\u201c<\/strong>, Tagung der Verb\u00e4nde im Diakonat, Zehlendorf, 20.11.2010<\/p>\n<p><strong>\u201eZivilgesellschaftliche Aspekte der Gemeinwesendiakonie\u201c<\/strong> \u2013Tagung\u00a0 \u201eIn alle Welt \u2013 mit aller Welt?\u201c Netzwerk Kirchenreform, Zentrum Mission in der Region und Gemeinwesendiakonie 26.\/27.11.2010 in Wiesbaden<\/p>\n<p><strong>\u00a0<\/strong><\/p>\n<h2><strong>2009<\/strong><\/h2>\n<p><strong>\u201eGotteslohn und Gerechter Lohn. Die Zukunft der Diakonie zwischen Professionalit\u00e4t und Ehrenamt\u201c<\/strong>, Jahrestagung der Kirchenkreissozialarbeit und Kirchenkreisdiakoniebeauftragten, DW der Ev.-luth. Landeskirche Hannovers, Bad Bederkesa, 2.9.2009<\/p>\n<p><strong>\u201eMarktrationalit\u00e4t und Pflegeethos\u201c<\/strong>, Vortrag bei der Gesch\u00e4ftsf\u00fchrerkonferenz der Ev. Heimstiftung Stuttgart, 16.10.2009<\/p>\n<p><strong>\u201eGerechte Teilhabe als Leitbild evangelischer Sozialethik\u201c<\/strong>, Vortrag bei den Mitgliedern der Sozialaussch\u00fcsse von ver.di am 13.1.2009<\/p>\n<p><strong>\u201eDer demographische Wandel und die Konsequenzen f\u00fcr Kirche und Diakonie. Konsequenzen aus kirchlicher Sicht\u201c<\/strong>, Vortrag beim Konvent der Pfarrerinnen und Pfarrer in der Wissenschaft der Ev-luth. Kirche in Bayern, Stein,\u00a012.2.2009<\/p>\n<p><strong>\u201eGerechte Teilhabe \u2013 Herausforderung Armut aus kirchlicher Sicht\u201c<\/strong>, Vortrag bei der Fachtagung der IM Bremen, 9.3.2009<\/p>\n<p><strong>\u201eVon der Liebesanstalt zum Unternehmen: Diakonie zwischen \u00d6konomie und N\u00e4chstenliebe<\/strong>\u201c, Ev. Akademie Bad Boll, 10.3.2009<\/p>\n<p><strong>\u201ePflege, Spiritualit\u00e4t und Gemeinschaft\u201c<\/strong>, Vortrag beim Kaiserswerther Verband, Karlsruhe, 10.3.2009<\/p>\n<p><strong>\u201eDiakonische Unternehmenskultur im F\u00fchrungsalltag\u201c<\/strong>, Vortrag f\u00fcr die Gesch\u00e4ftsleitungen der Diakonie Sachsens, Moritzburg, 1.4.2009<\/p>\n<p><strong>\u201eLebensdienliche\u00a0 Balance \u2013 Anspr\u00fcche an eine F\u00fchrungskultur in evangelischen Schulen\u201c<\/strong>, Vortrag beim Bildungsstrategischen Forum\u00a0 der F\u00fchrungsakademie Kirche und Diakonie, Berlin, 18.5.2009<\/p>\n<p><strong>\u201eWas muss drin sein, wenn Diakonie drauf steht\u201c<\/strong>, Vortrag beim Mitarbeitertag der Martha-Stiftung, Hamburg, 28.5.2009<\/p>\n<p><strong>\u201eEhrenamtlichkeit in Kirche und Diakonie\u201c<\/strong>, Vortrag bei der Jahresversammlung der EFAS, Dresden, 24.9.2009<\/p>\n<p><strong>\u201eKinder- und Jugendarmut und soziale Gerechtigkeit \u2013 zum theologischen Rahmen unseres Handelns\u201c<\/strong>, Referat bei der Landesfachkonferenz des Landesjugendpfarramts Hannover in Verden, 2.11.2009<\/p>\n<p><strong>\u201eDas Risiko, gut zu sein\u201c<\/strong>, Vortrag Gruppe 153, 7.11.2009, Hannover<\/p>\n<p><strong>\u201eSeelsorge und Spiritualit\u00e4t als diakonische Praxis\u201c<\/strong>, Vortrag beim Seelsorgetag des Bistums Essen, 9.11.2009<\/p>\n<p><strong>\u201eDie Risse ausbessern und das Fundament st\u00e4rken \u2013 Zu den Auswirkungen der Finanzkrise auf den Weg der Globalisierung aus Sicht der EKD\u201c<\/strong>, Vortrag\u00a0 beim Lionsclub Grossburgwedel, 16.11.2009<\/p>\n<p><strong>\u201eZukunftsf\u00e4hige Marktwirtschaft: Vertrauenskapital aufbauen\u201c<\/strong>, Vortrag bei der Tagung \u201eZukunftsf\u00e4hige Marktwirtschaft\u201c am 21.11.2009 in Bad Boll<\/p>\n<p><strong>\u00a0<\/strong><\/p>\n<h2><strong>2008<\/strong><\/h2>\n<p><strong>\u201eAusbildungsanforderungen sozialer Berufe in Kirche und Diakonie\u201c<\/strong>, Evangelische Fachhochschule Bochum, am 23.1.2008<\/p>\n<p><strong>\u201eDiakonie an den Schnittstellen der Gesellschaft\u201c<\/strong>. Ostkonferenz des Kaiserswerther Verbandes, 24.1.2008<\/p>\n<p>Impulsreferat zur Denkschrift <strong>\u201eUnternehmerisches Handeln in evangelischer Perspektive\u201c<\/strong>, AK Kirche und Wirtschaft, Tecklenburg, 27.2.2008<\/p>\n<p>Landesgespr\u00e4chskreis Ev. Kirche und Handwerk NRW; Westdeutscher Handwerkskammertag, 28.4.2008<\/p>\n<p><strong>\u201e\u2019Gut gepflegt gen\u00fcgt uns nicht\u2018<\/strong>. <strong>Anforderungen an eine christlich orientierte Pflege kranker und alter Menschen\u201c<\/strong>, Stuttgarter Pflegeforum, 8.4.2008<\/p>\n<p><strong>\u201eB\u00fcrgerschaftliches Engagement in Kirche und Wohlfahrt\u201c<\/strong>, Vortrag auf dem Symposium \u201eEhrenamt \u2013 wohin jetzt? Entwicklungen im Ehrenamt in Kirche und Gesellschaft\u201c, Akademie Bruderhilfe, v. Bodelschwinghsche Anstalten Bethel, Deutscher Caritasverband, 22.4.2008<\/p>\n<p><strong>\u201eMitgestaltung des Sozialen in Zeiten sozialer Polarisierung\u201c<\/strong>, Vortrag bei der Klausurtagung des Forums Dienststellenleitung und Handlungsfelder des Diakonischen Werks der Evangelischen Kirche in W\u00fcrttemberg, Kloster Kirchberg, 23.4.2008<\/p>\n<p><strong>\u201eRente mit 67 \u2013 aus dem Job mit 55 ? Chancen des Alters f\u00fcr Beruf und Gesellschaft\u201c<\/strong>, Salonabend v. Bodelschwinghsche Anstalten, Bethel, 11.6.2008<\/p>\n<p><strong>\u201eWas muss drin sein, wenn Diakonie drauf steht\u201c <\/strong>\u2013 Profilbildende Fortbildung f\u00fcr Mitarbeitende, Kick-off-Veranstaltung Diakonisches Werk Kurhessen-Waldeck, 29.8.2008 und Stiftung Hephata, Treysa, 14.10.2008<\/p>\n<p><strong>\u201ePflege heute \u2013 Was w\u00fcrde Wichern dazu sagen?\u201c<\/strong>, Vortrag zum Wichernjubil\u00e4um, Wichern-Gemeinschaft Rheinbek, 11.9.2008<\/p>\n<p><strong>\u201eManagement und Spiritualit\u00e4t: Gremien geistlich leiten\u201c<\/strong>, Pastoralkolleg des Kirchenkreises Bad Kreuznach, Wuppertal, 18.9.2008<\/p>\n<p><strong>\u201eDas Evangelium auf dem Markt\u201c<\/strong>, Vortrag beim Jahresempfang der Diakonie Michaelshoven, 19.9.2008<\/p>\n<p><strong>\u201eModelle gesellschaftlicher Verantwortung\u201c<\/strong>, Vortrag beim Gro\u00dfen Konvent der Ev. Akademie Arnoldshain, 25.10.2008<\/p>\n<p><strong>\u201eEhrenamt und Freiwilligendienste in der Kirche\u201c<\/strong>, Pastoralkolleg Kirchenkreis Walsrode, Loccum, 10.11.2008<\/p>\n<p>Vortrag Leitungskonferenz der Ev. Frauen in Deutschland, 15.11.2008<\/p>\n<p><strong>\u201eKindheit in Deutschland \u2013 ein Armutszeugnis?\u201c<\/strong>, Vortrag beim Neujahrsempfang der Kirchengemeinden in Neustadt am R\u00fcbenberge, 3.12.2008<\/p>\n<p><strong>\u00a0<\/strong><\/p>\n<h2><strong>2007<\/strong><\/h2>\n<p><strong>\u201eF\u00fcr die Patienten, von den Patienten, mit ihnen leben\u201c<\/strong> \u2013 Beitrag auf der DEVAP Tagung der EKKW zu \u201eEvangelische Pflege \u2013 aus der Tradition in die Zukunft \u201c, 28.2.\u20131.3.2007, Ev. Akademie Hofgeismar (dort auch auf der homepage)<\/p>\n<p><strong>\u201e\u00dcber den Umgang mit anderen Religionen. Christliche Toleranz und kirchliches Profil\u201c<\/strong>, Vortrag beim Esslinger Podium der Christlichen Arbeitnehmerverb\u00e4nde \u201eDer deutsche Weg\u201c f\u00fcr Zuwanderer, 3.3.2007, Esslingen<\/p>\n<p><strong>\u201eEvangelische Krankenh\u00e4user \u2013 Kirche bei den Menschen\u201c<\/strong>, Vortrag auf der Tagung \u201eEvangelisches Profil gestalten \u2013 Praxis und Kommunikation des Glaubens im Krankenhaus\u201c des DEVK (dort auch auf der homepage), Hannover am 21.3.2007<\/p>\n<p><strong>\u201eErnst Lange und seine Impulse f\u00fcr kirchliches Leitungshandeln\u201c<\/strong>, Beitrag zur Tagung \u201eErnst Lange weiterdenken\u201c, Berlin, 29.4.\u20131.5.2007<\/p>\n<p><strong>\u201eWas Frauen bewegt und was sie bewegen\u201c<\/strong>, Impuls bei der Tagung der GEE Rheinland am 10.5.2007 in D\u00fcsseldorf<\/p>\n<p><strong>\u201e\u00d6kumenische Mission in einer unscharfen Welt\u201c<\/strong>. Beitrag zum Forum Mission beim DEKT in K\u00f6ln, 9.6.2007<\/p>\n<p><strong>\u201eMotor f\u00fcr pers\u00f6nliches Wachstum\u201c<\/strong>,\u00a0 Laudatio zur Verleihung des Arbeitsplatzsiegels, FMG, M\u00fcnchen, am 24.7.2007<\/p>\n<p><strong>\u201eVon Wegen begeistert\u201c<\/strong>, Vortrag beim Impulstag f\u00fcr Diakonie und Gemeinde der Evangelischen Kirche in Mitteldeutschland, Messe Erfurt, 3.9.2007<\/p>\n<p><strong>\u201eDiakonie und Spiritualit\u00e4t\u201c<\/strong>, Impulstag in der Woche der Diakonie anl\u00e4sslich des Elisabethjahrs 2007, Elisabethkirche, Marburg, am 17.9.2007<\/p>\n<p><strong>\u201eManagement und Spiritualit\u00e4t\u201c<\/strong>, Vortrag beim Kurs \u201eF\u00fchren und Leiten in Kirchenkreisen\u201c der F\u00fchrungsakademie f\u00fcr Kirche und Diakonie, Berlin,13.9.2007<\/p>\n<p><strong>\u201eG\u00f6ttliche Unruhe. Diakonie zwischen Achtsamkeit und Zivilcourage\u201c<\/strong>, Vortrag zum Elisabethjahr in der Stadtkirche Rotenburg-Neustadt am 20.9.2007<\/p>\n<p><strong>\u00a0<\/strong><\/p>\n<h2><strong>2006<\/strong><\/h2>\n<p><strong>\u201eChristen im Nahen Osten \u2013 Br\u00fccke, Ferment und Schl\u00fcssel zu unserem Glauben\u201c<\/strong>, Vortrag im D\u00fcsseldorfer Industrieclub und in der VHS Castrop-Rauxel 10. und 11.1.2006<\/p>\n<p><strong>\u201e\u00dcber die W\u00fcrde des Anderen\u201c,<\/strong> Stadtpredigt im Evangelischen Forum M\u00fcnster in der Reihe \u201eMensch \u2013 W\u00fcrde \u2013 Zukunft am 28.5.2006<\/p>\n<p><strong>\u201ePendeln zwischen Hoffen und Bangen.<\/strong> <strong>Christliches Leben zwischen Beirut und Bethlehem heute<\/strong>\u201c, Kaiserswerth, am 17.11.2006<\/p>\n<p><strong>\u00a0<\/strong><\/p>\n<h2><strong>2005<\/strong><\/h2>\n<p><strong>\u201eEs gebe niemand die Seele preis um der Kunst willen\u201c<\/strong>, Einf\u00fchrungsvortrag zur Er\u00f6ffnung der Ausstellung \u201eKultur des Pflegens\u201c 26.6.2005, Henriettenstiftung, Hannover<\/p>\n<p><strong>\u00a0<\/strong><\/p>\n<h2><strong>2004<\/strong><\/h2>\n<p><strong>\u201eLeitbildumsetzung \u2013 christliche Identit\u00e4t in Strukturen\u201c<\/strong>, Vortrag vor beim Studientag der Pfarrerinnen in der Diakonie W\u00fcrttembergs am 1.3.2004<\/p>\n<p><strong>\u201eDie Seele des Sozialen. Der Zusammenhang von Diakonie, Spiritualit\u00e4t und Gemeinschaft\u201c<\/strong>, Vortrag vor der Johanniter-Kommende in D\u00fcsseldorf-Nord am 9.3.2004<\/p>\n<p><strong>\u201eZeit nehmen \u2013 aufbrechen\u201c<\/strong>, Vortrag vor dem Netzwerk D\u00fcsseldorfer Unternehmerinnen am 15.3.2004<\/p>\n<p><strong>\u201eDiakonische Gemeinschaften der Zukunft\u201c<\/strong>, Vortrag beim Konvent der Diakoniegemeinschaft des Mutterhauses und Fr\u00fchjahrstreffen des Martineums, Witten am 24.4.2004<\/p>\n<p><strong>\u201eDiakonie der Zukunft. Aufgabe und Amt von Mitgliedern Diakonischer Gemeinschaften\u201c<\/strong>, Vortrag bei der Oberinnentagung des Kaiserswerther Verbandes am 11.5.2004 in Ludwigslust<\/p>\n<p><strong>\u201eZehn D\u00fcsseldorfer Thesen zur Zukunft der Kirche in der Stadt\u201c<\/strong>, Vortrag bei der Zukunftskonferenz der drei D\u00fcsseldorfer Kirchenkreise am 14.5.2004<\/p>\n<p><strong>\u201eDiakonie und Kirche im Wandel: Aufgaben und Chancen f\u00fcr unsere Gemeinschaft\u201c<\/strong>, Festvortrag beim Konventsfest des Lutherstifts Falkenburg am 6.6.2004<\/p>\n<p><strong>\u201eWandle vor meinem Antlitz! Sei ganz!\u201c<\/strong>, Vortrag beim MBK-Freundestreffen am 10.5.2004 im Kaiserswerther \u201eMutterHaus\u201c, D\u00fcsseldorf<\/p>\n<p><strong>\u201eMehr als eine Dienstleistung. Diakonie zwischen Spiritualit\u00e4t und Effizienz<\/strong>\u201c, Vortrag bei der Kreissynode Wied am 3.7.2004<\/p>\n<p><strong>\u201e\u2019Es sei aber euer Ja ein Ja und euer Nein ein Nein\u2018. Kl\u00e4rungen, Hilfestellungen und Entlastungen im Arbeitsalltag\u201c<\/strong>, Vortrag beim Theologinnenkonvent in der Evangelischen Kirche Berlin-Brandenburg- Schlesische Oberlausitz am 15.9.2004 in Berlin<\/p>\n<p><strong>\u201eWas zeichnet die diakonischen Gemeinschaften der Zukunft aus?\u201c, <\/strong>Vortrag beim Schwestern- und Br\u00fcdertag in Witten, 24.4.2004<\/p>\n<p><strong>\u201eEvangelisch in D\u00fcsseldorf \u2013 10 Herausforderungen\u201c<\/strong>, Vortrag vor der Zukunftswerkstatt der drei D\u00fcsseldorfer Kirchenkreise am 14.5.2004 in D\u00fcsseldorf<\/p>\n<p><strong>\u201eWandle vor mir und sei ganz\u201c<\/strong>, Vortrag beim MBK-Freundestreffen am 10.6.04 in Kaiserswerth<\/p>\n<p><strong>\u201eIn Freiheit Glaube und Liebe leben\u201c<\/strong>, Referat beim 38. Br\u00fcder- und Schwesterntag des Rauhen Hauses, Hamburg 9.9.2004<\/p>\n<p><strong>\u201eBeste Predigt f\u00fcr Glaubenseinsteiger\u201c<\/strong>, Laudatio zur Predigtpreisverleihung 17.11.2004, Bonn<\/p>\n<p><strong>\u00a0<\/strong><\/p>\n<h2><strong>2003<\/strong><\/h2>\n<p><strong>\u201eGemeinwohl und B\u00fcrgersinn. Diakonische Impulse f\u00fcr die B\u00fcrgergesellschaft\u201c<\/strong>, CDU-Neujahrsempfang, D\u00fcsseldorf 2003<\/p>\n<p><strong>\u201eDie Modernisierung der Gesellschaft und ihr Einfluss auf die Pflege aus sozialethischer Sicht\u201c<\/strong>, Vortrag bei der Tagung \u201eModernisieren ohne auszuschlie\u00dfen\u201c, am 31.3.2003 in Stuttgart-Hohenheim<\/p>\n<p><strong>\u201eF\u00fchrung und F\u00fchrungsstrukturen in Kirche und Diakonie\u201c<\/strong>, Arbeitsgemeinschaft Evangelischer Unternehmer, M\u00fcnchen, am 5.5.2003<\/p>\n<p><strong>\u201eDer Beitrag geistlicher Gemeinschaften in Kirche und Gesellschaft\u201c<\/strong>, Begegnungstag f\u00fcr Geistliche Gemeinschaften beim \u00d6KT, am 30.5.2003 in Zehlendorf<\/p>\n<p><strong>\u201eSoziale Dienste im Christentum und Islam\u201c<\/strong>, Werkstatt Christen und Muslime beim \u00d6KT, am 31.5. 2003, Berlin<\/p>\n<p><strong>\u201eEhrenamt in einem sich ver\u00e4ndernden Gesundheitssystem\u201c<\/strong>, Tagung der Ev. Krankenhaushilfe im Rheinland, am 8.7.2003 in D\u00fcsseldorf<\/p>\n<p><strong>\u201eDienst, der Gewinn bringt\u201c<\/strong>, Vortrag zur Kreissynode Bochum am 19.7.2003<\/p>\n<p><strong>\u201eKardinaltugenden und Vorstandsaufgaben \u2013 Wertewandel in diakonischen Unternehmen?\u201c<\/strong> Vortrag bei der Einkehrtagung der Johanniter-Arbeitsgemeinschaft Rheinland \u00fcber die Kardinaltugenden am 13.9.2003<\/p>\n<p><strong>\u201eVorgeburtliche Diagnostik aus Sicht eines evangelischen Krankenhaustr\u00e4gers\u201c<\/strong>, Vortrag bei der Tagung \u201eDer Mensch mach Ma\u00df?\u201c der Ev. Akademie M\u00fclheim am 14.9.2003<\/p>\n<p><strong>\u201eBegegnung ohne N\u00e4he \u2013 Vereinsamt durch Gottesferne\u201c<\/strong>, Vortrag bei der Tagung der Gruppe 153 am 8.11.2003 in Hannover<\/p>\n<p><strong>\u201eEine Frage an jeden von uns\u201c<\/strong> \u2013 Rede zum Volkstrauertag 2003 in Ratingen<\/p>\n<p><strong>\u201eDie Sache auf den Punkt bringen\u201c<\/strong>, Laudatio zur Predigtpreisverleihung f\u00fcr die beste Morgenandacht am 19.11.2003 in Bonn<\/p>\n<p><strong>\u00a0<\/strong><strong>\u00a0<\/strong><\/p>\n<h2><strong>2002<\/strong><\/h2>\n<p><strong>\u201eDie Herausforderungen des Wettbewerbs f\u00fcr die Handlungsf\u00e4higkeit der Diakonie\u201c<\/strong>, Vortrag vor den Mitgliedern der Sozialaussch\u00fcsse der Ev. Kirche von Westfalen, Iserlohn 15.3.2002<\/p>\n<p><strong>\u201eBrauchen Unternehmerinnen Macht?\u201c<\/strong>, Vortrag vor dem Netzwerk D\u00fcsseldorfer Unternehmerinnen am 18.3.2002<\/p>\n<p><strong>\u201eKeine Chance f\u00fcr die Pflege\u201c<\/strong>, Wicherngemeinschaft Rheinbek, 17.4.2002<\/p>\n<p><strong>\u201eZwischen Dienen und Verdienen \u2013 Diakonie im Spannungsfeld von Theologie und \u00d6konomie\u201c,<\/strong> Vortrag bei der Fakult\u00e4tstagung \u201eDiakonie \u2013 Sozialarbeit in Gottes Namen?\u201c der Theologischen Fakult\u00e4t der Univ. Basel, Leuenberg am 8.5.2002<\/p>\n<p><strong>\u201eDie Kaiserswerther Diakonie \u2013 150 Jahre Tradition und Innovation\u201c<\/strong>, Vortrag beim Heimat- und B\u00fcrgerverein D\u00fcsseldorfer Jonges am 11.6.2002<\/p>\n<p><strong>\u201e\u2019Unter der Asche ein heimliches Feuer\u2018\u201c.<\/strong> <strong>\u00dcber die Zukunft evangelischer Schwesterngemeinschaften\u201c<\/strong>, Vortrag vor dem Hessischen Diakonieverein, Darmstadt, am 24.9.2002<\/p>\n<p><strong>\u00a0<\/strong><\/p>\n<h2><strong>2001<\/strong><\/h2>\n<p><strong>\u201eErneuerung des Diakonats in unserer Kirche\u201c<\/strong>, Feierstunde zum 20. Jubil\u00e4um der Diakonenausbildung im Neukirchener Erziehungsverein am 27.4.2001<\/p>\n<p><strong>\u201eEthische Grundlagen diakonischer F\u00fchrung im Alltag\u201c<\/strong>, Tagung \u201eManagement zwischen Kontrolle und Vertrauen der Diakonie in Bayern\u201c am 17.10.2001 in N\u00fcrnberg<\/p>\n<p><strong>\u00a0<\/strong><\/p>\n<h2><strong>2000<\/strong><\/h2>\n<p>Festvortrag zur Ausstellung <strong>\u201eFrauen wirken\u201c<\/strong> der Rheinischen Diakonie am 16.2.2000 in M\u00f6nchengladbach<\/p>\n<p><strong>\u201eDie Bedeutung kirchlicher Frauenverb\u00e4nde f\u00fcr die Zukunft\u201c<\/strong>, Festvortrag zum 100-j\u00e4hrigen Jubil\u00e4um der Ev. Frauenhilfe im Rheinland, M\u00e4rz 2000 in Bonn<\/p>\n<p>Festvortrag zum 75. Jubil\u00e4um des Diakonischen Werks an der Saar am 20.9.2000 in Saarbr\u00fccken<\/p>\n<h2><strong>1997<\/strong><\/h2>\n<p><strong>\u201ePerspektiven der Kirche f\u00fcr heute und morgen\u201c<\/strong>, Referat vor der Kreissynode An der Ruhr am 8.1.1997<\/p>\n<p><strong>\u201eKirche \u2013 Markt \u2013 Diakonisches Profil. Perspektiven diakonischer Arbeit<\/strong>\u201c, Vortrag vor den Gesch\u00e4ftsf\u00fchrern Diakonischer Einrichtungen im Rheinland, Bendorf am 18.9.1997<\/p>\n<p><strong>\u201ePerspektiven diakonischer Arbeit und ver\u00e4nderten gesellschaftlichen Bedingungen\u201c<\/strong>, Referat beim Pfarrkonvent des Evangelischen Kirchenkreises Bonn am 25.8.1997<\/p>\n<p><strong>\u201eDie reine Lehre und das wirkliche Leben. Journalistinnen und Journalisten im Dienst der \u00d6ffentlichkeit\u201c<\/strong>, Referat bei der Tagung der Evangelischen Publizistik am 22.9.1997 in Mei\u00dfen<\/p>\n<p><strong>\u201eDie Freiheit des Menschen und das Geschenk der Zeit\u201c<\/strong>, Referat in der Ev. Akademie M\u00fclheim, Ruhr, am 9.11.1997<\/p>\n<p><strong>\u201eStrukturen und Perspektiven zuk\u00fcnftiger Arbeit im Kirchenkreis\u201c<\/strong>, Referat bei der Kreissynode Essen-Mitte am 15.11.1997<\/p>\n<h2><strong>1996<\/strong><\/h2>\n<p><strong>\u201eWeiterf\u00fchrende Konzeptionen f\u00fcr Evangelische Tageseinrichtungen: Kirchen- und diakoniepolitische Schlussfolgerungen\u201c<\/strong>, Vortrag bei der Fachtagung der Bundesvereinigung Evangelischer Tageseinrichtungen f\u00fcr Kinder am 16.\/17.4.1996 in Tutzing<\/p>\n<p><strong>\u201eUm Gottes Willen\u201c<\/strong>, Kritische R\u00fcckfragen zum \u201eStaat-Kirche-Papier\u201c von B\u00fcndnis 90 \/ Die Gr\u00fcnen, Tagungsbeitrag (Referat ) am 29.4.1996 in M\u00fclheim<\/p>\n<p><strong>\u201eDas Diktat der leeren Kassen: Bleibt das Ethos auf der Strecke?\u201c<\/strong> Referat auf der Tagung \u201eMedien Macht Moral \u2013 Anspruch und Wirklichkeit kirchlicher Publizistik am 11.\u201313.6.1996 in Hamburg<\/p>\n<p><strong>\u201eDie Kirche und ihre Randgruppen. \u00dcber die Bedeutung der Fl\u00fcchtlingsarbeit f\u00fcr Gemeinden und Kirche\u201c<\/strong>, Vortrag zum Jubil\u00e4um des Psychosozialen Zentrums in D\u00fcsseldorf am 18.6.1996<\/p>\n<p><strong>\u201eBegegnungen an den Grenzen \u2013 Gemeinden als Lebensr\u00e4ume f\u00fcr psychisch Kranke\u201c<\/strong>, Referat beim Tag der Seelsorge der Rheinischen Arbeitsgemeinschaft f\u00fcr Seelsorge, Pastoralpsychologie und Supervision e.\u00a0V. 1996 in Remscheid<\/p>\n<p><strong>\u00a0<\/strong><\/p>\n<h2><strong>1995<\/strong><\/h2>\n<p><strong>\u201eKirche der Zukunft\u201c<\/strong>, Vortrag bei der Tagung \u201eDie Zukunft der demokratischen Gesellschaft\u201c am 30.6.1995 in M\u00fclheim<\/p>\n<p><strong>\u201eDie EKD-Studie ,Fremde Heimat Kirche\u2019 Hintergr\u00fcnde, Fakten, Konsequenzen\u201c<\/strong>, Vortrag vor dem Pfarrkonvent An Nahe und Glan, Bad Kreuznach am 10.7.1995<\/p>\n<p><strong>\u201eDer evangelische Kindergarten im Wandel\u201c<\/strong>, Referat bei der Jahrestagung des Referats \u201eTageseinrichtungen f\u00fcr Kinder\u201c am 27.10.1995 in Duisburg<\/p>\n<p><strong>\u201eWas tun, wenn das Geld knapp wird\u201c<\/strong>, Anmerkungen zur Priorit\u00e4tendebatte, Vortrag beim CVJM, Elsenburg 1995<\/p>\n","protected":false},"excerpt":{"rendered":"<p>Vortr\u00e4ge und Interviews, online und unver\u00f6ffentlicht 2025 \u201eZusammenarbeit von Haupt- und Ehrenamtlichen\u201c Impulsvortrag bei \u201eIrgendwas ist immer\u201c, Service Agentur Mitarbeiten&#8230; <a href=\"https:\/\/www.seele-und-sorge.de\/?page_id=188\">read more<\/a><\/p>\n","protected":false},"author":1,"featured_media":0,"parent":161,"menu_order":9,"comment_status":"closed","ping_status":"closed","template":"","meta":{"footnotes":""},"class_list":["post-188","page","type-page","status-publish","hentry"],"_links":{"self":[{"href":"https:\/\/www.seele-und-sorge.de\/index.php?rest_route=\/wp\/v2\/pages\/188"}],"collection":[{"href":"https:\/\/www.seele-und-sorge.de\/index.php?rest_route=\/wp\/v2\/pages"}],"about":[{"href":"https:\/\/www.seele-und-sorge.de\/index.php?rest_route=\/wp\/v2\/types\/page"}],"author":[{"embeddable":true,"href":"https:\/\/www.seele-und-sorge.de\/index.php?rest_route=\/wp\/v2\/users\/1"}],"replies":[{"embeddable":true,"href":"https:\/\/www.seele-und-sorge.de\/index.php?rest_route=%2Fwp%2Fv2%2Fcomments&post=188"}],"version-history":[{"count":25,"href":"https:\/\/www.seele-und-sorge.de\/index.php?rest_route=\/wp\/v2\/pages\/188\/revisions"}],"predecessor-version":[{"id":8219,"href":"https:\/\/www.seele-und-sorge.de\/index.php?rest_route=\/wp\/v2\/pages\/188\/revisions\/8219"}],"up":[{"embeddable":true,"href":"https:\/\/www.seele-und-sorge.de\/index.php?rest_route=\/wp\/v2\/pages\/161"}],"wp:attachment":[{"href":"https:\/\/www.seele-und-sorge.de\/index.php?rest_route=%2Fwp%2Fv2%2Fmedia&parent=188"}],"curies":[{"name":"wp","href":"https:\/\/api.w.org\/{rel}","templated":true}]}}